{"id":1290,"date":"2021-12-22T14:27:24","date_gmt":"2021-12-22T14:27:24","guid":{"rendered":"https:\/\/demo.creativethemes.com\/elementor\/homi\/?page_id=1290"},"modified":"2026-07-26T14:49:11","modified_gmt":"2026-07-26T12:49:11","slug":"contact-us","status":"publish","type":"page","link":"https:\/\/groupecoiff.com\/en\/contact-us\/","title":{"rendered":"Contact"},"content":{"rendered":"\t\t<div data-elementor-type=\"wp-page\" data-elementor-id=\"1290\" class=\"elementor elementor-1290\" data-elementor-post-type=\"page\">\n\t\t\t\t<div class=\"elementor-element elementor-element-40c67e5 e-con-full e-flex e-con e-parent\" data-id=\"40c67e5\" data-element_type=\"container\" data-e-type=\"container\">\n\t\t\t\t<div class=\"elementor-element elementor-element-cb5d0fa elementor-widget elementor-widget-image\" data-id=\"cb5d0fa\" data-element_type=\"widget\" data-e-type=\"widget\" data-widget_type=\"image.default\">\n\t\t\t\t\t\t\t\t\t\t\t\t\t\t\t<img fetchpriority=\"high\" decoding=\"async\" width=\"1500\" height=\"512\" src=\"https:\/\/groupecoiff.com\/wp-content\/uploads\/2026\/07\/contact-hero-2@2x-1_1_11zon.webp\" class=\"attachment-full size-full wp-image-56604\" alt=\"fauteuil barbier - fournisseur mobilier de coiffure - groupe coiff - fauteuil de coiffure\" srcset=\"https:\/\/groupecoiff.com\/wp-content\/uploads\/2026\/07\/contact-hero-2@2x-1_1_11zon.webp 1500w, https:\/\/groupecoiff.com\/wp-content\/uploads\/2026\/07\/contact-hero-2@2x-1_1_11zon-300x102.webp 300w, https:\/\/groupecoiff.com\/wp-content\/uploads\/2026\/07\/contact-hero-2@2x-1_1_11zon-1024x350.webp 1024w, https:\/\/groupecoiff.com\/wp-content\/uploads\/2026\/07\/contact-hero-2@2x-1_1_11zon-768x262.webp 768w, https:\/\/groupecoiff.com\/wp-content\/uploads\/2026\/07\/contact-hero-2@2x-1_1_11zon-18x6.webp 18w, https:\/\/groupecoiff.com\/wp-content\/uploads\/2026\/07\/contact-hero-2@2x-1_1_11zon-250x85.webp 250w, https:\/\/groupecoiff.com\/wp-content\/uploads\/2026\/07\/contact-hero-2@2x-1_1_11zon-64x22.webp 64w\" sizes=\"(max-width: 1500px) 100vw, 1500px\" data-attachment-id=\"56604\" data-permalink=\"https:\/\/groupecoiff.com\/contact-us\/contact-hero-22x-1_1_11zon\/\" data-orig-file=\"https:\/\/groupecoiff.com\/wp-content\/uploads\/2026\/07\/contact-hero-2@2x-1_1_11zon.webp\" data-orig-size=\"1500,512\" data-comments-opened=\"1\" data-image-meta=\"{&quot;aperture&quot;:&quot;0&quot;,&quot;credit&quot;:&quot;&quot;,&quot;camera&quot;:&quot;&quot;,&quot;caption&quot;:&quot;&quot;,&quot;created_timestamp&quot;:&quot;0&quot;,&quot;copyright&quot;:&quot;&quot;,&quot;focal_length&quot;:&quot;0&quot;,&quot;iso&quot;:&quot;0&quot;,&quot;shutter_speed&quot;:&quot;0&quot;,&quot;title&quot;:&quot;&quot;,&quot;orientation&quot;:&quot;0&quot;,&quot;alt&quot;:&quot;&quot;}\" data-image-title=\"contact-hero-page\" data-image-description=\"\" data-image-caption=\"\" data-large-file=\"https:\/\/groupecoiff.com\/wp-content\/uploads\/2026\/07\/contact-hero-2@2x-1_1_11zon-1024x350.webp\" \/>\t\t\t\t\t\t\t\t\t\t\t\t\t\t\t<\/div>\n\t\t\t\t<\/div>\n\t\t\t\t<section class=\"elementor-section elementor-top-section elementor-element elementor-element-27bfd50 elementor-section-boxed elementor-section-height-default elementor-section-height-default\" data-id=\"27bfd50\" data-element_type=\"section\" data-e-type=\"section\">\n\t\t\t\t\t\t<div class=\"elementor-container elementor-column-gap-default\">\n\t\t\t\t\t<div class=\"elementor-column elementor-col-50 elementor-top-column elementor-element elementor-element-0fd464e\" data-id=\"0fd464e\" data-element_type=\"column\" data-e-type=\"column\">\n\t\t\t<div class=\"elementor-widget-wrap elementor-element-populated\">\n\t\t\t\t\t\t<div class=\"elementor-element elementor-element-f0bfab9 elementor-widget elementor-widget-spacer\" data-id=\"f0bfab9\" data-element_type=\"widget\" data-e-type=\"widget\" data-widget_type=\"spacer.default\">\n\t\t\t\t\t\t\t<div class=\"elementor-spacer\">\n\t\t\t<div class=\"elementor-spacer-inner\"><\/div>\n\t\t<\/div>\n\t\t\t\t\t\t<\/div>\n\t\t\t\t<div class=\"elementor-element elementor-element-92709ad elementor-widget elementor-widget-heading\" data-id=\"92709ad\" data-element_type=\"widget\" data-e-type=\"widget\" data-widget_type=\"heading.default\">\n\t\t\t\t\t<h1 class=\"elementor-heading-title elementor-size-default\">Contact <\/h1>\t\t\t\t<\/div>\n\t\t\t\t<div class=\"elementor-element elementor-element-c2093ff elementor-position-inline-start elementor-view-default elementor-mobile-position-block-start elementor-widget elementor-widget-icon-box\" data-id=\"c2093ff\" data-element_type=\"widget\" data-e-type=\"widget\" data-widget_type=\"icon-box.default\">\n\t\t\t\t\t\t\t<div class=\"elementor-icon-box-wrapper\">\n\n\t\t\t\t\t\t<div class=\"elementor-icon-box-icon\">\n\t\t\t\t<span  class=\"elementor-icon\">\n\t\t\t\t<svg aria-hidden=\"true\" class=\"e-font-icon-svg e-fas-map-marker-alt\" viewBox=\"0 0 384 512\" xmlns=\"http:\/\/www.w3.org\/2000\/svg\"><path d=\"M172.268 501.67C26.97 291.031 0 269.413 0 192 0 85.961 85.961 0 192 0s192 85.961 192 192c0 77.413-26.97 99.031-172.268 309.67-9.535 13.774-29.93 13.773-39.464 0zM192 272c44.183 0 80-35.817 80-80s-35.817-80-80-80-80 35.817-80 80 35.817 80 80 80z\"><\/path><\/svg>\t\t\t\t<\/span>\n\t\t\t<\/div>\n\t\t\t\n\t\t\t\t\t\t<div class=\"elementor-icon-box-content\">\n\n\t\t\t\t\t\t\t\t\t<h3 class=\"elementor-icon-box-title\">\n\t\t\t\t\t\t<span  >\n\t\t\t\t\t\t\tAdresse physique\t\t\t\t\t\t<\/span>\n\t\t\t\t\t<\/h3>\n\t\t\t\t\n\t\t\t\t\t\t\t\t\t<p class=\"elementor-icon-box-description\">\n\t\t\t\t\t\t6 Rue de Ris, 91170 <br \/>\nViry-Ch\u00e2tillon, France\t\t\t\t\t<\/p>\n\t\t\t\t\n\t\t\t<\/div>\n\t\t\t\n\t\t<\/div>\n\t\t\t\t\t\t<\/div>\n\t\t\t\t<div class=\"elementor-element elementor-element-d6ebf2e elementor-position-inline-start elementor-view-default elementor-mobile-position-block-start elementor-widget elementor-widget-icon-box\" data-id=\"d6ebf2e\" data-element_type=\"widget\" data-e-type=\"widget\" data-widget_type=\"icon-box.default\">\n\t\t\t\t\t\t\t<div class=\"elementor-icon-box-wrapper\">\n\n\t\t\t\t\t\t<div class=\"elementor-icon-box-icon\">\n\t\t\t\t<span  class=\"elementor-icon\">\n\t\t\t\t<svg aria-hidden=\"true\" class=\"e-font-icon-svg e-fas-envelope\" viewBox=\"0 0 512 512\" xmlns=\"http:\/\/www.w3.org\/2000\/svg\"><path d=\"M502.3 190.8c3.9-3.1 9.7-.2 9.7 4.7V400c0 26.5-21.5 48-48 48H48c-26.5 0-48-21.5-48-48V195.6c0-5 5.7-7.8 9.7-4.7 22.4 17.4 52.1 39.5 154.1 113.6 21.1 15.4 56.7 47.8 92.2 47.6 35.7.3 72-32.8 92.3-47.6 102-74.1 131.6-96.3 154-113.7zM256 320c23.2.4 56.6-29.2 73.4-41.4 132.7-96.3 142.8-104.7 173.4-128.7 5.8-4.5 9.2-11.5 9.2-18.9v-19c0-26.5-21.5-48-48-48H48C21.5 64 0 85.5 0 112v19c0 7.4 3.4 14.3 9.2 18.9 30.6 23.9 40.7 32.4 173.4 128.7 16.8 12.2 50.2 41.8 73.4 41.4z\"><\/path><\/svg>\t\t\t\t<\/span>\n\t\t\t<\/div>\n\t\t\t\n\t\t\t\t\t\t<div class=\"elementor-icon-box-content\">\n\n\t\t\t\t\t\t\t\t\t<h3 class=\"elementor-icon-box-title\">\n\t\t\t\t\t\t<span  >\n\t\t\t\t\t\t\tAdresse email\t\t\t\t\t\t<\/span>\n\t\t\t\t\t<\/h3>\n\t\t\t\t\n\t\t\t\t\t\t\t\t\t<p class=\"elementor-icon-box-description\">\n\t\t\t\t\t\tcontact@groupecoiff.com\t\t\t\t\t<\/p>\n\t\t\t\t\n\t\t\t<\/div>\n\t\t\t\n\t\t<\/div>\n\t\t\t\t\t\t<\/div>\n\t\t\t\t<div class=\"elementor-element elementor-element-59545b7 elementor-position-inline-start elementor-view-default elementor-mobile-position-block-start elementor-widget elementor-widget-icon-box\" data-id=\"59545b7\" data-element_type=\"widget\" data-e-type=\"widget\" data-widget_type=\"icon-box.default\">\n\t\t\t\t\t\t\t<div class=\"elementor-icon-box-wrapper\">\n\n\t\t\t\t\t\t<div class=\"elementor-icon-box-icon\">\n\t\t\t\t<span  class=\"elementor-icon\">\n\t\t\t\t<svg aria-hidden=\"true\" class=\"e-font-icon-svg e-fas-phone-alt\" viewBox=\"0 0 512 512\" xmlns=\"http:\/\/www.w3.org\/2000\/svg\"><path d=\"M497.39 361.8l-112-48a24 24 0 0 0-28 6.9l-49.6 60.6A370.66 370.66 0 0 1 130.6 204.11l60.6-49.6a23.94 23.94 0 0 0 6.9-28l-48-112A24.16 24.16 0 0 0 122.6.61l-104 24A24 24 0 0 0 0 48c0 256.5 207.9 464 464 464a24 24 0 0 0 23.4-18.6l24-104a24.29 24.29 0 0 0-14.01-27.6z\"><\/path><\/svg>\t\t\t\t<\/span>\n\t\t\t<\/div>\n\t\t\t\n\t\t\t\t\t\t<div class=\"elementor-icon-box-content\">\n\n\t\t\t\t\t\t\t\t\t<h3 class=\"elementor-icon-box-title\">\n\t\t\t\t\t\t<span  >\n\t\t\t\t\t\t\tNum\u00e9ro de t\u00e9l\u00e9phones\t\t\t\t\t\t<\/span>\n\t\t\t\t\t<\/h3>\n\t\t\t\t\n\t\t\t\t\t\t\t\t\t<p class=\"elementor-icon-box-description\">\n\t\t\t\t\t\t+33 6 76 95 16 05<br \/>\t\t\t\t\t<\/p>\n\t\t\t\t\n\t\t\t<\/div>\n\t\t\t\n\t\t<\/div>\n\t\t\t\t\t\t<\/div>\n\t\t\t\t<div class=\"elementor-element elementor-element-27378d9 elementor-position-inline-start elementor-view-default elementor-mobile-position-block-start elementor-widget elementor-widget-icon-box\" data-id=\"27378d9\" data-element_type=\"widget\" data-e-type=\"widget\" data-widget_type=\"icon-box.default\">\n\t\t\t\t\t\t\t<div class=\"elementor-icon-box-wrapper\">\n\n\t\t\t\t\t\t<div class=\"elementor-icon-box-icon\">\n\t\t\t\t<a href=\"https:\/\/groupecoiff.com\/wp-content\/uploads\/2025\/03\/Formulaire-de-retractation-1.odt\" class=\"elementor-icon\" tabindex=\"-1\" aria-label=\"Annulation de votre commande\">\n\t\t\t\t<i aria-hidden=\"true\" class=\"material-icons md-announcement\"><\/i>\t\t\t\t<\/a>\n\t\t\t<\/div>\n\t\t\t\n\t\t\t\t\t\t<div class=\"elementor-icon-box-content\">\n\n\t\t\t\t\t\t\t\t\t<h3 class=\"elementor-icon-box-title\">\n\t\t\t\t\t\t<a href=\"https:\/\/groupecoiff.com\/wp-content\/uploads\/2025\/03\/Formulaire-de-retractation-1.odt\" >\n\t\t\t\t\t\t\tAnnulation de votre commande\t\t\t\t\t\t<\/a>\n\t\t\t\t\t<\/h3>\n\t\t\t\t\n\t\t\t\t\t\t\t\t\t<p class=\"elementor-icon-box-description\">\n\t\t\t\t\t\t<a href=\"https:\/\/groupecoiff.com\/wp-content\/uploads\/2025\/03\/Formulaire-de-retractation-1.odt\" class=\"btn-download\">\n   T\u00e9l\u00e9charger le formulaire de r\u00e9tractation\n<\/a>\t\t\t\t\t<\/p>\n\t\t\t\t\n\t\t\t<\/div>\n\t\t\t\n\t\t<\/div>\n\t\t\t\t\t\t<\/div>\n\t\t\t\t<div class=\"elementor-element elementor-element-3d93b2a elementor-widget elementor-widget-spacer\" data-id=\"3d93b2a\" data-element_type=\"widget\" data-e-type=\"widget\" data-widget_type=\"spacer.default\">\n\t\t\t\t\t\t\t<div class=\"elementor-spacer\">\n\t\t\t<div class=\"elementor-spacer-inner\"><\/div>\n\t\t<\/div>\n\t\t\t\t\t\t<\/div>\n\t\t\t\t\t<\/div>\n\t\t<\/div>\n\t\t\t\t<div class=\"elementor-column elementor-col-50 elementor-top-column elementor-element elementor-element-2f4131b\" data-id=\"2f4131b\" data-element_type=\"column\" data-e-type=\"column\" data-settings=\"{&quot;background_background&quot;:&quot;classic&quot;}\">\n\t\t\t<div class=\"elementor-widget-wrap elementor-element-populated\">\n\t\t\t\t\t\t<div class=\"elementor-element elementor-element-83aa088 elementor-widget elementor-widget-heading\" data-id=\"83aa088\" data-element_type=\"widget\" data-e-type=\"widget\" data-widget_type=\"heading.default\">\n\t\t\t\t\t<h2 class=\"elementor-heading-title elementor-size-default\">Envoyez nous un message <\/h2>\t\t\t\t<\/div>\n\t\t\t\t<div class=\"elementor-element elementor-element-522d472 elementor-widget elementor-widget-html\" data-id=\"522d472\" data-element_type=\"widget\" data-e-type=\"widget\" data-widget_type=\"html.default\">\n\t\t\t\t\t<div class='fluentform ff-default fluentform_wrapper_1 ffs_default_wrap'><form data-form_id=\"1\" id=\"fluentform_1\" class=\"frm-fluent-form fluent_form_1 ff-el-form-top ff_form_instance_1_1 ff-form-loading ff_has_v3_recptcha ffs_default\" data-form_instance=\"ff_form_instance_1_1\" method=\"POST\" data-recptcha_key=\"6LeJ5BwsAAAAADzfBcGj1QH-QRF7Mtvy4uXy1xZV\" ><fieldset  style=\"border: none!important;margin: 0!important;padding: 0!important;background-color: transparent!important;box-shadow: none!important;outline: none!important; min-inline-size: 100%;\">\n                    <legend class=\"ff_screen_reader_title\" style=\"display: block; margin: 0!important;padding: 0!important;height: 0!important;text-indent: -999999px;width: 0!important;overflow:hidden;\">Contact Form Demo<\/legend><p style=\"display: none !important;\" class=\"akismet-fields-container\" data-prefix=\"ak_\"><label>&#916;<textarea name=\"ak_hp_textarea\" cols=\"45\" rows=\"8\" maxlength=\"100\"><\/textarea><\/label><input type=\"hidden\" id=\"ak_js_1\" name=\"ak_js\" value=\"218\"\/><script>\ndocument.getElementById( \"ak_js_1\" ).setAttribute( \"value\", ( new Date() ).getTime() );\n<\/script>\n<\/p><input type='hidden' name='__fluent_form_embded_post_id' value='1290' \/><input type=\"hidden\" id=\"_fluentform_1_fluentformnonce\" name=\"_fluentform_1_fluentformnonce\" value=\"56942dc9b6\" \/><input type=\"hidden\" name=\"_wp_http_referer\" value=\"\/en\/wp-json\/wp\/v2\/pages\/1290\" \/><div data-type=\"name-element\" data-name=\"Nom\" class=\" ff-field_container ff-name-field-wrapper\" ><div class='ff-t-container'><div class='ff-t-cell '><div class='ff-el-group'><div class='ff-el-input--content'><input type=\"text\" name=\"Nom[first_name]\" id=\"ff_1_Nom_first_name_\" class=\"ff-el-form-control\" placeholder=\"Nom*\" aria-invalid=\"false\" aria-required=true><\/div><\/div><\/div><\/div><\/div><div class='ff-el-group'><div class='ff-el-input--content'><input type=\"email\" name=\"email\" id=\"ff_1_email\" class=\"ff-el-form-control\" placeholder=\"Adresse email*\" data-name=\"email\"  aria-invalid=\"false\" aria-required=true><\/div><\/div><div class='ff-el-group'><div class='ff-el-input--content'><input type=\"text\" name=\"subject\" class=\"ff-el-form-control\" placeholder=\"Objet*\" data-name=\"subject\" id=\"ff_1_subject\"  aria-invalid=\"false\" aria-required=true><\/div><\/div><div class='ff-el-group ff-el-form-hide_label'><div class=\"ff-el-input--label ff-el-is-required asterisk-right\"><label for='ff_1_message' id='label_ff_1_message' aria-label=\"Your Message\">Your Message<\/label><\/div><div class='ff-el-input--content'><textarea aria-required=\"true\" aria-labelledby=\"label_ff_1_message\" name=\"message\" id=\"ff_1_message\" class=\"ff-el-form-control\" placeholder=\"Your Message\" rows=\"7\" cols=\"2\" data-name=\"message\" ><\/textarea><\/div><\/div><div class='ff-el-group ff-text-left ff_submit_btn_wrapper'><button type=\"submit\" class=\"ff-btn ff-btn-submit ff-btn-md ff_btn_style\"  aria-label=\"Envoyez le message\">Envoyez le message<\/button><\/div><\/fieldset><\/form><div id='fluentform_1_errors' class='ff-errors-in-stack ff_form_instance_1_1 ff-form-loading_errors ff_form_instance_1_1_errors'><\/div><\/div>            <script type=\"text\/javascript\">\n                window.fluent_form_ff_form_instance_1_1 = {\"id\":\"1\",\"ajaxUrl\":\"https:\\\/\\\/groupecoiff.com\\\/wp-admin\\\/admin-ajax.php\",\"settings\":{\"layout\":{\"labelPlacement\":\"top\",\"helpMessagePlacement\":\"with_label\",\"errorMessagePlacement\":\"inline\",\"cssClassName\":\"\",\"asteriskPlacement\":\"asterisk-right\"},\"restrictions\":{\"denyEmptySubmission\":{\"enabled\":false}}},\"form_instance\":\"ff_form_instance_1_1\",\"form_id_selector\":\"fluentform_1\",\"rules\":{\"Nom[first_name]\":{\"required\":{\"value\":true,\"message\":\"Ce champ est requis\",\"global\":false,\"global_message\":\"Ce champ est obligatoire\"}},\"Nom[middle_name]\":{\"required\":{\"value\":false,\"message\":\"This field is required\",\"global\":false,\"global_message\":\"Ce champ est obligatoire\"}},\"Nom[last_name]\":{\"required\":{\"value\":false,\"message\":\"This field is required\",\"global\":false,\"global_message\":\"Ce champ est obligatoire\"}},\"email\":{\"required\":{\"value\":true,\"message\":\"Ce champ est requis\",\"global\":false,\"global_message\":\"Ce champ est obligatoire\"},\"email\":{\"value\":true,\"message\":\"This field must contain a valid email\",\"global\":false,\"global_message\":\"Ce champ doit contenir un e-mail valide\"}},\"subject\":{\"required\":{\"value\":true,\"message\":\"Ce champ est requis\",\"global\":false,\"global_message\":\"Ce champ est obligatoire\"}},\"message\":{\"required\":{\"value\":true,\"message\":\"Ce champ est requis\",\"global\":false,\"global_message\":\"Ce champ est obligatoire\"}},\"g-recaptcha-response\":[]},\"debounce_time\":300,\"file_upload_settings\":[]};\n                            <\/script>\n            \t\t\t\t<\/div>\n\t\t\t\t\t<\/div>\n\t\t<\/div>\n\t\t\t\t\t<\/div>\n\t\t<\/section>\n\t\t<div class=\"elementor-element elementor-element-11a23bb e-flex e-con-boxed e-con e-parent\" data-id=\"11a23bb\" data-element_type=\"container\" data-e-type=\"container\">\n\t\t\t\t\t<div class=\"e-con-inner\">\n\t\t\t\t<div class=\"elementor-element elementor-element-c86226e elementor-widget elementor-widget-html\" data-id=\"c86226e\" data-element_type=\"widget\" data-e-type=\"widget\" data-widget_type=\"html.default\">\n\t\t\t\t\t<iframe src=\"https:\/\/www.google.com\/maps\/embed?pb=!1m18!1m12!1m3!1d2634.4971526831573!2d2.3830278876995137!3d48.67685883949559!2m3!1f0!2f0!3f0!3m2!1i1024!2i768!4f13.1!3m3!1m2!1s0x47e5dfe469d3aee9%3A0x157a9b1e311908d4!2sGROUPE%20COIFF!5e0!3m2!1sfr!2sfr!4v1696514015922!5m2!1sfr!2sfr\" width=\"600\" height=\"450\" style=\"border:0;\" allowfullscreen=\"\" loading=\"lazy\" referrerpolicy=\"no-referrer-when-downgrade\"><\/iframe>\t\t\t\t<\/div>\n\t\t\t\t\t<\/div>\n\t\t\t\t<\/div>\n\t\t\t\t<section class=\"elementor-section elementor-top-section elementor-element elementor-element-e02fc13 elementor-section-boxed elementor-section-height-default elementor-section-height-default\" data-id=\"e02fc13\" data-element_type=\"section\" data-e-type=\"section\">\n\t\t\t\t\t\t<div class=\"elementor-container elementor-column-gap-default\">\n\t\t\t\t\t<div class=\"elementor-column elementor-col-50 elementor-top-column elementor-element elementor-element-13d5c00\" data-id=\"13d5c00\" data-element_type=\"column\" data-e-type=\"column\">\n\t\t\t<div class=\"elementor-widget-wrap elementor-element-populated\">\n\t\t\t\t\t\t<div class=\"elementor-element elementor-element-76b531a elementor-widget elementor-widget-heading\" data-id=\"76b531a\" data-element_type=\"widget\" data-e-type=\"widget\" data-widget_type=\"heading.default\">\n\t\t\t\t\t<h2 class=\"elementor-heading-title elementor-size-default\">Les mieux not\u00e9s <\/h2>\t\t\t\t<\/div>\n\t\t\t\t\t<\/div>\n\t\t<\/div>\n\t\t\t\t<div class=\"elementor-column elementor-col-50 elementor-top-column elementor-element elementor-element-57bde2c\" data-id=\"57bde2c\" data-element_type=\"column\" data-e-type=\"column\">\n\t\t\t<div class=\"elementor-widget-wrap elementor-element-populated\">\n\t\t\t\t\t\t<div class=\"elementor-element elementor-element-9e1fe6c elementor-align-right elementor-mobile-align-center elementor-tablet-align-right elementor-widget elementor-widget-button\" data-id=\"9e1fe6c\" data-element_type=\"widget\" data-e-type=\"widget\" data-widget_type=\"button.default\">\n\t\t\t\t\t\t\t\t\t\t<a class=\"elementor-button elementor-button-link elementor-size-md\" href=\"#\">\n\t\t\t\t\t\t<span class=\"elementor-button-content-wrapper\">\n\t\t\t\t\t\t<span class=\"elementor-button-icon\">\n\t\t\t\t<svg aria-hidden=\"true\" class=\"e-font-icon-svg e-fas-arrow-right\" viewBox=\"0 0 448 512\" xmlns=\"http:\/\/www.w3.org\/2000\/svg\"><path d=\"M190.5 66.9l22.2-22.2c9.4-9.4 24.6-9.4 33.9 0L441 239c9.4 9.4 9.4 24.6 0 33.9L246.6 467.3c-9.4 9.4-24.6 9.4-33.9 0l-22.2-22.2c-9.5-9.5-9.3-25 .4-34.3L311.4 296H24c-13.3 0-24-10.7-24-24v-32c0-13.3 10.7-24 24-24h287.4L190.9 101.2c-9.8-9.3-10-24.8-.4-34.3z\"><\/path><\/svg>\t\t\t<\/span>\n\t\t\t\t\t\t\t\t\t<span class=\"elementor-button-text\">Voir le shop<\/span>\n\t\t\t\t\t<\/span>\n\t\t\t\t\t<\/a>\n\t\t\t\t\t\t\t\t<\/div>\n\t\t\t\t\t<\/div>\n\t\t<\/div>\n\t\t\t\t\t<\/div>\n\t\t<\/section>\n\t\t<div class=\"elementor-element elementor-element-4f4d196 e-flex e-con-boxed e-con e-parent\" data-id=\"4f4d196\" data-element_type=\"container\" data-e-type=\"container\">\n\t\t\t\t\t<div class=\"e-con-inner\">\n\t\t\t\t<div class=\"elementor-element elementor-element-edb280e elementor-hidden-widescreen elementor-hidden-desktop elementor-hidden-laptop elementor-hidden-tablet_extra elementor-widget elementor-widget-shortcode\" data-id=\"edb280e\" data-element_type=\"widget\" data-e-type=\"widget\" data-widget_type=\"shortcode.default\">\n\t\t\t\t\t\t\t<div class=\"elementor-shortcode\"><div class=\"woocommerce columns-3 \"><span class=\"wpfHidden\" data-shortcode-attribute=\"{&quot;limit&quot;:&quot;3&quot;,&quot;columns&quot;:&quot;3&quot;,&quot;rows&quot;:&quot;&quot;,&quot;orderby&quot;:&quot;rating&quot;,&quot;order&quot;:&quot;&quot;,&quot;ids&quot;:&quot;&quot;,&quot;skus&quot;:&quot;&quot;,&quot;category&quot;:&quot;&quot;,&quot;cat_operator&quot;:&quot;IN&quot;,&quot;attribute&quot;:&quot;&quot;,&quot;terms&quot;:&quot;&quot;,&quot;terms_operator&quot;:&quot;IN&quot;,&quot;tag&quot;:&quot;&quot;,&quot;tag_operator&quot;:&quot;IN&quot;,&quot;visibility&quot;:&quot;visible&quot;,&quot;class&quot;:&quot;&quot;,&quot;page&quot;:1,&quot;paginate&quot;:false,&quot;cache&quot;:false}\"><\/span><ul class=\"products columns-3\" data-products=\"type-1\">\n<li class=\"product type-product post-58303 status-publish first instock product_cat-fauteuil-de-maquillage product_tag-chaise-de-maquillage-pivotante product_tag-fauteuil-de-maquillage-professionnel product_tag-mobilier-salon-de-beaute-luxe has-post-thumbnail featured taxable shipping-taxable purchasable product-type-simple\">\n\t<a href=\"https:\/\/groupecoiff.com\/en\/produit\/fauteuil-de-maquillage-alissa-gg\/\" class=\"woocommerce-LoopProduct-link woocommerce-loop-product__link\"><img decoding=\"async\" width=\"300\" height=\"300\" src=\"https:\/\/groupecoiff.com\/wp-content\/uploads\/2024\/05\/Alissa-G-1-300x300.webp\" class=\"attachment-woocommerce_thumbnail size-woocommerce_thumbnail\" alt=\"fauteuil de maquillage professionnel \u2013 chaise esth\u00e9tique velours noir \u2013 fauteuil beaut\u00e9 base dor\u00e9e \u2013 chaise de maquillage r\u00e9glable \u2013 fauteuil esth\u00e9tique rotatif \u2013 chaise velours matelass\u00e9 \u2013 mobilier salon de beaut\u00e9 luxe \u2013 fauteuil maquillage ergonomique \u2013 chaise esth\u00e9tique design moderne \u2013 fauteuil maquillage noir dor\u00e9 \u2013 chaise studio beaut\u00e9 premium \u2013 fauteuil esth\u00e9tique confortable \u2013 chaise de maquillage pivotante \u2013 mobilier esth\u00e9tique haut de gamme \u2013 fauteuil velours noir \u00e9l\u00e9gant \u2013 chaise maquillage r\u00e9glable en hauteur \u2013 fauteuil beaut\u00e9 dossier matelass\u00e9 \u2013 chaise esth\u00e9tique pour salon professionnel \u2013 fauteuil maquillage d\u00e9coratif \u2013 chaise velours noir base or\" srcset=\"https:\/\/groupecoiff.com\/wp-content\/uploads\/2024\/05\/Alissa-G-1-300x300.webp 300w, https:\/\/groupecoiff.com\/wp-content\/uploads\/2024\/05\/Alissa-G-1-150x150.webp 150w, https:\/\/groupecoiff.com\/wp-content\/uploads\/2024\/05\/Alissa-G-1-12x12.webp 12w, https:\/\/groupecoiff.com\/wp-content\/uploads\/2024\/05\/Alissa-G-1-250x250.webp 250w, https:\/\/groupecoiff.com\/wp-content\/uploads\/2024\/05\/Alissa-G-1-100x100.webp 100w, https:\/\/groupecoiff.com\/wp-content\/uploads\/2024\/05\/Alissa-G-1-64x64.webp 64w, https:\/\/groupecoiff.com\/wp-content\/uploads\/2024\/05\/Alissa-G-1.webp 650w\" sizes=\"(max-width: 300px) 100vw, 300px\" data-attachment-id=\"58290\" data-permalink=\"https:\/\/groupecoiff.com\/en\/?attachment_id=58290\" data-orig-file=\"https:\/\/groupecoiff.com\/wp-content\/uploads\/2024\/05\/Alissa-G-1.webp\" data-orig-size=\"650,650\" data-comments-opened=\"1\" data-image-meta=\"{&quot;aperture&quot;:&quot;0&quot;,&quot;credit&quot;:&quot;&quot;,&quot;camera&quot;:&quot;&quot;,&quot;caption&quot;:&quot;&quot;,&quot;created_timestamp&quot;:&quot;0&quot;,&quot;copyright&quot;:&quot;&quot;,&quot;focal_length&quot;:&quot;0&quot;,&quot;iso&quot;:&quot;0&quot;,&quot;shutter_speed&quot;:&quot;0&quot;,&quot;title&quot;:&quot;&quot;,&quot;orientation&quot;:&quot;0&quot;,&quot;alt&quot;:&quot;&quot;}\" data-image-title=\"Alissa G (1)\" data-image-description=\"\" data-image-caption=\"\" data-large-file=\"https:\/\/groupecoiff.com\/wp-content\/uploads\/2024\/05\/Alissa-G-1.webp\" \/><h2 class=\"woocommerce-loop-product__title\">Fauteuil de maquillage Alissa GG<\/h2>\n\t<span class=\"price\"><span class=\"prix-ht-ttc-wrapper\"><span class=\"prix-ht-gros\"><span class=\"woocommerce-Price-amount amount\"><bdi>159,00&nbsp;<span class=\"woocommerce-Price-currencySymbol\" translate=\"no\">&euro;<\/span><\/bdi><\/span> HT<\/span> <small class=\"prix-ttc\">( <span class=\"woocommerce-Price-amount amount\"><bdi>190,80&nbsp;<span class=\"woocommerce-Price-currencySymbol\" translate=\"no\">&euro;<\/span><\/bdi><\/span> TTC )<\/small><\/span><\/span>\n<\/a><a href=\"\/en\/wp-json\/wp\/v2\/pages\/1290?add-to-cart=58303\" aria-describedby=\"woocommerce_loop_add_to_cart_link_describedby_58303\" data-quantity=\"1\" class=\"button product_type_simple add_to_cart_button ajax_add_to_cart\" data-product_id=\"58303\" data-product_sku=\"\" aria-label=\"Add to cart: &ldquo;Fauteuil de maquillage Alissa GG&rdquo;\" rel=\"nofollow\" data-success_message=\"&ldquo;Fauteuil de maquillage Alissa GG&rdquo; has been added to your cart\">Add to cart<\/a>\t<span id=\"woocommerce_loop_add_to_cart_link_describedby_58303\" class=\"screen-reader-text\">\n\t\t\t<\/span>\n<\/li>\n<li class=\"product type-product post-58300 status-publish instock product_cat-fauteuil-de-maquillage product_tag-chaise-de-maquillage-pivotante product_tag-fauteuil-de-maquillage-professionnel product_tag-mobilier-salon-de-beaute has-post-thumbnail featured taxable shipping-taxable purchasable product-type-simple\">\n\t<a href=\"https:\/\/groupecoiff.com\/en\/produit\/fauteuil-de-maquillage-alissa-b\/\" class=\"woocommerce-LoopProduct-link woocommerce-loop-product__link\"><img decoding=\"async\" width=\"300\" height=\"300\" src=\"https:\/\/groupecoiff.com\/wp-content\/uploads\/2024\/05\/Alissa-B-1-300x300.webp\" class=\"attachment-woocommerce_thumbnail size-woocommerce_thumbnail\" alt=\"fauteuil de maquillage professionnel \u2013 chaise esth\u00e9tique velours noir \u2013 fauteuil beaut\u00e9 base dor\u00e9e \u2013 chaise de maquillage r\u00e9glable \u2013 fauteuil esth\u00e9tique rotatif \u2013 chaise velours matelass\u00e9 \u2013 mobilier salon de beaut\u00e9 luxe \u2013 fauteuil maquillage ergonomique \u2013 chaise esth\u00e9tique design moderne \u2013 fauteuil maquillage noir dor\u00e9 \u2013 chaise studio beaut\u00e9 premium \u2013 fauteuil esth\u00e9tique confortable \u2013 chaise de maquillage pivotante \u2013 mobilier esth\u00e9tique haut de gamme \u2013 fauteuil velours noir \u00e9l\u00e9gant \u2013 chaise maquillage r\u00e9glable en hauteur \u2013 fauteuil beaut\u00e9 dossier matelass\u00e9 \u2013 chaise esth\u00e9tique pour salon professionnel \u2013 fauteuil maquillage d\u00e9coratif \u2013 chaise velours noir base or\" srcset=\"https:\/\/groupecoiff.com\/wp-content\/uploads\/2024\/05\/Alissa-B-1-300x300.webp 300w, https:\/\/groupecoiff.com\/wp-content\/uploads\/2024\/05\/Alissa-B-1-150x150.webp 150w, https:\/\/groupecoiff.com\/wp-content\/uploads\/2024\/05\/Alissa-B-1-12x12.webp 12w, https:\/\/groupecoiff.com\/wp-content\/uploads\/2024\/05\/Alissa-B-1-250x250.webp 250w, https:\/\/groupecoiff.com\/wp-content\/uploads\/2024\/05\/Alissa-B-1-100x100.webp 100w, https:\/\/groupecoiff.com\/wp-content\/uploads\/2024\/05\/Alissa-B-1-64x64.webp 64w, https:\/\/groupecoiff.com\/wp-content\/uploads\/2024\/05\/Alissa-B-1.webp 650w\" sizes=\"(max-width: 300px) 100vw, 300px\" data-attachment-id=\"58273\" data-permalink=\"https:\/\/groupecoiff.com\/en\/?attachment_id=58273\" data-orig-file=\"https:\/\/groupecoiff.com\/wp-content\/uploads\/2024\/05\/Alissa-B-1.webp\" data-orig-size=\"650,650\" data-comments-opened=\"1\" data-image-meta=\"{&quot;aperture&quot;:&quot;0&quot;,&quot;credit&quot;:&quot;&quot;,&quot;camera&quot;:&quot;&quot;,&quot;caption&quot;:&quot;&quot;,&quot;created_timestamp&quot;:&quot;0&quot;,&quot;copyright&quot;:&quot;&quot;,&quot;focal_length&quot;:&quot;0&quot;,&quot;iso&quot;:&quot;0&quot;,&quot;shutter_speed&quot;:&quot;0&quot;,&quot;title&quot;:&quot;&quot;,&quot;orientation&quot;:&quot;0&quot;,&quot;alt&quot;:&quot;&quot;}\" data-image-title=\"Alissa B (1)\" data-image-description=\"\" data-image-caption=\"\" data-large-file=\"https:\/\/groupecoiff.com\/wp-content\/uploads\/2024\/05\/Alissa-B-1.webp\" \/><h2 class=\"woocommerce-loop-product__title\">Fauteuil de maquillage Alissa B<\/h2>\n\t<span class=\"price\"><span class=\"prix-ht-ttc-wrapper\"><span class=\"prix-ht-gros\"><span class=\"woocommerce-Price-amount amount\"><bdi>159,00&nbsp;<span class=\"woocommerce-Price-currencySymbol\" translate=\"no\">&euro;<\/span><\/bdi><\/span> HT<\/span> <small class=\"prix-ttc\">( <span class=\"woocommerce-Price-amount amount\"><bdi>190,80&nbsp;<span class=\"woocommerce-Price-currencySymbol\" translate=\"no\">&euro;<\/span><\/bdi><\/span> TTC )<\/small><\/span><\/span>\n<\/a><a href=\"\/en\/wp-json\/wp\/v2\/pages\/1290?add-to-cart=58300\" aria-describedby=\"woocommerce_loop_add_to_cart_link_describedby_58300\" data-quantity=\"1\" class=\"button product_type_simple add_to_cart_button ajax_add_to_cart\" data-product_id=\"58300\" data-product_sku=\"\" aria-label=\"Add to cart: &ldquo;Fauteuil de maquillage Alissa B&rdquo;\" rel=\"nofollow\" data-success_message=\"&ldquo;Fauteuil de maquillage Alissa B&rdquo; has been added to your cart\">Add to cart<\/a>\t<span id=\"woocommerce_loop_add_to_cart_link_describedby_58300\" class=\"screen-reader-text\">\n\t\t\t<\/span>\n<\/li>\n<li class=\"product type-product post-58269 status-publish last instock product_cat-bac-de-lavage product_tag-bac-a-shampoing-massant product_tag-bac-a-shampoing-professionnel product_tag-meuble-pour-salon-de-coiffure product_tag-mobilier-de-coiffure-professionnel has-post-thumbnail sale taxable shipping-taxable purchasable product-type-simple\">\n\t<div class=\"wcpb-product-badges-badge wcpb-product-badges-badge-27848 wcpb-product-badges-badge-top-left\" style=\"width: 120px;margin: 10px\"><img decoding=\"async\" class=\"wcpb-product-badges-badge-img\" src=\"https:\/\/groupecoiff.com\/wp-content\/uploads\/2023\/09\/badge-promo-woocomerce-groupecoiff.png\" alt=\"Promo badge\"><\/div><a href=\"https:\/\/groupecoiff.com\/en\/produit\/bac-a-shampoing-massant-ines-noir\/\" class=\"woocommerce-LoopProduct-link woocommerce-loop-product__link\">\n\t\n\t<img loading=\"lazy\" decoding=\"async\" width=\"300\" height=\"300\" src=\"https:\/\/groupecoiff.com\/wp-content\/uploads\/2026\/09\/Bac-a-shampoing-massant-INES-Noir-1-300x300.webp\" class=\"attachment-woocommerce_thumbnail size-woocommerce_thumbnail\" alt=\"bac \u00e0 shampoing professionnel \u2013 fauteuil de lavage coiffure \u2013 bac coiffure massage \u2013 bac \u00e0 shampoing \u00e9lectrique \u2013 mobilier salon de coiffure haut de gamme \u2013 fauteuil shampoing beige \u2013 bac coiffure avec repose\u2011jambes \u00e9lectrique \u2013 station de lavage coiffure design \u2013 bac shampoing ergonomique \u2013 fauteuil de lavage avec vasque inclinable \u2013 bac coiffure confort client \u2013 fauteuil shampoing matelass\u00e9 \u2013 bac de lavage salon premium \u2013 mobilier coiffure moderne \u2013 bac shampoing avec massage \u2013 fauteuil shampoing relaxant \u2013 bac coiffure esth\u00e9tique beige \u2013 station shampoing luxe \u2013 bac de lavage pour salon professionnel\" srcset=\"https:\/\/groupecoiff.com\/wp-content\/uploads\/2026\/09\/Bac-a-shampoing-massant-INES-Noir-1-300x300.webp 300w, https:\/\/groupecoiff.com\/wp-content\/uploads\/2026\/09\/Bac-a-shampoing-massant-INES-Noir-1-150x150.webp 150w, https:\/\/groupecoiff.com\/wp-content\/uploads\/2026\/09\/Bac-a-shampoing-massant-INES-Noir-1-12x12.webp 12w, https:\/\/groupecoiff.com\/wp-content\/uploads\/2026\/09\/Bac-a-shampoing-massant-INES-Noir-1-250x250.webp 250w, https:\/\/groupecoiff.com\/wp-content\/uploads\/2026\/09\/Bac-a-shampoing-massant-INES-Noir-1-100x100.webp 100w, https:\/\/groupecoiff.com\/wp-content\/uploads\/2026\/09\/Bac-a-shampoing-massant-INES-Noir-1-64x64.webp 64w, https:\/\/groupecoiff.com\/wp-content\/uploads\/2026\/09\/Bac-a-shampoing-massant-INES-Noir-1.webp 650w\" sizes=\"(max-width: 300px) 100vw, 300px\" data-attachment-id=\"58245\" data-permalink=\"https:\/\/groupecoiff.com\/en\/?attachment_id=58245\" data-orig-file=\"https:\/\/groupecoiff.com\/wp-content\/uploads\/2026\/09\/Bac-a-shampoing-massant-INES-Noir-1.webp\" data-orig-size=\"650,650\" data-comments-opened=\"1\" data-image-meta=\"{&quot;aperture&quot;:&quot;0&quot;,&quot;credit&quot;:&quot;&quot;,&quot;camera&quot;:&quot;&quot;,&quot;caption&quot;:&quot;&quot;,&quot;created_timestamp&quot;:&quot;0&quot;,&quot;copyright&quot;:&quot;&quot;,&quot;focal_length&quot;:&quot;0&quot;,&quot;iso&quot;:&quot;0&quot;,&quot;shutter_speed&quot;:&quot;0&quot;,&quot;title&quot;:&quot;&quot;,&quot;orientation&quot;:&quot;0&quot;,&quot;alt&quot;:&quot;&quot;}\" data-image-title=\"Bac \u00e0 shampoing massant INES Noir (1)\" data-image-description=\"\" data-image-caption=\"\" data-large-file=\"https:\/\/groupecoiff.com\/wp-content\/uploads\/2026\/09\/Bac-a-shampoing-massant-INES-Noir-1.webp\" \/><h2 class=\"woocommerce-loop-product__title\">Bac \u00e0 shampoing massant INES Noir<\/h2>\n\t<span class=\"price\"><span class=\"prix-ht-ttc-wrapper\"><span class=\"prix-ht-nouveau\"><span class=\"woocommerce-Price-amount amount\"><bdi>1290,00&nbsp;<span class=\"woocommerce-Price-currencySymbol\" translate=\"no\">&euro;<\/span><\/bdi><\/span> HT<\/span> - <del class=\"prix-ht-ancien\"><span class=\"woocommerce-Price-amount amount\"><bdi>1390,00&nbsp;<span class=\"woocommerce-Price-currencySymbol\" translate=\"no\">&euro;<\/span><\/bdi><\/span> HT<\/del> <small class=\"prix-ttc\">( <span class=\"woocommerce-Price-amount amount\"><bdi>1548,00&nbsp;<span class=\"woocommerce-Price-currencySymbol\" translate=\"no\">&euro;<\/span><\/bdi><\/span> TTC )<\/small><\/span><\/span>\n<\/a><a href=\"\/en\/wp-json\/wp\/v2\/pages\/1290?add-to-cart=58269\" aria-describedby=\"woocommerce_loop_add_to_cart_link_describedby_58269\" data-quantity=\"1\" class=\"button product_type_simple add_to_cart_button ajax_add_to_cart\" data-product_id=\"58269\" data-product_sku=\"\" aria-label=\"Add to cart: &ldquo;Bac \u00e0 shampoing massant INES Noir&rdquo;\" rel=\"nofollow\" data-success_message=\"&ldquo;Bac \u00e0 shampoing massant INES Noir&rdquo; has been added to your cart\">Add to cart<\/a>\t<span id=\"woocommerce_loop_add_to_cart_link_describedby_58269\" class=\"screen-reader-text\">\n\t\t\t<\/span>\n<\/li>\n<\/ul>\n<\/div><\/div>\n\t\t\t\t\t\t<\/div>\n\t\t\t\t\t<\/div>\n\t\t\t\t<\/div>\n\t\t\t\t<section class=\"elementor-section elementor-top-section elementor-element elementor-element-4ee009c elementor-section-boxed elementor-section-height-default elementor-section-height-default\" data-id=\"4ee009c\" data-element_type=\"section\" data-e-type=\"section\">\n\t\t\t\t\t\t<div class=\"elementor-container elementor-column-gap-default\">\n\t\t\t\t\t<div class=\"elementor-column elementor-col-100 elementor-top-column elementor-element elementor-element-bce9bda\" data-id=\"bce9bda\" data-element_type=\"column\" data-e-type=\"column\">\n\t\t\t<div class=\"elementor-widget-wrap elementor-element-populated\">\n\t\t\t\t\t\t<div class=\"elementor-element elementor-element-c6220b7 elementor-hidden-tablet elementor-hidden-mobile_extra elementor-hidden-mobile elementor-widget elementor-widget-shortcode\" data-id=\"c6220b7\" data-element_type=\"widget\" data-e-type=\"widget\" data-widget_type=\"shortcode.default\">\n\t\t\t\t\t\t\t<div class=\"elementor-shortcode\"><div class=\"woocommerce columns-4 \"><span class=\"wpfHidden\" data-shortcode-attribute=\"{&quot;limit&quot;:&quot;4&quot;,&quot;columns&quot;:&quot;4&quot;,&quot;rows&quot;:&quot;&quot;,&quot;orderby&quot;:&quot;rating&quot;,&quot;order&quot;:&quot;&quot;,&quot;ids&quot;:&quot;&quot;,&quot;skus&quot;:&quot;&quot;,&quot;category&quot;:&quot;&quot;,&quot;cat_operator&quot;:&quot;IN&quot;,&quot;attribute&quot;:&quot;&quot;,&quot;terms&quot;:&quot;&quot;,&quot;terms_operator&quot;:&quot;IN&quot;,&quot;tag&quot;:&quot;&quot;,&quot;tag_operator&quot;:&quot;IN&quot;,&quot;visibility&quot;:&quot;visible&quot;,&quot;class&quot;:&quot;&quot;,&quot;page&quot;:1,&quot;paginate&quot;:false,&quot;cache&quot;:false}\"><\/span><ul class=\"products columns-4\" data-products=\"type-1\">\n<li class=\"product type-product post-58303 status-publish first instock product_cat-fauteuil-de-maquillage product_tag-chaise-de-maquillage-pivotante product_tag-fauteuil-de-maquillage-professionnel product_tag-mobilier-salon-de-beaute-luxe has-post-thumbnail featured taxable shipping-taxable purchasable product-type-simple\">\n\t<a href=\"https:\/\/groupecoiff.com\/en\/produit\/fauteuil-de-maquillage-alissa-gg\/\" class=\"woocommerce-LoopProduct-link woocommerce-loop-product__link\"><img decoding=\"async\" width=\"300\" height=\"300\" src=\"https:\/\/groupecoiff.com\/wp-content\/uploads\/2024\/05\/Alissa-G-1-300x300.webp\" class=\"attachment-woocommerce_thumbnail size-woocommerce_thumbnail\" alt=\"fauteuil de maquillage professionnel \u2013 chaise esth\u00e9tique velours noir \u2013 fauteuil beaut\u00e9 base dor\u00e9e \u2013 chaise de maquillage r\u00e9glable \u2013 fauteuil esth\u00e9tique rotatif \u2013 chaise velours matelass\u00e9 \u2013 mobilier salon de beaut\u00e9 luxe \u2013 fauteuil maquillage ergonomique \u2013 chaise esth\u00e9tique design moderne \u2013 fauteuil maquillage noir dor\u00e9 \u2013 chaise studio beaut\u00e9 premium \u2013 fauteuil esth\u00e9tique confortable \u2013 chaise de maquillage pivotante \u2013 mobilier esth\u00e9tique haut de gamme \u2013 fauteuil velours noir \u00e9l\u00e9gant \u2013 chaise maquillage r\u00e9glable en hauteur \u2013 fauteuil beaut\u00e9 dossier matelass\u00e9 \u2013 chaise esth\u00e9tique pour salon professionnel \u2013 fauteuil maquillage d\u00e9coratif \u2013 chaise velours noir base or\" srcset=\"https:\/\/groupecoiff.com\/wp-content\/uploads\/2024\/05\/Alissa-G-1-300x300.webp 300w, https:\/\/groupecoiff.com\/wp-content\/uploads\/2024\/05\/Alissa-G-1-150x150.webp 150w, https:\/\/groupecoiff.com\/wp-content\/uploads\/2024\/05\/Alissa-G-1-12x12.webp 12w, https:\/\/groupecoiff.com\/wp-content\/uploads\/2024\/05\/Alissa-G-1-250x250.webp 250w, https:\/\/groupecoiff.com\/wp-content\/uploads\/2024\/05\/Alissa-G-1-100x100.webp 100w, https:\/\/groupecoiff.com\/wp-content\/uploads\/2024\/05\/Alissa-G-1-64x64.webp 64w, https:\/\/groupecoiff.com\/wp-content\/uploads\/2024\/05\/Alissa-G-1.webp 650w\" sizes=\"(max-width: 300px) 100vw, 300px\" data-attachment-id=\"58290\" data-permalink=\"https:\/\/groupecoiff.com\/en\/?attachment_id=58290\" data-orig-file=\"https:\/\/groupecoiff.com\/wp-content\/uploads\/2024\/05\/Alissa-G-1.webp\" data-orig-size=\"650,650\" data-comments-opened=\"1\" data-image-meta=\"{&quot;aperture&quot;:&quot;0&quot;,&quot;credit&quot;:&quot;&quot;,&quot;camera&quot;:&quot;&quot;,&quot;caption&quot;:&quot;&quot;,&quot;created_timestamp&quot;:&quot;0&quot;,&quot;copyright&quot;:&quot;&quot;,&quot;focal_length&quot;:&quot;0&quot;,&quot;iso&quot;:&quot;0&quot;,&quot;shutter_speed&quot;:&quot;0&quot;,&quot;title&quot;:&quot;&quot;,&quot;orientation&quot;:&quot;0&quot;,&quot;alt&quot;:&quot;&quot;}\" data-image-title=\"Alissa G (1)\" data-image-description=\"\" data-image-caption=\"\" data-large-file=\"https:\/\/groupecoiff.com\/wp-content\/uploads\/2024\/05\/Alissa-G-1.webp\" \/><h2 class=\"woocommerce-loop-product__title\">Fauteuil de maquillage Alissa GG<\/h2>\n\t<span class=\"price\"><span class=\"prix-ht-ttc-wrapper\"><span class=\"prix-ht-gros\"><span class=\"woocommerce-Price-amount amount\"><bdi>159,00&nbsp;<span class=\"woocommerce-Price-currencySymbol\" translate=\"no\">&euro;<\/span><\/bdi><\/span> HT<\/span> <small class=\"prix-ttc\">( <span class=\"woocommerce-Price-amount amount\"><bdi>190,80&nbsp;<span class=\"woocommerce-Price-currencySymbol\" translate=\"no\">&euro;<\/span><\/bdi><\/span> TTC )<\/small><\/span><\/span>\n<\/a><a href=\"\/en\/wp-json\/wp\/v2\/pages\/1290?add-to-cart=58303\" aria-describedby=\"woocommerce_loop_add_to_cart_link_describedby_58303\" data-quantity=\"1\" class=\"button product_type_simple add_to_cart_button ajax_add_to_cart\" data-product_id=\"58303\" data-product_sku=\"\" aria-label=\"Add to cart: &ldquo;Fauteuil de maquillage Alissa GG&rdquo;\" rel=\"nofollow\" data-success_message=\"&ldquo;Fauteuil de maquillage Alissa GG&rdquo; has been added to your cart\">Add to cart<\/a>\t<span id=\"woocommerce_loop_add_to_cart_link_describedby_58303\" class=\"screen-reader-text\">\n\t\t\t<\/span>\n<\/li>\n<li class=\"product type-product post-58300 status-publish instock product_cat-fauteuil-de-maquillage product_tag-chaise-de-maquillage-pivotante product_tag-fauteuil-de-maquillage-professionnel product_tag-mobilier-salon-de-beaute has-post-thumbnail featured taxable shipping-taxable purchasable product-type-simple\">\n\t<a href=\"https:\/\/groupecoiff.com\/en\/produit\/fauteuil-de-maquillage-alissa-b\/\" class=\"woocommerce-LoopProduct-link woocommerce-loop-product__link\"><img decoding=\"async\" width=\"300\" height=\"300\" src=\"https:\/\/groupecoiff.com\/wp-content\/uploads\/2024\/05\/Alissa-B-1-300x300.webp\" class=\"attachment-woocommerce_thumbnail size-woocommerce_thumbnail\" alt=\"fauteuil de maquillage professionnel \u2013 chaise esth\u00e9tique velours noir \u2013 fauteuil beaut\u00e9 base dor\u00e9e \u2013 chaise de maquillage r\u00e9glable \u2013 fauteuil esth\u00e9tique rotatif \u2013 chaise velours matelass\u00e9 \u2013 mobilier salon de beaut\u00e9 luxe \u2013 fauteuil maquillage ergonomique \u2013 chaise esth\u00e9tique design moderne \u2013 fauteuil maquillage noir dor\u00e9 \u2013 chaise studio beaut\u00e9 premium \u2013 fauteuil esth\u00e9tique confortable \u2013 chaise de maquillage pivotante \u2013 mobilier esth\u00e9tique haut de gamme \u2013 fauteuil velours noir \u00e9l\u00e9gant \u2013 chaise maquillage r\u00e9glable en hauteur \u2013 fauteuil beaut\u00e9 dossier matelass\u00e9 \u2013 chaise esth\u00e9tique pour salon professionnel \u2013 fauteuil maquillage d\u00e9coratif \u2013 chaise velours noir base or\" srcset=\"https:\/\/groupecoiff.com\/wp-content\/uploads\/2024\/05\/Alissa-B-1-300x300.webp 300w, https:\/\/groupecoiff.com\/wp-content\/uploads\/2024\/05\/Alissa-B-1-150x150.webp 150w, https:\/\/groupecoiff.com\/wp-content\/uploads\/2024\/05\/Alissa-B-1-12x12.webp 12w, https:\/\/groupecoiff.com\/wp-content\/uploads\/2024\/05\/Alissa-B-1-250x250.webp 250w, https:\/\/groupecoiff.com\/wp-content\/uploads\/2024\/05\/Alissa-B-1-100x100.webp 100w, https:\/\/groupecoiff.com\/wp-content\/uploads\/2024\/05\/Alissa-B-1-64x64.webp 64w, https:\/\/groupecoiff.com\/wp-content\/uploads\/2024\/05\/Alissa-B-1.webp 650w\" sizes=\"(max-width: 300px) 100vw, 300px\" data-attachment-id=\"58273\" data-permalink=\"https:\/\/groupecoiff.com\/en\/?attachment_id=58273\" data-orig-file=\"https:\/\/groupecoiff.com\/wp-content\/uploads\/2024\/05\/Alissa-B-1.webp\" data-orig-size=\"650,650\" data-comments-opened=\"1\" data-image-meta=\"{&quot;aperture&quot;:&quot;0&quot;,&quot;credit&quot;:&quot;&quot;,&quot;camera&quot;:&quot;&quot;,&quot;caption&quot;:&quot;&quot;,&quot;created_timestamp&quot;:&quot;0&quot;,&quot;copyright&quot;:&quot;&quot;,&quot;focal_length&quot;:&quot;0&quot;,&quot;iso&quot;:&quot;0&quot;,&quot;shutter_speed&quot;:&quot;0&quot;,&quot;title&quot;:&quot;&quot;,&quot;orientation&quot;:&quot;0&quot;,&quot;alt&quot;:&quot;&quot;}\" data-image-title=\"Alissa B (1)\" data-image-description=\"\" data-image-caption=\"\" data-large-file=\"https:\/\/groupecoiff.com\/wp-content\/uploads\/2024\/05\/Alissa-B-1.webp\" \/><h2 class=\"woocommerce-loop-product__title\">Fauteuil de maquillage Alissa B<\/h2>\n\t<span class=\"price\"><span class=\"prix-ht-ttc-wrapper\"><span class=\"prix-ht-gros\"><span class=\"woocommerce-Price-amount amount\"><bdi>159,00&nbsp;<span class=\"woocommerce-Price-currencySymbol\" translate=\"no\">&euro;<\/span><\/bdi><\/span> HT<\/span> <small class=\"prix-ttc\">( <span class=\"woocommerce-Price-amount amount\"><bdi>190,80&nbsp;<span class=\"woocommerce-Price-currencySymbol\" translate=\"no\">&euro;<\/span><\/bdi><\/span> TTC )<\/small><\/span><\/span>\n<\/a><a href=\"\/en\/wp-json\/wp\/v2\/pages\/1290?add-to-cart=58300\" aria-describedby=\"woocommerce_loop_add_to_cart_link_describedby_58300\" data-quantity=\"1\" class=\"button product_type_simple add_to_cart_button ajax_add_to_cart\" data-product_id=\"58300\" data-product_sku=\"\" aria-label=\"Add to cart: &ldquo;Fauteuil de maquillage Alissa B&rdquo;\" rel=\"nofollow\" data-success_message=\"&ldquo;Fauteuil de maquillage Alissa B&rdquo; has been added to your cart\">Add to cart<\/a>\t<span id=\"woocommerce_loop_add_to_cart_link_describedby_58300\" class=\"screen-reader-text\">\n\t\t\t<\/span>\n<\/li>\n<li class=\"product type-product post-58269 status-publish instock product_cat-bac-de-lavage product_tag-bac-a-shampoing-massant product_tag-bac-a-shampoing-professionnel product_tag-meuble-pour-salon-de-coiffure product_tag-mobilier-de-coiffure-professionnel has-post-thumbnail sale taxable shipping-taxable purchasable product-type-simple\">\n\t<div class=\"wcpb-product-badges-badge wcpb-product-badges-badge-27848 wcpb-product-badges-badge-top-left\" style=\"width: 120px;margin: 10px\"><img decoding=\"async\" class=\"wcpb-product-badges-badge-img\" src=\"https:\/\/groupecoiff.com\/wp-content\/uploads\/2023\/09\/badge-promo-woocomerce-groupecoiff.png\" alt=\"Promo badge\"><\/div><a href=\"https:\/\/groupecoiff.com\/en\/produit\/bac-a-shampoing-massant-ines-noir\/\" class=\"woocommerce-LoopProduct-link woocommerce-loop-product__link\">\n\t\n\t<img loading=\"lazy\" decoding=\"async\" width=\"300\" height=\"300\" src=\"https:\/\/groupecoiff.com\/wp-content\/uploads\/2026\/09\/Bac-a-shampoing-massant-INES-Noir-1-300x300.webp\" class=\"attachment-woocommerce_thumbnail size-woocommerce_thumbnail\" alt=\"bac \u00e0 shampoing professionnel \u2013 fauteuil de lavage coiffure \u2013 bac coiffure massage \u2013 bac \u00e0 shampoing \u00e9lectrique \u2013 mobilier salon de coiffure haut de gamme \u2013 fauteuil shampoing beige \u2013 bac coiffure avec repose\u2011jambes \u00e9lectrique \u2013 station de lavage coiffure design \u2013 bac shampoing ergonomique \u2013 fauteuil de lavage avec vasque inclinable \u2013 bac coiffure confort client \u2013 fauteuil shampoing matelass\u00e9 \u2013 bac de lavage salon premium \u2013 mobilier coiffure moderne \u2013 bac shampoing avec massage \u2013 fauteuil shampoing relaxant \u2013 bac coiffure esth\u00e9tique beige \u2013 station shampoing luxe \u2013 bac de lavage pour salon professionnel\" srcset=\"https:\/\/groupecoiff.com\/wp-content\/uploads\/2026\/09\/Bac-a-shampoing-massant-INES-Noir-1-300x300.webp 300w, https:\/\/groupecoiff.com\/wp-content\/uploads\/2026\/09\/Bac-a-shampoing-massant-INES-Noir-1-150x150.webp 150w, https:\/\/groupecoiff.com\/wp-content\/uploads\/2026\/09\/Bac-a-shampoing-massant-INES-Noir-1-12x12.webp 12w, https:\/\/groupecoiff.com\/wp-content\/uploads\/2026\/09\/Bac-a-shampoing-massant-INES-Noir-1-250x250.webp 250w, https:\/\/groupecoiff.com\/wp-content\/uploads\/2026\/09\/Bac-a-shampoing-massant-INES-Noir-1-100x100.webp 100w, https:\/\/groupecoiff.com\/wp-content\/uploads\/2026\/09\/Bac-a-shampoing-massant-INES-Noir-1-64x64.webp 64w, https:\/\/groupecoiff.com\/wp-content\/uploads\/2026\/09\/Bac-a-shampoing-massant-INES-Noir-1.webp 650w\" sizes=\"(max-width: 300px) 100vw, 300px\" data-attachment-id=\"58245\" data-permalink=\"https:\/\/groupecoiff.com\/en\/?attachment_id=58245\" data-orig-file=\"https:\/\/groupecoiff.com\/wp-content\/uploads\/2026\/09\/Bac-a-shampoing-massant-INES-Noir-1.webp\" data-orig-size=\"650,650\" data-comments-opened=\"1\" data-image-meta=\"{&quot;aperture&quot;:&quot;0&quot;,&quot;credit&quot;:&quot;&quot;,&quot;camera&quot;:&quot;&quot;,&quot;caption&quot;:&quot;&quot;,&quot;created_timestamp&quot;:&quot;0&quot;,&quot;copyright&quot;:&quot;&quot;,&quot;focal_length&quot;:&quot;0&quot;,&quot;iso&quot;:&quot;0&quot;,&quot;shutter_speed&quot;:&quot;0&quot;,&quot;title&quot;:&quot;&quot;,&quot;orientation&quot;:&quot;0&quot;,&quot;alt&quot;:&quot;&quot;}\" data-image-title=\"Bac \u00e0 shampoing massant INES Noir (1)\" data-image-description=\"\" data-image-caption=\"\" data-large-file=\"https:\/\/groupecoiff.com\/wp-content\/uploads\/2026\/09\/Bac-a-shampoing-massant-INES-Noir-1.webp\" \/><h2 class=\"woocommerce-loop-product__title\">Bac \u00e0 shampoing massant INES Noir<\/h2>\n\t<span class=\"price\"><span class=\"prix-ht-ttc-wrapper\"><span class=\"prix-ht-nouveau\"><span class=\"woocommerce-Price-amount amount\"><bdi>1290,00&nbsp;<span class=\"woocommerce-Price-currencySymbol\" translate=\"no\">&euro;<\/span><\/bdi><\/span> HT<\/span> - <del class=\"prix-ht-ancien\"><span class=\"woocommerce-Price-amount amount\"><bdi>1390,00&nbsp;<span class=\"woocommerce-Price-currencySymbol\" translate=\"no\">&euro;<\/span><\/bdi><\/span> HT<\/del> <small class=\"prix-ttc\">( <span class=\"woocommerce-Price-amount amount\"><bdi>1548,00&nbsp;<span class=\"woocommerce-Price-currencySymbol\" translate=\"no\">&euro;<\/span><\/bdi><\/span> TTC )<\/small><\/span><\/span>\n<\/a><a href=\"\/en\/wp-json\/wp\/v2\/pages\/1290?add-to-cart=58269\" aria-describedby=\"woocommerce_loop_add_to_cart_link_describedby_58269\" data-quantity=\"1\" class=\"button product_type_simple add_to_cart_button ajax_add_to_cart\" data-product_id=\"58269\" data-product_sku=\"\" aria-label=\"Add to cart: &ldquo;Bac \u00e0 shampoing massant INES Noir&rdquo;\" rel=\"nofollow\" data-success_message=\"&ldquo;Bac \u00e0 shampoing massant INES Noir&rdquo; has been added to your cart\">Add to cart<\/a>\t<span id=\"woocommerce_loop_add_to_cart_link_describedby_58269\" class=\"screen-reader-text\">\n\t\t\t<\/span>\n<\/li>\n<li class=\"product type-product post-58223 status-publish last instock product_cat-bac-de-lavage product_tag-bac-a-shampoing-massant product_tag-bac-a-shampoing-professionnel product_tag-meuble-pour-salon-de-coiffure product_tag-mobilier-de-coiffure-professionnel has-post-thumbnail sale taxable shipping-taxable purchasable product-type-simple\">\n\t<div class=\"wcpb-product-badges-badge wcpb-product-badges-badge-27848 wcpb-product-badges-badge-top-left\" style=\"width: 120px;margin: 10px\"><img decoding=\"async\" class=\"wcpb-product-badges-badge-img\" src=\"https:\/\/groupecoiff.com\/wp-content\/uploads\/2023\/09\/badge-promo-woocomerce-groupecoiff.png\" alt=\"Promo badge\"><\/div><a href=\"https:\/\/groupecoiff.com\/en\/produit\/bac-a-shampoing-massant-ines-beige\/\" class=\"woocommerce-LoopProduct-link woocommerce-loop-product__link\">\n\t\n\t<img loading=\"lazy\" decoding=\"async\" width=\"300\" height=\"300\" src=\"https:\/\/groupecoiff.com\/wp-content\/uploads\/2026\/09\/Bac-a-shampoing-massant-INES-Beige-1-300x300.webp\" class=\"attachment-woocommerce_thumbnail size-woocommerce_thumbnail\" alt=\"bac \u00e0 shampoing professionnel \u2013 fauteuil de lavage coiffure \u2013 bac coiffure massage \u2013 bac \u00e0 shampoing \u00e9lectrique \u2013 mobilier salon de coiffure haut de gamme \u2013 fauteuil shampoing beige \u2013 bac coiffure avec repose\u2011jambes \u00e9lectrique \u2013 station de lavage coiffure design \u2013 bac shampoing ergonomique \u2013 fauteuil de lavage avec vasque inclinable \u2013 bac coiffure confort client \u2013 fauteuil shampoing matelass\u00e9 \u2013 bac de lavage salon premium \u2013 mobilier coiffure moderne \u2013 bac shampoing avec massage \u2013 fauteuil shampoing relaxant \u2013 bac coiffure esth\u00e9tique beige \u2013 station shampoing luxe \u2013 bac de lavage pour salon professionnel\" srcset=\"https:\/\/groupecoiff.com\/wp-content\/uploads\/2026\/09\/Bac-a-shampoing-massant-INES-Beige-1-300x300.webp 300w, https:\/\/groupecoiff.com\/wp-content\/uploads\/2026\/09\/Bac-a-shampoing-massant-INES-Beige-1-150x150.webp 150w, https:\/\/groupecoiff.com\/wp-content\/uploads\/2026\/09\/Bac-a-shampoing-massant-INES-Beige-1-12x12.webp 12w, https:\/\/groupecoiff.com\/wp-content\/uploads\/2026\/09\/Bac-a-shampoing-massant-INES-Beige-1-250x250.webp 250w, https:\/\/groupecoiff.com\/wp-content\/uploads\/2026\/09\/Bac-a-shampoing-massant-INES-Beige-1-100x100.webp 100w, https:\/\/groupecoiff.com\/wp-content\/uploads\/2026\/09\/Bac-a-shampoing-massant-INES-Beige-1-64x64.webp 64w, https:\/\/groupecoiff.com\/wp-content\/uploads\/2026\/09\/Bac-a-shampoing-massant-INES-Beige-1.webp 650w\" sizes=\"(max-width: 300px) 100vw, 300px\" data-attachment-id=\"58225\" data-permalink=\"https:\/\/groupecoiff.com\/en\/?attachment_id=58225\" data-orig-file=\"https:\/\/groupecoiff.com\/wp-content\/uploads\/2026\/09\/Bac-a-shampoing-massant-INES-Beige-1.webp\" data-orig-size=\"650,650\" data-comments-opened=\"1\" data-image-meta=\"{&quot;aperture&quot;:&quot;0&quot;,&quot;credit&quot;:&quot;&quot;,&quot;camera&quot;:&quot;&quot;,&quot;caption&quot;:&quot;&quot;,&quot;created_timestamp&quot;:&quot;0&quot;,&quot;copyright&quot;:&quot;&quot;,&quot;focal_length&quot;:&quot;0&quot;,&quot;iso&quot;:&quot;0&quot;,&quot;shutter_speed&quot;:&quot;0&quot;,&quot;title&quot;:&quot;&quot;,&quot;orientation&quot;:&quot;0&quot;,&quot;alt&quot;:&quot;&quot;}\" data-image-title=\"Bac \u00e0 shampoing massant INES Beige (1)\" data-image-description=\"\" data-image-caption=\"\" data-large-file=\"https:\/\/groupecoiff.com\/wp-content\/uploads\/2026\/09\/Bac-a-shampoing-massant-INES-Beige-1.webp\" \/><h2 class=\"woocommerce-loop-product__title\">Bac \u00e0 shampoing massant INES Beige<\/h2>\n\t<span class=\"price\"><span class=\"prix-ht-ttc-wrapper\"><span class=\"prix-ht-nouveau\"><span class=\"woocommerce-Price-amount amount\"><bdi>1290,00&nbsp;<span class=\"woocommerce-Price-currencySymbol\" translate=\"no\">&euro;<\/span><\/bdi><\/span> HT<\/span> - <del class=\"prix-ht-ancien\"><span class=\"woocommerce-Price-amount amount\"><bdi>1390,00&nbsp;<span class=\"woocommerce-Price-currencySymbol\" translate=\"no\">&euro;<\/span><\/bdi><\/span> HT<\/del> <small class=\"prix-ttc\">( <span class=\"woocommerce-Price-amount amount\"><bdi>1548,00&nbsp;<span class=\"woocommerce-Price-currencySymbol\" translate=\"no\">&euro;<\/span><\/bdi><\/span> TTC )<\/small><\/span><\/span>\n<\/a><a href=\"\/en\/wp-json\/wp\/v2\/pages\/1290?add-to-cart=58223\" aria-describedby=\"woocommerce_loop_add_to_cart_link_describedby_58223\" data-quantity=\"1\" class=\"button product_type_simple add_to_cart_button ajax_add_to_cart\" data-product_id=\"58223\" data-product_sku=\"\" aria-label=\"Add to cart: &ldquo;Bac \u00e0 shampoing massant INES Beige&rdquo;\" rel=\"nofollow\" data-success_message=\"&ldquo;Bac \u00e0 shampoing massant INES Beige&rdquo; has been added to your cart\">Add to cart<\/a>\t<span id=\"woocommerce_loop_add_to_cart_link_describedby_58223\" class=\"screen-reader-text\">\n\t\t\t<\/span>\n<\/li>\n<\/ul>\n<\/div><\/div>\n\t\t\t\t\t\t<\/div>\n\t\t\t\t\t<\/div>\n\t\t<\/div>\n\t\t\t\t\t<\/div>\n\t\t<\/section>\n\t\t\t\t<\/div>\n\t\t","protected":false},"excerpt":{"rendered":"<p>Physical address 6 Rue de Ris, 91170 Viry-Ch\u00e2tillon, France Email address contact@groupecoiff.com Phone number +33 6 76 95 16 05 Order cancellation Download the withdrawal form Send us a message Top rated See the shop<\/p>","protected":false},"author":2,"featured_media":0,"parent":0,"menu_order":0,"comment_status":"closed","ping_status":"closed","template":"elementor_header_footer","meta":{"googlesitekit_rrm_CAow0YCiDA:productID":"","footnotes":""},"class_list":["post-1290","page","type-page","status-publish","hentry"],"blocksy_meta":{"styles_descriptor":{"styles":{"desktop":"","tablet":"","mobile":""},"google_fonts":[],"version":8}},"yoast_head":"<!-- This site is optimized with the Yoast SEO Premium plugin v28.4 (Yoast SEO v28.4) - https:\/\/yoast.com\/product\/yoast-seo-premium-wordpress\/ -->\n<title>Contactez Groupe Coiff&#039; votre expert du mobilier Pro pour Coiffure &amp; Esth\u00e9tique<\/title>\n<meta name=\"robots\" content=\"index, follow, max-snippet:-1, max-image-preview:large, max-video-preview:-1\" \/>\n<link rel=\"canonical\" href=\"https:\/\/groupecoiff.com\/en\/contact-us\/\" \/>\n<meta property=\"og:locale\" content=\"en_US\" \/>\n<meta property=\"og:type\" content=\"article\" \/>\n<meta property=\"og:title\" content=\"Contact\" \/>\n<meta property=\"og:description\" content=\"Contact Adresse physique 6 Rue de Ris, 91170 Viry-Ch\u00e2tillon, France Adresse email contact@groupecoiff.com Num\u00e9ro de t\u00e9l\u00e9phones +33 6 76 95 16 05 Annulation de votre commande T\u00e9l\u00e9charger le formulaire de r\u00e9tractation Envoyez nous un message Les mieux not\u00e9s Voir le shop\" \/>\n<meta property=\"og:url\" content=\"https:\/\/groupecoiff.com\/en\/contact-us\/\" \/>\n<meta property=\"og:site_name\" content=\"Groupe Coiff\" \/>\n<meta property=\"article:publisher\" content=\"https:\/\/www.facebook.com\/GroupeCoiff\" \/>\n<meta property=\"article:modified_time\" content=\"2026-07-26T12:49:11+00:00\" \/>\n<meta property=\"og:image\" content=\"https:\/\/groupecoiff.com\/wp-content\/uploads\/2026\/07\/contact-hero-2@2x-1_1_11zon.webp\" \/>\n<meta name=\"twitter:card\" content=\"summary_large_image\" \/>\n<meta name=\"twitter:site\" content=\"@groupecoiff\" \/>\n<meta name=\"twitter:label1\" content=\"Est. reading time\" \/>\n\t<meta name=\"twitter:data1\" content=\"1 minute\" \/>\n<script type=\"application\/ld+json\" class=\"yoast-schema-graph\">{\"@context\":\"https:\\\/\\\/schema.org\",\"@graph\":[{\"@type\":\"WebPage\",\"@id\":\"https:\\\/\\\/groupecoiff.com\\\/contact-us\\\/\",\"url\":\"https:\\\/\\\/groupecoiff.com\\\/contact-us\\\/\",\"name\":\"Contactez Groupe Coiff' votre expert du mobilier Pro pour Coiffure & Esth\u00e9tique\",\"isPartOf\":{\"@id\":\"https:\\\/\\\/groupecoiff.com\\\/#website\"},\"primaryImageOfPage\":{\"@id\":\"https:\\\/\\\/groupecoiff.com\\\/contact-us\\\/#primaryimage\"},\"image\":{\"@id\":\"https:\\\/\\\/groupecoiff.com\\\/contact-us\\\/#primaryimage\"},\"thumbnailUrl\":\"https:\\\/\\\/groupecoiff.com\\\/wp-content\\\/uploads\\\/2026\\\/07\\\/contact-hero-2@2x-1_1_11zon.webp\",\"datePublished\":\"2021-12-22T14:27:24+00:00\",\"dateModified\":\"2026-07-26T12:49:11+00:00\",\"breadcrumb\":{\"@id\":\"https:\\\/\\\/groupecoiff.com\\\/contact-us\\\/#breadcrumb\"},\"inLanguage\":\"en-US\",\"potentialAction\":[{\"@type\":\"ReadAction\",\"target\":[\"https:\\\/\\\/groupecoiff.com\\\/contact-us\\\/\"]}]},{\"@type\":\"ImageObject\",\"inLanguage\":\"en-US\",\"@id\":\"https:\\\/\\\/groupecoiff.com\\\/contact-us\\\/#primaryimage\",\"url\":\"https:\\\/\\\/groupecoiff.com\\\/wp-content\\\/uploads\\\/2026\\\/07\\\/contact-hero-2@2x-1_1_11zon.webp\",\"contentUrl\":\"https:\\\/\\\/groupecoiff.com\\\/wp-content\\\/uploads\\\/2026\\\/07\\\/contact-hero-2@2x-1_1_11zon.webp\"},{\"@type\":\"BreadcrumbList\",\"@id\":\"https:\\\/\\\/groupecoiff.com\\\/contact-us\\\/#breadcrumb\",\"itemListElement\":[{\"@type\":\"ListItem\",\"position\":1,\"name\":\"Accueil\",\"item\":\"https:\\\/\\\/groupecoiff.com\\\/\"},{\"@type\":\"ListItem\",\"position\":2,\"name\":\"Contact\"}]},{\"@type\":\"WebSite\",\"@id\":\"https:\\\/\\\/groupecoiff.com\\\/#website\",\"url\":\"https:\\\/\\\/groupecoiff.com\\\/\",\"name\":\"Groupe Coiff\",\"description\":\"Tout pour la coiffure\",\"publisher\":{\"@id\":\"https:\\\/\\\/groupecoiff.com\\\/#organization\"},\"potentialAction\":[{\"@type\":\"SearchAction\",\"target\":{\"@type\":\"EntryPoint\",\"urlTemplate\":\"https:\\\/\\\/groupecoiff.com\\\/?s={search_term_string}\"},\"query-input\":{\"@type\":\"PropertyValueSpecification\",\"valueRequired\":true,\"valueName\":\"search_term_string\"}}],\"inLanguage\":\"en-US\"},{\"@type\":\"Organization\",\"@id\":\"https:\\\/\\\/groupecoiff.com\\\/#organization\",\"name\":\"Groupe Coiff\",\"alternateName\":\"Groupe Coiff : Le Mobilier De Coiffure Haut de Gamme Pour Une \u00c9l\u00e9gance In\u00e9gal\u00e9e\",\"url\":\"https:\\\/\\\/groupecoiff.com\\\/\",\"logo\":{\"@type\":\"ImageObject\",\"inLanguage\":\"en-US\",\"@id\":\"https:\\\/\\\/groupecoiff.com\\\/#\\\/schema\\\/logo\\\/image\\\/\",\"url\":\"https:\\\/\\\/groupecoiff.com\\\/wp-content\\\/uploads\\\/2024\\\/01\\\/cropped-Groupe-Coiff-Logo.webp\",\"contentUrl\":\"https:\\\/\\\/groupecoiff.com\\\/wp-content\\\/uploads\\\/2024\\\/01\\\/cropped-Groupe-Coiff-Logo.webp\",\"width\":512,\"height\":512,\"caption\":\"Groupe Coiff\"},\"image\":{\"@id\":\"https:\\\/\\\/groupecoiff.com\\\/#\\\/schema\\\/logo\\\/image\\\/\"},\"sameAs\":[\"https:\\\/\\\/www.facebook.com\\\/GroupeCoiff\",\"https:\\\/\\\/x.com\\\/groupecoiff\",\"https:\\\/\\\/www.instagram.com\\\/groupecoiff\\\/\",\"https:\\\/\\\/www.tiktok.com\\\/@groupecoiff\",\"https:\\\/\\\/www.youtube.com\\\/@groupecoiff\",\"https:\\\/\\\/twitter.com\\\/groupecoiff\",\"https:\\\/\\\/www.leboncoin.fr\\\/boutique\\\/3961302\\\/groupe_coiff.htm\"],\"description\":\"D\u00e9couvrez le mobilier de coiffure haut de gamme de Groupe Coiff, alliant \u00e9l\u00e9gance et fonctionnalit\u00e9 pour sublimer votre salon et satisfaire vos clients.\",\"email\":\"contact@groupecoiff.com\",\"telephone\":\"0676951605\",\"legalName\":\"Groupe Coiff\",\"foundingDate\":\"2022-11-16\",\"vatID\":\"FR84921406419\",\"taxID\":\"92140641900025\"}]}<\/script>\n<!-- \/ Yoast SEO Premium plugin. -->","yoast_head_json":{"title":"Contact Groupe Coiff' your Pro furniture expert for Coiffure &amp; Esth\u00e9tique","robots":{"index":"index","follow":"follow","max-snippet":"max-snippet:-1","max-image-preview":"max-image-preview:large","max-video-preview":"max-video-preview:-1"},"canonical":"https:\/\/groupecoiff.com\/en\/contact-us\/","og_locale":"en_US","og_type":"article","og_title":"Contact","og_description":"Contact Adresse physique 6 Rue de Ris, 91170 Viry-Ch\u00e2tillon, France Adresse email contact@groupecoiff.com Num\u00e9ro de t\u00e9l\u00e9phones +33 6 76 95 16 05 Annulation de votre commande T\u00e9l\u00e9charger le formulaire de r\u00e9tractation Envoyez nous un message Les mieux not\u00e9s Voir le shop","og_url":"https:\/\/groupecoiff.com\/en\/contact-us\/","og_site_name":"Groupe Coiff","article_publisher":"https:\/\/www.facebook.com\/GroupeCoiff","article_modified_time":"2026-07-26T12:49:11+00:00","og_image":[{"url":"https:\/\/groupecoiff.com\/wp-content\/uploads\/2026\/07\/contact-hero-2@2x-1_1_11zon.webp","type":"","width":"","height":""}],"twitter_card":"summary_large_image","twitter_site":"@groupecoiff","twitter_misc":{"Est. reading time":"1 minute"},"schema":{"@context":"https:\/\/schema.org","@graph":[{"@type":"WebPage","@id":"https:\/\/groupecoiff.com\/contact-us\/","url":"https:\/\/groupecoiff.com\/contact-us\/","name":"Contact Groupe Coiff' your Pro furniture expert for Coiffure &amp; Esth\u00e9tique","isPartOf":{"@id":"https:\/\/groupecoiff.com\/#website"},"primaryImageOfPage":{"@id":"https:\/\/groupecoiff.com\/contact-us\/#primaryimage"},"image":{"@id":"https:\/\/groupecoiff.com\/contact-us\/#primaryimage"},"thumbnailUrl":"https:\/\/groupecoiff.com\/wp-content\/uploads\/2026\/07\/contact-hero-2@2x-1_1_11zon.webp","datePublished":"2021-12-22T14:27:24+00:00","dateModified":"2026-07-26T12:49:11+00:00","breadcrumb":{"@id":"https:\/\/groupecoiff.com\/contact-us\/#breadcrumb"},"inLanguage":"en-US","potentialAction":[{"@type":"ReadAction","target":["https:\/\/groupecoiff.com\/contact-us\/"]}]},{"@type":"ImageObject","inLanguage":"en-US","@id":"https:\/\/groupecoiff.com\/contact-us\/#primaryimage","url":"https:\/\/groupecoiff.com\/wp-content\/uploads\/2026\/07\/contact-hero-2@2x-1_1_11zon.webp","contentUrl":"https:\/\/groupecoiff.com\/wp-content\/uploads\/2026\/07\/contact-hero-2@2x-1_1_11zon.webp"},{"@type":"BreadcrumbList","@id":"https:\/\/groupecoiff.com\/contact-us\/#breadcrumb","itemListElement":[{"@type":"ListItem","position":1,"name":"Accueil","item":"https:\/\/groupecoiff.com\/"},{"@type":"ListItem","position":2,"name":"Contact"}]},{"@type":"WebSite","@id":"https:\/\/groupecoiff.com\/#website","url":"https:\/\/groupecoiff.com\/","name":"Coiff Group","description":"Everything for the hairdresser","publisher":{"@id":"https:\/\/groupecoiff.com\/#organization"},"potentialAction":[{"@type":"SearchAction","target":{"@type":"EntryPoint","urlTemplate":"https:\/\/groupecoiff.com\/?s={search_term_string}"},"query-input":{"@type":"PropertyValueSpecification","valueRequired":true,"valueName":"search_term_string"}}],"inLanguage":"en-US"},{"@type":"Organization","@id":"https:\/\/groupecoiff.com\/#organization","name":"Coiff Group","alternateName":"Groupe Coiff : Le Mobilier De Coiffure Haut de Gamme Pour Une \u00c9l\u00e9gance In\u00e9gal\u00e9e","url":"https:\/\/groupecoiff.com\/","logo":{"@type":"ImageObject","inLanguage":"en-US","@id":"https:\/\/groupecoiff.com\/#\/schema\/logo\/image\/","url":"https:\/\/groupecoiff.com\/wp-content\/uploads\/2024\/01\/cropped-Groupe-Coiff-Logo.webp","contentUrl":"https:\/\/groupecoiff.com\/wp-content\/uploads\/2024\/01\/cropped-Groupe-Coiff-Logo.webp","width":512,"height":512,"caption":"Groupe Coiff"},"image":{"@id":"https:\/\/groupecoiff.com\/#\/schema\/logo\/image\/"},"sameAs":["https:\/\/www.facebook.com\/GroupeCoiff","https:\/\/x.com\/groupecoiff","https:\/\/www.instagram.com\/groupecoiff\/","https:\/\/www.tiktok.com\/@groupecoiff","https:\/\/www.youtube.com\/@groupecoiff","https:\/\/twitter.com\/groupecoiff","https:\/\/www.leboncoin.fr\/boutique\/3961302\/groupe_coiff.htm"],"description":"Discover Groupe Coiff's top-of-the-range hairdressing furniture, combining elegance and functionality to enhance your salon and satisfy your customers.","email":"contact@groupecoiff.com","telephone":"0676951605","legalName":"Groupe Coiff","foundingDate":"2022-11-16","vatID":"FR84921406419","taxID":"92140641900025"}]}},"jetpack_likes_enabled":true,"jetpack_shortlink":"https:\/\/wp.me\/PeKCQ7-kO","jetpack_sharing_enabled":true,"_links":{"self":[{"href":"https:\/\/groupecoiff.com\/en\/wp-json\/wp\/v2\/pages\/1290","targetHints":{"allow":["GET"]}}],"collection":[{"href":"https:\/\/groupecoiff.com\/en\/wp-json\/wp\/v2\/pages"}],"about":[{"href":"https:\/\/groupecoiff.com\/en\/wp-json\/wp\/v2\/types\/page"}],"author":[{"embeddable":true,"href":"https:\/\/groupecoiff.com\/en\/wp-json\/wp\/v2\/users\/2"}],"replies":[{"embeddable":true,"href":"https:\/\/groupecoiff.com\/en\/wp-json\/wp\/v2\/comments?post=1290"}],"version-history":[{"count":3,"href":"https:\/\/groupecoiff.com\/en\/wp-json\/wp\/v2\/pages\/1290\/revisions"}],"predecessor-version":[{"id":56607,"href":"https:\/\/groupecoiff.com\/en\/wp-json\/wp\/v2\/pages\/1290\/revisions\/56607"}],"wp:attachment":[{"href":"https:\/\/groupecoiff.com\/en\/wp-json\/wp\/v2\/media?parent=1290"}],"curies":[{"name":"wp","href":"https:\/\/api.w.org\/{rel}","templated":true}]}}