{"id":23485,"date":"2023-05-05T17:47:31","date_gmt":"2023-05-05T15:47:31","guid":{"rendered":"https:\/\/groupecoiff.com\/?page_id=23485"},"modified":"2025-10-24T22:46:00","modified_gmt":"2025-10-24T20:46:00","slug":"nos-actualites","status":"publish","type":"page","link":"https:\/\/groupecoiff.com\/en\/nos-actualites\/","title":{"rendered":"News"},"content":{"rendered":"<div data-elementor-type=\"wp-page\" data-elementor-id=\"23485\" class=\"elementor elementor-23485\" data-elementor-post-type=\"page\">\n\t\t\t\t\t\t<section class=\"elementor-section elementor-top-section elementor-element elementor-element-a330595 elementor-section-boxed elementor-section-height-default elementor-section-height-default\" data-id=\"a330595\" data-element_type=\"section\" data-e-type=\"section\">\n\t\t\t\t\t\t<div class=\"elementor-container elementor-column-gap-default\">\n\t\t\t\t\t<div class=\"elementor-column elementor-col-100 elementor-top-column elementor-element elementor-element-5cc7bafc\" data-id=\"5cc7bafc\" data-element_type=\"column\" data-e-type=\"column\">\n\t\t\t<div class=\"elementor-widget-wrap elementor-element-populated\">\n\t\t\t\t\t\t<div class=\"elementor-element elementor-element-1c8251ab elementor-widget__width-initial elementor-invisible elementor-widget elementor-widget-heading\" data-id=\"1c8251ab\" data-element_type=\"widget\" data-e-type=\"widget\" data-settings=\"{&quot;_animation_delay&quot;:2,&quot;_animation&quot;:&quot;fadeIn&quot;}\" data-widget_type=\"heading.default\">\n\t\t\t\t<div class=\"elementor-widget-container\">\n\t\t\t\t\t<h1 class=\"elementor-heading-title elementor-size-default\">The news <i>Groupe Coiff<\/i><\/h1>\t\t\t\t<\/div>\n\t\t\t\t<\/div>\n\t\t\t\t<div class=\"elementor-element elementor-element-3cedce6b elementor-widget__width-initial elementor-invisible elementor-widget elementor-widget-heading\" data-id=\"3cedce6b\" data-element_type=\"widget\" data-e-type=\"widget\" data-settings=\"{&quot;_animation&quot;:&quot;fadeIn&quot;,&quot;_animation_delay&quot;:200}\" data-widget_type=\"heading.default\">\n\t\t\t\t<div class=\"elementor-widget-container\">\n\t\t\t\t\t<p class=\"elementor-heading-title elementor-size-default\">Discover all our tips, advice and latest news. <br>\nStay on top of the latest trends and discover how our products can enhance your living room.<\/p>\t\t\t\t<\/div>\n\t\t\t\t<\/div>\n\t\t\t\t\t<\/div>\n\t\t<\/div>\n\t\t\t\t\t<\/div>\n\t\t<\/section>\n\t\t<div class=\"elementor-element elementor-element-dab976d e-con-full e-flex e-con e-parent\" data-id=\"dab976d\" data-element_type=\"container\" data-e-type=\"container\">\n\t\t\t\t<div class=\"elementor-element elementor-element-ab21923 premium-blog-align-left elementor-widget elementor-widget-premium-addon-blog\" data-id=\"ab21923\" data-element_type=\"widget\" data-e-type=\"widget\" data-settings=\"{&quot;force_height&quot;:&quot;true&quot;,&quot;premium_blog_columns_number&quot;:&quot;33.33%&quot;,&quot;filter_flag&quot;:&quot;cat&quot;,&quot;premium_blog_grid&quot;:&quot;yes&quot;,&quot;premium_blog_layout&quot;:&quot;even&quot;,&quot;premium_blog_columns_number_tablet&quot;:&quot;50%&quot;,&quot;premium_blog_columns_number_mobile&quot;:&quot;100%&quot;,&quot;scroll_to_offset&quot;:&quot;yes&quot;}\" data-widget_type=\"premium-addon-blog.default\">\n\t\t\t\t<div class=\"elementor-widget-container\">\n\t\t\t\t\t\n\t\t\t\t\t\t\t<div class=\"premium-blog-filter\">\n\t\t\t<ul class=\"premium-blog-filters-container\">\n\t\t\t\t\t\t\t\t\t<li>\n\t\t\t\t\t\t<a href=\"javascript:;\" class=\"category active\" data-filter=\"*\">\n\t\t\t\t\t\t\tAll\t\t\t\t\t\t<\/a>\n\t\t\t\t\t<\/li>\n\t\t\t\t\t\t\t\t\t\t\t\t\t\t<li>\n\t\t\t\t\t\t\t<a href=\"javascript:;\" class=\"category\" data-filter=\"autre\">\n\t\t\t\t\t\t\t\tOther\t\t\t\t\t\t\t<\/a>\n\t\t\t\t\t\t<\/li>\n\t\t\t\t\t\t\t\t\t\t<li>\n\t\t\t\t\t\t\t<a href=\"javascript:;\" class=\"category\" data-filter=\"enseigne-de-barbier\">\n\t\t\t\t\t\t\t\tBarber shop sign\t\t\t\t\t\t\t<\/a>\n\t\t\t\t\t\t<\/li>\n\t\t\t\t\t\t\t\t\t\t<li>\n\t\t\t\t\t\t\t<a href=\"javascript:;\" class=\"category\" data-filter=\"fauteuils-de-coiffure\">\n\t\t\t\t\t\t\t\tfauteuils de coiffure\t\t\t\t\t\t\t<\/a>\n\t\t\t\t\t\t<\/li>\n\t\t\t\t\t\t\t<\/ul>\n\t\t<\/div>\n\t\t\t\t\n\n\t\t\t\t<div class=\"premium-blog-wrap  premium-blog-even\" data-page=\"23485\">\n\t\t\t\t\t\t\t\t\t<div class=\"premium-blog-post-outer-container enseigne-de-barbier\" data-total=\"1\">\n\t\t\t<div class=\"premium-blog-post-container premium-blog-skin-modern\">\n\t\t\t\t\t\t\t\t\t<div class=\"premium-blog-thumb-effect-wrapper\">\n\t\t\t\t\t\t<div class=\"premium-blog-thumbnail-container premium-blog-sepia-effect\">\n\t\t\t\t\t\t\t\t\t\t\t<a href=\"https:\/\/groupecoiff.com\/en\/enseigne-de-barbier\/\" target=\"_blank\">\n\t\t\t\t<img loading=\"lazy\" decoding=\"async\" data-attachment-id=\"51927\" data-permalink=\"https:\/\/groupecoiff.com\/en\/enseigne-de-barbier\/barber-pool-enseigne\/\" data-orig-file=\"https:\/\/groupecoiff.com\/wp-content\/uploads\/2026\/04\/Barber-pool-enseigne.webp\" data-orig-size=\"850,583\" data-comments-opened=\"1\" data-image-meta=\"{&quot;aperture&quot;:&quot;0&quot;,&quot;credit&quot;:&quot;&quot;,&quot;camera&quot;:&quot;&quot;,&quot;caption&quot;:&quot;&quot;,&quot;created_timestamp&quot;:&quot;0&quot;,&quot;copyright&quot;:&quot;&quot;,&quot;focal_length&quot;:&quot;0&quot;,&quot;iso&quot;:&quot;0&quot;,&quot;shutter_speed&quot;:&quot;0&quot;,&quot;title&quot;:&quot;&quot;,&quot;orientation&quot;:&quot;0&quot;}\" data-image-title=\"Barber pool enseigne\" data-image-description=\"\" data-image-caption=\"\" data-large-file=\"https:\/\/groupecoiff.com\/wp-content\/uploads\/2026\/04\/Barber-pool-enseigne.webp\" width=\"850\" height=\"583\" src=\"https:\/\/groupecoiff.com\/wp-content\/uploads\/2026\/04\/Barber-pool-enseigne.webp\" class=\"attachment-large size-large wp-image-51927\" alt=\"Barber Shop Sign Ignace - Vintage Barber Shop Sign Ignace - professional barber equipment - Barber Shop Sign - Barber Pole Illuminated Sign\" srcset=\"https:\/\/groupecoiff.com\/wp-content\/uploads\/2026\/04\/Barber-pool-enseigne.webp 850w, https:\/\/groupecoiff.com\/wp-content\/uploads\/2026\/04\/Barber-pool-enseigne-300x206.webp 300w, https:\/\/groupecoiff.com\/wp-content\/uploads\/2026\/04\/Barber-pool-enseigne-768x527.webp 768w, https:\/\/groupecoiff.com\/wp-content\/uploads\/2026\/04\/Barber-pool-enseigne-18x12.webp 18w, https:\/\/groupecoiff.com\/wp-content\/uploads\/2026\/04\/Barber-pool-enseigne-250x171.webp 250w, https:\/\/groupecoiff.com\/wp-content\/uploads\/2026\/04\/Barber-pool-enseigne-64x44.webp 64w\" sizes=\"auto, (max-width: 850px) 100vw, 850px\" \/>\t\t\t\t<\/a>\n\t\t\t\t\t\t\t\t\t\t<\/div>\n\t\t\t\t\t\t\t\t\t\t\t\t\t<div class=\"premium-blog-effect-container premium-blog-framed-effect\">\n\t\t\t\t\t\t\t\t<a class=\"premium-blog-post-link\" href=\"https:\/\/groupecoiff.com\/en\/enseigne-de-barbier\/\" target=\"_blank\"><span>L\u2019Enseigne de Barbier : Entre H\u00e9ritage Sacr\u00e9 et R\u00e9volution du Design Contemporain<\/span><\/a>\n\t\t\t\t\t\t\t\t\t\t\t\t\t\t\t<\/div>\n\t\t\t\t\t\t\t\t\t\t\t<\/div>\n\t\t\t\t\t\t\t\t\t\t\t\t<div class=\"premium-blog-content-wrapper\">\n\n\t\t\t\t\t<div class=\"premium-blog-inner-container\">\n\n\t\t\t\t\t\t\t\t\t\t\t\t\t\t<h2 class=\"premium-blog-entry-title\">\n\t\t\t<a href=\"https:\/\/groupecoiff.com\/en\/enseigne-de-barbier\/\" target=\"_blank\">\n\t\t\t\tL\u2019Enseigne de Barbier : Entre H\u00e9ritage Sacr\u00e9 et R\u00e9volution du Design Contemporain\t\t\t<\/a>\n\t\t<\/h2>\n\t\t\t\t<div class=\"premium-blog-entry-meta\">\n\t\t\t\n\t\t\t\t\t\t\t<span class=\"premium-blog-meta-separator\">-<\/span>\n\t\t\t\t<div class=\"premium-blog-post-time premium-blog-meta-data\">\n\t\t\t\t\t<i class=\"fa fa-calendar-alt\" aria-hidden=\"true\"><\/i>\n\t\t\t\t\t<span>3 April 2026<\/span>\n\t\t\t\t<\/div>\n\t\t\t\n\t\t\t\t\t\t\t<span class=\"premium-blog-meta-separator\">-<\/span>\n\t\t\t\t<div class=\"premium-blog-post-categories premium-blog-meta-data\">\n\t\t\t\t\t<i class=\"fa fa-align-left fa-fw\" aria-hidden=\"true\"><\/i>\n\t\t\t\t\t<a href=\"https:\/\/groupecoiff.com\/en\/category\/enseigne-de-barbier\/\" rel=\"category tag\">Barber shop sign<\/a>\t\t\t\t<\/div>\n\t\t\t\n\t\t\t\t\t<\/div>\n\t\t\n\t\t\t\t\t<\/div>\n\n\t\t\t\t\t\t\t<div class=\"premium-blog-content-inner-wrapper\">\n\t\t<p class=\"premium-blog-post-content\">L&rsquo;enseigne de barbier est un \u00e9l\u00e9ment strat\u00e9gique incontournable pour votre salon. Ce cylindre lumineux en rotation attire l&rsquo;attention, renforce votre image de \u2026<\/p>\t\t<\/div>\n\t\t\t\t\t\t\t\n\t\t\t\t<\/div>\n\t\t\t<\/div>\n\t\t<\/div>\n\n\t\t\t\t<div class=\"premium-blog-post-outer-container fauteuils-de-coiffure\" data-total=\"1\">\n\t\t\t<div class=\"premium-blog-post-container premium-blog-skin-modern\">\n\t\t\t\t\t\t\t\t\t<div class=\"premium-blog-thumb-effect-wrapper\">\n\t\t\t\t\t\t<div class=\"premium-blog-thumbnail-container premium-blog-sepia-effect\">\n\t\t\t\t\t\t\t\t\t\t\t<a href=\"https:\/\/groupecoiff.com\/en\/guide-complet-pour-choisir-le-meilleur-fauteuil-de-coiffure-professionnel\/\" target=\"_blank\">\n\t\t\t\t<img loading=\"lazy\" decoding=\"async\" data-attachment-id=\"51934\" data-permalink=\"https:\/\/groupecoiff.com\/en\/guide-complet-pour-choisir-le-meilleur-fauteuil-de-coiffure-professionnel\/dolly_inspiracje_1\/\" data-orig-file=\"https:\/\/groupecoiff.com\/wp-content\/uploads\/2026\/01\/Dolly_inspiracje_1.webp\" data-orig-size=\"850,425\" data-comments-opened=\"1\" data-image-meta=\"{&quot;aperture&quot;:&quot;0&quot;,&quot;credit&quot;:&quot;&quot;,&quot;camera&quot;:&quot;&quot;,&quot;caption&quot;:&quot;&quot;,&quot;created_timestamp&quot;:&quot;0&quot;,&quot;copyright&quot;:&quot;&quot;,&quot;focal_length&quot;:&quot;0&quot;,&quot;iso&quot;:&quot;0&quot;,&quot;shutter_speed&quot;:&quot;0&quot;,&quot;title&quot;:&quot;&quot;,&quot;orientation&quot;:&quot;0&quot;}\" data-image-title=\"Dolly_inspiracje_1\" data-image-description=\"\" data-image-caption=\"\" data-large-file=\"https:\/\/groupecoiff.com\/wp-content\/uploads\/2026\/01\/Dolly_inspiracje_1.webp\" width=\"850\" height=\"425\" src=\"https:\/\/groupecoiff.com\/wp-content\/uploads\/2026\/01\/Dolly_inspiracje_1.webp\" class=\"attachment-large size-large wp-image-51934\" alt=\"Hairdressing chair - Hairdressing chair - professional hairdressing chair - furniture for hairdressing salon - furniture for hairdressing salon\" srcset=\"https:\/\/groupecoiff.com\/wp-content\/uploads\/2026\/01\/Dolly_inspiracje_1.webp 850w, https:\/\/groupecoiff.com\/wp-content\/uploads\/2026\/01\/Dolly_inspiracje_1-300x150.webp 300w, https:\/\/groupecoiff.com\/wp-content\/uploads\/2026\/01\/Dolly_inspiracje_1-768x384.webp 768w, https:\/\/groupecoiff.com\/wp-content\/uploads\/2026\/01\/Dolly_inspiracje_1-18x9.webp 18w, https:\/\/groupecoiff.com\/wp-content\/uploads\/2026\/01\/Dolly_inspiracje_1-250x125.webp 250w, https:\/\/groupecoiff.com\/wp-content\/uploads\/2026\/01\/Dolly_inspiracje_1-64x32.webp 64w\" sizes=\"auto, (max-width: 850px) 100vw, 850px\" \/>\t\t\t\t<\/a>\n\t\t\t\t\t\t\t\t\t\t<\/div>\n\t\t\t\t\t\t\t\t\t\t\t\t\t<div class=\"premium-blog-effect-container premium-blog-framed-effect\">\n\t\t\t\t\t\t\t\t<a class=\"premium-blog-post-link\" href=\"https:\/\/groupecoiff.com\/en\/guide-complet-pour-choisir-le-meilleur-fauteuil-de-coiffure-professionnel\/\" target=\"_blank\"><span>Guide complet pour choisir un fauteuil de coiffure haut de gamme pour salon et institut<\/span><\/a>\n\t\t\t\t\t\t\t\t\t\t\t\t\t\t\t<\/div>\n\t\t\t\t\t\t\t\t\t\t\t<\/div>\n\t\t\t\t\t\t\t\t\t\t\t\t<div class=\"premium-blog-content-wrapper\">\n\n\t\t\t\t\t<div class=\"premium-blog-inner-container\">\n\n\t\t\t\t\t\t\t\t\t\t\t\t\t\t<h2 class=\"premium-blog-entry-title\">\n\t\t\t<a href=\"https:\/\/groupecoiff.com\/en\/guide-complet-pour-choisir-le-meilleur-fauteuil-de-coiffure-professionnel\/\" target=\"_blank\">\n\t\t\t\tGuide complet pour choisir un fauteuil de coiffure haut de gamme pour salon et institut\t\t\t<\/a>\n\t\t<\/h2>\n\t\t\t\t<div class=\"premium-blog-entry-meta\">\n\t\t\t\n\t\t\t\t\t\t\t<span class=\"premium-blog-meta-separator\">-<\/span>\n\t\t\t\t<div class=\"premium-blog-post-time premium-blog-meta-data\">\n\t\t\t\t\t<i class=\"fa fa-calendar-alt\" aria-hidden=\"true\"><\/i>\n\t\t\t\t\t<span>29 January 2026<\/span>\n\t\t\t\t<\/div>\n\t\t\t\n\t\t\t\t\t\t\t<span class=\"premium-blog-meta-separator\">-<\/span>\n\t\t\t\t<div class=\"premium-blog-post-categories premium-blog-meta-data\">\n\t\t\t\t\t<i class=\"fa fa-align-left fa-fw\" aria-hidden=\"true\"><\/i>\n\t\t\t\t\t<a href=\"https:\/\/groupecoiff.com\/en\/category\/fauteuils-de-coiffure\/\" rel=\"category tag\">fauteuils de coiffure<\/a>\t\t\t\t<\/div>\n\t\t\t\n\t\t\t\t\t<\/div>\n\t\t\n\t\t\t\t\t<\/div>\n\n\t\t\t\t\t\t\t<div class=\"premium-blog-content-inner-wrapper\">\n\t\t<p class=\"premium-blog-post-content\">Le fauteuil de coiffure est l\u2019\u00e9l\u00e9ment central de tout salon de coiffure, barbershop ou institut de beaut\u00e9. Il influence directement le confort \u2026<\/p>\t\t<\/div>\n\t\t\t\t\t\t\t\n\t\t\t\t<\/div>\n\t\t\t<\/div>\n\t\t<\/div>\n\n\t\t\t\t<div class=\"premium-blog-post-outer-container autre\" data-total=\"1\">\n\t\t\t<div class=\"premium-blog-post-container premium-blog-skin-modern\">\n\t\t\t\t\t\t\t\t\t<div class=\"premium-blog-thumb-effect-wrapper\">\n\t\t\t\t\t\t<div class=\"premium-blog-thumbnail-container premium-blog-sepia-effect\">\n\t\t\t\t\t\t\t\t\t\t\t<a href=\"https:\/\/groupecoiff.com\/en\/gamme-lexus-mobilier-barbier-et-accueil-elegance-et-performance-pour-sublimer-votre-salon\/\" target=\"_blank\">\n\t\t\t\t<img loading=\"lazy\" decoding=\"async\" data-attachment-id=\"44636\" data-permalink=\"https:\/\/groupecoiff.com\/en\/?attachment_id=44636\" data-orig-file=\"https:\/\/groupecoiff.com\/wp-content\/uploads\/2024\/08\/BARBER-LEXUS.webp\" data-orig-size=\"800,800\" data-comments-opened=\"1\" data-image-meta=\"{&quot;aperture&quot;:&quot;0&quot;,&quot;credit&quot;:&quot;&quot;,&quot;camera&quot;:&quot;&quot;,&quot;caption&quot;:&quot;&quot;,&quot;created_timestamp&quot;:&quot;0&quot;,&quot;copyright&quot;:&quot;&quot;,&quot;focal_length&quot;:&quot;0&quot;,&quot;iso&quot;:&quot;0&quot;,&quot;shutter_speed&quot;:&quot;0&quot;,&quot;title&quot;:&quot;&quot;,&quot;orientation&quot;:&quot;0&quot;}\" data-image-title=\"BARBER LEXUS\" data-image-description=\"\" data-image-caption=\"\" data-large-file=\"https:\/\/groupecoiff.com\/wp-content\/uploads\/2024\/08\/BARBER-LEXUS.webp\" width=\"800\" height=\"800\" src=\"https:\/\/groupecoiff.com\/wp-content\/uploads\/2024\/08\/BARBER-LEXUS.webp\" class=\"attachment-large size-large wp-image-44636\" alt=\"Poste de coiffage barbier LEXUS - coiffeuse barbier LEXUS - poste de coiffure professionnel - mobilier de barbier professionnel - meuble pour salon de coiffure\" srcset=\"https:\/\/groupecoiff.com\/wp-content\/uploads\/2024\/08\/BARBER-LEXUS.webp 800w, https:\/\/groupecoiff.com\/wp-content\/uploads\/2024\/08\/BARBER-LEXUS-300x300.webp 300w, https:\/\/groupecoiff.com\/wp-content\/uploads\/2024\/08\/BARBER-LEXUS-150x150.webp 150w, https:\/\/groupecoiff.com\/wp-content\/uploads\/2024\/08\/BARBER-LEXUS-768x768.webp 768w, https:\/\/groupecoiff.com\/wp-content\/uploads\/2024\/08\/BARBER-LEXUS-12x12.webp 12w, https:\/\/groupecoiff.com\/wp-content\/uploads\/2024\/08\/BARBER-LEXUS-250x250.webp 250w, https:\/\/groupecoiff.com\/wp-content\/uploads\/2024\/08\/BARBER-LEXUS-100x100.webp 100w, https:\/\/groupecoiff.com\/wp-content\/uploads\/2024\/08\/BARBER-LEXUS-64x64.webp 64w\" sizes=\"auto, (max-width: 800px) 100vw, 800px\" \/>\t\t\t\t<\/a>\n\t\t\t\t\t\t\t\t\t\t<\/div>\n\t\t\t\t\t\t\t\t\t\t\t\t\t<div class=\"premium-blog-effect-container premium-blog-framed-effect\">\n\t\t\t\t\t\t\t\t<a class=\"premium-blog-post-link\" href=\"https:\/\/groupecoiff.com\/en\/gamme-lexus-mobilier-barbier-et-accueil-elegance-et-performance-pour-sublimer-votre-salon\/\" target=\"_blank\"><span>LEXUS Range: Barber and reception furniture, elegance and performance to enhance your salon<\/span><\/a>\n\t\t\t\t\t\t\t\t\t\t\t\t\t\t\t<\/div>\n\t\t\t\t\t\t\t\t\t\t\t<\/div>\n\t\t\t\t\t\t\t\t\t\t\t\t<div class=\"premium-blog-content-wrapper\">\n\n\t\t\t\t\t<div class=\"premium-blog-inner-container\">\n\n\t\t\t\t\t\t\t\t\t\t\t\t\t\t<h2 class=\"premium-blog-entry-title\">\n\t\t\t<a href=\"https:\/\/groupecoiff.com\/en\/gamme-lexus-mobilier-barbier-et-accueil-elegance-et-performance-pour-sublimer-votre-salon\/\" target=\"_blank\">\n\t\t\t\tLEXUS Range: Barber and reception furniture, elegance and performance to enhance your salon\t\t\t<\/a>\n\t\t<\/h2>\n\t\t\t\t<div class=\"premium-blog-entry-meta\">\n\t\t\t\n\t\t\t\t\t\t\t<span class=\"premium-blog-meta-separator\">-<\/span>\n\t\t\t\t<div class=\"premium-blog-post-time premium-blog-meta-data\">\n\t\t\t\t\t<i class=\"fa fa-calendar-alt\" aria-hidden=\"true\"><\/i>\n\t\t\t\t\t<span>3 October 2025<\/span>\n\t\t\t\t<\/div>\n\t\t\t\n\t\t\t\t\t\t\t<span class=\"premium-blog-meta-separator\">-<\/span>\n\t\t\t\t<div class=\"premium-blog-post-categories premium-blog-meta-data\">\n\t\t\t\t\t<i class=\"fa fa-align-left fa-fw\" aria-hidden=\"true\"><\/i>\n\t\t\t\t\t<a href=\"https:\/\/groupecoiff.com\/en\/category\/autre\/\" rel=\"category tag\">Other<\/a>\t\t\t\t<\/div>\n\t\t\t\n\t\t\t\t\t<\/div>\n\t\t\n\t\t\t\t\t<\/div>\n\n\t\t\t\t\t\t\t<div class=\"premium-blog-content-inner-wrapper\">\n\t\t<p class=\"premium-blog-post-content\">In a barbershop or hair salon, the furniture immediately reflects the level of professionalism and style of your establishment....<\/p>\t\t<\/div>\n\t\t\t\t\t\t\t\n\t\t\t\t<\/div>\n\t\t\t<\/div>\n\t\t<\/div>\n\n\t\t\t\t<div class=\"premium-blog-post-outer-container autre\" data-total=\"1\">\n\t\t\t<div class=\"premium-blog-post-container premium-blog-skin-modern\">\n\t\t\t\t\t\t\t\t\t<div class=\"premium-blog-thumb-effect-wrapper\">\n\t\t\t\t\t\t<div class=\"premium-blog-thumbnail-container premium-blog-sepia-effect\">\n\t\t\t\t\t\t\t\t\t\t\t<a href=\"https:\/\/groupecoiff.com\/en\/gamme-obsession-mobilier-de-coiffure-haut-de-gamme-pour-salons-et-instituts-de-beaute\/\" target=\"_blank\">\n\t\t\t\t<img loading=\"lazy\" decoding=\"async\" data-attachment-id=\"44793\" data-permalink=\"https:\/\/groupecoiff.com\/en\/?attachment_id=44793\" data-orig-file=\"https:\/\/groupecoiff.com\/wp-content\/uploads\/2025\/02\/Obssesion.webp\" data-orig-size=\"1200,848\" data-comments-opened=\"1\" data-image-meta=\"{&quot;aperture&quot;:&quot;0&quot;,&quot;credit&quot;:&quot;&quot;,&quot;camera&quot;:&quot;&quot;,&quot;caption&quot;:&quot;&quot;,&quot;created_timestamp&quot;:&quot;0&quot;,&quot;copyright&quot;:&quot;&quot;,&quot;focal_length&quot;:&quot;0&quot;,&quot;iso&quot;:&quot;0&quot;,&quot;shutter_speed&quot;:&quot;0&quot;,&quot;title&quot;:&quot;&quot;,&quot;orientation&quot;:&quot;0&quot;}\" data-image-title=\"Obssesion\" data-image-description=\"\" data-image-caption=\"\" data-large-file=\"https:\/\/groupecoiff.com\/wp-content\/uploads\/2025\/02\/Obssesion-1024x724.webp\" width=\"1024\" height=\"724\" src=\"https:\/\/groupecoiff.com\/wp-content\/uploads\/2025\/02\/Obssesion-1024x724.webp\" class=\"attachment-large size-large wp-image-44793\" alt=\"meuble pour salon de coiffure - mobilier de coiffure professionnel - groupe coiff - gamme obsession\" srcset=\"https:\/\/groupecoiff.com\/wp-content\/uploads\/2025\/02\/Obssesion-1024x724.webp 1024w, https:\/\/groupecoiff.com\/wp-content\/uploads\/2025\/02\/Obssesion-300x212.webp 300w, https:\/\/groupecoiff.com\/wp-content\/uploads\/2025\/02\/Obssesion-768x543.webp 768w, https:\/\/groupecoiff.com\/wp-content\/uploads\/2025\/02\/Obssesion-18x12.webp 18w, https:\/\/groupecoiff.com\/wp-content\/uploads\/2025\/02\/Obssesion-250x177.webp 250w, https:\/\/groupecoiff.com\/wp-content\/uploads\/2025\/02\/Obssesion-64x45.webp 64w, https:\/\/groupecoiff.com\/wp-content\/uploads\/2025\/02\/Obssesion.webp 1200w\" sizes=\"auto, (max-width: 1024px) 100vw, 1024px\" \/>\t\t\t\t<\/a>\n\t\t\t\t\t\t\t\t\t\t<\/div>\n\t\t\t\t\t\t\t\t\t\t\t\t\t<div class=\"premium-blog-effect-container premium-blog-framed-effect\">\n\t\t\t\t\t\t\t\t<a class=\"premium-blog-post-link\" href=\"https:\/\/groupecoiff.com\/en\/gamme-obsession-mobilier-de-coiffure-haut-de-gamme-pour-salons-et-instituts-de-beaute\/\" target=\"_blank\"><span>OBSESSION Range: High-end hair salon furniture for salons and beauty institutes<\/span><\/a>\n\t\t\t\t\t\t\t\t\t\t\t\t\t\t\t<\/div>\n\t\t\t\t\t\t\t\t\t\t\t<\/div>\n\t\t\t\t\t\t\t\t\t\t\t\t<div class=\"premium-blog-content-wrapper\">\n\n\t\t\t\t\t<div class=\"premium-blog-inner-container\">\n\n\t\t\t\t\t\t\t\t\t\t\t\t\t\t<h2 class=\"premium-blog-entry-title\">\n\t\t\t<a href=\"https:\/\/groupecoiff.com\/en\/gamme-obsession-mobilier-de-coiffure-haut-de-gamme-pour-salons-et-instituts-de-beaute\/\" target=\"_blank\">\n\t\t\t\tOBSESSION Range: High-end hair salon furniture for salons and beauty institutes\t\t\t<\/a>\n\t\t<\/h2>\n\t\t\t\t<div class=\"premium-blog-entry-meta\">\n\t\t\t\n\t\t\t\t\t\t\t<span class=\"premium-blog-meta-separator\">-<\/span>\n\t\t\t\t<div class=\"premium-blog-post-time premium-blog-meta-data\">\n\t\t\t\t\t<i class=\"fa fa-calendar-alt\" aria-hidden=\"true\"><\/i>\n\t\t\t\t\t<span>24 September 2025<\/span>\n\t\t\t\t<\/div>\n\t\t\t\n\t\t\t\t\t\t\t<span class=\"premium-blog-meta-separator\">-<\/span>\n\t\t\t\t<div class=\"premium-blog-post-categories premium-blog-meta-data\">\n\t\t\t\t\t<i class=\"fa fa-align-left fa-fw\" aria-hidden=\"true\"><\/i>\n\t\t\t\t\t<a href=\"https:\/\/groupecoiff.com\/en\/category\/autre\/\" rel=\"category tag\">Other<\/a>\t\t\t\t<\/div>\n\t\t\t\n\t\t\t\t\t<\/div>\n\t\t\n\t\t\t\t\t<\/div>\n\n\t\t\t\t\t\t\t<div class=\"premium-blog-content-inner-wrapper\">\n\t\t<p class=\"premium-blog-post-content\">In a hair salon or beauty institute, furniture is no longer limited to its function. It reflects the identity\u2026<\/p>\t\t<\/div>\n\t\t\t\t\t\t\t\n\t\t\t\t<\/div>\n\t\t\t<\/div>\n\t\t<\/div>\n\n\t\t\t\t<div class=\"premium-blog-post-outer-container autre\" data-total=\"1\">\n\t\t\t<div class=\"premium-blog-post-container premium-blog-skin-modern\">\n\t\t\t\t\t\t\t\t\t<div class=\"premium-blog-thumb-effect-wrapper\">\n\t\t\t\t\t\t<div class=\"premium-blog-thumbnail-container premium-blog-sepia-effect\">\n\t\t\t\t\t\t\t\t\t\t\t<a href=\"https:\/\/groupecoiff.com\/en\/revolutionnez-votre-salon-linvestissement-strategique-dans-un-bac-a-shampoing-professionnel\/\" target=\"_blank\">\n\t\t\t\t<img loading=\"lazy\" decoding=\"async\" data-attachment-id=\"42629\" data-permalink=\"https:\/\/groupecoiff.com\/en\/revolutionnez-votre-salon-linvestissement-strategique-dans-un-bac-a-shampoing-professionnel\/dolly_groupe-coiff\/\" data-orig-file=\"https:\/\/groupecoiff.com\/wp-content\/uploads\/2025\/06\/Dolly_Groupe-coiff.webp\" data-orig-size=\"1200,626\" data-comments-opened=\"1\" data-image-meta=\"{&quot;aperture&quot;:&quot;0&quot;,&quot;credit&quot;:&quot;&quot;,&quot;camera&quot;:&quot;&quot;,&quot;caption&quot;:&quot;&quot;,&quot;created_timestamp&quot;:&quot;0&quot;,&quot;copyright&quot;:&quot;&quot;,&quot;focal_length&quot;:&quot;0&quot;,&quot;iso&quot;:&quot;0&quot;,&quot;shutter_speed&quot;:&quot;0&quot;,&quot;title&quot;:&quot;&quot;,&quot;orientation&quot;:&quot;0&quot;}\" data-image-title=\"R\u00e9volutionnez votre salon : l&amp;rsquo;investissement strat\u00e9gique dans un bac \u00e0 shampoing professionnel groupe coiff\" data-image-description=\"&lt;p&gt;Dolly groupe coiff&lt;\/p&gt;\" data-image-caption=\"&lt;p&gt;Dolly groupe coiff&lt;\/p&gt;\" data-large-file=\"https:\/\/groupecoiff.com\/wp-content\/uploads\/2025\/06\/Dolly_Groupe-coiff-1024x534.webp\" width=\"1024\" height=\"534\" src=\"https:\/\/groupecoiff.com\/wp-content\/uploads\/2025\/06\/Dolly_Groupe-coiff-1024x534.webp\" class=\"attachment-large size-large wp-image-42629\" alt=\"Revolutionize your salon: the strategic investment in a groupe coiff professional shampoo unit\" srcset=\"https:\/\/groupecoiff.com\/wp-content\/uploads\/2025\/06\/Dolly_Groupe-coiff-1024x534.webp 1024w, https:\/\/groupecoiff.com\/wp-content\/uploads\/2025\/06\/Dolly_Groupe-coiff-300x157.webp 300w, https:\/\/groupecoiff.com\/wp-content\/uploads\/2025\/06\/Dolly_Groupe-coiff-768x401.webp 768w, https:\/\/groupecoiff.com\/wp-content\/uploads\/2025\/06\/Dolly_Groupe-coiff-18x9.webp 18w, https:\/\/groupecoiff.com\/wp-content\/uploads\/2025\/06\/Dolly_Groupe-coiff-250x130.webp 250w, https:\/\/groupecoiff.com\/wp-content\/uploads\/2025\/06\/Dolly_Groupe-coiff-64x33.webp 64w, https:\/\/groupecoiff.com\/wp-content\/uploads\/2025\/06\/Dolly_Groupe-coiff.webp 1200w\" sizes=\"auto, (max-width: 1024px) 100vw, 1024px\" \/>\t\t\t\t<\/a>\n\t\t\t\t\t\t\t\t\t\t<\/div>\n\t\t\t\t\t\t\t\t\t\t\t\t\t<div class=\"premium-blog-effect-container premium-blog-framed-effect\">\n\t\t\t\t\t\t\t\t<a class=\"premium-blog-post-link\" href=\"https:\/\/groupecoiff.com\/en\/revolutionnez-votre-salon-linvestissement-strategique-dans-un-bac-a-shampoing-professionnel\/\" target=\"_blank\"><span>Revolutionize Your Salon: The Strategic Investment in a Professional Shampoo Basin<\/span><\/a>\n\t\t\t\t\t\t\t\t\t\t\t\t\t\t\t<\/div>\n\t\t\t\t\t\t\t\t\t\t\t<\/div>\n\t\t\t\t\t\t\t\t\t\t\t\t<div class=\"premium-blog-content-wrapper\">\n\n\t\t\t\t\t<div class=\"premium-blog-inner-container\">\n\n\t\t\t\t\t\t\t\t\t\t\t\t\t\t<h2 class=\"premium-blog-entry-title\">\n\t\t\t<a href=\"https:\/\/groupecoiff.com\/en\/revolutionnez-votre-salon-linvestissement-strategique-dans-un-bac-a-shampoing-professionnel\/\" target=\"_blank\">\n\t\t\t\tRevolutionize Your Salon: The Strategic Investment in a Professional Shampoo Basin\t\t\t<\/a>\n\t\t<\/h2>\n\t\t\t\t<div class=\"premium-blog-entry-meta\">\n\t\t\t\n\t\t\t\t\t\t\t<span class=\"premium-blog-meta-separator\">-<\/span>\n\t\t\t\t<div class=\"premium-blog-post-time premium-blog-meta-data\">\n\t\t\t\t\t<i class=\"fa fa-calendar-alt\" aria-hidden=\"true\"><\/i>\n\t\t\t\t\t<span>23 June 2025<\/span>\n\t\t\t\t<\/div>\n\t\t\t\n\t\t\t\t\t\t\t<span class=\"premium-blog-meta-separator\">-<\/span>\n\t\t\t\t<div class=\"premium-blog-post-categories premium-blog-meta-data\">\n\t\t\t\t\t<i class=\"fa fa-align-left fa-fw\" aria-hidden=\"true\"><\/i>\n\t\t\t\t\t<a href=\"https:\/\/groupecoiff.com\/en\/category\/autre\/\" rel=\"category tag\">Other<\/a>\t\t\t\t<\/div>\n\t\t\t\n\t\t\t\t\t<\/div>\n\t\t\n\t\t\t\t\t<\/div>\n\n\t\t\t\t\t\t\t<div class=\"premium-blog-content-inner-wrapper\">\n\t\t<p class=\"premium-blog-post-content\">In the competitive world of hair salons and beauty institutes, every detail matters to stand out. The wash basin for\u2026<\/p>\t\t<\/div>\n\t\t\t\t\t\t\t\n\t\t\t\t<\/div>\n\t\t\t<\/div>\n\t\t<\/div>\n\n\t\t\t\t<div class=\"premium-blog-post-outer-container autre\" data-total=\"1\">\n\t\t\t<div class=\"premium-blog-post-container premium-blog-skin-modern\">\n\t\t\t\t\t\t\t\t\t<div class=\"premium-blog-thumb-effect-wrapper\">\n\t\t\t\t\t\t<div class=\"premium-blog-thumbnail-container premium-blog-sepia-effect\">\n\t\t\t\t\t\t\t\t\t\t\t<a href=\"https:\/\/groupecoiff.com\/en\/fauteuils-de-coiffure-pour-enfant-lallie-des-salons-de-coiffure-accueillants\/\" target=\"_blank\">\n\t\t\t\t<img loading=\"lazy\" decoding=\"async\" data-attachment-id=\"38079\" data-permalink=\"https:\/\/groupecoiff.com\/en\/fauteuils-de-coiffure-pour-enfant-lallie-des-salons-de-coiffure-accueillants\/16df19f5-e8de-4020-8e8a-73803de2ee53\/\" data-orig-file=\"https:\/\/groupecoiff.com\/wp-content\/uploads\/2025\/02\/16df19f5-e8de-4020-8e8a-73803de2ee53.webp\" data-orig-size=\"1152,866\" data-comments-opened=\"1\" data-image-meta=\"{&quot;aperture&quot;:&quot;0&quot;,&quot;credit&quot;:&quot;&quot;,&quot;camera&quot;:&quot;&quot;,&quot;caption&quot;:&quot;&quot;,&quot;created_timestamp&quot;:&quot;0&quot;,&quot;copyright&quot;:&quot;&quot;,&quot;focal_length&quot;:&quot;0&quot;,&quot;iso&quot;:&quot;0&quot;,&quot;shutter_speed&quot;:&quot;0&quot;,&quot;title&quot;:&quot;&quot;,&quot;orientation&quot;:&quot;0&quot;}\" data-image-title=\"Fauteuils de coiffure pour enfant : l\u2019alli\u00e9 des salons de coiffure accueillants\" data-image-description=\"&lt;p&gt;16df19f5 e8de 4020 8e8a 73803de2ee53&lt;\/p&gt;\" data-image-caption=\"&lt;p&gt;16df19f5 e8de 4020 8e8a 73803de2ee53&lt;\/p&gt;\" data-large-file=\"https:\/\/groupecoiff.com\/wp-content\/uploads\/2025\/02\/16df19f5-e8de-4020-8e8a-73803de2ee53-1024x770.webp\" width=\"1024\" height=\"770\" src=\"https:\/\/groupecoiff.com\/wp-content\/uploads\/2025\/02\/16df19f5-e8de-4020-8e8a-73803de2ee53-1024x770.webp\" class=\"attachment-large size-large wp-image-38079\" alt=\"Children&#039;s styling chairs: the ally of welcoming salons\" srcset=\"https:\/\/groupecoiff.com\/wp-content\/uploads\/2025\/02\/16df19f5-e8de-4020-8e8a-73803de2ee53-1024x770.webp 1024w, https:\/\/groupecoiff.com\/wp-content\/uploads\/2025\/02\/16df19f5-e8de-4020-8e8a-73803de2ee53-300x226.webp 300w, https:\/\/groupecoiff.com\/wp-content\/uploads\/2025\/02\/16df19f5-e8de-4020-8e8a-73803de2ee53-768x577.webp 768w, https:\/\/groupecoiff.com\/wp-content\/uploads\/2025\/02\/16df19f5-e8de-4020-8e8a-73803de2ee53-16x12.webp 16w, https:\/\/groupecoiff.com\/wp-content\/uploads\/2025\/02\/16df19f5-e8de-4020-8e8a-73803de2ee53-250x188.webp 250w, https:\/\/groupecoiff.com\/wp-content\/uploads\/2025\/02\/16df19f5-e8de-4020-8e8a-73803de2ee53-64x48.webp 64w, https:\/\/groupecoiff.com\/wp-content\/uploads\/2025\/02\/16df19f5-e8de-4020-8e8a-73803de2ee53.webp 1152w\" sizes=\"auto, (max-width: 1024px) 100vw, 1024px\" \/>\t\t\t\t<\/a>\n\t\t\t\t\t\t\t\t\t\t<\/div>\n\t\t\t\t\t\t\t\t\t\t\t\t\t<div class=\"premium-blog-effect-container premium-blog-framed-effect\">\n\t\t\t\t\t\t\t\t<a class=\"premium-blog-post-link\" href=\"https:\/\/groupecoiff.com\/en\/fauteuils-de-coiffure-pour-enfant-lallie-des-salons-de-coiffure-accueillants\/\" target=\"_blank\"><span>Children's styling chairs: the ally of welcoming salons<\/span><\/a>\n\t\t\t\t\t\t\t\t\t\t\t\t\t\t\t<\/div>\n\t\t\t\t\t\t\t\t\t\t\t<\/div>\n\t\t\t\t\t\t\t\t\t\t\t\t<div class=\"premium-blog-content-wrapper\">\n\n\t\t\t\t\t<div class=\"premium-blog-inner-container\">\n\n\t\t\t\t\t\t\t\t\t\t\t\t\t\t<h2 class=\"premium-blog-entry-title\">\n\t\t\t<a href=\"https:\/\/groupecoiff.com\/en\/fauteuils-de-coiffure-pour-enfant-lallie-des-salons-de-coiffure-accueillants\/\" target=\"_blank\">\n\t\t\t\tChildren's styling chairs: the ally of welcoming salons\t\t\t<\/a>\n\t\t<\/h2>\n\t\t\t\t<div class=\"premium-blog-entry-meta\">\n\t\t\t\n\t\t\t\t\t\t\t<span class=\"premium-blog-meta-separator\">-<\/span>\n\t\t\t\t<div class=\"premium-blog-post-time premium-blog-meta-data\">\n\t\t\t\t\t<i class=\"fa fa-calendar-alt\" aria-hidden=\"true\"><\/i>\n\t\t\t\t\t<span>8 February 2025<\/span>\n\t\t\t\t<\/div>\n\t\t\t\n\t\t\t\t\t\t\t<span class=\"premium-blog-meta-separator\">-<\/span>\n\t\t\t\t<div class=\"premium-blog-post-categories premium-blog-meta-data\">\n\t\t\t\t\t<i class=\"fa fa-align-left fa-fw\" aria-hidden=\"true\"><\/i>\n\t\t\t\t\t<a href=\"https:\/\/groupecoiff.com\/en\/category\/autre\/\" rel=\"category tag\">Other<\/a>\t\t\t\t<\/div>\n\t\t\t\n\t\t\t\t\t<\/div>\n\t\t\n\t\t\t\t\t<\/div>\n\n\t\t\t\t\t\t\t<div class=\"premium-blog-content-inner-wrapper\">\n\t\t<p class=\"premium-blog-post-content\">In a hairdressing salon, the customer experience is paramount, and that includes the younger ones. A haircut can sometimes ...<\/p>\t\t<\/div>\n\t\t\t\t\t\t\t\n\t\t\t\t<\/div>\n\t\t\t<\/div>\n\t\t<\/div>\n\n\t\t\t\t<div class=\"premium-blog-post-outer-container autre\" data-total=\"1\">\n\t\t\t<div class=\"premium-blog-post-container premium-blog-skin-modern\">\n\t\t\t\t\t\t\t\t\t<div class=\"premium-blog-thumb-effect-wrapper\">\n\t\t\t\t\t\t<div class=\"premium-blog-thumbnail-container premium-blog-sepia-effect\">\n\t\t\t\t\t\t\t\t\t\t\t<a href=\"https:\/\/groupecoiff.com\/en\/head-spa-lexperience-de-bien-etre-qui-revolutionne-les-soins-capillaires\/\" target=\"_blank\">\n\t\t\t\t<img loading=\"lazy\" decoding=\"async\" data-attachment-id=\"36324\" data-permalink=\"https:\/\/groupecoiff.com\/en\/head-spa-lexperience-de-bien-etre-qui-revolutionne-les-soins-capillaires\/head-spa-lexperience-de-bien-etre-qui-revolutionne-les-soins-capillaires-1\/\" data-orig-file=\"https:\/\/groupecoiff.com\/wp-content\/uploads\/2024\/11\/Head-SPA-Lexperience-de-Bien-Etre-qui-Revolutionne-les-Soins-Capillaires-1-scaled.jpg\" data-orig-size=\"1920,1096\" data-comments-opened=\"1\" data-image-meta=\"{&quot;aperture&quot;:&quot;0&quot;,&quot;credit&quot;:&quot;&quot;,&quot;camera&quot;:&quot;&quot;,&quot;caption&quot;:&quot;&quot;,&quot;created_timestamp&quot;:&quot;0&quot;,&quot;copyright&quot;:&quot;&quot;,&quot;focal_length&quot;:&quot;0&quot;,&quot;iso&quot;:&quot;0&quot;,&quot;shutter_speed&quot;:&quot;0&quot;,&quot;title&quot;:&quot;&quot;,&quot;orientation&quot;:&quot;0&quot;}\" data-image-title=\"Head spa : l&amp;rsquo;exp\u00e9rience de bien-\u00catre qui r\u00e9volutionne les soins capillaires\" data-image-description=\"&lt;p&gt;Head spa l&amp;rsquo;exp\u00e9rience de bien \u00catre qui r\u00e9volutionne les soins capillaires (1)&lt;\/p&gt;\" data-image-caption=\"&lt;p&gt;Head spa l&amp;rsquo;exp\u00e9rience de bien \u00catre qui r\u00e9volutionne les soins capillaires (1)&lt;\/p&gt;\" data-large-file=\"https:\/\/groupecoiff.com\/wp-content\/uploads\/2024\/11\/Head-SPA-Lexperience-de-Bien-Etre-qui-Revolutionne-les-Soins-Capillaires-1-scaled-1024x585.jpg\" width=\"1024\" height=\"585\" src=\"https:\/\/groupecoiff.com\/wp-content\/uploads\/2024\/11\/Head-SPA-Lexperience-de-Bien-Etre-qui-Revolutionne-les-Soins-Capillaires-1-scaled-1024x585.jpg\" class=\"attachment-large size-large wp-image-36324\" alt=\"Head spa - head spa table - head spa bed - spa aesthetic furniture - head spa basin - beauty spa institute - hair salon\" srcset=\"https:\/\/groupecoiff.com\/wp-content\/uploads\/2024\/11\/Head-SPA-Lexperience-de-Bien-Etre-qui-Revolutionne-les-Soins-Capillaires-1-scaled-1024x585.jpg 1024w, https:\/\/groupecoiff.com\/wp-content\/uploads\/2024\/11\/Head-SPA-Lexperience-de-Bien-Etre-qui-Revolutionne-les-Soins-Capillaires-1-scaled-300x171.jpg 300w, https:\/\/groupecoiff.com\/wp-content\/uploads\/2024\/11\/Head-SPA-Lexperience-de-Bien-Etre-qui-Revolutionne-les-Soins-Capillaires-1-scaled-768x438.jpg 768w, https:\/\/groupecoiff.com\/wp-content\/uploads\/2024\/11\/Head-SPA-Lexperience-de-Bien-Etre-qui-Revolutionne-les-Soins-Capillaires-1-scaled-1536x877.jpg 1536w, https:\/\/groupecoiff.com\/wp-content\/uploads\/2024\/11\/Head-SPA-Lexperience-de-Bien-Etre-qui-Revolutionne-les-Soins-Capillaires-1-scaled-18x10.jpg 18w, https:\/\/groupecoiff.com\/wp-content\/uploads\/2024\/11\/Head-SPA-Lexperience-de-Bien-Etre-qui-Revolutionne-les-Soins-Capillaires-1-scaled-250x143.jpg 250w, https:\/\/groupecoiff.com\/wp-content\/uploads\/2024\/11\/Head-SPA-Lexperience-de-Bien-Etre-qui-Revolutionne-les-Soins-Capillaires-1-scaled-64x37.jpg 64w, https:\/\/groupecoiff.com\/wp-content\/uploads\/2024\/11\/Head-SPA-Lexperience-de-Bien-Etre-qui-Revolutionne-les-Soins-Capillaires-1-scaled.jpg 1920w\" sizes=\"auto, (max-width: 1024px) 100vw, 1024px\" \/>\t\t\t\t<\/a>\n\t\t\t\t\t\t\t\t\t\t<\/div>\n\t\t\t\t\t\t\t\t\t\t\t\t\t<div class=\"premium-blog-effect-container premium-blog-framed-effect\">\n\t\t\t\t\t\t\t\t<a class=\"premium-blog-post-link\" href=\"https:\/\/groupecoiff.com\/en\/head-spa-lexperience-de-bien-etre-qui-revolutionne-les-soins-capillaires\/\" target=\"_blank\"><span>Head SPA: The Wellness Experience Revolutionizing Hair Care<\/span><\/a>\n\t\t\t\t\t\t\t\t\t\t\t\t\t\t\t<\/div>\n\t\t\t\t\t\t\t\t\t\t\t<\/div>\n\t\t\t\t\t\t\t\t\t\t\t\t<div class=\"premium-blog-content-wrapper\">\n\n\t\t\t\t\t<div class=\"premium-blog-inner-container\">\n\n\t\t\t\t\t\t\t\t\t\t\t\t\t\t<h2 class=\"premium-blog-entry-title\">\n\t\t\t<a href=\"https:\/\/groupecoiff.com\/en\/head-spa-lexperience-de-bien-etre-qui-revolutionne-les-soins-capillaires\/\" target=\"_blank\">\n\t\t\t\tHead SPA: The Wellness Experience Revolutionizing Hair Care\t\t\t<\/a>\n\t\t<\/h2>\n\t\t\t\t<div class=\"premium-blog-entry-meta\">\n\t\t\t\n\t\t\t\t\t\t\t<span class=\"premium-blog-meta-separator\">-<\/span>\n\t\t\t\t<div class=\"premium-blog-post-time premium-blog-meta-data\">\n\t\t\t\t\t<i class=\"fa fa-calendar-alt\" aria-hidden=\"true\"><\/i>\n\t\t\t\t\t<span>November 16, 2024<\/span>\n\t\t\t\t<\/div>\n\t\t\t\n\t\t\t\t\t\t\t<span class=\"premium-blog-meta-separator\">-<\/span>\n\t\t\t\t<div class=\"premium-blog-post-categories premium-blog-meta-data\">\n\t\t\t\t\t<i class=\"fa fa-align-left fa-fw\" aria-hidden=\"true\"><\/i>\n\t\t\t\t\t<a href=\"https:\/\/groupecoiff.com\/en\/category\/autre\/\" rel=\"category tag\">Other<\/a>\t\t\t\t<\/div>\n\t\t\t\n\t\t\t\t\t<\/div>\n\t\t\n\t\t\t\t\t<\/div>\n\n\t\t\t\t\t\t\t<div class=\"premium-blog-content-inner-wrapper\">\n\t\t<p class=\"premium-blog-post-content\">The Head SPA is much more than just a hair treatment: it's a true immersion in the art of well-being and ...<\/p>\t\t<\/div>\n\t\t\t\t\t\t\t\n\t\t\t\t<\/div>\n\t\t\t<\/div>\n\t\t<\/div>\n\n\t\t\t\t<div class=\"premium-blog-post-outer-container autre\" data-total=\"1\">\n\t\t\t<div class=\"premium-blog-post-container premium-blog-skin-modern\">\n\t\t\t\t\t\t\t\t\t<div class=\"premium-blog-thumb-effect-wrapper\">\n\t\t\t\t\t\t<div class=\"premium-blog-thumbnail-container premium-blog-sepia-effect\">\n\t\t\t\t\t\t\t\t\t\t\t<a href=\"https:\/\/groupecoiff.com\/en\/comment-remplacer-la-pompe-hydraulique-dun-fauteuil-de-coiffure-guide-complet\/\" target=\"_blank\">\n\t\t\t\t<img loading=\"lazy\" decoding=\"async\" data-attachment-id=\"34549\" data-permalink=\"https:\/\/groupecoiff.com\/en\/comment-remplacer-la-pompe-hydraulique-dun-fauteuil-de-coiffure-guide-complet\/pompe-hydraulique-01-7\/\" data-orig-file=\"https:\/\/groupecoiff.com\/wp-content\/uploads\/2024\/08\/Pompe-Hydraulique-01-7.webp\" data-orig-size=\"1080,1080\" data-comments-opened=\"1\" data-image-meta=\"{&quot;aperture&quot;:&quot;0&quot;,&quot;credit&quot;:&quot;&quot;,&quot;camera&quot;:&quot;&quot;,&quot;caption&quot;:&quot;&quot;,&quot;created_timestamp&quot;:&quot;0&quot;,&quot;copyright&quot;:&quot;&quot;,&quot;focal_length&quot;:&quot;0&quot;,&quot;iso&quot;:&quot;0&quot;,&quot;shutter_speed&quot;:&quot;0&quot;,&quot;title&quot;:&quot;&quot;,&quot;orientation&quot;:&quot;0&quot;}\" data-image-title=\"Pompe Hydraulique 01 (7)\" data-image-description=\"\" data-image-caption=\"\" data-large-file=\"https:\/\/groupecoiff.com\/wp-content\/uploads\/2024\/08\/Pompe-Hydraulique-01-7-1024x1024.webp\" width=\"1024\" height=\"1024\" src=\"https:\/\/groupecoiff.com\/wp-content\/uploads\/2024\/08\/Pompe-Hydraulique-01-7-1024x1024.webp\" class=\"attachment-large size-large wp-image-34549\" alt=\"Hydraulic Pump - barber chairs - barber chairs - barber chairs - professional styling furniture\" srcset=\"https:\/\/groupecoiff.com\/wp-content\/uploads\/2024\/08\/Pompe-Hydraulique-01-7-1024x1024.webp 1024w, https:\/\/groupecoiff.com\/wp-content\/uploads\/2024\/08\/Pompe-Hydraulique-01-7-300x300.webp 300w, https:\/\/groupecoiff.com\/wp-content\/uploads\/2024\/08\/Pompe-Hydraulique-01-7-150x150.webp 150w, https:\/\/groupecoiff.com\/wp-content\/uploads\/2024\/08\/Pompe-Hydraulique-01-7-768x768.webp 768w, https:\/\/groupecoiff.com\/wp-content\/uploads\/2024\/08\/Pompe-Hydraulique-01-7-12x12.webp 12w, https:\/\/groupecoiff.com\/wp-content\/uploads\/2024\/08\/Pompe-Hydraulique-01-7-250x250.webp 250w, https:\/\/groupecoiff.com\/wp-content\/uploads\/2024\/08\/Pompe-Hydraulique-01-7-100x100.webp 100w, https:\/\/groupecoiff.com\/wp-content\/uploads\/2024\/08\/Pompe-Hydraulique-01-7-64x64.webp 64w, https:\/\/groupecoiff.com\/wp-content\/uploads\/2024\/08\/Pompe-Hydraulique-01-7.webp 1080w\" sizes=\"auto, (max-width: 1024px) 100vw, 1024px\" \/>\t\t\t\t<\/a>\n\t\t\t\t\t\t\t\t\t\t<\/div>\n\t\t\t\t\t\t\t\t\t\t\t\t\t<div class=\"premium-blog-effect-container premium-blog-framed-effect\">\n\t\t\t\t\t\t\t\t<a class=\"premium-blog-post-link\" href=\"https:\/\/groupecoiff.com\/en\/comment-remplacer-la-pompe-hydraulique-dun-fauteuil-de-coiffure-guide-complet\/\" target=\"_blank\"><span>How to Replace the Hydraulic Pump on a Hairdressing Chair : Complete Guide<\/span><\/a>\n\t\t\t\t\t\t\t\t\t\t\t\t\t\t\t<\/div>\n\t\t\t\t\t\t\t\t\t\t\t<\/div>\n\t\t\t\t\t\t\t\t\t\t\t\t<div class=\"premium-blog-content-wrapper\">\n\n\t\t\t\t\t<div class=\"premium-blog-inner-container\">\n\n\t\t\t\t\t\t\t\t\t\t\t\t\t\t<h2 class=\"premium-blog-entry-title\">\n\t\t\t<a href=\"https:\/\/groupecoiff.com\/en\/comment-remplacer-la-pompe-hydraulique-dun-fauteuil-de-coiffure-guide-complet\/\" target=\"_blank\">\n\t\t\t\tHow to Replace the Hydraulic Pump on a Hairdressing Chair : Complete Guide\t\t\t<\/a>\n\t\t<\/h2>\n\t\t\t\t<div class=\"premium-blog-entry-meta\">\n\t\t\t\n\t\t\t\t\t\t\t<span class=\"premium-blog-meta-separator\">-<\/span>\n\t\t\t\t<div class=\"premium-blog-post-time premium-blog-meta-data\">\n\t\t\t\t\t<i class=\"fa fa-calendar-alt\" aria-hidden=\"true\"><\/i>\n\t\t\t\t\t<span>August 18, 2024<\/span>\n\t\t\t\t<\/div>\n\t\t\t\n\t\t\t\t\t\t\t<span class=\"premium-blog-meta-separator\">-<\/span>\n\t\t\t\t<div class=\"premium-blog-post-categories premium-blog-meta-data\">\n\t\t\t\t\t<i class=\"fa fa-align-left fa-fw\" aria-hidden=\"true\"><\/i>\n\t\t\t\t\t<a href=\"https:\/\/groupecoiff.com\/en\/category\/autre\/\" rel=\"category tag\">Other<\/a>\t\t\t\t<\/div>\n\t\t\t\n\t\t\t\t\t<\/div>\n\t\t\n\t\t\t\t\t<\/div>\n\n\t\t\t\t\t\t\t<div class=\"premium-blog-content-inner-wrapper\">\n\t\t<p class=\"premium-blog-post-content\">Replacing the hydraulic pump on a styling chair may seem complex, but with the right instructions, the task becomes easy. As ...<\/p>\t\t<\/div>\n\t\t\t\t\t\t\t\n\t\t\t\t<\/div>\n\t\t\t<\/div>\n\t\t<\/div>\n\n\t\t\t\t<div class=\"premium-blog-post-outer-container autre\" data-total=\"1\">\n\t\t\t<div class=\"premium-blog-post-container premium-blog-skin-modern\">\n\t\t\t\t\t\t\t\t\t<div class=\"premium-blog-thumb-effect-wrapper\">\n\t\t\t\t\t\t<div class=\"premium-blog-thumbnail-container premium-blog-sepia-effect\">\n\t\t\t\t\t\t\t\t\t\t\t<a href=\"https:\/\/groupecoiff.com\/en\/salon-de-coiffure-pour-femme\/\" target=\"_blank\">\n\t\t\t\t<img loading=\"lazy\" decoding=\"async\" data-attachment-id=\"34505\" data-permalink=\"https:\/\/groupecoiff.com\/en\/salon-de-coiffure-pour-femme\/salon-de-coiffure-pour-femme-4\/\" data-orig-file=\"https:\/\/groupecoiff.com\/wp-content\/uploads\/2024\/08\/Salon-de-Coiffure-pour-Femme-4.webp\" data-orig-size=\"1024,1024\" data-comments-opened=\"1\" data-image-meta=\"{&quot;aperture&quot;:&quot;0&quot;,&quot;credit&quot;:&quot;&quot;,&quot;camera&quot;:&quot;&quot;,&quot;caption&quot;:&quot;&quot;,&quot;created_timestamp&quot;:&quot;0&quot;,&quot;copyright&quot;:&quot;&quot;,&quot;focal_length&quot;:&quot;0&quot;,&quot;iso&quot;:&quot;0&quot;,&quot;shutter_speed&quot;:&quot;0&quot;,&quot;title&quot;:&quot;&quot;,&quot;orientation&quot;:&quot;0&quot;}\" data-image-title=\"Salon de Coiffure pour Femme (4)\" data-image-description=\"\" data-image-caption=\"\" data-large-file=\"https:\/\/groupecoiff.com\/wp-content\/uploads\/2024\/08\/Salon-de-Coiffure-pour-Femme-4.webp\" width=\"1024\" height=\"1024\" src=\"https:\/\/groupecoiff.com\/wp-content\/uploads\/2024\/08\/Salon-de-Coiffure-pour-Femme-4.webp\" class=\"attachment-large size-large wp-image-34505\" alt=\"Salon de Coiffure pour Femme - professional hairdressing furniture - furniture for hairdressing salon - hairdressing chair for woman - furniture for hairdressing salon - Furniture Salon de Coiffure - Furniture And Equipment For Hairdressing Salons - wholesale hairdressing furniture -\" srcset=\"https:\/\/groupecoiff.com\/wp-content\/uploads\/2024\/08\/Salon-de-Coiffure-pour-Femme-4.webp 1024w, https:\/\/groupecoiff.com\/wp-content\/uploads\/2024\/08\/Salon-de-Coiffure-pour-Femme-4-300x300.webp 300w, https:\/\/groupecoiff.com\/wp-content\/uploads\/2024\/08\/Salon-de-Coiffure-pour-Femme-4-150x150.webp 150w, https:\/\/groupecoiff.com\/wp-content\/uploads\/2024\/08\/Salon-de-Coiffure-pour-Femme-4-768x768.webp 768w, https:\/\/groupecoiff.com\/wp-content\/uploads\/2024\/08\/Salon-de-Coiffure-pour-Femme-4-12x12.webp 12w, https:\/\/groupecoiff.com\/wp-content\/uploads\/2024\/08\/Salon-de-Coiffure-pour-Femme-4-250x250.webp 250w, https:\/\/groupecoiff.com\/wp-content\/uploads\/2024\/08\/Salon-de-Coiffure-pour-Femme-4-100x100.webp 100w, https:\/\/groupecoiff.com\/wp-content\/uploads\/2024\/08\/Salon-de-Coiffure-pour-Femme-4-64x64.webp 64w\" sizes=\"auto, (max-width: 1024px) 100vw, 1024px\" \/>\t\t\t\t<\/a>\n\t\t\t\t\t\t\t\t\t\t<\/div>\n\t\t\t\t\t\t\t\t\t\t\t\t\t<div class=\"premium-blog-effect-container premium-blog-framed-effect\">\n\t\t\t\t\t\t\t\t<a class=\"premium-blog-post-link\" href=\"https:\/\/groupecoiff.com\/en\/salon-de-coiffure-pour-femme\/\" target=\"_blank\"><span>The Secrets of a Successful Women's Hair Salon<\/span><\/a>\n\t\t\t\t\t\t\t\t\t\t\t\t\t\t\t<\/div>\n\t\t\t\t\t\t\t\t\t\t\t<\/div>\n\t\t\t\t\t\t\t\t\t\t\t\t<div class=\"premium-blog-content-wrapper\">\n\n\t\t\t\t\t<div class=\"premium-blog-inner-container\">\n\n\t\t\t\t\t\t\t\t\t\t\t\t\t\t<h2 class=\"premium-blog-entry-title\">\n\t\t\t<a href=\"https:\/\/groupecoiff.com\/en\/salon-de-coiffure-pour-femme\/\" target=\"_blank\">\n\t\t\t\tThe Secrets of a Successful Women's Hair Salon\t\t\t<\/a>\n\t\t<\/h2>\n\t\t\t\t<div class=\"premium-blog-entry-meta\">\n\t\t\t\n\t\t\t\t\t\t\t<span class=\"premium-blog-meta-separator\">-<\/span>\n\t\t\t\t<div class=\"premium-blog-post-time premium-blog-meta-data\">\n\t\t\t\t\t<i class=\"fa fa-calendar-alt\" aria-hidden=\"true\"><\/i>\n\t\t\t\t\t<span>August 15, 2024<\/span>\n\t\t\t\t<\/div>\n\t\t\t\n\t\t\t\t\t\t\t<span class=\"premium-blog-meta-separator\">-<\/span>\n\t\t\t\t<div class=\"premium-blog-post-categories premium-blog-meta-data\">\n\t\t\t\t\t<i class=\"fa fa-align-left fa-fw\" aria-hidden=\"true\"><\/i>\n\t\t\t\t\t<a href=\"https:\/\/groupecoiff.com\/en\/category\/autre\/\" rel=\"category tag\">Other<\/a>\t\t\t\t<\/div>\n\t\t\t\n\t\t\t\t\t<\/div>\n\t\t\n\t\t\t\t\t<\/div>\n\n\t\t\t\t\t\t\t<div class=\"premium-blog-content-inner-wrapper\">\n\t\t<p class=\"premium-blog-post-content\">Welcome to the fascinating world of women's hair salons. What are the secrets behind these places where every woman hopes to leave\u2026<\/p>\t\t<\/div>\n\t\t\t\t\t\t\t\n\t\t\t\t<\/div>\n\t\t\t<\/div>\n\t\t<\/div>\n\n\t\t\t\t<div class=\"premium-blog-post-outer-container autre\" data-total=\"1\">\n\t\t\t<div class=\"premium-blog-post-container premium-blog-skin-modern\">\n\t\t\t\t\t\t\t\t\t<div class=\"premium-blog-thumb-effect-wrapper\">\n\t\t\t\t\t\t<div class=\"premium-blog-thumbnail-container premium-blog-sepia-effect\">\n\t\t\t\t\t\t\t\t\t\t\t<a href=\"https:\/\/groupecoiff.com\/en\/mobilier-professionnel-pour-salon-de-coiffure\/\" target=\"_blank\">\n\t\t\t\t<img loading=\"lazy\" decoding=\"async\" data-attachment-id=\"34365\" data-permalink=\"https:\/\/groupecoiff.com\/en\/mobilier-professionnel-pour-salon-de-coiffure\/mobilier-de-coiffure-professionnel-6\/\" data-orig-file=\"https:\/\/groupecoiff.com\/wp-content\/uploads\/2024\/08\/Mobilier-de-Coiffure-Professionnel-6.webp\" data-orig-size=\"1024,1024\" data-comments-opened=\"1\" data-image-meta=\"{&quot;aperture&quot;:&quot;0&quot;,&quot;credit&quot;:&quot;&quot;,&quot;camera&quot;:&quot;&quot;,&quot;caption&quot;:&quot;&quot;,&quot;created_timestamp&quot;:&quot;0&quot;,&quot;copyright&quot;:&quot;&quot;,&quot;focal_length&quot;:&quot;0&quot;,&quot;iso&quot;:&quot;0&quot;,&quot;shutter_speed&quot;:&quot;0&quot;,&quot;title&quot;:&quot;&quot;,&quot;orientation&quot;:&quot;0&quot;}\" data-image-title=\"Mobilier de Coiffure Professionnel (6)\" data-image-description=\"\" data-image-caption=\"\" data-large-file=\"https:\/\/groupecoiff.com\/wp-content\/uploads\/2024\/08\/Mobilier-de-Coiffure-Professionnel-6.webp\" width=\"1024\" height=\"1024\" src=\"https:\/\/groupecoiff.com\/wp-content\/uploads\/2024\/08\/Mobilier-de-Coiffure-Professionnel-6.webp\" class=\"attachment-large size-large wp-image-34365\" alt=\"Mobilier Professionnel pour Salon de Coiffure - Mobilier de Coiffure Professionnel - fauteuil de coiffure - fauteuil de barbier - poste de coiffage barbier - coiffeuse barbier - bac \u00e0 shampoing professionnel - bac de lavage - comptoir d&#039;accueil - barbershop - salon de coiffure - fauteuil barbier - chaise barbier - chaise de coiffure - chaise de barbier - canap\u00e9 d&#039;attente - canap\u00e9 de salle d&#039;attente - comptoir caisse salon de coiffure - groupe coiff\" srcset=\"https:\/\/groupecoiff.com\/wp-content\/uploads\/2024\/08\/Mobilier-de-Coiffure-Professionnel-6.webp 1024w, https:\/\/groupecoiff.com\/wp-content\/uploads\/2024\/08\/Mobilier-de-Coiffure-Professionnel-6-300x300.webp 300w, https:\/\/groupecoiff.com\/wp-content\/uploads\/2024\/08\/Mobilier-de-Coiffure-Professionnel-6-150x150.webp 150w, https:\/\/groupecoiff.com\/wp-content\/uploads\/2024\/08\/Mobilier-de-Coiffure-Professionnel-6-768x768.webp 768w, https:\/\/groupecoiff.com\/wp-content\/uploads\/2024\/08\/Mobilier-de-Coiffure-Professionnel-6-12x12.webp 12w, https:\/\/groupecoiff.com\/wp-content\/uploads\/2024\/08\/Mobilier-de-Coiffure-Professionnel-6-250x250.webp 250w, https:\/\/groupecoiff.com\/wp-content\/uploads\/2024\/08\/Mobilier-de-Coiffure-Professionnel-6-100x100.webp 100w, https:\/\/groupecoiff.com\/wp-content\/uploads\/2024\/08\/Mobilier-de-Coiffure-Professionnel-6-64x64.webp 64w\" sizes=\"auto, (max-width: 1024px) 100vw, 1024px\" \/>\t\t\t\t<\/a>\n\t\t\t\t\t\t\t\t\t\t<\/div>\n\t\t\t\t\t\t\t\t\t\t\t\t\t<div class=\"premium-blog-effect-container premium-blog-framed-effect\">\n\t\t\t\t\t\t\t\t<a class=\"premium-blog-post-link\" href=\"https:\/\/groupecoiff.com\/en\/mobilier-professionnel-pour-salon-de-coiffure\/\" target=\"_blank\"><span>Professional Hair Salon Furniture: Excellence with Groupe Coiff<\/span><\/a>\n\t\t\t\t\t\t\t\t\t\t\t\t\t\t\t<\/div>\n\t\t\t\t\t\t\t\t\t\t\t<\/div>\n\t\t\t\t\t\t\t\t\t\t\t\t<div class=\"premium-blog-content-wrapper\">\n\n\t\t\t\t\t<div class=\"premium-blog-inner-container\">\n\n\t\t\t\t\t\t\t\t\t\t\t\t\t\t<h2 class=\"premium-blog-entry-title\">\n\t\t\t<a href=\"https:\/\/groupecoiff.com\/en\/mobilier-professionnel-pour-salon-de-coiffure\/\" target=\"_blank\">\n\t\t\t\tProfessional Hair Salon Furniture: Excellence with Groupe Coiff\t\t\t<\/a>\n\t\t<\/h2>\n\t\t\t\t<div class=\"premium-blog-entry-meta\">\n\t\t\t\n\t\t\t\t\t\t\t<span class=\"premium-blog-meta-separator\">-<\/span>\n\t\t\t\t<div class=\"premium-blog-post-time premium-blog-meta-data\">\n\t\t\t\t\t<i class=\"fa fa-calendar-alt\" aria-hidden=\"true\"><\/i>\n\t\t\t\t\t<span>2 August 2024<\/span>\n\t\t\t\t<\/div>\n\t\t\t\n\t\t\t\t\t\t\t<span class=\"premium-blog-meta-separator\">-<\/span>\n\t\t\t\t<div class=\"premium-blog-post-categories premium-blog-meta-data\">\n\t\t\t\t\t<i class=\"fa fa-align-left fa-fw\" aria-hidden=\"true\"><\/i>\n\t\t\t\t\t<a href=\"https:\/\/groupecoiff.com\/en\/category\/autre\/\" rel=\"category tag\">Other<\/a>\t\t\t\t<\/div>\n\t\t\t\n\t\t\t\t\t<\/div>\n\t\t\n\t\t\t\t\t<\/div>\n\n\t\t\t\t\t\t\t<div class=\"premium-blog-content-inner-wrapper\">\n\t\t<p class=\"premium-blog-post-content\">At Groupe Coiff, we are committed to providing professional furniture for hair salons. Whether you are an experienced hairdresser or \u2026<\/p>\t\t<\/div>\n\t\t\t\t\t\t\t\n\t\t\t\t<\/div>\n\t\t\t<\/div>\n\t\t<\/div>\n\n\t\t\t\t<div class=\"premium-blog-post-outer-container autre\" data-total=\"1\">\n\t\t\t<div class=\"premium-blog-post-container premium-blog-skin-modern\">\n\t\t\t\t\t\t\t\t\t<div class=\"premium-blog-thumb-effect-wrapper\">\n\t\t\t\t\t\t<div class=\"premium-blog-thumbnail-container premium-blog-sepia-effect\">\n\t\t\t\t\t\t\t\t\t\t\t<a href=\"https:\/\/groupecoiff.com\/en\/decouvrez-lexcellence-des-instituts-de-beaute-et-spa-modernes\/\" target=\"_blank\">\n\t\t\t\t<img loading=\"lazy\" decoding=\"async\" data-attachment-id=\"34304\" data-permalink=\"https:\/\/groupecoiff.com\/en\/decouvrez-lexcellence-des-instituts-de-beaute-et-spa-modernes\/instituts-de-beaute-et-spa-modernes-7\/\" data-orig-file=\"https:\/\/groupecoiff.com\/wp-content\/uploads\/2024\/08\/Instituts-de-Beaute-et-SPA-Modernes-7.webp\" data-orig-size=\"1024,1024\" data-comments-opened=\"1\" data-image-meta=\"{&quot;aperture&quot;:&quot;0&quot;,&quot;credit&quot;:&quot;&quot;,&quot;camera&quot;:&quot;&quot;,&quot;caption&quot;:&quot;&quot;,&quot;created_timestamp&quot;:&quot;0&quot;,&quot;copyright&quot;:&quot;&quot;,&quot;focal_length&quot;:&quot;0&quot;,&quot;iso&quot;:&quot;0&quot;,&quot;shutter_speed&quot;:&quot;0&quot;,&quot;title&quot;:&quot;&quot;,&quot;orientation&quot;:&quot;0&quot;}\" data-image-title=\"Instituts de Beaut\u00e9 et SPA Modernes (7)\" data-image-description=\"\" data-image-caption=\"\" data-large-file=\"https:\/\/groupecoiff.com\/wp-content\/uploads\/2024\/08\/Instituts-de-Beaute-et-SPA-Modernes-7.webp\" width=\"1024\" height=\"1024\" src=\"https:\/\/groupecoiff.com\/wp-content\/uploads\/2024\/08\/Instituts-de-Beaute-et-SPA-Modernes-7.webp\" class=\"attachment-large size-large wp-image-34304\" alt=\"Instituts de Beaut\u00e9 et SPA Modernes - fauteuil de p\u00e9dicure - fauteuil d&#039;esth\u00e9tique - table de soins esth\u00e9tique - table de massage - fauteuil de tatouage - mobilier esth\u00e9tiques professionnel - table de maquillage - fauteuil de soins \u00e9lectrique\" srcset=\"https:\/\/groupecoiff.com\/wp-content\/uploads\/2024\/08\/Instituts-de-Beaute-et-SPA-Modernes-7.webp 1024w, https:\/\/groupecoiff.com\/wp-content\/uploads\/2024\/08\/Instituts-de-Beaute-et-SPA-Modernes-7-300x300.webp 300w, https:\/\/groupecoiff.com\/wp-content\/uploads\/2024\/08\/Instituts-de-Beaute-et-SPA-Modernes-7-150x150.webp 150w, https:\/\/groupecoiff.com\/wp-content\/uploads\/2024\/08\/Instituts-de-Beaute-et-SPA-Modernes-7-768x768.webp 768w, https:\/\/groupecoiff.com\/wp-content\/uploads\/2024\/08\/Instituts-de-Beaute-et-SPA-Modernes-7-12x12.webp 12w, https:\/\/groupecoiff.com\/wp-content\/uploads\/2024\/08\/Instituts-de-Beaute-et-SPA-Modernes-7-250x250.webp 250w, https:\/\/groupecoiff.com\/wp-content\/uploads\/2024\/08\/Instituts-de-Beaute-et-SPA-Modernes-7-100x100.webp 100w, https:\/\/groupecoiff.com\/wp-content\/uploads\/2024\/08\/Instituts-de-Beaute-et-SPA-Modernes-7-64x64.webp 64w\" sizes=\"auto, (max-width: 1024px) 100vw, 1024px\" \/>\t\t\t\t<\/a>\n\t\t\t\t\t\t\t\t\t\t<\/div>\n\t\t\t\t\t\t\t\t\t\t\t\t\t<div class=\"premium-blog-effect-container premium-blog-framed-effect\">\n\t\t\t\t\t\t\t\t<a class=\"premium-blog-post-link\" href=\"https:\/\/groupecoiff.com\/en\/decouvrez-lexcellence-des-instituts-de-beaute-et-spa-modernes\/\" target=\"_blank\"><span>Discover the Excellence of Modern Beauty Institutes and SPAs<\/span><\/a>\n\t\t\t\t\t\t\t\t\t\t\t\t\t\t\t<\/div>\n\t\t\t\t\t\t\t\t\t\t\t<\/div>\n\t\t\t\t\t\t\t\t\t\t\t\t<div class=\"premium-blog-content-wrapper\">\n\n\t\t\t\t\t<div class=\"premium-blog-inner-container\">\n\n\t\t\t\t\t\t\t\t\t\t\t\t\t\t<h2 class=\"premium-blog-entry-title\">\n\t\t\t<a href=\"https:\/\/groupecoiff.com\/en\/decouvrez-lexcellence-des-instituts-de-beaute-et-spa-modernes\/\" target=\"_blank\">\n\t\t\t\tDiscover the Excellence of Modern Beauty Institutes and SPAs\t\t\t<\/a>\n\t\t<\/h2>\n\t\t\t\t<div class=\"premium-blog-entry-meta\">\n\t\t\t\n\t\t\t\t\t\t\t<span class=\"premium-blog-meta-separator\">-<\/span>\n\t\t\t\t<div class=\"premium-blog-post-time premium-blog-meta-data\">\n\t\t\t\t\t<i class=\"fa fa-calendar-alt\" aria-hidden=\"true\"><\/i>\n\t\t\t\t\t<span>1 August 2024<\/span>\n\t\t\t\t<\/div>\n\t\t\t\n\t\t\t\t\t\t\t<span class=\"premium-blog-meta-separator\">-<\/span>\n\t\t\t\t<div class=\"premium-blog-post-categories premium-blog-meta-data\">\n\t\t\t\t\t<i class=\"fa fa-align-left fa-fw\" aria-hidden=\"true\"><\/i>\n\t\t\t\t\t<a href=\"https:\/\/groupecoiff.com\/en\/category\/autre\/\" rel=\"category tag\">Other<\/a>\t\t\t\t<\/div>\n\t\t\t\n\t\t\t\t\t<\/div>\n\t\t\n\t\t\t\t\t<\/div>\n\n\t\t\t\t\t\t\t<div class=\"premium-blog-content-inner-wrapper\">\n\t\t<p class=\"premium-blog-post-content\">Modern beauty institutes and SPAs are havens of peace where one can relax and take care of oneself. \u2026<\/p>\t\t<\/div>\n\t\t\t\t\t\t\t\n\t\t\t\t<\/div>\n\t\t\t<\/div>\n\t\t<\/div>\n\n\t\t\t\t<div class=\"premium-blog-post-outer-container autre\" data-total=\"1\">\n\t\t\t<div class=\"premium-blog-post-container premium-blog-skin-modern\">\n\t\t\t\t\t\t\t\t\t<div class=\"premium-blog-thumb-effect-wrapper\">\n\t\t\t\t\t\t<div class=\"premium-blog-thumbnail-container premium-blog-sepia-effect\">\n\t\t\t\t\t\t\t\t\t\t\t<a href=\"https:\/\/groupecoiff.com\/en\/creer-votre-barbershop-unique-avec-groupe-coiff\/\" target=\"_blank\">\n\t\t\t\t<img loading=\"lazy\" decoding=\"async\" data-attachment-id=\"34287\" data-permalink=\"https:\/\/groupecoiff.com\/en\/creer-votre-barbershop-unique-avec-groupe-coiff\/lelegance-traditionnelle-et-la-modernite-2\/\" data-orig-file=\"https:\/\/groupecoiff.com\/wp-content\/uploads\/2024\/07\/LElegance-Traditionnelle-et-la-Modernite-2-e1722387422196.webp\" data-orig-size=\"1013,930\" data-comments-opened=\"1\" data-image-meta=\"{&quot;aperture&quot;:&quot;0&quot;,&quot;credit&quot;:&quot;&quot;,&quot;camera&quot;:&quot;&quot;,&quot;caption&quot;:&quot;&quot;,&quot;created_timestamp&quot;:&quot;0&quot;,&quot;copyright&quot;:&quot;&quot;,&quot;focal_length&quot;:&quot;0&quot;,&quot;iso&quot;:&quot;0&quot;,&quot;shutter_speed&quot;:&quot;0&quot;,&quot;title&quot;:&quot;&quot;,&quot;orientation&quot;:&quot;0&quot;}\" data-image-title=\"L\u2019\u00c9l\u00e9gance Traditionnelle et la Modernit\u00e9 (2)\" data-image-description=\"\" data-image-caption=\"\" data-large-file=\"https:\/\/groupecoiff.com\/wp-content\/uploads\/2024\/07\/LElegance-Traditionnelle-et-la-Modernite-2-e1722387422196.webp\" width=\"1013\" height=\"930\" src=\"https:\/\/groupecoiff.com\/wp-content\/uploads\/2024\/07\/LElegance-Traditionnelle-et-la-Modernite-2-e1722387422196.webp\" class=\"attachment-large size-large wp-image-34287\" alt=\"Traditional Elegance and Modernity - barber chair - professional hairdressing furniture - hairdressing chair - styling station - hair salon layout -\" srcset=\"https:\/\/groupecoiff.com\/wp-content\/uploads\/2024\/07\/LElegance-Traditionnelle-et-la-Modernite-2-e1722387422196.webp 1013w, https:\/\/groupecoiff.com\/wp-content\/uploads\/2024\/07\/LElegance-Traditionnelle-et-la-Modernite-2-e1722387422196-300x275.webp 300w, https:\/\/groupecoiff.com\/wp-content\/uploads\/2024\/07\/LElegance-Traditionnelle-et-la-Modernite-2-e1722387422196-768x705.webp 768w, https:\/\/groupecoiff.com\/wp-content\/uploads\/2024\/07\/LElegance-Traditionnelle-et-la-Modernite-2-e1722387422196-13x12.webp 13w, https:\/\/groupecoiff.com\/wp-content\/uploads\/2024\/07\/LElegance-Traditionnelle-et-la-Modernite-2-e1722387422196-250x230.webp 250w, https:\/\/groupecoiff.com\/wp-content\/uploads\/2024\/07\/LElegance-Traditionnelle-et-la-Modernite-2-e1722387422196-64x59.webp 64w\" sizes=\"auto, (max-width: 1013px) 100vw, 1013px\" \/>\t\t\t\t<\/a>\n\t\t\t\t\t\t\t\t\t\t<\/div>\n\t\t\t\t\t\t\t\t\t\t\t\t\t<div class=\"premium-blog-effect-container premium-blog-framed-effect\">\n\t\t\t\t\t\t\t\t<a class=\"premium-blog-post-link\" href=\"https:\/\/groupecoiff.com\/en\/creer-votre-barbershop-unique-avec-groupe-coiff\/\" target=\"_blank\"><span>Create Your Unique Barbershop with Groupe Coiff<\/span><\/a>\n\t\t\t\t\t\t\t\t\t\t\t\t\t\t\t<\/div>\n\t\t\t\t\t\t\t\t\t\t\t<\/div>\n\t\t\t\t\t\t\t\t\t\t\t\t<div class=\"premium-blog-content-wrapper\">\n\n\t\t\t\t\t<div class=\"premium-blog-inner-container\">\n\n\t\t\t\t\t\t\t\t\t\t\t\t\t\t<h2 class=\"premium-blog-entry-title\">\n\t\t\t<a href=\"https:\/\/groupecoiff.com\/en\/creer-votre-barbershop-unique-avec-groupe-coiff\/\" target=\"_blank\">\n\t\t\t\tCreate Your Unique Barbershop with Groupe Coiff\t\t\t<\/a>\n\t\t<\/h2>\n\t\t\t\t<div class=\"premium-blog-entry-meta\">\n\t\t\t\n\t\t\t\t\t\t\t<span class=\"premium-blog-meta-separator\">-<\/span>\n\t\t\t\t<div class=\"premium-blog-post-time premium-blog-meta-data\">\n\t\t\t\t\t<i class=\"fa fa-calendar-alt\" aria-hidden=\"true\"><\/i>\n\t\t\t\t\t<span>30 July 2024<\/span>\n\t\t\t\t<\/div>\n\t\t\t\n\t\t\t\t\t\t\t<span class=\"premium-blog-meta-separator\">-<\/span>\n\t\t\t\t<div class=\"premium-blog-post-categories premium-blog-meta-data\">\n\t\t\t\t\t<i class=\"fa fa-align-left fa-fw\" aria-hidden=\"true\"><\/i>\n\t\t\t\t\t<a href=\"https:\/\/groupecoiff.com\/en\/category\/autre\/\" rel=\"category tag\">Other<\/a>\t\t\t\t<\/div>\n\t\t\t\n\t\t\t\t\t<\/div>\n\t\t\n\t\t\t\t\t<\/div>\n\n\t\t\t\t\t\t\t<div class=\"premium-blog-content-inner-wrapper\">\n\t\t<p class=\"premium-blog-post-content\">Traditional Elegance and Modernity In the world of men's hairdressing, the barbershop is an iconic place where tradition and modernity...<\/p>\t\t<\/div>\n\t\t\t\t\t\t\t\n\t\t\t\t<\/div>\n\t\t\t<\/div>\n\t\t<\/div>\n\n\t\t\t\t<div class=\"premium-blog-post-outer-container autre\" data-total=\"1\">\n\t\t\t<div class=\"premium-blog-post-container premium-blog-skin-modern\">\n\t\t\t\t\t\t\t\t\t<div class=\"premium-blog-thumb-effect-wrapper\">\n\t\t\t\t\t\t<div class=\"premium-blog-thumbnail-container premium-blog-sepia-effect\">\n\t\t\t\t\t\t\t\t\t\t\t<a href=\"https:\/\/groupecoiff.com\/en\/le-salon-barbier-une-experience-de-coiffure-authentique-et-elegante\/\" target=\"_blank\">\n\t\t\t\t<img loading=\"lazy\" decoding=\"async\" data-attachment-id=\"28660\" data-permalink=\"https:\/\/groupecoiff.com\/en\/accueil\/fauteuil-barbier-cesar-gold-3-1\/\" data-orig-file=\"https:\/\/groupecoiff.com\/wp-content\/uploads\/2023\/10\/Fauteuil-barbier-Cesar-Gold-3-1.jpg\" data-orig-size=\"567,668\" data-comments-opened=\"1\" data-image-meta=\"{&quot;aperture&quot;:&quot;0&quot;,&quot;credit&quot;:&quot;&quot;,&quot;camera&quot;:&quot;&quot;,&quot;caption&quot;:&quot;&quot;,&quot;created_timestamp&quot;:&quot;0&quot;,&quot;copyright&quot;:&quot;&quot;,&quot;focal_length&quot;:&quot;0&quot;,&quot;iso&quot;:&quot;0&quot;,&quot;shutter_speed&quot;:&quot;0&quot;,&quot;title&quot;:&quot;&quot;,&quot;orientation&quot;:&quot;0&quot;}\" data-image-title=\"Fauteuil barbier Cesar Gold 3 (1)\" data-image-description=\"&lt;p&gt;Fauteuil Barbier&lt;\/p&gt;\" data-image-caption=\"\" data-large-file=\"https:\/\/groupecoiff.com\/wp-content\/uploads\/2023\/10\/Fauteuil-barbier-Cesar-Gold-3-1.jpg\" width=\"567\" height=\"668\" src=\"https:\/\/groupecoiff.com\/wp-content\/uploads\/2023\/10\/Fauteuil-barbier-Cesar-Gold-3-1.jpg\" class=\"attachment-large size-large wp-image-28660\" alt=\"Barber Chair - barber styling chair - high-end hair salon furniture\" srcset=\"https:\/\/groupecoiff.com\/wp-content\/uploads\/2023\/10\/Fauteuil-barbier-Cesar-Gold-3-1.jpg 567w, https:\/\/groupecoiff.com\/wp-content\/uploads\/2023\/10\/Fauteuil-barbier-Cesar-Gold-3-1-255x300.jpg 255w, https:\/\/groupecoiff.com\/wp-content\/uploads\/2023\/10\/Fauteuil-barbier-Cesar-Gold-3-1-10x12.jpg 10w, https:\/\/groupecoiff.com\/wp-content\/uploads\/2023\/10\/Fauteuil-barbier-Cesar-Gold-3-1-300x353.jpg 300w, https:\/\/groupecoiff.com\/wp-content\/uploads\/2023\/10\/Fauteuil-barbier-Cesar-Gold-3-1-250x295.jpg 250w, https:\/\/groupecoiff.com\/wp-content\/uploads\/2023\/10\/Fauteuil-barbier-Cesar-Gold-3-1-64x75.jpg 64w\" sizes=\"auto, (max-width: 567px) 100vw, 567px\" \/>\t\t\t\t<\/a>\n\t\t\t\t\t\t\t\t\t\t<\/div>\n\t\t\t\t\t\t\t\t\t\t\t\t\t<div class=\"premium-blog-effect-container premium-blog-framed-effect\">\n\t\t\t\t\t\t\t\t<a class=\"premium-blog-post-link\" href=\"https:\/\/groupecoiff.com\/en\/le-salon-barbier-une-experience-de-coiffure-authentique-et-elegante\/\" target=\"_blank\"><span>Trendy Barber Shop: The Art of Men's Hairdressing Revisited<\/span><\/a>\n\t\t\t\t\t\t\t\t\t\t\t\t\t\t\t<\/div>\n\t\t\t\t\t\t\t\t\t\t\t<\/div>\n\t\t\t\t\t\t\t\t\t\t\t\t<div class=\"premium-blog-content-wrapper\">\n\n\t\t\t\t\t<div class=\"premium-blog-inner-container\">\n\n\t\t\t\t\t\t\t\t\t\t\t\t\t\t<h2 class=\"premium-blog-entry-title\">\n\t\t\t<a href=\"https:\/\/groupecoiff.com\/en\/le-salon-barbier-une-experience-de-coiffure-authentique-et-elegante\/\" target=\"_blank\">\n\t\t\t\tTrendy Barber Shop: The Art of Men's Hairdressing Revisited\t\t\t<\/a>\n\t\t<\/h2>\n\t\t\t\t<div class=\"premium-blog-entry-meta\">\n\t\t\t\n\t\t\t\t\t\t\t<span class=\"premium-blog-meta-separator\">-<\/span>\n\t\t\t\t<div class=\"premium-blog-post-time premium-blog-meta-data\">\n\t\t\t\t\t<i class=\"fa fa-calendar-alt\" aria-hidden=\"true\"><\/i>\n\t\t\t\t\t<span>September 18, 2023<\/span>\n\t\t\t\t<\/div>\n\t\t\t\n\t\t\t\t\t\t\t<span class=\"premium-blog-meta-separator\">-<\/span>\n\t\t\t\t<div class=\"premium-blog-post-categories premium-blog-meta-data\">\n\t\t\t\t\t<i class=\"fa fa-align-left fa-fw\" aria-hidden=\"true\"><\/i>\n\t\t\t\t\t<a href=\"https:\/\/groupecoiff.com\/en\/category\/autre\/\" rel=\"category tag\">Other<\/a>\t\t\t\t<\/div>\n\t\t\t\n\t\t\t\t\t<\/div>\n\t\t\n\t\t\t\t\t<\/div>\n\n\t\t\t\t\t\t\t<div class=\"premium-blog-content-inner-wrapper\">\n\t\t<p class=\"premium-blog-post-content\">Embrace the Strong Comeback of the Trendy Barber Shop Much more than a simple haircut, the new barber shop\u2026<\/p>\t\t<\/div>\n\t\t\t\t\t\t\t\n\t\t\t\t<\/div>\n\t\t\t<\/div>\n\t\t<\/div>\n\n\t\t\t\t<div class=\"premium-blog-post-outer-container autre\" data-total=\"1\">\n\t\t\t<div class=\"premium-blog-post-container premium-blog-skin-modern\">\n\t\t\t\t\t\t\t\t\t<div class=\"premium-blog-thumb-effect-wrapper\">\n\t\t\t\t\t\t<div class=\"premium-blog-thumbnail-container premium-blog-sepia-effect\">\n\t\t\t\t\t\t\t\t\t\t\t<a href=\"https:\/\/groupecoiff.com\/en\/materiels-et-accessoires-de-coiffure-professionnels\/\" target=\"_blank\">\n\t\t\t\t<img loading=\"lazy\" decoding=\"async\" data-attachment-id=\"27948\" data-permalink=\"https:\/\/groupecoiff.com\/en\/materiels-et-accessoires-de-coiffure-professionnels\/materiels-et-accessoires-de-coiffure-professionnels-2\/\" data-orig-file=\"https:\/\/groupecoiff.com\/wp-content\/uploads\/2023\/09\/Materiels-et-accessoires-de-coiffure-professionnels.jpg\" data-orig-size=\"686,339\" data-comments-opened=\"1\" data-image-meta=\"{&quot;aperture&quot;:&quot;0&quot;,&quot;credit&quot;:&quot;&quot;,&quot;camera&quot;:&quot;&quot;,&quot;caption&quot;:&quot;&quot;,&quot;created_timestamp&quot;:&quot;0&quot;,&quot;copyright&quot;:&quot;&quot;,&quot;focal_length&quot;:&quot;0&quot;,&quot;iso&quot;:&quot;0&quot;,&quot;shutter_speed&quot;:&quot;0&quot;,&quot;title&quot;:&quot;&quot;,&quot;orientation&quot;:&quot;1&quot;}\" data-image-title=\"Mat\u00e9riels et accessoires de coiffure professionnels\" data-image-description=\"&lt;p&gt;Mat\u00e9riels et accessoires de coiffure professionnels&lt;\/p&gt;\" data-image-caption=\"&lt;p&gt;Mat\u00e9riels et accessoires de coiffure professionnels&lt;\/p&gt;\" data-large-file=\"https:\/\/groupecoiff.com\/wp-content\/uploads\/2023\/09\/Materiels-et-accessoires-de-coiffure-professionnels.jpg\" width=\"686\" height=\"339\" src=\"https:\/\/groupecoiff.com\/wp-content\/uploads\/2023\/09\/Materiels-et-accessoires-de-coiffure-professionnels.jpg\" class=\"attachment-large size-large wp-image-27948\" alt=\"Professional hair equipment - hair salon equipment - barber equipment\" srcset=\"https:\/\/groupecoiff.com\/wp-content\/uploads\/2023\/09\/Materiels-et-accessoires-de-coiffure-professionnels.jpg 686w, https:\/\/groupecoiff.com\/wp-content\/uploads\/2023\/09\/Materiels-et-accessoires-de-coiffure-professionnels-300x148.jpg 300w, https:\/\/groupecoiff.com\/wp-content\/uploads\/2023\/09\/Materiels-et-accessoires-de-coiffure-professionnels-18x9.jpg 18w, https:\/\/groupecoiff.com\/wp-content\/uploads\/2023\/09\/Materiels-et-accessoires-de-coiffure-professionnels-250x124.jpg 250w, https:\/\/groupecoiff.com\/wp-content\/uploads\/2023\/09\/Materiels-et-accessoires-de-coiffure-professionnels-64x32.jpg 64w\" sizes=\"auto, (max-width: 686px) 100vw, 686px\" \/>\t\t\t\t<\/a>\n\t\t\t\t\t\t\t\t\t\t<\/div>\n\t\t\t\t\t\t\t\t\t\t\t\t\t<div class=\"premium-blog-effect-container premium-blog-framed-effect\">\n\t\t\t\t\t\t\t\t<a class=\"premium-blog-post-link\" href=\"https:\/\/groupecoiff.com\/en\/materiels-et-accessoires-de-coiffure-professionnels\/\" target=\"_blank\"><span>Professional Hair Salon Equipment and Accessories<\/span><\/a>\n\t\t\t\t\t\t\t\t\t\t\t\t\t\t\t<\/div>\n\t\t\t\t\t\t\t\t\t\t\t<\/div>\n\t\t\t\t\t\t\t\t\t\t\t\t<div class=\"premium-blog-content-wrapper\">\n\n\t\t\t\t\t<div class=\"premium-blog-inner-container\">\n\n\t\t\t\t\t\t\t\t\t\t\t\t\t\t<h2 class=\"premium-blog-entry-title\">\n\t\t\t<a href=\"https:\/\/groupecoiff.com\/en\/materiels-et-accessoires-de-coiffure-professionnels\/\" target=\"_blank\">\n\t\t\t\tProfessional Hair Salon Equipment and Accessories\t\t\t<\/a>\n\t\t<\/h2>\n\t\t\t\t<div class=\"premium-blog-entry-meta\">\n\t\t\t\n\t\t\t\t\t\t\t<span class=\"premium-blog-meta-separator\">-<\/span>\n\t\t\t\t<div class=\"premium-blog-post-time premium-blog-meta-data\">\n\t\t\t\t\t<i class=\"fa fa-calendar-alt\" aria-hidden=\"true\"><\/i>\n\t\t\t\t\t<span>September 9, 2023<\/span>\n\t\t\t\t<\/div>\n\t\t\t\n\t\t\t\t\t\t\t<span class=\"premium-blog-meta-separator\">-<\/span>\n\t\t\t\t<div class=\"premium-blog-post-categories premium-blog-meta-data\">\n\t\t\t\t\t<i class=\"fa fa-align-left fa-fw\" aria-hidden=\"true\"><\/i>\n\t\t\t\t\t<a href=\"https:\/\/groupecoiff.com\/en\/category\/autre\/\" rel=\"category tag\">Other<\/a>\t\t\t\t<\/div>\n\t\t\t\n\t\t\t\t\t<\/div>\n\t\t\n\t\t\t\t\t<\/div>\n\n\t\t\t\t\t\t\t<div class=\"premium-blog-content-inner-wrapper\">\n\t\t<p class=\"premium-blog-post-content\">How to Make the Right Choice? At Groupe Coiff, we fully understand the importance of tools such as hair vaporizers for professionals\u2026<\/p>\t\t<\/div>\n\t\t\t\t\t\t\t\n\t\t\t\t<\/div>\n\t\t\t<\/div>\n\t\t<\/div>\n\n\t\t\t\t<div class=\"premium-blog-post-outer-container autre\" data-total=\"1\">\n\t\t\t<div class=\"premium-blog-post-container premium-blog-skin-modern\">\n\t\t\t\t\t\t\t\t\t<div class=\"premium-blog-thumb-effect-wrapper\">\n\t\t\t\t\t\t<div class=\"premium-blog-thumbnail-container premium-blog-sepia-effect\">\n\t\t\t\t\t\t\t\t\t\t\t<a href=\"https:\/\/groupecoiff.com\/en\/mobilier-institut-de-beaute-materiel-esthetique\/\" target=\"_blank\">\n\t\t\t\t<img loading=\"lazy\" decoding=\"async\" data-attachment-id=\"27272\" data-permalink=\"https:\/\/groupecoiff.com\/en\/mobilier-institut-de-beaute-materiel-esthetique\/mobilier-institut-de-beaute\/\" data-orig-file=\"https:\/\/groupecoiff.com\/wp-content\/uploads\/2023\/06\/Mobilier-Institut-de-Beaute-1.webp\" data-orig-size=\"686,339\" data-comments-opened=\"1\" data-image-meta=\"{&quot;aperture&quot;:&quot;0&quot;,&quot;credit&quot;:&quot;&quot;,&quot;camera&quot;:&quot;&quot;,&quot;caption&quot;:&quot;&quot;,&quot;created_timestamp&quot;:&quot;0&quot;,&quot;copyright&quot;:&quot;&quot;,&quot;focal_length&quot;:&quot;0&quot;,&quot;iso&quot;:&quot;0&quot;,&quot;shutter_speed&quot;:&quot;0&quot;,&quot;title&quot;:&quot;&quot;,&quot;orientation&quot;:&quot;0&quot;}\" data-image-title=\"Mobilier-Institut-de-Beaut\u00e9\" data-image-description=\"&lt;p&gt;Actualit\u00e9&lt;br \/&gt;Mobilier Institut de Beaut\u00e9&lt;\/p&gt;\" data-image-caption=\"\" data-large-file=\"https:\/\/groupecoiff.com\/wp-content\/uploads\/2023\/06\/Mobilier-Institut-de-Beaute-1.webp\" width=\"686\" height=\"339\" src=\"https:\/\/groupecoiff.com\/wp-content\/uploads\/2023\/06\/Mobilier-Institut-de-Beaute-1.webp\" class=\"attachment-large size-large wp-image-27272\" alt=\"high-end aesthetic furniture - massage table - manicure table - aesthetic salon\" srcset=\"https:\/\/groupecoiff.com\/wp-content\/uploads\/2023\/06\/Mobilier-Institut-de-Beaute-1.webp 686w, https:\/\/groupecoiff.com\/wp-content\/uploads\/2023\/06\/Mobilier-Institut-de-Beaute-1-300x148.webp 300w, https:\/\/groupecoiff.com\/wp-content\/uploads\/2023\/06\/Mobilier-Institut-de-Beaute-1-18x9.webp 18w, https:\/\/groupecoiff.com\/wp-content\/uploads\/2023\/06\/Mobilier-Institut-de-Beaute-1-250x124.webp 250w, https:\/\/groupecoiff.com\/wp-content\/uploads\/2023\/06\/Mobilier-Institut-de-Beaute-1-64x32.webp 64w\" sizes=\"auto, (max-width: 686px) 100vw, 686px\" \/>\t\t\t\t<\/a>\n\t\t\t\t\t\t\t\t\t\t<\/div>\n\t\t\t\t\t\t\t\t\t\t\t\t\t<div class=\"premium-blog-effect-container premium-blog-framed-effect\">\n\t\t\t\t\t\t\t\t<a class=\"premium-blog-post-link\" href=\"https:\/\/groupecoiff.com\/en\/mobilier-institut-de-beaute-materiel-esthetique\/\" target=\"_blank\"><span>Beauty Salon Furniture &amp; Aesthetic Equipment<\/span><\/a>\n\t\t\t\t\t\t\t\t\t\t\t\t\t\t\t<\/div>\n\t\t\t\t\t\t\t\t\t\t\t<\/div>\n\t\t\t\t\t\t\t\t\t\t\t\t<div class=\"premium-blog-content-wrapper\">\n\n\t\t\t\t\t<div class=\"premium-blog-inner-container\">\n\n\t\t\t\t\t\t\t\t\t\t\t\t\t\t<h2 class=\"premium-blog-entry-title\">\n\t\t\t<a href=\"https:\/\/groupecoiff.com\/en\/mobilier-institut-de-beaute-materiel-esthetique\/\" target=\"_blank\">\n\t\t\t\tBeauty Salon Furniture &amp; Aesthetic Equipment\t\t\t<\/a>\n\t\t<\/h2>\n\t\t\t\t<div class=\"premium-blog-entry-meta\">\n\t\t\t\n\t\t\t\t\t\t\t<span class=\"premium-blog-meta-separator\">-<\/span>\n\t\t\t\t<div class=\"premium-blog-post-time premium-blog-meta-data\">\n\t\t\t\t\t<i class=\"fa fa-calendar-alt\" aria-hidden=\"true\"><\/i>\n\t\t\t\t\t<span>10 June 2023<\/span>\n\t\t\t\t<\/div>\n\t\t\t\n\t\t\t\t\t\t\t<span class=\"premium-blog-meta-separator\">-<\/span>\n\t\t\t\t<div class=\"premium-blog-post-categories premium-blog-meta-data\">\n\t\t\t\t\t<i class=\"fa fa-align-left fa-fw\" aria-hidden=\"true\"><\/i>\n\t\t\t\t\t<a href=\"https:\/\/groupecoiff.com\/en\/category\/autre\/\" rel=\"category tag\">Other<\/a>\t\t\t\t<\/div>\n\t\t\t\n\t\t\t\t\t<\/div>\n\t\t\n\t\t\t\t\t<\/div>\n\n\t\t\t\t\t\t\t<div class=\"premium-blog-content-inner-wrapper\">\n\t\t<p class=\"premium-blog-post-content\">Aesthetic pedicure: providing the right care for your customers Aesthetic pedicures care for feet and nails, both for ...<\/p>\t\t<\/div>\n\t\t\t\t\t\t\t\n\t\t\t\t<\/div>\n\t\t\t<\/div>\n\t\t<\/div>\n\n\t\t\t\t<div class=\"premium-blog-post-outer-container autre\" data-total=\"1\">\n\t\t\t<div class=\"premium-blog-post-container premium-blog-skin-modern\">\n\t\t\t\t\t\t\t\t\t<div class=\"premium-blog-thumb-effect-wrapper\">\n\t\t\t\t\t\t<div class=\"premium-blog-thumbnail-container premium-blog-sepia-effect\">\n\t\t\t\t\t\t\t\t\t\t\t<a href=\"https:\/\/groupecoiff.com\/en\/meuble-coiffure-de-reception\/\" target=\"_blank\">\n\t\t\t\t<img loading=\"lazy\" decoding=\"async\" data-attachment-id=\"27274\" data-permalink=\"https:\/\/groupecoiff.com\/en\/meuble-coiffure-de-reception\/comptoir-de-reception-1\/\" data-orig-file=\"https:\/\/groupecoiff.com\/wp-content\/uploads\/2023\/06\/Comptoir-de-reception-1-1.jpg\" data-orig-size=\"686,339\" data-comments-opened=\"1\" data-image-meta=\"{&quot;aperture&quot;:&quot;0&quot;,&quot;credit&quot;:&quot;&quot;,&quot;camera&quot;:&quot;&quot;,&quot;caption&quot;:&quot;&quot;,&quot;created_timestamp&quot;:&quot;0&quot;,&quot;copyright&quot;:&quot;&quot;,&quot;focal_length&quot;:&quot;0&quot;,&quot;iso&quot;:&quot;0&quot;,&quot;shutter_speed&quot;:&quot;0&quot;,&quot;title&quot;:&quot;&quot;,&quot;orientation&quot;:&quot;0&quot;}\" data-image-title=\"Comptoir-de-reception-1\" data-image-description=\"\" data-image-caption=\"\" data-large-file=\"https:\/\/groupecoiff.com\/wp-content\/uploads\/2023\/06\/Comptoir-de-reception-1-1.jpg\" width=\"686\" height=\"339\" src=\"https:\/\/groupecoiff.com\/wp-content\/uploads\/2023\/06\/Comptoir-de-reception-1-1.jpg\" class=\"attachment-large size-large wp-image-27274\" alt=\"Barber Chair - barber styling chair - high-end hair salon furniture\" srcset=\"https:\/\/groupecoiff.com\/wp-content\/uploads\/2023\/06\/Comptoir-de-reception-1-1.jpg 686w, https:\/\/groupecoiff.com\/wp-content\/uploads\/2023\/06\/Comptoir-de-reception-1-1-300x148.jpg 300w, https:\/\/groupecoiff.com\/wp-content\/uploads\/2023\/06\/Comptoir-de-reception-1-1-18x9.jpg 18w, https:\/\/groupecoiff.com\/wp-content\/uploads\/2023\/06\/Comptoir-de-reception-1-1-250x124.jpg 250w, https:\/\/groupecoiff.com\/wp-content\/uploads\/2023\/06\/Comptoir-de-reception-1-1-64x32.jpg 64w\" sizes=\"auto, (max-width: 686px) 100vw, 686px\" \/>\t\t\t\t<\/a>\n\t\t\t\t\t\t\t\t\t\t<\/div>\n\t\t\t\t\t\t\t\t\t\t\t\t\t<div class=\"premium-blog-effect-container premium-blog-framed-effect\">\n\t\t\t\t\t\t\t\t<a class=\"premium-blog-post-link\" href=\"https:\/\/groupecoiff.com\/en\/meuble-coiffure-de-reception\/\" target=\"_blank\"><span>Why opt for reception furniture in a hairdressing salon?<\/span><\/a>\n\t\t\t\t\t\t\t\t\t\t\t\t\t\t\t<\/div>\n\t\t\t\t\t\t\t\t\t\t\t<\/div>\n\t\t\t\t\t\t\t\t\t\t\t\t<div class=\"premium-blog-content-wrapper\">\n\n\t\t\t\t\t<div class=\"premium-blog-inner-container\">\n\n\t\t\t\t\t\t\t\t\t\t\t\t\t\t<h2 class=\"premium-blog-entry-title\">\n\t\t\t<a href=\"https:\/\/groupecoiff.com\/en\/meuble-coiffure-de-reception\/\" target=\"_blank\">\n\t\t\t\tWhy opt for reception furniture in a hairdressing salon?\t\t\t<\/a>\n\t\t<\/h2>\n\t\t\t\t<div class=\"premium-blog-entry-meta\">\n\t\t\t\n\t\t\t\t\t\t\t<span class=\"premium-blog-meta-separator\">-<\/span>\n\t\t\t\t<div class=\"premium-blog-post-time premium-blog-meta-data\">\n\t\t\t\t\t<i class=\"fa fa-calendar-alt\" aria-hidden=\"true\"><\/i>\n\t\t\t\t\t<span>6 June 2023<\/span>\n\t\t\t\t<\/div>\n\t\t\t\n\t\t\t\t\t\t\t<span class=\"premium-blog-meta-separator\">-<\/span>\n\t\t\t\t<div class=\"premium-blog-post-categories premium-blog-meta-data\">\n\t\t\t\t\t<i class=\"fa fa-align-left fa-fw\" aria-hidden=\"true\"><\/i>\n\t\t\t\t\t<a href=\"https:\/\/groupecoiff.com\/en\/category\/autre\/\" rel=\"category tag\">Other<\/a>\t\t\t\t<\/div>\n\t\t\t\n\t\t\t\t\t<\/div>\n\t\t\n\t\t\t\t\t<\/div>\n\n\t\t\t\t\t\t\t<div class=\"premium-blog-content-inner-wrapper\">\n\t\t<p class=\"premium-blog-post-content\">Reception counter for your barbershop and hairdressing salon When you run a barbershop or hairdressing salon ...<\/p>\t\t<\/div>\n\t\t\t\t\t\t\t\n\t\t\t\t<\/div>\n\t\t\t<\/div>\n\t\t<\/div>\n\n\t\t\t\t<div class=\"premium-blog-post-outer-container autre\" data-total=\"1\">\n\t\t\t<div class=\"premium-blog-post-container premium-blog-skin-modern\">\n\t\t\t\t\t\t\t\t\t<div class=\"premium-blog-thumb-effect-wrapper\">\n\t\t\t\t\t\t<div class=\"premium-blog-thumbnail-container premium-blog-sepia-effect\">\n\t\t\t\t\t\t\t\t\t\t\t<a href=\"https:\/\/groupecoiff.com\/en\/idees-damenagement-salle-dattente-salon-de-coiffure\/\" target=\"_blank\">\n\t\t\t\t<img loading=\"lazy\" decoding=\"async\" data-attachment-id=\"31739\" data-permalink=\"https:\/\/groupecoiff.com\/en\/?attachment_id=31739\" data-orig-file=\"https:\/\/groupecoiff.com\/wp-content\/uploads\/2024\/03\/Canape-Salle-dAttente-Dock-2.webp\" data-orig-size=\"1080,1080\" data-comments-opened=\"1\" data-image-meta=\"{&quot;aperture&quot;:&quot;0&quot;,&quot;credit&quot;:&quot;&quot;,&quot;camera&quot;:&quot;&quot;,&quot;caption&quot;:&quot;&quot;,&quot;created_timestamp&quot;:&quot;0&quot;,&quot;copyright&quot;:&quot;&quot;,&quot;focal_length&quot;:&quot;0&quot;,&quot;iso&quot;:&quot;0&quot;,&quot;shutter_speed&quot;:&quot;0&quot;,&quot;title&quot;:&quot;&quot;,&quot;orientation&quot;:&quot;0&quot;}\" data-image-title=\"Canap\u00e9 Salle d&amp;rsquo;Attente Dock (2)\" data-image-description=\"\" data-image-caption=\"\" data-large-file=\"https:\/\/groupecoiff.com\/wp-content\/uploads\/2024\/03\/Canape-Salle-dAttente-Dock-2-1024x1024.webp\" width=\"1024\" height=\"1024\" src=\"https:\/\/groupecoiff.com\/wp-content\/uploads\/2024\/03\/Canape-Salle-dAttente-Dock-2-1024x1024.webp\" class=\"attachment-large size-large wp-image-31739\" alt=\"Canap\u00e9 Salle d&#039;Attente Dock B - Canap\u00e9 pour salon de coiffure Dock B - canap\u00e9 d&#039;attente Dock B - Canap\u00e9 Chesterfield Dock B - Mobilier de coiffure haut de gamme\" srcset=\"https:\/\/groupecoiff.com\/wp-content\/uploads\/2024\/03\/Canape-Salle-dAttente-Dock-2-1024x1024.webp 1024w, https:\/\/groupecoiff.com\/wp-content\/uploads\/2024\/03\/Canape-Salle-dAttente-Dock-2-300x300.webp 300w, https:\/\/groupecoiff.com\/wp-content\/uploads\/2024\/03\/Canape-Salle-dAttente-Dock-2-150x150.webp 150w, https:\/\/groupecoiff.com\/wp-content\/uploads\/2024\/03\/Canape-Salle-dAttente-Dock-2-768x768.webp 768w, https:\/\/groupecoiff.com\/wp-content\/uploads\/2024\/03\/Canape-Salle-dAttente-Dock-2-12x12.webp 12w, https:\/\/groupecoiff.com\/wp-content\/uploads\/2024\/03\/Canape-Salle-dAttente-Dock-2-250x250.webp 250w, https:\/\/groupecoiff.com\/wp-content\/uploads\/2024\/03\/Canape-Salle-dAttente-Dock-2-100x100.webp 100w, https:\/\/groupecoiff.com\/wp-content\/uploads\/2024\/03\/Canape-Salle-dAttente-Dock-2-64x64.webp 64w, https:\/\/groupecoiff.com\/wp-content\/uploads\/2024\/03\/Canape-Salle-dAttente-Dock-2.webp 1080w\" sizes=\"auto, (max-width: 1024px) 100vw, 1024px\" \/>\t\t\t\t<\/a>\n\t\t\t\t\t\t\t\t\t\t<\/div>\n\t\t\t\t\t\t\t\t\t\t\t\t\t<div class=\"premium-blog-effect-container premium-blog-framed-effect\">\n\t\t\t\t\t\t\t\t<a class=\"premium-blog-post-link\" href=\"https:\/\/groupecoiff.com\/en\/idees-damenagement-salle-dattente-salon-de-coiffure\/\" target=\"_blank\"><span>Hair Salon Waiting Room Layout Ideas<\/span><\/a>\n\t\t\t\t\t\t\t\t\t\t\t\t\t\t\t<\/div>\n\t\t\t\t\t\t\t\t\t\t\t<\/div>\n\t\t\t\t\t\t\t\t\t\t\t\t<div class=\"premium-blog-content-wrapper\">\n\n\t\t\t\t\t<div class=\"premium-blog-inner-container\">\n\n\t\t\t\t\t\t\t\t\t\t\t\t\t\t<h2 class=\"premium-blog-entry-title\">\n\t\t\t<a href=\"https:\/\/groupecoiff.com\/en\/idees-damenagement-salle-dattente-salon-de-coiffure\/\" target=\"_blank\">\n\t\t\t\tHair Salon Waiting Room Layout Ideas\t\t\t<\/a>\n\t\t<\/h2>\n\t\t\t\t<div class=\"premium-blog-entry-meta\">\n\t\t\t\n\t\t\t\t\t\t\t<span class=\"premium-blog-meta-separator\">-<\/span>\n\t\t\t\t<div class=\"premium-blog-post-time premium-blog-meta-data\">\n\t\t\t\t\t<i class=\"fa fa-calendar-alt\" aria-hidden=\"true\"><\/i>\n\t\t\t\t\t<span>May 20, 2023<\/span>\n\t\t\t\t<\/div>\n\t\t\t\n\t\t\t\t\t\t\t<span class=\"premium-blog-meta-separator\">-<\/span>\n\t\t\t\t<div class=\"premium-blog-post-categories premium-blog-meta-data\">\n\t\t\t\t\t<i class=\"fa fa-align-left fa-fw\" aria-hidden=\"true\"><\/i>\n\t\t\t\t\t<a href=\"https:\/\/groupecoiff.com\/en\/category\/autre\/\" rel=\"category tag\">Other<\/a>\t\t\t\t<\/div>\n\t\t\t\n\t\t\t\t\t<\/div>\n\t\t\n\t\t\t\t\t<\/div>\n\n\t\t\t\t\t\t\t<div class=\"premium-blog-content-inner-wrapper\">\n\t\t<p class=\"premium-blog-post-content\">Waiting sofa for barbershop and hairdressing salon The waiting sofa for barbershop and hairdressing salon is a piece of furniture ...<\/p>\t\t<\/div>\n\t\t\t\t\t\t\t\n\t\t\t\t<\/div>\n\t\t\t<\/div>\n\t\t<\/div>\n\n\t\t\t\t<div class=\"premium-blog-post-outer-container autre\" data-total=\"1\">\n\t\t\t<div class=\"premium-blog-post-container premium-blog-skin-modern\">\n\t\t\t\t\t\t\t\t\t\t\t\t<div class=\"premium-blog-content-wrapper empty-thumb\">\n\n\t\t\t\t\t<div class=\"premium-blog-inner-container\">\n\n\t\t\t\t\t\t\t\t\t\t\t\t\t\t<h2 class=\"premium-blog-entry-title\">\n\t\t\t<a href=\"https:\/\/groupecoiff.com\/en\/chaise-de-coiffure-pour-femme\/\" target=\"_blank\">\n\t\t\t\tWomen's Styling Chair\t\t\t<\/a>\n\t\t<\/h2>\n\t\t\t\t<div class=\"premium-blog-entry-meta\">\n\t\t\t\n\t\t\t\t\t\t\t<span class=\"premium-blog-meta-separator\">-<\/span>\n\t\t\t\t<div class=\"premium-blog-post-time premium-blog-meta-data\">\n\t\t\t\t\t<i class=\"fa fa-calendar-alt\" aria-hidden=\"true\"><\/i>\n\t\t\t\t\t<span>May 18, 2023<\/span>\n\t\t\t\t<\/div>\n\t\t\t\n\t\t\t\t\t\t\t<span class=\"premium-blog-meta-separator\">-<\/span>\n\t\t\t\t<div class=\"premium-blog-post-categories premium-blog-meta-data\">\n\t\t\t\t\t<i class=\"fa fa-align-left fa-fw\" aria-hidden=\"true\"><\/i>\n\t\t\t\t\t<a href=\"https:\/\/groupecoiff.com\/en\/category\/autre\/\" rel=\"category tag\">Other<\/a>\t\t\t\t<\/div>\n\t\t\t\n\t\t\t\t\t<\/div>\n\t\t\n\t\t\t\t\t<\/div>\n\n\t\t\t\t\t\t\t<div class=\"premium-blog-content-inner-wrapper\">\n\t\t<p class=\"premium-blog-post-content\">Choose the Right Furniture for Your Salon The women's styling chair is a crucial element in any beauty institute\u2026<\/p>\t\t<\/div>\n\t\t\t\t\t\t\t\n\t\t\t\t<\/div>\n\t\t\t<\/div>\n\t\t<\/div>\n\n\t\t\t\t<div class=\"premium-blog-post-outer-container autre\" data-total=\"1\">\n\t\t\t<div class=\"premium-blog-post-container premium-blog-skin-modern\">\n\t\t\t\t\t\t\t\t\t<div class=\"premium-blog-thumb-effect-wrapper\">\n\t\t\t\t\t\t<div class=\"premium-blog-thumbnail-container premium-blog-sepia-effect\">\n\t\t\t\t\t\t\t\t\t\t\t<a href=\"https:\/\/groupecoiff.com\/en\/fauteuil-barbier-pour-salon-de-coiffure\/\" target=\"_blank\">\n\t\t\t\t<img loading=\"lazy\" decoding=\"async\" data-attachment-id=\"28153\" data-permalink=\"https:\/\/groupecoiff.com\/en\/?attachment_id=28153\" data-orig-file=\"https:\/\/groupecoiff.com\/wp-content\/uploads\/2023\/09\/Fauteuil-barbier-Cesar-Red-3.webp\" data-orig-size=\"1080,1080\" data-comments-opened=\"1\" data-image-meta=\"{&quot;aperture&quot;:&quot;0&quot;,&quot;credit&quot;:&quot;&quot;,&quot;camera&quot;:&quot;&quot;,&quot;caption&quot;:&quot;&quot;,&quot;created_timestamp&quot;:&quot;0&quot;,&quot;copyright&quot;:&quot;&quot;,&quot;focal_length&quot;:&quot;0&quot;,&quot;iso&quot;:&quot;0&quot;,&quot;shutter_speed&quot;:&quot;0&quot;,&quot;title&quot;:&quot;&quot;,&quot;orientation&quot;:&quot;0&quot;}\" data-image-title=\"Fauteuil barbier C\u00e9sar Red 3\" data-image-description=\"\" data-image-caption=\"&lt;p&gt;Fauteuil barbier C\u00e9sar Red&lt;\/p&gt;\" data-large-file=\"https:\/\/groupecoiff.com\/wp-content\/uploads\/2023\/09\/Fauteuil-barbier-Cesar-Red-3-1024x1024.webp\" width=\"1024\" height=\"1024\" src=\"https:\/\/groupecoiff.com\/wp-content\/uploads\/2023\/09\/Fauteuil-barbier-Cesar-Red-3-1024x1024.webp\" class=\"attachment-large size-large wp-image-28153\" alt=\"Vintage barber chair barber chair barber chair\" srcset=\"https:\/\/groupecoiff.com\/wp-content\/uploads\/2023\/09\/Fauteuil-barbier-Cesar-Red-3-1024x1024.webp 1024w, https:\/\/groupecoiff.com\/wp-content\/uploads\/2023\/09\/Fauteuil-barbier-Cesar-Red-3-300x300.webp 300w, https:\/\/groupecoiff.com\/wp-content\/uploads\/2023\/09\/Fauteuil-barbier-Cesar-Red-3-150x150.webp 150w, https:\/\/groupecoiff.com\/wp-content\/uploads\/2023\/09\/Fauteuil-barbier-Cesar-Red-3-768x768.webp 768w, https:\/\/groupecoiff.com\/wp-content\/uploads\/2023\/09\/Fauteuil-barbier-Cesar-Red-3-12x12.webp 12w, https:\/\/groupecoiff.com\/wp-content\/uploads\/2023\/09\/Fauteuil-barbier-Cesar-Red-3-250x250.webp 250w, https:\/\/groupecoiff.com\/wp-content\/uploads\/2023\/09\/Fauteuil-barbier-Cesar-Red-3-100x100.webp 100w, https:\/\/groupecoiff.com\/wp-content\/uploads\/2023\/09\/Fauteuil-barbier-Cesar-Red-3-64x64.webp 64w, https:\/\/groupecoiff.com\/wp-content\/uploads\/2023\/09\/Fauteuil-barbier-Cesar-Red-3.webp 1080w\" sizes=\"auto, (max-width: 1024px) 100vw, 1024px\" \/>\t\t\t\t<\/a>\n\t\t\t\t\t\t\t\t\t\t<\/div>\n\t\t\t\t\t\t\t\t\t\t\t\t\t<div class=\"premium-blog-effect-container premium-blog-framed-effect\">\n\t\t\t\t\t\t\t\t<a class=\"premium-blog-post-link\" href=\"https:\/\/groupecoiff.com\/en\/fauteuil-barbier-pour-salon-de-coiffure\/\" target=\"_blank\"><span>Barber Chair for Hair Salon<\/span><\/a>\n\t\t\t\t\t\t\t\t\t\t\t\t\t\t\t<\/div>\n\t\t\t\t\t\t\t\t\t\t\t<\/div>\n\t\t\t\t\t\t\t\t\t\t\t\t<div class=\"premium-blog-content-wrapper\">\n\n\t\t\t\t\t<div class=\"premium-blog-inner-container\">\n\n\t\t\t\t\t\t\t\t\t\t\t\t\t\t<h2 class=\"premium-blog-entry-title\">\n\t\t\t<a href=\"https:\/\/groupecoiff.com\/en\/fauteuil-barbier-pour-salon-de-coiffure\/\" target=\"_blank\">\n\t\t\t\tBarber Chair for Hair Salon\t\t\t<\/a>\n\t\t<\/h2>\n\t\t\t\t<div class=\"premium-blog-entry-meta\">\n\t\t\t\n\t\t\t\t\t\t\t<span class=\"premium-blog-meta-separator\">-<\/span>\n\t\t\t\t<div class=\"premium-blog-post-time premium-blog-meta-data\">\n\t\t\t\t\t<i class=\"fa fa-calendar-alt\" aria-hidden=\"true\"><\/i>\n\t\t\t\t\t<span>May 5, 2023<\/span>\n\t\t\t\t<\/div>\n\t\t\t\n\t\t\t\t\t\t\t<span class=\"premium-blog-meta-separator\">-<\/span>\n\t\t\t\t<div class=\"premium-blog-post-categories premium-blog-meta-data\">\n\t\t\t\t\t<i class=\"fa fa-align-left fa-fw\" aria-hidden=\"true\"><\/i>\n\t\t\t\t\t<a href=\"https:\/\/groupecoiff.com\/en\/category\/autre\/\" rel=\"category tag\">Other<\/a>\t\t\t\t<\/div>\n\t\t\t\n\t\t\t\t\t<\/div>\n\t\t\n\t\t\t\t\t<\/div>\n\n\t\t\t\t\t\t\t<div class=\"premium-blog-content-inner-wrapper\">\n\t\t<p class=\"premium-blog-post-content\">Barber chairs: set up comfortable furniture for customers Groupe Coiff's barber chairs for hairdressing salons are furnishings or ...<\/p>\t\t<\/div>\n\t\t\t\t\t\t\t\n\t\t\t\t<\/div>\n\t\t\t<\/div>\n\t\t<\/div>\n\n\t\t\t\t\t\t\t<\/div>\n\n\t\t\n\t\t\n\t\t\t\t\t\t<\/div>\n\t\t\t\t<\/div>\n\t\t\t\t<\/div>\n\t\t\t\t<\/div>","protected":false},"excerpt":{"rendered":"<p>Les actualit\u00e9s Group Coiff D\u00e9couvrez l&rsquo;ensemble de nos astuces, conseils et nos derni\u00e8res actualit\u00e9s. Restez \u00e0 l&rsquo;aff\u00fbt des derni\u00e8res tendances et d\u00e9couvrez comment nos produits peuvent am\u00e9liorer votre salon. Tous Autre Non class\u00e9 Fauteuils de coiffure pour enfant : l\u2019alli\u00e9 des salons de coiffure accueillants Fauteuils de coiffure pour enfant : l\u2019alli\u00e9 des salons de [&hellip;]<\/p>\n","protected":false},"author":2,"featured_media":27272,"parent":0,"menu_order":0,"comment_status":"closed","ping_status":"closed","template":"elementor_header_footer","meta":{"googlesitekit_rrm_CAow0YCiDA:productID":"","jetpack_post_was_ever_published":false,"footnotes":""},"class_list":["post-23485","page","type-page","status-publish","has-post-thumbnail","hentry"],"blocksy_meta":[],"yoast_head":"<!-- This site is optimized with the Yoast SEO Premium plugin v27.4 (Yoast SEO v27.4) - https:\/\/yoast.com\/product\/yoast-seo-premium-wordpress\/ -->\n<title>Nos actualit\u00e9s pour sublimer votre espace salon - Groupe Coiff<\/title>\n<meta name=\"description\" content=\"D\u00e9couvrez nos actualit\u00e9s et restez inform\u00e9 des derni\u00e8res tendances pour am\u00e9liorer votre salon gr\u00e2ce \u00e0 nos conseils.\" \/>\n<meta name=\"robots\" content=\"index, follow, max-snippet:-1, max-image-preview:large, max-video-preview:-1\" \/>\n<link rel=\"canonical\" href=\"https:\/\/groupecoiff.com\/en\/nos-actualites\/\" \/>\n<meta property=\"og:locale\" content=\"en_US\" \/>\n<meta property=\"og:type\" content=\"article\" \/>\n<meta property=\"og:title\" content=\"Actualit\u00e9s\" \/>\n<meta property=\"og:description\" content=\"D\u00e9couvrez nos actualit\u00e9s et restez inform\u00e9 des derni\u00e8res tendances pour am\u00e9liorer votre salon gr\u00e2ce \u00e0 nos conseils.\" \/>\n<meta property=\"og:url\" content=\"https:\/\/groupecoiff.com\/en\/nos-actualites\/\" \/>\n<meta property=\"og:site_name\" content=\"Groupe Coiff\" \/>\n<meta property=\"article:publisher\" content=\"https:\/\/www.facebook.com\/GroupeCoiff\" \/>\n<meta property=\"article:modified_time\" content=\"2025-10-24T20:46:00+00:00\" \/>\n<meta property=\"og:image\" content=\"https:\/\/groupecoiff.com\/wp-content\/uploads\/2023\/06\/Mobilier-Institut-de-Beaute-1.webp\" \/>\n\t<meta property=\"og:image:width\" content=\"686\" \/>\n\t<meta property=\"og:image:height\" content=\"339\" \/>\n\t<meta property=\"og:image:type\" content=\"image\/webp\" \/>\n<meta name=\"twitter:card\" content=\"summary_large_image\" \/>\n<meta name=\"twitter:site\" content=\"@groupecoiff\" \/>\n<meta name=\"twitter:label1\" content=\"Est. reading time\" \/>\n\t<meta name=\"twitter:data1\" content=\"7 minutes\" \/>\n<script type=\"application\/ld+json\" class=\"yoast-schema-graph\">{\"@context\":\"https:\\\/\\\/schema.org\",\"@graph\":[{\"@type\":\"WebPage\",\"@id\":\"https:\\\/\\\/groupecoiff.com\\\/nos-actualites\\\/\",\"url\":\"https:\\\/\\\/groupecoiff.com\\\/nos-actualites\\\/\",\"name\":\"Nos actualit\u00e9s pour sublimer votre espace salon - Groupe Coiff\",\"isPartOf\":{\"@id\":\"https:\\\/\\\/groupecoiff.com\\\/#website\"},\"primaryImageOfPage\":{\"@id\":\"https:\\\/\\\/groupecoiff.com\\\/nos-actualites\\\/#primaryimage\"},\"image\":{\"@id\":\"https:\\\/\\\/groupecoiff.com\\\/nos-actualites\\\/#primaryimage\"},\"thumbnailUrl\":\"https:\\\/\\\/groupecoiff.com\\\/wp-content\\\/uploads\\\/2023\\\/06\\\/Mobilier-Institut-de-Beaute-1.webp\",\"datePublished\":\"2023-05-05T15:47:31+00:00\",\"dateModified\":\"2025-10-24T20:46:00+00:00\",\"description\":\"D\u00e9couvrez nos actualit\u00e9s et restez inform\u00e9 des derni\u00e8res tendances pour am\u00e9liorer votre salon gr\u00e2ce \u00e0 nos conseils.\",\"breadcrumb\":{\"@id\":\"https:\\\/\\\/groupecoiff.com\\\/nos-actualites\\\/#breadcrumb\"},\"inLanguage\":\"en-US\",\"potentialAction\":[{\"@type\":\"ReadAction\",\"target\":[\"https:\\\/\\\/groupecoiff.com\\\/nos-actualites\\\/\"]}]},{\"@type\":\"ImageObject\",\"inLanguage\":\"en-US\",\"@id\":\"https:\\\/\\\/groupecoiff.com\\\/nos-actualites\\\/#primaryimage\",\"url\":\"https:\\\/\\\/groupecoiff.com\\\/wp-content\\\/uploads\\\/2023\\\/06\\\/Mobilier-Institut-de-Beaute-1.webp\",\"contentUrl\":\"https:\\\/\\\/groupecoiff.com\\\/wp-content\\\/uploads\\\/2023\\\/06\\\/Mobilier-Institut-de-Beaute-1.webp\",\"width\":686,\"height\":339,\"caption\":\"mobilier esth\u00e9tique haut de gamme - table de massage - table de manicure - salon esth\u00e9tique\"},{\"@type\":\"BreadcrumbList\",\"@id\":\"https:\\\/\\\/groupecoiff.com\\\/nos-actualites\\\/#breadcrumb\",\"itemListElement\":[{\"@type\":\"ListItem\",\"position\":1,\"name\":\"Accueil\",\"item\":\"https:\\\/\\\/groupecoiff.com\\\/\"},{\"@type\":\"ListItem\",\"position\":2,\"name\":\"Actualit\u00e9s\"}]},{\"@type\":\"WebSite\",\"@id\":\"https:\\\/\\\/groupecoiff.com\\\/#website\",\"url\":\"https:\\\/\\\/groupecoiff.com\\\/\",\"name\":\"Groupe Coiff\",\"description\":\"Tout pour la coiffure\",\"publisher\":{\"@id\":\"https:\\\/\\\/groupecoiff.com\\\/#organization\"},\"potentialAction\":[{\"@type\":\"SearchAction\",\"target\":{\"@type\":\"EntryPoint\",\"urlTemplate\":\"https:\\\/\\\/groupecoiff.com\\\/?s={search_term_string}\"},\"query-input\":{\"@type\":\"PropertyValueSpecification\",\"valueRequired\":true,\"valueName\":\"search_term_string\"}}],\"inLanguage\":\"en-US\"},{\"@type\":\"Organization\",\"@id\":\"https:\\\/\\\/groupecoiff.com\\\/#organization\",\"name\":\"Groupe Coiff\",\"alternateName\":\"Groupe Coiff : Le Mobilier De Coiffure Haut de Gamme Pour Une \u00c9l\u00e9gance In\u00e9gal\u00e9e\",\"url\":\"https:\\\/\\\/groupecoiff.com\\\/\",\"logo\":{\"@type\":\"ImageObject\",\"inLanguage\":\"en-US\",\"@id\":\"https:\\\/\\\/groupecoiff.com\\\/#\\\/schema\\\/logo\\\/image\\\/\",\"url\":\"https:\\\/\\\/groupecoiff.com\\\/wp-content\\\/uploads\\\/2024\\\/01\\\/cropped-Groupe-Coiff-Logo.webp\",\"contentUrl\":\"https:\\\/\\\/groupecoiff.com\\\/wp-content\\\/uploads\\\/2024\\\/01\\\/cropped-Groupe-Coiff-Logo.webp\",\"width\":512,\"height\":512,\"caption\":\"Groupe Coiff\"},\"image\":{\"@id\":\"https:\\\/\\\/groupecoiff.com\\\/#\\\/schema\\\/logo\\\/image\\\/\"},\"sameAs\":[\"https:\\\/\\\/www.facebook.com\\\/GroupeCoiff\",\"https:\\\/\\\/x.com\\\/groupecoiff\",\"https:\\\/\\\/www.instagram.com\\\/groupecoiff\\\/\",\"https:\\\/\\\/www.tiktok.com\\\/@groupecoiff\",\"https:\\\/\\\/www.youtube.com\\\/@groupecoiff\",\"https:\\\/\\\/twitter.com\\\/groupecoiff\",\"https:\\\/\\\/www.leboncoin.fr\\\/boutique\\\/3961302\\\/groupe_coiff.htm\"],\"description\":\"D\u00e9couvrez le mobilier de coiffure haut de gamme de Groupe Coiff, alliant \u00e9l\u00e9gance et fonctionnalit\u00e9 pour sublimer votre salon et satisfaire vos clients.\",\"email\":\"contact@groupecoiff.com\",\"telephone\":\"0676951605\",\"legalName\":\"Groupe Coiff\",\"foundingDate\":\"2022-11-16\",\"vatID\":\"FR84921406419\",\"taxID\":\"92140641900025\"}]}<\/script>\n<!-- \/ Yoast SEO Premium plugin. -->","yoast_head_json":{"title":"Nos actualit\u00e9s pour sublimer votre espace salon - Groupe Coiff","description":"D\u00e9couvrez nos actualit\u00e9s et restez inform\u00e9 des derni\u00e8res tendances pour am\u00e9liorer votre salon gr\u00e2ce \u00e0 nos conseils.","robots":{"index":"index","follow":"follow","max-snippet":"max-snippet:-1","max-image-preview":"max-image-preview:large","max-video-preview":"max-video-preview:-1"},"canonical":"https:\/\/groupecoiff.com\/en\/nos-actualites\/","og_locale":"en_US","og_type":"article","og_title":"Actualit\u00e9s","og_description":"D\u00e9couvrez nos actualit\u00e9s et restez inform\u00e9 des derni\u00e8res tendances pour am\u00e9liorer votre salon gr\u00e2ce \u00e0 nos conseils.","og_url":"https:\/\/groupecoiff.com\/en\/nos-actualites\/","og_site_name":"Groupe Coiff","article_publisher":"https:\/\/www.facebook.com\/GroupeCoiff","article_modified_time":"2025-10-24T20:46:00+00:00","og_image":[{"width":686,"height":339,"url":"https:\/\/groupecoiff.com\/wp-content\/uploads\/2023\/06\/Mobilier-Institut-de-Beaute-1.webp","type":"image\/webp"}],"twitter_card":"summary_large_image","twitter_site":"@groupecoiff","twitter_misc":{"Est. reading time":"7 minutes"},"schema":{"@context":"https:\/\/schema.org","@graph":[{"@type":"WebPage","@id":"https:\/\/groupecoiff.com\/nos-actualites\/","url":"https:\/\/groupecoiff.com\/nos-actualites\/","name":"Nos actualit\u00e9s pour sublimer votre espace salon - Groupe Coiff","isPartOf":{"@id":"https:\/\/groupecoiff.com\/#website"},"primaryImageOfPage":{"@id":"https:\/\/groupecoiff.com\/nos-actualites\/#primaryimage"},"image":{"@id":"https:\/\/groupecoiff.com\/nos-actualites\/#primaryimage"},"thumbnailUrl":"https:\/\/groupecoiff.com\/wp-content\/uploads\/2023\/06\/Mobilier-Institut-de-Beaute-1.webp","datePublished":"2023-05-05T15:47:31+00:00","dateModified":"2025-10-24T20:46:00+00:00","description":"D\u00e9couvrez nos actualit\u00e9s et restez inform\u00e9 des derni\u00e8res tendances pour am\u00e9liorer votre salon gr\u00e2ce \u00e0 nos conseils.","breadcrumb":{"@id":"https:\/\/groupecoiff.com\/nos-actualites\/#breadcrumb"},"inLanguage":"en-US","potentialAction":[{"@type":"ReadAction","target":["https:\/\/groupecoiff.com\/nos-actualites\/"]}]},{"@type":"ImageObject","inLanguage":"en-US","@id":"https:\/\/groupecoiff.com\/nos-actualites\/#primaryimage","url":"https:\/\/groupecoiff.com\/wp-content\/uploads\/2023\/06\/Mobilier-Institut-de-Beaute-1.webp","contentUrl":"https:\/\/groupecoiff.com\/wp-content\/uploads\/2023\/06\/Mobilier-Institut-de-Beaute-1.webp","width":686,"height":339,"caption":"mobilier esth\u00e9tique haut de gamme - table de massage - table de manicure - salon esth\u00e9tique"},{"@type":"BreadcrumbList","@id":"https:\/\/groupecoiff.com\/nos-actualites\/#breadcrumb","itemListElement":[{"@type":"ListItem","position":1,"name":"Accueil","item":"https:\/\/groupecoiff.com\/"},{"@type":"ListItem","position":2,"name":"Actualit\u00e9s"}]},{"@type":"WebSite","@id":"https:\/\/groupecoiff.com\/#website","url":"https:\/\/groupecoiff.com\/","name":"Coiff Group","description":"Everything for the hairdresser","publisher":{"@id":"https:\/\/groupecoiff.com\/#organization"},"potentialAction":[{"@type":"SearchAction","target":{"@type":"EntryPoint","urlTemplate":"https:\/\/groupecoiff.com\/?s={search_term_string}"},"query-input":{"@type":"PropertyValueSpecification","valueRequired":true,"valueName":"search_term_string"}}],"inLanguage":"en-US"},{"@type":"Organization","@id":"https:\/\/groupecoiff.com\/#organization","name":"Coiff Group","alternateName":"Groupe Coiff : Le Mobilier De Coiffure Haut de Gamme Pour Une \u00c9l\u00e9gance In\u00e9gal\u00e9e","url":"https:\/\/groupecoiff.com\/","logo":{"@type":"ImageObject","inLanguage":"en-US","@id":"https:\/\/groupecoiff.com\/#\/schema\/logo\/image\/","url":"https:\/\/groupecoiff.com\/wp-content\/uploads\/2024\/01\/cropped-Groupe-Coiff-Logo.webp","contentUrl":"https:\/\/groupecoiff.com\/wp-content\/uploads\/2024\/01\/cropped-Groupe-Coiff-Logo.webp","width":512,"height":512,"caption":"Groupe Coiff"},"image":{"@id":"https:\/\/groupecoiff.com\/#\/schema\/logo\/image\/"},"sameAs":["https:\/\/www.facebook.com\/GroupeCoiff","https:\/\/x.com\/groupecoiff","https:\/\/www.instagram.com\/groupecoiff\/","https:\/\/www.tiktok.com\/@groupecoiff","https:\/\/www.youtube.com\/@groupecoiff","https:\/\/twitter.com\/groupecoiff","https:\/\/www.leboncoin.fr\/boutique\/3961302\/groupe_coiff.htm"],"description":"Discover Groupe Coiff's top-of-the-range hairdressing furniture, combining elegance and functionality to enhance your salon and satisfy your customers.","email":"contact@groupecoiff.com","telephone":"0676951605","legalName":"Groupe Coiff","foundingDate":"2022-11-16","vatID":"FR84921406419","taxID":"92140641900025"}]}},"jetpack_likes_enabled":true,"jetpack_sharing_enabled":true,"jetpack_shortlink":"https:\/\/wp.me\/PeKCQ7-66N","_links":{"self":[{"href":"https:\/\/groupecoiff.com\/en\/wp-json\/wp\/v2\/pages\/23485","targetHints":{"allow":["GET"]}}],"collection":[{"href":"https:\/\/groupecoiff.com\/en\/wp-json\/wp\/v2\/pages"}],"about":[{"href":"https:\/\/groupecoiff.com\/en\/wp-json\/wp\/v2\/types\/page"}],"author":[{"embeddable":true,"href":"https:\/\/groupecoiff.com\/en\/wp-json\/wp\/v2\/users\/2"}],"replies":[{"embeddable":true,"href":"https:\/\/groupecoiff.com\/en\/wp-json\/wp\/v2\/comments?post=23485"}],"version-history":[{"count":0,"href":"https:\/\/groupecoiff.com\/en\/wp-json\/wp\/v2\/pages\/23485\/revisions"}],"wp:featuredmedia":[{"embeddable":true,"href":"https:\/\/groupecoiff.com\/en\/wp-json\/wp\/v2\/media\/27272"}],"wp:attachment":[{"href":"https:\/\/groupecoiff.com\/en\/wp-json\/wp\/v2\/media?parent=23485"}],"curies":[{"name":"wp","href":"https:\/\/api.w.org\/{rel}","templated":true}]}}