{"id":51979,"date":"2026-04-07T02:47:48","date_gmt":"2026-04-07T00:47:48","guid":{"rendered":"https:\/\/groupecoiff.com\/?page_id=51979"},"modified":"2026-04-07T03:17:28","modified_gmt":"2026-04-07T01:17:28","slug":"marseille","status":"publish","type":"page","link":"https:\/\/groupecoiff.com\/en\/marseille\/","title":{"rendered":"Marseille"},"content":{"rendered":"\t\t<div data-elementor-type=\"wp-page\" data-elementor-id=\"51979\" class=\"elementor elementor-51979\" data-elementor-post-type=\"page\">\n\t\t\t\t<div class=\"elementor-element elementor-element-0c30ed6 e-flex e-con-boxed e-con e-parent\" data-id=\"0c30ed6\" data-element_type=\"container\" data-e-type=\"container\">\n\t\t\t\t\t<div class=\"e-con-inner\">\n\t\t\t\t<div class=\"elementor-element elementor-element-43f6c5f elementor-widget elementor-widget-heading\" data-id=\"43f6c5f\" data-element_type=\"widget\" data-e-type=\"widget\" data-widget_type=\"heading.default\">\n\t\t\t\t<div class=\"elementor-widget-container\">\n\t\t\t\t\t<h1 class=\"elementor-heading-title elementor-size-default\">Mobilier de coiffure Marseille<\/h1>\t\t\t\t<\/div>\n\t\t\t\t<\/div>\n\t\t\t\t\t<\/div>\n\t\t\t\t<\/div>\n\t\t<div class=\"elementor-element elementor-element-2839f7f e-con-full e-flex e-con e-parent\" data-id=\"2839f7f\" data-element_type=\"container\" data-e-type=\"container\">\n\t\t<div class=\"elementor-element elementor-element-22f79bd e-con-full e-flex e-con e-child\" data-id=\"22f79bd\" data-element_type=\"container\" data-e-type=\"container\">\n\t\t\t\t<div class=\"elementor-element elementor-element-8f71d8c elementor-grid-4 elementor-grid-tablet-3 elementor-grid-mobile-2 elementor-products-grid elementor-wc-products elementor-show-pagination-border-yes elementor-widget elementor-widget-woocommerce-products\" data-id=\"8f71d8c\" data-element_type=\"widget\" data-e-type=\"widget\" data-widget_type=\"woocommerce-products.default\">\n\t\t\t\t<div class=\"elementor-widget-container\">\n\t\t\t\t\t<div class=\"woocommerce columns-4 \"><span class=\"wpfHidden\" data-shortcode-attribute=\"{&quot;limit&quot;:&quot;-1&quot;,&quot;columns&quot;:4,&quot;rows&quot;:4,&quot;orderby&quot;:&quot;&quot;,&quot;order&quot;:&quot;&quot;,&quot;ids&quot;:&quot;&quot;,&quot;skus&quot;:&quot;&quot;,&quot;category&quot;:&quot;&quot;,&quot;cat_operator&quot;:&quot;IN&quot;,&quot;attribute&quot;:&quot;&quot;,&quot;terms&quot;:&quot;&quot;,&quot;terms_operator&quot;:&quot;IN&quot;,&quot;tag&quot;:&quot;&quot;,&quot;tag_operator&quot;:&quot;IN&quot;,&quot;visibility&quot;:&quot;visible&quot;,&quot;class&quot;:&quot;&quot;,&quot;page&quot;:1,&quot;paginate&quot;:&quot;yes&quot;,&quot;cache&quot;:false}\"><\/span><div class=\"woocommerce-notices-wrapper\"><\/div><div class=\"woo-listing-top\"><\/div><ul class=\"products elementor-grid columns-4\" data-products=\"type-1\">\n<li class=\"product type-product post-52497 status-publish first instock product_cat-fauteuil-de-barbier-professionnel product_cat-meuble-de-coiffure product_tag-barbershop product_tag-fauteuil-de-barbier-professionnel product_tag-fauteuil-de-coiffure-pour-homme product_tag-mobilier-barbier-professionnel has-post-thumbnail sale taxable shipping-taxable purchasable product-type-simple\">\n\t<div class=\"wcpb-product-badges-badge wcpb-product-badges-badge-27848 wcpb-product-badges-badge-top-left\" style=\"width: 120px;margin: 10px\"><img decoding=\"async\" class=\"wcpb-product-badges-badge-img\" src=\"https:\/\/groupecoiff.com\/wp-content\/uploads\/2023\/09\/badge-promo-woocomerce-groupecoiff.png\" alt=\"Promo badge\"><\/div><a href=\"https:\/\/groupecoiff.com\/en\/produit\/fauteuil-de-barbier-harry\/\" class=\"woocommerce-LoopProduct-link woocommerce-loop-product__link\">\n\t\n\t<img loading=\"lazy\" decoding=\"async\" width=\"300\" height=\"300\" src=\"https:\/\/groupecoiff.com\/wp-content\/uploads\/2026\/04\/HARRY-1-300x300.webp\" class=\"attachment-woocommerce_thumbnail size-woocommerce_thumbnail\" alt=\"Fauteuil de barbier HARRY - Fauteuil barbier vintage - chaise barbier professionnel - massant - mobilier de barbier professionnel - Fauteuil barbier haut de gamme - fauteuil de coiffure pour homme - groupe coiff - mobicoiff - mallys\" srcset=\"https:\/\/groupecoiff.com\/wp-content\/uploads\/2026\/04\/HARRY-1-300x300.webp 300w, https:\/\/groupecoiff.com\/wp-content\/uploads\/2026\/04\/HARRY-1-150x150.webp 150w, https:\/\/groupecoiff.com\/wp-content\/uploads\/2026\/04\/HARRY-1-12x12.webp 12w, https:\/\/groupecoiff.com\/wp-content\/uploads\/2026\/04\/HARRY-1-250x250.webp 250w, https:\/\/groupecoiff.com\/wp-content\/uploads\/2026\/04\/HARRY-1-100x100.webp 100w, https:\/\/groupecoiff.com\/wp-content\/uploads\/2026\/04\/HARRY-1-64x64.webp 64w, https:\/\/groupecoiff.com\/wp-content\/uploads\/2026\/04\/HARRY-1.webp 650w\" sizes=\"auto, (max-width: 300px) 100vw, 300px\" data-attachment-id=\"52498\" data-permalink=\"https:\/\/groupecoiff.com\/en\/?attachment_id=52498\" data-orig-file=\"https:\/\/groupecoiff.com\/wp-content\/uploads\/2026\/04\/HARRY-1.webp\" data-orig-size=\"650,650\" data-comments-opened=\"1\" data-image-meta=\"{&quot;aperture&quot;:&quot;0&quot;,&quot;credit&quot;:&quot;&quot;,&quot;camera&quot;:&quot;&quot;,&quot;caption&quot;:&quot;&quot;,&quot;created_timestamp&quot;:&quot;0&quot;,&quot;copyright&quot;:&quot;&quot;,&quot;focal_length&quot;:&quot;0&quot;,&quot;iso&quot;:&quot;0&quot;,&quot;shutter_speed&quot;:&quot;0&quot;,&quot;title&quot;:&quot;&quot;,&quot;orientation&quot;:&quot;0&quot;}\" data-image-title=\"HARRY (1)\" data-image-description=\"\" data-image-caption=\"\" data-large-file=\"https:\/\/groupecoiff.com\/wp-content\/uploads\/2026\/04\/HARRY-1.webp\" \/><h2 class=\"woocommerce-loop-product__title\">Fauteuil de Barbier HARRY<\/h2>\n\t<span class=\"price\"><span class=\"prix-ht-ttc-wrapper\"><span class=\"prix-ht-nouveau\"><span class=\"woocommerce-Price-amount amount\"><bdi>549,00&nbsp;<span class=\"woocommerce-Price-currencySymbol\">&euro;<\/span><\/bdi><\/span> HT<\/span> - <del class=\"prix-ht-ancien\"><span class=\"woocommerce-Price-amount amount\"><bdi>649,00&nbsp;<span class=\"woocommerce-Price-currencySymbol\">&euro;<\/span><\/bdi><\/span> HT<\/del> <small class=\"prix-ttc\">( <span class=\"woocommerce-Price-amount amount\"><bdi>658,80&nbsp;<span class=\"woocommerce-Price-currencySymbol\">&euro;<\/span><\/bdi><\/span> TTC )<\/small><\/span><\/span>\n<\/a><a href=\"\/en\/wp-json\/wp\/v2\/pages\/51979?add-to-cart=52497\" aria-describedby=\"woocommerce_loop_add_to_cart_link_describedby_52497\" data-quantity=\"1\" class=\"button product_type_simple add_to_cart_button ajax_add_to_cart\" data-product_id=\"52497\" data-product_sku=\"\" aria-label=\"Add to cart: &ldquo;Fauteuil de Barbier HARRY&rdquo;\" rel=\"nofollow\" data-success_message=\"&ldquo;Fauteuil de Barbier HARRY&rdquo; has been added to your cart\">Add to cart<\/a>\t<span id=\"woocommerce_loop_add_to_cart_link_describedby_52497\" class=\"screen-reader-text\">\n\t\t\t<\/span>\n<\/li>\n<li class=\"product type-product post-52372 status-publish instock product_cat-bac-de-lavage product_cat-meuble-de-coiffure product_tag-bac-a-shampoing-professionnel product_tag-bac-de-lavage-allonge product_tag-meuble-de-coiffure-professionnel product_tag-meuble-pour-salon-de-coiffure has-post-thumbnail sale featured taxable shipping-taxable purchasable product-type-simple\">\n\t<div class=\"wcpb-product-badges-badge wcpb-product-badges-badge-27848 wcpb-product-badges-badge-top-left\" style=\"width: 120px;margin: 10px\"><img decoding=\"async\" class=\"wcpb-product-badges-badge-img\" src=\"https:\/\/groupecoiff.com\/wp-content\/uploads\/2023\/09\/badge-promo-woocomerce-groupecoiff.png\" alt=\"Promo badge\"><\/div><a href=\"https:\/\/groupecoiff.com\/en\/produit\/bac-a-shampoing-valentina-beige\/\" class=\"woocommerce-LoopProduct-link woocommerce-loop-product__link\">\n\t\n\t<img loading=\"lazy\" decoding=\"async\" width=\"300\" height=\"300\" src=\"https:\/\/groupecoiff.com\/wp-content\/uploads\/2026\/04\/Valentina-Beige-1-300x300.webp\" class=\"attachment-woocommerce_thumbnail size-woocommerce_thumbnail\" alt=\"Bac \u00e0 Shampoing Valentina - Bac de lavage Professionnel Valentina - Bac \u00e0 Shampoing Professionnel Valentina - Bac \u00e0 Shampoing salon de coiffure - mobilier de coiffure haut de gamme - bac a shampoing allong\u00e9 - bac de lavage allong\u00e9 - groupe coiff - mobicoiff\" srcset=\"https:\/\/groupecoiff.com\/wp-content\/uploads\/2026\/04\/Valentina-Beige-1-300x300.webp 300w, https:\/\/groupecoiff.com\/wp-content\/uploads\/2026\/04\/Valentina-Beige-1-150x150.webp 150w, https:\/\/groupecoiff.com\/wp-content\/uploads\/2026\/04\/Valentina-Beige-1-12x12.webp 12w, https:\/\/groupecoiff.com\/wp-content\/uploads\/2026\/04\/Valentina-Beige-1-250x250.webp 250w, https:\/\/groupecoiff.com\/wp-content\/uploads\/2026\/04\/Valentina-Beige-1-100x100.webp 100w, https:\/\/groupecoiff.com\/wp-content\/uploads\/2026\/04\/Valentina-Beige-1-64x64.webp 64w, https:\/\/groupecoiff.com\/wp-content\/uploads\/2026\/04\/Valentina-Beige-1.webp 650w\" sizes=\"auto, (max-width: 300px) 100vw, 300px\" data-attachment-id=\"52373\" data-permalink=\"https:\/\/groupecoiff.com\/en\/?attachment_id=52373\" data-orig-file=\"https:\/\/groupecoiff.com\/wp-content\/uploads\/2026\/04\/Valentina-Beige-1.webp\" data-orig-size=\"650,650\" data-comments-opened=\"1\" data-image-meta=\"{&quot;aperture&quot;:&quot;0&quot;,&quot;credit&quot;:&quot;&quot;,&quot;camera&quot;:&quot;&quot;,&quot;caption&quot;:&quot;&quot;,&quot;created_timestamp&quot;:&quot;0&quot;,&quot;copyright&quot;:&quot;&quot;,&quot;focal_length&quot;:&quot;0&quot;,&quot;iso&quot;:&quot;0&quot;,&quot;shutter_speed&quot;:&quot;0&quot;,&quot;title&quot;:&quot;&quot;,&quot;orientation&quot;:&quot;0&quot;}\" data-image-title=\"Valentina Beige (1)\" data-image-description=\"\" data-image-caption=\"\" data-large-file=\"https:\/\/groupecoiff.com\/wp-content\/uploads\/2026\/04\/Valentina-Beige-1.webp\" \/><h2 class=\"woocommerce-loop-product__title\">Bac \u00e0 shampoing Valentina Beige<\/h2>\n\t<span class=\"price\"><span class=\"prix-ht-ttc-wrapper\"><span class=\"prix-ht-nouveau\"><span class=\"woocommerce-Price-amount amount\"><bdi>699,00&nbsp;<span class=\"woocommerce-Price-currencySymbol\">&euro;<\/span><\/bdi><\/span> HT<\/span> - <del class=\"prix-ht-ancien\"><span class=\"woocommerce-Price-amount amount\"><bdi>799,00&nbsp;<span class=\"woocommerce-Price-currencySymbol\">&euro;<\/span><\/bdi><\/span> HT<\/del> <small class=\"prix-ttc\">( <span class=\"woocommerce-Price-amount amount\"><bdi>838,80&nbsp;<span class=\"woocommerce-Price-currencySymbol\">&euro;<\/span><\/bdi><\/span> TTC )<\/small><\/span><\/span>\n<\/a><a href=\"\/en\/wp-json\/wp\/v2\/pages\/51979?add-to-cart=52372\" aria-describedby=\"woocommerce_loop_add_to_cart_link_describedby_52372\" data-quantity=\"1\" class=\"button product_type_simple add_to_cart_button ajax_add_to_cart\" data-product_id=\"52372\" data-product_sku=\"\" aria-label=\"Add to cart: &ldquo;Bac \u00e0 shampoing Valentina Beige&rdquo;\" rel=\"nofollow\" data-success_message=\"&ldquo;Bac \u00e0 shampoing Valentina Beige&rdquo; has been added to your cart\">Add to cart<\/a>\t<span id=\"woocommerce_loop_add_to_cart_link_describedby_52372\" class=\"screen-reader-text\">\n\t\t\t<\/span>\n<\/li>\n<li class=\"product type-product post-52389 status-publish instock product_cat-bac-de-lavage product_cat-meuble-de-coiffure product_tag-bac-a-shampoing-professionnel product_tag-bac-de-lavage-allonge product_tag-meuble-de-coiffure-professionnel product_tag-meuble-pour-salon-de-coiffure has-post-thumbnail sale featured taxable shipping-taxable purchasable product-type-simple\">\n\t<div class=\"wcpb-product-badges-badge wcpb-product-badges-badge-27848 wcpb-product-badges-badge-top-left\" style=\"width: 120px;margin: 10px\"><img decoding=\"async\" class=\"wcpb-product-badges-badge-img\" src=\"https:\/\/groupecoiff.com\/wp-content\/uploads\/2023\/09\/badge-promo-woocomerce-groupecoiff.png\" alt=\"Promo badge\"><\/div><a href=\"https:\/\/groupecoiff.com\/en\/produit\/bac-a-shampoing-valentina-noir\/\" class=\"woocommerce-LoopProduct-link woocommerce-loop-product__link\">\n\t\n\t<img loading=\"lazy\" decoding=\"async\" width=\"300\" height=\"300\" src=\"https:\/\/groupecoiff.com\/wp-content\/uploads\/2026\/04\/Valentina-Noir-1-300x300.webp\" class=\"attachment-woocommerce_thumbnail size-woocommerce_thumbnail\" alt=\"Bac \u00e0 Shampoing Valentina - Bac de lavage Professionnel Valentina - Bac \u00e0 Shampoing Professionnel Valentina - Bac \u00e0 Shampoing salon de coiffure - mobilier de coiffure haut de gamme - bac a shampoing allong\u00e9 - bac de lavage allong\u00e9 - groupe coiff - mobicoiff\" srcset=\"https:\/\/groupecoiff.com\/wp-content\/uploads\/2026\/04\/Valentina-Noir-1-300x300.webp 300w, https:\/\/groupecoiff.com\/wp-content\/uploads\/2026\/04\/Valentina-Noir-1-150x150.webp 150w, https:\/\/groupecoiff.com\/wp-content\/uploads\/2026\/04\/Valentina-Noir-1-12x12.webp 12w, https:\/\/groupecoiff.com\/wp-content\/uploads\/2026\/04\/Valentina-Noir-1-250x250.webp 250w, https:\/\/groupecoiff.com\/wp-content\/uploads\/2026\/04\/Valentina-Noir-1-100x100.webp 100w, https:\/\/groupecoiff.com\/wp-content\/uploads\/2026\/04\/Valentina-Noir-1-64x64.webp 64w, https:\/\/groupecoiff.com\/wp-content\/uploads\/2026\/04\/Valentina-Noir-1.webp 650w\" sizes=\"auto, (max-width: 300px) 100vw, 300px\" data-attachment-id=\"52390\" data-permalink=\"https:\/\/groupecoiff.com\/en\/?attachment_id=52390\" data-orig-file=\"https:\/\/groupecoiff.com\/wp-content\/uploads\/2026\/04\/Valentina-Noir-1.webp\" data-orig-size=\"650,650\" data-comments-opened=\"1\" data-image-meta=\"{&quot;aperture&quot;:&quot;0&quot;,&quot;credit&quot;:&quot;&quot;,&quot;camera&quot;:&quot;&quot;,&quot;caption&quot;:&quot;&quot;,&quot;created_timestamp&quot;:&quot;0&quot;,&quot;copyright&quot;:&quot;&quot;,&quot;focal_length&quot;:&quot;0&quot;,&quot;iso&quot;:&quot;0&quot;,&quot;shutter_speed&quot;:&quot;0&quot;,&quot;title&quot;:&quot;&quot;,&quot;orientation&quot;:&quot;0&quot;}\" data-image-title=\"Valentina Noir (1)\" data-image-description=\"\" data-image-caption=\"\" data-large-file=\"https:\/\/groupecoiff.com\/wp-content\/uploads\/2026\/04\/Valentina-Noir-1.webp\" \/><h2 class=\"woocommerce-loop-product__title\">Bac \u00e0 shampoing Valentina Noir<\/h2>\n\t<span class=\"price\"><span class=\"prix-ht-ttc-wrapper\"><span class=\"prix-ht-nouveau\"><span class=\"woocommerce-Price-amount amount\"><bdi>699,00&nbsp;<span class=\"woocommerce-Price-currencySymbol\">&euro;<\/span><\/bdi><\/span> HT<\/span> - <del class=\"prix-ht-ancien\"><span class=\"woocommerce-Price-amount amount\"><bdi>799,00&nbsp;<span class=\"woocommerce-Price-currencySymbol\">&euro;<\/span><\/bdi><\/span> HT<\/del> <small class=\"prix-ttc\">( <span class=\"woocommerce-Price-amount amount\"><bdi>838,80&nbsp;<span class=\"woocommerce-Price-currencySymbol\">&euro;<\/span><\/bdi><\/span> TTC )<\/small><\/span><\/span>\n<\/a><a href=\"\/en\/wp-json\/wp\/v2\/pages\/51979?add-to-cart=52389\" aria-describedby=\"woocommerce_loop_add_to_cart_link_describedby_52389\" data-quantity=\"1\" class=\"button product_type_simple add_to_cart_button ajax_add_to_cart\" data-product_id=\"52389\" data-product_sku=\"\" aria-label=\"Add to cart: &ldquo;Bac \u00e0 shampoing Valentina Noir&rdquo;\" rel=\"nofollow\" data-success_message=\"&ldquo;Bac \u00e0 shampoing Valentina Noir&rdquo; has been added to your cart\">Add to cart<\/a>\t<span id=\"woocommerce_loop_add_to_cart_link_describedby_52389\" class=\"screen-reader-text\">\n\t\t\t<\/span>\n<\/li>\n<li class=\"product type-product post-52316 status-publish last instock product_cat-mobilier-esthetique product_cat-table-manicure product_cat-table-de-maquillage product_tag-mobilier-esthetique-professionnel product_tag-table-de-manucure-avec-aspirateur product_tag-table-de-manucure-professionnelle product_tag-table-manucure-2-places has-post-thumbnail sale taxable shipping-taxable purchasable product-type-simple\">\n\t<div class=\"wcpb-product-badges-badge wcpb-product-badges-badge-27848 wcpb-product-badges-badge-top-left\" style=\"width: 120px;margin: 10px\"><img decoding=\"async\" class=\"wcpb-product-badges-badge-img\" src=\"https:\/\/groupecoiff.com\/wp-content\/uploads\/2023\/09\/badge-promo-woocomerce-groupecoiff.png\" alt=\"Promo badge\"><\/div><a href=\"https:\/\/groupecoiff.com\/en\/produit\/table-de-manucure-worker-lux-2-places\/\" class=\"woocommerce-LoopProduct-link woocommerce-loop-product__link\">\n\t\n\t<img loading=\"lazy\" decoding=\"async\" width=\"300\" height=\"300\" src=\"https:\/\/groupecoiff.com\/wp-content\/uploads\/2026\/04\/Worker-Lux-2-places-1-300x300.webp\" class=\"attachment-woocommerce_thumbnail size-woocommerce_thumbnail\" alt=\"Table de Manucure Worker Lux 2 places - table onglerie avec aspirateur int\u00e9gr\u00e9 - Table de manucure professionnelle - table onglerie professionnelle - mobilier esth\u00e9tique et onglerie\" srcset=\"https:\/\/groupecoiff.com\/wp-content\/uploads\/2026\/04\/Worker-Lux-2-places-1-300x300.webp 300w, https:\/\/groupecoiff.com\/wp-content\/uploads\/2026\/04\/Worker-Lux-2-places-1-150x150.webp 150w, https:\/\/groupecoiff.com\/wp-content\/uploads\/2026\/04\/Worker-Lux-2-places-1-12x12.webp 12w, https:\/\/groupecoiff.com\/wp-content\/uploads\/2026\/04\/Worker-Lux-2-places-1-250x250.webp 250w, https:\/\/groupecoiff.com\/wp-content\/uploads\/2026\/04\/Worker-Lux-2-places-1-100x100.webp 100w, https:\/\/groupecoiff.com\/wp-content\/uploads\/2026\/04\/Worker-Lux-2-places-1-64x64.webp 64w, https:\/\/groupecoiff.com\/wp-content\/uploads\/2026\/04\/Worker-Lux-2-places-1.webp 650w\" sizes=\"auto, (max-width: 300px) 100vw, 300px\" data-attachment-id=\"52319\" data-permalink=\"https:\/\/groupecoiff.com\/en\/?attachment_id=52319\" data-orig-file=\"https:\/\/groupecoiff.com\/wp-content\/uploads\/2026\/04\/Worker-Lux-2-places-1.webp\" data-orig-size=\"650,650\" data-comments-opened=\"1\" data-image-meta=\"{&quot;aperture&quot;:&quot;0&quot;,&quot;credit&quot;:&quot;&quot;,&quot;camera&quot;:&quot;&quot;,&quot;caption&quot;:&quot;&quot;,&quot;created_timestamp&quot;:&quot;0&quot;,&quot;copyright&quot;:&quot;&quot;,&quot;focal_length&quot;:&quot;0&quot;,&quot;iso&quot;:&quot;0&quot;,&quot;shutter_speed&quot;:&quot;0&quot;,&quot;title&quot;:&quot;&quot;,&quot;orientation&quot;:&quot;0&quot;}\" data-image-title=\"Worker Lux 2 places (1)\" data-image-description=\"\" data-image-caption=\"\" data-large-file=\"https:\/\/groupecoiff.com\/wp-content\/uploads\/2026\/04\/Worker-Lux-2-places-1.webp\" \/><h2 class=\"woocommerce-loop-product__title\">Table de Manucure Worker Lux 2 places<\/h2>\n\t<span class=\"price\"><span class=\"prix-ht-ttc-wrapper\"><span class=\"prix-ht-nouveau\"><span class=\"woocommerce-Price-amount amount\"><bdi>1790,00&nbsp;<span class=\"woocommerce-Price-currencySymbol\">&euro;<\/span><\/bdi><\/span> HT<\/span> - <del class=\"prix-ht-ancien\"><span class=\"woocommerce-Price-amount amount\"><bdi>1990,00&nbsp;<span class=\"woocommerce-Price-currencySymbol\">&euro;<\/span><\/bdi><\/span> HT<\/del> <small class=\"prix-ttc\">( <span class=\"woocommerce-Price-amount amount\"><bdi>2148,00&nbsp;<span class=\"woocommerce-Price-currencySymbol\">&euro;<\/span><\/bdi><\/span> TTC )<\/small><\/span><\/span>\n<\/a><a href=\"https:\/\/groupecoiff.com\/en\/produit\/table-de-manucure-worker-lux-2-places\/\" aria-describedby=\"woocommerce_loop_add_to_cart_link_describedby_52316\" data-quantity=\"1\" class=\"button product_type_simple add_to_cart_button\" data-product_id=\"52316\" data-product_sku=\"\" aria-label=\"Add to cart: &ldquo;Table de Manucure Worker Lux 2 places&rdquo;\" rel=\"nofollow\" data-success_message=\"&ldquo;Table de Manucure Worker Lux 2 places&rdquo; has been added to your cart\">Select Options<\/a>\t<span id=\"woocommerce_loop_add_to_cart_link_describedby_52316\" class=\"screen-reader-text\">\n\t\t\t<\/span>\n<\/li>\n<li class=\"product type-product post-52298 status-publish first instock product_cat-mobilier-esthetique product_cat-table-manicure product_cat-table-de-maquillage product_tag-mobilier-esthetique-professionnel product_tag-table-de-manucure-avec-aspirateur product_tag-table-de-manucure-professionnelle has-post-thumbnail sale taxable shipping-taxable purchasable product-type-simple\">\n\t<div class=\"wcpb-product-badges-badge wcpb-product-badges-badge-27848 wcpb-product-badges-badge-top-left\" style=\"width: 120px;margin: 10px\"><img decoding=\"async\" class=\"wcpb-product-badges-badge-img\" src=\"https:\/\/groupecoiff.com\/wp-content\/uploads\/2023\/09\/badge-promo-woocomerce-groupecoiff.png\" alt=\"Promo badge\"><\/div><a href=\"https:\/\/groupecoiff.com\/en\/produit\/table-de-manucure-worker-lux\/\" class=\"woocommerce-LoopProduct-link woocommerce-loop-product__link\">\n\t\n\t<img loading=\"lazy\" decoding=\"async\" width=\"300\" height=\"300\" src=\"https:\/\/groupecoiff.com\/wp-content\/uploads\/2026\/04\/Worker-Lux-2-300x300.webp\" class=\"attachment-woocommerce_thumbnail size-woocommerce_thumbnail\" alt=\"Table de Manucure Worker Lux - table onglerie avec aspirateur int\u00e9gr\u00e9 - Table de manucure professionnelle - table onglerie professionnelle - mobilier esth\u00e9tique et onglerie\" srcset=\"https:\/\/groupecoiff.com\/wp-content\/uploads\/2026\/04\/Worker-Lux-2-300x300.webp 300w, https:\/\/groupecoiff.com\/wp-content\/uploads\/2026\/04\/Worker-Lux-2-150x150.webp 150w, https:\/\/groupecoiff.com\/wp-content\/uploads\/2026\/04\/Worker-Lux-2-12x12.webp 12w, https:\/\/groupecoiff.com\/wp-content\/uploads\/2026\/04\/Worker-Lux-2-250x250.webp 250w, https:\/\/groupecoiff.com\/wp-content\/uploads\/2026\/04\/Worker-Lux-2-100x100.webp 100w, https:\/\/groupecoiff.com\/wp-content\/uploads\/2026\/04\/Worker-Lux-2-64x64.webp 64w, https:\/\/groupecoiff.com\/wp-content\/uploads\/2026\/04\/Worker-Lux-2.webp 650w\" sizes=\"auto, (max-width: 300px) 100vw, 300px\" data-attachment-id=\"52303\" data-permalink=\"https:\/\/groupecoiff.com\/en\/?attachment_id=52303\" data-orig-file=\"https:\/\/groupecoiff.com\/wp-content\/uploads\/2026\/04\/Worker-Lux-2.webp\" data-orig-size=\"650,650\" data-comments-opened=\"1\" data-image-meta=\"{&quot;aperture&quot;:&quot;0&quot;,&quot;credit&quot;:&quot;&quot;,&quot;camera&quot;:&quot;&quot;,&quot;caption&quot;:&quot;&quot;,&quot;created_timestamp&quot;:&quot;0&quot;,&quot;copyright&quot;:&quot;&quot;,&quot;focal_length&quot;:&quot;0&quot;,&quot;iso&quot;:&quot;0&quot;,&quot;shutter_speed&quot;:&quot;0&quot;,&quot;title&quot;:&quot;&quot;,&quot;orientation&quot;:&quot;0&quot;}\" data-image-title=\"Worker Lux (2)\" data-image-description=\"\" data-image-caption=\"\" data-large-file=\"https:\/\/groupecoiff.com\/wp-content\/uploads\/2026\/04\/Worker-Lux-2.webp\" \/><h2 class=\"woocommerce-loop-product__title\">Table de Manucure Worker Lux<\/h2>\n\t<span class=\"price\"><span class=\"prix-ht-ttc-wrapper\"><span class=\"prix-ht-nouveau\"><span class=\"woocommerce-Price-amount amount\"><bdi>890,00&nbsp;<span class=\"woocommerce-Price-currencySymbol\">&euro;<\/span><\/bdi><\/span> HT<\/span> - <del class=\"prix-ht-ancien\"><span class=\"woocommerce-Price-amount amount\"><bdi>990,00&nbsp;<span class=\"woocommerce-Price-currencySymbol\">&euro;<\/span><\/bdi><\/span> HT<\/del> <small class=\"prix-ttc\">( <span class=\"woocommerce-Price-amount amount\"><bdi>1068,00&nbsp;<span class=\"woocommerce-Price-currencySymbol\">&euro;<\/span><\/bdi><\/span> TTC )<\/small><\/span><\/span>\n<\/a><a href=\"https:\/\/groupecoiff.com\/en\/produit\/table-de-manucure-worker-lux\/\" aria-describedby=\"woocommerce_loop_add_to_cart_link_describedby_52298\" data-quantity=\"1\" class=\"button product_type_simple add_to_cart_button\" data-product_id=\"52298\" data-product_sku=\"\" aria-label=\"Add to cart: &ldquo;Table de Manucure Worker Lux&rdquo;\" rel=\"nofollow\" data-success_message=\"&ldquo;Table de Manucure Worker Lux&rdquo; has been added to your cart\">Select Options<\/a>\t<span id=\"woocommerce_loop_add_to_cart_link_describedby_52298\" class=\"screen-reader-text\">\n\t\t\t<\/span>\n<\/li>\n<li class=\"product type-product post-52264 status-publish instock product_cat-fauteuil-pedicure-spa product_cat-mobilier-esthetique product_tag-fauteuil-de-pedicure-haut-de-gamme product_tag-fauteuil-de-pedicure-professionnel product_tag-mobilier-et-fauteuils-de-pedicure-professionnel has-post-thumbnail sale taxable shipping-taxable purchasable product-type-simple\">\n\t<div class=\"wcpb-product-badges-badge wcpb-product-badges-badge-27848 wcpb-product-badges-badge-top-left\" style=\"width: 120px;margin: 10px\"><img decoding=\"async\" class=\"wcpb-product-badges-badge-img\" src=\"https:\/\/groupecoiff.com\/wp-content\/uploads\/2023\/09\/badge-promo-woocomerce-groupecoiff.png\" alt=\"Promo badge\"><\/div><a href=\"https:\/\/groupecoiff.com\/en\/produit\/fauteuil-de-pedicure-oriana\/\" class=\"woocommerce-LoopProduct-link woocommerce-loop-product__link\">\n\t\n\t<img loading=\"lazy\" decoding=\"async\" width=\"300\" height=\"300\" src=\"https:\/\/groupecoiff.com\/wp-content\/uploads\/2026\/04\/Oriana-1-300x300.webp\" class=\"attachment-woocommerce_thumbnail size-woocommerce_thumbnail\" alt=\"Fauteuil de p\u00e9dicure Oriana - Fauteuil p\u00e9dicure professionnel - Fauteuil Spa haut de gamme - Mobilier esth\u00e9tique haut de gamme - Mobilier esth\u00e9tique professionnel - fauteuil p\u00e9dicure spa -Fauteuil de p\u00e9dicure haut de gamme - groupe coiff\" srcset=\"https:\/\/groupecoiff.com\/wp-content\/uploads\/2026\/04\/Oriana-1-300x300.webp 300w, https:\/\/groupecoiff.com\/wp-content\/uploads\/2026\/04\/Oriana-1-150x150.webp 150w, https:\/\/groupecoiff.com\/wp-content\/uploads\/2026\/04\/Oriana-1-12x12.webp 12w, https:\/\/groupecoiff.com\/wp-content\/uploads\/2026\/04\/Oriana-1-250x250.webp 250w, https:\/\/groupecoiff.com\/wp-content\/uploads\/2026\/04\/Oriana-1-100x100.webp 100w, https:\/\/groupecoiff.com\/wp-content\/uploads\/2026\/04\/Oriana-1-64x64.webp 64w, https:\/\/groupecoiff.com\/wp-content\/uploads\/2026\/04\/Oriana-1.webp 650w\" sizes=\"auto, (max-width: 300px) 100vw, 300px\" data-attachment-id=\"52287\" data-permalink=\"https:\/\/groupecoiff.com\/en\/?attachment_id=52287\" data-orig-file=\"https:\/\/groupecoiff.com\/wp-content\/uploads\/2026\/04\/Oriana-1.webp\" data-orig-size=\"650,650\" data-comments-opened=\"1\" data-image-meta=\"{&quot;aperture&quot;:&quot;0&quot;,&quot;credit&quot;:&quot;&quot;,&quot;camera&quot;:&quot;&quot;,&quot;caption&quot;:&quot;&quot;,&quot;created_timestamp&quot;:&quot;0&quot;,&quot;copyright&quot;:&quot;&quot;,&quot;focal_length&quot;:&quot;0&quot;,&quot;iso&quot;:&quot;0&quot;,&quot;shutter_speed&quot;:&quot;0&quot;,&quot;title&quot;:&quot;&quot;,&quot;orientation&quot;:&quot;0&quot;}\" data-image-title=\"Oriana (1)\" data-image-description=\"\" data-image-caption=\"\" data-large-file=\"https:\/\/groupecoiff.com\/wp-content\/uploads\/2026\/04\/Oriana-1.webp\" \/><h2 class=\"woocommerce-loop-product__title\">Fauteuil de p\u00e9dicure Oriana<\/h2>\n\t<span class=\"price\"><span class=\"prix-ht-ttc-wrapper\"><span class=\"prix-ht-nouveau\"><span class=\"woocommerce-Price-amount amount\"><bdi>1790,00&nbsp;<span class=\"woocommerce-Price-currencySymbol\">&euro;<\/span><\/bdi><\/span> HT<\/span> - <del class=\"prix-ht-ancien\"><span class=\"woocommerce-Price-amount amount\"><bdi>1890,00&nbsp;<span class=\"woocommerce-Price-currencySymbol\">&euro;<\/span><\/bdi><\/span> HT<\/del> <small class=\"prix-ttc\">( <span class=\"woocommerce-Price-amount amount\"><bdi>2148,00&nbsp;<span class=\"woocommerce-Price-currencySymbol\">&euro;<\/span><\/bdi><\/span> TTC )<\/small><\/span><\/span>\n<\/a><a href=\"https:\/\/groupecoiff.com\/en\/produit\/fauteuil-de-pedicure-oriana\/\" aria-describedby=\"woocommerce_loop_add_to_cart_link_describedby_52264\" data-quantity=\"1\" class=\"button product_type_simple add_to_cart_button\" data-product_id=\"52264\" data-product_sku=\"\" aria-label=\"Add to cart: &ldquo;Fauteuil de p\u00e9dicure Oriana&rdquo;\" rel=\"nofollow\" data-success_message=\"&ldquo;Fauteuil de p\u00e9dicure Oriana&rdquo; has been added to your cart\">Select Options<\/a>\t<span id=\"woocommerce_loop_add_to_cart_link_describedby_52264\" class=\"screen-reader-text\">\n\t\t\t<\/span>\n<\/li>\n<li class=\"product type-product post-52236 status-publish instock product_cat-head-spa product_cat-mobilier-esthetique product_tag-bac-a-shampoing-head-spa product_tag-mobilier-esthetique-professionnel product_tag-mobilier-spa-professionnel has-post-thumbnail sale taxable shipping-taxable purchasable product-type-simple\">\n\t<div class=\"wcpb-product-badges-badge wcpb-product-badges-badge-27848 wcpb-product-badges-badge-top-left\" style=\"width: 120px;margin: 10px\"><img decoding=\"async\" class=\"wcpb-product-badges-badge-img\" src=\"https:\/\/groupecoiff.com\/wp-content\/uploads\/2023\/09\/badge-promo-woocomerce-groupecoiff.png\" alt=\"Promo badge\"><\/div><a href=\"https:\/\/groupecoiff.com\/en\/produit\/bac-a-shampoing-massant-head-spa-sea-501\/\" class=\"woocommerce-LoopProduct-link woocommerce-loop-product__link\">\n\t\n\t<img loading=\"lazy\" decoding=\"async\" width=\"300\" height=\"300\" src=\"https:\/\/groupecoiff.com\/wp-content\/uploads\/2026\/04\/Head-Spa-Sea-501-1-300x300.webp\" class=\"attachment-woocommerce_thumbnail size-woocommerce_thumbnail\" alt=\"Table Head Spa Sea 501 - Table Head SPA avec vapeur - table Head SPA professionnelle - table Head SPA avec raccordement - Lit Head SPA professionnel - Mobilier professionnel esth\u00e9tique spa - Bac \u00e0 Shampoing Massant Head Spa - Bac \u00e0 Shampoing Japonais - Gabbiano Head Spa - groupe coiff\" srcset=\"https:\/\/groupecoiff.com\/wp-content\/uploads\/2026\/04\/Head-Spa-Sea-501-1-300x300.webp 300w, https:\/\/groupecoiff.com\/wp-content\/uploads\/2026\/04\/Head-Spa-Sea-501-1-150x150.webp 150w, https:\/\/groupecoiff.com\/wp-content\/uploads\/2026\/04\/Head-Spa-Sea-501-1-12x12.webp 12w, https:\/\/groupecoiff.com\/wp-content\/uploads\/2026\/04\/Head-Spa-Sea-501-1-250x250.webp 250w, https:\/\/groupecoiff.com\/wp-content\/uploads\/2026\/04\/Head-Spa-Sea-501-1-100x100.webp 100w, https:\/\/groupecoiff.com\/wp-content\/uploads\/2026\/04\/Head-Spa-Sea-501-1-64x64.webp 64w, https:\/\/groupecoiff.com\/wp-content\/uploads\/2026\/04\/Head-Spa-Sea-501-1.webp 650w\" sizes=\"auto, (max-width: 300px) 100vw, 300px\" data-attachment-id=\"52237\" data-permalink=\"https:\/\/groupecoiff.com\/en\/?attachment_id=52237\" data-orig-file=\"https:\/\/groupecoiff.com\/wp-content\/uploads\/2026\/04\/Head-Spa-Sea-501-1.webp\" data-orig-size=\"650,650\" data-comments-opened=\"1\" data-image-meta=\"{&quot;aperture&quot;:&quot;0&quot;,&quot;credit&quot;:&quot;&quot;,&quot;camera&quot;:&quot;&quot;,&quot;caption&quot;:&quot;&quot;,&quot;created_timestamp&quot;:&quot;0&quot;,&quot;copyright&quot;:&quot;&quot;,&quot;focal_length&quot;:&quot;0&quot;,&quot;iso&quot;:&quot;0&quot;,&quot;shutter_speed&quot;:&quot;0&quot;,&quot;title&quot;:&quot;&quot;,&quot;orientation&quot;:&quot;0&quot;}\" data-image-title=\"Head Spa Sea 501 (1)\" data-image-description=\"\" data-image-caption=\"\" data-large-file=\"https:\/\/groupecoiff.com\/wp-content\/uploads\/2026\/04\/Head-Spa-Sea-501-1.webp\" \/><h2 class=\"woocommerce-loop-product__title\">Bac \u00e0 Shampoing Massant Head Spa Sea 501<\/h2>\n\t<span class=\"price\"><span class=\"prix-ht-ttc-wrapper\"><span class=\"prix-ht-nouveau\"><span class=\"woocommerce-Price-amount amount\"><bdi>1850,00&nbsp;<span class=\"woocommerce-Price-currencySymbol\">&euro;<\/span><\/bdi><\/span> HT<\/span> - <del class=\"prix-ht-ancien\"><span class=\"woocommerce-Price-amount amount\"><bdi>2150,00&nbsp;<span class=\"woocommerce-Price-currencySymbol\">&euro;<\/span><\/bdi><\/span> HT<\/del> <small class=\"prix-ttc\">( <span class=\"woocommerce-Price-amount amount\"><bdi>2220,00&nbsp;<span class=\"woocommerce-Price-currencySymbol\">&euro;<\/span><\/bdi><\/span> TTC )<\/small><\/span><\/span>\n<\/a><a href=\"\/en\/wp-json\/wp\/v2\/pages\/51979?add-to-cart=52236\" aria-describedby=\"woocommerce_loop_add_to_cart_link_describedby_52236\" data-quantity=\"1\" class=\"button product_type_simple add_to_cart_button ajax_add_to_cart\" data-product_id=\"52236\" data-product_sku=\"5906717466908\" aria-label=\"Add to cart: &ldquo;Bac \u00e0 Shampoing Massant Head Spa Sea 501&rdquo;\" rel=\"nofollow\" data-success_message=\"&ldquo;Bac \u00e0 Shampoing Massant Head Spa Sea 501&rdquo; has been added to your cart\">Add to cart<\/a>\t<span id=\"woocommerce_loop_add_to_cart_link_describedby_52236\" class=\"screen-reader-text\">\n\t\t\t<\/span>\n<\/li>\n<li class=\"product type-product post-52205 status-publish last instock product_cat-fauteuil-de-barbier-professionnel product_cat-meuble-de-coiffure product_tag-barbershop product_tag-fauteuil-de-barbier-professionnel product_tag-fauteuil-de-coiffure-pour-homme product_tag-mobilier-barbier-professionnel has-post-thumbnail sale taxable shipping-taxable purchasable product-type-simple\">\n\t<div class=\"wcpb-product-badges-badge wcpb-product-badges-badge-27848 wcpb-product-badges-badge-top-left\" style=\"width: 120px;margin: 10px\"><img decoding=\"async\" class=\"wcpb-product-badges-badge-img\" src=\"https:\/\/groupecoiff.com\/wp-content\/uploads\/2023\/09\/badge-promo-woocomerce-groupecoiff.png\" alt=\"Promo badge\"><\/div><a href=\"https:\/\/groupecoiff.com\/en\/produit\/fauteuil-de-barbier-visionerio-gris\/\" class=\"woocommerce-LoopProduct-link woocommerce-loop-product__link\">\n\t\n\t<img loading=\"lazy\" decoding=\"async\" width=\"300\" height=\"300\" src=\"https:\/\/groupecoiff.com\/wp-content\/uploads\/2026\/04\/Visionerio-Gris-2-300x300.webp\" class=\"attachment-woocommerce_thumbnail size-woocommerce_thumbnail\" alt=\"Fauteuil de barbier Visionerio Gris - Fauteuil barbier vintage - chaise barbier professionnel - massant - mobilier de barbier professionnel - Fauteuil barbier haut de gamme - fauteuil de coiffure pour homme\" srcset=\"https:\/\/groupecoiff.com\/wp-content\/uploads\/2026\/04\/Visionerio-Gris-2-300x300.webp 300w, https:\/\/groupecoiff.com\/wp-content\/uploads\/2026\/04\/Visionerio-Gris-2-150x150.webp 150w, https:\/\/groupecoiff.com\/wp-content\/uploads\/2026\/04\/Visionerio-Gris-2-12x12.webp 12w, https:\/\/groupecoiff.com\/wp-content\/uploads\/2026\/04\/Visionerio-Gris-2-250x250.webp 250w, https:\/\/groupecoiff.com\/wp-content\/uploads\/2026\/04\/Visionerio-Gris-2-100x100.webp 100w, https:\/\/groupecoiff.com\/wp-content\/uploads\/2026\/04\/Visionerio-Gris-2-64x64.webp 64w, https:\/\/groupecoiff.com\/wp-content\/uploads\/2026\/04\/Visionerio-Gris-2.webp 650w\" sizes=\"auto, (max-width: 300px) 100vw, 300px\" data-attachment-id=\"52207\" data-permalink=\"https:\/\/groupecoiff.com\/en\/?attachment_id=52207\" data-orig-file=\"https:\/\/groupecoiff.com\/wp-content\/uploads\/2026\/04\/Visionerio-Gris-2.webp\" data-orig-size=\"650,650\" data-comments-opened=\"1\" data-image-meta=\"{&quot;aperture&quot;:&quot;0&quot;,&quot;credit&quot;:&quot;&quot;,&quot;camera&quot;:&quot;&quot;,&quot;caption&quot;:&quot;&quot;,&quot;created_timestamp&quot;:&quot;0&quot;,&quot;copyright&quot;:&quot;&quot;,&quot;focal_length&quot;:&quot;0&quot;,&quot;iso&quot;:&quot;0&quot;,&quot;shutter_speed&quot;:&quot;0&quot;,&quot;title&quot;:&quot;&quot;,&quot;orientation&quot;:&quot;0&quot;}\" data-image-title=\"Visionerio Gris (2)\" data-image-description=\"\" data-image-caption=\"\" data-large-file=\"https:\/\/groupecoiff.com\/wp-content\/uploads\/2026\/04\/Visionerio-Gris-2.webp\" \/><h2 class=\"woocommerce-loop-product__title\">Fauteuil de Barbier Visionerio Gris<\/h2>\n\t<span class=\"price\"><span class=\"prix-ht-ttc-wrapper\"><span class=\"prix-ht-nouveau\"><span class=\"woocommerce-Price-amount amount\"><bdi>599,00&nbsp;<span class=\"woocommerce-Price-currencySymbol\">&euro;<\/span><\/bdi><\/span> HT<\/span> - <del class=\"prix-ht-ancien\"><span class=\"woocommerce-Price-amount amount\"><bdi>699,00&nbsp;<span class=\"woocommerce-Price-currencySymbol\">&euro;<\/span><\/bdi><\/span> HT<\/del> <small class=\"prix-ttc\">( <span class=\"woocommerce-Price-amount amount\"><bdi>718,80&nbsp;<span class=\"woocommerce-Price-currencySymbol\">&euro;<\/span><\/bdi><\/span> TTC )<\/small><\/span><\/span>\n<\/a><a href=\"\/en\/wp-json\/wp\/v2\/pages\/51979?add-to-cart=52205\" aria-describedby=\"woocommerce_loop_add_to_cart_link_describedby_52205\" data-quantity=\"1\" class=\"button product_type_simple add_to_cart_button ajax_add_to_cart\" data-product_id=\"52205\" data-product_sku=\"\" aria-label=\"Add to cart: &ldquo;Fauteuil de Barbier Visionerio Gris&rdquo;\" rel=\"nofollow\" data-success_message=\"&ldquo;Fauteuil de Barbier Visionerio Gris&rdquo; has been added to your cart\">Add to cart<\/a>\t<span id=\"woocommerce_loop_add_to_cart_link_describedby_52205\" class=\"screen-reader-text\">\n\t\t\t<\/span>\n<\/li>\n<li class=\"product type-product post-52168 status-publish first instock product_cat-fauteuil-de-barbier-professionnel product_cat-meuble-de-coiffure product_tag-barbershop product_tag-fauteuil-de-barbier-professionnel product_tag-fauteuil-de-coiffure-pour-homme product_tag-mobilier-barbier-professionnel has-post-thumbnail sale taxable shipping-taxable purchasable product-type-simple\">\n\t<div class=\"wcpb-product-badges-badge wcpb-product-badges-badge-27848 wcpb-product-badges-badge-top-left\" style=\"width: 120px;margin: 10px\"><img decoding=\"async\" class=\"wcpb-product-badges-badge-img\" src=\"https:\/\/groupecoiff.com\/wp-content\/uploads\/2023\/09\/badge-promo-woocomerce-groupecoiff.png\" alt=\"Promo badge\"><\/div><a href=\"https:\/\/groupecoiff.com\/en\/produit\/fauteuil-de-barbier-visionerio-rouge\/\" class=\"woocommerce-LoopProduct-link woocommerce-loop-product__link\">\n\t\n\t<img loading=\"lazy\" decoding=\"async\" width=\"300\" height=\"300\" src=\"https:\/\/groupecoiff.com\/wp-content\/uploads\/2026\/04\/Visionerio-Rouge-1-300x300.webp\" class=\"attachment-woocommerce_thumbnail size-woocommerce_thumbnail\" alt=\"Fauteuil de barbier Visionerio Rouge - Fauteuil barbier vintage - chaise barbier professionnel - massant - mobilier de barbier professionnel - Fauteuil barbier haut de gamme - fauteuil de coiffure pour homme\" srcset=\"https:\/\/groupecoiff.com\/wp-content\/uploads\/2026\/04\/Visionerio-Rouge-1-300x300.webp 300w, https:\/\/groupecoiff.com\/wp-content\/uploads\/2026\/04\/Visionerio-Rouge-1-150x150.webp 150w, https:\/\/groupecoiff.com\/wp-content\/uploads\/2026\/04\/Visionerio-Rouge-1-12x12.webp 12w, https:\/\/groupecoiff.com\/wp-content\/uploads\/2026\/04\/Visionerio-Rouge-1-250x250.webp 250w, https:\/\/groupecoiff.com\/wp-content\/uploads\/2026\/04\/Visionerio-Rouge-1-100x100.webp 100w, https:\/\/groupecoiff.com\/wp-content\/uploads\/2026\/04\/Visionerio-Rouge-1-64x64.webp 64w, https:\/\/groupecoiff.com\/wp-content\/uploads\/2026\/04\/Visionerio-Rouge-1.webp 650w\" sizes=\"auto, (max-width: 300px) 100vw, 300px\" data-attachment-id=\"52169\" data-permalink=\"https:\/\/groupecoiff.com\/en\/?attachment_id=52169\" data-orig-file=\"https:\/\/groupecoiff.com\/wp-content\/uploads\/2026\/04\/Visionerio-Rouge-1.webp\" data-orig-size=\"650,650\" data-comments-opened=\"1\" data-image-meta=\"{&quot;aperture&quot;:&quot;0&quot;,&quot;credit&quot;:&quot;&quot;,&quot;camera&quot;:&quot;&quot;,&quot;caption&quot;:&quot;&quot;,&quot;created_timestamp&quot;:&quot;0&quot;,&quot;copyright&quot;:&quot;&quot;,&quot;focal_length&quot;:&quot;0&quot;,&quot;iso&quot;:&quot;0&quot;,&quot;shutter_speed&quot;:&quot;0&quot;,&quot;title&quot;:&quot;&quot;,&quot;orientation&quot;:&quot;0&quot;}\" data-image-title=\"Visionerio Rouge (1)\" data-image-description=\"\" data-image-caption=\"\" data-large-file=\"https:\/\/groupecoiff.com\/wp-content\/uploads\/2026\/04\/Visionerio-Rouge-1.webp\" \/><h2 class=\"woocommerce-loop-product__title\">Fauteuil de Barbier Visionerio Rouge<\/h2>\n\t<span class=\"price\"><span class=\"prix-ht-ttc-wrapper\"><span class=\"prix-ht-nouveau\"><span class=\"woocommerce-Price-amount amount\"><bdi>599,00&nbsp;<span class=\"woocommerce-Price-currencySymbol\">&euro;<\/span><\/bdi><\/span> HT<\/span> - <del class=\"prix-ht-ancien\"><span class=\"woocommerce-Price-amount amount\"><bdi>699,00&nbsp;<span class=\"woocommerce-Price-currencySymbol\">&euro;<\/span><\/bdi><\/span> HT<\/del> <small class=\"prix-ttc\">( <span class=\"woocommerce-Price-amount amount\"><bdi>718,80&nbsp;<span class=\"woocommerce-Price-currencySymbol\">&euro;<\/span><\/bdi><\/span> TTC )<\/small><\/span><\/span>\n<\/a><a href=\"\/en\/wp-json\/wp\/v2\/pages\/51979?add-to-cart=52168\" aria-describedby=\"woocommerce_loop_add_to_cart_link_describedby_52168\" data-quantity=\"1\" class=\"button product_type_simple add_to_cart_button ajax_add_to_cart\" data-product_id=\"52168\" data-product_sku=\"\" aria-label=\"Add to cart: &ldquo;Fauteuil de Barbier Visionerio Rouge&rdquo;\" rel=\"nofollow\" data-success_message=\"&ldquo;Fauteuil de Barbier Visionerio Rouge&rdquo; has been added to your cart\">Add to cart<\/a>\t<span id=\"woocommerce_loop_add_to_cart_link_describedby_52168\" class=\"screen-reader-text\">\n\t\t\t<\/span>\n<\/li>\n<li class=\"product type-product post-52142 status-publish instock product_cat-fauteuil-de-barbier-professionnel product_cat-meuble-de-coiffure product_tag-barbershop product_tag-fauteuil-de-barbier-professionnel product_tag-fauteuil-de-coiffure-pour-homme product_tag-mobilier-barbier-professionnel has-post-thumbnail sale taxable shipping-taxable purchasable product-type-simple\">\n\t<div class=\"wcpb-product-badges-badge wcpb-product-badges-badge-27848 wcpb-product-badges-badge-top-left\" style=\"width: 120px;margin: 10px\"><img decoding=\"async\" class=\"wcpb-product-badges-badge-img\" src=\"https:\/\/groupecoiff.com\/wp-content\/uploads\/2023\/09\/badge-promo-woocomerce-groupecoiff.png\" alt=\"Promo badge\"><\/div><a href=\"https:\/\/groupecoiff.com\/en\/produit\/fauteuil-de-barbier-visionerio-rose\/\" class=\"woocommerce-LoopProduct-link woocommerce-loop-product__link\">\n\t\n\t<img loading=\"lazy\" decoding=\"async\" width=\"300\" height=\"300\" src=\"https:\/\/groupecoiff.com\/wp-content\/uploads\/2026\/04\/Visionerio-Rose-2-300x300.webp\" class=\"attachment-woocommerce_thumbnail size-woocommerce_thumbnail\" alt=\"Fauteuil de barbier Visionerio Rose - Fauteuil barbier vintage - chaise barbier professionnel - massant - mobilier de barbier professionnel - Fauteuil barbier haut de gamme - fauteuil de coiffure pour homme\" srcset=\"https:\/\/groupecoiff.com\/wp-content\/uploads\/2026\/04\/Visionerio-Rose-2-300x300.webp 300w, https:\/\/groupecoiff.com\/wp-content\/uploads\/2026\/04\/Visionerio-Rose-2-150x150.webp 150w, https:\/\/groupecoiff.com\/wp-content\/uploads\/2026\/04\/Visionerio-Rose-2-12x12.webp 12w, https:\/\/groupecoiff.com\/wp-content\/uploads\/2026\/04\/Visionerio-Rose-2-250x250.webp 250w, https:\/\/groupecoiff.com\/wp-content\/uploads\/2026\/04\/Visionerio-Rose-2-100x100.webp 100w, https:\/\/groupecoiff.com\/wp-content\/uploads\/2026\/04\/Visionerio-Rose-2-64x64.webp 64w, https:\/\/groupecoiff.com\/wp-content\/uploads\/2026\/04\/Visionerio-Rose-2.webp 650w\" sizes=\"auto, (max-width: 300px) 100vw, 300px\" data-attachment-id=\"52149\" data-permalink=\"https:\/\/groupecoiff.com\/en\/?attachment_id=52149\" data-orig-file=\"https:\/\/groupecoiff.com\/wp-content\/uploads\/2026\/04\/Visionerio-Rose-2.webp\" data-orig-size=\"650,650\" data-comments-opened=\"1\" data-image-meta=\"{&quot;aperture&quot;:&quot;0&quot;,&quot;credit&quot;:&quot;&quot;,&quot;camera&quot;:&quot;&quot;,&quot;caption&quot;:&quot;&quot;,&quot;created_timestamp&quot;:&quot;0&quot;,&quot;copyright&quot;:&quot;&quot;,&quot;focal_length&quot;:&quot;0&quot;,&quot;iso&quot;:&quot;0&quot;,&quot;shutter_speed&quot;:&quot;0&quot;,&quot;title&quot;:&quot;&quot;,&quot;orientation&quot;:&quot;0&quot;}\" data-image-title=\"Visionerio Rose (2)\" data-image-description=\"\" data-image-caption=\"\" data-large-file=\"https:\/\/groupecoiff.com\/wp-content\/uploads\/2026\/04\/Visionerio-Rose-2.webp\" \/><h2 class=\"woocommerce-loop-product__title\">Fauteuil de Barbier Visionerio Rose<\/h2>\n\t<span class=\"price\"><span class=\"prix-ht-ttc-wrapper\"><span class=\"prix-ht-nouveau\"><span class=\"woocommerce-Price-amount amount\"><bdi>599,00&nbsp;<span class=\"woocommerce-Price-currencySymbol\">&euro;<\/span><\/bdi><\/span> HT<\/span> - <del class=\"prix-ht-ancien\"><span class=\"woocommerce-Price-amount amount\"><bdi>699,00&nbsp;<span class=\"woocommerce-Price-currencySymbol\">&euro;<\/span><\/bdi><\/span> HT<\/del> <small class=\"prix-ttc\">( <span class=\"woocommerce-Price-amount amount\"><bdi>718,80&nbsp;<span class=\"woocommerce-Price-currencySymbol\">&euro;<\/span><\/bdi><\/span> TTC )<\/small><\/span><\/span>\n<\/a><a href=\"\/en\/wp-json\/wp\/v2\/pages\/51979?add-to-cart=52142\" aria-describedby=\"woocommerce_loop_add_to_cart_link_describedby_52142\" data-quantity=\"1\" class=\"button product_type_simple add_to_cart_button ajax_add_to_cart\" data-product_id=\"52142\" data-product_sku=\"\" aria-label=\"Add to cart: &ldquo;Fauteuil de Barbier Visionerio Rose&rdquo;\" rel=\"nofollow\" data-success_message=\"&ldquo;Fauteuil de Barbier Visionerio Rose&rdquo; has been added to your cart\">Add to cart<\/a>\t<span id=\"woocommerce_loop_add_to_cart_link_describedby_52142\" class=\"screen-reader-text\">\n\t\t\t<\/span>\n<\/li>\n<li class=\"product type-product post-52115 status-publish instock product_cat-fauteuil-de-barbier-professionnel product_cat-meuble-de-coiffure product_tag-barbershop product_tag-fauteuil-de-barbier product_tag-meuble-de-coiffure-professionnel product_tag-salon-de-coiffure has-post-thumbnail sale featured taxable shipping-taxable purchasable product-type-simple\">\n\t<div class=\"wcpb-product-badges-badge wcpb-product-badges-badge-27848 wcpb-product-badges-badge-top-left\" style=\"width: 120px;margin: 10px\"><img decoding=\"async\" class=\"wcpb-product-badges-badge-img\" src=\"https:\/\/groupecoiff.com\/wp-content\/uploads\/2023\/09\/badge-promo-woocomerce-groupecoiff.png\" alt=\"Promo badge\"><\/div><a href=\"https:\/\/groupecoiff.com\/en\/produit\/fauteuil-de-barbier-maximus\/\" class=\"woocommerce-LoopProduct-link woocommerce-loop-product__link\">\n\t\n\t<img loading=\"lazy\" decoding=\"async\" width=\"300\" height=\"300\" src=\"https:\/\/groupecoiff.com\/wp-content\/uploads\/2026\/04\/Maximus-3-300x300.webp\" class=\"attachment-woocommerce_thumbnail size-woocommerce_thumbnail\" alt=\"Fauteuil de barbier Maximus - chaise de Barbier Maximus - Fauteuil de coiffure pour homme - chaise de coiffure vintage - mobilier de barbier professionnel - barbershop - si\u00e8ge barber\" srcset=\"https:\/\/groupecoiff.com\/wp-content\/uploads\/2026\/04\/Maximus-3-300x300.webp 300w, https:\/\/groupecoiff.com\/wp-content\/uploads\/2026\/04\/Maximus-3-150x150.webp 150w, https:\/\/groupecoiff.com\/wp-content\/uploads\/2026\/04\/Maximus-3-12x12.webp 12w, https:\/\/groupecoiff.com\/wp-content\/uploads\/2026\/04\/Maximus-3-250x250.webp 250w, https:\/\/groupecoiff.com\/wp-content\/uploads\/2026\/04\/Maximus-3-100x100.webp 100w, https:\/\/groupecoiff.com\/wp-content\/uploads\/2026\/04\/Maximus-3-64x64.webp 64w, https:\/\/groupecoiff.com\/wp-content\/uploads\/2026\/04\/Maximus-3.webp 650w\" sizes=\"auto, (max-width: 300px) 100vw, 300px\" data-attachment-id=\"52118\" data-permalink=\"https:\/\/groupecoiff.com\/en\/?attachment_id=52118\" data-orig-file=\"https:\/\/groupecoiff.com\/wp-content\/uploads\/2026\/04\/Maximus-3.webp\" data-orig-size=\"650,650\" data-comments-opened=\"1\" data-image-meta=\"{&quot;aperture&quot;:&quot;0&quot;,&quot;credit&quot;:&quot;&quot;,&quot;camera&quot;:&quot;&quot;,&quot;caption&quot;:&quot;&quot;,&quot;created_timestamp&quot;:&quot;0&quot;,&quot;copyright&quot;:&quot;&quot;,&quot;focal_length&quot;:&quot;0&quot;,&quot;iso&quot;:&quot;0&quot;,&quot;shutter_speed&quot;:&quot;0&quot;,&quot;title&quot;:&quot;&quot;,&quot;orientation&quot;:&quot;0&quot;}\" data-image-title=\"Maximus (3)\" data-image-description=\"\" data-image-caption=\"\" data-large-file=\"https:\/\/groupecoiff.com\/wp-content\/uploads\/2026\/04\/Maximus-3.webp\" \/><h2 class=\"woocommerce-loop-product__title\">Fauteuil de barbier Maximus<\/h2>\n\t<span class=\"price\"><span class=\"prix-ht-ttc-wrapper\"><span class=\"prix-ht-nouveau\"><span class=\"woocommerce-Price-amount amount\"><bdi>849,00&nbsp;<span class=\"woocommerce-Price-currencySymbol\">&euro;<\/span><\/bdi><\/span> HT<\/span> - <del class=\"prix-ht-ancien\"><span class=\"woocommerce-Price-amount amount\"><bdi>949,00&nbsp;<span class=\"woocommerce-Price-currencySymbol\">&euro;<\/span><\/bdi><\/span> HT<\/del> <small class=\"prix-ttc\">( <span class=\"woocommerce-Price-amount amount\"><bdi>1018,80&nbsp;<span class=\"woocommerce-Price-currencySymbol\">&euro;<\/span><\/bdi><\/span> TTC )<\/small><\/span><\/span>\n<\/a><a href=\"https:\/\/groupecoiff.com\/en\/produit\/fauteuil-de-barbier-maximus\/\" aria-describedby=\"woocommerce_loop_add_to_cart_link_describedby_52115\" data-quantity=\"1\" class=\"button product_type_simple add_to_cart_button\" data-product_id=\"52115\" data-product_sku=\"\" aria-label=\"Add to cart: &ldquo;Fauteuil de barbier Maximus&rdquo;\" rel=\"nofollow\" data-success_message=\"&ldquo;Fauteuil de barbier Maximus&rdquo; has been added to your cart\">Select Options<\/a>\t<span id=\"woocommerce_loop_add_to_cart_link_describedby_52115\" class=\"screen-reader-text\">\n\t\t\t<\/span>\n<\/li>\n<li class=\"product type-product post-52079 status-publish last instock product_cat-bac-de-lavage product_cat-meuble-de-coiffure product_tag-bac-a-shampoing product_tag-bac-de-lavage product_tag-meuble-de-coiffure-professionnel product_tag-salon-de-coiffure has-post-thumbnail sale taxable shipping-taxable purchasable product-type-simple\">\n\t<div class=\"wcpb-product-badges-badge wcpb-product-badges-badge-27848 wcpb-product-badges-badge-top-left\" style=\"width: 120px;margin: 10px\"><img decoding=\"async\" class=\"wcpb-product-badges-badge-img\" src=\"https:\/\/groupecoiff.com\/wp-content\/uploads\/2023\/09\/badge-promo-woocomerce-groupecoiff.png\" alt=\"Promo badge\"><\/div><a href=\"https:\/\/groupecoiff.com\/en\/produit\/bac-a-shampoing-loft\/\" class=\"woocommerce-LoopProduct-link woocommerce-loop-product__link\">\n\t\n\t<img loading=\"lazy\" decoding=\"async\" width=\"300\" height=\"300\" src=\"https:\/\/groupecoiff.com\/wp-content\/uploads\/2026\/04\/LOFT-3-300x300.webp\" class=\"attachment-woocommerce_thumbnail size-woocommerce_thumbnail\" alt=\"Bac a\u0300 shampoing loft - Bac de lavage - Mobilier de coiffure professionnel - bac de lavage pour salon de coiffure - bac de lavage gloria - ayala - groupe coiff\" srcset=\"https:\/\/groupecoiff.com\/wp-content\/uploads\/2026\/04\/LOFT-3-300x300.webp 300w, https:\/\/groupecoiff.com\/wp-content\/uploads\/2026\/04\/LOFT-3-150x150.webp 150w, https:\/\/groupecoiff.com\/wp-content\/uploads\/2026\/04\/LOFT-3-12x12.webp 12w, https:\/\/groupecoiff.com\/wp-content\/uploads\/2026\/04\/LOFT-3-250x250.webp 250w, https:\/\/groupecoiff.com\/wp-content\/uploads\/2026\/04\/LOFT-3-100x100.webp 100w, https:\/\/groupecoiff.com\/wp-content\/uploads\/2026\/04\/LOFT-3-64x64.webp 64w, https:\/\/groupecoiff.com\/wp-content\/uploads\/2026\/04\/LOFT-3.webp 650w\" sizes=\"auto, (max-width: 300px) 100vw, 300px\" data-attachment-id=\"52096\" data-permalink=\"https:\/\/groupecoiff.com\/en\/?attachment_id=52096\" data-orig-file=\"https:\/\/groupecoiff.com\/wp-content\/uploads\/2026\/04\/LOFT-3.webp\" data-orig-size=\"650,650\" data-comments-opened=\"1\" data-image-meta=\"{&quot;aperture&quot;:&quot;0&quot;,&quot;credit&quot;:&quot;&quot;,&quot;camera&quot;:&quot;&quot;,&quot;caption&quot;:&quot;&quot;,&quot;created_timestamp&quot;:&quot;0&quot;,&quot;copyright&quot;:&quot;&quot;,&quot;focal_length&quot;:&quot;0&quot;,&quot;iso&quot;:&quot;0&quot;,&quot;shutter_speed&quot;:&quot;0&quot;,&quot;title&quot;:&quot;&quot;,&quot;orientation&quot;:&quot;0&quot;}\" data-image-title=\"LOFT (3)\" data-image-description=\"\" data-image-caption=\"\" data-large-file=\"https:\/\/groupecoiff.com\/wp-content\/uploads\/2026\/04\/LOFT-3.webp\" \/><h2 class=\"woocommerce-loop-product__title\">Bac \u00e0 shampoing LOFT<\/h2>\n\t<span class=\"price\"><span class=\"prix-ht-ttc-wrapper\"><span class=\"prix-ht-nouveau\"><span class=\"woocommerce-Price-amount amount\"><bdi>1090,00&nbsp;<span class=\"woocommerce-Price-currencySymbol\">&euro;<\/span><\/bdi><\/span> HT<\/span> - <del class=\"prix-ht-ancien\"><span class=\"woocommerce-Price-amount amount\"><bdi>1190,00&nbsp;<span class=\"woocommerce-Price-currencySymbol\">&euro;<\/span><\/bdi><\/span> HT<\/del> <small class=\"prix-ttc\">( <span class=\"woocommerce-Price-amount amount\"><bdi>1308,00&nbsp;<span class=\"woocommerce-Price-currencySymbol\">&euro;<\/span><\/bdi><\/span> TTC )<\/small><\/span><\/span>\n<\/a><a href=\"https:\/\/groupecoiff.com\/en\/produit\/bac-a-shampoing-loft\/\" aria-describedby=\"woocommerce_loop_add_to_cart_link_describedby_52079\" data-quantity=\"1\" class=\"button product_type_simple add_to_cart_button\" data-product_id=\"52079\" data-product_sku=\"\" aria-label=\"Add to cart: &ldquo;Bac \u00e0 shampoing LOFT&rdquo;\" rel=\"nofollow\" data-success_message=\"&ldquo;Bac \u00e0 shampoing LOFT&rdquo; has been added to your cart\">Select Options<\/a>\t<span id=\"woocommerce_loop_add_to_cart_link_describedby_52079\" class=\"screen-reader-text\">\n\t\t\t<\/span>\n<\/li>\n<li class=\"product type-product post-52000 status-publish first instock product_cat-bac-de-lavage product_cat-meuble-de-coiffure product_tag-bac-a-shampoing-professionnel product_tag-bac-de-lavage product_tag-bac-de-lavage-electrique product_tag-mobilier-de-coiffure-professionnel has-post-thumbnail sale taxable shipping-taxable purchasable product-type-simple\">\n\t<div class=\"wcpb-product-badges-badge wcpb-product-badges-badge-27848 wcpb-product-badges-badge-top-left\" style=\"width: 120px;margin: 10px\"><img decoding=\"async\" class=\"wcpb-product-badges-badge-img\" src=\"https:\/\/groupecoiff.com\/wp-content\/uploads\/2023\/09\/badge-promo-woocomerce-groupecoiff.png\" alt=\"Promo badge\"><\/div><a href=\"https:\/\/groupecoiff.com\/en\/produit\/bac-de-lavage-electrique-belcanto\/\" class=\"woocommerce-LoopProduct-link woocommerce-loop-product__link\">\n\t\n\t<img loading=\"lazy\" decoding=\"async\" width=\"300\" height=\"300\" src=\"https:\/\/groupecoiff.com\/wp-content\/uploads\/2026\/04\/Belcanto-8-300x300.webp\" class=\"attachment-woocommerce_thumbnail size-woocommerce_thumbnail\" alt=\"Bac \u00e0 shampoing Belcanto - Bac de lavage Belcanto - Bac de lavage professionnel - Bac de lavage de coiffure - Mobilier de coiffure professionnel - bac \u00e0 shampoing \u00e9lectrique - bac de lavage \u00e9lectrique\" srcset=\"https:\/\/groupecoiff.com\/wp-content\/uploads\/2026\/04\/Belcanto-8-300x300.webp 300w, https:\/\/groupecoiff.com\/wp-content\/uploads\/2026\/04\/Belcanto-8-150x150.webp 150w, https:\/\/groupecoiff.com\/wp-content\/uploads\/2026\/04\/Belcanto-8-12x12.webp 12w, https:\/\/groupecoiff.com\/wp-content\/uploads\/2026\/04\/Belcanto-8-250x250.webp 250w, https:\/\/groupecoiff.com\/wp-content\/uploads\/2026\/04\/Belcanto-8-100x100.webp 100w, https:\/\/groupecoiff.com\/wp-content\/uploads\/2026\/04\/Belcanto-8-64x64.webp 64w, https:\/\/groupecoiff.com\/wp-content\/uploads\/2026\/04\/Belcanto-8.webp 650w\" sizes=\"auto, (max-width: 300px) 100vw, 300px\" data-attachment-id=\"52010\" data-permalink=\"https:\/\/groupecoiff.com\/en\/?attachment_id=52010\" data-orig-file=\"https:\/\/groupecoiff.com\/wp-content\/uploads\/2026\/04\/Belcanto-8.webp\" data-orig-size=\"650,650\" data-comments-opened=\"1\" data-image-meta=\"{&quot;aperture&quot;:&quot;0&quot;,&quot;credit&quot;:&quot;&quot;,&quot;camera&quot;:&quot;&quot;,&quot;caption&quot;:&quot;&quot;,&quot;created_timestamp&quot;:&quot;0&quot;,&quot;copyright&quot;:&quot;&quot;,&quot;focal_length&quot;:&quot;0&quot;,&quot;iso&quot;:&quot;0&quot;,&quot;shutter_speed&quot;:&quot;0&quot;,&quot;title&quot;:&quot;&quot;,&quot;orientation&quot;:&quot;0&quot;}\" data-image-title=\"Belcanto (8)\" data-image-description=\"\" data-image-caption=\"\" data-large-file=\"https:\/\/groupecoiff.com\/wp-content\/uploads\/2026\/04\/Belcanto-8.webp\" \/><h2 class=\"woocommerce-loop-product__title\">Bac de lavage \u00e9lectrique Belcanto<\/h2>\n\t<span class=\"price\"><span class=\"prix-ht-ttc-wrapper\"><span class=\"prix-ht-nouveau\"><span class=\"woocommerce-Price-amount amount\"><bdi>890,00&nbsp;<span class=\"woocommerce-Price-currencySymbol\">&euro;<\/span><\/bdi><\/span> HT<\/span> - <del class=\"prix-ht-ancien\"><span class=\"woocommerce-Price-amount amount\"><bdi>990,00&nbsp;<span class=\"woocommerce-Price-currencySymbol\">&euro;<\/span><\/bdi><\/span> HT<\/del> <small class=\"prix-ttc\">( <span class=\"woocommerce-Price-amount amount\"><bdi>1068,00&nbsp;<span class=\"woocommerce-Price-currencySymbol\">&euro;<\/span><\/bdi><\/span> TTC )<\/small><\/span><\/span>\n<\/a><a href=\"https:\/\/groupecoiff.com\/en\/produit\/bac-de-lavage-electrique-belcanto\/\" aria-describedby=\"woocommerce_loop_add_to_cart_link_describedby_52000\" data-quantity=\"1\" class=\"button product_type_simple add_to_cart_button\" data-product_id=\"52000\" data-product_sku=\"\" aria-label=\"Add to cart: &ldquo;Bac de lavage \u00e9lectrique Belcanto&rdquo;\" rel=\"nofollow\" data-success_message=\"&ldquo;Bac de lavage \u00e9lectrique Belcanto&rdquo; has been added to your cart\">Select Options<\/a>\t<span id=\"woocommerce_loop_add_to_cart_link_describedby_52000\" class=\"screen-reader-text\">\n\t\t\t<\/span>\n<\/li>\n<li class=\"product type-product post-51854 status-publish instock product_cat-mobilier-esthetique product_cat-table-manicure product_cat-table-de-maquillage product_tag-mobilier-esthetique-professionnel product_tag-table-de-manucure-avec-aspirateur product_tag-table-de-manucure-professionnelle has-post-thumbnail sale taxable shipping-taxable purchasable product-type-simple\">\n\t<div class=\"wcpb-product-badges-badge wcpb-product-badges-badge-27848 wcpb-product-badges-badge-top-left\" style=\"width: 120px;margin: 10px\"><img decoding=\"async\" class=\"wcpb-product-badges-badge-img\" src=\"https:\/\/groupecoiff.com\/wp-content\/uploads\/2023\/09\/badge-promo-woocomerce-groupecoiff.png\" alt=\"Promo badge\"><\/div><a href=\"https:\/\/groupecoiff.com\/en\/produit\/table-de-manucure-astra-plus-2-places\/\" class=\"woocommerce-LoopProduct-link woocommerce-loop-product__link\">\n\t\n\t<img loading=\"lazy\" decoding=\"async\" width=\"300\" height=\"300\" src=\"https:\/\/groupecoiff.com\/wp-content\/uploads\/2026\/03\/Astra-plus-W-double-Chene-300x300.webp\" class=\"attachment-woocommerce_thumbnail size-woocommerce_thumbnail\" alt=\"Table de Manucure Astra plus 2 places - table onglerie avec aspirateur int\u00e9gr\u00e9 - Table de manucure professionnelle - table onglerie professionnelle - mobilier esth\u00e9tique et onglerie - Table de Manucure double postes - table \u00e0 ongle double\" srcset=\"https:\/\/groupecoiff.com\/wp-content\/uploads\/2026\/03\/Astra-plus-W-double-Chene-300x300.webp 300w, https:\/\/groupecoiff.com\/wp-content\/uploads\/2026\/03\/Astra-plus-W-double-Chene-150x150.webp 150w, https:\/\/groupecoiff.com\/wp-content\/uploads\/2026\/03\/Astra-plus-W-double-Chene-12x12.webp 12w, https:\/\/groupecoiff.com\/wp-content\/uploads\/2026\/03\/Astra-plus-W-double-Chene-250x250.webp 250w, https:\/\/groupecoiff.com\/wp-content\/uploads\/2026\/03\/Astra-plus-W-double-Chene-100x100.webp 100w, https:\/\/groupecoiff.com\/wp-content\/uploads\/2026\/03\/Astra-plus-W-double-Chene-64x64.webp 64w, https:\/\/groupecoiff.com\/wp-content\/uploads\/2026\/03\/Astra-plus-W-double-Chene.webp 650w\" sizes=\"auto, (max-width: 300px) 100vw, 300px\" data-attachment-id=\"51838\" data-permalink=\"https:\/\/groupecoiff.com\/en\/?attachment_id=51838\" data-orig-file=\"https:\/\/groupecoiff.com\/wp-content\/uploads\/2026\/03\/Astra-plus-W-double-Chene.webp\" data-orig-size=\"650,650\" data-comments-opened=\"1\" data-image-meta=\"{&quot;aperture&quot;:&quot;0&quot;,&quot;credit&quot;:&quot;&quot;,&quot;camera&quot;:&quot;&quot;,&quot;caption&quot;:&quot;&quot;,&quot;created_timestamp&quot;:&quot;0&quot;,&quot;copyright&quot;:&quot;&quot;,&quot;focal_length&quot;:&quot;0&quot;,&quot;iso&quot;:&quot;0&quot;,&quot;shutter_speed&quot;:&quot;0&quot;,&quot;title&quot;:&quot;&quot;,&quot;orientation&quot;:&quot;0&quot;}\" data-image-title=\"Astra plus W double Chene\" data-image-description=\"\" data-image-caption=\"\" data-large-file=\"https:\/\/groupecoiff.com\/wp-content\/uploads\/2026\/03\/Astra-plus-W-double-Chene.webp\" \/><h2 class=\"woocommerce-loop-product__title\">Table de Manucure Astra Plus 2 Places<\/h2>\n\t<span class=\"price\"><span class=\"prix-ht-ttc-wrapper\"><span class=\"prix-ht-nouveau\"><span class=\"woocommerce-Price-amount amount\"><bdi>1890,00&nbsp;<span class=\"woocommerce-Price-currencySymbol\">&euro;<\/span><\/bdi><\/span> HT<\/span> - <del class=\"prix-ht-ancien\"><span class=\"woocommerce-Price-amount amount\"><bdi>2090,00&nbsp;<span class=\"woocommerce-Price-currencySymbol\">&euro;<\/span><\/bdi><\/span> HT<\/del> <small class=\"prix-ttc\">( <span class=\"woocommerce-Price-amount amount\"><bdi>2268,00&nbsp;<span class=\"woocommerce-Price-currencySymbol\">&euro;<\/span><\/bdi><\/span> TTC )<\/small><\/span><\/span>\n<\/a><a href=\"https:\/\/groupecoiff.com\/en\/produit\/table-de-manucure-astra-plus-2-places\/\" aria-describedby=\"woocommerce_loop_add_to_cart_link_describedby_51854\" data-quantity=\"1\" class=\"button product_type_simple add_to_cart_button\" data-product_id=\"51854\" data-product_sku=\"\" aria-label=\"Add to cart: &ldquo;Table de Manucure Astra Plus 2 Places&rdquo;\" rel=\"nofollow\" data-success_message=\"&ldquo;Table de Manucure Astra Plus 2 Places&rdquo; has been added to your cart\">Select Options<\/a>\t<span id=\"woocommerce_loop_add_to_cart_link_describedby_51854\" class=\"screen-reader-text\">\n\t\t\t<\/span>\n<\/li>\n<li class=\"product type-product post-51822 status-publish instock product_cat-mobilier-esthetique product_cat-table-manicure product_cat-table-de-maquillage product_tag-mobilier-esthetique-professionnel product_tag-table-de-manucure-avec-aspirateur product_tag-table-de-manucure-professionnelle has-post-thumbnail sale taxable shipping-taxable purchasable product-type-simple\">\n\t<div class=\"wcpb-product-badges-badge wcpb-product-badges-badge-27848 wcpb-product-badges-badge-top-left\" style=\"width: 120px;margin: 10px\"><img decoding=\"async\" class=\"wcpb-product-badges-badge-img\" src=\"https:\/\/groupecoiff.com\/wp-content\/uploads\/2023\/09\/badge-promo-woocomerce-groupecoiff.png\" alt=\"Promo badge\"><\/div><a href=\"https:\/\/groupecoiff.com\/en\/produit\/table-de-manucure-astra-2-places\/\" class=\"woocommerce-LoopProduct-link woocommerce-loop-product__link\">\n\t\n\t<img loading=\"lazy\" decoding=\"async\" width=\"300\" height=\"300\" src=\"https:\/\/groupecoiff.com\/wp-content\/uploads\/2026\/03\/Astra-W-double-Chene-300x300.webp\" class=\"attachment-woocommerce_thumbnail size-woocommerce_thumbnail\" alt=\"Table de Manucure Astra 2 places - table onglerie avec aspirateur int\u00e9gr\u00e9 - Table de manucure professionnelle - table onglerie professionnelle - mobilier esth\u00e9tique et onglerie - Table de Manucure double postes - table \u00e0 ongle double\" srcset=\"https:\/\/groupecoiff.com\/wp-content\/uploads\/2026\/03\/Astra-W-double-Chene-300x300.webp 300w, https:\/\/groupecoiff.com\/wp-content\/uploads\/2026\/03\/Astra-W-double-Chene-150x150.webp 150w, https:\/\/groupecoiff.com\/wp-content\/uploads\/2026\/03\/Astra-W-double-Chene-12x12.webp 12w, https:\/\/groupecoiff.com\/wp-content\/uploads\/2026\/03\/Astra-W-double-Chene-250x250.webp 250w, https:\/\/groupecoiff.com\/wp-content\/uploads\/2026\/03\/Astra-W-double-Chene-100x100.webp 100w, https:\/\/groupecoiff.com\/wp-content\/uploads\/2026\/03\/Astra-W-double-Chene-64x64.webp 64w, https:\/\/groupecoiff.com\/wp-content\/uploads\/2026\/03\/Astra-W-double-Chene.webp 650w\" sizes=\"auto, (max-width: 300px) 100vw, 300px\" data-attachment-id=\"51845\" data-permalink=\"https:\/\/groupecoiff.com\/en\/?attachment_id=51845\" data-orig-file=\"https:\/\/groupecoiff.com\/wp-content\/uploads\/2026\/03\/Astra-W-double-Chene.webp\" data-orig-size=\"650,650\" data-comments-opened=\"1\" data-image-meta=\"{&quot;aperture&quot;:&quot;0&quot;,&quot;credit&quot;:&quot;&quot;,&quot;camera&quot;:&quot;&quot;,&quot;caption&quot;:&quot;&quot;,&quot;created_timestamp&quot;:&quot;0&quot;,&quot;copyright&quot;:&quot;&quot;,&quot;focal_length&quot;:&quot;0&quot;,&quot;iso&quot;:&quot;0&quot;,&quot;shutter_speed&quot;:&quot;0&quot;,&quot;title&quot;:&quot;&quot;,&quot;orientation&quot;:&quot;0&quot;}\" data-image-title=\"Astra W double Chene\" data-image-description=\"\" data-image-caption=\"\" data-large-file=\"https:\/\/groupecoiff.com\/wp-content\/uploads\/2026\/03\/Astra-W-double-Chene.webp\" \/><h2 class=\"woocommerce-loop-product__title\">Table de Manucure Astra 2 Places<\/h2>\n\t<span class=\"price\"><span class=\"prix-ht-ttc-wrapper\"><span class=\"prix-ht-nouveau\"><span class=\"woocommerce-Price-amount amount\"><bdi>1690,00&nbsp;<span class=\"woocommerce-Price-currencySymbol\">&euro;<\/span><\/bdi><\/span> HT<\/span> - <del class=\"prix-ht-ancien\"><span class=\"woocommerce-Price-amount amount\"><bdi>1890,00&nbsp;<span class=\"woocommerce-Price-currencySymbol\">&euro;<\/span><\/bdi><\/span> HT<\/del> <small class=\"prix-ttc\">( <span class=\"woocommerce-Price-amount amount\"><bdi>2028,00&nbsp;<span class=\"woocommerce-Price-currencySymbol\">&euro;<\/span><\/bdi><\/span> TTC )<\/small><\/span><\/span>\n<\/a><a href=\"https:\/\/groupecoiff.com\/en\/produit\/table-de-manucure-astra-2-places\/\" aria-describedby=\"woocommerce_loop_add_to_cart_link_describedby_51822\" data-quantity=\"1\" class=\"button product_type_simple add_to_cart_button\" data-product_id=\"51822\" data-product_sku=\"\" aria-label=\"Add to cart: &ldquo;Table de Manucure Astra 2 Places&rdquo;\" rel=\"nofollow\" data-success_message=\"&ldquo;Table de Manucure Astra 2 Places&rdquo; has been added to your cart\">Select Options<\/a>\t<span id=\"woocommerce_loop_add_to_cart_link_describedby_51822\" class=\"screen-reader-text\">\n\t\t\t<\/span>\n<\/li>\n<li class=\"product type-product post-51793 status-publish last instock product_cat-mobilier-esthetique product_cat-table-manicure product_cat-table-de-maquillage product_tag-mobilier-esthetique-professionnel product_tag-table-de-manucure-avec-aspirateur product_tag-table-de-manucure-professionnelle has-post-thumbnail sale taxable shipping-taxable purchasable product-type-simple\">\n\t<div class=\"wcpb-product-badges-badge wcpb-product-badges-badge-27848 wcpb-product-badges-badge-top-left\" style=\"width: 120px;margin: 10px\"><img decoding=\"async\" class=\"wcpb-product-badges-badge-img\" src=\"https:\/\/groupecoiff.com\/wp-content\/uploads\/2023\/09\/badge-promo-woocomerce-groupecoiff.png\" alt=\"Promo badge\"><\/div><a href=\"https:\/\/groupecoiff.com\/en\/produit\/table-de-manucure-astra\/\" class=\"woocommerce-LoopProduct-link woocommerce-loop-product__link\">\n\t\n\t<img loading=\"lazy\" decoding=\"async\" width=\"300\" height=\"300\" src=\"https:\/\/groupecoiff.com\/wp-content\/uploads\/2026\/03\/ASTRA-PLUS-W-Chene-300x300.webp\" class=\"attachment-woocommerce_thumbnail size-woocommerce_thumbnail\" alt=\"Table de Manucure Astra - table onglerie avec aspirateur int\u00e9gr\u00e9 - Table de manucure professionnelle - table onglerie professionnelle - mobilier esth\u00e9tique et onglerie\" srcset=\"https:\/\/groupecoiff.com\/wp-content\/uploads\/2026\/03\/ASTRA-PLUS-W-Chene-300x300.webp 300w, https:\/\/groupecoiff.com\/wp-content\/uploads\/2026\/03\/ASTRA-PLUS-W-Chene-150x150.webp 150w, https:\/\/groupecoiff.com\/wp-content\/uploads\/2026\/03\/ASTRA-PLUS-W-Chene-12x12.webp 12w, https:\/\/groupecoiff.com\/wp-content\/uploads\/2026\/03\/ASTRA-PLUS-W-Chene-250x250.webp 250w, https:\/\/groupecoiff.com\/wp-content\/uploads\/2026\/03\/ASTRA-PLUS-W-Chene-100x100.webp 100w, https:\/\/groupecoiff.com\/wp-content\/uploads\/2026\/03\/ASTRA-PLUS-W-Chene-64x64.webp 64w, https:\/\/groupecoiff.com\/wp-content\/uploads\/2026\/03\/ASTRA-PLUS-W-Chene.webp 650w\" sizes=\"auto, (max-width: 300px) 100vw, 300px\" data-attachment-id=\"51817\" data-permalink=\"https:\/\/groupecoiff.com\/en\/?attachment_id=51817\" data-orig-file=\"https:\/\/groupecoiff.com\/wp-content\/uploads\/2026\/03\/ASTRA-PLUS-W-Chene.webp\" data-orig-size=\"650,650\" data-comments-opened=\"1\" data-image-meta=\"{&quot;aperture&quot;:&quot;0&quot;,&quot;credit&quot;:&quot;&quot;,&quot;camera&quot;:&quot;&quot;,&quot;caption&quot;:&quot;&quot;,&quot;created_timestamp&quot;:&quot;0&quot;,&quot;copyright&quot;:&quot;&quot;,&quot;focal_length&quot;:&quot;0&quot;,&quot;iso&quot;:&quot;0&quot;,&quot;shutter_speed&quot;:&quot;0&quot;,&quot;title&quot;:&quot;&quot;,&quot;orientation&quot;:&quot;0&quot;}\" data-image-title=\"ASTRA W Ch\u00eane\" data-image-description=\"\" data-image-caption=\"\" data-large-file=\"https:\/\/groupecoiff.com\/wp-content\/uploads\/2026\/03\/ASTRA-PLUS-W-Chene.webp\" \/><h2 class=\"woocommerce-loop-product__title\">Table de Manucure ASTRA<\/h2>\n\t<span class=\"price\"><span class=\"prix-ht-ttc-wrapper\"><span class=\"prix-ht-nouveau\"><span class=\"woocommerce-Price-amount amount\"><bdi>890,00&nbsp;<span class=\"woocommerce-Price-currencySymbol\">&euro;<\/span><\/bdi><\/span> HT<\/span> - <del class=\"prix-ht-ancien\"><span class=\"woocommerce-Price-amount amount\"><bdi>990,00&nbsp;<span class=\"woocommerce-Price-currencySymbol\">&euro;<\/span><\/bdi><\/span> HT<\/del> <small class=\"prix-ttc\">( <span class=\"woocommerce-Price-amount amount\"><bdi>1068,00&nbsp;<span class=\"woocommerce-Price-currencySymbol\">&euro;<\/span><\/bdi><\/span> TTC )<\/small><\/span><\/span>\n<\/a><a href=\"https:\/\/groupecoiff.com\/en\/produit\/table-de-manucure-astra\/\" aria-describedby=\"woocommerce_loop_add_to_cart_link_describedby_51793\" data-quantity=\"1\" class=\"button product_type_simple add_to_cart_button\" data-product_id=\"51793\" data-product_sku=\"\" aria-label=\"Add to cart: &ldquo;Table de Manucure ASTRA&rdquo;\" rel=\"nofollow\" data-success_message=\"&ldquo;Table de Manucure ASTRA&rdquo; has been added to your cart\">Select Options<\/a>\t<span id=\"woocommerce_loop_add_to_cart_link_describedby_51793\" class=\"screen-reader-text\">\n\t\t\t<\/span>\n<\/li>\n<\/ul>\n\n\t\t<nav class=\"ct-pagination\" data-pagination=\"simple\"  >\n\t\t\t<div class=\"ct-hidden-sm\"><span aria-current=\"page\" class=\"page-numbers current\">1<\/span>\n<a class=\"page-numbers\" href=\"\/en\/wp-json\/wp\/v2\/pages\/51979?product-page=2\">2<\/a>\n<a class=\"page-numbers\" href=\"\/en\/wp-json\/wp\/v2\/pages\/51979?product-page=3\">3<\/a>\n<a class=\"page-numbers\" href=\"\/en\/wp-json\/wp\/v2\/pages\/51979?product-page=4\">4<\/a>\n<span class=\"page-numbers dots\">&hellip;<\/span>\n<a class=\"page-numbers\" href=\"\/en\/wp-json\/wp\/v2\/pages\/51979?product-page=58\">58<\/a><\/div><a class=\"next page-numbers\" rel=\"next\" href=\"\/en\/wp-json\/wp\/v2\/pages\/51979?product-page=2\">Next <svg width=\"9px\" height=\"9px\" viewBox=\"0 0 15 15\" fill=\"currentColor\"><path d=\"M4.1,15c0.2,0,0.4-0.1,0.6-0.2L11.4,8c0.3-0.3,0.3-0.8,0-1.1L4.8,0.2C4.5-0.1,4-0.1,3.7,0.2C3.4,0.5,3.4,1,3.7,1.3l6.1,6.1l-6.2,6.2c-0.3,0.3-0.3,0.8,0,1.1C3.7,14.9,3.9,15,4.1,15z\"\/><\/svg><\/a>\n\t\t\t\n\t\t<\/nav><\/div>\t\t\t\t<\/div>\n\t\t\t\t<\/div>\n\t\t\t\t<\/div>\n\t\t\t\t<\/div>\n\t\t<div class=\"elementor-element elementor-element-52872d1 e-flex e-con-boxed e-con e-parent\" data-id=\"52872d1\" data-element_type=\"container\" data-e-type=\"container\">\n\t\t\t\t\t<div class=\"e-con-inner\">\n\t\t\t\t<div class=\"elementor-element elementor-element-83fd563 elementor-widget elementor-widget-text-editor\" data-id=\"83fd563\" data-element_type=\"widget\" data-e-type=\"widget\" data-widget_type=\"text-editor.default\">\n\t\t\t\t<div class=\"elementor-widget-container\">\n\t\t\t\t\t\t\t\t\t<div class=\"flex flex-col text-sm pb-25\"><section class=\"text-token-text-primary w-full focus:outline-none [--shadow-height:45px] has-data-writing-block:pointer-events-none has-data-writing-block:-mt-(--shadow-height) has-data-writing-block:pt-(--shadow-height) [&amp;:has([data-writing-block])&gt;*]:pointer-events-auto scroll-mt-[calc(var(--header-height)+min(200px,max(70px,20svh)))]\" dir=\"auto\" data-turn-id=\"request-WEB:d0a11c60-ea39-4a44-bf6c-d21d4978ca48-6\" data-testid=\"conversation-turn-6\" data-scroll-anchor=\"true\" data-turn=\"assistant\"><div class=\"text-base my-auto mx-auto pb-10 [--thread-content-margin:var(--thread-content-margin-xs,calc(var(--spacing)*4))] @w-sm\/main:[--thread-content-margin:var(--thread-content-margin-sm,calc(var(--spacing)*6))] @w-lg\/main:[--thread-content-margin:var(--thread-content-margin-lg,calc(var(--spacing)*16))] px-(--thread-content-margin)\"><div class=\"[--thread-content-max-width:40rem] @w-lg\/main:[--thread-content-max-width:48rem] mx-auto max-w-(--thread-content-max-width) flex-1 group\/turn-messages focus-visible:outline-hidden relative flex w-full min-w-0 flex-col agent-turn\"><div class=\"flex max-w-full flex-col gap-4 grow\"><div class=\"min-h-8 text-message relative flex w-full flex-col items-end gap-2 text-start break-words whitespace-normal outline-none keyboard-focused:focus-ring [.text-message+&amp;]:mt-1\" dir=\"auto\" tabindex=\"0\" data-message-author-role=\"assistant\" data-message-id=\"d0b6de8f-dfd4-4df6-ae69-8b4c203bbeac\" data-message-model-slug=\"gpt-5-3\" data-turn-start-message=\"true\"><div class=\"flex w-full flex-col gap-1 empty:hidden\"><div class=\"markdown prose dark:prose-invert w-full wrap-break-word light markdown-new-styling\"><p data-start=\"0\" data-end=\"581\">D\u00e9couvrez notre s\u00e9lection de <strong data-start=\"29\" data-end=\"65\">mobilier de coiffure \u00e0 Marseille<\/strong> con\u00e7ue pour sublimer votre salon en alliant style, confort et fonctionnalit\u00e9. Que vous ouvriez un nouveau salon ou que vous souhaitiez moderniser votre espace actuel, le choix du mobilier est essentiel pour cr\u00e9er une atmosph\u00e8re professionnelle et accueillante. Des fauteuils de coiffure modernes aux bacs \u00e0 shampooing ergonomiques, en passant par les postes de travail \u00e9l\u00e9gants et les comptoirs de r\u00e9ception, chaque \u00e9l\u00e9ment contribue \u00e0 am\u00e9liorer l\u2019exp\u00e9rience client et \u00e0 valoriser votre image de marque \u00e0 Marseille.<\/p><p data-start=\"583\" data-end=\"1115\" data-is-last-node=\"\" data-is-only-node=\"\">Notre gamme de <strong data-start=\"598\" data-end=\"648\">mobilier de coiffure professionnel \u00e0 Marseille<\/strong> est pens\u00e9e pour r\u00e9pondre aux exigences des salons contemporains. Fabriqu\u00e9 avec des mat\u00e9riaux de haute qualit\u00e9, chaque \u00e9quipement garantit durabilit\u00e9, confort et facilit\u00e9 d\u2019entretien. Quel que soit le style de votre salon \u2014 moderne, haut de gamme ou classique \u2014 nous vous proposons des solutions adapt\u00e9es \u00e0 votre identit\u00e9. Cr\u00e9ez un espace harmonieux, fonctionnel et esth\u00e9tique qui optimise votre efficacit\u00e9 tout en offrant une exp\u00e9rience exceptionnelle \u00e0 vos clients.<\/p><\/div><\/div><\/div><\/div><div class=\"z-0 flex min-h-[46px] justify-start\">\u00a0<\/div><div class=\"mt-3 w-full empty:hidden\"><div class=\"text-center\">\u00a0<\/div><\/div><\/div><\/div><\/section><\/div><div class=\"pointer-events-none h-px w-px absolute bottom-0\" aria-hidden=\"true\" data-edge=\"true\">\u00a0<\/div>\t\t\t\t\t\t\t\t<\/div>\n\t\t\t\t<\/div>\n\t\t\t\t\t<\/div>\n\t\t\t\t<\/div>\n\t\t\t\t<\/div>\n\t\t","protected":false},"excerpt":{"rendered":"<p>Mobilier de coiffure Marseille D\u00e9couvrez notre s\u00e9lection de mobilier de coiffure \u00e0 Marseille con\u00e7ue pour sublimer votre salon en alliant style, confort et fonctionnalit\u00e9. Que vous ouvriez un nouveau salon ou que vous souhaitiez moderniser votre espace actuel, le choix du mobilier est essentiel pour cr\u00e9er une atmosph\u00e8re professionnelle et accueillante. Des fauteuils de coiffure [&hellip;]<\/p>\n","protected":false},"author":95,"featured_media":0,"parent":0,"menu_order":0,"comment_status":"closed","ping_status":"closed","template":"elementor_header_footer","meta":{"googlesitekit_rrm_CAow0YCiDA:productID":"","jetpack_post_was_ever_published":false,"footnotes":""},"class_list":["post-51979","page","type-page","status-publish","hentry"],"blocksy_meta":[],"yoast_head":"<!-- This site is optimized with the Yoast SEO Premium plugin v27.5 (Yoast SEO v27.5) - https:\/\/yoast.com\/product\/yoast-seo-premium-wordpress\/ -->\n<title>Mobilier de Coiffure \u00e0 Marseille, France | Fauteuil Barbier Pro<\/title>\n<meta name=\"description\" content=\"D\u00e9couvrez du mobilier de coiffure \u00e0 Marseille, France : fauteuil de barbier professionnel, \u00e9quipements modernes, confort premium pour salons.\" \/>\n<meta name=\"robots\" content=\"index, follow, max-snippet:-1, max-image-preview:large, max-video-preview:-1\" \/>\n<link rel=\"canonical\" href=\"https:\/\/groupecoiff.com\/en\/marseille\/\" \/>\n<meta property=\"og:locale\" content=\"en_US\" \/>\n<meta property=\"og:type\" content=\"article\" \/>\n<meta property=\"og:title\" content=\"Marseille\" \/>\n<meta property=\"og:description\" content=\"D\u00e9couvrez du mobilier de coiffure \u00e0 Marseille, France : fauteuil de barbier professionnel, \u00e9quipements modernes, confort premium pour salons.\" \/>\n<meta property=\"og:url\" content=\"https:\/\/groupecoiff.com\/en\/marseille\/\" \/>\n<meta property=\"og:site_name\" content=\"Groupe Coiff\" \/>\n<meta property=\"article:publisher\" content=\"https:\/\/www.facebook.com\/GroupeCoiff\" \/>\n<meta property=\"article:modified_time\" content=\"2026-04-07T01:17:28+00:00\" \/>\n<meta property=\"og:image\" content=\"https:\/\/groupecoiff.com\/wp-content\/uploads\/2024\/01\/Groupe-Coiff-Logo.webp\" \/>\n\t<meta property=\"og:image:width\" content=\"250\" \/>\n\t<meta property=\"og:image:height\" content=\"250\" \/>\n\t<meta property=\"og:image:type\" content=\"image\/webp\" \/>\n<meta name=\"twitter:card\" content=\"summary_large_image\" \/>\n<meta name=\"twitter:site\" content=\"@groupecoiff\" \/>\n<meta name=\"twitter:label1\" content=\"Est. reading time\" \/>\n\t<meta name=\"twitter:data1\" content=\"7 minutes\" \/>\n<script type=\"application\/ld+json\" class=\"yoast-schema-graph\">{\"@context\":\"https:\\\/\\\/schema.org\",\"@graph\":[{\"@type\":\"WebPage\",\"@id\":\"https:\\\/\\\/groupecoiff.com\\\/marseille\\\/\",\"url\":\"https:\\\/\\\/groupecoiff.com\\\/marseille\\\/\",\"name\":\"Mobilier de Coiffure \u00e0 Marseille, France | Fauteuil Barbier Pro\",\"isPartOf\":{\"@id\":\"https:\\\/\\\/groupecoiff.com\\\/#website\"},\"datePublished\":\"2026-04-07T00:47:48+00:00\",\"dateModified\":\"2026-04-07T01:17:28+00:00\",\"description\":\"D\u00e9couvrez du mobilier de coiffure \u00e0 Marseille, France : fauteuil de barbier professionnel, \u00e9quipements modernes, confort premium pour salons.\",\"breadcrumb\":{\"@id\":\"https:\\\/\\\/groupecoiff.com\\\/marseille\\\/#breadcrumb\"},\"inLanguage\":\"en-US\",\"potentialAction\":[{\"@type\":\"ReadAction\",\"target\":[\"https:\\\/\\\/groupecoiff.com\\\/marseille\\\/\"]}]},{\"@type\":\"BreadcrumbList\",\"@id\":\"https:\\\/\\\/groupecoiff.com\\\/marseille\\\/#breadcrumb\",\"itemListElement\":[{\"@type\":\"ListItem\",\"position\":1,\"name\":\"Accueil\",\"item\":\"https:\\\/\\\/groupecoiff.com\\\/\"},{\"@type\":\"ListItem\",\"position\":2,\"name\":\"Marseille\"}]},{\"@type\":\"WebSite\",\"@id\":\"https:\\\/\\\/groupecoiff.com\\\/#website\",\"url\":\"https:\\\/\\\/groupecoiff.com\\\/\",\"name\":\"Groupe Coiff\",\"description\":\"Tout pour la coiffure\",\"publisher\":{\"@id\":\"https:\\\/\\\/groupecoiff.com\\\/#organization\"},\"potentialAction\":[{\"@type\":\"SearchAction\",\"target\":{\"@type\":\"EntryPoint\",\"urlTemplate\":\"https:\\\/\\\/groupecoiff.com\\\/?s={search_term_string}\"},\"query-input\":{\"@type\":\"PropertyValueSpecification\",\"valueRequired\":true,\"valueName\":\"search_term_string\"}}],\"inLanguage\":\"en-US\"},{\"@type\":\"Organization\",\"@id\":\"https:\\\/\\\/groupecoiff.com\\\/#organization\",\"name\":\"Groupe Coiff\",\"alternateName\":\"Groupe Coiff : Le Mobilier De Coiffure Haut de Gamme Pour Une \u00c9l\u00e9gance In\u00e9gal\u00e9e\",\"url\":\"https:\\\/\\\/groupecoiff.com\\\/\",\"logo\":{\"@type\":\"ImageObject\",\"inLanguage\":\"en-US\",\"@id\":\"https:\\\/\\\/groupecoiff.com\\\/#\\\/schema\\\/logo\\\/image\\\/\",\"url\":\"https:\\\/\\\/groupecoiff.com\\\/wp-content\\\/uploads\\\/2024\\\/01\\\/cropped-Groupe-Coiff-Logo.webp\",\"contentUrl\":\"https:\\\/\\\/groupecoiff.com\\\/wp-content\\\/uploads\\\/2024\\\/01\\\/cropped-Groupe-Coiff-Logo.webp\",\"width\":512,\"height\":512,\"caption\":\"Groupe Coiff\"},\"image\":{\"@id\":\"https:\\\/\\\/groupecoiff.com\\\/#\\\/schema\\\/logo\\\/image\\\/\"},\"sameAs\":[\"https:\\\/\\\/www.facebook.com\\\/GroupeCoiff\",\"https:\\\/\\\/x.com\\\/groupecoiff\",\"https:\\\/\\\/www.instagram.com\\\/groupecoiff\\\/\",\"https:\\\/\\\/www.tiktok.com\\\/@groupecoiff\",\"https:\\\/\\\/www.youtube.com\\\/@groupecoiff\",\"https:\\\/\\\/twitter.com\\\/groupecoiff\",\"https:\\\/\\\/www.leboncoin.fr\\\/boutique\\\/3961302\\\/groupe_coiff.htm\"],\"description\":\"D\u00e9couvrez le mobilier de coiffure haut de gamme de Groupe Coiff, alliant \u00e9l\u00e9gance et fonctionnalit\u00e9 pour sublimer votre salon et satisfaire vos clients.\",\"email\":\"contact@groupecoiff.com\",\"telephone\":\"0676951605\",\"legalName\":\"Groupe Coiff\",\"foundingDate\":\"2022-11-16\",\"vatID\":\"FR84921406419\",\"taxID\":\"92140641900025\"}]}<\/script>\n<!-- \/ Yoast SEO Premium plugin. -->","yoast_head_json":{"title":"Mobilier de Coiffure \u00e0 Marseille, France | Fauteuil Barbier Pro","description":"D\u00e9couvrez du mobilier de coiffure \u00e0 Marseille, France : fauteuil de barbier professionnel, \u00e9quipements modernes, confort premium pour salons.","robots":{"index":"index","follow":"follow","max-snippet":"max-snippet:-1","max-image-preview":"max-image-preview:large","max-video-preview":"max-video-preview:-1"},"canonical":"https:\/\/groupecoiff.com\/en\/marseille\/","og_locale":"en_US","og_type":"article","og_title":"Marseille","og_description":"D\u00e9couvrez du mobilier de coiffure \u00e0 Marseille, France : fauteuil de barbier professionnel, \u00e9quipements modernes, confort premium pour salons.","og_url":"https:\/\/groupecoiff.com\/en\/marseille\/","og_site_name":"Groupe Coiff","article_publisher":"https:\/\/www.facebook.com\/GroupeCoiff","article_modified_time":"2026-04-07T01:17:28+00:00","og_image":[{"width":250,"height":250,"url":"https:\/\/groupecoiff.com\/wp-content\/uploads\/2024\/01\/Groupe-Coiff-Logo.webp","type":"image\/webp"}],"twitter_card":"summary_large_image","twitter_site":"@groupecoiff","twitter_misc":{"Est. reading time":"7 minutes"},"schema":{"@context":"https:\/\/schema.org","@graph":[{"@type":"WebPage","@id":"https:\/\/groupecoiff.com\/marseille\/","url":"https:\/\/groupecoiff.com\/marseille\/","name":"Mobilier de Coiffure \u00e0 Marseille, France | Fauteuil Barbier Pro","isPartOf":{"@id":"https:\/\/groupecoiff.com\/#website"},"datePublished":"2026-04-07T00:47:48+00:00","dateModified":"2026-04-07T01:17:28+00:00","description":"D\u00e9couvrez du mobilier de coiffure \u00e0 Marseille, France : fauteuil de barbier professionnel, \u00e9quipements modernes, confort premium pour salons.","breadcrumb":{"@id":"https:\/\/groupecoiff.com\/marseille\/#breadcrumb"},"inLanguage":"en-US","potentialAction":[{"@type":"ReadAction","target":["https:\/\/groupecoiff.com\/marseille\/"]}]},{"@type":"BreadcrumbList","@id":"https:\/\/groupecoiff.com\/marseille\/#breadcrumb","itemListElement":[{"@type":"ListItem","position":1,"name":"Accueil","item":"https:\/\/groupecoiff.com\/"},{"@type":"ListItem","position":2,"name":"Marseille"}]},{"@type":"WebSite","@id":"https:\/\/groupecoiff.com\/#website","url":"https:\/\/groupecoiff.com\/","name":"Coiff Group","description":"Everything for the hairdresser","publisher":{"@id":"https:\/\/groupecoiff.com\/#organization"},"potentialAction":[{"@type":"SearchAction","target":{"@type":"EntryPoint","urlTemplate":"https:\/\/groupecoiff.com\/?s={search_term_string}"},"query-input":{"@type":"PropertyValueSpecification","valueRequired":true,"valueName":"search_term_string"}}],"inLanguage":"en-US"},{"@type":"Organization","@id":"https:\/\/groupecoiff.com\/#organization","name":"Coiff Group","alternateName":"Groupe Coiff : Le Mobilier De Coiffure Haut de Gamme Pour Une \u00c9l\u00e9gance In\u00e9gal\u00e9e","url":"https:\/\/groupecoiff.com\/","logo":{"@type":"ImageObject","inLanguage":"en-US","@id":"https:\/\/groupecoiff.com\/#\/schema\/logo\/image\/","url":"https:\/\/groupecoiff.com\/wp-content\/uploads\/2024\/01\/cropped-Groupe-Coiff-Logo.webp","contentUrl":"https:\/\/groupecoiff.com\/wp-content\/uploads\/2024\/01\/cropped-Groupe-Coiff-Logo.webp","width":512,"height":512,"caption":"Groupe Coiff"},"image":{"@id":"https:\/\/groupecoiff.com\/#\/schema\/logo\/image\/"},"sameAs":["https:\/\/www.facebook.com\/GroupeCoiff","https:\/\/x.com\/groupecoiff","https:\/\/www.instagram.com\/groupecoiff\/","https:\/\/www.tiktok.com\/@groupecoiff","https:\/\/www.youtube.com\/@groupecoiff","https:\/\/twitter.com\/groupecoiff","https:\/\/www.leboncoin.fr\/boutique\/3961302\/groupe_coiff.htm"],"description":"Discover Groupe Coiff's top-of-the-range hairdressing furniture, combining elegance and functionality to enhance your salon and satisfy your customers.","email":"contact@groupecoiff.com","telephone":"0676951605","legalName":"Groupe Coiff","foundingDate":"2022-11-16","vatID":"FR84921406419","taxID":"92140641900025"}]}},"jetpack_likes_enabled":true,"jetpack_sharing_enabled":true,"jetpack_shortlink":"https:\/\/wp.me\/PeKCQ7-dwn","_links":{"self":[{"href":"https:\/\/groupecoiff.com\/en\/wp-json\/wp\/v2\/pages\/51979","targetHints":{"allow":["GET"]}}],"collection":[{"href":"https:\/\/groupecoiff.com\/en\/wp-json\/wp\/v2\/pages"}],"about":[{"href":"https:\/\/groupecoiff.com\/en\/wp-json\/wp\/v2\/types\/page"}],"author":[{"embeddable":true,"href":"https:\/\/groupecoiff.com\/en\/wp-json\/wp\/v2\/users\/95"}],"replies":[{"embeddable":true,"href":"https:\/\/groupecoiff.com\/en\/wp-json\/wp\/v2\/comments?post=51979"}],"version-history":[{"count":3,"href":"https:\/\/groupecoiff.com\/en\/wp-json\/wp\/v2\/pages\/51979\/revisions"}],"predecessor-version":[{"id":51987,"href":"https:\/\/groupecoiff.com\/en\/wp-json\/wp\/v2\/pages\/51979\/revisions\/51987"}],"wp:attachment":[{"href":"https:\/\/groupecoiff.com\/en\/wp-json\/wp\/v2\/media?parent=51979"}],"curies":[{"name":"wp","href":"https:\/\/api.w.org\/{rel}","templated":true}]}}