{"id":27360,"date":"2023-09-06T20:45:55","date_gmt":"2023-09-06T18:45:55","guid":{"rendered":"https:\/\/groupecoiff.com\/?post_type=product&#038;p=27360"},"modified":"2024-08-29T20:27:13","modified_gmt":"2024-08-29T18:27:13","slug":"poste-de-travail-luciano","status":"publish","type":"product","link":"https:\/\/groupecoiff.com\/en\/produit\/poste-de-travail-luciano\/","title":{"rendered":"Poste de travail Luciano"},"content":{"rendered":"<p><strong>Luciano is a sophisticated wooden workstation for barber shops. An elegant piece of colored wood furniture with side shelves for displaying your products to your clientele.<\/strong><\/p>\n<ul>\n<li>\n<h3>Job description Luciano<\/h3>\n<\/li>\n<\/ul>\n<p>The design of the <strong>Luciano hairdressing workstation<\/strong> optimise l&rsquo;organisation et la fonctionnalit\u00e9 de votre salon de coiffure. Dot\u00e9 d&rsquo;une finition neutre solide, il comporte six tiroirs, 04 petites \u00e9tag\u00e8res pour ranger.<\/p>\n<p>Vous pouvez ainsi travailler de mani\u00e8re efficace et maintenir votre espace de travail propre et bien organis\u00e9. Fabriqu\u00e9 en bois massif de haute qualit\u00e9 et respectueux de l&rsquo;environnement.<\/p>\n<p>Ce meuble \u00e9vite le gauchissement et durer toute une vie. Il est tr\u00e8s r\u00e9sistant \u00e0 l&rsquo;eau.<\/p>\n<p>It's the ideal storage unit if you want to make a statement and give your workspace a regal look. A large mirror is also included for uniqueness and perfection.<\/p>\n<h3>Job specifications<\/h3>\n<p>Voici les caract\u00e9ristiques qui rendent le poste de travail coiffure Luciano id\u00e9al. Notamment il s&rsquo;agit de :<\/p>\n<ul>\n<li>Plenty of storage space<\/li>\n<li>Wooden worktop<\/li>\n<li>Black structure<\/li>\n<li>Integrated wall mirror<\/li>\n<\/ul>\n<p>Then for a workstation, <strong><span style=\"color: #993300\"><a style=\"color: #993300\" href=\"https:\/\/groupecoiff.com\/en\/store\/\">Groupe Coiff<\/a><\/span><\/strong> offers you free delivery of your products, as quickly as possible in France and elsewhere.<\/p>","protected":false},"excerpt":{"rendered":"<p>Luciano est un poste de travail en bois pour salon de barbier tr\u00e8s sophistiqu\u00e9. Un meuble \u00e9l\u00e9gant en bois de couleur avec des \u00e9tag\u00e8res lat\u00e9rales pour exposer vos produits \u00e0 votre client\u00e8le. Description du poste de travail Luciano La conception du poste de travail coiffure Luciano optimise l&rsquo;organisation et la fonctionnalit\u00e9 de votre salon de [&hellip;]<\/p>\n","protected":false},"featured_media":27475,"comment_status":"open","ping_status":"closed","template":"","meta":{"googlesitekit_rrm_CAow0YCiDA:productID":"","jetpack_post_was_ever_published":false,"jetpack_publicize_message":"","jetpack_publicize_feature_enabled":true,"jetpack_social_post_already_shared":false,"jetpack_social_options":{"image_generator_settings":{"template":"highway","default_image_id":0,"font":"","enabled":false},"version":2}},"product_brand":[],"product_cat":[313,48],"product_tag":[],"class_list":{"0":"post-27360","1":"product","2":"type-product","3":"status-publish","4":"has-post-thumbnail","6":"product_cat-meuble-de-coiffure","7":"product_cat-poste-de-coiffage-professionnel","9":"first","10":"outofstock","11":"featured","12":"taxable","13":"shipping-taxable","14":"purchasable","15":"product-type-simple"},"yoast_head":"<!-- This site is optimized with the Yoast SEO Premium plugin v27.4 (Yoast SEO v27.4) - https:\/\/yoast.com\/product\/yoast-seo-premium-wordpress\/ -->\n<title>Poste de travail Luciano - Groupe Coiff<\/title>\n<meta name=\"description\" content=\"Poste de travail coiffure Luciano pour salon de coiffure. Il propose de nombreux rangements. Plan de travail en bois, structure noire, miroir mural int\u00e9gr\u00e9\" \/>\n<meta name=\"robots\" content=\"index, follow, max-snippet:-1, max-image-preview:large, max-video-preview:-1\" \/>\n<link rel=\"canonical\" href=\"https:\/\/groupecoiff.com\/en\/product-2\/poste-de-travail-luciano\/\" \/>\n<meta property=\"og:locale\" content=\"en_US\" \/>\n<meta property=\"og:type\" content=\"article\" \/>\n<meta property=\"og:title\" content=\"Poste de travail Luciano\" \/>\n<meta property=\"og:description\" content=\"Poste de travail coiffure Luciano pour salon de coiffure. Il propose de nombreux rangements. Plan de travail en bois, structure noire, miroir mural int\u00e9gr\u00e9\" \/>\n<meta property=\"og:url\" content=\"https:\/\/groupecoiff.com\/en\/product-2\/poste-de-travail-luciano\/\" \/>\n<meta property=\"og:site_name\" content=\"Groupe Coiff\" \/>\n<meta property=\"article:publisher\" content=\"https:\/\/www.facebook.com\/GroupeCoiff\" \/>\n<meta property=\"article:modified_time\" content=\"2024-08-29T18:27:13+00:00\" \/>\n<meta property=\"og:image\" content=\"https:\/\/groupecoiff.com\/wp-content\/uploads\/2023\/09\/Luciano-2.png\" \/>\n\t<meta property=\"og:image:width\" content=\"1080\" \/>\n\t<meta property=\"og:image:height\" content=\"1080\" \/>\n\t<meta property=\"og:image:type\" content=\"image\/png\" \/>\n<meta name=\"twitter:card\" content=\"summary_large_image\" \/>\n<meta name=\"twitter:site\" content=\"@groupecoiff\" \/>\n<meta name=\"twitter:label1\" content=\"Price\" \/>\n\t<meta name=\"twitter:data1\" content=\"799,00&nbsp;&euro;\" \/>\n\t<meta name=\"twitter:label2\" content=\"Availability\" \/>\n\t<meta name=\"twitter:data2\" content=\"Out of stock\" \/>\n<script type=\"application\/ld+json\" class=\"yoast-schema-graph\">{\"@context\":\"https:\\\/\\\/schema.org\",\"@graph\":[{\"@type\":\"WebPage\",\"@id\":\"https:\\\/\\\/groupecoiff.com\\\/produit\\\/poste-de-travail-luciano\\\/\",\"url\":\"https:\\\/\\\/groupecoiff.com\\\/produit\\\/poste-de-travail-luciano\\\/\",\"name\":\"Poste de travail Luciano - Groupe Coiff\",\"isPartOf\":{\"@id\":\"https:\\\/\\\/groupecoiff.com\\\/#website\"},\"primaryImageOfPage\":{\"@id\":\"https:\\\/\\\/groupecoiff.com\\\/produit\\\/poste-de-travail-luciano\\\/#primaryimage\"},\"image\":{\"@id\":\"https:\\\/\\\/groupecoiff.com\\\/produit\\\/poste-de-travail-luciano\\\/#primaryimage\"},\"thumbnailUrl\":\"https:\\\/\\\/groupecoiff.com\\\/wp-content\\\/uploads\\\/2023\\\/09\\\/Luciano-2.png\",\"datePublished\":\"2023-09-06T18:45:55+00:00\",\"dateModified\":\"2024-08-29T18:27:13+00:00\",\"description\":\"Poste de travail coiffure Luciano pour salon de coiffure. Il propose de nombreux rangements. Plan de travail en bois, structure noire, miroir mural int\u00e9gr\u00e9\",\"breadcrumb\":{\"@id\":\"https:\\\/\\\/groupecoiff.com\\\/produit\\\/poste-de-travail-luciano\\\/#breadcrumb\"},\"inLanguage\":\"en-US\",\"potentialAction\":[{\"@type\":\"ReadAction\",\"target\":[\"https:\\\/\\\/groupecoiff.com\\\/produit\\\/poste-de-travail-luciano\\\/\"]}]},{\"@type\":\"ImageObject\",\"inLanguage\":\"en-US\",\"@id\":\"https:\\\/\\\/groupecoiff.com\\\/produit\\\/poste-de-travail-luciano\\\/#primaryimage\",\"url\":\"https:\\\/\\\/groupecoiff.com\\\/wp-content\\\/uploads\\\/2023\\\/09\\\/Luciano-2.png\",\"contentUrl\":\"https:\\\/\\\/groupecoiff.com\\\/wp-content\\\/uploads\\\/2023\\\/09\\\/Luciano-2.png\",\"width\":1080,\"height\":1080,\"caption\":\"Poste de travail Luciano\"},{\"@type\":\"BreadcrumbList\",\"@id\":\"https:\\\/\\\/groupecoiff.com\\\/produit\\\/poste-de-travail-luciano\\\/#breadcrumb\",\"itemListElement\":[{\"@type\":\"ListItem\",\"position\":1,\"name\":\"Accueil\",\"item\":\"https:\\\/\\\/groupecoiff.com\\\/\"},{\"@type\":\"ListItem\",\"position\":2,\"name\":\"Boutique\",\"item\":\"https:\\\/\\\/groupecoiff.com\\\/boutique\\\/\"},{\"@type\":\"ListItem\",\"position\":3,\"name\":\"Poste de travail Luciano\"}]},{\"@type\":\"WebSite\",\"@id\":\"https:\\\/\\\/groupecoiff.com\\\/#website\",\"url\":\"https:\\\/\\\/groupecoiff.com\\\/\",\"name\":\"Groupe Coiff\",\"description\":\"Tout pour la coiffure\",\"publisher\":{\"@id\":\"https:\\\/\\\/groupecoiff.com\\\/#organization\"},\"potentialAction\":[{\"@type\":\"SearchAction\",\"target\":{\"@type\":\"EntryPoint\",\"urlTemplate\":\"https:\\\/\\\/groupecoiff.com\\\/?s={search_term_string}\"},\"query-input\":{\"@type\":\"PropertyValueSpecification\",\"valueRequired\":true,\"valueName\":\"search_term_string\"}}],\"inLanguage\":\"en-US\"},{\"@type\":\"Organization\",\"@id\":\"https:\\\/\\\/groupecoiff.com\\\/#organization\",\"name\":\"Groupe Coiff\",\"alternateName\":\"Groupe Coiff : Le Mobilier De Coiffure Haut de Gamme Pour Une \u00c9l\u00e9gance In\u00e9gal\u00e9e\",\"url\":\"https:\\\/\\\/groupecoiff.com\\\/\",\"logo\":{\"@type\":\"ImageObject\",\"inLanguage\":\"en-US\",\"@id\":\"https:\\\/\\\/groupecoiff.com\\\/#\\\/schema\\\/logo\\\/image\\\/\",\"url\":\"https:\\\/\\\/groupecoiff.com\\\/wp-content\\\/uploads\\\/2024\\\/01\\\/cropped-Groupe-Coiff-Logo.webp\",\"contentUrl\":\"https:\\\/\\\/groupecoiff.com\\\/wp-content\\\/uploads\\\/2024\\\/01\\\/cropped-Groupe-Coiff-Logo.webp\",\"width\":512,\"height\":512,\"caption\":\"Groupe Coiff\"},\"image\":{\"@id\":\"https:\\\/\\\/groupecoiff.com\\\/#\\\/schema\\\/logo\\\/image\\\/\"},\"sameAs\":[\"https:\\\/\\\/www.facebook.com\\\/GroupeCoiff\",\"https:\\\/\\\/x.com\\\/groupecoiff\",\"https:\\\/\\\/www.instagram.com\\\/groupecoiff\\\/\",\"https:\\\/\\\/www.tiktok.com\\\/@groupecoiff\",\"https:\\\/\\\/www.youtube.com\\\/@groupecoiff\",\"https:\\\/\\\/twitter.com\\\/groupecoiff\",\"https:\\\/\\\/www.leboncoin.fr\\\/boutique\\\/3961302\\\/groupe_coiff.htm\"],\"description\":\"D\u00e9couvrez le mobilier de coiffure haut de gamme de Groupe Coiff, alliant \u00e9l\u00e9gance et fonctionnalit\u00e9 pour sublimer votre salon et satisfaire vos clients.\",\"email\":\"contact@groupecoiff.com\",\"telephone\":\"0676951605\",\"legalName\":\"Groupe Coiff\",\"foundingDate\":\"2022-11-16\",\"vatID\":\"FR84921406419\",\"taxID\":\"92140641900025\"}]}<\/script>\n<meta property=\"product:price:amount\" content=\"799.00\" \/>\n<meta property=\"product:price:currency\" content=\"EUR\" \/>\n<meta property=\"og:availability\" content=\"out of stock\" \/>\n<meta property=\"product:availability\" content=\"out of stock\" \/>\n<meta property=\"product:retailer_item_id\" content=\"GC98M8I27360\" \/>\n<meta property=\"product:condition\" content=\"new\" \/>\n<!-- \/ Yoast SEO Premium plugin. -->","yoast_head_json":{"title":"Luciano workstation - Groupe Coiff","description":"Luciano hair styling workstation for hair salon. It offers numerous storage options. Wooden work surface, black structure, integrated wall mirror","robots":{"index":"index","follow":"follow","max-snippet":"max-snippet:-1","max-image-preview":"max-image-preview:large","max-video-preview":"max-video-preview:-1"},"canonical":"https:\/\/groupecoiff.com\/en\/product-2\/poste-de-travail-luciano\/","og_locale":"en_US","og_type":"article","og_title":"Poste de travail Luciano","og_description":"Poste de travail coiffure Luciano pour salon de coiffure. Il propose de nombreux rangements. Plan de travail en bois, structure noire, miroir mural int\u00e9gr\u00e9","og_url":"https:\/\/groupecoiff.com\/en\/product-2\/poste-de-travail-luciano\/","og_site_name":"Groupe Coiff","article_publisher":"https:\/\/www.facebook.com\/GroupeCoiff","article_modified_time":"2024-08-29T18:27:13+00:00","og_image":[{"width":1080,"height":1080,"url":"https:\/\/groupecoiff.com\/wp-content\/uploads\/2023\/09\/Luciano-2.png","type":"image\/png"}],"twitter_card":"summary_large_image","twitter_site":"@groupecoiff","twitter_misc":{"Price":"799,00&nbsp;&euro;","Availability":"Out of stock"},"schema":{"@context":"https:\/\/schema.org","@graph":[{"@type":"WebPage","@id":"https:\/\/groupecoiff.com\/produit\/poste-de-travail-luciano\/","url":"https:\/\/groupecoiff.com\/produit\/poste-de-travail-luciano\/","name":"Luciano workstation - Groupe Coiff","isPartOf":{"@id":"https:\/\/groupecoiff.com\/#website"},"primaryImageOfPage":{"@id":"https:\/\/groupecoiff.com\/produit\/poste-de-travail-luciano\/#primaryimage"},"image":{"@id":"https:\/\/groupecoiff.com\/produit\/poste-de-travail-luciano\/#primaryimage"},"thumbnailUrl":"https:\/\/groupecoiff.com\/wp-content\/uploads\/2023\/09\/Luciano-2.png","datePublished":"2023-09-06T18:45:55+00:00","dateModified":"2024-08-29T18:27:13+00:00","description":"Luciano hair styling workstation for hair salon. It offers numerous storage options. Wooden work surface, black structure, integrated wall mirror","breadcrumb":{"@id":"https:\/\/groupecoiff.com\/produit\/poste-de-travail-luciano\/#breadcrumb"},"inLanguage":"en-US","potentialAction":[{"@type":"ReadAction","target":["https:\/\/groupecoiff.com\/produit\/poste-de-travail-luciano\/"]}]},{"@type":"ImageObject","inLanguage":"en-US","@id":"https:\/\/groupecoiff.com\/produit\/poste-de-travail-luciano\/#primaryimage","url":"https:\/\/groupecoiff.com\/wp-content\/uploads\/2023\/09\/Luciano-2.png","contentUrl":"https:\/\/groupecoiff.com\/wp-content\/uploads\/2023\/09\/Luciano-2.png","width":1080,"height":1080,"caption":"Poste de travail Luciano"},{"@type":"BreadcrumbList","@id":"https:\/\/groupecoiff.com\/produit\/poste-de-travail-luciano\/#breadcrumb","itemListElement":[{"@type":"ListItem","position":1,"name":"Accueil","item":"https:\/\/groupecoiff.com\/"},{"@type":"ListItem","position":2,"name":"Boutique","item":"https:\/\/groupecoiff.com\/boutique\/"},{"@type":"ListItem","position":3,"name":"Poste de travail Luciano"}]},{"@type":"WebSite","@id":"https:\/\/groupecoiff.com\/#website","url":"https:\/\/groupecoiff.com\/","name":"Coiff Group","description":"Everything for the hairdresser","publisher":{"@id":"https:\/\/groupecoiff.com\/#organization"},"potentialAction":[{"@type":"SearchAction","target":{"@type":"EntryPoint","urlTemplate":"https:\/\/groupecoiff.com\/?s={search_term_string}"},"query-input":{"@type":"PropertyValueSpecification","valueRequired":true,"valueName":"search_term_string"}}],"inLanguage":"en-US"},{"@type":"Organization","@id":"https:\/\/groupecoiff.com\/#organization","name":"Coiff Group","alternateName":"Groupe Coiff : Le Mobilier De Coiffure Haut de Gamme Pour Une \u00c9l\u00e9gance In\u00e9gal\u00e9e","url":"https:\/\/groupecoiff.com\/","logo":{"@type":"ImageObject","inLanguage":"en-US","@id":"https:\/\/groupecoiff.com\/#\/schema\/logo\/image\/","url":"https:\/\/groupecoiff.com\/wp-content\/uploads\/2024\/01\/cropped-Groupe-Coiff-Logo.webp","contentUrl":"https:\/\/groupecoiff.com\/wp-content\/uploads\/2024\/01\/cropped-Groupe-Coiff-Logo.webp","width":512,"height":512,"caption":"Groupe Coiff"},"image":{"@id":"https:\/\/groupecoiff.com\/#\/schema\/logo\/image\/"},"sameAs":["https:\/\/www.facebook.com\/GroupeCoiff","https:\/\/x.com\/groupecoiff","https:\/\/www.instagram.com\/groupecoiff\/","https:\/\/www.tiktok.com\/@groupecoiff","https:\/\/www.youtube.com\/@groupecoiff","https:\/\/twitter.com\/groupecoiff","https:\/\/www.leboncoin.fr\/boutique\/3961302\/groupe_coiff.htm"],"description":"Discover Groupe Coiff's top-of-the-range hairdressing furniture, combining elegance and functionality to enhance your salon and satisfy your customers.","email":"contact@groupecoiff.com","telephone":"0676951605","legalName":"Groupe Coiff","foundingDate":"2022-11-16","vatID":"FR84921406419","taxID":"92140641900025"}]},"product_price_amount":"799.00","product_price_currency":"EUR","og_availability":"out of stock","product_availability":"out of stock","product_retailer_item_id":"GC98M8I27360","product_condition":"new"},"jetpack_publicize_connections":[],"jetpack_likes_enabled":true,"jetpack_sharing_enabled":true,"_links":{"self":[{"href":"https:\/\/groupecoiff.com\/en\/wp-json\/wp\/v2\/product\/27360","targetHints":{"allow":["GET"]}}],"collection":[{"href":"https:\/\/groupecoiff.com\/en\/wp-json\/wp\/v2\/product"}],"about":[{"href":"https:\/\/groupecoiff.com\/en\/wp-json\/wp\/v2\/types\/product"}],"replies":[{"embeddable":true,"href":"https:\/\/groupecoiff.com\/en\/wp-json\/wp\/v2\/comments?post=27360"}],"version-history":[{"count":0,"href":"https:\/\/groupecoiff.com\/en\/wp-json\/wp\/v2\/product\/27360\/revisions"}],"wp:featuredmedia":[{"embeddable":true,"href":"https:\/\/groupecoiff.com\/en\/wp-json\/wp\/v2\/media\/27475"}],"wp:attachment":[{"href":"https:\/\/groupecoiff.com\/en\/wp-json\/wp\/v2\/media?parent=27360"}],"wp:term":[{"taxonomy":"product_brand","embeddable":true,"href":"https:\/\/groupecoiff.com\/en\/wp-json\/wp\/v2\/product_brand?post=27360"},{"taxonomy":"product_cat","embeddable":true,"href":"https:\/\/groupecoiff.com\/en\/wp-json\/wp\/v2\/product_cat?post=27360"},{"taxonomy":"product_tag","embeddable":true,"href":"https:\/\/groupecoiff.com\/en\/wp-json\/wp\/v2\/product_tag?post=27360"}],"curies":[{"name":"wp","href":"https:\/\/api.w.org\/{rel}","templated":true}]}}