{"id":27421,"date":"2023-09-06T20:48:46","date_gmt":"2023-09-06T18:48:46","guid":{"rendered":"https:\/\/groupecoiff.com\/?post_type=product&#038;p=27421"},"modified":"2024-08-29T20:28:26","modified_gmt":"2024-08-29T18:28:26","slug":"legacy-manicure-trolley","status":"publish","type":"product","link":"https:\/\/groupecoiff.com\/en\/produit\/charriot-manucure-legacy\/","title":{"rendered":"Legacy manicure cart"},"content":{"rendered":"<ul>\n<li>\n<h3>Discover the Legacy Manicure Trolley: Practical, Affordable and Solid<\/h3>\n<\/li>\n<\/ul>\n<p>The Legacy Manicure Trolley has been specially designed to meet your needs and those of your customers. Practical, affordable and sturdy, it offers an ideal storage solution for your manicure and coloring tools.<\/p>\n<h4>Description of the Legacy Manicure Trolley<\/h4>\n<p>Dot\u00e9 de nombreux rangements, le Legacy comprend un plateau central permettant d&rsquo;avoir l&rsquo;essentiel \u00e0 port\u00e9e de main, ainsi que trois bacs de rangement amovibles. Facile \u00e0 entretenir, il est \u00e9galement \u00e9quip\u00e9 d&rsquo;une assise rembourr\u00e9e avec un rev\u00eatement en PVC haute qualit\u00e9 pour un confort optimal lors de vos s\u00e9ances de travail.<\/p>\n<p>Thanks to its four sturdy polypropylene castors, you can easily move the cart to access your coloring tools and manicure accessories wherever you are in your salon.<\/p>\n<h4>Features of the Legacy Manicure Trolley :<\/h4>\n<ul>\n<li>Manicure stool with removable shelf<\/li>\n<li>PVC coating for easy maintenance<\/li>\n<li>Metal structure with chrome finish for enhanced durability<\/li>\n<li>4 polypropylene castors for optimum mobility<\/li>\n<li>High-density foam for superior comfort<\/li>\n<li>Ideal for beauty salons, hair salons or SPAs<\/li>\n<li>Versatile coloring and storage cart<\/li>\n<\/ul>","protected":false},"excerpt":{"rendered":"<p>The Legacy Manicure Trolley is the must-have accessory for manicure professionals. With its central tray and removable storage bins, it will meet all your needs!<\/p>","protected":false},"featured_media":27528,"comment_status":"open","ping_status":"closed","template":"","meta":{"googlesitekit_rrm_CAow0YCiDA:productID":"","jetpack_post_was_ever_published":false,"jetpack_publicize_message":"","jetpack_publicize_feature_enabled":true,"jetpack_social_post_already_shared":false,"jetpack_social_options":{"image_generator_settings":{"template":"highway","default_image_id":0,"font":"","enabled":false},"version":2}},"product_brand":[],"product_cat":[47,52,61],"product_tag":[],"class_list":{"0":"post-27421","1":"product","2":"type-product","3":"status-publish","4":"has-post-thumbnail","6":"product_cat-chariots","7":"product_cat-fauteuil-pedicure-spa","8":"product_cat-mobilier-esthetique","10":"first","11":"instock","12":"taxable","13":"shipping-taxable","14":"purchasable","15":"product-type-variable"},"yoast_head":"<!-- This site is optimized with the Yoast SEO Premium plugin v27.4 (Yoast SEO v27.4) - https:\/\/yoast.com\/product\/yoast-seo-premium-wordpress\/ -->\n<title>Chariot Manucure Legacy - Groupe Coiff<\/title>\n<meta name=\"description\" content=\"Optimisez votre espace de travail avec le Chariot Manucure Legacy. Disposez de tous vos outils \u00e0 port\u00e9e de main gr\u00e2ce \u00e0 ses rangements malins!\" \/>\n<meta name=\"robots\" content=\"index, follow, max-snippet:-1, max-image-preview:large, max-video-preview:-1\" \/>\n<link rel=\"canonical\" href=\"https:\/\/groupecoiff.com\/en\/product-2\/legacy-manicure-trolley\/\" \/>\n<meta property=\"og:locale\" content=\"en_US\" \/>\n<meta property=\"og:type\" content=\"article\" \/>\n<meta property=\"og:title\" content=\"Chariot Manucure Legacy\" \/>\n<meta property=\"og:description\" content=\"Optimisez votre espace de travail avec le Chariot Manucure Legacy. Disposez de tous vos outils \u00e0 port\u00e9e de main gr\u00e2ce \u00e0 ses rangements malins!\" \/>\n<meta property=\"og:url\" content=\"https:\/\/groupecoiff.com\/en\/product-2\/legacy-manicure-trolley\/\" \/>\n<meta property=\"og:site_name\" content=\"Groupe Coiff\" \/>\n<meta property=\"article:publisher\" content=\"https:\/\/www.facebook.com\/GroupeCoiff\" \/>\n<meta property=\"article:modified_time\" content=\"2024-08-29T18:28:26+00:00\" \/>\n<meta property=\"og:image\" content=\"https:\/\/groupecoiff.com\/wp-content\/uploads\/2023\/09\/Legacy-1.jpg\" \/>\n\t<meta property=\"og:image:width\" content=\"1080\" \/>\n\t<meta property=\"og:image:height\" content=\"1080\" \/>\n\t<meta property=\"og:image:type\" content=\"image\/jpeg\" \/>\n<meta name=\"twitter:card\" content=\"summary_large_image\" \/>\n<meta name=\"twitter:site\" content=\"@groupecoiff\" \/>\n<meta name=\"twitter:label1\" content=\"Availability\" \/>\n\t<meta name=\"twitter:data1\" content=\"In stock\" \/>\n<script type=\"application\/ld+json\" class=\"yoast-schema-graph\">{\"@context\":\"https:\\\/\\\/schema.org\",\"@graph\":[{\"@type\":\"WebPage\",\"@id\":\"https:\\\/\\\/groupecoiff.com\\\/produit\\\/charriot-manucure-legacy\\\/\",\"url\":\"https:\\\/\\\/groupecoiff.com\\\/produit\\\/charriot-manucure-legacy\\\/\",\"name\":\"Chariot Manucure Legacy - Groupe Coiff\",\"isPartOf\":{\"@id\":\"https:\\\/\\\/groupecoiff.com\\\/#website\"},\"primaryImageOfPage\":{\"@id\":\"https:\\\/\\\/groupecoiff.com\\\/produit\\\/charriot-manucure-legacy\\\/#primaryimage\"},\"image\":{\"@id\":\"https:\\\/\\\/groupecoiff.com\\\/produit\\\/charriot-manucure-legacy\\\/#primaryimage\"},\"thumbnailUrl\":\"https:\\\/\\\/groupecoiff.com\\\/wp-content\\\/uploads\\\/2023\\\/09\\\/Legacy-1.jpg\",\"datePublished\":\"2023-09-06T18:48:46+00:00\",\"dateModified\":\"2024-08-29T18:28:26+00:00\",\"description\":\"Optimisez votre espace de travail avec le Chariot Manucure Legacy. Disposez de tous vos outils \u00e0 port\u00e9e de main gr\u00e2ce \u00e0 ses rangements malins!\",\"breadcrumb\":{\"@id\":\"https:\\\/\\\/groupecoiff.com\\\/produit\\\/charriot-manucure-legacy\\\/#breadcrumb\"},\"inLanguage\":\"en-US\",\"potentialAction\":[{\"@type\":\"ReadAction\",\"target\":[\"https:\\\/\\\/groupecoiff.com\\\/produit\\\/charriot-manucure-legacy\\\/\"]}]},{\"@type\":\"ImageObject\",\"inLanguage\":\"en-US\",\"@id\":\"https:\\\/\\\/groupecoiff.com\\\/produit\\\/charriot-manucure-legacy\\\/#primaryimage\",\"url\":\"https:\\\/\\\/groupecoiff.com\\\/wp-content\\\/uploads\\\/2023\\\/09\\\/Legacy-1.jpg\",\"contentUrl\":\"https:\\\/\\\/groupecoiff.com\\\/wp-content\\\/uploads\\\/2023\\\/09\\\/Legacy-1.jpg\",\"width\":1080,\"height\":1080,\"caption\":\"Charriot Manucure Legacy\"},{\"@type\":\"BreadcrumbList\",\"@id\":\"https:\\\/\\\/groupecoiff.com\\\/produit\\\/charriot-manucure-legacy\\\/#breadcrumb\",\"itemListElement\":[{\"@type\":\"ListItem\",\"position\":1,\"name\":\"Accueil\",\"item\":\"https:\\\/\\\/groupecoiff.com\\\/\"},{\"@type\":\"ListItem\",\"position\":2,\"name\":\"Boutique\",\"item\":\"https:\\\/\\\/groupecoiff.com\\\/boutique\\\/\"},{\"@type\":\"ListItem\",\"position\":3,\"name\":\"Chariot Manucure Legacy\"}]},{\"@type\":\"WebSite\",\"@id\":\"https:\\\/\\\/groupecoiff.com\\\/#website\",\"url\":\"https:\\\/\\\/groupecoiff.com\\\/\",\"name\":\"Groupe Coiff\",\"description\":\"Tout pour la coiffure\",\"publisher\":{\"@id\":\"https:\\\/\\\/groupecoiff.com\\\/#organization\"},\"potentialAction\":[{\"@type\":\"SearchAction\",\"target\":{\"@type\":\"EntryPoint\",\"urlTemplate\":\"https:\\\/\\\/groupecoiff.com\\\/?s={search_term_string}\"},\"query-input\":{\"@type\":\"PropertyValueSpecification\",\"valueRequired\":true,\"valueName\":\"search_term_string\"}}],\"inLanguage\":\"en-US\"},{\"@type\":\"Organization\",\"@id\":\"https:\\\/\\\/groupecoiff.com\\\/#organization\",\"name\":\"Groupe Coiff\",\"alternateName\":\"Groupe Coiff : Le Mobilier De Coiffure Haut de Gamme Pour Une \u00c9l\u00e9gance In\u00e9gal\u00e9e\",\"url\":\"https:\\\/\\\/groupecoiff.com\\\/\",\"logo\":{\"@type\":\"ImageObject\",\"inLanguage\":\"en-US\",\"@id\":\"https:\\\/\\\/groupecoiff.com\\\/#\\\/schema\\\/logo\\\/image\\\/\",\"url\":\"https:\\\/\\\/groupecoiff.com\\\/wp-content\\\/uploads\\\/2024\\\/01\\\/cropped-Groupe-Coiff-Logo.webp\",\"contentUrl\":\"https:\\\/\\\/groupecoiff.com\\\/wp-content\\\/uploads\\\/2024\\\/01\\\/cropped-Groupe-Coiff-Logo.webp\",\"width\":512,\"height\":512,\"caption\":\"Groupe Coiff\"},\"image\":{\"@id\":\"https:\\\/\\\/groupecoiff.com\\\/#\\\/schema\\\/logo\\\/image\\\/\"},\"sameAs\":[\"https:\\\/\\\/www.facebook.com\\\/GroupeCoiff\",\"https:\\\/\\\/x.com\\\/groupecoiff\",\"https:\\\/\\\/www.instagram.com\\\/groupecoiff\\\/\",\"https:\\\/\\\/www.tiktok.com\\\/@groupecoiff\",\"https:\\\/\\\/www.youtube.com\\\/@groupecoiff\",\"https:\\\/\\\/twitter.com\\\/groupecoiff\",\"https:\\\/\\\/www.leboncoin.fr\\\/boutique\\\/3961302\\\/groupe_coiff.htm\"],\"description\":\"D\u00e9couvrez le mobilier de coiffure haut de gamme de Groupe Coiff, alliant \u00e9l\u00e9gance et fonctionnalit\u00e9 pour sublimer votre salon et satisfaire vos clients.\",\"email\":\"contact@groupecoiff.com\",\"telephone\":\"0676951605\",\"legalName\":\"Groupe Coiff\",\"foundingDate\":\"2022-11-16\",\"vatID\":\"FR84921406419\",\"taxID\":\"92140641900025\"}]}<\/script>\n<meta property=\"og:availability\" content=\"instock\" \/>\n<meta property=\"product:availability\" content=\"instock\" \/>\n<meta property=\"product:retailer_item_id\" content=\"GCF637G27421\" \/>\n<meta property=\"product:condition\" content=\"new\" \/>\n<!-- \/ Yoast SEO Premium plugin. -->","yoast_head_json":{"title":"Legacy Manicure Trolley - Groupe Coiff","description":"Optimize your workspace with the Legacy Manicure Trolley. Keep all your tools close at hand with its clever storage compartments!","robots":{"index":"index","follow":"follow","max-snippet":"max-snippet:-1","max-image-preview":"max-image-preview:large","max-video-preview":"max-video-preview:-1"},"canonical":"https:\/\/groupecoiff.com\/en\/product-2\/legacy-manicure-trolley\/","og_locale":"en_US","og_type":"article","og_title":"Chariot Manucure Legacy","og_description":"Optimisez votre espace de travail avec le Chariot Manucure Legacy. Disposez de tous vos outils \u00e0 port\u00e9e de main gr\u00e2ce \u00e0 ses rangements malins!","og_url":"https:\/\/groupecoiff.com\/en\/product-2\/legacy-manicure-trolley\/","og_site_name":"Groupe Coiff","article_publisher":"https:\/\/www.facebook.com\/GroupeCoiff","article_modified_time":"2024-08-29T18:28:26+00:00","og_image":[{"width":1080,"height":1080,"url":"https:\/\/groupecoiff.com\/wp-content\/uploads\/2023\/09\/Legacy-1.jpg","type":"image\/jpeg"}],"twitter_card":"summary_large_image","twitter_site":"@groupecoiff","twitter_misc":{"Availability":"In stock"},"schema":{"@context":"https:\/\/schema.org","@graph":[{"@type":"WebPage","@id":"https:\/\/groupecoiff.com\/produit\/charriot-manucure-legacy\/","url":"https:\/\/groupecoiff.com\/produit\/charriot-manucure-legacy\/","name":"Legacy Manicure Trolley - Groupe Coiff","isPartOf":{"@id":"https:\/\/groupecoiff.com\/#website"},"primaryImageOfPage":{"@id":"https:\/\/groupecoiff.com\/produit\/charriot-manucure-legacy\/#primaryimage"},"image":{"@id":"https:\/\/groupecoiff.com\/produit\/charriot-manucure-legacy\/#primaryimage"},"thumbnailUrl":"https:\/\/groupecoiff.com\/wp-content\/uploads\/2023\/09\/Legacy-1.jpg","datePublished":"2023-09-06T18:48:46+00:00","dateModified":"2024-08-29T18:28:26+00:00","description":"Optimize your workspace with the Legacy Manicure Trolley. Keep all your tools close at hand with its clever storage compartments!","breadcrumb":{"@id":"https:\/\/groupecoiff.com\/produit\/charriot-manucure-legacy\/#breadcrumb"},"inLanguage":"en-US","potentialAction":[{"@type":"ReadAction","target":["https:\/\/groupecoiff.com\/produit\/charriot-manucure-legacy\/"]}]},{"@type":"ImageObject","inLanguage":"en-US","@id":"https:\/\/groupecoiff.com\/produit\/charriot-manucure-legacy\/#primaryimage","url":"https:\/\/groupecoiff.com\/wp-content\/uploads\/2023\/09\/Legacy-1.jpg","contentUrl":"https:\/\/groupecoiff.com\/wp-content\/uploads\/2023\/09\/Legacy-1.jpg","width":1080,"height":1080,"caption":"Charriot Manucure Legacy"},{"@type":"BreadcrumbList","@id":"https:\/\/groupecoiff.com\/produit\/charriot-manucure-legacy\/#breadcrumb","itemListElement":[{"@type":"ListItem","position":1,"name":"Accueil","item":"https:\/\/groupecoiff.com\/"},{"@type":"ListItem","position":2,"name":"Boutique","item":"https:\/\/groupecoiff.com\/boutique\/"},{"@type":"ListItem","position":3,"name":"Chariot Manucure Legacy"}]},{"@type":"WebSite","@id":"https:\/\/groupecoiff.com\/#website","url":"https:\/\/groupecoiff.com\/","name":"Coiff Group","description":"Everything for the hairdresser","publisher":{"@id":"https:\/\/groupecoiff.com\/#organization"},"potentialAction":[{"@type":"SearchAction","target":{"@type":"EntryPoint","urlTemplate":"https:\/\/groupecoiff.com\/?s={search_term_string}"},"query-input":{"@type":"PropertyValueSpecification","valueRequired":true,"valueName":"search_term_string"}}],"inLanguage":"en-US"},{"@type":"Organization","@id":"https:\/\/groupecoiff.com\/#organization","name":"Coiff Group","alternateName":"Groupe Coiff : Le Mobilier De Coiffure Haut de Gamme Pour Une \u00c9l\u00e9gance In\u00e9gal\u00e9e","url":"https:\/\/groupecoiff.com\/","logo":{"@type":"ImageObject","inLanguage":"en-US","@id":"https:\/\/groupecoiff.com\/#\/schema\/logo\/image\/","url":"https:\/\/groupecoiff.com\/wp-content\/uploads\/2024\/01\/cropped-Groupe-Coiff-Logo.webp","contentUrl":"https:\/\/groupecoiff.com\/wp-content\/uploads\/2024\/01\/cropped-Groupe-Coiff-Logo.webp","width":512,"height":512,"caption":"Groupe Coiff"},"image":{"@id":"https:\/\/groupecoiff.com\/#\/schema\/logo\/image\/"},"sameAs":["https:\/\/www.facebook.com\/GroupeCoiff","https:\/\/x.com\/groupecoiff","https:\/\/www.instagram.com\/groupecoiff\/","https:\/\/www.tiktok.com\/@groupecoiff","https:\/\/www.youtube.com\/@groupecoiff","https:\/\/twitter.com\/groupecoiff","https:\/\/www.leboncoin.fr\/boutique\/3961302\/groupe_coiff.htm"],"description":"Discover Groupe Coiff's top-of-the-range hairdressing furniture, combining elegance and functionality to enhance your salon and satisfy your customers.","email":"contact@groupecoiff.com","telephone":"0676951605","legalName":"Groupe Coiff","foundingDate":"2022-11-16","vatID":"FR84921406419","taxID":"92140641900025"}]},"og_availability":"instock","product_availability":"instock","product_retailer_item_id":"GCF637G27421","product_condition":"new"},"jetpack_publicize_connections":[],"jetpack_likes_enabled":true,"jetpack_sharing_enabled":true,"_links":{"self":[{"href":"https:\/\/groupecoiff.com\/en\/wp-json\/wp\/v2\/product\/27421","targetHints":{"allow":["GET"]}}],"collection":[{"href":"https:\/\/groupecoiff.com\/en\/wp-json\/wp\/v2\/product"}],"about":[{"href":"https:\/\/groupecoiff.com\/en\/wp-json\/wp\/v2\/types\/product"}],"replies":[{"embeddable":true,"href":"https:\/\/groupecoiff.com\/en\/wp-json\/wp\/v2\/comments?post=27421"}],"version-history":[{"count":0,"href":"https:\/\/groupecoiff.com\/en\/wp-json\/wp\/v2\/product\/27421\/revisions"}],"wp:featuredmedia":[{"embeddable":true,"href":"https:\/\/groupecoiff.com\/en\/wp-json\/wp\/v2\/media\/27528"}],"wp:attachment":[{"href":"https:\/\/groupecoiff.com\/en\/wp-json\/wp\/v2\/media?parent=27421"}],"wp:term":[{"taxonomy":"product_brand","embeddable":true,"href":"https:\/\/groupecoiff.com\/en\/wp-json\/wp\/v2\/product_brand?post=27421"},{"taxonomy":"product_cat","embeddable":true,"href":"https:\/\/groupecoiff.com\/en\/wp-json\/wp\/v2\/product_cat?post=27421"},{"taxonomy":"product_tag","embeddable":true,"href":"https:\/\/groupecoiff.com\/en\/wp-json\/wp\/v2\/product_tag?post=27421"}],"curies":[{"name":"wp","href":"https:\/\/api.w.org\/{rel}","templated":true}]}}