{"id":27535,"date":"2023-09-06T20:54:08","date_gmt":"2023-09-06T18:54:08","guid":{"rendered":"https:\/\/groupecoiff.com\/?post_type=product&#038;p=27535"},"modified":"2024-08-29T20:31:12","modified_gmt":"2024-08-29T18:31:12","slug":"fauteuil-de-coiffure-princess","status":"publish","type":"product","link":"https:\/\/groupecoiff.com\/en\/produit\/fauteuil-de-coiffure-princess\/","title":{"rendered":"Fauteuil de coiffure Princess"},"content":{"rendered":"<p>Le fauteuil de coiffure Princess saura plaire sans aucun doute \u00e0 toute personne qui y posera son attention dans votre salon. Il est donc temps de l\u2019adopter.<\/p>\n<ul>\n<li>\n<h3>Princess barber chair description<\/h3>\n<\/li>\n<\/ul>\n<p>The Princess hairdressing chair is a chair with a simple yet modern design that will leave no one indifferent. Upholstered in black faux leather and high-density quick-recovery foam, it displays clean lines.<\/p>\n<p>Its wooden structure, padded armrests and backrest make it very comfortable. It is equipped with a hydraulic pump with brake to easily raise or lower the chair.<\/p>\n<p>This allows users to find the most comfortable position according to their needs. Additionally, the hydraulic braking system provides extra stability, preventing the chair from moving or rotating unexpectedly.<\/p>\n<p>In addition to its functionality, the Princess hairdressing chair is designed to offer optimal comfort. It is padded with quality materials that provide a soft and pleasant seat.<\/p>\n<p>The materials used are resistant and easy to clean, which is essential for maintaining a clean and hygienic environment. The chrome square base ensures good stability. The Princess barber chair will integrate perfectly into your hair salon.<\/p>\n<ul>\n<li>\n<h3>Caract\u00e9ristiques<\/h3>\n<\/li>\n<\/ul>\n<p>Fire-retardant PVC faux leather upholstery.<br \/>\nMetal internal structure<br \/>\nLockable hydraulic pump with adjustable brake<br \/>\nSquare chrome-plated metal base<\/p>\n<p>For every Princess chair purchased, <strong><span style=\"color: #993300\"><a style=\"color: #993300\" href=\"https:\/\/groupecoiff.com\/en\/store\/\">Groupe Coiff<\/a><\/span><\/strong> offers you free delivery, as quickly as possible in France and elsewhere.<\/p>\n<p>&nbsp;<\/p>","protected":false},"excerpt":{"rendered":"<p>Le fauteuil de coiffure Princess saura plaire sans aucun doute \u00e0 toute personne qui y posera son attention dans votre salon. Il est donc temps de l&rsquo;adopter. Description du fauteuil barbier Princess Le fauteuil de coiffure Princess est un fauteuil avec un design simple, mais moderne qui ne laissera personne indiff\u00e9rent. Rev\u00eatu de similicuir noir [&hellip;]<\/p>\n","protected":false},"featured_media":27626,"comment_status":"open","ping_status":"closed","template":"","meta":{"googlesitekit_rrm_CAow0YCiDA:productID":"","jetpack_post_was_ever_published":false,"jetpack_publicize_message":"","jetpack_publicize_feature_enabled":true,"jetpack_social_post_already_shared":false,"jetpack_social_options":{"image_generator_settings":{"template":"highway","default_image_id":0,"font":"","enabled":false},"version":2}},"product_brand":[],"product_cat":[46,313],"product_tag":[],"class_list":{"0":"post-27535","1":"product","2":"type-product","3":"status-publish","4":"has-post-thumbnail","6":"product_cat-fauteuil-de-coiffure","7":"product_cat-meuble-de-coiffure","9":"first","10":"instock","11":"taxable","12":"shipping-taxable","13":"purchasable","14":"product-type-simple"},"yoast_head":"<!-- This site is optimized with the Yoast SEO Premium plugin v27.4 (Yoast SEO v27.4) - https:\/\/yoast.com\/product\/yoast-seo-premium-wordpress\/ -->\n<title>Fauteuil de coiffure Princess - Groupe Coiff<\/title>\n<meta name=\"description\" content=\"Fauteuil de coiffure Princess en similicuir noir avec frein hydraulique pour assurer la mont\u00e9e et descente du fauteuil. R\u00e9sistant en bois et style moderne.\" \/>\n<meta name=\"robots\" content=\"index, follow, max-snippet:-1, max-image-preview:large, max-video-preview:-1\" \/>\n<link rel=\"canonical\" href=\"https:\/\/groupecoiff.com\/en\/product-2\/fauteuil-de-coiffure-princess\/\" \/>\n<meta property=\"og:locale\" content=\"en_US\" \/>\n<meta property=\"og:type\" content=\"article\" \/>\n<meta property=\"og:title\" content=\"Princess fauteuil de coiffure\" \/>\n<meta property=\"og:description\" content=\"Le fauteuil Princess saura vous plaire sans aucun doute. Il s\u2019agit d\u2019un fauteuil de coiffure avec un design simple, mais moderne qui ne laissera personne indiff\u00e9rent. Sa structure en bois, ses accoudoirs et son dossier capitonn\u00e9s le rendent tr\u00e8s confortable. Le fauteuil Princess s\u2019int\u00e8grera parfaitement dans votre salon de coiffure.\" \/>\n<meta property=\"og:url\" content=\"https:\/\/groupecoiff.com\/en\/product-2\/fauteuil-de-coiffure-princess\/\" \/>\n<meta property=\"og:site_name\" content=\"Groupe Coiff\" \/>\n<meta property=\"article:publisher\" content=\"https:\/\/www.facebook.com\/GroupeCoiff\" \/>\n<meta property=\"article:modified_time\" content=\"2024-08-29T18:31:12+00:00\" \/>\n<meta property=\"og:image\" content=\"https:\/\/groupecoiff.com\/wp-content\/uploads\/2023\/09\/Princess-1.png\" \/>\n\t<meta property=\"og:image:width\" content=\"1080\" \/>\n\t<meta property=\"og:image:height\" content=\"1080\" \/>\n\t<meta property=\"og:image:type\" content=\"image\/png\" \/>\n<meta name=\"twitter:card\" content=\"summary_large_image\" \/>\n<meta name=\"twitter:title\" content=\"Fauteuil de coiffure Princess\" \/>\n<meta name=\"twitter:site\" content=\"@groupecoiff\" \/>\n<meta name=\"twitter:label1\" content=\"Price\" \/>\n\t<meta name=\"twitter:data1\" content=\"349,00&nbsp;&euro;\" \/>\n\t<meta name=\"twitter:label2\" content=\"Availability\" \/>\n\t<meta name=\"twitter:data2\" content=\"In stock\" \/>\n<script type=\"application\/ld+json\" class=\"yoast-schema-graph\">{\"@context\":\"https:\\\/\\\/schema.org\",\"@graph\":[{\"@type\":\"WebPage\",\"@id\":\"https:\\\/\\\/groupecoiff.com\\\/produit\\\/fauteuil-de-coiffure-princess\\\/\",\"url\":\"https:\\\/\\\/groupecoiff.com\\\/produit\\\/fauteuil-de-coiffure-princess\\\/\",\"name\":\"Fauteuil de coiffure Princess - Groupe Coiff\",\"isPartOf\":{\"@id\":\"https:\\\/\\\/groupecoiff.com\\\/#website\"},\"primaryImageOfPage\":{\"@id\":\"https:\\\/\\\/groupecoiff.com\\\/produit\\\/fauteuil-de-coiffure-princess\\\/#primaryimage\"},\"image\":{\"@id\":\"https:\\\/\\\/groupecoiff.com\\\/produit\\\/fauteuil-de-coiffure-princess\\\/#primaryimage\"},\"thumbnailUrl\":\"https:\\\/\\\/groupecoiff.com\\\/wp-content\\\/uploads\\\/2023\\\/09\\\/Princess-1.png\",\"datePublished\":\"2023-09-06T18:54:08+00:00\",\"dateModified\":\"2024-08-29T18:31:12+00:00\",\"description\":\"Fauteuil de coiffure Princess en similicuir noir avec frein hydraulique pour assurer la mont\u00e9e et descente du fauteuil. R\u00e9sistant en bois et style moderne.\",\"breadcrumb\":{\"@id\":\"https:\\\/\\\/groupecoiff.com\\\/produit\\\/fauteuil-de-coiffure-princess\\\/#breadcrumb\"},\"inLanguage\":\"en-US\",\"potentialAction\":[{\"@type\":\"ReadAction\",\"target\":[\"https:\\\/\\\/groupecoiff.com\\\/produit\\\/fauteuil-de-coiffure-princess\\\/\"]}]},{\"@type\":\"ImageObject\",\"inLanguage\":\"en-US\",\"@id\":\"https:\\\/\\\/groupecoiff.com\\\/produit\\\/fauteuil-de-coiffure-princess\\\/#primaryimage\",\"url\":\"https:\\\/\\\/groupecoiff.com\\\/wp-content\\\/uploads\\\/2023\\\/09\\\/Princess-1.png\",\"contentUrl\":\"https:\\\/\\\/groupecoiff.com\\\/wp-content\\\/uploads\\\/2023\\\/09\\\/Princess-1.png\",\"width\":1080,\"height\":1080,\"caption\":\"Fauteuil de coiffure Princess\"},{\"@type\":\"BreadcrumbList\",\"@id\":\"https:\\\/\\\/groupecoiff.com\\\/produit\\\/fauteuil-de-coiffure-princess\\\/#breadcrumb\",\"itemListElement\":[{\"@type\":\"ListItem\",\"position\":1,\"name\":\"Accueil\",\"item\":\"https:\\\/\\\/groupecoiff.com\\\/\"},{\"@type\":\"ListItem\",\"position\":2,\"name\":\"Boutique\",\"item\":\"https:\\\/\\\/groupecoiff.com\\\/boutique\\\/\"},{\"@type\":\"ListItem\",\"position\":3,\"name\":\"Fauteuil de coiffure Princess\"}]},{\"@type\":\"WebSite\",\"@id\":\"https:\\\/\\\/groupecoiff.com\\\/#website\",\"url\":\"https:\\\/\\\/groupecoiff.com\\\/\",\"name\":\"Groupe Coiff\",\"description\":\"Tout pour la coiffure\",\"publisher\":{\"@id\":\"https:\\\/\\\/groupecoiff.com\\\/#organization\"},\"potentialAction\":[{\"@type\":\"SearchAction\",\"target\":{\"@type\":\"EntryPoint\",\"urlTemplate\":\"https:\\\/\\\/groupecoiff.com\\\/?s={search_term_string}\"},\"query-input\":{\"@type\":\"PropertyValueSpecification\",\"valueRequired\":true,\"valueName\":\"search_term_string\"}}],\"inLanguage\":\"en-US\"},{\"@type\":\"Organization\",\"@id\":\"https:\\\/\\\/groupecoiff.com\\\/#organization\",\"name\":\"Groupe Coiff\",\"alternateName\":\"Groupe Coiff : Le Mobilier De Coiffure Haut de Gamme Pour Une \u00c9l\u00e9gance In\u00e9gal\u00e9e\",\"url\":\"https:\\\/\\\/groupecoiff.com\\\/\",\"logo\":{\"@type\":\"ImageObject\",\"inLanguage\":\"en-US\",\"@id\":\"https:\\\/\\\/groupecoiff.com\\\/#\\\/schema\\\/logo\\\/image\\\/\",\"url\":\"https:\\\/\\\/groupecoiff.com\\\/wp-content\\\/uploads\\\/2024\\\/01\\\/cropped-Groupe-Coiff-Logo.webp\",\"contentUrl\":\"https:\\\/\\\/groupecoiff.com\\\/wp-content\\\/uploads\\\/2024\\\/01\\\/cropped-Groupe-Coiff-Logo.webp\",\"width\":512,\"height\":512,\"caption\":\"Groupe Coiff\"},\"image\":{\"@id\":\"https:\\\/\\\/groupecoiff.com\\\/#\\\/schema\\\/logo\\\/image\\\/\"},\"sameAs\":[\"https:\\\/\\\/www.facebook.com\\\/GroupeCoiff\",\"https:\\\/\\\/x.com\\\/groupecoiff\",\"https:\\\/\\\/www.instagram.com\\\/groupecoiff\\\/\",\"https:\\\/\\\/www.tiktok.com\\\/@groupecoiff\",\"https:\\\/\\\/www.youtube.com\\\/@groupecoiff\",\"https:\\\/\\\/twitter.com\\\/groupecoiff\",\"https:\\\/\\\/www.leboncoin.fr\\\/boutique\\\/3961302\\\/groupe_coiff.htm\"],\"description\":\"D\u00e9couvrez le mobilier de coiffure haut de gamme de Groupe Coiff, alliant \u00e9l\u00e9gance et fonctionnalit\u00e9 pour sublimer votre salon et satisfaire vos clients.\",\"email\":\"contact@groupecoiff.com\",\"telephone\":\"0676951605\",\"legalName\":\"Groupe Coiff\",\"foundingDate\":\"2022-11-16\",\"vatID\":\"FR84921406419\",\"taxID\":\"92140641900025\"}]}<\/script>\n<meta property=\"product:price:amount\" content=\"349.00\" \/>\n<meta property=\"product:price:currency\" content=\"EUR\" \/>\n<meta property=\"og:availability\" content=\"instock\" \/>\n<meta property=\"product:availability\" content=\"instock\" \/>\n<meta property=\"product:retailer_item_id\" content=\"GCEJ2BN27535\" \/>\n<meta property=\"product:condition\" content=\"new\" \/>\n<!-- \/ Yoast SEO Premium plugin. -->","yoast_head_json":{"title":"Princess Styling Chair - Groupe Coiff","description":"Princess styling chair in black faux leather with hydraulic brake to ensure smooth chair height adjustment. Durable wood construction with modern styling.","robots":{"index":"index","follow":"follow","max-snippet":"max-snippet:-1","max-image-preview":"max-image-preview:large","max-video-preview":"max-video-preview:-1"},"canonical":"https:\/\/groupecoiff.com\/en\/product-2\/fauteuil-de-coiffure-princess\/","og_locale":"en_US","og_type":"article","og_title":"Princess fauteuil de coiffure","og_description":"Le fauteuil Princess saura vous plaire sans aucun doute. Il s\u2019agit d\u2019un fauteuil de coiffure avec un design simple, mais moderne qui ne laissera personne indiff\u00e9rent. Sa structure en bois, ses accoudoirs et son dossier capitonn\u00e9s le rendent tr\u00e8s confortable. Le fauteuil Princess s\u2019int\u00e8grera parfaitement dans votre salon de coiffure.","og_url":"https:\/\/groupecoiff.com\/en\/product-2\/fauteuil-de-coiffure-princess\/","og_site_name":"Groupe Coiff","article_publisher":"https:\/\/www.facebook.com\/GroupeCoiff","article_modified_time":"2024-08-29T18:31:12+00:00","og_image":[{"width":1080,"height":1080,"url":"https:\/\/groupecoiff.com\/wp-content\/uploads\/2023\/09\/Princess-1.png","type":"image\/png"}],"twitter_card":"summary_large_image","twitter_title":"Fauteuil de coiffure Princess","twitter_site":"@groupecoiff","twitter_misc":{"Price":"349,00&nbsp;&euro;","Availability":"In stock"},"schema":{"@context":"https:\/\/schema.org","@graph":[{"@type":"WebPage","@id":"https:\/\/groupecoiff.com\/produit\/fauteuil-de-coiffure-princess\/","url":"https:\/\/groupecoiff.com\/produit\/fauteuil-de-coiffure-princess\/","name":"Princess Styling Chair - Groupe Coiff","isPartOf":{"@id":"https:\/\/groupecoiff.com\/#website"},"primaryImageOfPage":{"@id":"https:\/\/groupecoiff.com\/produit\/fauteuil-de-coiffure-princess\/#primaryimage"},"image":{"@id":"https:\/\/groupecoiff.com\/produit\/fauteuil-de-coiffure-princess\/#primaryimage"},"thumbnailUrl":"https:\/\/groupecoiff.com\/wp-content\/uploads\/2023\/09\/Princess-1.png","datePublished":"2023-09-06T18:54:08+00:00","dateModified":"2024-08-29T18:31:12+00:00","description":"Princess styling chair in black faux leather with hydraulic brake to ensure smooth chair height adjustment. Durable wood construction with modern styling.","breadcrumb":{"@id":"https:\/\/groupecoiff.com\/produit\/fauteuil-de-coiffure-princess\/#breadcrumb"},"inLanguage":"en-US","potentialAction":[{"@type":"ReadAction","target":["https:\/\/groupecoiff.com\/produit\/fauteuil-de-coiffure-princess\/"]}]},{"@type":"ImageObject","inLanguage":"en-US","@id":"https:\/\/groupecoiff.com\/produit\/fauteuil-de-coiffure-princess\/#primaryimage","url":"https:\/\/groupecoiff.com\/wp-content\/uploads\/2023\/09\/Princess-1.png","contentUrl":"https:\/\/groupecoiff.com\/wp-content\/uploads\/2023\/09\/Princess-1.png","width":1080,"height":1080,"caption":"Fauteuil de coiffure Princess"},{"@type":"BreadcrumbList","@id":"https:\/\/groupecoiff.com\/produit\/fauteuil-de-coiffure-princess\/#breadcrumb","itemListElement":[{"@type":"ListItem","position":1,"name":"Accueil","item":"https:\/\/groupecoiff.com\/"},{"@type":"ListItem","position":2,"name":"Boutique","item":"https:\/\/groupecoiff.com\/boutique\/"},{"@type":"ListItem","position":3,"name":"Fauteuil de coiffure Princess"}]},{"@type":"WebSite","@id":"https:\/\/groupecoiff.com\/#website","url":"https:\/\/groupecoiff.com\/","name":"Coiff Group","description":"Everything for the hairdresser","publisher":{"@id":"https:\/\/groupecoiff.com\/#organization"},"potentialAction":[{"@type":"SearchAction","target":{"@type":"EntryPoint","urlTemplate":"https:\/\/groupecoiff.com\/?s={search_term_string}"},"query-input":{"@type":"PropertyValueSpecification","valueRequired":true,"valueName":"search_term_string"}}],"inLanguage":"en-US"},{"@type":"Organization","@id":"https:\/\/groupecoiff.com\/#organization","name":"Coiff Group","alternateName":"Groupe Coiff : Le Mobilier De Coiffure Haut de Gamme Pour Une \u00c9l\u00e9gance In\u00e9gal\u00e9e","url":"https:\/\/groupecoiff.com\/","logo":{"@type":"ImageObject","inLanguage":"en-US","@id":"https:\/\/groupecoiff.com\/#\/schema\/logo\/image\/","url":"https:\/\/groupecoiff.com\/wp-content\/uploads\/2024\/01\/cropped-Groupe-Coiff-Logo.webp","contentUrl":"https:\/\/groupecoiff.com\/wp-content\/uploads\/2024\/01\/cropped-Groupe-Coiff-Logo.webp","width":512,"height":512,"caption":"Groupe Coiff"},"image":{"@id":"https:\/\/groupecoiff.com\/#\/schema\/logo\/image\/"},"sameAs":["https:\/\/www.facebook.com\/GroupeCoiff","https:\/\/x.com\/groupecoiff","https:\/\/www.instagram.com\/groupecoiff\/","https:\/\/www.tiktok.com\/@groupecoiff","https:\/\/www.youtube.com\/@groupecoiff","https:\/\/twitter.com\/groupecoiff","https:\/\/www.leboncoin.fr\/boutique\/3961302\/groupe_coiff.htm"],"description":"Discover Groupe Coiff's top-of-the-range hairdressing furniture, combining elegance and functionality to enhance your salon and satisfy your customers.","email":"contact@groupecoiff.com","telephone":"0676951605","legalName":"Groupe Coiff","foundingDate":"2022-11-16","vatID":"FR84921406419","taxID":"92140641900025"}]},"product_price_amount":"349.00","product_price_currency":"EUR","og_availability":"instock","product_availability":"instock","product_retailer_item_id":"GCEJ2BN27535","product_condition":"new"},"jetpack_publicize_connections":[],"jetpack_likes_enabled":true,"jetpack_sharing_enabled":true,"_links":{"self":[{"href":"https:\/\/groupecoiff.com\/en\/wp-json\/wp\/v2\/product\/27535","targetHints":{"allow":["GET"]}}],"collection":[{"href":"https:\/\/groupecoiff.com\/en\/wp-json\/wp\/v2\/product"}],"about":[{"href":"https:\/\/groupecoiff.com\/en\/wp-json\/wp\/v2\/types\/product"}],"replies":[{"embeddable":true,"href":"https:\/\/groupecoiff.com\/en\/wp-json\/wp\/v2\/comments?post=27535"}],"version-history":[{"count":0,"href":"https:\/\/groupecoiff.com\/en\/wp-json\/wp\/v2\/product\/27535\/revisions"}],"wp:featuredmedia":[{"embeddable":true,"href":"https:\/\/groupecoiff.com\/en\/wp-json\/wp\/v2\/media\/27626"}],"wp:attachment":[{"href":"https:\/\/groupecoiff.com\/en\/wp-json\/wp\/v2\/media?parent=27535"}],"wp:term":[{"taxonomy":"product_brand","embeddable":true,"href":"https:\/\/groupecoiff.com\/en\/wp-json\/wp\/v2\/product_brand?post=27535"},{"taxonomy":"product_cat","embeddable":true,"href":"https:\/\/groupecoiff.com\/en\/wp-json\/wp\/v2\/product_cat?post=27535"},{"taxonomy":"product_tag","embeddable":true,"href":"https:\/\/groupecoiff.com\/en\/wp-json\/wp\/v2\/product_tag?post=27535"}],"curies":[{"name":"wp","href":"https:\/\/api.w.org\/{rel}","templated":true}]}}