{"id":27554,"date":"2023-09-06T20:54:58","date_gmt":"2023-09-06T18:54:58","guid":{"rendered":"https:\/\/groupecoiff.com\/?post_type=product&#038;p=27554"},"modified":"2025-11-09T13:46:45","modified_gmt":"2025-11-09T12:46:45","slug":"caisse-de-reception-theodore","status":"publish","type":"product","link":"https:\/\/groupecoiff.com\/en\/produit\/caisse-de-reception-theodore\/","title":{"rendered":"Meuble de r\u00e9ception Th\u00e9odore"},"content":{"rendered":"<ul>\n<li>\n<h3>Theodore Reception Desk for Elegant Client Welcome in Your Hair Salon<\/h3>\n<\/li>\n<\/ul>\n<p>La caisse de r\u00e9ception Th\u00e9odore est sp\u00e9cialement con\u00e7u pour r\u00e9pondre aux besoins des salons de coiffure en mati\u00e8re d\u2019accueil et de r\u00e9ception. Son design moderne et \u00e9pur\u00e9 ajoutera une touche d\u2019\u00e9l\u00e9gance \u00e0 votre espace tout en offrant une fonctionnalit\u00e9 optimale.<\/p>\n<ul>\n<li><strong>A Versatile and Practical Reception Unit<\/strong><\/li>\n<\/ul>\n<p>With its perfectly adapted dimensions, the Theodore hair salon reception furniture offers sufficient space for document signing and storage of small items.<\/p>\n<ul>\n<li><strong>Quality and Durability Guaranteed<\/strong><\/li>\n<\/ul>\n<p>Crafted from high-quality materials, the Theodore reception desk is built to last. Its solid and sturdy structure can withstand intensive use while maintaining its aesthetic appeal over time.<\/p>\n<ul>\n<li><strong>Quick Installation<\/strong><\/li>\n<\/ul>\n<p>L&rsquo;installation de la caisse de r\u00e9ception Th\u00e9odore est simple et rapide, vous permettant de l&rsquo;int\u00e9grer facilement dans votre espace d&rsquo;accueil. De plus, son entretien est facile gr\u00e2ce \u00e0 ses surfaces lisses qui peuvent \u00eatre nettoy\u00e9es rapidement et efficacement.<\/p>\n<p>&nbsp;<\/p>\n<h6 style=\"text-align: center;\"><span style=\"color: #808000;\"><a style=\"color: #808000;\" href=\"https:\/\/groupecoiff.com\/wp-content\/uploads\/2023\/09\/Fiche-technique-Comptoir-Theodore.pdf\">Fiche technique &#8211; Th\u00e9odore<\/a><\/span><\/h6>","protected":false},"excerpt":{"rendered":"<p>Transformez votre espace avec le Meuble de r\u00e9ception Th\u00e9odore, id\u00e9al pour allier confort et design. Parfait pour un accueil professionnel et chic.<\/p>","protected":false},"featured_media":47827,"comment_status":"open","ping_status":"closed","template":"","meta":{"googlesitekit_rrm_CAow0YCiDA:productID":"","jetpack_post_was_ever_published":false,"jetpack_publicize_message":"","jetpack_publicize_feature_enabled":true,"jetpack_social_post_already_shared":false,"jetpack_social_options":{"image_generator_settings":{"template":"highway","default_image_id":0,"font":"","enabled":false},"version":2}},"product_brand":[621],"product_cat":[59,313],"product_tag":[331,332,535],"class_list":{"0":"post-27554","1":"product","2":"type-product","3":"status-publish","4":"has-post-thumbnail","6":"product_brand-gc","7":"product_cat-comptoir-daccueil","8":"product_cat-meuble-de-coiffure","9":"product_tag-comptoir-daccueil","10":"product_tag-meuble-de-reception","11":"product_tag-mobilier-de-coiffure-professionnel","13":"first","14":"instock","15":"sale","16":"taxable","17":"shipping-taxable","18":"purchasable","19":"product-type-simple"},"yoast_head":"<!-- This site is optimized with the Yoast SEO Premium plugin v27.4 (Yoast SEO v27.4) - https:\/\/yoast.com\/product\/yoast-seo-premium-wordpress\/ -->\n<title>Meuble de r\u00e9ception Th\u00e9odore: \u00c9l\u00e9gance et Fonctionnalit\u00e9 - Groupe Coiff<\/title>\n<meta name=\"description\" content=\"Optimisez l&#039;accueil dans votre salon gr\u00e2ce au Meuble de r\u00e9ception Th\u00e9odore. D\u00e9couvrez un design \u00e9pur\u00e9 qui fait la diff\u00e9rence \u2728.\" \/>\n<meta name=\"robots\" content=\"index, follow, max-snippet:-1, max-image-preview:large, max-video-preview:-1\" \/>\n<link rel=\"canonical\" href=\"https:\/\/groupecoiff.com\/en\/product-2\/caisse-de-reception-theodore\/\" \/>\n<meta property=\"og:locale\" content=\"en_US\" \/>\n<meta property=\"og:type\" content=\"article\" \/>\n<meta property=\"og:title\" content=\"Th\u00e9odore caisse de r\u00e9ception pour salon de coiffure\" \/>\n<meta property=\"og:description\" content=\"Optez pour ce mobilier de coiffure chic et raffin\u00e9 afin d\u2019\u00e9merveiller vos clients. caisse de r\u00e9ception Th\u00e9odore donne un look vintage \u00e0 votre salon de coiffure ou \u00e0 votre salon d\u2019esth\u00e9tique. Fabriqu\u00e9e en bois blanc \u00e9l\u00e9gant, sa fa\u00e7ade est recouverte de capitons.\" \/>\n<meta property=\"og:url\" content=\"https:\/\/groupecoiff.com\/en\/product-2\/caisse-de-reception-theodore\/\" \/>\n<meta property=\"og:site_name\" content=\"Groupe Coiff\" \/>\n<meta property=\"article:publisher\" content=\"https:\/\/www.facebook.com\/GroupeCoiff\" \/>\n<meta property=\"article:modified_time\" content=\"2025-11-09T12:46:45+00:00\" \/>\n<meta property=\"og:image\" content=\"https:\/\/groupecoiff.com\/wp-content\/uploads\/2023\/09\/Theodore-1.webp\" \/>\n\t<meta property=\"og:image:width\" content=\"600\" \/>\n\t<meta property=\"og:image:height\" content=\"600\" \/>\n\t<meta property=\"og:image:type\" content=\"image\/webp\" \/>\n<meta name=\"twitter:card\" content=\"summary_large_image\" \/>\n<meta name=\"twitter:title\" content=\"Meuble de r\u00e9ception Th\u00e9odore\" \/>\n<meta name=\"twitter:site\" content=\"@groupecoiff\" \/>\n<meta name=\"twitter:label1\" content=\"Price\" \/>\n\t<meta name=\"twitter:data1\" content=\"599,00&nbsp;&euro;\" \/>\n\t<meta name=\"twitter:label2\" content=\"Availability\" \/>\n\t<meta name=\"twitter:data2\" content=\"In stock\" \/>\n<script type=\"application\/ld+json\" class=\"yoast-schema-graph\">{\"@context\":\"https:\\\/\\\/schema.org\",\"@graph\":[{\"@type\":\"WebPage\",\"@id\":\"https:\\\/\\\/groupecoiff.com\\\/produit\\\/caisse-de-reception-theodore\\\/\",\"url\":\"https:\\\/\\\/groupecoiff.com\\\/produit\\\/caisse-de-reception-theodore\\\/\",\"name\":\"Meuble de r\u00e9ception Th\u00e9odore: \u00c9l\u00e9gance et Fonctionnalit\u00e9 - Groupe Coiff\",\"isPartOf\":{\"@id\":\"https:\\\/\\\/groupecoiff.com\\\/#website\"},\"primaryImageOfPage\":{\"@id\":\"https:\\\/\\\/groupecoiff.com\\\/produit\\\/caisse-de-reception-theodore\\\/#primaryimage\"},\"image\":{\"@id\":\"https:\\\/\\\/groupecoiff.com\\\/produit\\\/caisse-de-reception-theodore\\\/#primaryimage\"},\"thumbnailUrl\":\"https:\\\/\\\/groupecoiff.com\\\/wp-content\\\/uploads\\\/2023\\\/09\\\/Theodore-1.webp\",\"datePublished\":\"2023-09-06T18:54:58+00:00\",\"dateModified\":\"2025-11-09T12:46:45+00:00\",\"description\":\"Optimisez l'accueil dans votre salon gr\u00e2ce au Meuble de r\u00e9ception Th\u00e9odore. D\u00e9couvrez un design \u00e9pur\u00e9 qui fait la diff\u00e9rence \u2728.\",\"breadcrumb\":{\"@id\":\"https:\\\/\\\/groupecoiff.com\\\/produit\\\/caisse-de-reception-theodore\\\/#breadcrumb\"},\"inLanguage\":\"en-US\",\"potentialAction\":[{\"@type\":\"ReadAction\",\"target\":[\"https:\\\/\\\/groupecoiff.com\\\/produit\\\/caisse-de-reception-theodore\\\/\"]}]},{\"@type\":\"ImageObject\",\"inLanguage\":\"en-US\",\"@id\":\"https:\\\/\\\/groupecoiff.com\\\/produit\\\/caisse-de-reception-theodore\\\/#primaryimage\",\"url\":\"https:\\\/\\\/groupecoiff.com\\\/wp-content\\\/uploads\\\/2023\\\/09\\\/Theodore-1.webp\",\"contentUrl\":\"https:\\\/\\\/groupecoiff.com\\\/wp-content\\\/uploads\\\/2023\\\/09\\\/Theodore-1.webp\",\"width\":600,\"height\":600,\"caption\":\"caisse de r\u00e9ception Th\u00e9odore - Meuble d'accueil Th\u00e9odore - Comptoir de r\u00e9ception pour salon de coiffure - Comptoir d'accueil Th\u00e9odore - mobilier de coiffure professionnel - Comptoir caisse Th\u00e9odore\"},{\"@type\":\"BreadcrumbList\",\"@id\":\"https:\\\/\\\/groupecoiff.com\\\/produit\\\/caisse-de-reception-theodore\\\/#breadcrumb\",\"itemListElement\":[{\"@type\":\"ListItem\",\"position\":1,\"name\":\"Accueil\",\"item\":\"https:\\\/\\\/groupecoiff.com\\\/\"},{\"@type\":\"ListItem\",\"position\":2,\"name\":\"Boutique\",\"item\":\"https:\\\/\\\/groupecoiff.com\\\/boutique\\\/\"},{\"@type\":\"ListItem\",\"position\":3,\"name\":\"Meuble de r\u00e9ception Th\u00e9odore\"}]},{\"@type\":\"WebSite\",\"@id\":\"https:\\\/\\\/groupecoiff.com\\\/#website\",\"url\":\"https:\\\/\\\/groupecoiff.com\\\/\",\"name\":\"Groupe Coiff\",\"description\":\"Tout pour la coiffure\",\"publisher\":{\"@id\":\"https:\\\/\\\/groupecoiff.com\\\/#organization\"},\"potentialAction\":[{\"@type\":\"SearchAction\",\"target\":{\"@type\":\"EntryPoint\",\"urlTemplate\":\"https:\\\/\\\/groupecoiff.com\\\/?s={search_term_string}\"},\"query-input\":{\"@type\":\"PropertyValueSpecification\",\"valueRequired\":true,\"valueName\":\"search_term_string\"}}],\"inLanguage\":\"en-US\"},{\"@type\":\"Organization\",\"@id\":\"https:\\\/\\\/groupecoiff.com\\\/#organization\",\"name\":\"Groupe Coiff\",\"alternateName\":\"Groupe Coiff : Le Mobilier De Coiffure Haut de Gamme Pour Une \u00c9l\u00e9gance In\u00e9gal\u00e9e\",\"url\":\"https:\\\/\\\/groupecoiff.com\\\/\",\"logo\":{\"@type\":\"ImageObject\",\"inLanguage\":\"en-US\",\"@id\":\"https:\\\/\\\/groupecoiff.com\\\/#\\\/schema\\\/logo\\\/image\\\/\",\"url\":\"https:\\\/\\\/groupecoiff.com\\\/wp-content\\\/uploads\\\/2024\\\/01\\\/cropped-Groupe-Coiff-Logo.webp\",\"contentUrl\":\"https:\\\/\\\/groupecoiff.com\\\/wp-content\\\/uploads\\\/2024\\\/01\\\/cropped-Groupe-Coiff-Logo.webp\",\"width\":512,\"height\":512,\"caption\":\"Groupe Coiff\"},\"image\":{\"@id\":\"https:\\\/\\\/groupecoiff.com\\\/#\\\/schema\\\/logo\\\/image\\\/\"},\"sameAs\":[\"https:\\\/\\\/www.facebook.com\\\/GroupeCoiff\",\"https:\\\/\\\/x.com\\\/groupecoiff\",\"https:\\\/\\\/www.instagram.com\\\/groupecoiff\\\/\",\"https:\\\/\\\/www.tiktok.com\\\/@groupecoiff\",\"https:\\\/\\\/www.youtube.com\\\/@groupecoiff\",\"https:\\\/\\\/twitter.com\\\/groupecoiff\",\"https:\\\/\\\/www.leboncoin.fr\\\/boutique\\\/3961302\\\/groupe_coiff.htm\"],\"description\":\"D\u00e9couvrez le mobilier de coiffure haut de gamme de Groupe Coiff, alliant \u00e9l\u00e9gance et fonctionnalit\u00e9 pour sublimer votre salon et satisfaire vos clients.\",\"email\":\"contact@groupecoiff.com\",\"telephone\":\"0676951605\",\"legalName\":\"Groupe Coiff\",\"foundingDate\":\"2022-11-16\",\"vatID\":\"FR84921406419\",\"taxID\":\"92140641900025\"}]}<\/script>\n<meta property=\"product:price:amount\" content=\"599.00\" \/>\n<meta property=\"product:price:currency\" content=\"EUR\" \/>\n<meta property=\"og:availability\" content=\"instock\" \/>\n<meta property=\"product:availability\" content=\"instock\" \/>\n<meta property=\"product:retailer_item_id\" content=\"GC58CZ827554\" \/>\n<meta property=\"product:condition\" content=\"new\" \/>\n<!-- \/ Yoast SEO Premium plugin. -->","yoast_head_json":{"title":"Meuble de r\u00e9ception Th\u00e9odore: \u00c9l\u00e9gance et Fonctionnalit\u00e9 - Groupe Coiff","description":"Optimisez l'accueil dans votre salon gr\u00e2ce au Meuble de r\u00e9ception Th\u00e9odore. D\u00e9couvrez un design \u00e9pur\u00e9 qui fait la diff\u00e9rence \u2728.","robots":{"index":"index","follow":"follow","max-snippet":"max-snippet:-1","max-image-preview":"max-image-preview:large","max-video-preview":"max-video-preview:-1"},"canonical":"https:\/\/groupecoiff.com\/en\/product-2\/caisse-de-reception-theodore\/","og_locale":"en_US","og_type":"article","og_title":"Th\u00e9odore caisse de r\u00e9ception pour salon de coiffure","og_description":"Optez pour ce mobilier de coiffure chic et raffin\u00e9 afin d\u2019\u00e9merveiller vos clients. caisse de r\u00e9ception Th\u00e9odore donne un look vintage \u00e0 votre salon de coiffure ou \u00e0 votre salon d\u2019esth\u00e9tique. Fabriqu\u00e9e en bois blanc \u00e9l\u00e9gant, sa fa\u00e7ade est recouverte de capitons.","og_url":"https:\/\/groupecoiff.com\/en\/product-2\/caisse-de-reception-theodore\/","og_site_name":"Groupe Coiff","article_publisher":"https:\/\/www.facebook.com\/GroupeCoiff","article_modified_time":"2025-11-09T12:46:45+00:00","og_image":[{"width":600,"height":600,"url":"https:\/\/groupecoiff.com\/wp-content\/uploads\/2023\/09\/Theodore-1.webp","type":"image\/webp"}],"twitter_card":"summary_large_image","twitter_title":"Meuble de r\u00e9ception Th\u00e9odore","twitter_site":"@groupecoiff","twitter_misc":{"Price":"599,00&nbsp;&euro;","Availability":"In stock"},"schema":{"@context":"https:\/\/schema.org","@graph":[{"@type":"WebPage","@id":"https:\/\/groupecoiff.com\/produit\/caisse-de-reception-theodore\/","url":"https:\/\/groupecoiff.com\/produit\/caisse-de-reception-theodore\/","name":"Meuble de r\u00e9ception Th\u00e9odore: \u00c9l\u00e9gance et Fonctionnalit\u00e9 - Groupe Coiff","isPartOf":{"@id":"https:\/\/groupecoiff.com\/#website"},"primaryImageOfPage":{"@id":"https:\/\/groupecoiff.com\/produit\/caisse-de-reception-theodore\/#primaryimage"},"image":{"@id":"https:\/\/groupecoiff.com\/produit\/caisse-de-reception-theodore\/#primaryimage"},"thumbnailUrl":"https:\/\/groupecoiff.com\/wp-content\/uploads\/2023\/09\/Theodore-1.webp","datePublished":"2023-09-06T18:54:58+00:00","dateModified":"2025-11-09T12:46:45+00:00","description":"Optimisez l'accueil dans votre salon gr\u00e2ce au Meuble de r\u00e9ception Th\u00e9odore. D\u00e9couvrez un design \u00e9pur\u00e9 qui fait la diff\u00e9rence \u2728.","breadcrumb":{"@id":"https:\/\/groupecoiff.com\/produit\/caisse-de-reception-theodore\/#breadcrumb"},"inLanguage":"en-US","potentialAction":[{"@type":"ReadAction","target":["https:\/\/groupecoiff.com\/produit\/caisse-de-reception-theodore\/"]}]},{"@type":"ImageObject","inLanguage":"en-US","@id":"https:\/\/groupecoiff.com\/produit\/caisse-de-reception-theodore\/#primaryimage","url":"https:\/\/groupecoiff.com\/wp-content\/uploads\/2023\/09\/Theodore-1.webp","contentUrl":"https:\/\/groupecoiff.com\/wp-content\/uploads\/2023\/09\/Theodore-1.webp","width":600,"height":600,"caption":"caisse de r\u00e9ception Th\u00e9odore - Meuble d'accueil Th\u00e9odore - Comptoir de r\u00e9ception pour salon de coiffure - Comptoir d'accueil Th\u00e9odore - mobilier de coiffure professionnel - Comptoir caisse Th\u00e9odore"},{"@type":"BreadcrumbList","@id":"https:\/\/groupecoiff.com\/produit\/caisse-de-reception-theodore\/#breadcrumb","itemListElement":[{"@type":"ListItem","position":1,"name":"Accueil","item":"https:\/\/groupecoiff.com\/"},{"@type":"ListItem","position":2,"name":"Boutique","item":"https:\/\/groupecoiff.com\/boutique\/"},{"@type":"ListItem","position":3,"name":"Meuble de r\u00e9ception Th\u00e9odore"}]},{"@type":"WebSite","@id":"https:\/\/groupecoiff.com\/#website","url":"https:\/\/groupecoiff.com\/","name":"Coiff Group","description":"Everything for the hairdresser","publisher":{"@id":"https:\/\/groupecoiff.com\/#organization"},"potentialAction":[{"@type":"SearchAction","target":{"@type":"EntryPoint","urlTemplate":"https:\/\/groupecoiff.com\/?s={search_term_string}"},"query-input":{"@type":"PropertyValueSpecification","valueRequired":true,"valueName":"search_term_string"}}],"inLanguage":"en-US"},{"@type":"Organization","@id":"https:\/\/groupecoiff.com\/#organization","name":"Coiff Group","alternateName":"Groupe Coiff : Le Mobilier De Coiffure Haut de Gamme Pour Une \u00c9l\u00e9gance In\u00e9gal\u00e9e","url":"https:\/\/groupecoiff.com\/","logo":{"@type":"ImageObject","inLanguage":"en-US","@id":"https:\/\/groupecoiff.com\/#\/schema\/logo\/image\/","url":"https:\/\/groupecoiff.com\/wp-content\/uploads\/2024\/01\/cropped-Groupe-Coiff-Logo.webp","contentUrl":"https:\/\/groupecoiff.com\/wp-content\/uploads\/2024\/01\/cropped-Groupe-Coiff-Logo.webp","width":512,"height":512,"caption":"Groupe Coiff"},"image":{"@id":"https:\/\/groupecoiff.com\/#\/schema\/logo\/image\/"},"sameAs":["https:\/\/www.facebook.com\/GroupeCoiff","https:\/\/x.com\/groupecoiff","https:\/\/www.instagram.com\/groupecoiff\/","https:\/\/www.tiktok.com\/@groupecoiff","https:\/\/www.youtube.com\/@groupecoiff","https:\/\/twitter.com\/groupecoiff","https:\/\/www.leboncoin.fr\/boutique\/3961302\/groupe_coiff.htm"],"description":"Discover Groupe Coiff's top-of-the-range hairdressing furniture, combining elegance and functionality to enhance your salon and satisfy your customers.","email":"contact@groupecoiff.com","telephone":"0676951605","legalName":"Groupe Coiff","foundingDate":"2022-11-16","vatID":"FR84921406419","taxID":"92140641900025"}]},"product_price_amount":"599.00","product_price_currency":"EUR","og_availability":"instock","product_availability":"instock","product_retailer_item_id":"GC58CZ827554","product_condition":"new"},"jetpack_publicize_connections":[],"jetpack_likes_enabled":true,"jetpack_sharing_enabled":true,"_links":{"self":[{"href":"https:\/\/groupecoiff.com\/en\/wp-json\/wp\/v2\/product\/27554","targetHints":{"allow":["GET"]}}],"collection":[{"href":"https:\/\/groupecoiff.com\/en\/wp-json\/wp\/v2\/product"}],"about":[{"href":"https:\/\/groupecoiff.com\/en\/wp-json\/wp\/v2\/types\/product"}],"replies":[{"embeddable":true,"href":"https:\/\/groupecoiff.com\/en\/wp-json\/wp\/v2\/comments?post=27554"}],"version-history":[{"count":0,"href":"https:\/\/groupecoiff.com\/en\/wp-json\/wp\/v2\/product\/27554\/revisions"}],"wp:featuredmedia":[{"embeddable":true,"href":"https:\/\/groupecoiff.com\/en\/wp-json\/wp\/v2\/media\/47827"}],"wp:attachment":[{"href":"https:\/\/groupecoiff.com\/en\/wp-json\/wp\/v2\/media?parent=27554"}],"wp:term":[{"taxonomy":"product_brand","embeddable":true,"href":"https:\/\/groupecoiff.com\/en\/wp-json\/wp\/v2\/product_brand?post=27554"},{"taxonomy":"product_cat","embeddable":true,"href":"https:\/\/groupecoiff.com\/en\/wp-json\/wp\/v2\/product_cat?post=27554"},{"taxonomy":"product_tag","embeddable":true,"href":"https:\/\/groupecoiff.com\/en\/wp-json\/wp\/v2\/product_tag?post=27554"}],"curies":[{"name":"wp","href":"https:\/\/api.w.org\/{rel}","templated":true}]}}