{"id":27555,"date":"2023-09-06T20:54:58","date_gmt":"2023-09-06T18:54:58","guid":{"rendered":"https:\/\/groupecoiff.com\/?post_type=product&#038;p=27555"},"modified":"2024-08-29T20:31:24","modified_gmt":"2024-08-29T18:31:24","slug":"comptoir-daccueil-gustav","status":"publish","type":"product","link":"https:\/\/groupecoiff.com\/en\/produit\/comptoir-daccueil-gustav\/","title":{"rendered":"Comptoir d&rsquo;accueil Gustav"},"content":{"rendered":"<p>Le comptoir d\u2019accueil de salon de coiffure Gustav donne un look chaleureux \u00e0 votre salon de coiffure. Il offre un nouvel air et une nouvelle image \u00e0 votre salon.<\/p>\n<ul>\n<li>\n<h3>Description du comptoir d&rsquo;accueil Gustav<\/h3>\n<\/li>\n<\/ul>\n<p>Le comptoir d&rsquo;accueil <strong>Gustav<\/strong> dispose d\u2019un comptoir spacieux o\u00f9 les clients peuvent s\u2019approcher et interagir avec le personnel du salon de coiffure. Cependant, le comptoir est fabriqu\u00e9 avec des mat\u00e9riaux de qualit\u00e9 et orn\u00e9 de d\u00e9tails esth\u00e9tiques : finitions \u00e9l\u00e9gantes ou des motifs grav\u00e9s.<\/p>\n<p>Made in <strong>wood\u00a0<\/strong><b>Wenge<\/b>, the reception desk with minimalist style and compact dimensions, is practical. Gustav has a storage space at the back equipped and is ideal for optimizing your workspace.<\/p>\n<p>Indeed, it is available in light or dark tones to suit all tastes. One of the most important elements of your client's first impression is the reception of your hair salon.<\/p>\n<p>De plus, il comporte des pr\u00e9sentoirs int\u00e9gr\u00e9s pour mettre en valeur les produits capillaires, les accessoires ou les articles de vente du salon. Ce bureau d&rsquo;accueil permet de susciter l&rsquo;int\u00e9r\u00eat des clients et d&rsquo;encourager les achats. Optez donc pour la caisse de r\u00e9ception Gustav robuste et \u00e9l\u00e9gante.<\/p>\n<ul>\n<li>\n<h3>Caract\u00e9ristiques<\/h3>\n<\/li>\n<\/ul>\n<p>Des caract\u00e9ristiques qui d\u00e9finissent le produit comptoir d&rsquo;accueil Gustav :<\/p>\n<p>Minimalist reception desk with comprehensive storage spaces<br \/>\nMelamine coating with wood finish<br \/>\nDimensions: 111 x 121 x 44cm<\/p>\n<p>Finally, for every desk purchased, <strong><span style=\"color: #993300\"><a style=\"color: #993300\" href=\"https:\/\/groupecoiff.com\/en\/store\/\">Groupe Coiff<\/a><\/span><\/strong> offers you free delivery, as quickly as possible in France and elsewhere.<\/p>","protected":false},"excerpt":{"rendered":"<p>Le comptoir d&rsquo;accueil de salon de coiffure Gustav donne un look chaleureux \u00e0 votre salon de coiffure. Il offre un nouvel air et une nouvelle image \u00e0 votre salon. Description du comptoir d&rsquo;accueil Gustav Le comptoir d&rsquo;accueil Gustav dispose d&rsquo;un comptoir spacieux o\u00f9 les clients peuvent s&rsquo;approcher et interagir avec le personnel du salon de [&hellip;]<\/p>\n","protected":false},"featured_media":27651,"comment_status":"open","ping_status":"closed","template":"","meta":{"googlesitekit_rrm_CAow0YCiDA:productID":"","jetpack_post_was_ever_published":false,"jetpack_publicize_message":"","jetpack_publicize_feature_enabled":true,"jetpack_social_post_already_shared":false,"jetpack_social_options":{"image_generator_settings":{"template":"highway","default_image_id":0,"font":"","enabled":false},"version":2}},"product_brand":[],"product_cat":[59,313],"product_tag":[],"class_list":{"0":"post-27555","1":"product","2":"type-product","3":"status-publish","4":"has-post-thumbnail","6":"product_cat-comptoir-daccueil","7":"product_cat-meuble-de-coiffure","9":"first","10":"outofstock","11":"taxable","12":"shipping-taxable","13":"purchasable","14":"product-type-simple"},"yoast_head":"<!-- This site is optimized with the Yoast SEO Premium plugin v27.4 (Yoast SEO v27.4) - https:\/\/yoast.com\/product\/yoast-seo-premium-wordpress\/ -->\n<title>Comptoir d&#039;accueil Gustav - Groupe Coiff<\/title>\n<meta name=\"description\" content=\"Comptoir d&#039;accueil Gustav qui donne un look chaleureux \u00e0 votre salon de coiffure. Espace de rangement \u00e0 l\u2019arri\u00e8re \u00e9quip\u00e9. Fabriqu\u00e9 en bois bon d\u00e9cor.\" \/>\n<meta name=\"robots\" content=\"index, follow, max-snippet:-1, max-image-preview:large, max-video-preview:-1\" \/>\n<link rel=\"canonical\" href=\"https:\/\/groupecoiff.com\/en\/product-2\/comptoir-daccueil-gustav\/\" \/>\n<meta property=\"og:locale\" content=\"en_US\" \/>\n<meta property=\"og:type\" content=\"article\" \/>\n<meta property=\"og:title\" content=\"Gustav caisse de r\u00e9ception pour salon de coiffure\" \/>\n<meta property=\"og:description\" content=\"Optez notre caisse de r\u00e9ception Gustav qui donne un look chaleureux \u00e0 votre salon de coiffure. Gustav est dot\u00e9 d\u2019un espace de rangement \u00e0 l\u2019arri\u00e8re \u00e9quip\u00e9 et est id\u00e9al pour optimiser votre espace de travail. D\u00e9couvrez donc pour cette caisse de r\u00e9ception robuste et \u00e9l\u00e9gante.\" \/>\n<meta property=\"og:url\" content=\"https:\/\/groupecoiff.com\/en\/product-2\/comptoir-daccueil-gustav\/\" \/>\n<meta property=\"og:site_name\" content=\"Groupe Coiff\" \/>\n<meta property=\"article:publisher\" content=\"https:\/\/www.facebook.com\/GroupeCoiff\" \/>\n<meta property=\"article:modified_time\" content=\"2024-08-29T18:31:24+00:00\" \/>\n<meta property=\"og:image\" content=\"https:\/\/groupecoiff.com\/wp-content\/uploads\/2023\/09\/Gustav-1.png\" \/>\n\t<meta property=\"og:image:width\" content=\"1080\" \/>\n\t<meta property=\"og:image:height\" content=\"1080\" \/>\n\t<meta property=\"og:image:type\" content=\"image\/png\" \/>\n<meta name=\"twitter:card\" content=\"summary_large_image\" \/>\n<meta name=\"twitter:title\" content=\"Comptoir d&#039;accueil Gustav\" \/>\n<meta name=\"twitter:site\" content=\"@groupecoiff\" \/>\n<meta name=\"twitter:label1\" content=\"Price\" \/>\n\t<meta name=\"twitter:data1\" content=\"890,00&nbsp;&euro;\" \/>\n\t<meta name=\"twitter:label2\" content=\"Availability\" \/>\n\t<meta name=\"twitter:data2\" content=\"Out of stock\" \/>\n<script type=\"application\/ld+json\" class=\"yoast-schema-graph\">{\"@context\":\"https:\\\/\\\/schema.org\",\"@graph\":[{\"@type\":\"WebPage\",\"@id\":\"https:\\\/\\\/groupecoiff.com\\\/produit\\\/comptoir-daccueil-gustav\\\/\",\"url\":\"https:\\\/\\\/groupecoiff.com\\\/produit\\\/comptoir-daccueil-gustav\\\/\",\"name\":\"Comptoir d'accueil Gustav - Groupe Coiff\",\"isPartOf\":{\"@id\":\"https:\\\/\\\/groupecoiff.com\\\/#website\"},\"primaryImageOfPage\":{\"@id\":\"https:\\\/\\\/groupecoiff.com\\\/produit\\\/comptoir-daccueil-gustav\\\/#primaryimage\"},\"image\":{\"@id\":\"https:\\\/\\\/groupecoiff.com\\\/produit\\\/comptoir-daccueil-gustav\\\/#primaryimage\"},\"thumbnailUrl\":\"https:\\\/\\\/groupecoiff.com\\\/wp-content\\\/uploads\\\/2023\\\/09\\\/Gustav-1.png\",\"datePublished\":\"2023-09-06T18:54:58+00:00\",\"dateModified\":\"2024-08-29T18:31:24+00:00\",\"description\":\"Comptoir d'accueil Gustav qui donne un look chaleureux \u00e0 votre salon de coiffure. Espace de rangement \u00e0 l\u2019arri\u00e8re \u00e9quip\u00e9. Fabriqu\u00e9 en bois bon d\u00e9cor.\",\"breadcrumb\":{\"@id\":\"https:\\\/\\\/groupecoiff.com\\\/produit\\\/comptoir-daccueil-gustav\\\/#breadcrumb\"},\"inLanguage\":\"en-US\",\"potentialAction\":[{\"@type\":\"ReadAction\",\"target\":[\"https:\\\/\\\/groupecoiff.com\\\/produit\\\/comptoir-daccueil-gustav\\\/\"]}]},{\"@type\":\"ImageObject\",\"inLanguage\":\"en-US\",\"@id\":\"https:\\\/\\\/groupecoiff.com\\\/produit\\\/comptoir-daccueil-gustav\\\/#primaryimage\",\"url\":\"https:\\\/\\\/groupecoiff.com\\\/wp-content\\\/uploads\\\/2023\\\/09\\\/Gustav-1.png\",\"contentUrl\":\"https:\\\/\\\/groupecoiff.com\\\/wp-content\\\/uploads\\\/2023\\\/09\\\/Gustav-1.png\",\"width\":1080,\"height\":1080,\"caption\":\"Comptoir d'accueil Gustav\"},{\"@type\":\"BreadcrumbList\",\"@id\":\"https:\\\/\\\/groupecoiff.com\\\/produit\\\/comptoir-daccueil-gustav\\\/#breadcrumb\",\"itemListElement\":[{\"@type\":\"ListItem\",\"position\":1,\"name\":\"Accueil\",\"item\":\"https:\\\/\\\/groupecoiff.com\\\/\"},{\"@type\":\"ListItem\",\"position\":2,\"name\":\"Boutique\",\"item\":\"https:\\\/\\\/groupecoiff.com\\\/boutique\\\/\"},{\"@type\":\"ListItem\",\"position\":3,\"name\":\"Comptoir d&rsquo;accueil Gustav\"}]},{\"@type\":\"WebSite\",\"@id\":\"https:\\\/\\\/groupecoiff.com\\\/#website\",\"url\":\"https:\\\/\\\/groupecoiff.com\\\/\",\"name\":\"Groupe Coiff\",\"description\":\"Tout pour la coiffure\",\"publisher\":{\"@id\":\"https:\\\/\\\/groupecoiff.com\\\/#organization\"},\"potentialAction\":[{\"@type\":\"SearchAction\",\"target\":{\"@type\":\"EntryPoint\",\"urlTemplate\":\"https:\\\/\\\/groupecoiff.com\\\/?s={search_term_string}\"},\"query-input\":{\"@type\":\"PropertyValueSpecification\",\"valueRequired\":true,\"valueName\":\"search_term_string\"}}],\"inLanguage\":\"en-US\"},{\"@type\":\"Organization\",\"@id\":\"https:\\\/\\\/groupecoiff.com\\\/#organization\",\"name\":\"Groupe Coiff\",\"alternateName\":\"Groupe Coiff : Le Mobilier De Coiffure Haut de Gamme Pour Une \u00c9l\u00e9gance In\u00e9gal\u00e9e\",\"url\":\"https:\\\/\\\/groupecoiff.com\\\/\",\"logo\":{\"@type\":\"ImageObject\",\"inLanguage\":\"en-US\",\"@id\":\"https:\\\/\\\/groupecoiff.com\\\/#\\\/schema\\\/logo\\\/image\\\/\",\"url\":\"https:\\\/\\\/groupecoiff.com\\\/wp-content\\\/uploads\\\/2024\\\/01\\\/cropped-Groupe-Coiff-Logo.webp\",\"contentUrl\":\"https:\\\/\\\/groupecoiff.com\\\/wp-content\\\/uploads\\\/2024\\\/01\\\/cropped-Groupe-Coiff-Logo.webp\",\"width\":512,\"height\":512,\"caption\":\"Groupe Coiff\"},\"image\":{\"@id\":\"https:\\\/\\\/groupecoiff.com\\\/#\\\/schema\\\/logo\\\/image\\\/\"},\"sameAs\":[\"https:\\\/\\\/www.facebook.com\\\/GroupeCoiff\",\"https:\\\/\\\/x.com\\\/groupecoiff\",\"https:\\\/\\\/www.instagram.com\\\/groupecoiff\\\/\",\"https:\\\/\\\/www.tiktok.com\\\/@groupecoiff\",\"https:\\\/\\\/www.youtube.com\\\/@groupecoiff\",\"https:\\\/\\\/twitter.com\\\/groupecoiff\",\"https:\\\/\\\/www.leboncoin.fr\\\/boutique\\\/3961302\\\/groupe_coiff.htm\"],\"description\":\"D\u00e9couvrez le mobilier de coiffure haut de gamme de Groupe Coiff, alliant \u00e9l\u00e9gance et fonctionnalit\u00e9 pour sublimer votre salon et satisfaire vos clients.\",\"email\":\"contact@groupecoiff.com\",\"telephone\":\"0676951605\",\"legalName\":\"Groupe Coiff\",\"foundingDate\":\"2022-11-16\",\"vatID\":\"FR84921406419\",\"taxID\":\"92140641900025\"}]}<\/script>\n<meta property=\"product:price:amount\" content=\"890.00\" \/>\n<meta property=\"product:price:currency\" content=\"EUR\" \/>\n<meta property=\"og:availability\" content=\"out of stock\" \/>\n<meta property=\"product:availability\" content=\"out of stock\" \/>\n<meta property=\"product:retailer_item_id\" content=\"GCAR97627555\" \/>\n<meta property=\"product:condition\" content=\"new\" \/>\n<!-- \/ Yoast SEO Premium plugin. -->","yoast_head_json":{"title":"Gustav Reception Counter - Groupe Coiff","description":"Gustav reception counter that gives a warm look to your hair salon. Equipped storage space at the back. Made from wood with attractive finish.","robots":{"index":"index","follow":"follow","max-snippet":"max-snippet:-1","max-image-preview":"max-image-preview:large","max-video-preview":"max-video-preview:-1"},"canonical":"https:\/\/groupecoiff.com\/en\/product-2\/comptoir-daccueil-gustav\/","og_locale":"en_US","og_type":"article","og_title":"Gustav caisse de r\u00e9ception pour salon de coiffure","og_description":"Optez notre caisse de r\u00e9ception Gustav qui donne un look chaleureux \u00e0 votre salon de coiffure. Gustav est dot\u00e9 d\u2019un espace de rangement \u00e0 l\u2019arri\u00e8re \u00e9quip\u00e9 et est id\u00e9al pour optimiser votre espace de travail. D\u00e9couvrez donc pour cette caisse de r\u00e9ception robuste et \u00e9l\u00e9gante.","og_url":"https:\/\/groupecoiff.com\/en\/product-2\/comptoir-daccueil-gustav\/","og_site_name":"Groupe Coiff","article_publisher":"https:\/\/www.facebook.com\/GroupeCoiff","article_modified_time":"2024-08-29T18:31:24+00:00","og_image":[{"width":1080,"height":1080,"url":"https:\/\/groupecoiff.com\/wp-content\/uploads\/2023\/09\/Gustav-1.png","type":"image\/png"}],"twitter_card":"summary_large_image","twitter_title":"Comptoir d'accueil Gustav","twitter_site":"@groupecoiff","twitter_misc":{"Price":"890,00&nbsp;&euro;","Availability":"Out of stock"},"schema":{"@context":"https:\/\/schema.org","@graph":[{"@type":"WebPage","@id":"https:\/\/groupecoiff.com\/produit\/comptoir-daccueil-gustav\/","url":"https:\/\/groupecoiff.com\/produit\/comptoir-daccueil-gustav\/","name":"Gustav Reception Counter - Groupe Coiff","isPartOf":{"@id":"https:\/\/groupecoiff.com\/#website"},"primaryImageOfPage":{"@id":"https:\/\/groupecoiff.com\/produit\/comptoir-daccueil-gustav\/#primaryimage"},"image":{"@id":"https:\/\/groupecoiff.com\/produit\/comptoir-daccueil-gustav\/#primaryimage"},"thumbnailUrl":"https:\/\/groupecoiff.com\/wp-content\/uploads\/2023\/09\/Gustav-1.png","datePublished":"2023-09-06T18:54:58+00:00","dateModified":"2024-08-29T18:31:24+00:00","description":"Gustav reception counter that gives a warm look to your hair salon. Equipped storage space at the back. Made from wood with attractive finish.","breadcrumb":{"@id":"https:\/\/groupecoiff.com\/produit\/comptoir-daccueil-gustav\/#breadcrumb"},"inLanguage":"en-US","potentialAction":[{"@type":"ReadAction","target":["https:\/\/groupecoiff.com\/produit\/comptoir-daccueil-gustav\/"]}]},{"@type":"ImageObject","inLanguage":"en-US","@id":"https:\/\/groupecoiff.com\/produit\/comptoir-daccueil-gustav\/#primaryimage","url":"https:\/\/groupecoiff.com\/wp-content\/uploads\/2023\/09\/Gustav-1.png","contentUrl":"https:\/\/groupecoiff.com\/wp-content\/uploads\/2023\/09\/Gustav-1.png","width":1080,"height":1080,"caption":"Comptoir d'accueil Gustav"},{"@type":"BreadcrumbList","@id":"https:\/\/groupecoiff.com\/produit\/comptoir-daccueil-gustav\/#breadcrumb","itemListElement":[{"@type":"ListItem","position":1,"name":"Accueil","item":"https:\/\/groupecoiff.com\/"},{"@type":"ListItem","position":2,"name":"Boutique","item":"https:\/\/groupecoiff.com\/boutique\/"},{"@type":"ListItem","position":3,"name":"Comptoir d&rsquo;accueil Gustav"}]},{"@type":"WebSite","@id":"https:\/\/groupecoiff.com\/#website","url":"https:\/\/groupecoiff.com\/","name":"Coiff Group","description":"Everything for the hairdresser","publisher":{"@id":"https:\/\/groupecoiff.com\/#organization"},"potentialAction":[{"@type":"SearchAction","target":{"@type":"EntryPoint","urlTemplate":"https:\/\/groupecoiff.com\/?s={search_term_string}"},"query-input":{"@type":"PropertyValueSpecification","valueRequired":true,"valueName":"search_term_string"}}],"inLanguage":"en-US"},{"@type":"Organization","@id":"https:\/\/groupecoiff.com\/#organization","name":"Coiff Group","alternateName":"Groupe Coiff : Le Mobilier De Coiffure Haut de Gamme Pour Une \u00c9l\u00e9gance In\u00e9gal\u00e9e","url":"https:\/\/groupecoiff.com\/","logo":{"@type":"ImageObject","inLanguage":"en-US","@id":"https:\/\/groupecoiff.com\/#\/schema\/logo\/image\/","url":"https:\/\/groupecoiff.com\/wp-content\/uploads\/2024\/01\/cropped-Groupe-Coiff-Logo.webp","contentUrl":"https:\/\/groupecoiff.com\/wp-content\/uploads\/2024\/01\/cropped-Groupe-Coiff-Logo.webp","width":512,"height":512,"caption":"Groupe Coiff"},"image":{"@id":"https:\/\/groupecoiff.com\/#\/schema\/logo\/image\/"},"sameAs":["https:\/\/www.facebook.com\/GroupeCoiff","https:\/\/x.com\/groupecoiff","https:\/\/www.instagram.com\/groupecoiff\/","https:\/\/www.tiktok.com\/@groupecoiff","https:\/\/www.youtube.com\/@groupecoiff","https:\/\/twitter.com\/groupecoiff","https:\/\/www.leboncoin.fr\/boutique\/3961302\/groupe_coiff.htm"],"description":"Discover Groupe Coiff's top-of-the-range hairdressing furniture, combining elegance and functionality to enhance your salon and satisfy your customers.","email":"contact@groupecoiff.com","telephone":"0676951605","legalName":"Groupe Coiff","foundingDate":"2022-11-16","vatID":"FR84921406419","taxID":"92140641900025"}]},"product_price_amount":"890.00","product_price_currency":"EUR","og_availability":"out of stock","product_availability":"out of stock","product_retailer_item_id":"GCAR97627555","product_condition":"new"},"jetpack_publicize_connections":[],"jetpack_likes_enabled":true,"jetpack_sharing_enabled":true,"_links":{"self":[{"href":"https:\/\/groupecoiff.com\/en\/wp-json\/wp\/v2\/product\/27555","targetHints":{"allow":["GET"]}}],"collection":[{"href":"https:\/\/groupecoiff.com\/en\/wp-json\/wp\/v2\/product"}],"about":[{"href":"https:\/\/groupecoiff.com\/en\/wp-json\/wp\/v2\/types\/product"}],"replies":[{"embeddable":true,"href":"https:\/\/groupecoiff.com\/en\/wp-json\/wp\/v2\/comments?post=27555"}],"version-history":[{"count":0,"href":"https:\/\/groupecoiff.com\/en\/wp-json\/wp\/v2\/product\/27555\/revisions"}],"wp:featuredmedia":[{"embeddable":true,"href":"https:\/\/groupecoiff.com\/en\/wp-json\/wp\/v2\/media\/27651"}],"wp:attachment":[{"href":"https:\/\/groupecoiff.com\/en\/wp-json\/wp\/v2\/media?parent=27555"}],"wp:term":[{"taxonomy":"product_brand","embeddable":true,"href":"https:\/\/groupecoiff.com\/en\/wp-json\/wp\/v2\/product_brand?post=27555"},{"taxonomy":"product_cat","embeddable":true,"href":"https:\/\/groupecoiff.com\/en\/wp-json\/wp\/v2\/product_cat?post=27555"},{"taxonomy":"product_tag","embeddable":true,"href":"https:\/\/groupecoiff.com\/en\/wp-json\/wp\/v2\/product_tag?post=27555"}],"curies":[{"name":"wp","href":"https:\/\/api.w.org\/{rel}","templated":true}]}}