{"id":27585,"date":"2023-09-06T20:56:21","date_gmt":"2023-09-06T18:56:21","guid":{"rendered":"https:\/\/groupecoiff.com\/?post_type=product&#038;p=27585"},"modified":"2024-08-29T20:45:28","modified_gmt":"2024-08-29T18:45:28","slug":"tabouret-salon-de-coiffure-faye","status":"publish","type":"product","link":"https:\/\/groupecoiff.com\/en\/produit\/tabouret-salon-de-coiffure-faye\/","title":{"rendered":"Tabouret salon de coiffure Faye"},"content":{"rendered":"<ul>\n<li>\n<h3>L&rsquo;ultime tabouret de coiffure Faye pour les professionnels exigeants :<\/h3>\n<\/li>\n<\/ul>\n<p>The salon stool is an essential element of professional hairdressing furniture. It is specially adapted to the needs of staff working in a hair salon.<\/p>\n<ul>\n<li>\n<h3>Stool description:<\/h3>\n<\/li>\n<\/ul>\n<p>The salon stool is designed to offer comfort and functionality. This stool is characterized by its solid structure and adjustable height for optimal client seating.<\/p>\n<p>The Faye stool allows easy freedom of movement and convenient access to necessary tools and products. It provides a suitable position for the hairstylist, allowing them to work efficiently while preserving their posture and health.<\/p>\n<p>En plus de sa fonctionnalit\u00e9, ce tabouret de coiffure est \u00e9galement un \u00e9l\u00e9ment esth\u00e9tique important dans l\u2019ensemble de l\u2019am\u00e9nagement de votre salon. Disponible dans une vari\u00e9t\u00e9 de finitions, il peut correspondre \u00e0 l\u2019ambiance de votre salon de coiffure. Ainsi, vous ajoutez une touche professionnelle et moderne \u00e0 votre environnement de travail.<\/p>\n<ul>\n<li>\n<h3>Caract\u00e9ristiques<\/h3>\n<\/li>\n<\/ul>\n<p>Don't compromise your well-being and invest in the perfect stool to maximize your work efficiency. Choose ultimate comfort with the Faye salon stool recognized for its values:<\/p>\n<p>Fire-retardant PVC poly-leather upholstery<br \/>\nHigh-density foam<br \/>\nAttractive chrome finish base and gas cylinder<br \/>\nDetachable dual-wheel casters<br \/>\nGas lift<\/p>\n<p>&nbsp;<\/p>\n<h6 style=\"text-align: center\"><span style=\"color: #808000\"><a style=\"color: #808000\" href=\"https:\/\/groupecoiff.com\/wp-content\/uploads\/2023\/09\/Fiche-Technique-Tabouret-de-coiffure-Faye.pdf\">Technical Specifications - Faye Styling Stool<\/a><\/span><\/h6>","protected":false},"excerpt":{"rendered":"<p>Elevate your comfortable styling space with our Faye salon stool upholstered in fire-retardant PVC poly-leather. Order now!<\/p>","protected":false},"featured_media":29729,"comment_status":"open","ping_status":"closed","template":"","meta":{"googlesitekit_rrm_CAow0YCiDA:productID":"","jetpack_post_was_ever_published":false,"jetpack_publicize_message":"","jetpack_publicize_feature_enabled":true,"jetpack_social_post_already_shared":false,"jetpack_social_options":{"image_generator_settings":{"template":"highway","default_image_id":0,"font":"","enabled":false},"version":2}},"product_brand":[],"product_cat":[313,80],"product_tag":[],"class_list":{"0":"post-27585","1":"product","2":"type-product","3":"status-publish","4":"has-post-thumbnail","6":"product_cat-meuble-de-coiffure","7":"product_cat-tabourets","9":"first","10":"instock","11":"taxable","12":"shipping-taxable","13":"purchasable","14":"product-type-simple"},"yoast_head":"<!-- This site is optimized with the Yoast SEO Premium plugin v27.4 (Yoast SEO v27.4) - https:\/\/yoast.com\/product\/yoast-seo-premium-wordpress\/ -->\n<title>Tabouret salon de coiffure Faye - Groupe Coiff<\/title>\n<meta name=\"description\" content=\"\u00c9levez votre espace de coiffure confortable avec notre tabouret de salon de coiffure Faye\u00a0rembourrer en PVC poly-cuir ignifug\u00e9 . Commandez maintenant !\" \/>\n<meta name=\"robots\" content=\"index, follow, max-snippet:-1, max-image-preview:large, max-video-preview:-1\" \/>\n<link rel=\"canonical\" href=\"https:\/\/groupecoiff.com\/en\/product-2\/tabouret-salon-de-coiffure-faye\/\" \/>\n<meta property=\"og:locale\" content=\"en_US\" \/>\n<meta property=\"og:type\" content=\"article\" \/>\n<meta property=\"og:title\" content=\"Faye tabouret de salon de coiffure\" \/>\n<meta property=\"og:description\" content=\"D\u00e9couvrez notre tabouret de salon de coiffure ou de beaut\u00e9 Faye est de haute qualit\u00e9. Gr\u00e2ce \u00e0 une finition chrom\u00e9e attrayante de la base et du v\u00e9rin \u00e0 gaz, les roulettes \u00e0 deux roues d\u00e9tachables en nylon permettent une mobilit\u00e9 facile du tabouret. C\u2019est un tabouret taill\u00e9 sur mesure pour les salons de coiffure.\" \/>\n<meta property=\"og:url\" content=\"https:\/\/groupecoiff.com\/en\/product-2\/tabouret-salon-de-coiffure-faye\/\" \/>\n<meta property=\"og:site_name\" content=\"Groupe Coiff\" \/>\n<meta property=\"article:publisher\" content=\"https:\/\/www.facebook.com\/GroupeCoiff\" \/>\n<meta property=\"article:modified_time\" content=\"2024-08-29T18:45:28+00:00\" \/>\n<meta property=\"og:image\" content=\"https:\/\/groupecoiff.com\/wp-content\/uploads\/2023\/09\/Tabouret-de-coiffure-Faye.jpg\" \/>\n\t<meta property=\"og:image:width\" content=\"1080\" \/>\n\t<meta property=\"og:image:height\" content=\"1080\" \/>\n\t<meta property=\"og:image:type\" content=\"image\/jpeg\" \/>\n<meta name=\"twitter:card\" content=\"summary_large_image\" \/>\n<meta name=\"twitter:title\" content=\"Tabouret salon de coiffure Faye\" \/>\n<meta name=\"twitter:site\" content=\"@groupecoiff\" \/>\n<meta name=\"twitter:label1\" content=\"Price\" \/>\n\t<meta name=\"twitter:data1\" content=\"115,00&nbsp;&euro;\" \/>\n\t<meta name=\"twitter:label2\" content=\"Availability\" \/>\n\t<meta name=\"twitter:data2\" content=\"In stock\" \/>\n<script type=\"application\/ld+json\" class=\"yoast-schema-graph\">{\"@context\":\"https:\\\/\\\/schema.org\",\"@graph\":[{\"@type\":\"WebPage\",\"@id\":\"https:\\\/\\\/groupecoiff.com\\\/produit\\\/tabouret-salon-de-coiffure-faye\\\/\",\"url\":\"https:\\\/\\\/groupecoiff.com\\\/produit\\\/tabouret-salon-de-coiffure-faye\\\/\",\"name\":\"Tabouret salon de coiffure Faye - Groupe Coiff\",\"isPartOf\":{\"@id\":\"https:\\\/\\\/groupecoiff.com\\\/#website\"},\"primaryImageOfPage\":{\"@id\":\"https:\\\/\\\/groupecoiff.com\\\/produit\\\/tabouret-salon-de-coiffure-faye\\\/#primaryimage\"},\"image\":{\"@id\":\"https:\\\/\\\/groupecoiff.com\\\/produit\\\/tabouret-salon-de-coiffure-faye\\\/#primaryimage\"},\"thumbnailUrl\":\"https:\\\/\\\/groupecoiff.com\\\/wp-content\\\/uploads\\\/2023\\\/09\\\/Tabouret-de-coiffure-Faye.jpg\",\"datePublished\":\"2023-09-06T18:56:21+00:00\",\"dateModified\":\"2024-08-29T18:45:28+00:00\",\"description\":\"\u00c9levez votre espace de coiffure confortable avec notre tabouret de salon de coiffure Faye\u00a0rembourrer en PVC poly-cuir ignifug\u00e9 . Commandez maintenant !\",\"breadcrumb\":{\"@id\":\"https:\\\/\\\/groupecoiff.com\\\/produit\\\/tabouret-salon-de-coiffure-faye\\\/#breadcrumb\"},\"inLanguage\":\"en-US\",\"potentialAction\":[{\"@type\":\"ReadAction\",\"target\":[\"https:\\\/\\\/groupecoiff.com\\\/produit\\\/tabouret-salon-de-coiffure-faye\\\/\"]}]},{\"@type\":\"ImageObject\",\"inLanguage\":\"en-US\",\"@id\":\"https:\\\/\\\/groupecoiff.com\\\/produit\\\/tabouret-salon-de-coiffure-faye\\\/#primaryimage\",\"url\":\"https:\\\/\\\/groupecoiff.com\\\/wp-content\\\/uploads\\\/2023\\\/09\\\/Tabouret-de-coiffure-Faye.jpg\",\"contentUrl\":\"https:\\\/\\\/groupecoiff.com\\\/wp-content\\\/uploads\\\/2023\\\/09\\\/Tabouret-de-coiffure-Faye.jpg\",\"width\":1080,\"height\":1080,\"caption\":\"Tabouret de coiffure Faye\"},{\"@type\":\"BreadcrumbList\",\"@id\":\"https:\\\/\\\/groupecoiff.com\\\/produit\\\/tabouret-salon-de-coiffure-faye\\\/#breadcrumb\",\"itemListElement\":[{\"@type\":\"ListItem\",\"position\":1,\"name\":\"Accueil\",\"item\":\"https:\\\/\\\/groupecoiff.com\\\/\"},{\"@type\":\"ListItem\",\"position\":2,\"name\":\"Boutique\",\"item\":\"https:\\\/\\\/groupecoiff.com\\\/boutique\\\/\"},{\"@type\":\"ListItem\",\"position\":3,\"name\":\"Tabouret salon de coiffure Faye\"}]},{\"@type\":\"WebSite\",\"@id\":\"https:\\\/\\\/groupecoiff.com\\\/#website\",\"url\":\"https:\\\/\\\/groupecoiff.com\\\/\",\"name\":\"Groupe Coiff\",\"description\":\"Tout pour la coiffure\",\"publisher\":{\"@id\":\"https:\\\/\\\/groupecoiff.com\\\/#organization\"},\"potentialAction\":[{\"@type\":\"SearchAction\",\"target\":{\"@type\":\"EntryPoint\",\"urlTemplate\":\"https:\\\/\\\/groupecoiff.com\\\/?s={search_term_string}\"},\"query-input\":{\"@type\":\"PropertyValueSpecification\",\"valueRequired\":true,\"valueName\":\"search_term_string\"}}],\"inLanguage\":\"en-US\"},{\"@type\":\"Organization\",\"@id\":\"https:\\\/\\\/groupecoiff.com\\\/#organization\",\"name\":\"Groupe Coiff\",\"alternateName\":\"Groupe Coiff : Le Mobilier De Coiffure Haut de Gamme Pour Une \u00c9l\u00e9gance In\u00e9gal\u00e9e\",\"url\":\"https:\\\/\\\/groupecoiff.com\\\/\",\"logo\":{\"@type\":\"ImageObject\",\"inLanguage\":\"en-US\",\"@id\":\"https:\\\/\\\/groupecoiff.com\\\/#\\\/schema\\\/logo\\\/image\\\/\",\"url\":\"https:\\\/\\\/groupecoiff.com\\\/wp-content\\\/uploads\\\/2024\\\/01\\\/cropped-Groupe-Coiff-Logo.webp\",\"contentUrl\":\"https:\\\/\\\/groupecoiff.com\\\/wp-content\\\/uploads\\\/2024\\\/01\\\/cropped-Groupe-Coiff-Logo.webp\",\"width\":512,\"height\":512,\"caption\":\"Groupe Coiff\"},\"image\":{\"@id\":\"https:\\\/\\\/groupecoiff.com\\\/#\\\/schema\\\/logo\\\/image\\\/\"},\"sameAs\":[\"https:\\\/\\\/www.facebook.com\\\/GroupeCoiff\",\"https:\\\/\\\/x.com\\\/groupecoiff\",\"https:\\\/\\\/www.instagram.com\\\/groupecoiff\\\/\",\"https:\\\/\\\/www.tiktok.com\\\/@groupecoiff\",\"https:\\\/\\\/www.youtube.com\\\/@groupecoiff\",\"https:\\\/\\\/twitter.com\\\/groupecoiff\",\"https:\\\/\\\/www.leboncoin.fr\\\/boutique\\\/3961302\\\/groupe_coiff.htm\"],\"description\":\"D\u00e9couvrez le mobilier de coiffure haut de gamme de Groupe Coiff, alliant \u00e9l\u00e9gance et fonctionnalit\u00e9 pour sublimer votre salon et satisfaire vos clients.\",\"email\":\"contact@groupecoiff.com\",\"telephone\":\"0676951605\",\"legalName\":\"Groupe Coiff\",\"foundingDate\":\"2022-11-16\",\"vatID\":\"FR84921406419\",\"taxID\":\"92140641900025\"}]}<\/script>\n<meta property=\"product:price:amount\" content=\"115.00\" \/>\n<meta property=\"product:price:currency\" content=\"EUR\" \/>\n<meta property=\"og:availability\" content=\"instock\" \/>\n<meta property=\"product:availability\" content=\"instock\" \/>\n<meta property=\"product:retailer_item_id\" content=\"GCGO1NB27585\" \/>\n<meta property=\"product:condition\" content=\"new\" \/>\n<!-- \/ Yoast SEO Premium plugin. -->","yoast_head_json":{"title":"Faye hair salon stool - Groupe Coiff","description":"\u00c9levez votre espace de coiffure confortable avec notre tabouret de coiffure Faye rembourrer en PVC poly-cuir ignifug\u00e9 . Commandez maintenant !","robots":{"index":"index","follow":"follow","max-snippet":"max-snippet:-1","max-image-preview":"max-image-preview:large","max-video-preview":"max-video-preview:-1"},"canonical":"https:\/\/groupecoiff.com\/en\/product-2\/tabouret-salon-de-coiffure-faye\/","og_locale":"en_US","og_type":"article","og_title":"Faye tabouret de salon de coiffure","og_description":"D\u00e9couvrez notre tabouret de salon de coiffure ou de beaut\u00e9 Faye est de haute qualit\u00e9. Gr\u00e2ce \u00e0 une finition chrom\u00e9e attrayante de la base et du v\u00e9rin \u00e0 gaz, les roulettes \u00e0 deux roues d\u00e9tachables en nylon permettent une mobilit\u00e9 facile du tabouret. C\u2019est un tabouret taill\u00e9 sur mesure pour les salons de coiffure.","og_url":"https:\/\/groupecoiff.com\/en\/product-2\/tabouret-salon-de-coiffure-faye\/","og_site_name":"Groupe Coiff","article_publisher":"https:\/\/www.facebook.com\/GroupeCoiff","article_modified_time":"2024-08-29T18:45:28+00:00","og_image":[{"width":1080,"height":1080,"url":"https:\/\/groupecoiff.com\/wp-content\/uploads\/2023\/09\/Tabouret-de-coiffure-Faye.jpg","type":"image\/jpeg"}],"twitter_card":"summary_large_image","twitter_title":"Tabouret salon de coiffure Faye","twitter_site":"@groupecoiff","twitter_misc":{"Price":"115,00&nbsp;&euro;","Availability":"In stock"},"schema":{"@context":"https:\/\/schema.org","@graph":[{"@type":"WebPage","@id":"https:\/\/groupecoiff.com\/produit\/tabouret-salon-de-coiffure-faye\/","url":"https:\/\/groupecoiff.com\/produit\/tabouret-salon-de-coiffure-faye\/","name":"Faye hair salon stool - Groupe Coiff","isPartOf":{"@id":"https:\/\/groupecoiff.com\/#website"},"primaryImageOfPage":{"@id":"https:\/\/groupecoiff.com\/produit\/tabouret-salon-de-coiffure-faye\/#primaryimage"},"image":{"@id":"https:\/\/groupecoiff.com\/produit\/tabouret-salon-de-coiffure-faye\/#primaryimage"},"thumbnailUrl":"https:\/\/groupecoiff.com\/wp-content\/uploads\/2023\/09\/Tabouret-de-coiffure-Faye.jpg","datePublished":"2023-09-06T18:56:21+00:00","dateModified":"2024-08-29T18:45:28+00:00","description":"\u00c9levez votre espace de coiffure confortable avec notre tabouret de coiffure Faye rembourrer en PVC poly-cuir ignifug\u00e9 . Commandez maintenant !","breadcrumb":{"@id":"https:\/\/groupecoiff.com\/produit\/tabouret-salon-de-coiffure-faye\/#breadcrumb"},"inLanguage":"en-US","potentialAction":[{"@type":"ReadAction","target":["https:\/\/groupecoiff.com\/produit\/tabouret-salon-de-coiffure-faye\/"]}]},{"@type":"ImageObject","inLanguage":"en-US","@id":"https:\/\/groupecoiff.com\/produit\/tabouret-salon-de-coiffure-faye\/#primaryimage","url":"https:\/\/groupecoiff.com\/wp-content\/uploads\/2023\/09\/Tabouret-de-coiffure-Faye.jpg","contentUrl":"https:\/\/groupecoiff.com\/wp-content\/uploads\/2023\/09\/Tabouret-de-coiffure-Faye.jpg","width":1080,"height":1080,"caption":"Tabouret de coiffure Faye"},{"@type":"BreadcrumbList","@id":"https:\/\/groupecoiff.com\/produit\/tabouret-salon-de-coiffure-faye\/#breadcrumb","itemListElement":[{"@type":"ListItem","position":1,"name":"Accueil","item":"https:\/\/groupecoiff.com\/"},{"@type":"ListItem","position":2,"name":"Boutique","item":"https:\/\/groupecoiff.com\/boutique\/"},{"@type":"ListItem","position":3,"name":"Tabouret salon de coiffure Faye"}]},{"@type":"WebSite","@id":"https:\/\/groupecoiff.com\/#website","url":"https:\/\/groupecoiff.com\/","name":"Coiff Group","description":"Everything for the hairdresser","publisher":{"@id":"https:\/\/groupecoiff.com\/#organization"},"potentialAction":[{"@type":"SearchAction","target":{"@type":"EntryPoint","urlTemplate":"https:\/\/groupecoiff.com\/?s={search_term_string}"},"query-input":{"@type":"PropertyValueSpecification","valueRequired":true,"valueName":"search_term_string"}}],"inLanguage":"en-US"},{"@type":"Organization","@id":"https:\/\/groupecoiff.com\/#organization","name":"Coiff Group","alternateName":"Groupe Coiff : Le Mobilier De Coiffure Haut de Gamme Pour Une \u00c9l\u00e9gance In\u00e9gal\u00e9e","url":"https:\/\/groupecoiff.com\/","logo":{"@type":"ImageObject","inLanguage":"en-US","@id":"https:\/\/groupecoiff.com\/#\/schema\/logo\/image\/","url":"https:\/\/groupecoiff.com\/wp-content\/uploads\/2024\/01\/cropped-Groupe-Coiff-Logo.webp","contentUrl":"https:\/\/groupecoiff.com\/wp-content\/uploads\/2024\/01\/cropped-Groupe-Coiff-Logo.webp","width":512,"height":512,"caption":"Groupe Coiff"},"image":{"@id":"https:\/\/groupecoiff.com\/#\/schema\/logo\/image\/"},"sameAs":["https:\/\/www.facebook.com\/GroupeCoiff","https:\/\/x.com\/groupecoiff","https:\/\/www.instagram.com\/groupecoiff\/","https:\/\/www.tiktok.com\/@groupecoiff","https:\/\/www.youtube.com\/@groupecoiff","https:\/\/twitter.com\/groupecoiff","https:\/\/www.leboncoin.fr\/boutique\/3961302\/groupe_coiff.htm"],"description":"Discover Groupe Coiff's top-of-the-range hairdressing furniture, combining elegance and functionality to enhance your salon and satisfy your customers.","email":"contact@groupecoiff.com","telephone":"0676951605","legalName":"Groupe Coiff","foundingDate":"2022-11-16","vatID":"FR84921406419","taxID":"92140641900025"}]},"product_price_amount":"115.00","product_price_currency":"EUR","og_availability":"instock","product_availability":"instock","product_retailer_item_id":"GCGO1NB27585","product_condition":"new"},"jetpack_publicize_connections":[],"jetpack_likes_enabled":true,"jetpack_sharing_enabled":true,"_links":{"self":[{"href":"https:\/\/groupecoiff.com\/en\/wp-json\/wp\/v2\/product\/27585","targetHints":{"allow":["GET"]}}],"collection":[{"href":"https:\/\/groupecoiff.com\/en\/wp-json\/wp\/v2\/product"}],"about":[{"href":"https:\/\/groupecoiff.com\/en\/wp-json\/wp\/v2\/types\/product"}],"replies":[{"embeddable":true,"href":"https:\/\/groupecoiff.com\/en\/wp-json\/wp\/v2\/comments?post=27585"}],"version-history":[{"count":0,"href":"https:\/\/groupecoiff.com\/en\/wp-json\/wp\/v2\/product\/27585\/revisions"}],"wp:featuredmedia":[{"embeddable":true,"href":"https:\/\/groupecoiff.com\/en\/wp-json\/wp\/v2\/media\/29729"}],"wp:attachment":[{"href":"https:\/\/groupecoiff.com\/en\/wp-json\/wp\/v2\/media?parent=27585"}],"wp:term":[{"taxonomy":"product_brand","embeddable":true,"href":"https:\/\/groupecoiff.com\/en\/wp-json\/wp\/v2\/product_brand?post=27585"},{"taxonomy":"product_cat","embeddable":true,"href":"https:\/\/groupecoiff.com\/en\/wp-json\/wp\/v2\/product_cat?post=27585"},{"taxonomy":"product_tag","embeddable":true,"href":"https:\/\/groupecoiff.com\/en\/wp-json\/wp\/v2\/product_tag?post=27585"}],"curies":[{"name":"wp","href":"https:\/\/api.w.org\/{rel}","templated":true}]}}