{"id":27586,"date":"2023-09-06T20:56:21","date_gmt":"2023-09-06T18:56:21","guid":{"rendered":"https:\/\/groupecoiff.com\/?post_type=product&#038;p=27586"},"modified":"2025-12-01T17:35:27","modified_gmt":"2025-12-01T16:35:27","slug":"support-mural-seche-cheveux-glenn","status":"publish","type":"product","link":"https:\/\/groupecoiff.com\/en\/produit\/support-mural-seche-cheveux-glenn\/","title":{"rendered":"Support mural s\u00e8che cheveux Glenn"},"content":{"rendered":"<p>The Glenn wall-mounted hair dryer holder is a metal ring for hair dryers with protective rubber band. It's a useful holder for hair dryers.<\/p>\n<ul>\n<li>\n<h3>Glenn Wall-Mounted Hair Dryer Holder Description<\/h3>\n<\/li>\n<\/ul>\n<p>Le support mural s\u00e8che-cheveux Glenn est un accessoire pratique et fonctionnel qui offre un rangement s\u00e9curis\u00e9e et pratique. pour votre s\u00e8che-cheveux. Fix\u00e9 solidement au mur, il permet d&rsquo;avoir votre s\u00e8che-cheveux \u00e0 port\u00e9e de main.<\/p>\n<p>This support is characterized by its robust design and compatibility with different hair dryer models. Additionally, it helps maintain a well-organized and clutter-free workspace or bathroom.<\/p>\n<p>Ce support mural permet aux coiffeurs et coiffeuses d&rsquo;\u00e9conomiser l&rsquo;espace de leur salon de beaut\u00e9 ou salon de soins. La conception du montage mural le rend plus flexible et facile \u00e0 installer.<\/p>\n<p>Il est fabriqu\u00e9 en m\u00e9tal de haute qualit\u00e9, r\u00e9sistant \u00e0 la rouille, \u00e0 la corrosion et parfaite pour une utilisation prolong\u00e9e. Il convient \u00e0 la plupart des s\u00e8che-cheveux et est id\u00e9al pour les salons professionnels et l\u2019usage domestique. Glenn convient \u00e0 la salle de bains, aux toilettes, aux salons de coiffure, etc.<\/p>\n<h2>Caract\u00e9ristiques<\/h2>\n<p>Ajoutez une touche de style \u00e0 votre espace avec un support mural pour s\u00e8che-cheveux qui s&rsquo;adapte \u00e0 vos besoins et \u00e0 votre d\u00e9cor :<\/p>\n<p>Resistant wall mount<br \/>\nMade of high-quality metal<br \/>\nRust and corrosion resistant<br \/>\nCompatible with different hair dryer models<\/p>\n<p>For one wall-mounted hair dryer support purchased, <strong><a href=\"https:\/\/groupecoiff.com\/en\/store\/\">Groupe Coiff<\/a><\/strong> offers you free delivery, as quickly as possible in France and elsewhere.<\/p>\n<p>Visit <a href=\"https:\/\/groupecoiff.com\/en\/product-category\/support-seche-cheveux\/\">support s\u00e8che-cheveux<\/a> offre une solution de rangement s\u00e9curis\u00e9e et pratique<\/p>","protected":false},"excerpt":{"rendered":"<p>Le support mural s\u00e8che cheveux Glenn est un anneau m\u00e9tallique pour s\u00e8che-cheveux avec bande de protection en caoutchouc. C\u2019est un support utile pour le s\u00e8che-cheveux. Description Support mural s\u00e8che cheveux Glenn Le support mural s\u00e8che-cheveux Glenn est un accessoire pratique et fonctionnel qui offre un rangement s\u00e9curis\u00e9e et pratique. pour votre s\u00e8che-cheveux. Fix\u00e9 solidement au [&hellip;]<\/p>\n","protected":false},"featured_media":27676,"comment_status":"open","ping_status":"closed","template":"","meta":{"googlesitekit_rrm_CAow0YCiDA:productID":"","jetpack_post_was_ever_published":false,"jetpack_publicize_message":"","jetpack_publicize_feature_enabled":true,"jetpack_social_post_already_shared":false,"jetpack_social_options":{"image_generator_settings":{"template":"highway","default_image_id":0,"font":"","enabled":false},"version":2}},"product_brand":[],"product_cat":[42,75],"product_tag":[],"class_list":{"0":"post-27586","1":"product","2":"type-product","3":"status-publish","4":"has-post-thumbnail","6":"product_cat-accessoires","7":"product_cat-support-seche-cheveux","9":"first","10":"instock","11":"featured","12":"taxable","13":"shipping-taxable","14":"purchasable","15":"product-type-simple"},"yoast_head":"<!-- This site is optimized with the Yoast SEO Premium plugin v27.4 (Yoast SEO v27.4) - https:\/\/yoast.com\/product\/yoast-seo-premium-wordpress\/ -->\n<title>Support mural s\u00e8che cheveux Glenn - Groupe Coiff<\/title>\n<meta name=\"description\" content=\"Support s\u00e8che-cheveux mural Glenn en m\u00e9tal de haute qualit\u00e9. R\u00e9sistant \u00e0 la rouille et \u00e0 la corrosion. Pratique et efficace ! Commandez des maintenant !\" \/>\n<meta name=\"robots\" content=\"index, follow, max-snippet:-1, max-image-preview:large, max-video-preview:-1\" \/>\n<link rel=\"canonical\" href=\"https:\/\/groupecoiff.com\/en\/product-2\/support-mural-seche-cheveux-glenn\/\" \/>\n<meta property=\"og:locale\" content=\"en_US\" \/>\n<meta property=\"og:type\" content=\"article\" \/>\n<meta property=\"og:title\" content=\"Glenn anneau m\u00e9tallique pour s\u00e8che-cheveux\" \/>\n<meta property=\"og:description\" content=\"Optez Glenn qui est un anneau m\u00e9tallique pour s\u00e8che-cheveux avec bande de protection en caoutchouc. C\u2019est un support utile pour le s\u00e8che-cheveux. C\u2019est un support utile pour le s\u00e8che-cheveux.\" \/>\n<meta property=\"og:url\" content=\"https:\/\/groupecoiff.com\/en\/product-2\/support-mural-seche-cheveux-glenn\/\" \/>\n<meta property=\"og:site_name\" content=\"Groupe Coiff\" \/>\n<meta property=\"article:publisher\" content=\"https:\/\/www.facebook.com\/GroupeCoiff\" \/>\n<meta property=\"article:modified_time\" content=\"2025-12-01T16:35:27+00:00\" \/>\n<meta property=\"og:image\" content=\"https:\/\/groupecoiff.com\/wp-content\/uploads\/2023\/09\/Glenn-1.jpg\" \/>\n\t<meta property=\"og:image:width\" content=\"1080\" \/>\n\t<meta property=\"og:image:height\" content=\"1080\" \/>\n\t<meta property=\"og:image:type\" content=\"image\/jpeg\" \/>\n<meta name=\"twitter:card\" content=\"summary_large_image\" \/>\n<meta name=\"twitter:title\" content=\"Support mural s\u00e8che cheveux Glenn\" \/>\n<meta name=\"twitter:site\" content=\"@groupecoiff\" \/>\n<meta name=\"twitter:label1\" content=\"Price\" \/>\n\t<meta name=\"twitter:data1\" content=\"19,00&nbsp;&euro;\" \/>\n\t<meta name=\"twitter:label2\" content=\"Availability\" \/>\n\t<meta name=\"twitter:data2\" content=\"In stock\" \/>\n<script type=\"application\/ld+json\" class=\"yoast-schema-graph\">{\"@context\":\"https:\\\/\\\/schema.org\",\"@graph\":[{\"@type\":\"WebPage\",\"@id\":\"https:\\\/\\\/groupecoiff.com\\\/produit\\\/support-mural-seche-cheveux-glenn\\\/\",\"url\":\"https:\\\/\\\/groupecoiff.com\\\/produit\\\/support-mural-seche-cheveux-glenn\\\/\",\"name\":\"Support mural s\u00e8che cheveux Glenn - Groupe Coiff\",\"isPartOf\":{\"@id\":\"https:\\\/\\\/groupecoiff.com\\\/#website\"},\"primaryImageOfPage\":{\"@id\":\"https:\\\/\\\/groupecoiff.com\\\/produit\\\/support-mural-seche-cheveux-glenn\\\/#primaryimage\"},\"image\":{\"@id\":\"https:\\\/\\\/groupecoiff.com\\\/produit\\\/support-mural-seche-cheveux-glenn\\\/#primaryimage\"},\"thumbnailUrl\":\"https:\\\/\\\/groupecoiff.com\\\/wp-content\\\/uploads\\\/2023\\\/09\\\/Glenn-1.jpg\",\"datePublished\":\"2023-09-06T18:56:21+00:00\",\"dateModified\":\"2025-12-01T16:35:27+00:00\",\"description\":\"Support s\u00e8che-cheveux mural Glenn en m\u00e9tal de haute qualit\u00e9. R\u00e9sistant \u00e0 la rouille et \u00e0 la corrosion. Pratique et efficace ! Commandez des maintenant !\",\"breadcrumb\":{\"@id\":\"https:\\\/\\\/groupecoiff.com\\\/produit\\\/support-mural-seche-cheveux-glenn\\\/#breadcrumb\"},\"inLanguage\":\"en-US\",\"potentialAction\":[{\"@type\":\"ReadAction\",\"target\":[\"https:\\\/\\\/groupecoiff.com\\\/produit\\\/support-mural-seche-cheveux-glenn\\\/\"]}]},{\"@type\":\"ImageObject\",\"inLanguage\":\"en-US\",\"@id\":\"https:\\\/\\\/groupecoiff.com\\\/produit\\\/support-mural-seche-cheveux-glenn\\\/#primaryimage\",\"url\":\"https:\\\/\\\/groupecoiff.com\\\/wp-content\\\/uploads\\\/2023\\\/09\\\/Glenn-1.jpg\",\"contentUrl\":\"https:\\\/\\\/groupecoiff.com\\\/wp-content\\\/uploads\\\/2023\\\/09\\\/Glenn-1.jpg\",\"width\":1080,\"height\":1080,\"caption\":\"Support mural s\u00e8che cheveux Glenn\"},{\"@type\":\"BreadcrumbList\",\"@id\":\"https:\\\/\\\/groupecoiff.com\\\/produit\\\/support-mural-seche-cheveux-glenn\\\/#breadcrumb\",\"itemListElement\":[{\"@type\":\"ListItem\",\"position\":1,\"name\":\"Accueil\",\"item\":\"https:\\\/\\\/groupecoiff.com\\\/\"},{\"@type\":\"ListItem\",\"position\":2,\"name\":\"Boutique\",\"item\":\"https:\\\/\\\/groupecoiff.com\\\/boutique\\\/\"},{\"@type\":\"ListItem\",\"position\":3,\"name\":\"Support mural s\u00e8che cheveux Glenn\"}]},{\"@type\":\"WebSite\",\"@id\":\"https:\\\/\\\/groupecoiff.com\\\/#website\",\"url\":\"https:\\\/\\\/groupecoiff.com\\\/\",\"name\":\"Groupe Coiff\",\"description\":\"Tout pour la coiffure\",\"publisher\":{\"@id\":\"https:\\\/\\\/groupecoiff.com\\\/#organization\"},\"potentialAction\":[{\"@type\":\"SearchAction\",\"target\":{\"@type\":\"EntryPoint\",\"urlTemplate\":\"https:\\\/\\\/groupecoiff.com\\\/?s={search_term_string}\"},\"query-input\":{\"@type\":\"PropertyValueSpecification\",\"valueRequired\":true,\"valueName\":\"search_term_string\"}}],\"inLanguage\":\"en-US\"},{\"@type\":\"Organization\",\"@id\":\"https:\\\/\\\/groupecoiff.com\\\/#organization\",\"name\":\"Groupe Coiff\",\"alternateName\":\"Groupe Coiff : Le Mobilier De Coiffure Haut de Gamme Pour Une \u00c9l\u00e9gance In\u00e9gal\u00e9e\",\"url\":\"https:\\\/\\\/groupecoiff.com\\\/\",\"logo\":{\"@type\":\"ImageObject\",\"inLanguage\":\"en-US\",\"@id\":\"https:\\\/\\\/groupecoiff.com\\\/#\\\/schema\\\/logo\\\/image\\\/\",\"url\":\"https:\\\/\\\/groupecoiff.com\\\/wp-content\\\/uploads\\\/2024\\\/01\\\/cropped-Groupe-Coiff-Logo.webp\",\"contentUrl\":\"https:\\\/\\\/groupecoiff.com\\\/wp-content\\\/uploads\\\/2024\\\/01\\\/cropped-Groupe-Coiff-Logo.webp\",\"width\":512,\"height\":512,\"caption\":\"Groupe Coiff\"},\"image\":{\"@id\":\"https:\\\/\\\/groupecoiff.com\\\/#\\\/schema\\\/logo\\\/image\\\/\"},\"sameAs\":[\"https:\\\/\\\/www.facebook.com\\\/GroupeCoiff\",\"https:\\\/\\\/x.com\\\/groupecoiff\",\"https:\\\/\\\/www.instagram.com\\\/groupecoiff\\\/\",\"https:\\\/\\\/www.tiktok.com\\\/@groupecoiff\",\"https:\\\/\\\/www.youtube.com\\\/@groupecoiff\",\"https:\\\/\\\/twitter.com\\\/groupecoiff\",\"https:\\\/\\\/www.leboncoin.fr\\\/boutique\\\/3961302\\\/groupe_coiff.htm\"],\"description\":\"D\u00e9couvrez le mobilier de coiffure haut de gamme de Groupe Coiff, alliant \u00e9l\u00e9gance et fonctionnalit\u00e9 pour sublimer votre salon et satisfaire vos clients.\",\"email\":\"contact@groupecoiff.com\",\"telephone\":\"0676951605\",\"legalName\":\"Groupe Coiff\",\"foundingDate\":\"2022-11-16\",\"vatID\":\"FR84921406419\",\"taxID\":\"92140641900025\"}]}<\/script>\n<meta property=\"product:price:amount\" content=\"19.00\" \/>\n<meta property=\"product:price:currency\" content=\"EUR\" \/>\n<meta property=\"og:availability\" content=\"instock\" \/>\n<meta property=\"product:availability\" content=\"instock\" \/>\n<meta property=\"product:retailer_item_id\" content=\"GC513L627586\" \/>\n<meta property=\"product:condition\" content=\"new\" \/>\n<!-- \/ Yoast SEO Premium plugin. -->","yoast_head_json":{"title":"Glenn Wall-Mounted Hair Dryer Holder - Groupe Coiff","description":"Glenn wall-mounted hair dryer holder made of high-quality metal. Rust and corrosion resistant. Practical and efficient! Order now!","robots":{"index":"index","follow":"follow","max-snippet":"max-snippet:-1","max-image-preview":"max-image-preview:large","max-video-preview":"max-video-preview:-1"},"canonical":"https:\/\/groupecoiff.com\/en\/product-2\/support-mural-seche-cheveux-glenn\/","og_locale":"en_US","og_type":"article","og_title":"Glenn anneau m\u00e9tallique pour s\u00e8che-cheveux","og_description":"Optez Glenn qui est un anneau m\u00e9tallique pour s\u00e8che-cheveux avec bande de protection en caoutchouc. C\u2019est un support utile pour le s\u00e8che-cheveux. C\u2019est un support utile pour le s\u00e8che-cheveux.","og_url":"https:\/\/groupecoiff.com\/en\/product-2\/support-mural-seche-cheveux-glenn\/","og_site_name":"Groupe Coiff","article_publisher":"https:\/\/www.facebook.com\/GroupeCoiff","article_modified_time":"2025-12-01T16:35:27+00:00","og_image":[{"width":1080,"height":1080,"url":"https:\/\/groupecoiff.com\/wp-content\/uploads\/2023\/09\/Glenn-1.jpg","type":"image\/jpeg"}],"twitter_card":"summary_large_image","twitter_title":"Support mural s\u00e8che cheveux Glenn","twitter_site":"@groupecoiff","twitter_misc":{"Price":"19,00&nbsp;&euro;","Availability":"In stock"},"schema":{"@context":"https:\/\/schema.org","@graph":[{"@type":"WebPage","@id":"https:\/\/groupecoiff.com\/produit\/support-mural-seche-cheveux-glenn\/","url":"https:\/\/groupecoiff.com\/produit\/support-mural-seche-cheveux-glenn\/","name":"Glenn Wall-Mounted Hair Dryer Holder - Groupe Coiff","isPartOf":{"@id":"https:\/\/groupecoiff.com\/#website"},"primaryImageOfPage":{"@id":"https:\/\/groupecoiff.com\/produit\/support-mural-seche-cheveux-glenn\/#primaryimage"},"image":{"@id":"https:\/\/groupecoiff.com\/produit\/support-mural-seche-cheveux-glenn\/#primaryimage"},"thumbnailUrl":"https:\/\/groupecoiff.com\/wp-content\/uploads\/2023\/09\/Glenn-1.jpg","datePublished":"2023-09-06T18:56:21+00:00","dateModified":"2025-12-01T16:35:27+00:00","description":"Glenn wall-mounted hair dryer holder made of high-quality metal. Rust and corrosion resistant. Practical and efficient! Order now!","breadcrumb":{"@id":"https:\/\/groupecoiff.com\/produit\/support-mural-seche-cheveux-glenn\/#breadcrumb"},"inLanguage":"en-US","potentialAction":[{"@type":"ReadAction","target":["https:\/\/groupecoiff.com\/produit\/support-mural-seche-cheveux-glenn\/"]}]},{"@type":"ImageObject","inLanguage":"en-US","@id":"https:\/\/groupecoiff.com\/produit\/support-mural-seche-cheveux-glenn\/#primaryimage","url":"https:\/\/groupecoiff.com\/wp-content\/uploads\/2023\/09\/Glenn-1.jpg","contentUrl":"https:\/\/groupecoiff.com\/wp-content\/uploads\/2023\/09\/Glenn-1.jpg","width":1080,"height":1080,"caption":"Support mural s\u00e8che cheveux Glenn"},{"@type":"BreadcrumbList","@id":"https:\/\/groupecoiff.com\/produit\/support-mural-seche-cheveux-glenn\/#breadcrumb","itemListElement":[{"@type":"ListItem","position":1,"name":"Accueil","item":"https:\/\/groupecoiff.com\/"},{"@type":"ListItem","position":2,"name":"Boutique","item":"https:\/\/groupecoiff.com\/boutique\/"},{"@type":"ListItem","position":3,"name":"Support mural s\u00e8che cheveux Glenn"}]},{"@type":"WebSite","@id":"https:\/\/groupecoiff.com\/#website","url":"https:\/\/groupecoiff.com\/","name":"Coiff Group","description":"Everything for the hairdresser","publisher":{"@id":"https:\/\/groupecoiff.com\/#organization"},"potentialAction":[{"@type":"SearchAction","target":{"@type":"EntryPoint","urlTemplate":"https:\/\/groupecoiff.com\/?s={search_term_string}"},"query-input":{"@type":"PropertyValueSpecification","valueRequired":true,"valueName":"search_term_string"}}],"inLanguage":"en-US"},{"@type":"Organization","@id":"https:\/\/groupecoiff.com\/#organization","name":"Coiff Group","alternateName":"Groupe Coiff : Le Mobilier De Coiffure Haut de Gamme Pour Une \u00c9l\u00e9gance In\u00e9gal\u00e9e","url":"https:\/\/groupecoiff.com\/","logo":{"@type":"ImageObject","inLanguage":"en-US","@id":"https:\/\/groupecoiff.com\/#\/schema\/logo\/image\/","url":"https:\/\/groupecoiff.com\/wp-content\/uploads\/2024\/01\/cropped-Groupe-Coiff-Logo.webp","contentUrl":"https:\/\/groupecoiff.com\/wp-content\/uploads\/2024\/01\/cropped-Groupe-Coiff-Logo.webp","width":512,"height":512,"caption":"Groupe Coiff"},"image":{"@id":"https:\/\/groupecoiff.com\/#\/schema\/logo\/image\/"},"sameAs":["https:\/\/www.facebook.com\/GroupeCoiff","https:\/\/x.com\/groupecoiff","https:\/\/www.instagram.com\/groupecoiff\/","https:\/\/www.tiktok.com\/@groupecoiff","https:\/\/www.youtube.com\/@groupecoiff","https:\/\/twitter.com\/groupecoiff","https:\/\/www.leboncoin.fr\/boutique\/3961302\/groupe_coiff.htm"],"description":"Discover Groupe Coiff's top-of-the-range hairdressing furniture, combining elegance and functionality to enhance your salon and satisfy your customers.","email":"contact@groupecoiff.com","telephone":"0676951605","legalName":"Groupe Coiff","foundingDate":"2022-11-16","vatID":"FR84921406419","taxID":"92140641900025"}]},"product_price_amount":"19.00","product_price_currency":"EUR","og_availability":"instock","product_availability":"instock","product_retailer_item_id":"GC513L627586","product_condition":"new"},"jetpack_publicize_connections":[],"jetpack_likes_enabled":true,"jetpack_sharing_enabled":true,"_links":{"self":[{"href":"https:\/\/groupecoiff.com\/en\/wp-json\/wp\/v2\/product\/27586","targetHints":{"allow":["GET"]}}],"collection":[{"href":"https:\/\/groupecoiff.com\/en\/wp-json\/wp\/v2\/product"}],"about":[{"href":"https:\/\/groupecoiff.com\/en\/wp-json\/wp\/v2\/types\/product"}],"replies":[{"embeddable":true,"href":"https:\/\/groupecoiff.com\/en\/wp-json\/wp\/v2\/comments?post=27586"}],"version-history":[{"count":0,"href":"https:\/\/groupecoiff.com\/en\/wp-json\/wp\/v2\/product\/27586\/revisions"}],"wp:featuredmedia":[{"embeddable":true,"href":"https:\/\/groupecoiff.com\/en\/wp-json\/wp\/v2\/media\/27676"}],"wp:attachment":[{"href":"https:\/\/groupecoiff.com\/en\/wp-json\/wp\/v2\/media?parent=27586"}],"wp:term":[{"taxonomy":"product_brand","embeddable":true,"href":"https:\/\/groupecoiff.com\/en\/wp-json\/wp\/v2\/product_brand?post=27586"},{"taxonomy":"product_cat","embeddable":true,"href":"https:\/\/groupecoiff.com\/en\/wp-json\/wp\/v2\/product_cat?post=27586"},{"taxonomy":"product_tag","embeddable":true,"href":"https:\/\/groupecoiff.com\/en\/wp-json\/wp\/v2\/product_tag?post=27586"}],"curies":[{"name":"wp","href":"https:\/\/api.w.org\/{rel}","templated":true}]}}