{"id":27597,"date":"2023-09-06T20:56:51","date_gmt":"2023-09-06T18:56:51","guid":{"rendered":"https:\/\/groupecoiff.com\/?post_type=product&#038;p=27597"},"modified":"2024-08-29T20:31:38","modified_gmt":"2024-08-29T18:31:38","slug":"chariot-de-coiffure-janet","status":"publish","type":"product","link":"https:\/\/groupecoiff.com\/en\/produit\/chariot-de-coiffure-janet\/","title":{"rendered":"Chariot de coiffure Janet"},"content":{"rendered":"<p>Le chariot de coiffure est un accessoire pratique et fonctionnel. Il s&rsquo;utilise dans les salons de coiffure pour organiser les outils et les produits n\u00e9cessaires.<\/p>\n<ul>\n<li>\n<h3>Description of the Janet styling cart<\/h3>\n<\/li>\n<\/ul>\n<p>The Janet mobile hair trolley has a well-thought-out design and is easily movable. It offers a mobile storage solution thanks to its four removable and detachable shelves. Furthermore, it features two open slots that allow for product storage.<\/p>\n<p>This provides easy access to all the essential elements of your hair salon such as: brushes, combs, scissors, hair products and other hairdressing accessories.<\/p>\n<p>The Janet hair trolley also has four swivel wheels that facilitate grabbing your tools and moving your cart. It offers you good stability and makes your movement smooth and easy on tiled floors. The trolley is made from sturdy material and is shock-resistant.<\/p>\n<p>En plus de sa fonctionnalit\u00e9 lors des services de coiffure, le chariot peut \u00e9galement\u00a0 s&rsquo;utilis\u00e9 comme un espace de pr\u00e9sentation pour mettre en valeur les produits vendus dans le salon.<\/p>\n<ul>\n<li>\n<h3>Caract\u00e9ristiques<\/h3>\n<\/li>\n<\/ul>\n<p>Simplify your daily routine and take your salon to the next level with the Janet styling cart.<br \/>\nC&rsquo;est l&rsquo;alli\u00e9 incontournable qu&rsquo;il faut pour une organisation optimale, une mobilit\u00e9 ais\u00e9e et un style impeccable.<\/p>\n<p>Design ergonomique<br \/>\nMade of ABS<br \/>\nLarge storage capacity with 6 levels<br \/>\nWear-resistant swivel wheels<\/p>\n<p>For a Janet hairdressing cart, <strong><a href=\"https:\/\/groupecoiff.com\/en\/store\/\">Groupe Coiff<\/a><\/strong> offers you free delivery, as quickly as possible in France and elsewhere.<\/p>","protected":false},"excerpt":{"rendered":"<p>Le chariot de coiffure est un accessoire pratique et fonctionnel. Il s&rsquo;utilise dans les salons de coiffure pour organiser les outils et les produits n\u00e9cessaires. Description du chariot de coiffure Janet Le chariot de coiffure Janet\u00a0 mobile \u00e0 un design bien pens\u00e9 et est facilement d\u00e9pla\u00e7able. Il offre une solution de rangement mobile \u00e0 cause [&hellip;]<\/p>\n","protected":false},"featured_media":27678,"comment_status":"open","ping_status":"closed","template":"","meta":{"googlesitekit_rrm_CAow0YCiDA:productID":"","jetpack_post_was_ever_published":false,"jetpack_publicize_message":"","jetpack_publicize_feature_enabled":true,"jetpack_social_post_already_shared":false,"jetpack_social_options":{"image_generator_settings":{"template":"highway","default_image_id":0,"font":"","enabled":false},"version":2}},"product_brand":[],"product_cat":[47],"product_tag":[],"class_list":{"0":"post-27597","1":"product","2":"type-product","3":"status-publish","4":"has-post-thumbnail","6":"product_cat-chariots","8":"first","9":"instock","10":"taxable","11":"shipping-taxable","12":"purchasable","13":"product-type-simple"},"yoast_head":"<!-- This site is optimized with the Yoast SEO Premium plugin v27.4 (Yoast SEO v27.4) - https:\/\/yoast.com\/product\/yoast-seo-premium-wordpress\/ -->\n<title>Chariot de coiffure Janet - Groupe Coiff<\/title>\n<meta name=\"description\" content=\"Chariot de coiffure Janet, grande capacit\u00e9 de rangement avec 6 niveaux. Muni de quatre roues pivotantes et r\u00e9sistantes \u00e0 l\u2019usure. Commandez d\u00e8s maintenant.\" \/>\n<meta name=\"robots\" content=\"index, follow, max-snippet:-1, max-image-preview:large, max-video-preview:-1\" \/>\n<link rel=\"canonical\" href=\"https:\/\/groupecoiff.com\/en\/product-2\/chariot-de-coiffure-janet\/\" \/>\n<meta property=\"og:locale\" content=\"en_US\" \/>\n<meta property=\"og:type\" content=\"article\" \/>\n<meta property=\"og:title\" content=\"Janet chariot de coiffure\" \/>\n<meta property=\"og:description\" content=\"D\u00e9couvrez Janet est un chariot de coiffure pratique et attrayant avec sa belle couleur noire. Il vous aide \u00e0 organiser vos outils de coiffure dans un ordre pr\u00e9cis pour vous \u00e9viter d\u2019avoir \u00e0 chercher quelque chose au travail. Le chariot de rangement Janet poss\u00e8de \u00e9galement quatre roues pivotantes qui facilitent la prise de vos outils et le d\u00e9placement de votre panier.\" \/>\n<meta property=\"og:url\" content=\"https:\/\/groupecoiff.com\/en\/product-2\/chariot-de-coiffure-janet\/\" \/>\n<meta property=\"og:site_name\" content=\"Groupe Coiff\" \/>\n<meta property=\"article:publisher\" content=\"https:\/\/www.facebook.com\/GroupeCoiff\" \/>\n<meta property=\"article:modified_time\" content=\"2024-08-29T18:31:38+00:00\" \/>\n<meta property=\"og:image\" content=\"https:\/\/groupecoiff.com\/wp-content\/uploads\/2023\/09\/Chariot-Janet-1-1.png\" \/>\n\t<meta property=\"og:image:width\" content=\"1080\" \/>\n\t<meta property=\"og:image:height\" content=\"1080\" \/>\n\t<meta property=\"og:image:type\" content=\"image\/png\" \/>\n<meta name=\"twitter:card\" content=\"summary_large_image\" \/>\n<meta name=\"twitter:title\" content=\"Chariot de coiffure Janet\" \/>\n<meta name=\"twitter:site\" content=\"@groupecoiff\" \/>\n<meta name=\"twitter:label1\" content=\"Price\" \/>\n\t<meta name=\"twitter:data1\" content=\"195,00&nbsp;&euro;\" \/>\n\t<meta name=\"twitter:label2\" content=\"Availability\" \/>\n\t<meta name=\"twitter:data2\" content=\"In stock\" \/>\n<script type=\"application\/ld+json\" class=\"yoast-schema-graph\">{\"@context\":\"https:\\\/\\\/schema.org\",\"@graph\":[{\"@type\":\"WebPage\",\"@id\":\"https:\\\/\\\/groupecoiff.com\\\/produit\\\/chariot-de-coiffure-janet\\\/\",\"url\":\"https:\\\/\\\/groupecoiff.com\\\/produit\\\/chariot-de-coiffure-janet\\\/\",\"name\":\"Chariot de coiffure Janet - Groupe Coiff\",\"isPartOf\":{\"@id\":\"https:\\\/\\\/groupecoiff.com\\\/#website\"},\"primaryImageOfPage\":{\"@id\":\"https:\\\/\\\/groupecoiff.com\\\/produit\\\/chariot-de-coiffure-janet\\\/#primaryimage\"},\"image\":{\"@id\":\"https:\\\/\\\/groupecoiff.com\\\/produit\\\/chariot-de-coiffure-janet\\\/#primaryimage\"},\"thumbnailUrl\":\"https:\\\/\\\/groupecoiff.com\\\/wp-content\\\/uploads\\\/2023\\\/09\\\/Chariot-Janet-1-1.png\",\"datePublished\":\"2023-09-06T18:56:51+00:00\",\"dateModified\":\"2024-08-29T18:31:38+00:00\",\"description\":\"Chariot de coiffure Janet, grande capacit\u00e9 de rangement avec 6 niveaux. Muni de quatre roues pivotantes et r\u00e9sistantes \u00e0 l\u2019usure. Commandez d\u00e8s maintenant.\",\"breadcrumb\":{\"@id\":\"https:\\\/\\\/groupecoiff.com\\\/produit\\\/chariot-de-coiffure-janet\\\/#breadcrumb\"},\"inLanguage\":\"en-US\",\"potentialAction\":[{\"@type\":\"ReadAction\",\"target\":[\"https:\\\/\\\/groupecoiff.com\\\/produit\\\/chariot-de-coiffure-janet\\\/\"]}]},{\"@type\":\"ImageObject\",\"inLanguage\":\"en-US\",\"@id\":\"https:\\\/\\\/groupecoiff.com\\\/produit\\\/chariot-de-coiffure-janet\\\/#primaryimage\",\"url\":\"https:\\\/\\\/groupecoiff.com\\\/wp-content\\\/uploads\\\/2023\\\/09\\\/Chariot-Janet-1-1.png\",\"contentUrl\":\"https:\\\/\\\/groupecoiff.com\\\/wp-content\\\/uploads\\\/2023\\\/09\\\/Chariot-Janet-1-1.png\",\"width\":1080,\"height\":1080,\"caption\":\"Chariot de coiffure Janet\"},{\"@type\":\"BreadcrumbList\",\"@id\":\"https:\\\/\\\/groupecoiff.com\\\/produit\\\/chariot-de-coiffure-janet\\\/#breadcrumb\",\"itemListElement\":[{\"@type\":\"ListItem\",\"position\":1,\"name\":\"Accueil\",\"item\":\"https:\\\/\\\/groupecoiff.com\\\/\"},{\"@type\":\"ListItem\",\"position\":2,\"name\":\"Boutique\",\"item\":\"https:\\\/\\\/groupecoiff.com\\\/boutique\\\/\"},{\"@type\":\"ListItem\",\"position\":3,\"name\":\"Chariot de coiffure Janet\"}]},{\"@type\":\"WebSite\",\"@id\":\"https:\\\/\\\/groupecoiff.com\\\/#website\",\"url\":\"https:\\\/\\\/groupecoiff.com\\\/\",\"name\":\"Groupe Coiff\",\"description\":\"Tout pour la coiffure\",\"publisher\":{\"@id\":\"https:\\\/\\\/groupecoiff.com\\\/#organization\"},\"potentialAction\":[{\"@type\":\"SearchAction\",\"target\":{\"@type\":\"EntryPoint\",\"urlTemplate\":\"https:\\\/\\\/groupecoiff.com\\\/?s={search_term_string}\"},\"query-input\":{\"@type\":\"PropertyValueSpecification\",\"valueRequired\":true,\"valueName\":\"search_term_string\"}}],\"inLanguage\":\"en-US\"},{\"@type\":\"Organization\",\"@id\":\"https:\\\/\\\/groupecoiff.com\\\/#organization\",\"name\":\"Groupe Coiff\",\"alternateName\":\"Groupe Coiff : Le Mobilier De Coiffure Haut de Gamme Pour Une \u00c9l\u00e9gance In\u00e9gal\u00e9e\",\"url\":\"https:\\\/\\\/groupecoiff.com\\\/\",\"logo\":{\"@type\":\"ImageObject\",\"inLanguage\":\"en-US\",\"@id\":\"https:\\\/\\\/groupecoiff.com\\\/#\\\/schema\\\/logo\\\/image\\\/\",\"url\":\"https:\\\/\\\/groupecoiff.com\\\/wp-content\\\/uploads\\\/2024\\\/01\\\/cropped-Groupe-Coiff-Logo.webp\",\"contentUrl\":\"https:\\\/\\\/groupecoiff.com\\\/wp-content\\\/uploads\\\/2024\\\/01\\\/cropped-Groupe-Coiff-Logo.webp\",\"width\":512,\"height\":512,\"caption\":\"Groupe Coiff\"},\"image\":{\"@id\":\"https:\\\/\\\/groupecoiff.com\\\/#\\\/schema\\\/logo\\\/image\\\/\"},\"sameAs\":[\"https:\\\/\\\/www.facebook.com\\\/GroupeCoiff\",\"https:\\\/\\\/x.com\\\/groupecoiff\",\"https:\\\/\\\/www.instagram.com\\\/groupecoiff\\\/\",\"https:\\\/\\\/www.tiktok.com\\\/@groupecoiff\",\"https:\\\/\\\/www.youtube.com\\\/@groupecoiff\",\"https:\\\/\\\/twitter.com\\\/groupecoiff\",\"https:\\\/\\\/www.leboncoin.fr\\\/boutique\\\/3961302\\\/groupe_coiff.htm\"],\"description\":\"D\u00e9couvrez le mobilier de coiffure haut de gamme de Groupe Coiff, alliant \u00e9l\u00e9gance et fonctionnalit\u00e9 pour sublimer votre salon et satisfaire vos clients.\",\"email\":\"contact@groupecoiff.com\",\"telephone\":\"0676951605\",\"legalName\":\"Groupe Coiff\",\"foundingDate\":\"2022-11-16\",\"vatID\":\"FR84921406419\",\"taxID\":\"92140641900025\"}]}<\/script>\n<meta property=\"product:price:amount\" content=\"195.00\" \/>\n<meta property=\"product:price:currency\" content=\"EUR\" \/>\n<meta property=\"og:availability\" content=\"instock\" \/>\n<meta property=\"product:availability\" content=\"instock\" \/>\n<meta property=\"product:retailer_item_id\" content=\"GCP4FG327597\" \/>\n<meta property=\"product:condition\" content=\"new\" \/>\n<!-- \/ Yoast SEO Premium plugin. -->","yoast_head_json":{"title":"Janet Salon Trolley - Groupe Coiff","description":"Janet salon trolley, large storage capacity with 6 levels. Equipped with four swivel wheels that are wear-resistant. Order now.","robots":{"index":"index","follow":"follow","max-snippet":"max-snippet:-1","max-image-preview":"max-image-preview:large","max-video-preview":"max-video-preview:-1"},"canonical":"https:\/\/groupecoiff.com\/en\/product-2\/chariot-de-coiffure-janet\/","og_locale":"en_US","og_type":"article","og_title":"Janet chariot de coiffure","og_description":"D\u00e9couvrez Janet est un chariot de coiffure pratique et attrayant avec sa belle couleur noire. Il vous aide \u00e0 organiser vos outils de coiffure dans un ordre pr\u00e9cis pour vous \u00e9viter d\u2019avoir \u00e0 chercher quelque chose au travail. Le chariot de rangement Janet poss\u00e8de \u00e9galement quatre roues pivotantes qui facilitent la prise de vos outils et le d\u00e9placement de votre panier.","og_url":"https:\/\/groupecoiff.com\/en\/product-2\/chariot-de-coiffure-janet\/","og_site_name":"Groupe Coiff","article_publisher":"https:\/\/www.facebook.com\/GroupeCoiff","article_modified_time":"2024-08-29T18:31:38+00:00","og_image":[{"width":1080,"height":1080,"url":"https:\/\/groupecoiff.com\/wp-content\/uploads\/2023\/09\/Chariot-Janet-1-1.png","type":"image\/png"}],"twitter_card":"summary_large_image","twitter_title":"Chariot de coiffure Janet","twitter_site":"@groupecoiff","twitter_misc":{"Price":"195,00&nbsp;&euro;","Availability":"In stock"},"schema":{"@context":"https:\/\/schema.org","@graph":[{"@type":"WebPage","@id":"https:\/\/groupecoiff.com\/produit\/chariot-de-coiffure-janet\/","url":"https:\/\/groupecoiff.com\/produit\/chariot-de-coiffure-janet\/","name":"Janet Salon Trolley - Groupe Coiff","isPartOf":{"@id":"https:\/\/groupecoiff.com\/#website"},"primaryImageOfPage":{"@id":"https:\/\/groupecoiff.com\/produit\/chariot-de-coiffure-janet\/#primaryimage"},"image":{"@id":"https:\/\/groupecoiff.com\/produit\/chariot-de-coiffure-janet\/#primaryimage"},"thumbnailUrl":"https:\/\/groupecoiff.com\/wp-content\/uploads\/2023\/09\/Chariot-Janet-1-1.png","datePublished":"2023-09-06T18:56:51+00:00","dateModified":"2024-08-29T18:31:38+00:00","description":"Janet salon trolley, large storage capacity with 6 levels. Equipped with four swivel wheels that are wear-resistant. Order now.","breadcrumb":{"@id":"https:\/\/groupecoiff.com\/produit\/chariot-de-coiffure-janet\/#breadcrumb"},"inLanguage":"en-US","potentialAction":[{"@type":"ReadAction","target":["https:\/\/groupecoiff.com\/produit\/chariot-de-coiffure-janet\/"]}]},{"@type":"ImageObject","inLanguage":"en-US","@id":"https:\/\/groupecoiff.com\/produit\/chariot-de-coiffure-janet\/#primaryimage","url":"https:\/\/groupecoiff.com\/wp-content\/uploads\/2023\/09\/Chariot-Janet-1-1.png","contentUrl":"https:\/\/groupecoiff.com\/wp-content\/uploads\/2023\/09\/Chariot-Janet-1-1.png","width":1080,"height":1080,"caption":"Chariot de coiffure Janet"},{"@type":"BreadcrumbList","@id":"https:\/\/groupecoiff.com\/produit\/chariot-de-coiffure-janet\/#breadcrumb","itemListElement":[{"@type":"ListItem","position":1,"name":"Accueil","item":"https:\/\/groupecoiff.com\/"},{"@type":"ListItem","position":2,"name":"Boutique","item":"https:\/\/groupecoiff.com\/boutique\/"},{"@type":"ListItem","position":3,"name":"Chariot de coiffure Janet"}]},{"@type":"WebSite","@id":"https:\/\/groupecoiff.com\/#website","url":"https:\/\/groupecoiff.com\/","name":"Coiff Group","description":"Everything for the hairdresser","publisher":{"@id":"https:\/\/groupecoiff.com\/#organization"},"potentialAction":[{"@type":"SearchAction","target":{"@type":"EntryPoint","urlTemplate":"https:\/\/groupecoiff.com\/?s={search_term_string}"},"query-input":{"@type":"PropertyValueSpecification","valueRequired":true,"valueName":"search_term_string"}}],"inLanguage":"en-US"},{"@type":"Organization","@id":"https:\/\/groupecoiff.com\/#organization","name":"Coiff Group","alternateName":"Groupe Coiff : Le Mobilier De Coiffure Haut de Gamme Pour Une \u00c9l\u00e9gance In\u00e9gal\u00e9e","url":"https:\/\/groupecoiff.com\/","logo":{"@type":"ImageObject","inLanguage":"en-US","@id":"https:\/\/groupecoiff.com\/#\/schema\/logo\/image\/","url":"https:\/\/groupecoiff.com\/wp-content\/uploads\/2024\/01\/cropped-Groupe-Coiff-Logo.webp","contentUrl":"https:\/\/groupecoiff.com\/wp-content\/uploads\/2024\/01\/cropped-Groupe-Coiff-Logo.webp","width":512,"height":512,"caption":"Groupe Coiff"},"image":{"@id":"https:\/\/groupecoiff.com\/#\/schema\/logo\/image\/"},"sameAs":["https:\/\/www.facebook.com\/GroupeCoiff","https:\/\/x.com\/groupecoiff","https:\/\/www.instagram.com\/groupecoiff\/","https:\/\/www.tiktok.com\/@groupecoiff","https:\/\/www.youtube.com\/@groupecoiff","https:\/\/twitter.com\/groupecoiff","https:\/\/www.leboncoin.fr\/boutique\/3961302\/groupe_coiff.htm"],"description":"Discover Groupe Coiff's top-of-the-range hairdressing furniture, combining elegance and functionality to enhance your salon and satisfy your customers.","email":"contact@groupecoiff.com","telephone":"0676951605","legalName":"Groupe Coiff","foundingDate":"2022-11-16","vatID":"FR84921406419","taxID":"92140641900025"}]},"product_price_amount":"195.00","product_price_currency":"EUR","og_availability":"instock","product_availability":"instock","product_retailer_item_id":"GCP4FG327597","product_condition":"new"},"jetpack_publicize_connections":[],"jetpack_likes_enabled":true,"jetpack_sharing_enabled":true,"_links":{"self":[{"href":"https:\/\/groupecoiff.com\/en\/wp-json\/wp\/v2\/product\/27597","targetHints":{"allow":["GET"]}}],"collection":[{"href":"https:\/\/groupecoiff.com\/en\/wp-json\/wp\/v2\/product"}],"about":[{"href":"https:\/\/groupecoiff.com\/en\/wp-json\/wp\/v2\/types\/product"}],"replies":[{"embeddable":true,"href":"https:\/\/groupecoiff.com\/en\/wp-json\/wp\/v2\/comments?post=27597"}],"version-history":[{"count":0,"href":"https:\/\/groupecoiff.com\/en\/wp-json\/wp\/v2\/product\/27597\/revisions"}],"wp:featuredmedia":[{"embeddable":true,"href":"https:\/\/groupecoiff.com\/en\/wp-json\/wp\/v2\/media\/27678"}],"wp:attachment":[{"href":"https:\/\/groupecoiff.com\/en\/wp-json\/wp\/v2\/media?parent=27597"}],"wp:term":[{"taxonomy":"product_brand","embeddable":true,"href":"https:\/\/groupecoiff.com\/en\/wp-json\/wp\/v2\/product_brand?post=27597"},{"taxonomy":"product_cat","embeddable":true,"href":"https:\/\/groupecoiff.com\/en\/wp-json\/wp\/v2\/product_cat?post=27597"},{"taxonomy":"product_tag","embeddable":true,"href":"https:\/\/groupecoiff.com\/en\/wp-json\/wp\/v2\/product_tag?post=27597"}],"curies":[{"name":"wp","href":"https:\/\/api.w.org\/{rel}","templated":true}]}}