{"id":27598,"date":"2023-09-06T20:56:51","date_gmt":"2023-09-06T18:56:51","guid":{"rendered":"https:\/\/groupecoiff.com\/?post_type=product&#038;p=27598"},"modified":"2025-09-25T13:13:18","modified_gmt":"2025-09-25T11:13:18","slug":"gull-l008b-footrest","status":"publish","type":"product","link":"https:\/\/groupecoiff.com\/en\/produit\/repose-pieds-gabbiano-l008b\/","title":{"rendered":"Seagull footstool L008B"},"content":{"rendered":"<h4>\u2022 Footrest for hair salon: everyday comfort and stability<\/h4>\n<p>The Gabbiano L008B footrest is an essential piece of equipment for a hair salon. It improves client comfort and facilitates the barber's posture.<\/p>\n<p><strong>Functionality and security<\/strong><br \/>\nIts non-slip base ensures perfect stability. Made from robust black materials, this footrest is built to last.<\/p>\n<p><strong>\u2022 Simple and elegant design<\/strong><br \/>\nIts clean style integrates easily into any space. This professional hairdressing equipment combines practicality and aesthetics for daily use.<\/p>\n<p><strong>\u2022 Practical dimensions:<\/strong><\/p>\n<ul>\n<li>Length: 46 cm<\/li>\n<li>Height: 18.5 cm<\/li>\n<li>Base depth: 20 cm<\/li>\n<\/ul>\n<p>This Gabbiano L008B offers essential comfort and stylishly complements your professional space.<\/p>","protected":false},"excerpt":{"rendered":"<p>Optimize your hairdressers' posture with the Gabbiano L008B footrest. Its non-slip base guarantees perfect stability, try it out!<\/p>","protected":false},"featured_media":45002,"comment_status":"open","ping_status":"closed","template":"","meta":{"googlesitekit_rrm_CAow0YCiDA:productID":"","jetpack_publicize_message":"","jetpack_publicize_feature_enabled":true,"jetpack_social_post_already_shared":false,"jetpack_social_options":{"image_generator_settings":{"template":"highway","default_image_id":0,"font":"","enabled":false},"version":2}},"product_brand":[577],"product_cat":[42,68],"product_tag":[546,608,607],"class_list":["post-27598","product","type-product","status-publish","has-post-thumbnail","product_brand-activeshop","product_cat-accessoires","product_cat-repose-pieds","product_tag-equipement-de-coiffure-professionnel","product_tag-materiel-pour-salon-de-coiffure","product_tag-repose-pieds-de-coiffure","first","instock","featured","taxable","shipping-taxable","purchasable","product-type-simple"],"yoast_head":"<!-- This site is optimized with the Yoast SEO Premium plugin v28.3 (Yoast SEO v28.3) - https:\/\/yoast.com\/product\/yoast-seo-premium-wordpress\/ -->\n<title>repose-pieds Gabbiano L008B: S\u00e9curit\u00e9 et \u00c9l\u00e9gance - Groupe Coiff<\/title>\n<meta name=\"description\" content=\"Offrez \u00e0 votre salon un confort in\u00e9gal\u00e9 avec le repose-pieds Gabbiano L008B. S\u00e9curisez votre espace avec son design \u00e9l\u00e9gant et fonctionnel. \u2702\ufe0f\" \/>\n<meta name=\"robots\" content=\"index, follow, max-snippet:-1, max-image-preview:large, max-video-preview:-1\" \/>\n<link rel=\"canonical\" href=\"https:\/\/groupecoiff.com\/en\/product-2\/gull-l008b-footrest\/\" \/>\n<meta property=\"og:locale\" content=\"en_US\" \/>\n<meta property=\"og:type\" content=\"article\" \/>\n<meta property=\"og:title\" content=\"Jos\u00e9 repose-pieds pour salon de coiffure\" \/>\n<meta property=\"og:description\" content=\"Optez repose-pieds Jos\u00e9 qui est fabriqu\u00e9 en acier inoxydable de haute qualit\u00e9 et de construction robuste. Avec un design moderne et \u00e9l\u00e9gant en finition bross\u00e9e, il est beaucoup plus haut de gamme que la finition chrom\u00e9e.\" \/>\n<meta property=\"og:url\" content=\"https:\/\/groupecoiff.com\/en\/product-2\/gull-l008b-footrest\/\" \/>\n<meta property=\"og:site_name\" content=\"Groupe Coiff\" \/>\n<meta property=\"article:publisher\" content=\"https:\/\/www.facebook.com\/GroupeCoiff\" \/>\n<meta property=\"article:modified_time\" content=\"2025-09-25T11:13:18+00:00\" \/>\n<meta property=\"og:image\" content=\"https:\/\/groupecoiff.com\/wp-content\/uploads\/2023\/09\/repose-pieds-Gabbiano-L008B-5.webp\" \/>\n\t<meta property=\"og:image:width\" content=\"1200\" \/>\n\t<meta property=\"og:image:height\" content=\"1200\" \/>\n\t<meta property=\"og:image:type\" content=\"image\/webp\" \/>\n<meta name=\"twitter:card\" content=\"summary_large_image\" \/>\n<meta name=\"twitter:title\" content=\"Repose-pieds Gabbiano L008B\" \/>\n<meta name=\"twitter:site\" content=\"@groupecoiff\" \/>\n<meta name=\"twitter:label1\" content=\"Price\" \/>\n\t<meta name=\"twitter:data1\" content=\"49,00&nbsp;&euro;\" \/>\n\t<meta name=\"twitter:label2\" content=\"Availability\" \/>\n\t<meta name=\"twitter:data2\" content=\"In stock\" \/>\n<script type=\"application\/ld+json\" class=\"yoast-schema-graph\">{\"@context\":\"https:\\\/\\\/schema.org\",\"@graph\":[{\"@type\":\"WebPage\",\"@id\":\"https:\\\/\\\/groupecoiff.com\\\/produit\\\/repose-pieds-gabbiano-l008b\\\/\",\"url\":\"https:\\\/\\\/groupecoiff.com\\\/produit\\\/repose-pieds-gabbiano-l008b\\\/\",\"name\":\"repose-pieds Gabbiano L008B: S\u00e9curit\u00e9 et \u00c9l\u00e9gance - Groupe Coiff\",\"isPartOf\":{\"@id\":\"https:\\\/\\\/groupecoiff.com\\\/#website\"},\"primaryImageOfPage\":{\"@id\":\"https:\\\/\\\/groupecoiff.com\\\/produit\\\/repose-pieds-gabbiano-l008b\\\/#primaryimage\"},\"image\":{\"@id\":\"https:\\\/\\\/groupecoiff.com\\\/produit\\\/repose-pieds-gabbiano-l008b\\\/#primaryimage\"},\"thumbnailUrl\":\"https:\\\/\\\/groupecoiff.com\\\/wp-content\\\/uploads\\\/2023\\\/09\\\/repose-pieds-Gabbiano-L008B-5.webp\",\"datePublished\":\"2023-09-06T18:56:51+00:00\",\"dateModified\":\"2025-09-25T11:13:18+00:00\",\"description\":\"Offrez \u00e0 votre salon un confort in\u00e9gal\u00e9 avec le repose-pieds Gabbiano L008B. S\u00e9curisez votre espace avec son design \u00e9l\u00e9gant et fonctionnel. \u2702\ufe0f\",\"breadcrumb\":{\"@id\":\"https:\\\/\\\/groupecoiff.com\\\/produit\\\/repose-pieds-gabbiano-l008b\\\/#breadcrumb\"},\"inLanguage\":\"en-US\",\"potentialAction\":[{\"@type\":\"ReadAction\",\"target\":[\"https:\\\/\\\/groupecoiff.com\\\/produit\\\/repose-pieds-gabbiano-l008b\\\/\"]}]},{\"@type\":\"ImageObject\",\"inLanguage\":\"en-US\",\"@id\":\"https:\\\/\\\/groupecoiff.com\\\/produit\\\/repose-pieds-gabbiano-l008b\\\/#primaryimage\",\"url\":\"https:\\\/\\\/groupecoiff.com\\\/wp-content\\\/uploads\\\/2023\\\/09\\\/repose-pieds-Gabbiano-L008B-5.webp\",\"contentUrl\":\"https:\\\/\\\/groupecoiff.com\\\/wp-content\\\/uploads\\\/2023\\\/09\\\/repose-pieds-Gabbiano-L008B-5.webp\",\"width\":1200,\"height\":1200,\"caption\":\"repose-pieds de coiffure - \u00e9quipement de coiffure professionnel - repose-pieds Gabbiano L008B - mat\u00e9riel pour salon de coiffure -\"},{\"@type\":\"BreadcrumbList\",\"@id\":\"https:\\\/\\\/groupecoiff.com\\\/produit\\\/repose-pieds-gabbiano-l008b\\\/#breadcrumb\",\"itemListElement\":[{\"@type\":\"ListItem\",\"position\":1,\"name\":\"Accueil\",\"item\":\"https:\\\/\\\/groupecoiff.com\\\/\"},{\"@type\":\"ListItem\",\"position\":2,\"name\":\"Boutique\",\"item\":\"https:\\\/\\\/groupecoiff.com\\\/boutique\\\/\"},{\"@type\":\"ListItem\",\"position\":3,\"name\":\"Repose-pieds Gabbiano L008B\"}]},{\"@type\":\"WebSite\",\"@id\":\"https:\\\/\\\/groupecoiff.com\\\/#website\",\"url\":\"https:\\\/\\\/groupecoiff.com\\\/\",\"name\":\"Groupe Coiff\",\"description\":\"Tout pour la coiffure\",\"publisher\":{\"@id\":\"https:\\\/\\\/groupecoiff.com\\\/#organization\"},\"potentialAction\":[{\"@type\":\"SearchAction\",\"target\":{\"@type\":\"EntryPoint\",\"urlTemplate\":\"https:\\\/\\\/groupecoiff.com\\\/?s={search_term_string}\"},\"query-input\":{\"@type\":\"PropertyValueSpecification\",\"valueRequired\":true,\"valueName\":\"search_term_string\"}}],\"inLanguage\":\"en-US\"},{\"@type\":\"Organization\",\"@id\":\"https:\\\/\\\/groupecoiff.com\\\/#organization\",\"name\":\"Groupe Coiff\",\"alternateName\":\"Groupe Coiff : Le Mobilier De Coiffure Haut de Gamme Pour Une \u00c9l\u00e9gance In\u00e9gal\u00e9e\",\"url\":\"https:\\\/\\\/groupecoiff.com\\\/\",\"logo\":{\"@type\":\"ImageObject\",\"inLanguage\":\"en-US\",\"@id\":\"https:\\\/\\\/groupecoiff.com\\\/#\\\/schema\\\/logo\\\/image\\\/\",\"url\":\"https:\\\/\\\/groupecoiff.com\\\/wp-content\\\/uploads\\\/2024\\\/01\\\/cropped-Groupe-Coiff-Logo.webp\",\"contentUrl\":\"https:\\\/\\\/groupecoiff.com\\\/wp-content\\\/uploads\\\/2024\\\/01\\\/cropped-Groupe-Coiff-Logo.webp\",\"width\":512,\"height\":512,\"caption\":\"Groupe Coiff\"},\"image\":{\"@id\":\"https:\\\/\\\/groupecoiff.com\\\/#\\\/schema\\\/logo\\\/image\\\/\"},\"sameAs\":[\"https:\\\/\\\/www.facebook.com\\\/GroupeCoiff\",\"https:\\\/\\\/x.com\\\/groupecoiff\",\"https:\\\/\\\/www.instagram.com\\\/groupecoiff\\\/\",\"https:\\\/\\\/www.tiktok.com\\\/@groupecoiff\",\"https:\\\/\\\/www.youtube.com\\\/@groupecoiff\",\"https:\\\/\\\/twitter.com\\\/groupecoiff\",\"https:\\\/\\\/www.leboncoin.fr\\\/boutique\\\/3961302\\\/groupe_coiff.htm\"],\"description\":\"D\u00e9couvrez le mobilier de coiffure haut de gamme de Groupe Coiff, alliant \u00e9l\u00e9gance et fonctionnalit\u00e9 pour sublimer votre salon et satisfaire vos clients.\",\"email\":\"contact@groupecoiff.com\",\"telephone\":\"0676951605\",\"legalName\":\"Groupe Coiff\",\"foundingDate\":\"2022-11-16\",\"vatID\":\"FR84921406419\",\"taxID\":\"92140641900025\"}]}<\/script>\n<meta property=\"product:price:amount\" content=\"49.00\" \/>\n<meta property=\"product:price:currency\" content=\"EUR\" \/>\n<meta property=\"og:availability\" content=\"instock\" \/>\n<meta property=\"product:availability\" content=\"instock\" \/>\n<meta property=\"product:retailer_item_id\" content=\"5906717456947\" \/>\n<meta property=\"product:condition\" content=\"new\" \/>\n<!-- \/ Yoast SEO Premium plugin. -->","yoast_head_json":{"title":"Footrest Seagull L008B: Safety and Elegance - Groupe Coiff","description":"Give your living room unparalleled comfort with the Gabbiano L008B ottoman. Secure your space with its elegant and functional design. \u2702\ufe0f","robots":{"index":"index","follow":"follow","max-snippet":"max-snippet:-1","max-image-preview":"max-image-preview:large","max-video-preview":"max-video-preview:-1"},"canonical":"https:\/\/groupecoiff.com\/en\/product-2\/gull-l008b-footrest\/","og_locale":"en_US","og_type":"article","og_title":"Jos\u00e9 repose-pieds pour salon de coiffure","og_description":"Optez repose-pieds Jos\u00e9 qui est fabriqu\u00e9 en acier inoxydable de haute qualit\u00e9 et de construction robuste. Avec un design moderne et \u00e9l\u00e9gant en finition bross\u00e9e, il est beaucoup plus haut de gamme que la finition chrom\u00e9e.","og_url":"https:\/\/groupecoiff.com\/en\/product-2\/gull-l008b-footrest\/","og_site_name":"Groupe Coiff","article_publisher":"https:\/\/www.facebook.com\/GroupeCoiff","article_modified_time":"2025-09-25T11:13:18+00:00","og_image":[{"width":1200,"height":1200,"url":"https:\/\/groupecoiff.com\/wp-content\/uploads\/2023\/09\/repose-pieds-Gabbiano-L008B-5.webp","type":"image\/webp"}],"twitter_card":"summary_large_image","twitter_title":"Repose-pieds Gabbiano L008B","twitter_site":"@groupecoiff","twitter_misc":{"Price":"49,00&nbsp;&euro;","Availability":"In stock"},"schema":{"@context":"https:\/\/schema.org","@graph":[{"@type":"WebPage","@id":"https:\/\/groupecoiff.com\/produit\/repose-pieds-gabbiano-l008b\/","url":"https:\/\/groupecoiff.com\/produit\/repose-pieds-gabbiano-l008b\/","name":"Footrest Seagull L008B: Safety and Elegance - Groupe Coiff","isPartOf":{"@id":"https:\/\/groupecoiff.com\/#website"},"primaryImageOfPage":{"@id":"https:\/\/groupecoiff.com\/produit\/repose-pieds-gabbiano-l008b\/#primaryimage"},"image":{"@id":"https:\/\/groupecoiff.com\/produit\/repose-pieds-gabbiano-l008b\/#primaryimage"},"thumbnailUrl":"https:\/\/groupecoiff.com\/wp-content\/uploads\/2023\/09\/repose-pieds-Gabbiano-L008B-5.webp","datePublished":"2023-09-06T18:56:51+00:00","dateModified":"2025-09-25T11:13:18+00:00","description":"Give your living room unparalleled comfort with the Gabbiano L008B ottoman. Secure your space with its elegant and functional design. \u2702\ufe0f","breadcrumb":{"@id":"https:\/\/groupecoiff.com\/produit\/repose-pieds-gabbiano-l008b\/#breadcrumb"},"inLanguage":"en-US","potentialAction":[{"@type":"ReadAction","target":["https:\/\/groupecoiff.com\/produit\/repose-pieds-gabbiano-l008b\/"]}]},{"@type":"ImageObject","inLanguage":"en-US","@id":"https:\/\/groupecoiff.com\/produit\/repose-pieds-gabbiano-l008b\/#primaryimage","url":"https:\/\/groupecoiff.com\/wp-content\/uploads\/2023\/09\/repose-pieds-Gabbiano-L008B-5.webp","contentUrl":"https:\/\/groupecoiff.com\/wp-content\/uploads\/2023\/09\/repose-pieds-Gabbiano-L008B-5.webp","width":1200,"height":1200,"caption":"repose-pieds de coiffure - \u00e9quipement de coiffure professionnel - repose-pieds Gabbiano L008B - mat\u00e9riel pour salon de coiffure -"},{"@type":"BreadcrumbList","@id":"https:\/\/groupecoiff.com\/produit\/repose-pieds-gabbiano-l008b\/#breadcrumb","itemListElement":[{"@type":"ListItem","position":1,"name":"Accueil","item":"https:\/\/groupecoiff.com\/"},{"@type":"ListItem","position":2,"name":"Boutique","item":"https:\/\/groupecoiff.com\/boutique\/"},{"@type":"ListItem","position":3,"name":"Repose-pieds Gabbiano L008B"}]},{"@type":"WebSite","@id":"https:\/\/groupecoiff.com\/#website","url":"https:\/\/groupecoiff.com\/","name":"Coiff Group","description":"Everything for the hairdresser","publisher":{"@id":"https:\/\/groupecoiff.com\/#organization"},"potentialAction":[{"@type":"SearchAction","target":{"@type":"EntryPoint","urlTemplate":"https:\/\/groupecoiff.com\/?s={search_term_string}"},"query-input":{"@type":"PropertyValueSpecification","valueRequired":true,"valueName":"search_term_string"}}],"inLanguage":"en-US"},{"@type":"Organization","@id":"https:\/\/groupecoiff.com\/#organization","name":"Coiff Group","alternateName":"Groupe Coiff : Le Mobilier De Coiffure Haut de Gamme Pour Une \u00c9l\u00e9gance In\u00e9gal\u00e9e","url":"https:\/\/groupecoiff.com\/","logo":{"@type":"ImageObject","inLanguage":"en-US","@id":"https:\/\/groupecoiff.com\/#\/schema\/logo\/image\/","url":"https:\/\/groupecoiff.com\/wp-content\/uploads\/2024\/01\/cropped-Groupe-Coiff-Logo.webp","contentUrl":"https:\/\/groupecoiff.com\/wp-content\/uploads\/2024\/01\/cropped-Groupe-Coiff-Logo.webp","width":512,"height":512,"caption":"Groupe Coiff"},"image":{"@id":"https:\/\/groupecoiff.com\/#\/schema\/logo\/image\/"},"sameAs":["https:\/\/www.facebook.com\/GroupeCoiff","https:\/\/x.com\/groupecoiff","https:\/\/www.instagram.com\/groupecoiff\/","https:\/\/www.tiktok.com\/@groupecoiff","https:\/\/www.youtube.com\/@groupecoiff","https:\/\/twitter.com\/groupecoiff","https:\/\/www.leboncoin.fr\/boutique\/3961302\/groupe_coiff.htm"],"description":"Discover Groupe Coiff's top-of-the-range hairdressing furniture, combining elegance and functionality to enhance your salon and satisfy your customers.","email":"contact@groupecoiff.com","telephone":"0676951605","legalName":"Groupe Coiff","foundingDate":"2022-11-16","vatID":"FR84921406419","taxID":"92140641900025"}]},"product_price_amount":"49.00","product_price_currency":"EUR","og_availability":"instock","product_availability":"instock","product_retailer_item_id":"5906717456947","product_condition":"new"},"jetpack_publicize_connections":[],"jetpack_likes_enabled":true,"jetpack_sharing_enabled":true,"_links":{"self":[{"href":"https:\/\/groupecoiff.com\/en\/wp-json\/wp\/v2\/product\/27598","targetHints":{"allow":["GET"]}}],"collection":[{"href":"https:\/\/groupecoiff.com\/en\/wp-json\/wp\/v2\/product"}],"about":[{"href":"https:\/\/groupecoiff.com\/en\/wp-json\/wp\/v2\/types\/product"}],"replies":[{"embeddable":true,"href":"https:\/\/groupecoiff.com\/en\/wp-json\/wp\/v2\/comments?post=27598"}],"version-history":[{"count":0,"href":"https:\/\/groupecoiff.com\/en\/wp-json\/wp\/v2\/product\/27598\/revisions"}],"wp:featuredmedia":[{"embeddable":true,"href":"https:\/\/groupecoiff.com\/en\/wp-json\/wp\/v2\/media\/45002"}],"wp:attachment":[{"href":"https:\/\/groupecoiff.com\/en\/wp-json\/wp\/v2\/media?parent=27598"}],"wp:term":[{"taxonomy":"product_brand","embeddable":true,"href":"https:\/\/groupecoiff.com\/en\/wp-json\/wp\/v2\/product_brand?post=27598"},{"taxonomy":"product_cat","embeddable":true,"href":"https:\/\/groupecoiff.com\/en\/wp-json\/wp\/v2\/product_cat?post=27598"},{"taxonomy":"product_tag","embeddable":true,"href":"https:\/\/groupecoiff.com\/en\/wp-json\/wp\/v2\/product_tag?post=27598"}],"curies":[{"name":"wp","href":"https:\/\/api.w.org\/{rel}","templated":true}]}}