{"id":27600,"date":"2023-09-06T20:56:52","date_gmt":"2023-09-06T18:56:52","guid":{"rendered":"https:\/\/groupecoiff.com\/?post_type=product&#038;p=27600"},"modified":"2024-08-29T20:32:13","modified_gmt":"2024-08-29T18:32:13","slug":"support-seche-cheveux-lenny","status":"publish","type":"product","link":"https:\/\/groupecoiff.com\/en\/produit\/support-seche-cheveux-lenny\/","title":{"rendered":"Lenny hair dryer holder"},"content":{"rendered":"<p>Notre support pour s\u00e8che-cheveux Lenny est l&rsquo;accessoire id\u00e9al pour les professionnels de la coiffure. Souhaitant garder leurs outils de coiffage organis\u00e9s et \u00e0 port\u00e9e de main.<\/p>\n<ul>\n<li>\n<h3>Description of the Lenny hair dryer holder<\/h3>\n<\/li>\n<\/ul>\n<p>C\u2019est un mat\u00e9riau en aluminium dont la surface adopte un traitement d\u2019oxydation anodique. Haute r\u00e9sistance \u00e0 la corrosion avec une absence de rouille et une protection contre la d\u00e9coloration.<\/p>\n<p>This Lenny hair dryer holder is compatible with most types and sizes of hair dryers. It can be mounted in different locations: the wall, the worktop, or the styling table, thanks to suitable fixtures.<\/p>\n<p>En utilisant notre support pour s\u00e8che-cheveux, vous pouvez garder votre espace de travail bien organis\u00e9 et lib\u00e9rer de l\u2019espace sur vos comptoirs.<\/p>\n<p>This facilitates the styling process by having your hair dryer within reach. Always ready to be used without having to search or untangle cables.<\/p>\n<p>The hair dryer holder also provides additional safety by preventing risks of falls or damage caused by an improperly stored hair dryer or one placed on an unstable surface. It is easy to install, and we sell it with an installation kit included (screws and wall plugs).<\/p>\n<p><strong><span style=\"color: #993300\"><a style=\"color: #993300\" href=\"https:\/\/groupecoiff.com\/en\/store\/\">Groupe Coiff<\/a><\/span><\/strong> offers you free delivery, as quickly as possible in France and elsewhere.<\/p>","protected":false},"excerpt":{"rendered":"<p>Notre support pour s\u00e8che-cheveux Lenny est l&rsquo;accessoire id\u00e9al pour les professionnels de la coiffure. Souhaitant garder leurs outils de coiffage organis\u00e9s et \u00e0 port\u00e9e de main. Description du support s\u00e8che-cheveux Lenny C\u2019est un mat\u00e9riau en aluminium dont la surface adopte un traitement d&rsquo;oxydation anodique. Haute r\u00e9sistance \u00e0 la corrosion avec une absence de rouille et [&hellip;]<\/p>\n","protected":false},"featured_media":27690,"comment_status":"open","ping_status":"closed","template":"","meta":{"googlesitekit_rrm_CAow0YCiDA:productID":"","jetpack_post_was_ever_published":false,"jetpack_publicize_message":"","jetpack_publicize_feature_enabled":true,"jetpack_social_post_already_shared":false,"jetpack_social_options":{"image_generator_settings":{"template":"highway","default_image_id":0,"font":"","enabled":false},"version":2}},"product_brand":[],"product_cat":[42,75],"product_tag":[],"class_list":{"0":"post-27600","1":"product","2":"type-product","3":"status-publish","4":"has-post-thumbnail","6":"product_cat-accessoires","7":"product_cat-support-seche-cheveux","9":"first","10":"instock","11":"featured","12":"taxable","13":"shipping-taxable","14":"purchasable","15":"product-type-simple"},"yoast_head":"<!-- This site is optimized with the Yoast SEO Premium plugin v27.4 (Yoast SEO v27.4) - https:\/\/yoast.com\/product\/yoast-seo-premium-wordpress\/ -->\n<title>Support s\u00e8che-cheveux Lenny - Groupe Coiff<\/title>\n<meta name=\"description\" content=\"Gr\u00e2ce \u00e0 ce support s\u00e8che-cheveux Lenny, votre s\u00e8che-cheveux est toujours \u00e0 port\u00e9e de main. Compatible avec la plupart des types et tailles de s\u00e8che-cheveux.\" \/>\n<meta name=\"robots\" content=\"index, follow, max-snippet:-1, max-image-preview:large, max-video-preview:-1\" \/>\n<link rel=\"canonical\" href=\"https:\/\/groupecoiff.com\/en\/product-2\/support-seche-cheveux-lenny\/\" \/>\n<meta property=\"og:locale\" content=\"en_US\" \/>\n<meta property=\"og:type\" content=\"article\" \/>\n<meta property=\"og:title\" content=\"Support s\u00e8che-cheveux Lenny support s\u00e8che-cheveux\" \/>\n<meta property=\"og:description\" content=\"Optez notre anneau en aluminium Lenny pour s\u00e8che-cheveux de salon de coiffure. Ce support est compatible avec la plupart des types et des tailles de s\u00e8che-cheveux. Il est facile \u00e0 installer, nous vous le vendons avec un Kit d\u2019installation inclus (vis et chevilles).\" \/>\n<meta property=\"og:url\" content=\"https:\/\/groupecoiff.com\/en\/product-2\/support-seche-cheveux-lenny\/\" \/>\n<meta property=\"og:site_name\" content=\"Groupe Coiff\" \/>\n<meta property=\"article:publisher\" content=\"https:\/\/www.facebook.com\/GroupeCoiff\" \/>\n<meta property=\"article:modified_time\" content=\"2024-08-29T18:32:13+00:00\" \/>\n<meta property=\"og:image\" content=\"https:\/\/groupecoiff.com\/wp-content\/uploads\/2023\/09\/Lenny-1.jpg\" \/>\n\t<meta property=\"og:image:width\" content=\"1080\" \/>\n\t<meta property=\"og:image:height\" content=\"1080\" \/>\n\t<meta property=\"og:image:type\" content=\"image\/jpeg\" \/>\n<meta name=\"twitter:card\" content=\"summary_large_image\" \/>\n<meta name=\"twitter:title\" content=\"Support s\u00e8che-cheveux Lenny\" \/>\n<meta name=\"twitter:site\" content=\"@groupecoiff\" \/>\n<meta name=\"twitter:label1\" content=\"Price\" \/>\n\t<meta name=\"twitter:data1\" content=\"29,00&nbsp;&euro;\" \/>\n\t<meta name=\"twitter:label2\" content=\"Availability\" \/>\n\t<meta name=\"twitter:data2\" content=\"In stock\" \/>\n<script type=\"application\/ld+json\" class=\"yoast-schema-graph\">{\"@context\":\"https:\\\/\\\/schema.org\",\"@graph\":[{\"@type\":\"WebPage\",\"@id\":\"https:\\\/\\\/groupecoiff.com\\\/produit\\\/support-seche-cheveux-lenny\\\/\",\"url\":\"https:\\\/\\\/groupecoiff.com\\\/produit\\\/support-seche-cheveux-lenny\\\/\",\"name\":\"Support s\u00e8che-cheveux Lenny - Groupe Coiff\",\"isPartOf\":{\"@id\":\"https:\\\/\\\/groupecoiff.com\\\/#website\"},\"primaryImageOfPage\":{\"@id\":\"https:\\\/\\\/groupecoiff.com\\\/produit\\\/support-seche-cheveux-lenny\\\/#primaryimage\"},\"image\":{\"@id\":\"https:\\\/\\\/groupecoiff.com\\\/produit\\\/support-seche-cheveux-lenny\\\/#primaryimage\"},\"thumbnailUrl\":\"https:\\\/\\\/groupecoiff.com\\\/wp-content\\\/uploads\\\/2023\\\/09\\\/Lenny-1.jpg\",\"datePublished\":\"2023-09-06T18:56:52+00:00\",\"dateModified\":\"2024-08-29T18:32:13+00:00\",\"description\":\"Gr\u00e2ce \u00e0 ce support s\u00e8che-cheveux Lenny, votre s\u00e8che-cheveux est toujours \u00e0 port\u00e9e de main. Compatible avec la plupart des types et tailles de s\u00e8che-cheveux.\",\"breadcrumb\":{\"@id\":\"https:\\\/\\\/groupecoiff.com\\\/produit\\\/support-seche-cheveux-lenny\\\/#breadcrumb\"},\"inLanguage\":\"en-US\",\"potentialAction\":[{\"@type\":\"ReadAction\",\"target\":[\"https:\\\/\\\/groupecoiff.com\\\/produit\\\/support-seche-cheveux-lenny\\\/\"]}]},{\"@type\":\"ImageObject\",\"inLanguage\":\"en-US\",\"@id\":\"https:\\\/\\\/groupecoiff.com\\\/produit\\\/support-seche-cheveux-lenny\\\/#primaryimage\",\"url\":\"https:\\\/\\\/groupecoiff.com\\\/wp-content\\\/uploads\\\/2023\\\/09\\\/Lenny-1.jpg\",\"contentUrl\":\"https:\\\/\\\/groupecoiff.com\\\/wp-content\\\/uploads\\\/2023\\\/09\\\/Lenny-1.jpg\",\"width\":1080,\"height\":1080,\"caption\":\"Support s\u00e8che-cheveux Lenny\"},{\"@type\":\"BreadcrumbList\",\"@id\":\"https:\\\/\\\/groupecoiff.com\\\/produit\\\/support-seche-cheveux-lenny\\\/#breadcrumb\",\"itemListElement\":[{\"@type\":\"ListItem\",\"position\":1,\"name\":\"Accueil\",\"item\":\"https:\\\/\\\/groupecoiff.com\\\/\"},{\"@type\":\"ListItem\",\"position\":2,\"name\":\"Boutique\",\"item\":\"https:\\\/\\\/groupecoiff.com\\\/boutique\\\/\"},{\"@type\":\"ListItem\",\"position\":3,\"name\":\"Support s\u00e8che-cheveux Lenny\"}]},{\"@type\":\"WebSite\",\"@id\":\"https:\\\/\\\/groupecoiff.com\\\/#website\",\"url\":\"https:\\\/\\\/groupecoiff.com\\\/\",\"name\":\"Groupe Coiff\",\"description\":\"Tout pour la coiffure\",\"publisher\":{\"@id\":\"https:\\\/\\\/groupecoiff.com\\\/#organization\"},\"potentialAction\":[{\"@type\":\"SearchAction\",\"target\":{\"@type\":\"EntryPoint\",\"urlTemplate\":\"https:\\\/\\\/groupecoiff.com\\\/?s={search_term_string}\"},\"query-input\":{\"@type\":\"PropertyValueSpecification\",\"valueRequired\":true,\"valueName\":\"search_term_string\"}}],\"inLanguage\":\"en-US\"},{\"@type\":\"Organization\",\"@id\":\"https:\\\/\\\/groupecoiff.com\\\/#organization\",\"name\":\"Groupe Coiff\",\"alternateName\":\"Groupe Coiff : Le Mobilier De Coiffure Haut de Gamme Pour Une \u00c9l\u00e9gance In\u00e9gal\u00e9e\",\"url\":\"https:\\\/\\\/groupecoiff.com\\\/\",\"logo\":{\"@type\":\"ImageObject\",\"inLanguage\":\"en-US\",\"@id\":\"https:\\\/\\\/groupecoiff.com\\\/#\\\/schema\\\/logo\\\/image\\\/\",\"url\":\"https:\\\/\\\/groupecoiff.com\\\/wp-content\\\/uploads\\\/2024\\\/01\\\/cropped-Groupe-Coiff-Logo.webp\",\"contentUrl\":\"https:\\\/\\\/groupecoiff.com\\\/wp-content\\\/uploads\\\/2024\\\/01\\\/cropped-Groupe-Coiff-Logo.webp\",\"width\":512,\"height\":512,\"caption\":\"Groupe Coiff\"},\"image\":{\"@id\":\"https:\\\/\\\/groupecoiff.com\\\/#\\\/schema\\\/logo\\\/image\\\/\"},\"sameAs\":[\"https:\\\/\\\/www.facebook.com\\\/GroupeCoiff\",\"https:\\\/\\\/x.com\\\/groupecoiff\",\"https:\\\/\\\/www.instagram.com\\\/groupecoiff\\\/\",\"https:\\\/\\\/www.tiktok.com\\\/@groupecoiff\",\"https:\\\/\\\/www.youtube.com\\\/@groupecoiff\",\"https:\\\/\\\/twitter.com\\\/groupecoiff\",\"https:\\\/\\\/www.leboncoin.fr\\\/boutique\\\/3961302\\\/groupe_coiff.htm\"],\"description\":\"D\u00e9couvrez le mobilier de coiffure haut de gamme de Groupe Coiff, alliant \u00e9l\u00e9gance et fonctionnalit\u00e9 pour sublimer votre salon et satisfaire vos clients.\",\"email\":\"contact@groupecoiff.com\",\"telephone\":\"0676951605\",\"legalName\":\"Groupe Coiff\",\"foundingDate\":\"2022-11-16\",\"vatID\":\"FR84921406419\",\"taxID\":\"92140641900025\"}]}<\/script>\n<meta property=\"product:price:amount\" content=\"29.00\" \/>\n<meta property=\"product:price:currency\" content=\"EUR\" \/>\n<meta property=\"og:availability\" content=\"instock\" \/>\n<meta property=\"product:availability\" content=\"instock\" \/>\n<meta property=\"product:retailer_item_id\" content=\"GC6DP4C27600\" \/>\n<meta property=\"product:condition\" content=\"new\" \/>\n<!-- \/ Yoast SEO Premium plugin. -->","yoast_head_json":{"title":"Lenny Hair Dryer Support - Groupe Coiff","description":"Thanks to this Lenny hair dryer support, your hair dryer is always within reach. Compatible with most types and sizes of hair dryers.","robots":{"index":"index","follow":"follow","max-snippet":"max-snippet:-1","max-image-preview":"max-image-preview:large","max-video-preview":"max-video-preview:-1"},"canonical":"https:\/\/groupecoiff.com\/en\/product-2\/support-seche-cheveux-lenny\/","og_locale":"en_US","og_type":"article","og_title":"Support s\u00e8che-cheveux Lenny support s\u00e8che-cheveux","og_description":"Optez notre anneau en aluminium Lenny pour s\u00e8che-cheveux de salon de coiffure. Ce support est compatible avec la plupart des types et des tailles de s\u00e8che-cheveux. Il est facile \u00e0 installer, nous vous le vendons avec un Kit d\u2019installation inclus (vis et chevilles).","og_url":"https:\/\/groupecoiff.com\/en\/product-2\/support-seche-cheveux-lenny\/","og_site_name":"Groupe Coiff","article_publisher":"https:\/\/www.facebook.com\/GroupeCoiff","article_modified_time":"2024-08-29T18:32:13+00:00","og_image":[{"width":1080,"height":1080,"url":"https:\/\/groupecoiff.com\/wp-content\/uploads\/2023\/09\/Lenny-1.jpg","type":"image\/jpeg"}],"twitter_card":"summary_large_image","twitter_title":"Support s\u00e8che-cheveux Lenny","twitter_site":"@groupecoiff","twitter_misc":{"Price":"29,00&nbsp;&euro;","Availability":"In stock"},"schema":{"@context":"https:\/\/schema.org","@graph":[{"@type":"WebPage","@id":"https:\/\/groupecoiff.com\/produit\/support-seche-cheveux-lenny\/","url":"https:\/\/groupecoiff.com\/produit\/support-seche-cheveux-lenny\/","name":"Lenny Hair Dryer Support - Groupe Coiff","isPartOf":{"@id":"https:\/\/groupecoiff.com\/#website"},"primaryImageOfPage":{"@id":"https:\/\/groupecoiff.com\/produit\/support-seche-cheveux-lenny\/#primaryimage"},"image":{"@id":"https:\/\/groupecoiff.com\/produit\/support-seche-cheveux-lenny\/#primaryimage"},"thumbnailUrl":"https:\/\/groupecoiff.com\/wp-content\/uploads\/2023\/09\/Lenny-1.jpg","datePublished":"2023-09-06T18:56:52+00:00","dateModified":"2024-08-29T18:32:13+00:00","description":"Thanks to this Lenny hair dryer support, your hair dryer is always within reach. Compatible with most types and sizes of hair dryers.","breadcrumb":{"@id":"https:\/\/groupecoiff.com\/produit\/support-seche-cheveux-lenny\/#breadcrumb"},"inLanguage":"en-US","potentialAction":[{"@type":"ReadAction","target":["https:\/\/groupecoiff.com\/produit\/support-seche-cheveux-lenny\/"]}]},{"@type":"ImageObject","inLanguage":"en-US","@id":"https:\/\/groupecoiff.com\/produit\/support-seche-cheveux-lenny\/#primaryimage","url":"https:\/\/groupecoiff.com\/wp-content\/uploads\/2023\/09\/Lenny-1.jpg","contentUrl":"https:\/\/groupecoiff.com\/wp-content\/uploads\/2023\/09\/Lenny-1.jpg","width":1080,"height":1080,"caption":"Support s\u00e8che-cheveux Lenny"},{"@type":"BreadcrumbList","@id":"https:\/\/groupecoiff.com\/produit\/support-seche-cheveux-lenny\/#breadcrumb","itemListElement":[{"@type":"ListItem","position":1,"name":"Accueil","item":"https:\/\/groupecoiff.com\/"},{"@type":"ListItem","position":2,"name":"Boutique","item":"https:\/\/groupecoiff.com\/boutique\/"},{"@type":"ListItem","position":3,"name":"Support s\u00e8che-cheveux Lenny"}]},{"@type":"WebSite","@id":"https:\/\/groupecoiff.com\/#website","url":"https:\/\/groupecoiff.com\/","name":"Coiff Group","description":"Everything for the hairdresser","publisher":{"@id":"https:\/\/groupecoiff.com\/#organization"},"potentialAction":[{"@type":"SearchAction","target":{"@type":"EntryPoint","urlTemplate":"https:\/\/groupecoiff.com\/?s={search_term_string}"},"query-input":{"@type":"PropertyValueSpecification","valueRequired":true,"valueName":"search_term_string"}}],"inLanguage":"en-US"},{"@type":"Organization","@id":"https:\/\/groupecoiff.com\/#organization","name":"Coiff Group","alternateName":"Groupe Coiff : Le Mobilier De Coiffure Haut de Gamme Pour Une \u00c9l\u00e9gance In\u00e9gal\u00e9e","url":"https:\/\/groupecoiff.com\/","logo":{"@type":"ImageObject","inLanguage":"en-US","@id":"https:\/\/groupecoiff.com\/#\/schema\/logo\/image\/","url":"https:\/\/groupecoiff.com\/wp-content\/uploads\/2024\/01\/cropped-Groupe-Coiff-Logo.webp","contentUrl":"https:\/\/groupecoiff.com\/wp-content\/uploads\/2024\/01\/cropped-Groupe-Coiff-Logo.webp","width":512,"height":512,"caption":"Groupe Coiff"},"image":{"@id":"https:\/\/groupecoiff.com\/#\/schema\/logo\/image\/"},"sameAs":["https:\/\/www.facebook.com\/GroupeCoiff","https:\/\/x.com\/groupecoiff","https:\/\/www.instagram.com\/groupecoiff\/","https:\/\/www.tiktok.com\/@groupecoiff","https:\/\/www.youtube.com\/@groupecoiff","https:\/\/twitter.com\/groupecoiff","https:\/\/www.leboncoin.fr\/boutique\/3961302\/groupe_coiff.htm"],"description":"Discover Groupe Coiff's top-of-the-range hairdressing furniture, combining elegance and functionality to enhance your salon and satisfy your customers.","email":"contact@groupecoiff.com","telephone":"0676951605","legalName":"Groupe Coiff","foundingDate":"2022-11-16","vatID":"FR84921406419","taxID":"92140641900025"}]},"product_price_amount":"29.00","product_price_currency":"EUR","og_availability":"instock","product_availability":"instock","product_retailer_item_id":"GC6DP4C27600","product_condition":"new"},"jetpack_publicize_connections":[],"jetpack_likes_enabled":true,"jetpack_sharing_enabled":true,"_links":{"self":[{"href":"https:\/\/groupecoiff.com\/en\/wp-json\/wp\/v2\/product\/27600","targetHints":{"allow":["GET"]}}],"collection":[{"href":"https:\/\/groupecoiff.com\/en\/wp-json\/wp\/v2\/product"}],"about":[{"href":"https:\/\/groupecoiff.com\/en\/wp-json\/wp\/v2\/types\/product"}],"replies":[{"embeddable":true,"href":"https:\/\/groupecoiff.com\/en\/wp-json\/wp\/v2\/comments?post=27600"}],"version-history":[{"count":0,"href":"https:\/\/groupecoiff.com\/en\/wp-json\/wp\/v2\/product\/27600\/revisions"}],"wp:featuredmedia":[{"embeddable":true,"href":"https:\/\/groupecoiff.com\/en\/wp-json\/wp\/v2\/media\/27690"}],"wp:attachment":[{"href":"https:\/\/groupecoiff.com\/en\/wp-json\/wp\/v2\/media?parent=27600"}],"wp:term":[{"taxonomy":"product_brand","embeddable":true,"href":"https:\/\/groupecoiff.com\/en\/wp-json\/wp\/v2\/product_brand?post=27600"},{"taxonomy":"product_cat","embeddable":true,"href":"https:\/\/groupecoiff.com\/en\/wp-json\/wp\/v2\/product_cat?post=27600"},{"taxonomy":"product_tag","embeddable":true,"href":"https:\/\/groupecoiff.com\/en\/wp-json\/wp\/v2\/product_tag?post=27600"}],"curies":[{"name":"wp","href":"https:\/\/api.w.org\/{rel}","templated":true}]}}