{"id":27628,"date":"2023-09-06T20:58:12","date_gmt":"2023-09-06T18:58:12","guid":{"rendered":"https:\/\/groupecoiff.com\/?post_type=product&#038;p=27628"},"modified":"2024-08-29T20:32:22","modified_gmt":"2024-08-29T18:32:22","slug":"enseigne-barbier-paul","status":"publish","type":"product","link":"https:\/\/groupecoiff.com\/en\/produit\/enseigne-barbier-paul\/","title":{"rendered":"Enseigne Barbier Paul"},"content":{"rendered":"<p>Attract customers the old-fashioned way. Highlight your store where you ply your trade with a Paul barber pole.<\/p>\n<ul>\n<li>\n<h3>Description de l&rsquo;enseigne barbier Paul<\/h3>\n<\/li>\n<\/ul>\n<p>L&rsquo;enseigne barbier Paul est un \u00e9l\u00e9ment embl\u00e9matique de l&rsquo;univers traditionnel des barbiers. C&rsquo;est un poteau vertical, g\u00e9n\u00e9ralement en m\u00e9tal, d&rsquo;environ 2 m\u00e8tres de hauteur, qui est install\u00e9 \u00e0 l&rsquo;ext\u00e9rieur ou \u00e0 l&rsquo;entr\u00e9e d&rsquo;un salon de barbier.<\/p>\n<p>En r\u00e9alit\u00e9, le poteau de barbier s&rsquo;utilise comme \u00e9l\u00e9ment d\u00e9coratif et comme symbole du m\u00e9tier de barbier. Il \u00e9voque un sentiment de tradition, d&rsquo;artisanat et de qualit\u00e9 dans l&rsquo;art de la coiffure masculine. De plus, il s&rsquo;associe \u00e0 une exp\u00e9rience de rasage et de soins de barbe traditionnels.<\/p>\n<p>Compact, lightweight design, made of acrylic, transparent, reflective chrome base and easy to wall-mount. This cylindrical-shaped professional barber pole features red, white and blue stripes that attract more customers to your salon, as they can be easily located on the street.<\/p>\n<ul>\n<li>\n<h3>Caract\u00e9ristiques<\/h3>\n<\/li>\n<\/ul>\n<p>Gagnez en visibilit\u00e9 gr\u00e2ce \u00e0 l&rsquo;enseigne barbier lumineuse Paul. Pratique, il peut \u00eatre utilis\u00e9e aussi bien \u00e0 l\u2019ext\u00e9rieur comme \u00e0 l\u2019int\u00e9rieur. C&rsquo;est le meilleur poteau qu&rsquo;il vous faut car il pr\u00e9sente :<\/p>\n<p>Professional sign for barbers<br \/>\nChrome finish with galvanized ABS ends<br \/>\n\u00c9clairage LED<br \/>\nIntegrated motor for column rotation<br \/>\nIndoor or outdoor use<br \/>\nTransparent acrylic structure<br \/>\nColumn colors: white, red and blue<\/p>\n<p>For a Paul barber pole purchased, <strong><a href=\"https:\/\/groupecoiff.com\/en\/store\/\">Groupe Coiff<\/a><\/strong> offers you free delivery of your products, as quickly as possible in France and elsewhere.<\/p>","protected":false},"excerpt":{"rendered":"<p>Attirez les clients comme autrefois. Mettez en \u00e9vidence votre boutique o\u00f9 vous exercez votre m\u00e9tier gr\u00e2ce \u00e0 poteau barbier Paul. Description de l&rsquo;enseigne barbier Paul L&rsquo;enseigne barbier Paul est un \u00e9l\u00e9ment embl\u00e9matique de l&rsquo;univers traditionnel des barbiers. C&rsquo;est un poteau vertical, g\u00e9n\u00e9ralement en m\u00e9tal, d&rsquo;environ 2 m\u00e8tres de hauteur, qui est install\u00e9 \u00e0 l&rsquo;ext\u00e9rieur ou [&hellip;]<\/p>\n","protected":false},"featured_media":27710,"comment_status":"open","ping_status":"closed","template":"","meta":{"googlesitekit_rrm_CAow0YCiDA:productID":"","jetpack_post_was_ever_published":false,"jetpack_publicize_message":"","jetpack_publicize_feature_enabled":true,"jetpack_social_post_already_shared":false,"jetpack_social_options":{"image_generator_settings":{"template":"highway","default_image_id":0,"font":"","enabled":false},"version":2}},"product_brand":[],"product_cat":[49],"product_tag":[],"class_list":{"0":"post-27628","1":"product","2":"type-product","3":"status-publish","4":"has-post-thumbnail","6":"product_cat-enseigne-de-barbier","8":"first","9":"outofstock","10":"featured","11":"taxable","12":"shipping-taxable","13":"purchasable","14":"product-type-simple"},"yoast_head":"<!-- This site is optimized with the Yoast SEO Premium plugin v27.5 (Yoast SEO v27.5) - https:\/\/yoast.com\/product\/yoast-seo-premium-wordpress\/ -->\n<title>Enseigne Barbier Paul - Groupe Coiff<\/title>\n<meta name=\"description\" content=\"l&#039;enseigne barbier Paul \u00e0 \u00e9clairage LED. Utilisation \u00e0 l&#039;int\u00e9rieur ou ext\u00e9rieur. Pratique et efficace. livraison gratuite. Commandez la v\u00f4tre aujourd&#039;hui !\" \/>\n<meta name=\"robots\" content=\"index, follow, max-snippet:-1, max-image-preview:large, max-video-preview:-1\" \/>\n<link rel=\"canonical\" href=\"https:\/\/groupecoiff.com\/en\/product-2\/enseigne-barbier-paul\/\" \/>\n<meta property=\"og:locale\" content=\"en_US\" \/>\n<meta property=\"og:type\" content=\"article\" \/>\n<meta property=\"og:title\" content=\"Enseigne Barbier Paul enseigne professionnelle pour barbier\" \/>\n<meta property=\"og:description\" content=\"Attirez les clients comme autrefois avec notre Enseigne professionnelle pour barbier Paul. Ce poteau de barbier professionnel en forme cylindrique comporte des rayures rouges, blanches et bleues qui vous permettront d\u2019attirer plus de clients dans votre salon, car elles pourront \u00eatre facilement localis\u00e9es dans la rue. Vous allez gagner en visibilit\u00e9 gr\u00e2ce \u00e0 cette enseigne de barbier lumineuse. Pratique, elle peut \u00eatre utilis\u00e9e aussi bien \u00e0 l\u2019ext\u00e9rieur comme \u00e0 l\u2019int\u00e9rieur.\" \/>\n<meta property=\"og:url\" content=\"https:\/\/groupecoiff.com\/en\/product-2\/enseigne-barbier-paul\/\" \/>\n<meta property=\"og:site_name\" content=\"Groupe Coiff\" \/>\n<meta property=\"article:publisher\" content=\"https:\/\/www.facebook.com\/GroupeCoiff\" \/>\n<meta property=\"article:modified_time\" content=\"2024-08-29T18:32:22+00:00\" \/>\n<meta property=\"og:image\" content=\"https:\/\/groupecoiff.com\/wp-content\/uploads\/2023\/09\/Paul-1.png\" \/>\n\t<meta property=\"og:image:width\" content=\"1080\" \/>\n\t<meta property=\"og:image:height\" content=\"1080\" \/>\n\t<meta property=\"og:image:type\" content=\"image\/png\" \/>\n<meta name=\"twitter:card\" content=\"summary_large_image\" \/>\n<meta name=\"twitter:title\" content=\"Enseigne Barbier Paul\" \/>\n<meta name=\"twitter:site\" content=\"@groupecoiff\" \/>\n<meta name=\"twitter:label1\" content=\"Price\" \/>\n\t<meta name=\"twitter:data1\" content=\"149,00&nbsp;&euro;\" \/>\n\t<meta name=\"twitter:label2\" content=\"Availability\" \/>\n\t<meta name=\"twitter:data2\" content=\"Out of stock\" \/>\n<script type=\"application\/ld+json\" class=\"yoast-schema-graph\">{\"@context\":\"https:\\\/\\\/schema.org\",\"@graph\":[{\"@type\":\"WebPage\",\"@id\":\"https:\\\/\\\/groupecoiff.com\\\/produit\\\/enseigne-barbier-paul\\\/\",\"url\":\"https:\\\/\\\/groupecoiff.com\\\/produit\\\/enseigne-barbier-paul\\\/\",\"name\":\"Enseigne Barbier Paul - Groupe Coiff\",\"isPartOf\":{\"@id\":\"https:\\\/\\\/groupecoiff.com\\\/#website\"},\"primaryImageOfPage\":{\"@id\":\"https:\\\/\\\/groupecoiff.com\\\/produit\\\/enseigne-barbier-paul\\\/#primaryimage\"},\"image\":{\"@id\":\"https:\\\/\\\/groupecoiff.com\\\/produit\\\/enseigne-barbier-paul\\\/#primaryimage\"},\"thumbnailUrl\":\"https:\\\/\\\/groupecoiff.com\\\/wp-content\\\/uploads\\\/2023\\\/09\\\/Paul-1.png\",\"datePublished\":\"2023-09-06T18:58:12+00:00\",\"dateModified\":\"2024-08-29T18:32:22+00:00\",\"description\":\"l'enseigne barbier Paul \u00e0 \u00e9clairage LED. Utilisation \u00e0 l'int\u00e9rieur ou ext\u00e9rieur. Pratique et efficace. livraison gratuite. Commandez la v\u00f4tre aujourd'hui !\",\"breadcrumb\":{\"@id\":\"https:\\\/\\\/groupecoiff.com\\\/produit\\\/enseigne-barbier-paul\\\/#breadcrumb\"},\"inLanguage\":\"en-US\",\"potentialAction\":[{\"@type\":\"ReadAction\",\"target\":[\"https:\\\/\\\/groupecoiff.com\\\/produit\\\/enseigne-barbier-paul\\\/\"]}]},{\"@type\":\"ImageObject\",\"inLanguage\":\"en-US\",\"@id\":\"https:\\\/\\\/groupecoiff.com\\\/produit\\\/enseigne-barbier-paul\\\/#primaryimage\",\"url\":\"https:\\\/\\\/groupecoiff.com\\\/wp-content\\\/uploads\\\/2023\\\/09\\\/Paul-1.png\",\"contentUrl\":\"https:\\\/\\\/groupecoiff.com\\\/wp-content\\\/uploads\\\/2023\\\/09\\\/Paul-1.png\",\"width\":1080,\"height\":1080,\"caption\":\"Enseigne Barbier Paul\"},{\"@type\":\"BreadcrumbList\",\"@id\":\"https:\\\/\\\/groupecoiff.com\\\/produit\\\/enseigne-barbier-paul\\\/#breadcrumb\",\"itemListElement\":[{\"@type\":\"ListItem\",\"position\":1,\"name\":\"Accueil\",\"item\":\"https:\\\/\\\/groupecoiff.com\\\/\"},{\"@type\":\"ListItem\",\"position\":2,\"name\":\"Boutique\",\"item\":\"https:\\\/\\\/groupecoiff.com\\\/en\\\/boutique\\\/\"},{\"@type\":\"ListItem\",\"position\":3,\"name\":\"Enseigne Barbier Paul\"}]},{\"@type\":\"WebSite\",\"@id\":\"https:\\\/\\\/groupecoiff.com\\\/#website\",\"url\":\"https:\\\/\\\/groupecoiff.com\\\/\",\"name\":\"Groupe Coiff\",\"description\":\"Tout pour la coiffure\",\"publisher\":{\"@id\":\"https:\\\/\\\/groupecoiff.com\\\/#organization\"},\"potentialAction\":[{\"@type\":\"SearchAction\",\"target\":{\"@type\":\"EntryPoint\",\"urlTemplate\":\"https:\\\/\\\/groupecoiff.com\\\/?s={search_term_string}\"},\"query-input\":{\"@type\":\"PropertyValueSpecification\",\"valueRequired\":true,\"valueName\":\"search_term_string\"}}],\"inLanguage\":\"en-US\"},{\"@type\":\"Organization\",\"@id\":\"https:\\\/\\\/groupecoiff.com\\\/#organization\",\"name\":\"Groupe Coiff\",\"alternateName\":\"Groupe Coiff : Le Mobilier De Coiffure Haut de Gamme Pour Une \u00c9l\u00e9gance In\u00e9gal\u00e9e\",\"url\":\"https:\\\/\\\/groupecoiff.com\\\/\",\"logo\":{\"@type\":\"ImageObject\",\"inLanguage\":\"en-US\",\"@id\":\"https:\\\/\\\/groupecoiff.com\\\/#\\\/schema\\\/logo\\\/image\\\/\",\"url\":\"https:\\\/\\\/groupecoiff.com\\\/wp-content\\\/uploads\\\/2024\\\/01\\\/cropped-Groupe-Coiff-Logo.webp\",\"contentUrl\":\"https:\\\/\\\/groupecoiff.com\\\/wp-content\\\/uploads\\\/2024\\\/01\\\/cropped-Groupe-Coiff-Logo.webp\",\"width\":512,\"height\":512,\"caption\":\"Groupe Coiff\"},\"image\":{\"@id\":\"https:\\\/\\\/groupecoiff.com\\\/#\\\/schema\\\/logo\\\/image\\\/\"},\"sameAs\":[\"https:\\\/\\\/www.facebook.com\\\/GroupeCoiff\",\"https:\\\/\\\/x.com\\\/groupecoiff\",\"https:\\\/\\\/www.instagram.com\\\/groupecoiff\\\/\",\"https:\\\/\\\/www.tiktok.com\\\/@groupecoiff\",\"https:\\\/\\\/www.youtube.com\\\/@groupecoiff\",\"https:\\\/\\\/twitter.com\\\/groupecoiff\",\"https:\\\/\\\/www.leboncoin.fr\\\/boutique\\\/3961302\\\/groupe_coiff.htm\"],\"description\":\"D\u00e9couvrez le mobilier de coiffure haut de gamme de Groupe Coiff, alliant \u00e9l\u00e9gance et fonctionnalit\u00e9 pour sublimer votre salon et satisfaire vos clients.\",\"email\":\"contact@groupecoiff.com\",\"telephone\":\"0676951605\",\"legalName\":\"Groupe Coiff\",\"foundingDate\":\"2022-11-16\",\"vatID\":\"FR84921406419\",\"taxID\":\"92140641900025\"}]}<\/script>\n<meta property=\"product:price:amount\" content=\"149.00\" \/>\n<meta property=\"product:price:currency\" content=\"EUR\" \/>\n<meta property=\"og:availability\" content=\"out of stock\" \/>\n<meta property=\"product:availability\" content=\"out of stock\" \/>\n<meta property=\"product:retailer_item_id\" content=\"GCF349P27628\" \/>\n<meta property=\"product:condition\" content=\"new\" \/>\n<!-- \/ Yoast SEO Premium plugin. -->","yoast_head_json":{"title":"Paul Barber Sign - Groupe Coiff","description":"the Paul barber sign with LED lighting. Indoor or outdoor use. Practical and efficient. Free delivery. Order yours today!","robots":{"index":"index","follow":"follow","max-snippet":"max-snippet:-1","max-image-preview":"max-image-preview:large","max-video-preview":"max-video-preview:-1"},"canonical":"https:\/\/groupecoiff.com\/en\/product-2\/enseigne-barbier-paul\/","og_locale":"en_US","og_type":"article","og_title":"Enseigne Barbier Paul enseigne professionnelle pour barbier","og_description":"Attirez les clients comme autrefois avec notre Enseigne professionnelle pour barbier Paul. Ce poteau de barbier professionnel en forme cylindrique comporte des rayures rouges, blanches et bleues qui vous permettront d\u2019attirer plus de clients dans votre salon, car elles pourront \u00eatre facilement localis\u00e9es dans la rue. Vous allez gagner en visibilit\u00e9 gr\u00e2ce \u00e0 cette enseigne de barbier lumineuse. Pratique, elle peut \u00eatre utilis\u00e9e aussi bien \u00e0 l\u2019ext\u00e9rieur comme \u00e0 l\u2019int\u00e9rieur.","og_url":"https:\/\/groupecoiff.com\/en\/product-2\/enseigne-barbier-paul\/","og_site_name":"Groupe Coiff","article_publisher":"https:\/\/www.facebook.com\/GroupeCoiff","article_modified_time":"2024-08-29T18:32:22+00:00","og_image":[{"width":1080,"height":1080,"url":"https:\/\/groupecoiff.com\/wp-content\/uploads\/2023\/09\/Paul-1.png","type":"image\/png"}],"twitter_card":"summary_large_image","twitter_title":"Enseigne Barbier Paul","twitter_site":"@groupecoiff","twitter_misc":{"Price":"149,00&nbsp;&euro;","Availability":"Out of stock"},"schema":{"@context":"https:\/\/schema.org","@graph":[{"@type":"WebPage","@id":"https:\/\/groupecoiff.com\/produit\/enseigne-barbier-paul\/","url":"https:\/\/groupecoiff.com\/produit\/enseigne-barbier-paul\/","name":"Paul Barber Sign - Groupe Coiff","isPartOf":{"@id":"https:\/\/groupecoiff.com\/#website"},"primaryImageOfPage":{"@id":"https:\/\/groupecoiff.com\/produit\/enseigne-barbier-paul\/#primaryimage"},"image":{"@id":"https:\/\/groupecoiff.com\/produit\/enseigne-barbier-paul\/#primaryimage"},"thumbnailUrl":"https:\/\/groupecoiff.com\/wp-content\/uploads\/2023\/09\/Paul-1.png","datePublished":"2023-09-06T18:58:12+00:00","dateModified":"2024-08-29T18:32:22+00:00","description":"the Paul barber sign with LED lighting. Indoor or outdoor use. Practical and efficient. Free delivery. Order yours today!","breadcrumb":{"@id":"https:\/\/groupecoiff.com\/produit\/enseigne-barbier-paul\/#breadcrumb"},"inLanguage":"en-US","potentialAction":[{"@type":"ReadAction","target":["https:\/\/groupecoiff.com\/produit\/enseigne-barbier-paul\/"]}]},{"@type":"ImageObject","inLanguage":"en-US","@id":"https:\/\/groupecoiff.com\/produit\/enseigne-barbier-paul\/#primaryimage","url":"https:\/\/groupecoiff.com\/wp-content\/uploads\/2023\/09\/Paul-1.png","contentUrl":"https:\/\/groupecoiff.com\/wp-content\/uploads\/2023\/09\/Paul-1.png","width":1080,"height":1080,"caption":"Enseigne Barbier Paul"},{"@type":"BreadcrumbList","@id":"https:\/\/groupecoiff.com\/produit\/enseigne-barbier-paul\/#breadcrumb","itemListElement":[{"@type":"ListItem","position":1,"name":"Accueil","item":"https:\/\/groupecoiff.com\/"},{"@type":"ListItem","position":2,"name":"Boutique","item":"https:\/\/groupecoiff.com\/en\/boutique\/"},{"@type":"ListItem","position":3,"name":"Enseigne Barbier Paul"}]},{"@type":"WebSite","@id":"https:\/\/groupecoiff.com\/#website","url":"https:\/\/groupecoiff.com\/","name":"Coiff Group","description":"Everything for the hairdresser","publisher":{"@id":"https:\/\/groupecoiff.com\/#organization"},"potentialAction":[{"@type":"SearchAction","target":{"@type":"EntryPoint","urlTemplate":"https:\/\/groupecoiff.com\/?s={search_term_string}"},"query-input":{"@type":"PropertyValueSpecification","valueRequired":true,"valueName":"search_term_string"}}],"inLanguage":"en-US"},{"@type":"Organization","@id":"https:\/\/groupecoiff.com\/#organization","name":"Coiff Group","alternateName":"Groupe Coiff : Le Mobilier De Coiffure Haut de Gamme Pour Une \u00c9l\u00e9gance In\u00e9gal\u00e9e","url":"https:\/\/groupecoiff.com\/","logo":{"@type":"ImageObject","inLanguage":"en-US","@id":"https:\/\/groupecoiff.com\/#\/schema\/logo\/image\/","url":"https:\/\/groupecoiff.com\/wp-content\/uploads\/2024\/01\/cropped-Groupe-Coiff-Logo.webp","contentUrl":"https:\/\/groupecoiff.com\/wp-content\/uploads\/2024\/01\/cropped-Groupe-Coiff-Logo.webp","width":512,"height":512,"caption":"Groupe Coiff"},"image":{"@id":"https:\/\/groupecoiff.com\/#\/schema\/logo\/image\/"},"sameAs":["https:\/\/www.facebook.com\/GroupeCoiff","https:\/\/x.com\/groupecoiff","https:\/\/www.instagram.com\/groupecoiff\/","https:\/\/www.tiktok.com\/@groupecoiff","https:\/\/www.youtube.com\/@groupecoiff","https:\/\/twitter.com\/groupecoiff","https:\/\/www.leboncoin.fr\/boutique\/3961302\/groupe_coiff.htm"],"description":"Discover Groupe Coiff's top-of-the-range hairdressing furniture, combining elegance and functionality to enhance your salon and satisfy your customers.","email":"contact@groupecoiff.com","telephone":"0676951605","legalName":"Groupe Coiff","foundingDate":"2022-11-16","vatID":"FR84921406419","taxID":"92140641900025"}]},"product_price_amount":"149.00","product_price_currency":"EUR","og_availability":"out of stock","product_availability":"out of stock","product_retailer_item_id":"GCF349P27628","product_condition":"new"},"jetpack_publicize_connections":[],"jetpack_likes_enabled":true,"jetpack_sharing_enabled":true,"_links":{"self":[{"href":"https:\/\/groupecoiff.com\/en\/wp-json\/wp\/v2\/product\/27628","targetHints":{"allow":["GET"]}}],"collection":[{"href":"https:\/\/groupecoiff.com\/en\/wp-json\/wp\/v2\/product"}],"about":[{"href":"https:\/\/groupecoiff.com\/en\/wp-json\/wp\/v2\/types\/product"}],"replies":[{"embeddable":true,"href":"https:\/\/groupecoiff.com\/en\/wp-json\/wp\/v2\/comments?post=27628"}],"version-history":[{"count":0,"href":"https:\/\/groupecoiff.com\/en\/wp-json\/wp\/v2\/product\/27628\/revisions"}],"wp:featuredmedia":[{"embeddable":true,"href":"https:\/\/groupecoiff.com\/en\/wp-json\/wp\/v2\/media\/27710"}],"wp:attachment":[{"href":"https:\/\/groupecoiff.com\/en\/wp-json\/wp\/v2\/media?parent=27628"}],"wp:term":[{"taxonomy":"product_brand","embeddable":true,"href":"https:\/\/groupecoiff.com\/en\/wp-json\/wp\/v2\/product_brand?post=27628"},{"taxonomy":"product_cat","embeddable":true,"href":"https:\/\/groupecoiff.com\/en\/wp-json\/wp\/v2\/product_cat?post=27628"},{"taxonomy":"product_tag","embeddable":true,"href":"https:\/\/groupecoiff.com\/en\/wp-json\/wp\/v2\/product_tag?post=27628"}],"curies":[{"name":"wp","href":"https:\/\/api.w.org\/{rel}","templated":true}]}}