{"id":27637,"date":"2023-09-06T20:58:39","date_gmt":"2023-09-06T18:58:39","guid":{"rendered":"https:\/\/groupecoiff.com\/?post_type=product&#038;p=27637"},"modified":"2024-08-29T20:32:25","modified_gmt":"2024-08-29T18:32:25","slug":"enseigne-barbier-harold","status":"publish","type":"product","link":"https:\/\/groupecoiff.com\/en\/produit\/enseigne-barbier-harold\/","title":{"rendered":"Enseigne barbier Harold"},"content":{"rendered":"<p>Harold is a luminous cylindrical salon sign that revives the traditional barber pole with a modern twist.<\/p>\n<ul>\n<li>\n<h3>Description de l&rsquo;enseigne barbier Harold<\/h3>\n<\/li>\n<\/ul>\n<p>L&rsquo;enseigne de barbier Harold garde la forme du poteau et les couleurs blanches, rouges et bleues propres \u00e0 la profession de barbier. Elle est rotative et r\u00e9tro\u00e9clair\u00e9e, permettant ainsi de signaler votre barbershop.<\/p>\n<p>With its classic cylindrical shape, it combines white, red and blue colors to embrace pure tradition. Also appreciated from afar, and will be excellent advertising for your hair salon.<\/p>\n<p>De plus, ce mod\u00e8le dispose d\u2019une boule lumineuse dans la partie sup\u00e9rieure. Ensuite, vous pouvez installer l\u2019enseigne lumineuse \u00e0 l\u2019ext\u00e9rieur comme \u00e0 l\u2019int\u00e9rieur. L&rsquo;enseigne barbier Harold r\u00e9siste \u00e0 la rouille, le poteau est fabriqu\u00e9 en acrylique et le support en acier inoxydable.<\/p>\n<p>The colors used are in harmony with the barber's branding and correspond to retro or vintage themes to create a nostalgic atmosphere.<\/p>\n<p>Renouez avec l\u2019enseigne traditionnelle des barbiers en optant pour ce poteau de barbier. Cependant, ce mod\u00e8le utilise deux lampes : une \u00e0 int\u00e9grer dans la partie sup\u00e9rieure du cylindre et une autre dans la colonne. L\u2019enseigne salon de coiffure Harold convient bien \u00e0 un usage int\u00e9rieur comme ext\u00e9rieur.<\/p>\n<ul>\n<li>\n<h3>Caract\u00e9ristiques de l&rsquo;enseigne<\/h3>\n<\/li>\n<\/ul>\n<p>Integrated LED lighting<br \/>\nIlluminated globe and rotating column<br \/>\nIntegrated motor for column rotation<br \/>\nIndoor or outdoor use<br \/>\nTransparent acrylic structure<br \/>\nColumn colors: 3 spirals (white, red and blue)<\/p>\n<p>For every barber sign purchased, <strong><span style=\"color: #993300\"><a style=\"color: #993300\" href=\"https:\/\/groupecoiff.com\/en\/store\/\">Groupe Coiff<\/a><\/span><\/strong> offers you free delivery of your products, as quickly as possible in France and elsewhere.<\/p>","protected":false},"excerpt":{"rendered":"<div class=\"yst-label yst-radio__label yst-flex yst-flex-wrap yst-items-center\">Vos clients seront s\u00e9duits par l'enseigne de barbier Harold ! \ud83d\udd06 Une forme cylindrique lumineuse et r\u00e9tro\u00e9clair\u00e9e avec des touches modernes \ud83d\udc4d<\/div>","protected":false},"featured_media":27713,"comment_status":"open","ping_status":"closed","template":"","meta":{"googlesitekit_rrm_CAow0YCiDA:productID":"","jetpack_post_was_ever_published":false,"jetpack_publicize_message":"","jetpack_publicize_feature_enabled":true,"jetpack_social_post_already_shared":false,"jetpack_social_options":{"image_generator_settings":{"template":"highway","default_image_id":0,"font":"","enabled":false},"version":2}},"product_brand":[],"product_cat":[49],"product_tag":[],"class_list":{"0":"post-27637","1":"product","2":"type-product","3":"status-publish","4":"has-post-thumbnail","6":"product_cat-enseigne-de-barbier","8":"first","9":"instock","10":"featured","11":"taxable","12":"shipping-taxable","13":"purchasable","14":"product-type-simple"},"yoast_head":"<!-- This site is optimized with the Yoast SEO Premium plugin v27.4 (Yoast SEO v27.4) - https:\/\/yoast.com\/product\/yoast-seo-premium-wordpress\/ -->\n<title>Enseigne barbier Harold: lumineuse, cylindrique et rotative - Groupe Coiff<\/title>\n<meta name=\"description\" content=\"Donnez une touche de modernit\u00e9 \u00e0 votre enseigne barbier Harold ! \ud83d\udd06 Visitez-nous pour d\u00e9couvrir un cylindre lumineux tournant et r\u00e9tro\u00e9clair\u00e9 !\" \/>\n<meta name=\"robots\" content=\"index, follow, max-snippet:-1, max-image-preview:large, max-video-preview:-1\" \/>\n<link rel=\"canonical\" href=\"https:\/\/groupecoiff.com\/en\/product-2\/enseigne-barbier-harold\/\" \/>\n<meta property=\"og:locale\" content=\"en_US\" \/>\n<meta property=\"og:type\" content=\"article\" \/>\n<meta property=\"og:title\" content=\"Harold\" \/>\n<meta property=\"og:description\" content=\"Optez Harold l&#039;enseigne lumineuse cylindrique qui reprend la tradition du p\u00f4le barber avec une touche de modernit\u00e9. Utilisation \u00e0 l\u2019ext\u00e9rieur ou \u00e0 l\u2019int\u00e9rieur. permettant ainsi de signaler votre barbershop.\" \/>\n<meta property=\"og:url\" content=\"https:\/\/groupecoiff.com\/en\/product-2\/enseigne-barbier-harold\/\" \/>\n<meta property=\"og:site_name\" content=\"Groupe Coiff\" \/>\n<meta property=\"article:publisher\" content=\"https:\/\/www.facebook.com\/GroupeCoiff\" \/>\n<meta property=\"article:modified_time\" content=\"2024-08-29T18:32:25+00:00\" \/>\n<meta property=\"og:image\" content=\"https:\/\/groupecoiff.com\/wp-content\/uploads\/2023\/09\/Harold-1.png\" \/>\n\t<meta property=\"og:image:width\" content=\"1080\" \/>\n\t<meta property=\"og:image:height\" content=\"1080\" \/>\n\t<meta property=\"og:image:type\" content=\"image\/png\" \/>\n<meta name=\"twitter:card\" content=\"summary_large_image\" \/>\n<meta name=\"twitter:title\" content=\"Enseigne barbier Harold\" \/>\n<meta name=\"twitter:site\" content=\"@groupecoiff\" \/>\n<meta name=\"twitter:label1\" content=\"Price\" \/>\n\t<meta name=\"twitter:data1\" content=\"149,00&nbsp;&euro;\" \/>\n\t<meta name=\"twitter:label2\" content=\"Availability\" \/>\n\t<meta name=\"twitter:data2\" content=\"In stock\" \/>\n<script type=\"application\/ld+json\" class=\"yoast-schema-graph\">{\"@context\":\"https:\\\/\\\/schema.org\",\"@graph\":[{\"@type\":\"WebPage\",\"@id\":\"https:\\\/\\\/groupecoiff.com\\\/produit\\\/enseigne-barbier-harold\\\/\",\"url\":\"https:\\\/\\\/groupecoiff.com\\\/produit\\\/enseigne-barbier-harold\\\/\",\"name\":\"Enseigne barbier Harold: lumineuse, cylindrique et rotative - Groupe Coiff\",\"isPartOf\":{\"@id\":\"https:\\\/\\\/groupecoiff.com\\\/#website\"},\"primaryImageOfPage\":{\"@id\":\"https:\\\/\\\/groupecoiff.com\\\/produit\\\/enseigne-barbier-harold\\\/#primaryimage\"},\"image\":{\"@id\":\"https:\\\/\\\/groupecoiff.com\\\/produit\\\/enseigne-barbier-harold\\\/#primaryimage\"},\"thumbnailUrl\":\"https:\\\/\\\/groupecoiff.com\\\/wp-content\\\/uploads\\\/2023\\\/09\\\/Harold-1.png\",\"datePublished\":\"2023-09-06T18:58:39+00:00\",\"dateModified\":\"2024-08-29T18:32:25+00:00\",\"description\":\"Donnez une touche de modernit\u00e9 \u00e0 votre enseigne barbier Harold ! \ud83d\udd06 Visitez-nous pour d\u00e9couvrir un cylindre lumineux tournant et r\u00e9tro\u00e9clair\u00e9 !\",\"breadcrumb\":{\"@id\":\"https:\\\/\\\/groupecoiff.com\\\/produit\\\/enseigne-barbier-harold\\\/#breadcrumb\"},\"inLanguage\":\"en-US\",\"potentialAction\":[{\"@type\":\"ReadAction\",\"target\":[\"https:\\\/\\\/groupecoiff.com\\\/produit\\\/enseigne-barbier-harold\\\/\"]}]},{\"@type\":\"ImageObject\",\"inLanguage\":\"en-US\",\"@id\":\"https:\\\/\\\/groupecoiff.com\\\/produit\\\/enseigne-barbier-harold\\\/#primaryimage\",\"url\":\"https:\\\/\\\/groupecoiff.com\\\/wp-content\\\/uploads\\\/2023\\\/09\\\/Harold-1.png\",\"contentUrl\":\"https:\\\/\\\/groupecoiff.com\\\/wp-content\\\/uploads\\\/2023\\\/09\\\/Harold-1.png\",\"width\":1080,\"height\":1080,\"caption\":\"Enseigne barbier Harold\"},{\"@type\":\"BreadcrumbList\",\"@id\":\"https:\\\/\\\/groupecoiff.com\\\/produit\\\/enseigne-barbier-harold\\\/#breadcrumb\",\"itemListElement\":[{\"@type\":\"ListItem\",\"position\":1,\"name\":\"Accueil\",\"item\":\"https:\\\/\\\/groupecoiff.com\\\/\"},{\"@type\":\"ListItem\",\"position\":2,\"name\":\"Boutique\",\"item\":\"https:\\\/\\\/groupecoiff.com\\\/boutique\\\/\"},{\"@type\":\"ListItem\",\"position\":3,\"name\":\"Enseigne barbier Harold\"}]},{\"@type\":\"WebSite\",\"@id\":\"https:\\\/\\\/groupecoiff.com\\\/#website\",\"url\":\"https:\\\/\\\/groupecoiff.com\\\/\",\"name\":\"Groupe Coiff\",\"description\":\"Tout pour la coiffure\",\"publisher\":{\"@id\":\"https:\\\/\\\/groupecoiff.com\\\/#organization\"},\"potentialAction\":[{\"@type\":\"SearchAction\",\"target\":{\"@type\":\"EntryPoint\",\"urlTemplate\":\"https:\\\/\\\/groupecoiff.com\\\/?s={search_term_string}\"},\"query-input\":{\"@type\":\"PropertyValueSpecification\",\"valueRequired\":true,\"valueName\":\"search_term_string\"}}],\"inLanguage\":\"en-US\"},{\"@type\":\"Organization\",\"@id\":\"https:\\\/\\\/groupecoiff.com\\\/#organization\",\"name\":\"Groupe Coiff\",\"alternateName\":\"Groupe Coiff : Le Mobilier De Coiffure Haut de Gamme Pour Une \u00c9l\u00e9gance In\u00e9gal\u00e9e\",\"url\":\"https:\\\/\\\/groupecoiff.com\\\/\",\"logo\":{\"@type\":\"ImageObject\",\"inLanguage\":\"en-US\",\"@id\":\"https:\\\/\\\/groupecoiff.com\\\/#\\\/schema\\\/logo\\\/image\\\/\",\"url\":\"https:\\\/\\\/groupecoiff.com\\\/wp-content\\\/uploads\\\/2024\\\/01\\\/cropped-Groupe-Coiff-Logo.webp\",\"contentUrl\":\"https:\\\/\\\/groupecoiff.com\\\/wp-content\\\/uploads\\\/2024\\\/01\\\/cropped-Groupe-Coiff-Logo.webp\",\"width\":512,\"height\":512,\"caption\":\"Groupe Coiff\"},\"image\":{\"@id\":\"https:\\\/\\\/groupecoiff.com\\\/#\\\/schema\\\/logo\\\/image\\\/\"},\"sameAs\":[\"https:\\\/\\\/www.facebook.com\\\/GroupeCoiff\",\"https:\\\/\\\/x.com\\\/groupecoiff\",\"https:\\\/\\\/www.instagram.com\\\/groupecoiff\\\/\",\"https:\\\/\\\/www.tiktok.com\\\/@groupecoiff\",\"https:\\\/\\\/www.youtube.com\\\/@groupecoiff\",\"https:\\\/\\\/twitter.com\\\/groupecoiff\",\"https:\\\/\\\/www.leboncoin.fr\\\/boutique\\\/3961302\\\/groupe_coiff.htm\"],\"description\":\"D\u00e9couvrez le mobilier de coiffure haut de gamme de Groupe Coiff, alliant \u00e9l\u00e9gance et fonctionnalit\u00e9 pour sublimer votre salon et satisfaire vos clients.\",\"email\":\"contact@groupecoiff.com\",\"telephone\":\"0676951605\",\"legalName\":\"Groupe Coiff\",\"foundingDate\":\"2022-11-16\",\"vatID\":\"FR84921406419\",\"taxID\":\"92140641900025\"}]}<\/script>\n<meta property=\"product:price:amount\" content=\"149.00\" \/>\n<meta property=\"product:price:currency\" content=\"EUR\" \/>\n<meta property=\"og:availability\" content=\"instock\" \/>\n<meta property=\"product:availability\" content=\"instock\" \/>\n<meta property=\"product:retailer_item_id\" content=\"GC64A9827637\" \/>\n<meta property=\"product:condition\" content=\"new\" \/>\n<!-- \/ Yoast SEO Premium plugin. -->","yoast_head_json":{"title":"Harold barber sign: illuminated, cylindrical and rotating - Groupe Coiff","description":"Give a modern touch to your Harold barber sign! \ud83d\udd06 Visit us to discover a rotating and backlit luminous cylinder!","robots":{"index":"index","follow":"follow","max-snippet":"max-snippet:-1","max-image-preview":"max-image-preview:large","max-video-preview":"max-video-preview:-1"},"canonical":"https:\/\/groupecoiff.com\/en\/product-2\/enseigne-barbier-harold\/","og_locale":"en_US","og_type":"article","og_title":"Harold","og_description":"Optez Harold l'enseigne lumineuse cylindrique qui reprend la tradition du p\u00f4le barber avec une touche de modernit\u00e9. Utilisation \u00e0 l\u2019ext\u00e9rieur ou \u00e0 l\u2019int\u00e9rieur. permettant ainsi de signaler votre barbershop.","og_url":"https:\/\/groupecoiff.com\/en\/product-2\/enseigne-barbier-harold\/","og_site_name":"Groupe Coiff","article_publisher":"https:\/\/www.facebook.com\/GroupeCoiff","article_modified_time":"2024-08-29T18:32:25+00:00","og_image":[{"width":1080,"height":1080,"url":"https:\/\/groupecoiff.com\/wp-content\/uploads\/2023\/09\/Harold-1.png","type":"image\/png"}],"twitter_card":"summary_large_image","twitter_title":"Enseigne barbier Harold","twitter_site":"@groupecoiff","twitter_misc":{"Price":"149,00&nbsp;&euro;","Availability":"In stock"},"schema":{"@context":"https:\/\/schema.org","@graph":[{"@type":"WebPage","@id":"https:\/\/groupecoiff.com\/produit\/enseigne-barbier-harold\/","url":"https:\/\/groupecoiff.com\/produit\/enseigne-barbier-harold\/","name":"Harold barber sign: illuminated, cylindrical and rotating - Groupe Coiff","isPartOf":{"@id":"https:\/\/groupecoiff.com\/#website"},"primaryImageOfPage":{"@id":"https:\/\/groupecoiff.com\/produit\/enseigne-barbier-harold\/#primaryimage"},"image":{"@id":"https:\/\/groupecoiff.com\/produit\/enseigne-barbier-harold\/#primaryimage"},"thumbnailUrl":"https:\/\/groupecoiff.com\/wp-content\/uploads\/2023\/09\/Harold-1.png","datePublished":"2023-09-06T18:58:39+00:00","dateModified":"2024-08-29T18:32:25+00:00","description":"Give a modern touch to your Harold barber sign! \ud83d\udd06 Visit us to discover a rotating and backlit luminous cylinder!","breadcrumb":{"@id":"https:\/\/groupecoiff.com\/produit\/enseigne-barbier-harold\/#breadcrumb"},"inLanguage":"en-US","potentialAction":[{"@type":"ReadAction","target":["https:\/\/groupecoiff.com\/produit\/enseigne-barbier-harold\/"]}]},{"@type":"ImageObject","inLanguage":"en-US","@id":"https:\/\/groupecoiff.com\/produit\/enseigne-barbier-harold\/#primaryimage","url":"https:\/\/groupecoiff.com\/wp-content\/uploads\/2023\/09\/Harold-1.png","contentUrl":"https:\/\/groupecoiff.com\/wp-content\/uploads\/2023\/09\/Harold-1.png","width":1080,"height":1080,"caption":"Enseigne barbier Harold"},{"@type":"BreadcrumbList","@id":"https:\/\/groupecoiff.com\/produit\/enseigne-barbier-harold\/#breadcrumb","itemListElement":[{"@type":"ListItem","position":1,"name":"Accueil","item":"https:\/\/groupecoiff.com\/"},{"@type":"ListItem","position":2,"name":"Boutique","item":"https:\/\/groupecoiff.com\/boutique\/"},{"@type":"ListItem","position":3,"name":"Enseigne barbier Harold"}]},{"@type":"WebSite","@id":"https:\/\/groupecoiff.com\/#website","url":"https:\/\/groupecoiff.com\/","name":"Coiff Group","description":"Everything for the hairdresser","publisher":{"@id":"https:\/\/groupecoiff.com\/#organization"},"potentialAction":[{"@type":"SearchAction","target":{"@type":"EntryPoint","urlTemplate":"https:\/\/groupecoiff.com\/?s={search_term_string}"},"query-input":{"@type":"PropertyValueSpecification","valueRequired":true,"valueName":"search_term_string"}}],"inLanguage":"en-US"},{"@type":"Organization","@id":"https:\/\/groupecoiff.com\/#organization","name":"Coiff Group","alternateName":"Groupe Coiff : Le Mobilier De Coiffure Haut de Gamme Pour Une \u00c9l\u00e9gance In\u00e9gal\u00e9e","url":"https:\/\/groupecoiff.com\/","logo":{"@type":"ImageObject","inLanguage":"en-US","@id":"https:\/\/groupecoiff.com\/#\/schema\/logo\/image\/","url":"https:\/\/groupecoiff.com\/wp-content\/uploads\/2024\/01\/cropped-Groupe-Coiff-Logo.webp","contentUrl":"https:\/\/groupecoiff.com\/wp-content\/uploads\/2024\/01\/cropped-Groupe-Coiff-Logo.webp","width":512,"height":512,"caption":"Groupe Coiff"},"image":{"@id":"https:\/\/groupecoiff.com\/#\/schema\/logo\/image\/"},"sameAs":["https:\/\/www.facebook.com\/GroupeCoiff","https:\/\/x.com\/groupecoiff","https:\/\/www.instagram.com\/groupecoiff\/","https:\/\/www.tiktok.com\/@groupecoiff","https:\/\/www.youtube.com\/@groupecoiff","https:\/\/twitter.com\/groupecoiff","https:\/\/www.leboncoin.fr\/boutique\/3961302\/groupe_coiff.htm"],"description":"Discover Groupe Coiff's top-of-the-range hairdressing furniture, combining elegance and functionality to enhance your salon and satisfy your customers.","email":"contact@groupecoiff.com","telephone":"0676951605","legalName":"Groupe Coiff","foundingDate":"2022-11-16","vatID":"FR84921406419","taxID":"92140641900025"}]},"product_price_amount":"149.00","product_price_currency":"EUR","og_availability":"instock","product_availability":"instock","product_retailer_item_id":"GC64A9827637","product_condition":"new"},"jetpack_publicize_connections":[],"jetpack_likes_enabled":true,"jetpack_sharing_enabled":true,"_links":{"self":[{"href":"https:\/\/groupecoiff.com\/en\/wp-json\/wp\/v2\/product\/27637","targetHints":{"allow":["GET"]}}],"collection":[{"href":"https:\/\/groupecoiff.com\/en\/wp-json\/wp\/v2\/product"}],"about":[{"href":"https:\/\/groupecoiff.com\/en\/wp-json\/wp\/v2\/types\/product"}],"replies":[{"embeddable":true,"href":"https:\/\/groupecoiff.com\/en\/wp-json\/wp\/v2\/comments?post=27637"}],"version-history":[{"count":0,"href":"https:\/\/groupecoiff.com\/en\/wp-json\/wp\/v2\/product\/27637\/revisions"}],"wp:featuredmedia":[{"embeddable":true,"href":"https:\/\/groupecoiff.com\/en\/wp-json\/wp\/v2\/media\/27713"}],"wp:attachment":[{"href":"https:\/\/groupecoiff.com\/en\/wp-json\/wp\/v2\/media?parent=27637"}],"wp:term":[{"taxonomy":"product_brand","embeddable":true,"href":"https:\/\/groupecoiff.com\/en\/wp-json\/wp\/v2\/product_brand?post=27637"},{"taxonomy":"product_cat","embeddable":true,"href":"https:\/\/groupecoiff.com\/en\/wp-json\/wp\/v2\/product_cat?post=27637"},{"taxonomy":"product_tag","embeddable":true,"href":"https:\/\/groupecoiff.com\/en\/wp-json\/wp\/v2\/product_tag?post=27637"}],"curies":[{"name":"wp","href":"https:\/\/api.w.org\/{rel}","templated":true}]}}