{"id":27638,"date":"2023-09-06T20:58:40","date_gmt":"2023-09-06T18:58:40","guid":{"rendered":"https:\/\/groupecoiff.com\/?post_type=product&#038;p=27638"},"modified":"2024-05-09T18:53:03","modified_gmt":"2024-05-09T16:53:03","slug":"enseigne-barbier-harold-black","status":"publish","type":"product","link":"https:\/\/groupecoiff.com\/en\/produit\/enseigne-barbier-harold-black\/","title":{"rendered":"Enseigne barbier Harold Black"},"content":{"rendered":"<p>Attract clients to your hair salon with this beautiful<strong>barber sign Harold Black.<\/strong> Very trendy thanks to its vintage side, it is seen from afar with the black and white color bands located in the column.<\/p>\n<ul>\n<li>\n<h3>Description d&rsquo;enseigne barbier Harold Black<\/h3>\n<\/li>\n<\/ul>\n<p>Indeed, the Harold Black barber sign is specially designed to meet the needs of professional hairdressers. Packed with advanced features, this versatile tool is an indispensable addition to any hairdressing or barbering salon.<\/p>\n<p>Secondly, the rotation and illumination of this illuminated rotating sign can be individually activated or deactivated. The wall-mounting bracket is made of stainless steel and the pole of acrylic. It is therefore resistant and not subject to rust. High-brightness LED lamps provide bright, even illumination of the work area. Secondly, its ergonomic design ensures an easy grip and fatigue-free use, even over long periods.<\/p>\n<p>With this classic barber shop sign, you'll attract more visitors and potential customers to your salon.<\/p>\n<ul>\n<li>\n<h3>Caract\u00e9ristiques<\/h3>\n<\/li>\n<\/ul>\n<p>Hormis sa r\u00e9sistance et son design tr\u00e8s plaisant, l&rsquo;enseigne barbier Harold Black n&rsquo;a pas fini de nous surprendre de surprises. Voici d&rsquo;autres caract\u00e9ristiques qui le d\u00e9finissent.<\/p>\n<p>Acrylic barber pole<br \/>\nTransparent structure<br \/>\nIntegrated LED lighting<br \/>\nRotary<br \/>\nBlack and white spiral bands<br \/>\nIdeal for indoor or outdoor installation<\/p>\n<p>For one barber sign purchased, <strong><span style=\"color: #993300;\"><a style=\"color: #993300;\" href=\"https:\/\/groupecoiff.com\/en\/store\/\">Groupe Coiff<\/a><\/span><\/strong> offers you free delivery, as quickly as possible in France and elsewhere.<\/p>","protected":false},"excerpt":{"rendered":"<p>Faites venir des clients dans votre salon de coiffure avec cette belle Enseigne barbier Harold Black. Tr\u00e8s tendance gr\u00e2ce \u00e0 son c\u00f4t\u00e9 vintage, elle est vue de loin avec les bandes de couleurs noires et blanches situ\u00e9es dans la colonne. Description d&rsquo;enseigne barbier Harold Black En effet, l&rsquo;enseigne barbier Harold Black est sp\u00e9cialement con\u00e7u pour [&hellip;]<\/p>\n","protected":false},"featured_media":30904,"comment_status":"open","ping_status":"closed","template":"","meta":{"googlesitekit_rrm_CAow0YCiDA:productID":"","jetpack_post_was_ever_published":false,"jetpack_publicize_message":"","jetpack_publicize_feature_enabled":true,"jetpack_social_post_already_shared":false,"jetpack_social_options":{"image_generator_settings":{"template":"highway","default_image_id":0,"font":"","enabled":false},"version":2}},"product_brand":[],"product_cat":[49],"product_tag":[],"class_list":{"0":"post-27638","1":"product","2":"type-product","3":"status-publish","4":"has-post-thumbnail","6":"product_cat-enseigne-de-barbier","8":"first","9":"instock","10":"featured","11":"taxable","12":"shipping-taxable","13":"purchasable","14":"product-type-simple"},"yoast_head":"<!-- This site is optimized with the Yoast SEO Premium plugin v27.4 (Yoast SEO v27.4) - https:\/\/yoast.com\/product\/yoast-seo-premium-wordpress\/ -->\n<title>Enseigne Barbier Harold Black: Beau design vintage - Groupe Coiff<\/title>\n<meta name=\"description\" content=\"D\u00e9couvrez notre enseigne barbier Harold Black \u00e0 LED. Int\u00e9rieur ou ext\u00e9rieur | livr\u00e9e avec une prise Europe et un c\u00e2ble d&#039;alimentation \u00e9lectrique\" \/>\n<meta name=\"robots\" content=\"index, follow, max-snippet:-1, max-image-preview:large, max-video-preview:-1\" \/>\n<link rel=\"canonical\" href=\"https:\/\/groupecoiff.com\/en\/product-2\/enseigne-barbier-harold-black\/\" \/>\n<meta property=\"og:locale\" content=\"en_US\" \/>\n<meta property=\"og:type\" content=\"article\" \/>\n<meta property=\"og:title\" content=\"Harold Black\" \/>\n<meta property=\"og:description\" content=\"Choisir notre belle enseigne de barbier Harold Black avec les bandes de couleurs noires et blanches qui sont dans la colonne. Avec cette enseigne classique de salon de barbier, vous allez attirer plus de visiteurs et de clients potentiels dans votre barbershop.\" \/>\n<meta property=\"og:url\" content=\"https:\/\/groupecoiff.com\/en\/product-2\/enseigne-barbier-harold-black\/\" \/>\n<meta property=\"og:site_name\" content=\"Groupe Coiff\" \/>\n<meta property=\"article:publisher\" content=\"https:\/\/www.facebook.com\/GroupeCoiff\" \/>\n<meta property=\"article:modified_time\" content=\"2024-05-09T16:53:03+00:00\" \/>\n<meta property=\"og:image\" content=\"https:\/\/groupecoiff.com\/wp-content\/uploads\/2023\/09\/Enseigne-barbier-Harold-Black-1.webp\" \/>\n\t<meta property=\"og:image:width\" content=\"1080\" \/>\n\t<meta property=\"og:image:height\" content=\"1080\" \/>\n\t<meta property=\"og:image:type\" content=\"image\/webp\" \/>\n<meta name=\"twitter:card\" content=\"summary_large_image\" \/>\n<meta name=\"twitter:title\" content=\"Enseigne barbier Harold Black\" \/>\n<meta name=\"twitter:site\" content=\"@groupecoiff\" \/>\n<meta name=\"twitter:label1\" content=\"Price\" \/>\n\t<meta name=\"twitter:data1\" content=\"149,00&nbsp;&euro;\" \/>\n\t<meta name=\"twitter:label2\" content=\"Availability\" \/>\n\t<meta name=\"twitter:data2\" content=\"In stock\" \/>\n<script type=\"application\/ld+json\" class=\"yoast-schema-graph\">{\"@context\":\"https:\\\/\\\/schema.org\",\"@graph\":[{\"@type\":\"WebPage\",\"@id\":\"https:\\\/\\\/groupecoiff.com\\\/produit\\\/enseigne-barbier-harold-black\\\/\",\"url\":\"https:\\\/\\\/groupecoiff.com\\\/produit\\\/enseigne-barbier-harold-black\\\/\",\"name\":\"Enseigne Barbier Harold Black: Beau design vintage - Groupe Coiff\",\"isPartOf\":{\"@id\":\"https:\\\/\\\/groupecoiff.com\\\/#website\"},\"primaryImageOfPage\":{\"@id\":\"https:\\\/\\\/groupecoiff.com\\\/produit\\\/enseigne-barbier-harold-black\\\/#primaryimage\"},\"image\":{\"@id\":\"https:\\\/\\\/groupecoiff.com\\\/produit\\\/enseigne-barbier-harold-black\\\/#primaryimage\"},\"thumbnailUrl\":\"https:\\\/\\\/groupecoiff.com\\\/wp-content\\\/uploads\\\/2023\\\/09\\\/Enseigne-barbier-Harold-Black-1.webp\",\"datePublished\":\"2023-09-06T18:58:40+00:00\",\"dateModified\":\"2024-05-09T16:53:03+00:00\",\"description\":\"D\u00e9couvrez notre enseigne barbier Harold Black \u00e0 LED. Int\u00e9rieur ou ext\u00e9rieur | livr\u00e9e avec une prise Europe et un c\u00e2ble d'alimentation \u00e9lectrique\",\"breadcrumb\":{\"@id\":\"https:\\\/\\\/groupecoiff.com\\\/produit\\\/enseigne-barbier-harold-black\\\/#breadcrumb\"},\"inLanguage\":\"en-US\",\"potentialAction\":[{\"@type\":\"ReadAction\",\"target\":[\"https:\\\/\\\/groupecoiff.com\\\/produit\\\/enseigne-barbier-harold-black\\\/\"]}]},{\"@type\":\"ImageObject\",\"inLanguage\":\"en-US\",\"@id\":\"https:\\\/\\\/groupecoiff.com\\\/produit\\\/enseigne-barbier-harold-black\\\/#primaryimage\",\"url\":\"https:\\\/\\\/groupecoiff.com\\\/wp-content\\\/uploads\\\/2023\\\/09\\\/Enseigne-barbier-Harold-Black-1.webp\",\"contentUrl\":\"https:\\\/\\\/groupecoiff.com\\\/wp-content\\\/uploads\\\/2023\\\/09\\\/Enseigne-barbier-Harold-Black-1.webp\",\"width\":1080,\"height\":1080,\"caption\":\"Enseigne barbier Harold Black\"},{\"@type\":\"BreadcrumbList\",\"@id\":\"https:\\\/\\\/groupecoiff.com\\\/produit\\\/enseigne-barbier-harold-black\\\/#breadcrumb\",\"itemListElement\":[{\"@type\":\"ListItem\",\"position\":1,\"name\":\"Accueil\",\"item\":\"https:\\\/\\\/groupecoiff.com\\\/\"},{\"@type\":\"ListItem\",\"position\":2,\"name\":\"Boutique\",\"item\":\"https:\\\/\\\/groupecoiff.com\\\/boutique\\\/\"},{\"@type\":\"ListItem\",\"position\":3,\"name\":\"Enseigne barbier Harold Black\"}]},{\"@type\":\"WebSite\",\"@id\":\"https:\\\/\\\/groupecoiff.com\\\/#website\",\"url\":\"https:\\\/\\\/groupecoiff.com\\\/\",\"name\":\"Groupe Coiff\",\"description\":\"Tout pour la coiffure\",\"publisher\":{\"@id\":\"https:\\\/\\\/groupecoiff.com\\\/#organization\"},\"potentialAction\":[{\"@type\":\"SearchAction\",\"target\":{\"@type\":\"EntryPoint\",\"urlTemplate\":\"https:\\\/\\\/groupecoiff.com\\\/?s={search_term_string}\"},\"query-input\":{\"@type\":\"PropertyValueSpecification\",\"valueRequired\":true,\"valueName\":\"search_term_string\"}}],\"inLanguage\":\"en-US\"},{\"@type\":\"Organization\",\"@id\":\"https:\\\/\\\/groupecoiff.com\\\/#organization\",\"name\":\"Groupe Coiff\",\"alternateName\":\"Groupe Coiff : Le Mobilier De Coiffure Haut de Gamme Pour Une \u00c9l\u00e9gance In\u00e9gal\u00e9e\",\"url\":\"https:\\\/\\\/groupecoiff.com\\\/\",\"logo\":{\"@type\":\"ImageObject\",\"inLanguage\":\"en-US\",\"@id\":\"https:\\\/\\\/groupecoiff.com\\\/#\\\/schema\\\/logo\\\/image\\\/\",\"url\":\"https:\\\/\\\/groupecoiff.com\\\/wp-content\\\/uploads\\\/2024\\\/01\\\/cropped-Groupe-Coiff-Logo.webp\",\"contentUrl\":\"https:\\\/\\\/groupecoiff.com\\\/wp-content\\\/uploads\\\/2024\\\/01\\\/cropped-Groupe-Coiff-Logo.webp\",\"width\":512,\"height\":512,\"caption\":\"Groupe Coiff\"},\"image\":{\"@id\":\"https:\\\/\\\/groupecoiff.com\\\/#\\\/schema\\\/logo\\\/image\\\/\"},\"sameAs\":[\"https:\\\/\\\/www.facebook.com\\\/GroupeCoiff\",\"https:\\\/\\\/x.com\\\/groupecoiff\",\"https:\\\/\\\/www.instagram.com\\\/groupecoiff\\\/\",\"https:\\\/\\\/www.tiktok.com\\\/@groupecoiff\",\"https:\\\/\\\/www.youtube.com\\\/@groupecoiff\",\"https:\\\/\\\/twitter.com\\\/groupecoiff\",\"https:\\\/\\\/www.leboncoin.fr\\\/boutique\\\/3961302\\\/groupe_coiff.htm\"],\"description\":\"D\u00e9couvrez le mobilier de coiffure haut de gamme de Groupe Coiff, alliant \u00e9l\u00e9gance et fonctionnalit\u00e9 pour sublimer votre salon et satisfaire vos clients.\",\"email\":\"contact@groupecoiff.com\",\"telephone\":\"0676951605\",\"legalName\":\"Groupe Coiff\",\"foundingDate\":\"2022-11-16\",\"vatID\":\"FR84921406419\",\"taxID\":\"92140641900025\"}]}<\/script>\n<meta property=\"product:price:amount\" content=\"149.00\" \/>\n<meta property=\"product:price:currency\" content=\"EUR\" \/>\n<meta property=\"og:availability\" content=\"instock\" \/>\n<meta property=\"product:availability\" content=\"instock\" \/>\n<meta property=\"product:retailer_item_id\" content=\"GCWOG7B27638\" \/>\n<meta property=\"product:condition\" content=\"new\" \/>\n<!-- \/ Yoast SEO Premium plugin. -->","yoast_head_json":{"title":"Harold Black Barber Sign: Beautiful vintage design - Groupe Coiff","description":"Discover our Harold Black LED barber sign. Indoor or outdoor | delivered with a European plug and electrical power cable","robots":{"index":"index","follow":"follow","max-snippet":"max-snippet:-1","max-image-preview":"max-image-preview:large","max-video-preview":"max-video-preview:-1"},"canonical":"https:\/\/groupecoiff.com\/en\/product-2\/enseigne-barbier-harold-black\/","og_locale":"en_US","og_type":"article","og_title":"Harold Black","og_description":"Choisir notre belle enseigne de barbier Harold Black avec les bandes de couleurs noires et blanches qui sont dans la colonne. Avec cette enseigne classique de salon de barbier, vous allez attirer plus de visiteurs et de clients potentiels dans votre barbershop.","og_url":"https:\/\/groupecoiff.com\/en\/product-2\/enseigne-barbier-harold-black\/","og_site_name":"Groupe Coiff","article_publisher":"https:\/\/www.facebook.com\/GroupeCoiff","article_modified_time":"2024-05-09T16:53:03+00:00","og_image":[{"width":1080,"height":1080,"url":"https:\/\/groupecoiff.com\/wp-content\/uploads\/2023\/09\/Enseigne-barbier-Harold-Black-1.webp","type":"image\/webp"}],"twitter_card":"summary_large_image","twitter_title":"Enseigne barbier Harold Black","twitter_site":"@groupecoiff","twitter_misc":{"Price":"149,00&nbsp;&euro;","Availability":"In stock"},"schema":{"@context":"https:\/\/schema.org","@graph":[{"@type":"WebPage","@id":"https:\/\/groupecoiff.com\/produit\/enseigne-barbier-harold-black\/","url":"https:\/\/groupecoiff.com\/produit\/enseigne-barbier-harold-black\/","name":"Harold Black Barber Sign: Beautiful vintage design - Groupe Coiff","isPartOf":{"@id":"https:\/\/groupecoiff.com\/#website"},"primaryImageOfPage":{"@id":"https:\/\/groupecoiff.com\/produit\/enseigne-barbier-harold-black\/#primaryimage"},"image":{"@id":"https:\/\/groupecoiff.com\/produit\/enseigne-barbier-harold-black\/#primaryimage"},"thumbnailUrl":"https:\/\/groupecoiff.com\/wp-content\/uploads\/2023\/09\/Enseigne-barbier-Harold-Black-1.webp","datePublished":"2023-09-06T18:58:40+00:00","dateModified":"2024-05-09T16:53:03+00:00","description":"Discover our Harold Black LED barber sign. Indoor or outdoor | delivered with a European plug and electrical power cable","breadcrumb":{"@id":"https:\/\/groupecoiff.com\/produit\/enseigne-barbier-harold-black\/#breadcrumb"},"inLanguage":"en-US","potentialAction":[{"@type":"ReadAction","target":["https:\/\/groupecoiff.com\/produit\/enseigne-barbier-harold-black\/"]}]},{"@type":"ImageObject","inLanguage":"en-US","@id":"https:\/\/groupecoiff.com\/produit\/enseigne-barbier-harold-black\/#primaryimage","url":"https:\/\/groupecoiff.com\/wp-content\/uploads\/2023\/09\/Enseigne-barbier-Harold-Black-1.webp","contentUrl":"https:\/\/groupecoiff.com\/wp-content\/uploads\/2023\/09\/Enseigne-barbier-Harold-Black-1.webp","width":1080,"height":1080,"caption":"Enseigne barbier Harold Black"},{"@type":"BreadcrumbList","@id":"https:\/\/groupecoiff.com\/produit\/enseigne-barbier-harold-black\/#breadcrumb","itemListElement":[{"@type":"ListItem","position":1,"name":"Accueil","item":"https:\/\/groupecoiff.com\/"},{"@type":"ListItem","position":2,"name":"Boutique","item":"https:\/\/groupecoiff.com\/boutique\/"},{"@type":"ListItem","position":3,"name":"Enseigne barbier Harold Black"}]},{"@type":"WebSite","@id":"https:\/\/groupecoiff.com\/#website","url":"https:\/\/groupecoiff.com\/","name":"Coiff Group","description":"Everything for the hairdresser","publisher":{"@id":"https:\/\/groupecoiff.com\/#organization"},"potentialAction":[{"@type":"SearchAction","target":{"@type":"EntryPoint","urlTemplate":"https:\/\/groupecoiff.com\/?s={search_term_string}"},"query-input":{"@type":"PropertyValueSpecification","valueRequired":true,"valueName":"search_term_string"}}],"inLanguage":"en-US"},{"@type":"Organization","@id":"https:\/\/groupecoiff.com\/#organization","name":"Coiff Group","alternateName":"Groupe Coiff : Le Mobilier De Coiffure Haut de Gamme Pour Une \u00c9l\u00e9gance In\u00e9gal\u00e9e","url":"https:\/\/groupecoiff.com\/","logo":{"@type":"ImageObject","inLanguage":"en-US","@id":"https:\/\/groupecoiff.com\/#\/schema\/logo\/image\/","url":"https:\/\/groupecoiff.com\/wp-content\/uploads\/2024\/01\/cropped-Groupe-Coiff-Logo.webp","contentUrl":"https:\/\/groupecoiff.com\/wp-content\/uploads\/2024\/01\/cropped-Groupe-Coiff-Logo.webp","width":512,"height":512,"caption":"Groupe Coiff"},"image":{"@id":"https:\/\/groupecoiff.com\/#\/schema\/logo\/image\/"},"sameAs":["https:\/\/www.facebook.com\/GroupeCoiff","https:\/\/x.com\/groupecoiff","https:\/\/www.instagram.com\/groupecoiff\/","https:\/\/www.tiktok.com\/@groupecoiff","https:\/\/www.youtube.com\/@groupecoiff","https:\/\/twitter.com\/groupecoiff","https:\/\/www.leboncoin.fr\/boutique\/3961302\/groupe_coiff.htm"],"description":"Discover Groupe Coiff's top-of-the-range hairdressing furniture, combining elegance and functionality to enhance your salon and satisfy your customers.","email":"contact@groupecoiff.com","telephone":"0676951605","legalName":"Groupe Coiff","foundingDate":"2022-11-16","vatID":"FR84921406419","taxID":"92140641900025"}]},"product_price_amount":"149.00","product_price_currency":"EUR","og_availability":"instock","product_availability":"instock","product_retailer_item_id":"GCWOG7B27638","product_condition":"new"},"jetpack_publicize_connections":[],"jetpack_likes_enabled":true,"jetpack_sharing_enabled":true,"_links":{"self":[{"href":"https:\/\/groupecoiff.com\/en\/wp-json\/wp\/v2\/product\/27638","targetHints":{"allow":["GET"]}}],"collection":[{"href":"https:\/\/groupecoiff.com\/en\/wp-json\/wp\/v2\/product"}],"about":[{"href":"https:\/\/groupecoiff.com\/en\/wp-json\/wp\/v2\/types\/product"}],"replies":[{"embeddable":true,"href":"https:\/\/groupecoiff.com\/en\/wp-json\/wp\/v2\/comments?post=27638"}],"version-history":[{"count":0,"href":"https:\/\/groupecoiff.com\/en\/wp-json\/wp\/v2\/product\/27638\/revisions"}],"wp:featuredmedia":[{"embeddable":true,"href":"https:\/\/groupecoiff.com\/en\/wp-json\/wp\/v2\/media\/30904"}],"wp:attachment":[{"href":"https:\/\/groupecoiff.com\/en\/wp-json\/wp\/v2\/media?parent=27638"}],"wp:term":[{"taxonomy":"product_brand","embeddable":true,"href":"https:\/\/groupecoiff.com\/en\/wp-json\/wp\/v2\/product_brand?post=27638"},{"taxonomy":"product_cat","embeddable":true,"href":"https:\/\/groupecoiff.com\/en\/wp-json\/wp\/v2\/product_cat?post=27638"},{"taxonomy":"product_tag","embeddable":true,"href":"https:\/\/groupecoiff.com\/en\/wp-json\/wp\/v2\/product_tag?post=27638"}],"curies":[{"name":"wp","href":"https:\/\/api.w.org\/{rel}","templated":true}]}}