{"id":27640,"date":"2023-09-06T20:58:40","date_gmt":"2023-09-06T18:58:40","guid":{"rendered":"https:\/\/groupecoiff.com\/?post_type=product&#038;p=27640"},"modified":"2024-08-29T20:32:28","modified_gmt":"2024-08-29T18:32:28","slug":"enseigne-barbier-kelly","status":"publish","type":"product","link":"https:\/\/groupecoiff.com\/en\/produit\/enseigne-barbier-kelly\/","title":{"rendered":"Enseigne barbier Kelly"},"content":{"rendered":"<p>L\u2019<strong>Kelly Barber Sign<\/strong> with lighting and rotating movement allows you to signal your establishment. With its classic cylindrical shape, it combines white, red and blue colors to embrace pure tradition.<\/p>\n<ul>\n<li>\n<h3>Description de l&rsquo;enseigne barbier Kelly<\/h3>\n<\/li>\n<\/ul>\n<p>L&rsquo;enseigne barbier lumineuse Kelly est \u00e9l\u00e9gante, vintage avec une touche de modernit\u00e9 et donne plus de prestige \u00e0 votre barbershop. Aussi, il est appr\u00e9ci\u00e9 de loin, et sera une excellente publicit\u00e9 pour votre salon de coiffure.<\/p>\n<p>Moreover, this model features a luminous globe in the upper section. Then, you can install the illuminated sign both outdoors and indoors. It resists rust, the pole is made of acrylic and the support is made of stainless steel.<\/p>\n<p>The main distinguishing feature of the Kelly barber sign is its lighting. Equipped with LED lights on the inside that illuminate the symbol, creating optimum visibility and legibility even at night. The LED lights are energy-efficient and offer a wide variety of colors, making it possible to create attractive lighting effects.<\/p>\n<p>The colors used are in harmony with the barber's branding and correspond to retro or vintage themes to create a nostalgic atmosphere.<\/p>\n<ul>\n<li>\n<h3>Caract\u00e9ristiques de l&rsquo;enseigne<\/h3>\n<\/li>\n<\/ul>\n<p>\u2013 Poteau de barbier en acrylique<br \/>\n\u2013 Structure transparente<br \/>\n\u2013 \u00c9clairage LED int\u00e9gr\u00e9<br \/>\n\u2013 Rotatif<br \/>\n\u2013 Bandes en forme spirale blanches, rouges et bleues<br \/>\n\u2013 Id\u00e9al pour installation \u00e0 l\u2019int\u00e9rieur ou \u00e0 l\u2019ext\u00e9rieur<\/p>\n<p><strong>Height:<\/strong>\u00a079 cm<\/p>\n<p><strong>Width:<\/strong>\u00a023 cm<\/p>\n<p><strong>Weight:<\/strong>\u00a02.3 kg<\/p>\n<p>&nbsp;<\/p>","protected":false},"excerpt":{"rendered":"<p>L\u2019Enseigne de barbier Kelly avec \u00e9clairage et mouvement rotatif permet de signaler votre \u00e9tablissement. Avec sa forme cylindrique classique, elle combine les couleurs blanches, rouges et bleues pour reprendre la pure tradition. Description de l&rsquo;enseigne barbier Kelly L&rsquo;enseigne barbier lumineuse Kelly est \u00e9l\u00e9gante, vintage avec une touche de modernit\u00e9 et donne plus de prestige \u00e0 [&hellip;]<\/p>\n","protected":false},"featured_media":27721,"comment_status":"open","ping_status":"closed","template":"","meta":{"googlesitekit_rrm_CAow0YCiDA:productID":"","jetpack_post_was_ever_published":false,"jetpack_publicize_message":"","jetpack_publicize_feature_enabled":true,"jetpack_social_post_already_shared":false,"jetpack_social_options":{"image_generator_settings":{"template":"highway","default_image_id":0,"font":"","enabled":false},"version":2}},"product_brand":[],"product_cat":[49],"product_tag":[],"class_list":{"0":"post-27640","1":"product","2":"type-product","3":"status-publish","4":"has-post-thumbnail","6":"product_cat-enseigne-de-barbier","8":"first","9":"instock","10":"featured","11":"taxable","12":"shipping-taxable","13":"purchasable","14":"product-type-simple"},"yoast_head":"<!-- This site is optimized with the Yoast SEO Premium plugin v27.4 (Yoast SEO v27.4) - https:\/\/yoast.com\/product\/yoast-seo-premium-wordpress\/ -->\n<title>\u00c9l\u00e9gante et Vintage: L&#039;Enseigne Barbier Kelly - Groupe Coiff<\/title>\n<meta name=\"description\" content=\"Votre salon de coiffure m\u00e9rite le meilleur. Enseigne barbier Kelly uniques et personnalis\u00e9es pour attirer l&#039;\u0153il des clients. Eclairage LED optimal\" \/>\n<meta name=\"robots\" content=\"index, follow, max-snippet:-1, max-image-preview:large, max-video-preview:-1\" \/>\n<link rel=\"canonical\" href=\"https:\/\/groupecoiff.com\/en\/product-2\/enseigne-barbier-kelly\/\" \/>\n<meta property=\"og:locale\" content=\"en_US\" \/>\n<meta property=\"og:type\" content=\"article\" \/>\n<meta property=\"og:title\" content=\"Kelly\" \/>\n<meta property=\"og:description\" content=\"D\u00e9couvrez l\u2019enseigne de barbier Kelly avec \u00e9clairage et mouvement rotatif permet de signaler votre \u00e9tablissement et vous pouvez installer l\u2019enseigne lumineuse \u00e0 l\u2019ext\u00e9rieur comme \u00e0 l\u2019int\u00e9rieur. le poteau est fabriqu\u00e9 en acrylique et le support en acier inoxydable. \u00c9clairage LED int\u00e9gr\u00e9. Rotatif. Bandes en forme spirale blanches, rouges et bleues.\" \/>\n<meta property=\"og:url\" content=\"https:\/\/groupecoiff.com\/en\/product-2\/enseigne-barbier-kelly\/\" \/>\n<meta property=\"og:site_name\" content=\"Groupe Coiff\" \/>\n<meta property=\"article:publisher\" content=\"https:\/\/www.facebook.com\/GroupeCoiff\" \/>\n<meta property=\"article:modified_time\" content=\"2024-08-29T18:32:28+00:00\" \/>\n<meta property=\"og:image\" content=\"https:\/\/groupecoiff.com\/wp-content\/uploads\/2023\/09\/Kelly-1.png\" \/>\n\t<meta property=\"og:image:width\" content=\"1080\" \/>\n\t<meta property=\"og:image:height\" content=\"1080\" \/>\n\t<meta property=\"og:image:type\" content=\"image\/png\" \/>\n<meta name=\"twitter:card\" content=\"summary_large_image\" \/>\n<meta name=\"twitter:title\" content=\"Enseigne barbier Kelly\" \/>\n<meta name=\"twitter:site\" content=\"@groupecoiff\" \/>\n<meta name=\"twitter:label1\" content=\"Price\" \/>\n\t<meta name=\"twitter:data1\" content=\"149,00&nbsp;&euro;\" \/>\n\t<meta name=\"twitter:label2\" content=\"Availability\" \/>\n\t<meta name=\"twitter:data2\" content=\"In stock\" \/>\n<script type=\"application\/ld+json\" class=\"yoast-schema-graph\">{\"@context\":\"https:\\\/\\\/schema.org\",\"@graph\":[{\"@type\":\"WebPage\",\"@id\":\"https:\\\/\\\/groupecoiff.com\\\/produit\\\/enseigne-barbier-kelly\\\/\",\"url\":\"https:\\\/\\\/groupecoiff.com\\\/produit\\\/enseigne-barbier-kelly\\\/\",\"name\":\"\u00c9l\u00e9gante et Vintage: L'Enseigne Barbier Kelly - Groupe Coiff\",\"isPartOf\":{\"@id\":\"https:\\\/\\\/groupecoiff.com\\\/#website\"},\"primaryImageOfPage\":{\"@id\":\"https:\\\/\\\/groupecoiff.com\\\/produit\\\/enseigne-barbier-kelly\\\/#primaryimage\"},\"image\":{\"@id\":\"https:\\\/\\\/groupecoiff.com\\\/produit\\\/enseigne-barbier-kelly\\\/#primaryimage\"},\"thumbnailUrl\":\"https:\\\/\\\/groupecoiff.com\\\/wp-content\\\/uploads\\\/2023\\\/09\\\/Kelly-1.png\",\"datePublished\":\"2023-09-06T18:58:40+00:00\",\"dateModified\":\"2024-08-29T18:32:28+00:00\",\"description\":\"Votre salon de coiffure m\u00e9rite le meilleur. Enseigne barbier Kelly uniques et personnalis\u00e9es pour attirer l'\u0153il des clients. Eclairage LED optimal\",\"breadcrumb\":{\"@id\":\"https:\\\/\\\/groupecoiff.com\\\/produit\\\/enseigne-barbier-kelly\\\/#breadcrumb\"},\"inLanguage\":\"en-US\",\"potentialAction\":[{\"@type\":\"ReadAction\",\"target\":[\"https:\\\/\\\/groupecoiff.com\\\/produit\\\/enseigne-barbier-kelly\\\/\"]}]},{\"@type\":\"ImageObject\",\"inLanguage\":\"en-US\",\"@id\":\"https:\\\/\\\/groupecoiff.com\\\/produit\\\/enseigne-barbier-kelly\\\/#primaryimage\",\"url\":\"https:\\\/\\\/groupecoiff.com\\\/wp-content\\\/uploads\\\/2023\\\/09\\\/Kelly-1.png\",\"contentUrl\":\"https:\\\/\\\/groupecoiff.com\\\/wp-content\\\/uploads\\\/2023\\\/09\\\/Kelly-1.png\",\"width\":1080,\"height\":1080,\"caption\":\"Enseigne barbier Kelly\"},{\"@type\":\"BreadcrumbList\",\"@id\":\"https:\\\/\\\/groupecoiff.com\\\/produit\\\/enseigne-barbier-kelly\\\/#breadcrumb\",\"itemListElement\":[{\"@type\":\"ListItem\",\"position\":1,\"name\":\"Accueil\",\"item\":\"https:\\\/\\\/groupecoiff.com\\\/\"},{\"@type\":\"ListItem\",\"position\":2,\"name\":\"Boutique\",\"item\":\"https:\\\/\\\/groupecoiff.com\\\/boutique\\\/\"},{\"@type\":\"ListItem\",\"position\":3,\"name\":\"Enseigne barbier Kelly\"}]},{\"@type\":\"WebSite\",\"@id\":\"https:\\\/\\\/groupecoiff.com\\\/#website\",\"url\":\"https:\\\/\\\/groupecoiff.com\\\/\",\"name\":\"Groupe Coiff\",\"description\":\"Tout pour la coiffure\",\"publisher\":{\"@id\":\"https:\\\/\\\/groupecoiff.com\\\/#organization\"},\"potentialAction\":[{\"@type\":\"SearchAction\",\"target\":{\"@type\":\"EntryPoint\",\"urlTemplate\":\"https:\\\/\\\/groupecoiff.com\\\/?s={search_term_string}\"},\"query-input\":{\"@type\":\"PropertyValueSpecification\",\"valueRequired\":true,\"valueName\":\"search_term_string\"}}],\"inLanguage\":\"en-US\"},{\"@type\":\"Organization\",\"@id\":\"https:\\\/\\\/groupecoiff.com\\\/#organization\",\"name\":\"Groupe Coiff\",\"alternateName\":\"Groupe Coiff : Le Mobilier De Coiffure Haut de Gamme Pour Une \u00c9l\u00e9gance In\u00e9gal\u00e9e\",\"url\":\"https:\\\/\\\/groupecoiff.com\\\/\",\"logo\":{\"@type\":\"ImageObject\",\"inLanguage\":\"en-US\",\"@id\":\"https:\\\/\\\/groupecoiff.com\\\/#\\\/schema\\\/logo\\\/image\\\/\",\"url\":\"https:\\\/\\\/groupecoiff.com\\\/wp-content\\\/uploads\\\/2024\\\/01\\\/cropped-Groupe-Coiff-Logo.webp\",\"contentUrl\":\"https:\\\/\\\/groupecoiff.com\\\/wp-content\\\/uploads\\\/2024\\\/01\\\/cropped-Groupe-Coiff-Logo.webp\",\"width\":512,\"height\":512,\"caption\":\"Groupe Coiff\"},\"image\":{\"@id\":\"https:\\\/\\\/groupecoiff.com\\\/#\\\/schema\\\/logo\\\/image\\\/\"},\"sameAs\":[\"https:\\\/\\\/www.facebook.com\\\/GroupeCoiff\",\"https:\\\/\\\/x.com\\\/groupecoiff\",\"https:\\\/\\\/www.instagram.com\\\/groupecoiff\\\/\",\"https:\\\/\\\/www.tiktok.com\\\/@groupecoiff\",\"https:\\\/\\\/www.youtube.com\\\/@groupecoiff\",\"https:\\\/\\\/twitter.com\\\/groupecoiff\",\"https:\\\/\\\/www.leboncoin.fr\\\/boutique\\\/3961302\\\/groupe_coiff.htm\"],\"description\":\"D\u00e9couvrez le mobilier de coiffure haut de gamme de Groupe Coiff, alliant \u00e9l\u00e9gance et fonctionnalit\u00e9 pour sublimer votre salon et satisfaire vos clients.\",\"email\":\"contact@groupecoiff.com\",\"telephone\":\"0676951605\",\"legalName\":\"Groupe Coiff\",\"foundingDate\":\"2022-11-16\",\"vatID\":\"FR84921406419\",\"taxID\":\"92140641900025\"}]}<\/script>\n<meta property=\"product:price:amount\" content=\"149.00\" \/>\n<meta property=\"product:price:currency\" content=\"EUR\" \/>\n<meta property=\"og:availability\" content=\"instock\" \/>\n<meta property=\"product:availability\" content=\"instock\" \/>\n<meta property=\"product:retailer_item_id\" content=\"GCJ27U427640\" \/>\n<meta property=\"product:condition\" content=\"new\" \/>\n<!-- \/ Yoast SEO Premium plugin. -->","yoast_head_json":{"title":"Elegant and Vintage: The Kelly Barber Sign - Groupe Coiff","description":"Your hair salon deserves the best. Unique and customized Kelly barber signs to catch clients' attention. Optimal LED lighting","robots":{"index":"index","follow":"follow","max-snippet":"max-snippet:-1","max-image-preview":"max-image-preview:large","max-video-preview":"max-video-preview:-1"},"canonical":"https:\/\/groupecoiff.com\/en\/product-2\/enseigne-barbier-kelly\/","og_locale":"en_US","og_type":"article","og_title":"Kelly","og_description":"D\u00e9couvrez l\u2019enseigne de barbier Kelly avec \u00e9clairage et mouvement rotatif permet de signaler votre \u00e9tablissement et vous pouvez installer l\u2019enseigne lumineuse \u00e0 l\u2019ext\u00e9rieur comme \u00e0 l\u2019int\u00e9rieur. le poteau est fabriqu\u00e9 en acrylique et le support en acier inoxydable. \u00c9clairage LED int\u00e9gr\u00e9. Rotatif. Bandes en forme spirale blanches, rouges et bleues.","og_url":"https:\/\/groupecoiff.com\/en\/product-2\/enseigne-barbier-kelly\/","og_site_name":"Groupe Coiff","article_publisher":"https:\/\/www.facebook.com\/GroupeCoiff","article_modified_time":"2024-08-29T18:32:28+00:00","og_image":[{"width":1080,"height":1080,"url":"https:\/\/groupecoiff.com\/wp-content\/uploads\/2023\/09\/Kelly-1.png","type":"image\/png"}],"twitter_card":"summary_large_image","twitter_title":"Enseigne barbier Kelly","twitter_site":"@groupecoiff","twitter_misc":{"Price":"149,00&nbsp;&euro;","Availability":"In stock"},"schema":{"@context":"https:\/\/schema.org","@graph":[{"@type":"WebPage","@id":"https:\/\/groupecoiff.com\/produit\/enseigne-barbier-kelly\/","url":"https:\/\/groupecoiff.com\/produit\/enseigne-barbier-kelly\/","name":"Elegant and Vintage: The Kelly Barber Sign - Groupe Coiff","isPartOf":{"@id":"https:\/\/groupecoiff.com\/#website"},"primaryImageOfPage":{"@id":"https:\/\/groupecoiff.com\/produit\/enseigne-barbier-kelly\/#primaryimage"},"image":{"@id":"https:\/\/groupecoiff.com\/produit\/enseigne-barbier-kelly\/#primaryimage"},"thumbnailUrl":"https:\/\/groupecoiff.com\/wp-content\/uploads\/2023\/09\/Kelly-1.png","datePublished":"2023-09-06T18:58:40+00:00","dateModified":"2024-08-29T18:32:28+00:00","description":"Your hair salon deserves the best. Unique and customized Kelly barber signs to catch clients' attention. Optimal LED lighting","breadcrumb":{"@id":"https:\/\/groupecoiff.com\/produit\/enseigne-barbier-kelly\/#breadcrumb"},"inLanguage":"en-US","potentialAction":[{"@type":"ReadAction","target":["https:\/\/groupecoiff.com\/produit\/enseigne-barbier-kelly\/"]}]},{"@type":"ImageObject","inLanguage":"en-US","@id":"https:\/\/groupecoiff.com\/produit\/enseigne-barbier-kelly\/#primaryimage","url":"https:\/\/groupecoiff.com\/wp-content\/uploads\/2023\/09\/Kelly-1.png","contentUrl":"https:\/\/groupecoiff.com\/wp-content\/uploads\/2023\/09\/Kelly-1.png","width":1080,"height":1080,"caption":"Enseigne barbier Kelly"},{"@type":"BreadcrumbList","@id":"https:\/\/groupecoiff.com\/produit\/enseigne-barbier-kelly\/#breadcrumb","itemListElement":[{"@type":"ListItem","position":1,"name":"Accueil","item":"https:\/\/groupecoiff.com\/"},{"@type":"ListItem","position":2,"name":"Boutique","item":"https:\/\/groupecoiff.com\/boutique\/"},{"@type":"ListItem","position":3,"name":"Enseigne barbier Kelly"}]},{"@type":"WebSite","@id":"https:\/\/groupecoiff.com\/#website","url":"https:\/\/groupecoiff.com\/","name":"Coiff Group","description":"Everything for the hairdresser","publisher":{"@id":"https:\/\/groupecoiff.com\/#organization"},"potentialAction":[{"@type":"SearchAction","target":{"@type":"EntryPoint","urlTemplate":"https:\/\/groupecoiff.com\/?s={search_term_string}"},"query-input":{"@type":"PropertyValueSpecification","valueRequired":true,"valueName":"search_term_string"}}],"inLanguage":"en-US"},{"@type":"Organization","@id":"https:\/\/groupecoiff.com\/#organization","name":"Coiff Group","alternateName":"Groupe Coiff : Le Mobilier De Coiffure Haut de Gamme Pour Une \u00c9l\u00e9gance In\u00e9gal\u00e9e","url":"https:\/\/groupecoiff.com\/","logo":{"@type":"ImageObject","inLanguage":"en-US","@id":"https:\/\/groupecoiff.com\/#\/schema\/logo\/image\/","url":"https:\/\/groupecoiff.com\/wp-content\/uploads\/2024\/01\/cropped-Groupe-Coiff-Logo.webp","contentUrl":"https:\/\/groupecoiff.com\/wp-content\/uploads\/2024\/01\/cropped-Groupe-Coiff-Logo.webp","width":512,"height":512,"caption":"Groupe Coiff"},"image":{"@id":"https:\/\/groupecoiff.com\/#\/schema\/logo\/image\/"},"sameAs":["https:\/\/www.facebook.com\/GroupeCoiff","https:\/\/x.com\/groupecoiff","https:\/\/www.instagram.com\/groupecoiff\/","https:\/\/www.tiktok.com\/@groupecoiff","https:\/\/www.youtube.com\/@groupecoiff","https:\/\/twitter.com\/groupecoiff","https:\/\/www.leboncoin.fr\/boutique\/3961302\/groupe_coiff.htm"],"description":"Discover Groupe Coiff's top-of-the-range hairdressing furniture, combining elegance and functionality to enhance your salon and satisfy your customers.","email":"contact@groupecoiff.com","telephone":"0676951605","legalName":"Groupe Coiff","foundingDate":"2022-11-16","vatID":"FR84921406419","taxID":"92140641900025"}]},"product_price_amount":"149.00","product_price_currency":"EUR","og_availability":"instock","product_availability":"instock","product_retailer_item_id":"GCJ27U427640","product_condition":"new"},"jetpack_publicize_connections":[],"jetpack_likes_enabled":true,"jetpack_sharing_enabled":true,"_links":{"self":[{"href":"https:\/\/groupecoiff.com\/en\/wp-json\/wp\/v2\/product\/27640","targetHints":{"allow":["GET"]}}],"collection":[{"href":"https:\/\/groupecoiff.com\/en\/wp-json\/wp\/v2\/product"}],"about":[{"href":"https:\/\/groupecoiff.com\/en\/wp-json\/wp\/v2\/types\/product"}],"replies":[{"embeddable":true,"href":"https:\/\/groupecoiff.com\/en\/wp-json\/wp\/v2\/comments?post=27640"}],"version-history":[{"count":0,"href":"https:\/\/groupecoiff.com\/en\/wp-json\/wp\/v2\/product\/27640\/revisions"}],"wp:featuredmedia":[{"embeddable":true,"href":"https:\/\/groupecoiff.com\/en\/wp-json\/wp\/v2\/media\/27721"}],"wp:attachment":[{"href":"https:\/\/groupecoiff.com\/en\/wp-json\/wp\/v2\/media?parent=27640"}],"wp:term":[{"taxonomy":"product_brand","embeddable":true,"href":"https:\/\/groupecoiff.com\/en\/wp-json\/wp\/v2\/product_brand?post=27640"},{"taxonomy":"product_cat","embeddable":true,"href":"https:\/\/groupecoiff.com\/en\/wp-json\/wp\/v2\/product_cat?post=27640"},{"taxonomy":"product_tag","embeddable":true,"href":"https:\/\/groupecoiff.com\/en\/wp-json\/wp\/v2\/product_tag?post=27640"}],"curies":[{"name":"wp","href":"https:\/\/api.w.org\/{rel}","templated":true}]}}