{"id":27650,"date":"2023-09-06T20:59:10","date_gmt":"2023-09-06T18:59:10","guid":{"rendered":"https:\/\/groupecoiff.com\/?post_type=product&#038;p=27650"},"modified":"2025-12-01T17:35:05","modified_gmt":"2025-12-01T16:35:05","slug":"porte-seche-cheveux-maci","status":"publish","type":"product","link":"https:\/\/groupecoiff.com\/en\/produit\/porte-seche-cheveux-maci\/","title":{"rendered":"Porte s\u00e8che cheveux Maci"},"content":{"rendered":"<p>Keep your hair dryer close at hand with Maci's steel spiral wall-mounted hair dryer holder. Useful for your hairdressing salon, it's a multifunctional storage device. It keeps your workplace clean, tidy and space-saving.<\/p>\n<ul>\n<li>\n<h3>Description of the Maci hair dryer holder<\/h3>\n<\/li>\n<\/ul>\n<p>Made of stainless steel, Maci's hair dryer holder is rustproof and scratch-resistant. It safely supports the weight of the hair dryer, while offering easy, convenient use. It also adds style to your salon. Compatible with most types and sizes of hair dryer.<\/p>\n<p>In fact, Maci's hair dryer holder features a structure that allows the hair dryer to be attached in a stable manner. It is designed to fit different sizes and shapes of hairdryer, ensuring universal compatibility.<\/p>\n<p>Then you can attach it to a wall, cabinet or flat surface using screws, suction cups or other fastening systems. This allows you to place it in a convenient, accessible spot in your beauty room or hairdressing area.<\/p>\n<ul>\n<li>\n<h3>Maci features<\/h3>\n<\/li>\n<\/ul>\n<p>Maci is a stylish stand with elegant finishes to match the decor of your hairdressing space.<\/p>\n<p><strong>Material: Stainless steel<\/strong><br \/>\n<strong>Shape: Spiral<\/strong><br \/>\n<strong>Height: 16 cm<\/strong><br \/>\n<strong>Width: 10 cm<\/strong><\/p>\n<p>Pour un <a href=\"https:\/\/groupecoiff.com\/en\/product-category\/support-seche-cheveux\/\">support s\u00e8che-cheveux<\/a>\u00a0Maci achet\u00e9, <strong><span style=\"color: #993300;\"><a style=\"color: #993300;\" href=\"https:\/\/groupecoiff.com\/en\/store\/\">Groupe Coiff<\/a><\/span><\/strong> offers you free delivery of your products, as quickly as possible in France and elsewhere.<\/p>\n<p>&nbsp;<\/p>","protected":false},"excerpt":{"rendered":"<p>Gardez toujours \u00e0 port\u00e9e de main votre s\u00e8che-cheveux gr\u00e2ce au porte s\u00e8che-cheveux mural en spirale Maci en acier. Utile pour votre salon de coiffure, il s\u2019agit d\u2019un dispositif de rangement multifonctionnel. Il permet de garder votre lieu de travail propre, bien rang\u00e9 et peu encombrant. Description du porte s\u00e8che cheveux Maci Fabriqu\u00e9 en acier inoxydable, [&hellip;]<\/p>\n","protected":false},"featured_media":27724,"comment_status":"open","ping_status":"closed","template":"","meta":{"googlesitekit_rrm_CAow0YCiDA:productID":"","jetpack_post_was_ever_published":false,"jetpack_publicize_message":"","jetpack_publicize_feature_enabled":true,"jetpack_social_post_already_shared":false,"jetpack_social_options":{"image_generator_settings":{"template":"highway","default_image_id":0,"font":"","enabled":false},"version":2}},"product_brand":[],"product_cat":[42,75],"product_tag":[],"class_list":{"0":"post-27650","1":"product","2":"type-product","3":"status-publish","4":"has-post-thumbnail","6":"product_cat-accessoires","7":"product_cat-support-seche-cheveux","9":"first","10":"outofstock","11":"featured","12":"taxable","13":"shipping-taxable","14":"purchasable","15":"product-type-simple"},"yoast_head":"<!-- This site is optimized with the Yoast SEO Premium plugin v27.4 (Yoast SEO v27.4) - https:\/\/yoast.com\/product\/yoast-seo-premium-wordpress\/ -->\n<title>Porte s\u00e8che cheveux Maci - Groupe Coiff<\/title>\n<meta name=\"description\" content=\"\u00c9quiper votre espace de coiffure avec notre porte s\u00e8che cheveux Maci mural de qualit\u00e9 ! Facile \u00e0 tenir, fixation murale et styl\u00e9 avec sa forme spiral\" \/>\n<meta name=\"robots\" content=\"index, follow, max-snippet:-1, max-image-preview:large, max-video-preview:-1\" \/>\n<link rel=\"canonical\" href=\"https:\/\/groupecoiff.com\/en\/product-2\/porte-seche-cheveux-maci\/\" \/>\n<meta property=\"og:locale\" content=\"en_US\" \/>\n<meta property=\"og:type\" content=\"article\" \/>\n<meta property=\"og:title\" content=\"Maci support pour s\u00e8che-cheveux\" \/>\n<meta property=\"og:description\" content=\"Optez notre support pour s\u00e8che-cheveux mural en spirale Maci en acier. Utile pour votre salon de coiffure, Fabriqu\u00e9 en acier inoxydable, est de qualit\u00e9 et r\u00e9siste \u00e0 l\u2019\u00e9preuve de la rouille et des rayures.\" \/>\n<meta property=\"og:url\" content=\"https:\/\/groupecoiff.com\/en\/product-2\/porte-seche-cheveux-maci\/\" \/>\n<meta property=\"og:site_name\" content=\"Groupe Coiff\" \/>\n<meta property=\"article:publisher\" content=\"https:\/\/www.facebook.com\/GroupeCoiff\" \/>\n<meta property=\"article:modified_time\" content=\"2025-12-01T16:35:05+00:00\" \/>\n<meta property=\"og:image\" content=\"https:\/\/groupecoiff.com\/wp-content\/uploads\/2023\/09\/Maci-1.png\" \/>\n\t<meta property=\"og:image:width\" content=\"1080\" \/>\n\t<meta property=\"og:image:height\" content=\"1080\" \/>\n\t<meta property=\"og:image:type\" content=\"image\/png\" \/>\n<meta name=\"twitter:card\" content=\"summary_large_image\" \/>\n<meta name=\"twitter:title\" content=\"Porte s\u00e8che cheveux Maci\" \/>\n<meta name=\"twitter:site\" content=\"@groupecoiff\" \/>\n<meta name=\"twitter:label1\" content=\"Price\" \/>\n\t<meta name=\"twitter:data1\" content=\"29,00&nbsp;&euro;\" \/>\n\t<meta name=\"twitter:label2\" content=\"Availability\" \/>\n\t<meta name=\"twitter:data2\" content=\"Out of stock\" \/>\n<script type=\"application\/ld+json\" class=\"yoast-schema-graph\">{\"@context\":\"https:\\\/\\\/schema.org\",\"@graph\":[{\"@type\":\"WebPage\",\"@id\":\"https:\\\/\\\/groupecoiff.com\\\/produit\\\/porte-seche-cheveux-maci\\\/\",\"url\":\"https:\\\/\\\/groupecoiff.com\\\/produit\\\/porte-seche-cheveux-maci\\\/\",\"name\":\"Porte s\u00e8che cheveux Maci - Groupe Coiff\",\"isPartOf\":{\"@id\":\"https:\\\/\\\/groupecoiff.com\\\/#website\"},\"primaryImageOfPage\":{\"@id\":\"https:\\\/\\\/groupecoiff.com\\\/produit\\\/porte-seche-cheveux-maci\\\/#primaryimage\"},\"image\":{\"@id\":\"https:\\\/\\\/groupecoiff.com\\\/produit\\\/porte-seche-cheveux-maci\\\/#primaryimage\"},\"thumbnailUrl\":\"https:\\\/\\\/groupecoiff.com\\\/wp-content\\\/uploads\\\/2023\\\/09\\\/Maci-1.png\",\"datePublished\":\"2023-09-06T18:59:10+00:00\",\"dateModified\":\"2025-12-01T16:35:05+00:00\",\"description\":\"\u00c9quiper votre espace de coiffure avec notre porte s\u00e8che cheveux Maci mural de qualit\u00e9 ! Facile \u00e0 tenir, fixation murale et styl\u00e9 avec sa forme spiral\",\"breadcrumb\":{\"@id\":\"https:\\\/\\\/groupecoiff.com\\\/produit\\\/porte-seche-cheveux-maci\\\/#breadcrumb\"},\"inLanguage\":\"en-US\",\"potentialAction\":[{\"@type\":\"ReadAction\",\"target\":[\"https:\\\/\\\/groupecoiff.com\\\/produit\\\/porte-seche-cheveux-maci\\\/\"]}]},{\"@type\":\"ImageObject\",\"inLanguage\":\"en-US\",\"@id\":\"https:\\\/\\\/groupecoiff.com\\\/produit\\\/porte-seche-cheveux-maci\\\/#primaryimage\",\"url\":\"https:\\\/\\\/groupecoiff.com\\\/wp-content\\\/uploads\\\/2023\\\/09\\\/Maci-1.png\",\"contentUrl\":\"https:\\\/\\\/groupecoiff.com\\\/wp-content\\\/uploads\\\/2023\\\/09\\\/Maci-1.png\",\"width\":1080,\"height\":1080,\"caption\":\"Porte s\u00e8che cheveux Maci\"},{\"@type\":\"BreadcrumbList\",\"@id\":\"https:\\\/\\\/groupecoiff.com\\\/produit\\\/porte-seche-cheveux-maci\\\/#breadcrumb\",\"itemListElement\":[{\"@type\":\"ListItem\",\"position\":1,\"name\":\"Accueil\",\"item\":\"https:\\\/\\\/groupecoiff.com\\\/\"},{\"@type\":\"ListItem\",\"position\":2,\"name\":\"Boutique\",\"item\":\"https:\\\/\\\/groupecoiff.com\\\/boutique\\\/\"},{\"@type\":\"ListItem\",\"position\":3,\"name\":\"Porte s\u00e8che cheveux Maci\"}]},{\"@type\":\"WebSite\",\"@id\":\"https:\\\/\\\/groupecoiff.com\\\/#website\",\"url\":\"https:\\\/\\\/groupecoiff.com\\\/\",\"name\":\"Groupe Coiff\",\"description\":\"Tout pour la coiffure\",\"publisher\":{\"@id\":\"https:\\\/\\\/groupecoiff.com\\\/#organization\"},\"potentialAction\":[{\"@type\":\"SearchAction\",\"target\":{\"@type\":\"EntryPoint\",\"urlTemplate\":\"https:\\\/\\\/groupecoiff.com\\\/?s={search_term_string}\"},\"query-input\":{\"@type\":\"PropertyValueSpecification\",\"valueRequired\":true,\"valueName\":\"search_term_string\"}}],\"inLanguage\":\"en-US\"},{\"@type\":\"Organization\",\"@id\":\"https:\\\/\\\/groupecoiff.com\\\/#organization\",\"name\":\"Groupe Coiff\",\"alternateName\":\"Groupe Coiff : Le Mobilier De Coiffure Haut de Gamme Pour Une \u00c9l\u00e9gance In\u00e9gal\u00e9e\",\"url\":\"https:\\\/\\\/groupecoiff.com\\\/\",\"logo\":{\"@type\":\"ImageObject\",\"inLanguage\":\"en-US\",\"@id\":\"https:\\\/\\\/groupecoiff.com\\\/#\\\/schema\\\/logo\\\/image\\\/\",\"url\":\"https:\\\/\\\/groupecoiff.com\\\/wp-content\\\/uploads\\\/2024\\\/01\\\/cropped-Groupe-Coiff-Logo.webp\",\"contentUrl\":\"https:\\\/\\\/groupecoiff.com\\\/wp-content\\\/uploads\\\/2024\\\/01\\\/cropped-Groupe-Coiff-Logo.webp\",\"width\":512,\"height\":512,\"caption\":\"Groupe Coiff\"},\"image\":{\"@id\":\"https:\\\/\\\/groupecoiff.com\\\/#\\\/schema\\\/logo\\\/image\\\/\"},\"sameAs\":[\"https:\\\/\\\/www.facebook.com\\\/GroupeCoiff\",\"https:\\\/\\\/x.com\\\/groupecoiff\",\"https:\\\/\\\/www.instagram.com\\\/groupecoiff\\\/\",\"https:\\\/\\\/www.tiktok.com\\\/@groupecoiff\",\"https:\\\/\\\/www.youtube.com\\\/@groupecoiff\",\"https:\\\/\\\/twitter.com\\\/groupecoiff\",\"https:\\\/\\\/www.leboncoin.fr\\\/boutique\\\/3961302\\\/groupe_coiff.htm\"],\"description\":\"D\u00e9couvrez le mobilier de coiffure haut de gamme de Groupe Coiff, alliant \u00e9l\u00e9gance et fonctionnalit\u00e9 pour sublimer votre salon et satisfaire vos clients.\",\"email\":\"contact@groupecoiff.com\",\"telephone\":\"0676951605\",\"legalName\":\"Groupe Coiff\",\"foundingDate\":\"2022-11-16\",\"vatID\":\"FR84921406419\",\"taxID\":\"92140641900025\"}]}<\/script>\n<meta property=\"product:price:amount\" content=\"29.00\" \/>\n<meta property=\"product:price:currency\" content=\"EUR\" \/>\n<meta property=\"og:availability\" content=\"out of stock\" \/>\n<meta property=\"product:availability\" content=\"out of stock\" \/>\n<meta property=\"product:retailer_item_id\" content=\"GC1SO8D27650\" \/>\n<meta property=\"product:condition\" content=\"new\" \/>\n<!-- \/ Yoast SEO Premium plugin. -->","yoast_head_json":{"title":"Maci Hair Dryer Holder - Groupe Coiff","description":"Equip your hair salon space with our quality Maci wall-mounted hair dryer holder! Easy to hold, wall-mounted and stylish with its spiral shape","robots":{"index":"index","follow":"follow","max-snippet":"max-snippet:-1","max-image-preview":"max-image-preview:large","max-video-preview":"max-video-preview:-1"},"canonical":"https:\/\/groupecoiff.com\/en\/product-2\/porte-seche-cheveux-maci\/","og_locale":"en_US","og_type":"article","og_title":"Maci support pour s\u00e8che-cheveux","og_description":"Optez notre support pour s\u00e8che-cheveux mural en spirale Maci en acier. Utile pour votre salon de coiffure, Fabriqu\u00e9 en acier inoxydable, est de qualit\u00e9 et r\u00e9siste \u00e0 l\u2019\u00e9preuve de la rouille et des rayures.","og_url":"https:\/\/groupecoiff.com\/en\/product-2\/porte-seche-cheveux-maci\/","og_site_name":"Groupe Coiff","article_publisher":"https:\/\/www.facebook.com\/GroupeCoiff","article_modified_time":"2025-12-01T16:35:05+00:00","og_image":[{"width":1080,"height":1080,"url":"https:\/\/groupecoiff.com\/wp-content\/uploads\/2023\/09\/Maci-1.png","type":"image\/png"}],"twitter_card":"summary_large_image","twitter_title":"Porte s\u00e8che cheveux Maci","twitter_site":"@groupecoiff","twitter_misc":{"Price":"29,00&nbsp;&euro;","Availability":"Out of stock"},"schema":{"@context":"https:\/\/schema.org","@graph":[{"@type":"WebPage","@id":"https:\/\/groupecoiff.com\/produit\/porte-seche-cheveux-maci\/","url":"https:\/\/groupecoiff.com\/produit\/porte-seche-cheveux-maci\/","name":"Maci Hair Dryer Holder - Groupe Coiff","isPartOf":{"@id":"https:\/\/groupecoiff.com\/#website"},"primaryImageOfPage":{"@id":"https:\/\/groupecoiff.com\/produit\/porte-seche-cheveux-maci\/#primaryimage"},"image":{"@id":"https:\/\/groupecoiff.com\/produit\/porte-seche-cheveux-maci\/#primaryimage"},"thumbnailUrl":"https:\/\/groupecoiff.com\/wp-content\/uploads\/2023\/09\/Maci-1.png","datePublished":"2023-09-06T18:59:10+00:00","dateModified":"2025-12-01T16:35:05+00:00","description":"Equip your hair salon space with our quality Maci wall-mounted hair dryer holder! Easy to hold, wall-mounted and stylish with its spiral shape","breadcrumb":{"@id":"https:\/\/groupecoiff.com\/produit\/porte-seche-cheveux-maci\/#breadcrumb"},"inLanguage":"en-US","potentialAction":[{"@type":"ReadAction","target":["https:\/\/groupecoiff.com\/produit\/porte-seche-cheveux-maci\/"]}]},{"@type":"ImageObject","inLanguage":"en-US","@id":"https:\/\/groupecoiff.com\/produit\/porte-seche-cheveux-maci\/#primaryimage","url":"https:\/\/groupecoiff.com\/wp-content\/uploads\/2023\/09\/Maci-1.png","contentUrl":"https:\/\/groupecoiff.com\/wp-content\/uploads\/2023\/09\/Maci-1.png","width":1080,"height":1080,"caption":"Porte s\u00e8che cheveux Maci"},{"@type":"BreadcrumbList","@id":"https:\/\/groupecoiff.com\/produit\/porte-seche-cheveux-maci\/#breadcrumb","itemListElement":[{"@type":"ListItem","position":1,"name":"Accueil","item":"https:\/\/groupecoiff.com\/"},{"@type":"ListItem","position":2,"name":"Boutique","item":"https:\/\/groupecoiff.com\/boutique\/"},{"@type":"ListItem","position":3,"name":"Porte s\u00e8che cheveux Maci"}]},{"@type":"WebSite","@id":"https:\/\/groupecoiff.com\/#website","url":"https:\/\/groupecoiff.com\/","name":"Coiff Group","description":"Everything for the hairdresser","publisher":{"@id":"https:\/\/groupecoiff.com\/#organization"},"potentialAction":[{"@type":"SearchAction","target":{"@type":"EntryPoint","urlTemplate":"https:\/\/groupecoiff.com\/?s={search_term_string}"},"query-input":{"@type":"PropertyValueSpecification","valueRequired":true,"valueName":"search_term_string"}}],"inLanguage":"en-US"},{"@type":"Organization","@id":"https:\/\/groupecoiff.com\/#organization","name":"Coiff Group","alternateName":"Groupe Coiff : Le Mobilier De Coiffure Haut de Gamme Pour Une \u00c9l\u00e9gance In\u00e9gal\u00e9e","url":"https:\/\/groupecoiff.com\/","logo":{"@type":"ImageObject","inLanguage":"en-US","@id":"https:\/\/groupecoiff.com\/#\/schema\/logo\/image\/","url":"https:\/\/groupecoiff.com\/wp-content\/uploads\/2024\/01\/cropped-Groupe-Coiff-Logo.webp","contentUrl":"https:\/\/groupecoiff.com\/wp-content\/uploads\/2024\/01\/cropped-Groupe-Coiff-Logo.webp","width":512,"height":512,"caption":"Groupe Coiff"},"image":{"@id":"https:\/\/groupecoiff.com\/#\/schema\/logo\/image\/"},"sameAs":["https:\/\/www.facebook.com\/GroupeCoiff","https:\/\/x.com\/groupecoiff","https:\/\/www.instagram.com\/groupecoiff\/","https:\/\/www.tiktok.com\/@groupecoiff","https:\/\/www.youtube.com\/@groupecoiff","https:\/\/twitter.com\/groupecoiff","https:\/\/www.leboncoin.fr\/boutique\/3961302\/groupe_coiff.htm"],"description":"Discover Groupe Coiff's top-of-the-range hairdressing furniture, combining elegance and functionality to enhance your salon and satisfy your customers.","email":"contact@groupecoiff.com","telephone":"0676951605","legalName":"Groupe Coiff","foundingDate":"2022-11-16","vatID":"FR84921406419","taxID":"92140641900025"}]},"product_price_amount":"29.00","product_price_currency":"EUR","og_availability":"out of stock","product_availability":"out of stock","product_retailer_item_id":"GC1SO8D27650","product_condition":"new"},"jetpack_publicize_connections":[],"jetpack_likes_enabled":true,"jetpack_sharing_enabled":true,"_links":{"self":[{"href":"https:\/\/groupecoiff.com\/en\/wp-json\/wp\/v2\/product\/27650","targetHints":{"allow":["GET"]}}],"collection":[{"href":"https:\/\/groupecoiff.com\/en\/wp-json\/wp\/v2\/product"}],"about":[{"href":"https:\/\/groupecoiff.com\/en\/wp-json\/wp\/v2\/types\/product"}],"replies":[{"embeddable":true,"href":"https:\/\/groupecoiff.com\/en\/wp-json\/wp\/v2\/comments?post=27650"}],"version-history":[{"count":0,"href":"https:\/\/groupecoiff.com\/en\/wp-json\/wp\/v2\/product\/27650\/revisions"}],"wp:featuredmedia":[{"embeddable":true,"href":"https:\/\/groupecoiff.com\/en\/wp-json\/wp\/v2\/media\/27724"}],"wp:attachment":[{"href":"https:\/\/groupecoiff.com\/en\/wp-json\/wp\/v2\/media?parent=27650"}],"wp:term":[{"taxonomy":"product_brand","embeddable":true,"href":"https:\/\/groupecoiff.com\/en\/wp-json\/wp\/v2\/product_brand?post=27650"},{"taxonomy":"product_cat","embeddable":true,"href":"https:\/\/groupecoiff.com\/en\/wp-json\/wp\/v2\/product_cat?post=27650"},{"taxonomy":"product_tag","embeddable":true,"href":"https:\/\/groupecoiff.com\/en\/wp-json\/wp\/v2\/product_tag?post=27650"}],"curies":[{"name":"wp","href":"https:\/\/api.w.org\/{rel}","templated":true}]}}