{"id":27658,"date":"2023-09-06T20:59:37","date_gmt":"2023-09-06T18:59:37","guid":{"rendered":"https:\/\/groupecoiff.com\/?post_type=product&#038;p=27658"},"modified":"2024-08-29T20:32:33","modified_gmt":"2024-08-29T18:32:33","slug":"vapozone-esthetique-molly","status":"publish","type":"product","link":"https:\/\/groupecoiff.com\/en\/produit\/vapozone-esthetique-molly\/","title":{"rendered":"Vapozone esth\u00e9tique Molly"},"content":{"rendered":"<h3><strong>Molly is a high-end aesthetic Vapozone for facial treatments. A companion that no hair salon should be without.<\/strong><\/h3>\n<ul>\n<li>\n<h3>Description Vapozone aesthetic MOLLY<\/h3>\n<\/li>\n<\/ul>\n<p>The Molly aesthetic Vapozone has an adjustable and rotating head with receptacle for essential oils. This bottle allows for diffusing essential oils. It also integrates a bottle for aromatic herbs. Additionally, it has a timer. Its white lacquered metal structure with its pivoting arm and adjustable height stand make it robust equipment.<\/p>\n<p>En effet, il dispose \u00e0 son actif un g\u00e9n\u00e9rateur de vapeur qui produit de la vapeur d\u2019eau chaude. La vapeur est diffus\u00e9e sur le visage du client \u00e0 travers un embout ou un bras ajustable, cr\u00e9ant ainsi un effet de vapeur chaude qui ouvre les pores de la peau. Ensuite, le Vapozone esth\u00e9tique Molly comprend une minuterie pour faciliter le travail quotidien et est r\u00e9glable en hauteur.<\/p>\n<p>Its 5-pointed star-shaped wheeled base makes it stable and easy to move from one cabin to another. Equip your beauty salon with this Vapozone to make your work easier.<\/p>\n<ul>\n<li>\n<h3>Caract\u00e9ristiques du Vapozone<\/h3>\n<\/li>\n<\/ul>\n<p>Ozone<br \/>\n0.7 L capacity<br \/>\nTimer<br \/>\nR\u00e9glable en hauteur<br \/>\nAromatherapy compartment<\/p>\n<p>For one Vapozone Molly purchased, <strong><span style=\"color: #993300\"><a style=\"color: #993300\" href=\"https:\/\/groupecoiff.com\/en\/store\/\">Groupe Coiff<\/a><\/span><\/strong> offers you free delivery, as quickly as possible in France and elsewhere.<\/p>","protected":false},"excerpt":{"rendered":"<p>Molly est un Vapozone esth\u00e9tique haut de gamme pour les soins visage. Un compagnon qui ne devrait manquer dans aucune salle de coiffure. Description Vapozone esth\u00e9tique MOLLY Le Vapozone esth\u00e9tique Molly a une t\u00eate orientable et rotative avec r\u00e9ceptacle pour des huiles essentielles. Ce flacon permet de diffuser les huiles essentielles. Il int\u00e8gre aussi un [&hellip;]<\/p>\n","protected":false},"featured_media":27731,"comment_status":"open","ping_status":"closed","template":"","meta":{"googlesitekit_rrm_CAow0YCiDA:productID":"","jetpack_post_was_ever_published":false,"jetpack_publicize_message":"","jetpack_publicize_feature_enabled":true,"jetpack_social_post_already_shared":false,"jetpack_social_options":{"image_generator_settings":{"template":"highway","default_image_id":0,"font":"","enabled":false},"version":2}},"product_brand":[],"product_cat":[82],"product_tag":[],"class_list":{"0":"post-27658","1":"product","2":"type-product","3":"status-publish","4":"has-post-thumbnail","6":"product_cat-vapozone","8":"first","9":"instock","10":"taxable","11":"shipping-taxable","12":"purchasable","13":"product-type-simple"},"yoast_head":"<!-- This site is optimized with the Yoast SEO Premium plugin v27.4 (Yoast SEO v27.4) - https:\/\/yoast.com\/product\/yoast-seo-premium-wordpress\/ -->\n<title>Vapozone esth\u00e9tique Molly: Soins Visage Haut de Gamme - Groupe Coiff<\/title>\n<meta name=\"description\" content=\"La douceur sur votre visage avec notre vapozone esth\u00e9tique Molly. Vapozone pour soin de qualit\u00e9, r\u00e9glable en hauteur. Outil pour salon de coiffure pratique.\" \/>\n<meta name=\"robots\" content=\"index, follow, max-snippet:-1, max-image-preview:large, max-video-preview:-1\" \/>\n<link rel=\"canonical\" href=\"https:\/\/groupecoiff.com\/en\/product-2\/vapozone-esthetique-molly\/\" \/>\n<meta property=\"og:locale\" content=\"en_US\" \/>\n<meta property=\"og:type\" content=\"article\" \/>\n<meta property=\"og:title\" content=\"Molly Vapozone digital pour les soins visage\" \/>\n<meta property=\"og:description\" content=\"Optez Molly le Vapozone digital haut de gamme pour les soins visage \u00e9quip\u00e9 d\u2019une t\u00eate orientable et rotative avec r\u00e9ceptacle pour des huiles essentielles. \u00c9quipez votre institut de beaut\u00e9 ou votre salon esth\u00e9tique de ce Vapozone pour vous faciliter la t\u00e2che.\" \/>\n<meta property=\"og:url\" content=\"https:\/\/groupecoiff.com\/en\/product-2\/vapozone-esthetique-molly\/\" \/>\n<meta property=\"og:site_name\" content=\"Groupe Coiff\" \/>\n<meta property=\"article:publisher\" content=\"https:\/\/www.facebook.com\/GroupeCoiff\" \/>\n<meta property=\"article:modified_time\" content=\"2024-08-29T18:32:33+00:00\" \/>\n<meta property=\"og:image\" content=\"https:\/\/groupecoiff.com\/wp-content\/uploads\/2023\/09\/Molly-1.png\" \/>\n\t<meta property=\"og:image:width\" content=\"1080\" \/>\n\t<meta property=\"og:image:height\" content=\"1080\" \/>\n\t<meta property=\"og:image:type\" content=\"image\/png\" \/>\n<meta name=\"twitter:card\" content=\"summary_large_image\" \/>\n<meta name=\"twitter:title\" content=\"Vapozone esth\u00e9tique Molly\" \/>\n<meta name=\"twitter:site\" content=\"@groupecoiff\" \/>\n<meta name=\"twitter:label1\" content=\"Price\" \/>\n\t<meta name=\"twitter:data1\" content=\"315,00&nbsp;&euro;\" \/>\n\t<meta name=\"twitter:label2\" content=\"Availability\" \/>\n\t<meta name=\"twitter:data2\" content=\"In stock\" \/>\n<script type=\"application\/ld+json\" class=\"yoast-schema-graph\">{\"@context\":\"https:\\\/\\\/schema.org\",\"@graph\":[{\"@type\":\"WebPage\",\"@id\":\"https:\\\/\\\/groupecoiff.com\\\/produit\\\/vapozone-esthetique-molly\\\/\",\"url\":\"https:\\\/\\\/groupecoiff.com\\\/produit\\\/vapozone-esthetique-molly\\\/\",\"name\":\"Vapozone esth\u00e9tique Molly: Soins Visage Haut de Gamme - Groupe Coiff\",\"isPartOf\":{\"@id\":\"https:\\\/\\\/groupecoiff.com\\\/#website\"},\"primaryImageOfPage\":{\"@id\":\"https:\\\/\\\/groupecoiff.com\\\/produit\\\/vapozone-esthetique-molly\\\/#primaryimage\"},\"image\":{\"@id\":\"https:\\\/\\\/groupecoiff.com\\\/produit\\\/vapozone-esthetique-molly\\\/#primaryimage\"},\"thumbnailUrl\":\"https:\\\/\\\/groupecoiff.com\\\/wp-content\\\/uploads\\\/2023\\\/09\\\/Molly-1.png\",\"datePublished\":\"2023-09-06T18:59:37+00:00\",\"dateModified\":\"2024-08-29T18:32:33+00:00\",\"description\":\"La douceur sur votre visage avec notre vapozone esth\u00e9tique Molly. Vapozone pour soin de qualit\u00e9, r\u00e9glable en hauteur. Outil pour salon de coiffure pratique.\",\"breadcrumb\":{\"@id\":\"https:\\\/\\\/groupecoiff.com\\\/produit\\\/vapozone-esthetique-molly\\\/#breadcrumb\"},\"inLanguage\":\"en-US\",\"potentialAction\":[{\"@type\":\"ReadAction\",\"target\":[\"https:\\\/\\\/groupecoiff.com\\\/produit\\\/vapozone-esthetique-molly\\\/\"]}]},{\"@type\":\"ImageObject\",\"inLanguage\":\"en-US\",\"@id\":\"https:\\\/\\\/groupecoiff.com\\\/produit\\\/vapozone-esthetique-molly\\\/#primaryimage\",\"url\":\"https:\\\/\\\/groupecoiff.com\\\/wp-content\\\/uploads\\\/2023\\\/09\\\/Molly-1.png\",\"contentUrl\":\"https:\\\/\\\/groupecoiff.com\\\/wp-content\\\/uploads\\\/2023\\\/09\\\/Molly-1.png\",\"width\":1080,\"height\":1080,\"caption\":\"Vapozone esth\u00e9tique Molly\"},{\"@type\":\"BreadcrumbList\",\"@id\":\"https:\\\/\\\/groupecoiff.com\\\/produit\\\/vapozone-esthetique-molly\\\/#breadcrumb\",\"itemListElement\":[{\"@type\":\"ListItem\",\"position\":1,\"name\":\"Accueil\",\"item\":\"https:\\\/\\\/groupecoiff.com\\\/\"},{\"@type\":\"ListItem\",\"position\":2,\"name\":\"Boutique\",\"item\":\"https:\\\/\\\/groupecoiff.com\\\/boutique\\\/\"},{\"@type\":\"ListItem\",\"position\":3,\"name\":\"Vapozone esth\u00e9tique Molly\"}]},{\"@type\":\"WebSite\",\"@id\":\"https:\\\/\\\/groupecoiff.com\\\/#website\",\"url\":\"https:\\\/\\\/groupecoiff.com\\\/\",\"name\":\"Groupe Coiff\",\"description\":\"Tout pour la coiffure\",\"publisher\":{\"@id\":\"https:\\\/\\\/groupecoiff.com\\\/#organization\"},\"potentialAction\":[{\"@type\":\"SearchAction\",\"target\":{\"@type\":\"EntryPoint\",\"urlTemplate\":\"https:\\\/\\\/groupecoiff.com\\\/?s={search_term_string}\"},\"query-input\":{\"@type\":\"PropertyValueSpecification\",\"valueRequired\":true,\"valueName\":\"search_term_string\"}}],\"inLanguage\":\"en-US\"},{\"@type\":\"Organization\",\"@id\":\"https:\\\/\\\/groupecoiff.com\\\/#organization\",\"name\":\"Groupe Coiff\",\"alternateName\":\"Groupe Coiff : Le Mobilier De Coiffure Haut de Gamme Pour Une \u00c9l\u00e9gance In\u00e9gal\u00e9e\",\"url\":\"https:\\\/\\\/groupecoiff.com\\\/\",\"logo\":{\"@type\":\"ImageObject\",\"inLanguage\":\"en-US\",\"@id\":\"https:\\\/\\\/groupecoiff.com\\\/#\\\/schema\\\/logo\\\/image\\\/\",\"url\":\"https:\\\/\\\/groupecoiff.com\\\/wp-content\\\/uploads\\\/2024\\\/01\\\/cropped-Groupe-Coiff-Logo.webp\",\"contentUrl\":\"https:\\\/\\\/groupecoiff.com\\\/wp-content\\\/uploads\\\/2024\\\/01\\\/cropped-Groupe-Coiff-Logo.webp\",\"width\":512,\"height\":512,\"caption\":\"Groupe Coiff\"},\"image\":{\"@id\":\"https:\\\/\\\/groupecoiff.com\\\/#\\\/schema\\\/logo\\\/image\\\/\"},\"sameAs\":[\"https:\\\/\\\/www.facebook.com\\\/GroupeCoiff\",\"https:\\\/\\\/x.com\\\/groupecoiff\",\"https:\\\/\\\/www.instagram.com\\\/groupecoiff\\\/\",\"https:\\\/\\\/www.tiktok.com\\\/@groupecoiff\",\"https:\\\/\\\/www.youtube.com\\\/@groupecoiff\",\"https:\\\/\\\/twitter.com\\\/groupecoiff\",\"https:\\\/\\\/www.leboncoin.fr\\\/boutique\\\/3961302\\\/groupe_coiff.htm\"],\"description\":\"D\u00e9couvrez le mobilier de coiffure haut de gamme de Groupe Coiff, alliant \u00e9l\u00e9gance et fonctionnalit\u00e9 pour sublimer votre salon et satisfaire vos clients.\",\"email\":\"contact@groupecoiff.com\",\"telephone\":\"0676951605\",\"legalName\":\"Groupe Coiff\",\"foundingDate\":\"2022-11-16\",\"vatID\":\"FR84921406419\",\"taxID\":\"92140641900025\"}]}<\/script>\n<meta property=\"product:price:amount\" content=\"315.00\" \/>\n<meta property=\"product:price:currency\" content=\"EUR\" \/>\n<meta property=\"og:availability\" content=\"instock\" \/>\n<meta property=\"product:availability\" content=\"instock\" \/>\n<meta property=\"product:retailer_item_id\" content=\"GCCAKF127658\" \/>\n<meta property=\"product:condition\" content=\"new\" \/>\n<!-- \/ Yoast SEO Premium plugin. -->","yoast_head_json":{"title":"Molly Aesthetic Vapozone: High-End Facial Treatments - Groupe Coiff","description":"Gentle care for your face with our Molly aesthetic vapozone. Quality treatment vapozone, height adjustable. Practical hair salon tool.","robots":{"index":"index","follow":"follow","max-snippet":"max-snippet:-1","max-image-preview":"max-image-preview:large","max-video-preview":"max-video-preview:-1"},"canonical":"https:\/\/groupecoiff.com\/en\/product-2\/vapozone-esthetique-molly\/","og_locale":"en_US","og_type":"article","og_title":"Molly Vapozone digital pour les soins visage","og_description":"Optez Molly le Vapozone digital haut de gamme pour les soins visage \u00e9quip\u00e9 d\u2019une t\u00eate orientable et rotative avec r\u00e9ceptacle pour des huiles essentielles. \u00c9quipez votre institut de beaut\u00e9 ou votre salon esth\u00e9tique de ce Vapozone pour vous faciliter la t\u00e2che.","og_url":"https:\/\/groupecoiff.com\/en\/product-2\/vapozone-esthetique-molly\/","og_site_name":"Groupe Coiff","article_publisher":"https:\/\/www.facebook.com\/GroupeCoiff","article_modified_time":"2024-08-29T18:32:33+00:00","og_image":[{"width":1080,"height":1080,"url":"https:\/\/groupecoiff.com\/wp-content\/uploads\/2023\/09\/Molly-1.png","type":"image\/png"}],"twitter_card":"summary_large_image","twitter_title":"Vapozone esth\u00e9tique Molly","twitter_site":"@groupecoiff","twitter_misc":{"Price":"315,00&nbsp;&euro;","Availability":"In stock"},"schema":{"@context":"https:\/\/schema.org","@graph":[{"@type":"WebPage","@id":"https:\/\/groupecoiff.com\/produit\/vapozone-esthetique-molly\/","url":"https:\/\/groupecoiff.com\/produit\/vapozone-esthetique-molly\/","name":"Molly Aesthetic Vapozone: High-End Facial Treatments - Groupe Coiff","isPartOf":{"@id":"https:\/\/groupecoiff.com\/#website"},"primaryImageOfPage":{"@id":"https:\/\/groupecoiff.com\/produit\/vapozone-esthetique-molly\/#primaryimage"},"image":{"@id":"https:\/\/groupecoiff.com\/produit\/vapozone-esthetique-molly\/#primaryimage"},"thumbnailUrl":"https:\/\/groupecoiff.com\/wp-content\/uploads\/2023\/09\/Molly-1.png","datePublished":"2023-09-06T18:59:37+00:00","dateModified":"2024-08-29T18:32:33+00:00","description":"Gentle care for your face with our Molly aesthetic vapozone. Quality treatment vapozone, height adjustable. Practical hair salon tool.","breadcrumb":{"@id":"https:\/\/groupecoiff.com\/produit\/vapozone-esthetique-molly\/#breadcrumb"},"inLanguage":"en-US","potentialAction":[{"@type":"ReadAction","target":["https:\/\/groupecoiff.com\/produit\/vapozone-esthetique-molly\/"]}]},{"@type":"ImageObject","inLanguage":"en-US","@id":"https:\/\/groupecoiff.com\/produit\/vapozone-esthetique-molly\/#primaryimage","url":"https:\/\/groupecoiff.com\/wp-content\/uploads\/2023\/09\/Molly-1.png","contentUrl":"https:\/\/groupecoiff.com\/wp-content\/uploads\/2023\/09\/Molly-1.png","width":1080,"height":1080,"caption":"Vapozone esth\u00e9tique Molly"},{"@type":"BreadcrumbList","@id":"https:\/\/groupecoiff.com\/produit\/vapozone-esthetique-molly\/#breadcrumb","itemListElement":[{"@type":"ListItem","position":1,"name":"Accueil","item":"https:\/\/groupecoiff.com\/"},{"@type":"ListItem","position":2,"name":"Boutique","item":"https:\/\/groupecoiff.com\/boutique\/"},{"@type":"ListItem","position":3,"name":"Vapozone esth\u00e9tique Molly"}]},{"@type":"WebSite","@id":"https:\/\/groupecoiff.com\/#website","url":"https:\/\/groupecoiff.com\/","name":"Coiff Group","description":"Everything for the hairdresser","publisher":{"@id":"https:\/\/groupecoiff.com\/#organization"},"potentialAction":[{"@type":"SearchAction","target":{"@type":"EntryPoint","urlTemplate":"https:\/\/groupecoiff.com\/?s={search_term_string}"},"query-input":{"@type":"PropertyValueSpecification","valueRequired":true,"valueName":"search_term_string"}}],"inLanguage":"en-US"},{"@type":"Organization","@id":"https:\/\/groupecoiff.com\/#organization","name":"Coiff Group","alternateName":"Groupe Coiff : Le Mobilier De Coiffure Haut de Gamme Pour Une \u00c9l\u00e9gance In\u00e9gal\u00e9e","url":"https:\/\/groupecoiff.com\/","logo":{"@type":"ImageObject","inLanguage":"en-US","@id":"https:\/\/groupecoiff.com\/#\/schema\/logo\/image\/","url":"https:\/\/groupecoiff.com\/wp-content\/uploads\/2024\/01\/cropped-Groupe-Coiff-Logo.webp","contentUrl":"https:\/\/groupecoiff.com\/wp-content\/uploads\/2024\/01\/cropped-Groupe-Coiff-Logo.webp","width":512,"height":512,"caption":"Groupe Coiff"},"image":{"@id":"https:\/\/groupecoiff.com\/#\/schema\/logo\/image\/"},"sameAs":["https:\/\/www.facebook.com\/GroupeCoiff","https:\/\/x.com\/groupecoiff","https:\/\/www.instagram.com\/groupecoiff\/","https:\/\/www.tiktok.com\/@groupecoiff","https:\/\/www.youtube.com\/@groupecoiff","https:\/\/twitter.com\/groupecoiff","https:\/\/www.leboncoin.fr\/boutique\/3961302\/groupe_coiff.htm"],"description":"Discover Groupe Coiff's top-of-the-range hairdressing furniture, combining elegance and functionality to enhance your salon and satisfy your customers.","email":"contact@groupecoiff.com","telephone":"0676951605","legalName":"Groupe Coiff","foundingDate":"2022-11-16","vatID":"FR84921406419","taxID":"92140641900025"}]},"product_price_amount":"315.00","product_price_currency":"EUR","og_availability":"instock","product_availability":"instock","product_retailer_item_id":"GCCAKF127658","product_condition":"new"},"jetpack_publicize_connections":[],"jetpack_likes_enabled":true,"jetpack_sharing_enabled":true,"_links":{"self":[{"href":"https:\/\/groupecoiff.com\/en\/wp-json\/wp\/v2\/product\/27658","targetHints":{"allow":["GET"]}}],"collection":[{"href":"https:\/\/groupecoiff.com\/en\/wp-json\/wp\/v2\/product"}],"about":[{"href":"https:\/\/groupecoiff.com\/en\/wp-json\/wp\/v2\/types\/product"}],"replies":[{"embeddable":true,"href":"https:\/\/groupecoiff.com\/en\/wp-json\/wp\/v2\/comments?post=27658"}],"version-history":[{"count":0,"href":"https:\/\/groupecoiff.com\/en\/wp-json\/wp\/v2\/product\/27658\/revisions"}],"wp:featuredmedia":[{"embeddable":true,"href":"https:\/\/groupecoiff.com\/en\/wp-json\/wp\/v2\/media\/27731"}],"wp:attachment":[{"href":"https:\/\/groupecoiff.com\/en\/wp-json\/wp\/v2\/media?parent=27658"}],"wp:term":[{"taxonomy":"product_brand","embeddable":true,"href":"https:\/\/groupecoiff.com\/en\/wp-json\/wp\/v2\/product_brand?post=27658"},{"taxonomy":"product_cat","embeddable":true,"href":"https:\/\/groupecoiff.com\/en\/wp-json\/wp\/v2\/product_cat?post=27658"},{"taxonomy":"product_tag","embeddable":true,"href":"https:\/\/groupecoiff.com\/en\/wp-json\/wp\/v2\/product_tag?post=27658"}],"curies":[{"name":"wp","href":"https:\/\/api.w.org\/{rel}","templated":true}]}}