{"id":27659,"date":"2023-09-06T20:59:38","date_gmt":"2023-09-06T18:59:38","guid":{"rendered":"https:\/\/groupecoiff.com\/?post_type=product&#038;p=27659"},"modified":"2024-08-29T20:32:34","modified_gmt":"2024-08-29T18:32:34","slug":"support-seche-cheveux-opal","status":"publish","type":"product","link":"https:\/\/groupecoiff.com\/en\/produit\/support-seche-cheveux-opal\/","title":{"rendered":"Support s\u00e8che cheveux Opal"},"content":{"rendered":"<h4><strong>Opal is a stainless steel hair dryer holder. Practical and easy to mount, this wall-mounted hair dryer holder is the ideal solution for storing your hair dryer easily and quickly.<\/strong><\/h4>\n<ul>\n<li>\n<h3>Opal Hair Dryer Holder Description<\/h3>\n<\/li>\n<\/ul>\n<p>Visit<strong> support s\u00e8che cheveux Opal<\/strong> offers great security, because thanks to it, you can mount your hair dryer to the wall without risk of it falling and breaking. In addition to being practical, the Opal hair dryer holder is very sturdy.<\/p>\n<p>It is made of metal, offering a solid and durable structure. It is designed to support the weight of the hair dryer and hold it securely in place.<\/p>\n<p>En effet, vous pouvez le fixer au mur ou \u00e0 une surface de travail. En termes de design, le support Opal dispose de diff\u00e9rentes formes et finitions pour s\u2019adapter \u00e0 la d\u00e9coration de la salle de bain ou de la coiffeuse.<\/p>\n<p>It features modern lines, chrome finishes, or elegant colors to create an attractive aesthetic.<\/p>\n<p>You can then store and secure your hair dryer with complete peace of mind in your salon. Stylish and aesthetic, it's also useful for keeping your dryer within easy reach. Suitable for both professional and personal use.<\/p>\n<ul>\n<li>\n<h3>Opal Holder Features<\/h3>\n<\/li>\n<\/ul>\n<p>Mounting: Wall-mounted<br \/>\nStructure: Steel<br \/>\nDimensions: 6 x 8.7 x 11.5 cm<br \/>\nDiameter: 8.3 cm<\/p>\n<p>For every Opal holder purchased, <strong><span style=\"color: #993300\"><a style=\"color: #993300\" href=\"https:\/\/groupecoiff.com\/en\/store\/\">Groupe Coiff<\/a><\/span><\/strong> offers you free delivery, as quickly as possible in France and elsewhere.<\/p>","protected":false},"excerpt":{"rendered":"<p>Opal est un support pour s\u00e8che-cheveux en acier inoxydable. Pratique et facile \u00e0 fixer, ce support pour s\u00e8che-cheveux mural est la solution id\u00e9ale pour ranger votre s\u00e8che-cheveux facilement et rapidement. Description support s\u00e8che cheveux Opal Le support s\u00e8che cheveux Opal offre une grande s\u00e9curit\u00e9, car gr\u00e2ce \u00e0 lui, vous pouvez fixer votre s\u00e8che-cheveux au mur [&hellip;]<\/p>\n","protected":false},"featured_media":27732,"comment_status":"open","ping_status":"closed","template":"","meta":{"googlesitekit_rrm_CAow0YCiDA:productID":"","jetpack_post_was_ever_published":false,"jetpack_publicize_message":"","jetpack_publicize_feature_enabled":true,"jetpack_social_post_already_shared":false,"jetpack_social_options":{"image_generator_settings":{"template":"highway","default_image_id":0,"font":"","enabled":false},"version":2}},"product_brand":[],"product_cat":[42,75],"product_tag":[],"class_list":{"0":"post-27659","1":"product","2":"type-product","3":"status-publish","4":"has-post-thumbnail","6":"product_cat-accessoires","7":"product_cat-support-seche-cheveux","9":"first","10":"instock","11":"featured","12":"taxable","13":"shipping-taxable","14":"purchasable","15":"product-type-simple"},"yoast_head":"<!-- This site is optimized with the Yoast SEO Premium plugin v27.4 (Yoast SEO v27.4) - https:\/\/yoast.com\/product\/yoast-seo-premium-wordpress\/ -->\n<title>Support S\u00e8che Cheveux Opal: Installation Facile et Rapide - Groupe Coiff<\/title>\n<meta name=\"description\" content=\"Support s\u00e8che cheveux Opal pour salon de coiffure ou beaut\u00e9. Fixable au mur design esth\u00e9tique. Mat\u00e9riau de fabrication : Acier. Pratique et entretien facile\" \/>\n<meta name=\"robots\" content=\"index, follow, max-snippet:-1, max-image-preview:large, max-video-preview:-1\" \/>\n<link rel=\"canonical\" href=\"https:\/\/groupecoiff.com\/en\/product-2\/support-seche-cheveux-opal\/\" \/>\n<meta property=\"og:locale\" content=\"en_US\" \/>\n<meta property=\"og:type\" content=\"article\" \/>\n<meta property=\"og:title\" content=\"Support s\u00e8che cheveux Opal support s\u00e8che-cheveux\" \/>\n<meta property=\"og:description\" content=\"Optez notre support s\u00e8che-cheveux Opal, il est Pratique et facile \u00e0 fixer, en acier inoxydable. Vous pouvez ainsi ranger et fixer votre s\u00e8che-cheveux en toute tranquillit\u00e9 dans votre salon de coiffure. Design et esth\u00e9tique, il est \u00e9galement utile pour avoir votre s\u00e9choir \u00e0 port\u00e9e de main. Vous pouvez en faire un usage professionnel ou particulier.\" \/>\n<meta property=\"og:url\" content=\"https:\/\/groupecoiff.com\/en\/product-2\/support-seche-cheveux-opal\/\" \/>\n<meta property=\"og:site_name\" content=\"Groupe Coiff\" \/>\n<meta property=\"article:publisher\" content=\"https:\/\/www.facebook.com\/GroupeCoiff\" \/>\n<meta property=\"article:modified_time\" content=\"2024-08-29T18:32:34+00:00\" \/>\n<meta property=\"og:image\" content=\"https:\/\/groupecoiff.com\/wp-content\/uploads\/2023\/09\/Opal-1.png\" \/>\n\t<meta property=\"og:image:width\" content=\"1080\" \/>\n\t<meta property=\"og:image:height\" content=\"1080\" \/>\n\t<meta property=\"og:image:type\" content=\"image\/png\" \/>\n<meta name=\"twitter:card\" content=\"summary_large_image\" \/>\n<meta name=\"twitter:title\" content=\"Support s\u00e8che cheveux Opal\" \/>\n<meta name=\"twitter:site\" content=\"@groupecoiff\" \/>\n<meta name=\"twitter:label1\" content=\"Price\" \/>\n\t<meta name=\"twitter:data1\" content=\"20,00&nbsp;&euro;\" \/>\n\t<meta name=\"twitter:label2\" content=\"Availability\" \/>\n\t<meta name=\"twitter:data2\" content=\"In stock\" \/>\n<script type=\"application\/ld+json\" class=\"yoast-schema-graph\">{\"@context\":\"https:\\\/\\\/schema.org\",\"@graph\":[{\"@type\":\"WebPage\",\"@id\":\"https:\\\/\\\/groupecoiff.com\\\/produit\\\/support-seche-cheveux-opal\\\/\",\"url\":\"https:\\\/\\\/groupecoiff.com\\\/produit\\\/support-seche-cheveux-opal\\\/\",\"name\":\"Support S\u00e8che Cheveux Opal: Installation Facile et Rapide - Groupe Coiff\",\"isPartOf\":{\"@id\":\"https:\\\/\\\/groupecoiff.com\\\/#website\"},\"primaryImageOfPage\":{\"@id\":\"https:\\\/\\\/groupecoiff.com\\\/produit\\\/support-seche-cheveux-opal\\\/#primaryimage\"},\"image\":{\"@id\":\"https:\\\/\\\/groupecoiff.com\\\/produit\\\/support-seche-cheveux-opal\\\/#primaryimage\"},\"thumbnailUrl\":\"https:\\\/\\\/groupecoiff.com\\\/wp-content\\\/uploads\\\/2023\\\/09\\\/Opal-1.png\",\"datePublished\":\"2023-09-06T18:59:38+00:00\",\"dateModified\":\"2024-08-29T18:32:34+00:00\",\"description\":\"Support s\u00e8che cheveux Opal pour salon de coiffure ou beaut\u00e9. Fixable au mur design esth\u00e9tique. Mat\u00e9riau de fabrication : Acier. Pratique et entretien facile\",\"breadcrumb\":{\"@id\":\"https:\\\/\\\/groupecoiff.com\\\/produit\\\/support-seche-cheveux-opal\\\/#breadcrumb\"},\"inLanguage\":\"en-US\",\"potentialAction\":[{\"@type\":\"ReadAction\",\"target\":[\"https:\\\/\\\/groupecoiff.com\\\/produit\\\/support-seche-cheveux-opal\\\/\"]}]},{\"@type\":\"ImageObject\",\"inLanguage\":\"en-US\",\"@id\":\"https:\\\/\\\/groupecoiff.com\\\/produit\\\/support-seche-cheveux-opal\\\/#primaryimage\",\"url\":\"https:\\\/\\\/groupecoiff.com\\\/wp-content\\\/uploads\\\/2023\\\/09\\\/Opal-1.png\",\"contentUrl\":\"https:\\\/\\\/groupecoiff.com\\\/wp-content\\\/uploads\\\/2023\\\/09\\\/Opal-1.png\",\"width\":1080,\"height\":1080,\"caption\":\"Support s\u00e8che cheveux Opal\"},{\"@type\":\"BreadcrumbList\",\"@id\":\"https:\\\/\\\/groupecoiff.com\\\/produit\\\/support-seche-cheveux-opal\\\/#breadcrumb\",\"itemListElement\":[{\"@type\":\"ListItem\",\"position\":1,\"name\":\"Accueil\",\"item\":\"https:\\\/\\\/groupecoiff.com\\\/\"},{\"@type\":\"ListItem\",\"position\":2,\"name\":\"Boutique\",\"item\":\"https:\\\/\\\/groupecoiff.com\\\/boutique\\\/\"},{\"@type\":\"ListItem\",\"position\":3,\"name\":\"Support s\u00e8che cheveux Opal\"}]},{\"@type\":\"WebSite\",\"@id\":\"https:\\\/\\\/groupecoiff.com\\\/#website\",\"url\":\"https:\\\/\\\/groupecoiff.com\\\/\",\"name\":\"Groupe Coiff\",\"description\":\"Tout pour la coiffure\",\"publisher\":{\"@id\":\"https:\\\/\\\/groupecoiff.com\\\/#organization\"},\"potentialAction\":[{\"@type\":\"SearchAction\",\"target\":{\"@type\":\"EntryPoint\",\"urlTemplate\":\"https:\\\/\\\/groupecoiff.com\\\/?s={search_term_string}\"},\"query-input\":{\"@type\":\"PropertyValueSpecification\",\"valueRequired\":true,\"valueName\":\"search_term_string\"}}],\"inLanguage\":\"en-US\"},{\"@type\":\"Organization\",\"@id\":\"https:\\\/\\\/groupecoiff.com\\\/#organization\",\"name\":\"Groupe Coiff\",\"alternateName\":\"Groupe Coiff : Le Mobilier De Coiffure Haut de Gamme Pour Une \u00c9l\u00e9gance In\u00e9gal\u00e9e\",\"url\":\"https:\\\/\\\/groupecoiff.com\\\/\",\"logo\":{\"@type\":\"ImageObject\",\"inLanguage\":\"en-US\",\"@id\":\"https:\\\/\\\/groupecoiff.com\\\/#\\\/schema\\\/logo\\\/image\\\/\",\"url\":\"https:\\\/\\\/groupecoiff.com\\\/wp-content\\\/uploads\\\/2024\\\/01\\\/cropped-Groupe-Coiff-Logo.webp\",\"contentUrl\":\"https:\\\/\\\/groupecoiff.com\\\/wp-content\\\/uploads\\\/2024\\\/01\\\/cropped-Groupe-Coiff-Logo.webp\",\"width\":512,\"height\":512,\"caption\":\"Groupe Coiff\"},\"image\":{\"@id\":\"https:\\\/\\\/groupecoiff.com\\\/#\\\/schema\\\/logo\\\/image\\\/\"},\"sameAs\":[\"https:\\\/\\\/www.facebook.com\\\/GroupeCoiff\",\"https:\\\/\\\/x.com\\\/groupecoiff\",\"https:\\\/\\\/www.instagram.com\\\/groupecoiff\\\/\",\"https:\\\/\\\/www.tiktok.com\\\/@groupecoiff\",\"https:\\\/\\\/www.youtube.com\\\/@groupecoiff\",\"https:\\\/\\\/twitter.com\\\/groupecoiff\",\"https:\\\/\\\/www.leboncoin.fr\\\/boutique\\\/3961302\\\/groupe_coiff.htm\"],\"description\":\"D\u00e9couvrez le mobilier de coiffure haut de gamme de Groupe Coiff, alliant \u00e9l\u00e9gance et fonctionnalit\u00e9 pour sublimer votre salon et satisfaire vos clients.\",\"email\":\"contact@groupecoiff.com\",\"telephone\":\"0676951605\",\"legalName\":\"Groupe Coiff\",\"foundingDate\":\"2022-11-16\",\"vatID\":\"FR84921406419\",\"taxID\":\"92140641900025\"}]}<\/script>\n<meta property=\"product:price:amount\" content=\"20.00\" \/>\n<meta property=\"product:price:currency\" content=\"EUR\" \/>\n<meta property=\"og:availability\" content=\"instock\" \/>\n<meta property=\"product:availability\" content=\"instock\" \/>\n<meta property=\"product:retailer_item_id\" content=\"GCU2YX627659\" \/>\n<meta property=\"product:condition\" content=\"new\" \/>\n<!-- \/ Yoast SEO Premium plugin. -->","yoast_head_json":{"title":"Opal Hair Dryer Holder: Easy and Quick Installation - Groupe Coiff","description":"Opal hair dryer support for hair salon or beauty salon. Wall-mountable with aesthetic design. Manufacturing material: Steel. Practical and easy maintenance","robots":{"index":"index","follow":"follow","max-snippet":"max-snippet:-1","max-image-preview":"max-image-preview:large","max-video-preview":"max-video-preview:-1"},"canonical":"https:\/\/groupecoiff.com\/en\/product-2\/support-seche-cheveux-opal\/","og_locale":"en_US","og_type":"article","og_title":"Support s\u00e8che cheveux Opal support s\u00e8che-cheveux","og_description":"Optez notre support s\u00e8che-cheveux Opal, il est Pratique et facile \u00e0 fixer, en acier inoxydable. Vous pouvez ainsi ranger et fixer votre s\u00e8che-cheveux en toute tranquillit\u00e9 dans votre salon de coiffure. Design et esth\u00e9tique, il est \u00e9galement utile pour avoir votre s\u00e9choir \u00e0 port\u00e9e de main. Vous pouvez en faire un usage professionnel ou particulier.","og_url":"https:\/\/groupecoiff.com\/en\/product-2\/support-seche-cheveux-opal\/","og_site_name":"Groupe Coiff","article_publisher":"https:\/\/www.facebook.com\/GroupeCoiff","article_modified_time":"2024-08-29T18:32:34+00:00","og_image":[{"width":1080,"height":1080,"url":"https:\/\/groupecoiff.com\/wp-content\/uploads\/2023\/09\/Opal-1.png","type":"image\/png"}],"twitter_card":"summary_large_image","twitter_title":"Support s\u00e8che cheveux Opal","twitter_site":"@groupecoiff","twitter_misc":{"Price":"20,00&nbsp;&euro;","Availability":"In stock"},"schema":{"@context":"https:\/\/schema.org","@graph":[{"@type":"WebPage","@id":"https:\/\/groupecoiff.com\/produit\/support-seche-cheveux-opal\/","url":"https:\/\/groupecoiff.com\/produit\/support-seche-cheveux-opal\/","name":"Opal Hair Dryer Holder: Easy and Quick Installation - Groupe Coiff","isPartOf":{"@id":"https:\/\/groupecoiff.com\/#website"},"primaryImageOfPage":{"@id":"https:\/\/groupecoiff.com\/produit\/support-seche-cheveux-opal\/#primaryimage"},"image":{"@id":"https:\/\/groupecoiff.com\/produit\/support-seche-cheveux-opal\/#primaryimage"},"thumbnailUrl":"https:\/\/groupecoiff.com\/wp-content\/uploads\/2023\/09\/Opal-1.png","datePublished":"2023-09-06T18:59:38+00:00","dateModified":"2024-08-29T18:32:34+00:00","description":"Opal hair dryer support for hair salon or beauty salon. Wall-mountable with aesthetic design. Manufacturing material: Steel. Practical and easy maintenance","breadcrumb":{"@id":"https:\/\/groupecoiff.com\/produit\/support-seche-cheveux-opal\/#breadcrumb"},"inLanguage":"en-US","potentialAction":[{"@type":"ReadAction","target":["https:\/\/groupecoiff.com\/produit\/support-seche-cheveux-opal\/"]}]},{"@type":"ImageObject","inLanguage":"en-US","@id":"https:\/\/groupecoiff.com\/produit\/support-seche-cheveux-opal\/#primaryimage","url":"https:\/\/groupecoiff.com\/wp-content\/uploads\/2023\/09\/Opal-1.png","contentUrl":"https:\/\/groupecoiff.com\/wp-content\/uploads\/2023\/09\/Opal-1.png","width":1080,"height":1080,"caption":"Support s\u00e8che cheveux Opal"},{"@type":"BreadcrumbList","@id":"https:\/\/groupecoiff.com\/produit\/support-seche-cheveux-opal\/#breadcrumb","itemListElement":[{"@type":"ListItem","position":1,"name":"Accueil","item":"https:\/\/groupecoiff.com\/"},{"@type":"ListItem","position":2,"name":"Boutique","item":"https:\/\/groupecoiff.com\/boutique\/"},{"@type":"ListItem","position":3,"name":"Support s\u00e8che cheveux Opal"}]},{"@type":"WebSite","@id":"https:\/\/groupecoiff.com\/#website","url":"https:\/\/groupecoiff.com\/","name":"Coiff Group","description":"Everything for the hairdresser","publisher":{"@id":"https:\/\/groupecoiff.com\/#organization"},"potentialAction":[{"@type":"SearchAction","target":{"@type":"EntryPoint","urlTemplate":"https:\/\/groupecoiff.com\/?s={search_term_string}"},"query-input":{"@type":"PropertyValueSpecification","valueRequired":true,"valueName":"search_term_string"}}],"inLanguage":"en-US"},{"@type":"Organization","@id":"https:\/\/groupecoiff.com\/#organization","name":"Coiff Group","alternateName":"Groupe Coiff : Le Mobilier De Coiffure Haut de Gamme Pour Une \u00c9l\u00e9gance In\u00e9gal\u00e9e","url":"https:\/\/groupecoiff.com\/","logo":{"@type":"ImageObject","inLanguage":"en-US","@id":"https:\/\/groupecoiff.com\/#\/schema\/logo\/image\/","url":"https:\/\/groupecoiff.com\/wp-content\/uploads\/2024\/01\/cropped-Groupe-Coiff-Logo.webp","contentUrl":"https:\/\/groupecoiff.com\/wp-content\/uploads\/2024\/01\/cropped-Groupe-Coiff-Logo.webp","width":512,"height":512,"caption":"Groupe Coiff"},"image":{"@id":"https:\/\/groupecoiff.com\/#\/schema\/logo\/image\/"},"sameAs":["https:\/\/www.facebook.com\/GroupeCoiff","https:\/\/x.com\/groupecoiff","https:\/\/www.instagram.com\/groupecoiff\/","https:\/\/www.tiktok.com\/@groupecoiff","https:\/\/www.youtube.com\/@groupecoiff","https:\/\/twitter.com\/groupecoiff","https:\/\/www.leboncoin.fr\/boutique\/3961302\/groupe_coiff.htm"],"description":"Discover Groupe Coiff's top-of-the-range hairdressing furniture, combining elegance and functionality to enhance your salon and satisfy your customers.","email":"contact@groupecoiff.com","telephone":"0676951605","legalName":"Groupe Coiff","foundingDate":"2022-11-16","vatID":"FR84921406419","taxID":"92140641900025"}]},"product_price_amount":"20.00","product_price_currency":"EUR","og_availability":"instock","product_availability":"instock","product_retailer_item_id":"GCU2YX627659","product_condition":"new"},"jetpack_publicize_connections":[],"jetpack_likes_enabled":true,"jetpack_sharing_enabled":true,"_links":{"self":[{"href":"https:\/\/groupecoiff.com\/en\/wp-json\/wp\/v2\/product\/27659","targetHints":{"allow":["GET"]}}],"collection":[{"href":"https:\/\/groupecoiff.com\/en\/wp-json\/wp\/v2\/product"}],"about":[{"href":"https:\/\/groupecoiff.com\/en\/wp-json\/wp\/v2\/types\/product"}],"replies":[{"embeddable":true,"href":"https:\/\/groupecoiff.com\/en\/wp-json\/wp\/v2\/comments?post=27659"}],"version-history":[{"count":0,"href":"https:\/\/groupecoiff.com\/en\/wp-json\/wp\/v2\/product\/27659\/revisions"}],"wp:featuredmedia":[{"embeddable":true,"href":"https:\/\/groupecoiff.com\/en\/wp-json\/wp\/v2\/media\/27732"}],"wp:attachment":[{"href":"https:\/\/groupecoiff.com\/en\/wp-json\/wp\/v2\/media?parent=27659"}],"wp:term":[{"taxonomy":"product_brand","embeddable":true,"href":"https:\/\/groupecoiff.com\/en\/wp-json\/wp\/v2\/product_brand?post=27659"},{"taxonomy":"product_cat","embeddable":true,"href":"https:\/\/groupecoiff.com\/en\/wp-json\/wp\/v2\/product_cat?post=27659"},{"taxonomy":"product_tag","embeddable":true,"href":"https:\/\/groupecoiff.com\/en\/wp-json\/wp\/v2\/product_tag?post=27659"}],"curies":[{"name":"wp","href":"https:\/\/api.w.org\/{rel}","templated":true}]}}