{"id":27683,"date":"2023-09-06T21:00:36","date_gmt":"2023-09-06T19:00:36","guid":{"rendered":"https:\/\/groupecoiff.com\/?post_type=product&#038;p=27683"},"modified":"2024-08-29T20:33:14","modified_gmt":"2024-08-29T18:33:14","slug":"casque-cheveux-hot-wind","status":"publish","type":"product","link":"https:\/\/groupecoiff.com\/en\/produit\/casque-cheveux-hot-wind\/","title":{"rendered":"Casque cheveux HOT WIND"},"content":{"rendered":"<div class=\"flex-1 overflow-hidden\">\n<div class=\"react-scroll-to-bottom--css-gpngm-79elbk h-full\">\n<div class=\"react-scroll-to-bottom--css-gpngm-1n7m0yu\">\n<div class=\"flex flex-col text-sm pb-9\">\n<div class=\"w-full text-token-text-primary\" dir=\"auto\" data-testid=\"conversation-turn-291\" data-scroll-anchor=\"true\">\n<div class=\"py-2 px-3 text-base md:px-4 m-auto md:px-5 lg:px-1 xl:px-5\">\n<div class=\"mx-auto flex flex-1 gap-3 text-base juice:gap-4 juice:md:gap-6 md:max-w-3xl lg:max-w-[40rem] xl:max-w-[48rem]\">\n<div class=\"relative flex w-full min-w-0 flex-col agent-turn\">\n<div class=\"flex-col gap-1 md:gap-3\">\n<div class=\"flex flex-grow flex-col max-w-full\">\n<div class=\"min-h-[20px] text-message flex flex-col items-start whitespace-pre-wrap break-words [.text-message+&amp;]:mt-5 overflow-x-auto gap-3\" dir=\"auto\" data-message-author-role=\"assistant\" data-message-id=\"55a75fb3-f5c3-4629-a929-d00ff1758c74\">\n<div class=\"markdown prose w-full break-words dark:prose-invert light\">\n<ul>\n<li><strong>Casque Cheveux Professionnel Hot Wind : Performance et Confort pour Votre Salon<\/strong><\/li>\n<\/ul>\n<p>C&rsquo; est l&rsquo;outil parfait pour les salons de coiffure \u00e0 la recherche d&rsquo;un \u00e9quipement performant et facile \u00e0 utiliser. Avec sa conception innovante et ses fonctionnalit\u00e9s avanc\u00e9es, il garantit des r\u00e9sultats exceptionnels \u00e0 chaque utilisation.<\/p>\n<h4><strong>Description\u00a0<\/strong><\/h4>\n<p>Le casque cheveux Hot Wind est \u00e9quip\u00e9 de deux vitesses avec minuterie, thermostat, voyant de contr\u00f4le de la temp\u00e9rature. Il dispose \u00e9galement d&rsquo;un moteur r\u00e9glable \u00e0 2 vitesses d\u2019a\u00e9ration. Cela offre une grande polyvalence pour r\u00e9pondre \u00e0 tous vos besoins de coiffure et de s\u00e9chage.<\/p>\n<p>Sa grande cloche et son syst\u00e8me de flux interne garantissent un d\u00e9bit d&rsquo;air puissant et uniforme. Cela permet d&rsquo;obtenir des r\u00e9sultats impeccables \u00e0 chaque utilisation. En plus de sa performance exceptionnelle, il int\u00e8gre des technologies de protection des cheveux pour minimiser les dommages caus\u00e9s par la chaleur.<\/p>\n<p>Il maintient \u00e9galement l&rsquo;hydratation des cheveux. Vous pouvez \u00e9galement r\u00e9gler la temp\u00e9rature de l&rsquo;air chaud pour \u00e9viter une exposition excessive \u00e0 la chaleur. Con\u00e7u pour offrir un confort optimal, il est dot\u00e9 d&rsquo;une poign\u00e9e ergonomique et d&rsquo;une technologie silencieuse.<\/p>\n<p>Cela r\u00e9duit les nuisances sonores pendant son utilisation. De plus, vous avez la possibilit\u00e9 de choisir un mod\u00e8le avec un bras articul\u00e9 pour une fixation murale pratique.<\/p>\n<p><strong>Caract\u00e9ristiques Principales<\/strong><\/p>\n<ul>\n<li>Moteur r\u00e9glable \u00e0 2 vitesses d\u2019a\u00e9ration<\/li>\n<li>Casque avec bras articul\u00e9 pour fixation murale<\/li>\n<li>2 Vitesses avec minuterie<\/li>\n<\/ul>\n<p>Pour chaque casque cheveux Hot Wind achet\u00e9, Group Coiff vous offre une livraison gratuite, vous garantissant ainsi une r\u00e9ception rapide de votre \u00e9quipement dans toute la France.<\/p>\n<p>Optez pour le casque cheveux Hot Wind et offrez \u00e0 votre salon de coiffure un outil professionnel de qualit\u00e9 sup\u00e9rieure pour des r\u00e9sultats impeccables \u00e0 chaque fois.<\/p>\n<\/div>\n<\/div>\n<\/div>\n<\/div>\n<\/div>\n<\/div>\n<\/div>\n<\/div>\n<\/div>\n<\/div>\n<\/div>\n<\/div>\n","protected":false},"excerpt":{"rendered":"<p>Casque Cheveux Professionnel Hot Wind : Performance et Confort pour Votre Salon C&rsquo; est l&rsquo;outil parfait pour les salons de coiffure \u00e0 la recherche d&rsquo;un \u00e9quipement performant et facile \u00e0 utiliser. Avec sa conception innovante et ses fonctionnalit\u00e9s avanc\u00e9es, il garantit des r\u00e9sultats exceptionnels \u00e0 chaque utilisation. Description\u00a0 Le casque cheveux Hot Wind est \u00e9quip\u00e9 [&hellip;]<\/p>\n","protected":false},"featured_media":27754,"comment_status":"open","ping_status":"closed","template":"","meta":{"googlesitekit_rrm_CAow0YCiDA:productID":"","jetpack_post_was_ever_published":false,"jetpack_publicize_message":"","jetpack_publicize_feature_enabled":true,"jetpack_social_post_already_shared":false,"jetpack_social_options":{"image_generator_settings":{"template":"highway","default_image_id":0,"font":"","enabled":false},"version":2}},"product_brand":[],"product_cat":[42,45],"product_tag":[],"class_list":{"0":"post-27683","1":"product","2":"type-product","3":"status-publish","4":"has-post-thumbnail","6":"product_cat-accessoires","7":"product_cat-casque-vapeur","9":"first","10":"instock","11":"featured","12":"taxable","13":"shipping-taxable","14":"purchasable","15":"product-type-simple"},"yoast_head":"<!-- This site is optimized with the Yoast SEO Premium plugin v27.4 (Yoast SEO v27.4) - https:\/\/yoast.com\/product\/yoast-seo-premium-wordpress\/ -->\n<title>Hot Wind: Casque Cheveux Professionnel de Salon - Groupe Coiff<\/title>\n<meta name=\"description\" content=\"Casque cheveux Hot Wind avec bras pour coiffeur, r\u00e9glable \u00e0 2\u00a0vitesses d\u2019a\u00e9ration pour r\u00e9aliser vos op\u00e9rations de coiffure et de s\u00e9chage. Pratique et l\u00e9ger.\" \/>\n<meta name=\"robots\" content=\"index, follow, max-snippet:-1, max-image-preview:large, max-video-preview:-1\" \/>\n<link rel=\"canonical\" href=\"https:\/\/groupecoiff.com\/en\/product-2\/casque-cheveux-hot-wind\/\" \/>\n<meta property=\"og:locale\" content=\"en_US\" \/>\n<meta property=\"og:type\" content=\"article\" \/>\n<meta property=\"og:title\" content=\"Casque cheveux HOT WIND Hot Wind casque s\u00e8che-cheveux professionnel\" \/>\n<meta property=\"og:description\" content=\"Hot wind casque s\u00e8che cheveux professionnel pour coiffeur avec bras. deux vitesses avec minuterie, thermostat voyant de contr\u00f4le de la temp\u00e9rature et moteur r\u00e9glable \u00e0 2\u00a0vitesses d\u2019a\u00e9ration pour r\u00e9aliser vos op\u00e9rations de coiffure et de s\u00e9chage.\" \/>\n<meta property=\"og:url\" content=\"https:\/\/groupecoiff.com\/en\/product-2\/casque-cheveux-hot-wind\/\" \/>\n<meta property=\"og:site_name\" content=\"Groupe Coiff\" \/>\n<meta property=\"article:publisher\" content=\"https:\/\/www.facebook.com\/GroupeCoiff\" \/>\n<meta property=\"article:modified_time\" content=\"2024-08-29T18:33:14+00:00\" \/>\n<meta property=\"og:image\" content=\"https:\/\/groupecoiff.com\/wp-content\/uploads\/2023\/09\/HOT-WIND-2.png\" \/>\n\t<meta property=\"og:image:width\" content=\"1080\" \/>\n\t<meta property=\"og:image:height\" content=\"1080\" \/>\n\t<meta property=\"og:image:type\" content=\"image\/png\" \/>\n<meta name=\"twitter:card\" content=\"summary_large_image\" \/>\n<meta name=\"twitter:title\" content=\"Casque cheveux HOT WIND\" \/>\n<meta name=\"twitter:site\" content=\"@groupecoiff\" \/>\n<meta name=\"twitter:label1\" content=\"Price\" \/>\n\t<meta name=\"twitter:data1\" content=\"545,00&nbsp;&euro;\" \/>\n\t<meta name=\"twitter:label2\" content=\"Availability\" \/>\n\t<meta name=\"twitter:data2\" content=\"In stock\" \/>\n<script type=\"application\/ld+json\" class=\"yoast-schema-graph\">{\"@context\":\"https:\\\/\\\/schema.org\",\"@graph\":[{\"@type\":\"WebPage\",\"@id\":\"https:\\\/\\\/groupecoiff.com\\\/produit\\\/casque-cheveux-hot-wind\\\/\",\"url\":\"https:\\\/\\\/groupecoiff.com\\\/produit\\\/casque-cheveux-hot-wind\\\/\",\"name\":\"Hot Wind: Casque Cheveux Professionnel de Salon - Groupe Coiff\",\"isPartOf\":{\"@id\":\"https:\\\/\\\/groupecoiff.com\\\/#website\"},\"primaryImageOfPage\":{\"@id\":\"https:\\\/\\\/groupecoiff.com\\\/produit\\\/casque-cheveux-hot-wind\\\/#primaryimage\"},\"image\":{\"@id\":\"https:\\\/\\\/groupecoiff.com\\\/produit\\\/casque-cheveux-hot-wind\\\/#primaryimage\"},\"thumbnailUrl\":\"https:\\\/\\\/groupecoiff.com\\\/wp-content\\\/uploads\\\/2023\\\/09\\\/HOT-WIND-2.png\",\"datePublished\":\"2023-09-06T19:00:36+00:00\",\"dateModified\":\"2024-08-29T18:33:14+00:00\",\"description\":\"Casque cheveux Hot Wind avec bras pour coiffeur, r\u00e9glable \u00e0 2\u00a0vitesses d\u2019a\u00e9ration pour r\u00e9aliser vos op\u00e9rations de coiffure et de s\u00e9chage. Pratique et l\u00e9ger.\",\"breadcrumb\":{\"@id\":\"https:\\\/\\\/groupecoiff.com\\\/produit\\\/casque-cheveux-hot-wind\\\/#breadcrumb\"},\"inLanguage\":\"en-US\",\"potentialAction\":[{\"@type\":\"ReadAction\",\"target\":[\"https:\\\/\\\/groupecoiff.com\\\/produit\\\/casque-cheveux-hot-wind\\\/\"]}]},{\"@type\":\"ImageObject\",\"inLanguage\":\"en-US\",\"@id\":\"https:\\\/\\\/groupecoiff.com\\\/produit\\\/casque-cheveux-hot-wind\\\/#primaryimage\",\"url\":\"https:\\\/\\\/groupecoiff.com\\\/wp-content\\\/uploads\\\/2023\\\/09\\\/HOT-WIND-2.png\",\"contentUrl\":\"https:\\\/\\\/groupecoiff.com\\\/wp-content\\\/uploads\\\/2023\\\/09\\\/HOT-WIND-2.png\",\"width\":1080,\"height\":1080,\"caption\":\"Casque cheveux HOT WIND\"},{\"@type\":\"BreadcrumbList\",\"@id\":\"https:\\\/\\\/groupecoiff.com\\\/produit\\\/casque-cheveux-hot-wind\\\/#breadcrumb\",\"itemListElement\":[{\"@type\":\"ListItem\",\"position\":1,\"name\":\"Accueil\",\"item\":\"https:\\\/\\\/groupecoiff.com\\\/\"},{\"@type\":\"ListItem\",\"position\":2,\"name\":\"Boutique\",\"item\":\"https:\\\/\\\/groupecoiff.com\\\/boutique\\\/\"},{\"@type\":\"ListItem\",\"position\":3,\"name\":\"Casque cheveux HOT WIND\"}]},{\"@type\":\"WebSite\",\"@id\":\"https:\\\/\\\/groupecoiff.com\\\/#website\",\"url\":\"https:\\\/\\\/groupecoiff.com\\\/\",\"name\":\"Groupe Coiff\",\"description\":\"Tout pour la coiffure\",\"publisher\":{\"@id\":\"https:\\\/\\\/groupecoiff.com\\\/#organization\"},\"potentialAction\":[{\"@type\":\"SearchAction\",\"target\":{\"@type\":\"EntryPoint\",\"urlTemplate\":\"https:\\\/\\\/groupecoiff.com\\\/?s={search_term_string}\"},\"query-input\":{\"@type\":\"PropertyValueSpecification\",\"valueRequired\":true,\"valueName\":\"search_term_string\"}}],\"inLanguage\":\"en-US\"},{\"@type\":\"Organization\",\"@id\":\"https:\\\/\\\/groupecoiff.com\\\/#organization\",\"name\":\"Groupe Coiff\",\"alternateName\":\"Groupe Coiff : Le Mobilier De Coiffure Haut de Gamme Pour Une \u00c9l\u00e9gance In\u00e9gal\u00e9e\",\"url\":\"https:\\\/\\\/groupecoiff.com\\\/\",\"logo\":{\"@type\":\"ImageObject\",\"inLanguage\":\"en-US\",\"@id\":\"https:\\\/\\\/groupecoiff.com\\\/#\\\/schema\\\/logo\\\/image\\\/\",\"url\":\"https:\\\/\\\/groupecoiff.com\\\/wp-content\\\/uploads\\\/2024\\\/01\\\/cropped-Groupe-Coiff-Logo.webp\",\"contentUrl\":\"https:\\\/\\\/groupecoiff.com\\\/wp-content\\\/uploads\\\/2024\\\/01\\\/cropped-Groupe-Coiff-Logo.webp\",\"width\":512,\"height\":512,\"caption\":\"Groupe Coiff\"},\"image\":{\"@id\":\"https:\\\/\\\/groupecoiff.com\\\/#\\\/schema\\\/logo\\\/image\\\/\"},\"sameAs\":[\"https:\\\/\\\/www.facebook.com\\\/GroupeCoiff\",\"https:\\\/\\\/x.com\\\/groupecoiff\",\"https:\\\/\\\/www.instagram.com\\\/groupecoiff\\\/\",\"https:\\\/\\\/www.tiktok.com\\\/@groupecoiff\",\"https:\\\/\\\/www.youtube.com\\\/@groupecoiff\",\"https:\\\/\\\/twitter.com\\\/groupecoiff\",\"https:\\\/\\\/www.leboncoin.fr\\\/boutique\\\/3961302\\\/groupe_coiff.htm\"],\"description\":\"D\u00e9couvrez le mobilier de coiffure haut de gamme de Groupe Coiff, alliant \u00e9l\u00e9gance et fonctionnalit\u00e9 pour sublimer votre salon et satisfaire vos clients.\",\"email\":\"contact@groupecoiff.com\",\"telephone\":\"0676951605\",\"legalName\":\"Groupe Coiff\",\"foundingDate\":\"2022-11-16\",\"vatID\":\"FR84921406419\",\"taxID\":\"92140641900025\"}]}<\/script>\n<meta property=\"product:price:amount\" content=\"545.00\" \/>\n<meta property=\"product:price:currency\" content=\"EUR\" \/>\n<meta property=\"og:availability\" content=\"instock\" \/>\n<meta property=\"product:availability\" content=\"instock\" \/>\n<meta property=\"product:retailer_item_id\" content=\"GC91XKR27683\" \/>\n<meta property=\"product:condition\" content=\"new\" \/>\n<!-- \/ Yoast SEO Premium plugin. -->","yoast_head_json":{"title":"Hot Wind: Professional Salon Hair Dryer - Groupe Coiff","description":"Hot Wind hair dryer hood with adjustable arm for hairdressers, featuring 2-speed airflow settings for all your styling and drying operations. Practical and lightweight.","robots":{"index":"index","follow":"follow","max-snippet":"max-snippet:-1","max-image-preview":"max-image-preview:large","max-video-preview":"max-video-preview:-1"},"canonical":"https:\/\/groupecoiff.com\/en\/product-2\/casque-cheveux-hot-wind\/","og_locale":"en_US","og_type":"article","og_title":"Casque cheveux HOT WIND Hot Wind casque s\u00e8che-cheveux professionnel","og_description":"Hot wind casque s\u00e8che cheveux professionnel pour coiffeur avec bras. deux vitesses avec minuterie, thermostat voyant de contr\u00f4le de la temp\u00e9rature et moteur r\u00e9glable \u00e0 2\u00a0vitesses d\u2019a\u00e9ration pour r\u00e9aliser vos op\u00e9rations de coiffure et de s\u00e9chage.","og_url":"https:\/\/groupecoiff.com\/en\/product-2\/casque-cheveux-hot-wind\/","og_site_name":"Groupe Coiff","article_publisher":"https:\/\/www.facebook.com\/GroupeCoiff","article_modified_time":"2024-08-29T18:33:14+00:00","og_image":[{"width":1080,"height":1080,"url":"https:\/\/groupecoiff.com\/wp-content\/uploads\/2023\/09\/HOT-WIND-2.png","type":"image\/png"}],"twitter_card":"summary_large_image","twitter_title":"Casque cheveux HOT WIND","twitter_site":"@groupecoiff","twitter_misc":{"Price":"545,00&nbsp;&euro;","Availability":"In stock"},"schema":{"@context":"https:\/\/schema.org","@graph":[{"@type":"WebPage","@id":"https:\/\/groupecoiff.com\/produit\/casque-cheveux-hot-wind\/","url":"https:\/\/groupecoiff.com\/produit\/casque-cheveux-hot-wind\/","name":"Hot Wind: Professional Salon Hair Dryer - Groupe Coiff","isPartOf":{"@id":"https:\/\/groupecoiff.com\/#website"},"primaryImageOfPage":{"@id":"https:\/\/groupecoiff.com\/produit\/casque-cheveux-hot-wind\/#primaryimage"},"image":{"@id":"https:\/\/groupecoiff.com\/produit\/casque-cheveux-hot-wind\/#primaryimage"},"thumbnailUrl":"https:\/\/groupecoiff.com\/wp-content\/uploads\/2023\/09\/HOT-WIND-2.png","datePublished":"2023-09-06T19:00:36+00:00","dateModified":"2024-08-29T18:33:14+00:00","description":"Hot Wind hair dryer hood with adjustable arm for hairdressers, featuring 2-speed airflow settings for all your styling and drying operations. Practical and lightweight.","breadcrumb":{"@id":"https:\/\/groupecoiff.com\/produit\/casque-cheveux-hot-wind\/#breadcrumb"},"inLanguage":"en-US","potentialAction":[{"@type":"ReadAction","target":["https:\/\/groupecoiff.com\/produit\/casque-cheveux-hot-wind\/"]}]},{"@type":"ImageObject","inLanguage":"en-US","@id":"https:\/\/groupecoiff.com\/produit\/casque-cheveux-hot-wind\/#primaryimage","url":"https:\/\/groupecoiff.com\/wp-content\/uploads\/2023\/09\/HOT-WIND-2.png","contentUrl":"https:\/\/groupecoiff.com\/wp-content\/uploads\/2023\/09\/HOT-WIND-2.png","width":1080,"height":1080,"caption":"Casque cheveux HOT WIND"},{"@type":"BreadcrumbList","@id":"https:\/\/groupecoiff.com\/produit\/casque-cheveux-hot-wind\/#breadcrumb","itemListElement":[{"@type":"ListItem","position":1,"name":"Accueil","item":"https:\/\/groupecoiff.com\/"},{"@type":"ListItem","position":2,"name":"Boutique","item":"https:\/\/groupecoiff.com\/boutique\/"},{"@type":"ListItem","position":3,"name":"Casque cheveux HOT WIND"}]},{"@type":"WebSite","@id":"https:\/\/groupecoiff.com\/#website","url":"https:\/\/groupecoiff.com\/","name":"Coiff Group","description":"Everything for the hairdresser","publisher":{"@id":"https:\/\/groupecoiff.com\/#organization"},"potentialAction":[{"@type":"SearchAction","target":{"@type":"EntryPoint","urlTemplate":"https:\/\/groupecoiff.com\/?s={search_term_string}"},"query-input":{"@type":"PropertyValueSpecification","valueRequired":true,"valueName":"search_term_string"}}],"inLanguage":"en-US"},{"@type":"Organization","@id":"https:\/\/groupecoiff.com\/#organization","name":"Coiff Group","alternateName":"Groupe Coiff : Le Mobilier De Coiffure Haut de Gamme Pour Une \u00c9l\u00e9gance In\u00e9gal\u00e9e","url":"https:\/\/groupecoiff.com\/","logo":{"@type":"ImageObject","inLanguage":"en-US","@id":"https:\/\/groupecoiff.com\/#\/schema\/logo\/image\/","url":"https:\/\/groupecoiff.com\/wp-content\/uploads\/2024\/01\/cropped-Groupe-Coiff-Logo.webp","contentUrl":"https:\/\/groupecoiff.com\/wp-content\/uploads\/2024\/01\/cropped-Groupe-Coiff-Logo.webp","width":512,"height":512,"caption":"Groupe Coiff"},"image":{"@id":"https:\/\/groupecoiff.com\/#\/schema\/logo\/image\/"},"sameAs":["https:\/\/www.facebook.com\/GroupeCoiff","https:\/\/x.com\/groupecoiff","https:\/\/www.instagram.com\/groupecoiff\/","https:\/\/www.tiktok.com\/@groupecoiff","https:\/\/www.youtube.com\/@groupecoiff","https:\/\/twitter.com\/groupecoiff","https:\/\/www.leboncoin.fr\/boutique\/3961302\/groupe_coiff.htm"],"description":"Discover Groupe Coiff's top-of-the-range hairdressing furniture, combining elegance and functionality to enhance your salon and satisfy your customers.","email":"contact@groupecoiff.com","telephone":"0676951605","legalName":"Groupe Coiff","foundingDate":"2022-11-16","vatID":"FR84921406419","taxID":"92140641900025"}]},"product_price_amount":"545.00","product_price_currency":"EUR","og_availability":"instock","product_availability":"instock","product_retailer_item_id":"GC91XKR27683","product_condition":"new"},"jetpack_publicize_connections":[],"jetpack_likes_enabled":true,"jetpack_sharing_enabled":true,"_links":{"self":[{"href":"https:\/\/groupecoiff.com\/en\/wp-json\/wp\/v2\/product\/27683","targetHints":{"allow":["GET"]}}],"collection":[{"href":"https:\/\/groupecoiff.com\/en\/wp-json\/wp\/v2\/product"}],"about":[{"href":"https:\/\/groupecoiff.com\/en\/wp-json\/wp\/v2\/types\/product"}],"replies":[{"embeddable":true,"href":"https:\/\/groupecoiff.com\/en\/wp-json\/wp\/v2\/comments?post=27683"}],"version-history":[{"count":0,"href":"https:\/\/groupecoiff.com\/en\/wp-json\/wp\/v2\/product\/27683\/revisions"}],"wp:featuredmedia":[{"embeddable":true,"href":"https:\/\/groupecoiff.com\/en\/wp-json\/wp\/v2\/media\/27754"}],"wp:attachment":[{"href":"https:\/\/groupecoiff.com\/en\/wp-json\/wp\/v2\/media?parent=27683"}],"wp:term":[{"taxonomy":"product_brand","embeddable":true,"href":"https:\/\/groupecoiff.com\/en\/wp-json\/wp\/v2\/product_brand?post=27683"},{"taxonomy":"product_cat","embeddable":true,"href":"https:\/\/groupecoiff.com\/en\/wp-json\/wp\/v2\/product_cat?post=27683"},{"taxonomy":"product_tag","embeddable":true,"href":"https:\/\/groupecoiff.com\/en\/wp-json\/wp\/v2\/product_tag?post=27683"}],"curies":[{"name":"wp","href":"https:\/\/api.w.org\/{rel}","templated":true}]}}