{"id":27784,"date":"2023-09-06T21:04:05","date_gmt":"2023-09-06T19:04:05","guid":{"rendered":"https:\/\/groupecoiff.com\/?post_type=product&#038;p=27784"},"modified":"2025-07-25T01:57:42","modified_gmt":"2025-07-24T23:57:42","slug":"fauteuil-barbier-vintage-clovis-black","status":"publish","type":"product","link":"https:\/\/groupecoiff.com\/en\/produit\/fauteuil-barbier-vintage-clovis-black\/","title":{"rendered":"Fauteuil Barbier Vintage CLOVIS Black"},"content":{"rendered":"<ul>\n<li>\n<h4>Fauteuil Barbier Vintage Clovis Black : Confort et \u00c9l\u00e9gance Intemporelle<\/h4>\n<\/li>\n<\/ul>\n<p>Le Fauteuil Barbier Vintage Clovis Black attire instantan\u00e9ment par son style vintage et sa robustesse. Avec un design intemporel, il devient le centre d\u2019attention de votre barbershop.<\/p>\n<ul>\n<li><strong>Design et Confort Ergonomique<\/strong><\/li>\n<\/ul>\n<p>Recouvert de similicuir, ce fauteuil est ergonomique et polyvalent. Sa structure en bois et mousse haute densit\u00e9 assure un confort exceptionnel. La finition capitonn\u00e9e et la structure en fonte d\u2019aluminium noir renforcent son allure vintage.<\/p>\n<ul>\n<li><strong>R\u00e9glages et Fonctionnalit\u00e9s Avanc\u00e9es<\/strong><\/li>\n<\/ul>\n<p>Gr\u00e2ce \u00e0 sa pompe hydraulique blocable avec frein r\u00e9glable, ajustez facilement la hauteur. Le fauteuil supporte jusqu\u2019\u00e0 300 kg. La base ronde avec enjoliveur en fibre de verre noir mat offre stabilit\u00e9 et style. Le repose-t\u00eate est extensible et r\u00e9glable pour un confort personnalis\u00e9.<\/p>\n<ul>\n<li><strong>Caract\u00e9ristiques du Fauteuil Clovis Black <\/strong><\/li>\n<\/ul>\n<p>Rev\u00eatement : Similicuir noir<br \/>\nStructure : Fonte d\u2019aluminium couleur noir<br \/>\nBase : Ronde avec enjoliveur noir mat<br \/>\nProtection : Anneau m\u00e9tallique \u00e0 la base<br \/>\nInt\u00e9rieur : Structure en bois, mousse haute densit\u00e9<br \/>\nPompe : Hydraulique blocable (300 kg)<br \/>\nRepose-pieds : R\u00e9versible et inclinable en aluminium<br \/>\n<strong>Dimensions:<\/strong><br \/>\nLength: 125 cm<br \/>\n- Width: 69 cm<br \/>\nLongueur \u00e9tir\u00e9e : 160 cm<br \/>\nMinimum height: 54 cm<br \/>\nMax. height: 71 cm<br \/>\n- Base \u00d8: 67 cm<\/p>\n<p>Pour plus d&rsquo;harmonie, associez ce fauteuil au <a href=\"https:\/\/groupecoiff.com\/en\/product-2\/clovis-black-shampoo-container\/\">bac \u00e0 shampoing Clovis black<\/a>. Cela cr\u00e9era un ensemble \u00e9l\u00e9gant et coh\u00e9rent dans votre salon.<\/p>","protected":false},"excerpt":{"rendered":"<p>\u00c9levez votre barbershop avec le Fauteuil Barbier Vintage CLOVIS Black et son allure intemporelle. Offrez \u00e0 vos clients une exp\u00e9rience personnalis\u00e9e !<\/p>","protected":false},"featured_media":27808,"comment_status":"open","ping_status":"closed","template":"","meta":{"googlesitekit_rrm_CAow0YCiDA:productID":"","jetpack_post_was_ever_published":false,"jetpack_publicize_message":"","jetpack_publicize_feature_enabled":true,"jetpack_social_post_already_shared":false,"jetpack_social_options":{"image_generator_settings":{"template":"highway","default_image_id":0,"font":"","enabled":false},"version":2}},"product_brand":[],"product_cat":[51,313],"product_tag":[452,121,122,324],"class_list":{"0":"post-27784","1":"product","2":"type-product","3":"status-publish","4":"has-post-thumbnail","6":"product_cat-fauteuil-de-barbier-professionnel","7":"product_cat-meuble-de-coiffure","8":"product_tag-barbershop","9":"product_tag-fauteuil-barbier","10":"product_tag-fauteuil-de-coiffure","11":"product_tag-meuble-de-coiffure-professionnel","13":"first","14":"instock","15":"sale","16":"featured","17":"taxable","18":"shipping-taxable","19":"purchasable","20":"product-type-simple"},"yoast_head":"<!-- This site is optimized with the Yoast SEO Premium plugin v27.4 (Yoast SEO v27.4) - https:\/\/yoast.com\/product\/yoast-seo-premium-wordpress\/ -->\n<title>Fauteuil Barbier Vintage CLOVIS Black Confort Ergonomique - Groupe Coiff<\/title>\n<meta name=\"description\" content=\"D\u00e9couvrez le Fauteuil Barbier Vintage CLOVIS Black, alliant style classique et confort ergonomique. Transformez votre barbershop d\u00e8s maintenant !\" \/>\n<meta name=\"robots\" content=\"index, follow, max-snippet:-1, max-image-preview:large, max-video-preview:-1\" \/>\n<link rel=\"canonical\" href=\"https:\/\/groupecoiff.com\/en\/product-2\/fauteuil-barbier-vintage-clovis-black\/\" \/>\n<meta property=\"og:locale\" content=\"en_US\" \/>\n<meta property=\"og:type\" content=\"article\" \/>\n<meta property=\"og:title\" content=\"Fauteuil Barbier Vintage CLOVIS Black\" \/>\n<meta property=\"og:description\" content=\"D\u00e9couvrez le Fauteuil Barbier Vintage CLOVIS Black, alliant style classique et confort ergonomique. Transformez votre barbershop d\u00e8s maintenant !\" \/>\n<meta property=\"og:url\" content=\"https:\/\/groupecoiff.com\/en\/product-2\/fauteuil-barbier-vintage-clovis-black\/\" \/>\n<meta property=\"og:site_name\" content=\"Groupe Coiff\" \/>\n<meta property=\"article:publisher\" content=\"https:\/\/www.facebook.com\/GroupeCoiff\" \/>\n<meta property=\"article:modified_time\" content=\"2025-07-24T23:57:42+00:00\" \/>\n<meta property=\"og:image\" content=\"https:\/\/groupecoiff.com\/wp-content\/uploads\/2023\/09\/Fauteuil-barbier-Clovis-Black-1.png\" \/>\n\t<meta property=\"og:image:width\" content=\"1080\" \/>\n\t<meta property=\"og:image:height\" content=\"1080\" \/>\n\t<meta property=\"og:image:type\" content=\"image\/png\" \/>\n<meta name=\"twitter:card\" content=\"summary_large_image\" \/>\n<meta name=\"twitter:site\" content=\"@groupecoiff\" \/>\n<meta name=\"twitter:label1\" content=\"Price\" \/>\n\t<meta name=\"twitter:data1\" content=\"649,00&nbsp;&euro;\" \/>\n\t<meta name=\"twitter:label2\" content=\"Availability\" \/>\n\t<meta name=\"twitter:data2\" content=\"In stock\" \/>\n<script type=\"application\/ld+json\" class=\"yoast-schema-graph\">{\"@context\":\"https:\\\/\\\/schema.org\",\"@graph\":[{\"@type\":\"WebPage\",\"@id\":\"https:\\\/\\\/groupecoiff.com\\\/produit\\\/fauteuil-barbier-vintage-clovis-black\\\/\",\"url\":\"https:\\\/\\\/groupecoiff.com\\\/produit\\\/fauteuil-barbier-vintage-clovis-black\\\/\",\"name\":\"Fauteuil Barbier Vintage CLOVIS Black Confort Ergonomique - Groupe Coiff\",\"isPartOf\":{\"@id\":\"https:\\\/\\\/groupecoiff.com\\\/#website\"},\"primaryImageOfPage\":{\"@id\":\"https:\\\/\\\/groupecoiff.com\\\/produit\\\/fauteuil-barbier-vintage-clovis-black\\\/#primaryimage\"},\"image\":{\"@id\":\"https:\\\/\\\/groupecoiff.com\\\/produit\\\/fauteuil-barbier-vintage-clovis-black\\\/#primaryimage\"},\"thumbnailUrl\":\"https:\\\/\\\/groupecoiff.com\\\/wp-content\\\/uploads\\\/2023\\\/09\\\/Fauteuil-barbier-Clovis-Black-1.png\",\"datePublished\":\"2023-09-06T19:04:05+00:00\",\"dateModified\":\"2025-07-24T23:57:42+00:00\",\"description\":\"D\u00e9couvrez le Fauteuil Barbier Vintage CLOVIS Black, alliant style classique et confort ergonomique. Transformez votre barbershop d\u00e8s maintenant !\",\"breadcrumb\":{\"@id\":\"https:\\\/\\\/groupecoiff.com\\\/produit\\\/fauteuil-barbier-vintage-clovis-black\\\/#breadcrumb\"},\"inLanguage\":\"en-US\",\"potentialAction\":[{\"@type\":\"ReadAction\",\"target\":[\"https:\\\/\\\/groupecoiff.com\\\/produit\\\/fauteuil-barbier-vintage-clovis-black\\\/\"]}]},{\"@type\":\"ImageObject\",\"inLanguage\":\"en-US\",\"@id\":\"https:\\\/\\\/groupecoiff.com\\\/produit\\\/fauteuil-barbier-vintage-clovis-black\\\/#primaryimage\",\"url\":\"https:\\\/\\\/groupecoiff.com\\\/wp-content\\\/uploads\\\/2023\\\/09\\\/Fauteuil-barbier-Clovis-Black-1.png\",\"contentUrl\":\"https:\\\/\\\/groupecoiff.com\\\/wp-content\\\/uploads\\\/2023\\\/09\\\/Fauteuil-barbier-Clovis-Black-1.png\",\"width\":1080,\"height\":1080,\"caption\":\"Fauteuil Barbier Vintage CLOVIS Black\"},{\"@type\":\"BreadcrumbList\",\"@id\":\"https:\\\/\\\/groupecoiff.com\\\/produit\\\/fauteuil-barbier-vintage-clovis-black\\\/#breadcrumb\",\"itemListElement\":[{\"@type\":\"ListItem\",\"position\":1,\"name\":\"Accueil\",\"item\":\"https:\\\/\\\/groupecoiff.com\\\/\"},{\"@type\":\"ListItem\",\"position\":2,\"name\":\"Boutique\",\"item\":\"https:\\\/\\\/groupecoiff.com\\\/boutique\\\/\"},{\"@type\":\"ListItem\",\"position\":3,\"name\":\"Fauteuil Barbier Vintage CLOVIS Black\"}]},{\"@type\":\"WebSite\",\"@id\":\"https:\\\/\\\/groupecoiff.com\\\/#website\",\"url\":\"https:\\\/\\\/groupecoiff.com\\\/\",\"name\":\"Groupe Coiff\",\"description\":\"Tout pour la coiffure\",\"publisher\":{\"@id\":\"https:\\\/\\\/groupecoiff.com\\\/#organization\"},\"potentialAction\":[{\"@type\":\"SearchAction\",\"target\":{\"@type\":\"EntryPoint\",\"urlTemplate\":\"https:\\\/\\\/groupecoiff.com\\\/?s={search_term_string}\"},\"query-input\":{\"@type\":\"PropertyValueSpecification\",\"valueRequired\":true,\"valueName\":\"search_term_string\"}}],\"inLanguage\":\"en-US\"},{\"@type\":\"Organization\",\"@id\":\"https:\\\/\\\/groupecoiff.com\\\/#organization\",\"name\":\"Groupe Coiff\",\"alternateName\":\"Groupe Coiff : Le Mobilier De Coiffure Haut de Gamme Pour Une \u00c9l\u00e9gance In\u00e9gal\u00e9e\",\"url\":\"https:\\\/\\\/groupecoiff.com\\\/\",\"logo\":{\"@type\":\"ImageObject\",\"inLanguage\":\"en-US\",\"@id\":\"https:\\\/\\\/groupecoiff.com\\\/#\\\/schema\\\/logo\\\/image\\\/\",\"url\":\"https:\\\/\\\/groupecoiff.com\\\/wp-content\\\/uploads\\\/2024\\\/01\\\/cropped-Groupe-Coiff-Logo.webp\",\"contentUrl\":\"https:\\\/\\\/groupecoiff.com\\\/wp-content\\\/uploads\\\/2024\\\/01\\\/cropped-Groupe-Coiff-Logo.webp\",\"width\":512,\"height\":512,\"caption\":\"Groupe Coiff\"},\"image\":{\"@id\":\"https:\\\/\\\/groupecoiff.com\\\/#\\\/schema\\\/logo\\\/image\\\/\"},\"sameAs\":[\"https:\\\/\\\/www.facebook.com\\\/GroupeCoiff\",\"https:\\\/\\\/x.com\\\/groupecoiff\",\"https:\\\/\\\/www.instagram.com\\\/groupecoiff\\\/\",\"https:\\\/\\\/www.tiktok.com\\\/@groupecoiff\",\"https:\\\/\\\/www.youtube.com\\\/@groupecoiff\",\"https:\\\/\\\/twitter.com\\\/groupecoiff\",\"https:\\\/\\\/www.leboncoin.fr\\\/boutique\\\/3961302\\\/groupe_coiff.htm\"],\"description\":\"D\u00e9couvrez le mobilier de coiffure haut de gamme de Groupe Coiff, alliant \u00e9l\u00e9gance et fonctionnalit\u00e9 pour sublimer votre salon et satisfaire vos clients.\",\"email\":\"contact@groupecoiff.com\",\"telephone\":\"0676951605\",\"legalName\":\"Groupe Coiff\",\"foundingDate\":\"2022-11-16\",\"vatID\":\"FR84921406419\",\"taxID\":\"92140641900025\"}]}<\/script>\n<meta property=\"product:price:amount\" content=\"649.00\" \/>\n<meta property=\"product:price:currency\" content=\"EUR\" \/>\n<meta property=\"og:availability\" content=\"instock\" \/>\n<meta property=\"product:availability\" content=\"instock\" \/>\n<meta property=\"product:retailer_item_id\" content=\"GCT368B27784\" \/>\n<meta property=\"product:condition\" content=\"new\" \/>\n<!-- \/ Yoast SEO Premium plugin. -->","yoast_head_json":{"title":"Fauteuil Barbier Vintage CLOVIS Black Confort Ergonomique - Groupe Coiff","description":"D\u00e9couvrez le Fauteuil Barbier Vintage CLOVIS Black, alliant style classique et confort ergonomique. Transformez votre barbershop d\u00e8s maintenant !","robots":{"index":"index","follow":"follow","max-snippet":"max-snippet:-1","max-image-preview":"max-image-preview:large","max-video-preview":"max-video-preview:-1"},"canonical":"https:\/\/groupecoiff.com\/en\/product-2\/fauteuil-barbier-vintage-clovis-black\/","og_locale":"en_US","og_type":"article","og_title":"Fauteuil Barbier Vintage CLOVIS Black","og_description":"D\u00e9couvrez le Fauteuil Barbier Vintage CLOVIS Black, alliant style classique et confort ergonomique. Transformez votre barbershop d\u00e8s maintenant !","og_url":"https:\/\/groupecoiff.com\/en\/product-2\/fauteuil-barbier-vintage-clovis-black\/","og_site_name":"Groupe Coiff","article_publisher":"https:\/\/www.facebook.com\/GroupeCoiff","article_modified_time":"2025-07-24T23:57:42+00:00","og_image":[{"width":1080,"height":1080,"url":"https:\/\/groupecoiff.com\/wp-content\/uploads\/2023\/09\/Fauteuil-barbier-Clovis-Black-1.png","type":"image\/png"}],"twitter_card":"summary_large_image","twitter_site":"@groupecoiff","twitter_misc":{"Price":"649,00&nbsp;&euro;","Availability":"In stock"},"schema":{"@context":"https:\/\/schema.org","@graph":[{"@type":"WebPage","@id":"https:\/\/groupecoiff.com\/produit\/fauteuil-barbier-vintage-clovis-black\/","url":"https:\/\/groupecoiff.com\/produit\/fauteuil-barbier-vintage-clovis-black\/","name":"Fauteuil Barbier Vintage CLOVIS Black Confort Ergonomique - Groupe Coiff","isPartOf":{"@id":"https:\/\/groupecoiff.com\/#website"},"primaryImageOfPage":{"@id":"https:\/\/groupecoiff.com\/produit\/fauteuil-barbier-vintage-clovis-black\/#primaryimage"},"image":{"@id":"https:\/\/groupecoiff.com\/produit\/fauteuil-barbier-vintage-clovis-black\/#primaryimage"},"thumbnailUrl":"https:\/\/groupecoiff.com\/wp-content\/uploads\/2023\/09\/Fauteuil-barbier-Clovis-Black-1.png","datePublished":"2023-09-06T19:04:05+00:00","dateModified":"2025-07-24T23:57:42+00:00","description":"D\u00e9couvrez le Fauteuil Barbier Vintage CLOVIS Black, alliant style classique et confort ergonomique. Transformez votre barbershop d\u00e8s maintenant !","breadcrumb":{"@id":"https:\/\/groupecoiff.com\/produit\/fauteuil-barbier-vintage-clovis-black\/#breadcrumb"},"inLanguage":"en-US","potentialAction":[{"@type":"ReadAction","target":["https:\/\/groupecoiff.com\/produit\/fauteuil-barbier-vintage-clovis-black\/"]}]},{"@type":"ImageObject","inLanguage":"en-US","@id":"https:\/\/groupecoiff.com\/produit\/fauteuil-barbier-vintage-clovis-black\/#primaryimage","url":"https:\/\/groupecoiff.com\/wp-content\/uploads\/2023\/09\/Fauteuil-barbier-Clovis-Black-1.png","contentUrl":"https:\/\/groupecoiff.com\/wp-content\/uploads\/2023\/09\/Fauteuil-barbier-Clovis-Black-1.png","width":1080,"height":1080,"caption":"Fauteuil Barbier Vintage CLOVIS Black"},{"@type":"BreadcrumbList","@id":"https:\/\/groupecoiff.com\/produit\/fauteuil-barbier-vintage-clovis-black\/#breadcrumb","itemListElement":[{"@type":"ListItem","position":1,"name":"Accueil","item":"https:\/\/groupecoiff.com\/"},{"@type":"ListItem","position":2,"name":"Boutique","item":"https:\/\/groupecoiff.com\/boutique\/"},{"@type":"ListItem","position":3,"name":"Fauteuil Barbier Vintage CLOVIS Black"}]},{"@type":"WebSite","@id":"https:\/\/groupecoiff.com\/#website","url":"https:\/\/groupecoiff.com\/","name":"Coiff Group","description":"Everything for the hairdresser","publisher":{"@id":"https:\/\/groupecoiff.com\/#organization"},"potentialAction":[{"@type":"SearchAction","target":{"@type":"EntryPoint","urlTemplate":"https:\/\/groupecoiff.com\/?s={search_term_string}"},"query-input":{"@type":"PropertyValueSpecification","valueRequired":true,"valueName":"search_term_string"}}],"inLanguage":"en-US"},{"@type":"Organization","@id":"https:\/\/groupecoiff.com\/#organization","name":"Coiff Group","alternateName":"Groupe Coiff : Le Mobilier De Coiffure Haut de Gamme Pour Une \u00c9l\u00e9gance In\u00e9gal\u00e9e","url":"https:\/\/groupecoiff.com\/","logo":{"@type":"ImageObject","inLanguage":"en-US","@id":"https:\/\/groupecoiff.com\/#\/schema\/logo\/image\/","url":"https:\/\/groupecoiff.com\/wp-content\/uploads\/2024\/01\/cropped-Groupe-Coiff-Logo.webp","contentUrl":"https:\/\/groupecoiff.com\/wp-content\/uploads\/2024\/01\/cropped-Groupe-Coiff-Logo.webp","width":512,"height":512,"caption":"Groupe Coiff"},"image":{"@id":"https:\/\/groupecoiff.com\/#\/schema\/logo\/image\/"},"sameAs":["https:\/\/www.facebook.com\/GroupeCoiff","https:\/\/x.com\/groupecoiff","https:\/\/www.instagram.com\/groupecoiff\/","https:\/\/www.tiktok.com\/@groupecoiff","https:\/\/www.youtube.com\/@groupecoiff","https:\/\/twitter.com\/groupecoiff","https:\/\/www.leboncoin.fr\/boutique\/3961302\/groupe_coiff.htm"],"description":"Discover Groupe Coiff's top-of-the-range hairdressing furniture, combining elegance and functionality to enhance your salon and satisfy your customers.","email":"contact@groupecoiff.com","telephone":"0676951605","legalName":"Groupe Coiff","foundingDate":"2022-11-16","vatID":"FR84921406419","taxID":"92140641900025"}]},"product_price_amount":"649.00","product_price_currency":"EUR","og_availability":"instock","product_availability":"instock","product_retailer_item_id":"GCT368B27784","product_condition":"new"},"jetpack_publicize_connections":[],"jetpack_likes_enabled":true,"jetpack_sharing_enabled":true,"_links":{"self":[{"href":"https:\/\/groupecoiff.com\/en\/wp-json\/wp\/v2\/product\/27784","targetHints":{"allow":["GET"]}}],"collection":[{"href":"https:\/\/groupecoiff.com\/en\/wp-json\/wp\/v2\/product"}],"about":[{"href":"https:\/\/groupecoiff.com\/en\/wp-json\/wp\/v2\/types\/product"}],"replies":[{"embeddable":true,"href":"https:\/\/groupecoiff.com\/en\/wp-json\/wp\/v2\/comments?post=27784"}],"version-history":[{"count":0,"href":"https:\/\/groupecoiff.com\/en\/wp-json\/wp\/v2\/product\/27784\/revisions"}],"wp:featuredmedia":[{"embeddable":true,"href":"https:\/\/groupecoiff.com\/en\/wp-json\/wp\/v2\/media\/27808"}],"wp:attachment":[{"href":"https:\/\/groupecoiff.com\/en\/wp-json\/wp\/v2\/media?parent=27784"}],"wp:term":[{"taxonomy":"product_brand","embeddable":true,"href":"https:\/\/groupecoiff.com\/en\/wp-json\/wp\/v2\/product_brand?post=27784"},{"taxonomy":"product_cat","embeddable":true,"href":"https:\/\/groupecoiff.com\/en\/wp-json\/wp\/v2\/product_cat?post=27784"},{"taxonomy":"product_tag","embeddable":true,"href":"https:\/\/groupecoiff.com\/en\/wp-json\/wp\/v2\/product_tag?post=27784"}],"curies":[{"name":"wp","href":"https:\/\/api.w.org\/{rel}","templated":true}]}}