{"id":29662,"date":"2023-10-28T22:13:39","date_gmt":"2023-10-28T20:13:39","guid":{"rendered":"https:\/\/groupecoiff.com\/?post_type=product&#038;p=29662"},"modified":"2024-08-29T20:31:29","modified_gmt":"2024-08-29T18:31:29","slug":"canape-dattente-chester-springfield-br","status":"publish","type":"product","link":"https:\/\/groupecoiff.com\/en\/produit\/canape-dattente-chester-springfield-br\/","title":{"rendered":"Canap\u00e9 d&rsquo;attente Chester Springfield Br"},"content":{"rendered":"<div class=\"flex-1 overflow-hidden\">\n<div class=\"react-scroll-to-bottom--css-gpngm-79elbk h-full\">\n<div class=\"react-scroll-to-bottom--css-gpngm-1n7m0yu\">\n<div class=\"flex flex-col text-sm pb-9\">\n<div class=\"w-full text-token-text-primary\" dir=\"auto\" data-testid=\"conversation-turn-221\" data-scroll-anchor=\"true\">\n<div class=\"py-2 px-3 text-base md:px-4 m-auto md:px-5 lg:px-1 xl:px-5\">\n<div class=\"mx-auto flex flex-1 gap-3 text-base juice:gap-4 juice:md:gap-6 md:max-w-3xl lg:max-w-[40rem] xl:max-w-[48rem]\">\n<div class=\"relative flex w-full min-w-0 flex-col agent-turn\">\n<div class=\"flex-col gap-1 md:gap-3\">\n<div class=\"flex flex-grow flex-col max-w-full\">\n<div class=\"min-h-[20px] text-message flex flex-col items-start whitespace-pre-wrap break-words [.text-message+&amp;]:mt-5 overflow-x-auto gap-3\" dir=\"auto\" data-message-author-role=\"assistant\" data-message-id=\"59dd106f-2000-4b9c-86ef-cc089d3d7688\">\n<div class=\"markdown prose w-full break-words dark:prose-invert light\">\n<p><strong>Id\u00e9al pour les salles d\u2019attente, le Canap\u00e9 d&rsquo;attente Chester Springfield trouve son \u00e9quilibre en modernit\u00e9 et style vintage. Utilisez un meuble appr\u00e9ci\u00e9 depuis le 19e si\u00e8cle dans votre lieu de travail et impressionnez vos clients.<\/strong><\/p>\n<p><strong>Description du canap\u00e9 Chester Springfield Br<\/strong><\/p>\n<p>Incontournable et exclusif, le canap\u00e9 d&rsquo;attente salon de coiffure convient aux salons de coiffure et aux barbershop. De plus, il a des courbes qui inspirent un sentiment de d\u00e9tente et de confort. Fabriqu\u00e9 avec du similicuir de haute qualit\u00e9, ce canap\u00e9 offre non seulement une apparence luxueuse, mais il est \u00e9galement facile \u00e0 entretenir. Un simple coup de chiffon humide suffit pour le nettoyer et pr\u00e9server son allure \u00e9l\u00e9gante.<\/p>\n<p>Ensuite, le design du canap\u00e9 d&rsquo;attente Chester Springfield Br est ergonomique, offrant un soutien optimal pour le confort des clients. Il s&rsquo;adapte harmonieusement \u00e0 l&rsquo;esth\u00e9tique globale de tout salon.<\/p>\n<p>Cependant, le canap\u00e9 Napol\u00e9on arbore un look tr\u00e8s moderne. il dispose de grands accoudoirs et un si\u00e8ge en mousse haute densit\u00e9 pour assurer le repos et le confort de vos clients. Dossier et accoudoirs capitonn\u00e9s et en forme de volutes pour apporter un confort suppl\u00e9mentaire.<\/p>\n<p>En choisissant notre canap\u00e9 d&rsquo;attente salon de coiffure Chester Springfield, vous optez pour, le confort et le style. N&rsquo;attendez plus, offrez \u00e0 vos clients une exp\u00e9rience d&rsquo;attente agr\u00e9able avec ce canap\u00e9 de salon de coiffure exceptionnel.<\/p>\n<p><strong>Caract\u00e9ristiques du Chester Springfield Br<\/strong><\/p>\n<ul>\n<li>Rev\u00eatement en similicuir marron<\/li>\n<li>Structure int\u00e9rieure solide en bois massif<\/li>\n<li>2 coussins d\u2019assise en mousse de haute densit\u00e9<\/li>\n<li>Si\u00e8ges avec ressorts en zigzag<\/li>\n<li>Assises amovibles<\/li>\n<\/ul>\n<p>Pour un canap\u00e9 d&rsquo;attente achet\u00e9, Group Coiff vous offre la livraison gratuite, dans les meilleurs d\u00e9lais en France comme ailleurs.<\/p>\n<\/div>\n<\/div>\n<\/div>\n<\/div>\n<\/div>\n<\/div>\n<\/div>\n<\/div>\n<\/div>\n<\/div>\n<\/div>\n<\/div>\n","protected":false},"excerpt":{"rendered":"<p>Cr\u00e9ez un espace d&rsquo;attente \u00e9l\u00e9gant avec notre canap\u00e9 d&rsquo;attente Chester Springfield Br destin\u00e9 aux salons de coiffure. Le confort et le style\u00a0se\u00a0rencontrent.<\/p>","protected":false},"featured_media":27661,"comment_status":"open","ping_status":"closed","template":"","meta":{"googlesitekit_rrm_CAow0YCiDA:productID":"","jetpack_post_was_ever_published":false,"jetpack_publicize_message":"","jetpack_publicize_feature_enabled":true,"jetpack_social_post_already_shared":true,"jetpack_social_options":{"image_generator_settings":{"template":"highway","default_image_id":0,"font":"","enabled":false},"version":2}},"product_brand":[],"product_cat":[313,53],"product_tag":[],"class_list":{"0":"post-29662","1":"product","2":"type-product","3":"status-publish","4":"has-post-thumbnail","6":"product_cat-meuble-de-coiffure","7":"product_cat-mobilier-salle-dattente","9":"first","10":"instock","11":"featured","12":"taxable","13":"shipping-taxable","14":"purchasable","15":"product-type-simple"},"yoast_head":"<!-- This site is optimized with the Yoast SEO Premium plugin v27.4 (Yoast SEO v27.4) - https:\/\/yoast.com\/product\/yoast-seo-premium-wordpress\/ -->\n<title>Canap\u00e9 d&#039;attente Chester Springfield Br: Modernit\u00e9 et style vintage - Groupe Coiff<\/title>\n<meta name=\"description\" content=\"Cr\u00e9ez un espace d&#039;attente \u00e9l\u00e9gant avec notre canap\u00e9 d&#039;attente Chester Springfield Br destin\u00e9 aux salons de coiffure. Le confort et le style\u00a0se\u00a0rencontrent.\" \/>\n<meta name=\"robots\" content=\"index, follow, max-snippet:-1, max-image-preview:large, max-video-preview:-1\" \/>\n<link rel=\"canonical\" href=\"https:\/\/groupecoiff.com\/en\/product-2\/canape-dattente-chester-springfield-br\/\" \/>\n<meta property=\"og:locale\" content=\"en_US\" \/>\n<meta property=\"og:type\" content=\"article\" \/>\n<meta property=\"og:title\" content=\"Canap\u00e9 d&#039;attente Chester Springfield Br\" \/>\n<meta property=\"og:description\" content=\"Cr\u00e9ez un espace d&#039;attente \u00e9l\u00e9gant avec notre canap\u00e9 d&#039;attente Chester Springfield Br destin\u00e9 aux salons de coiffure. Le confort et le style\u00a0se\u00a0rencontrent.\" \/>\n<meta property=\"og:url\" content=\"https:\/\/groupecoiff.com\/en\/product-2\/canape-dattente-chester-springfield-br\/\" \/>\n<meta property=\"og:site_name\" content=\"Groupe Coiff\" \/>\n<meta property=\"article:publisher\" content=\"https:\/\/www.facebook.com\/GroupeCoiff\" \/>\n<meta property=\"article:modified_time\" content=\"2024-08-29T18:31:29+00:00\" \/>\n<meta property=\"og:image\" content=\"https:\/\/groupecoiff.com\/wp-content\/uploads\/2023\/09\/Napoleon-Br-1.png\" \/>\n\t<meta property=\"og:image:width\" content=\"1080\" \/>\n\t<meta property=\"og:image:height\" content=\"1080\" \/>\n\t<meta property=\"og:image:type\" content=\"image\/png\" \/>\n<meta name=\"twitter:card\" content=\"summary_large_image\" \/>\n<meta name=\"twitter:site\" content=\"@groupecoiff\" \/>\n<meta name=\"twitter:label1\" content=\"Price\" \/>\n\t<meta name=\"twitter:data1\" content=\"1149,00&nbsp;&euro;\" \/>\n\t<meta name=\"twitter:label2\" content=\"Availability\" \/>\n\t<meta name=\"twitter:data2\" content=\"In stock\" \/>\n<script type=\"application\/ld+json\" class=\"yoast-schema-graph\">{\"@context\":\"https:\\\/\\\/schema.org\",\"@graph\":[{\"@type\":\"WebPage\",\"@id\":\"https:\\\/\\\/groupecoiff.com\\\/produit\\\/canape-dattente-chester-springfield-br\\\/\",\"url\":\"https:\\\/\\\/groupecoiff.com\\\/produit\\\/canape-dattente-chester-springfield-br\\\/\",\"name\":\"Canap\u00e9 d'attente Chester Springfield Br: Modernit\u00e9 et style vintage - Groupe Coiff\",\"isPartOf\":{\"@id\":\"https:\\\/\\\/groupecoiff.com\\\/#website\"},\"primaryImageOfPage\":{\"@id\":\"https:\\\/\\\/groupecoiff.com\\\/produit\\\/canape-dattente-chester-springfield-br\\\/#primaryimage\"},\"image\":{\"@id\":\"https:\\\/\\\/groupecoiff.com\\\/produit\\\/canape-dattente-chester-springfield-br\\\/#primaryimage\"},\"thumbnailUrl\":\"https:\\\/\\\/groupecoiff.com\\\/wp-content\\\/uploads\\\/2023\\\/09\\\/Napoleon-Br-1.png\",\"datePublished\":\"2023-10-28T20:13:39+00:00\",\"dateModified\":\"2024-08-29T18:31:29+00:00\",\"description\":\"Cr\u00e9ez un espace d'attente \u00e9l\u00e9gant avec notre canap\u00e9 d'attente Chester Springfield Br destin\u00e9 aux salons de coiffure. Le confort et le style\u00a0se\u00a0rencontrent.\",\"breadcrumb\":{\"@id\":\"https:\\\/\\\/groupecoiff.com\\\/produit\\\/canape-dattente-chester-springfield-br\\\/#breadcrumb\"},\"inLanguage\":\"en-US\",\"potentialAction\":[{\"@type\":\"ReadAction\",\"target\":[\"https:\\\/\\\/groupecoiff.com\\\/produit\\\/canape-dattente-chester-springfield-br\\\/\"]}]},{\"@type\":\"ImageObject\",\"inLanguage\":\"en-US\",\"@id\":\"https:\\\/\\\/groupecoiff.com\\\/produit\\\/canape-dattente-chester-springfield-br\\\/#primaryimage\",\"url\":\"https:\\\/\\\/groupecoiff.com\\\/wp-content\\\/uploads\\\/2023\\\/09\\\/Napoleon-Br-1.png\",\"contentUrl\":\"https:\\\/\\\/groupecoiff.com\\\/wp-content\\\/uploads\\\/2023\\\/09\\\/Napoleon-Br-1.png\",\"width\":1080,\"height\":1080,\"caption\":\"Canap\u00e9 d'attente Chester Springfield Br\"},{\"@type\":\"BreadcrumbList\",\"@id\":\"https:\\\/\\\/groupecoiff.com\\\/produit\\\/canape-dattente-chester-springfield-br\\\/#breadcrumb\",\"itemListElement\":[{\"@type\":\"ListItem\",\"position\":1,\"name\":\"Accueil\",\"item\":\"https:\\\/\\\/groupecoiff.com\\\/\"},{\"@type\":\"ListItem\",\"position\":2,\"name\":\"Boutique\",\"item\":\"https:\\\/\\\/groupecoiff.com\\\/boutique\\\/\"},{\"@type\":\"ListItem\",\"position\":3,\"name\":\"Canap\u00e9 d&rsquo;attente Chester Springfield Br\"}]},{\"@type\":\"WebSite\",\"@id\":\"https:\\\/\\\/groupecoiff.com\\\/#website\",\"url\":\"https:\\\/\\\/groupecoiff.com\\\/\",\"name\":\"Groupe Coiff\",\"description\":\"Tout pour la coiffure\",\"publisher\":{\"@id\":\"https:\\\/\\\/groupecoiff.com\\\/#organization\"},\"potentialAction\":[{\"@type\":\"SearchAction\",\"target\":{\"@type\":\"EntryPoint\",\"urlTemplate\":\"https:\\\/\\\/groupecoiff.com\\\/?s={search_term_string}\"},\"query-input\":{\"@type\":\"PropertyValueSpecification\",\"valueRequired\":true,\"valueName\":\"search_term_string\"}}],\"inLanguage\":\"en-US\"},{\"@type\":\"Organization\",\"@id\":\"https:\\\/\\\/groupecoiff.com\\\/#organization\",\"name\":\"Groupe Coiff\",\"alternateName\":\"Groupe Coiff : Le Mobilier De Coiffure Haut de Gamme Pour Une \u00c9l\u00e9gance In\u00e9gal\u00e9e\",\"url\":\"https:\\\/\\\/groupecoiff.com\\\/\",\"logo\":{\"@type\":\"ImageObject\",\"inLanguage\":\"en-US\",\"@id\":\"https:\\\/\\\/groupecoiff.com\\\/#\\\/schema\\\/logo\\\/image\\\/\",\"url\":\"https:\\\/\\\/groupecoiff.com\\\/wp-content\\\/uploads\\\/2024\\\/01\\\/cropped-Groupe-Coiff-Logo.webp\",\"contentUrl\":\"https:\\\/\\\/groupecoiff.com\\\/wp-content\\\/uploads\\\/2024\\\/01\\\/cropped-Groupe-Coiff-Logo.webp\",\"width\":512,\"height\":512,\"caption\":\"Groupe Coiff\"},\"image\":{\"@id\":\"https:\\\/\\\/groupecoiff.com\\\/#\\\/schema\\\/logo\\\/image\\\/\"},\"sameAs\":[\"https:\\\/\\\/www.facebook.com\\\/GroupeCoiff\",\"https:\\\/\\\/x.com\\\/groupecoiff\",\"https:\\\/\\\/www.instagram.com\\\/groupecoiff\\\/\",\"https:\\\/\\\/www.tiktok.com\\\/@groupecoiff\",\"https:\\\/\\\/www.youtube.com\\\/@groupecoiff\",\"https:\\\/\\\/twitter.com\\\/groupecoiff\",\"https:\\\/\\\/www.leboncoin.fr\\\/boutique\\\/3961302\\\/groupe_coiff.htm\"],\"description\":\"D\u00e9couvrez le mobilier de coiffure haut de gamme de Groupe Coiff, alliant \u00e9l\u00e9gance et fonctionnalit\u00e9 pour sublimer votre salon et satisfaire vos clients.\",\"email\":\"contact@groupecoiff.com\",\"telephone\":\"0676951605\",\"legalName\":\"Groupe Coiff\",\"foundingDate\":\"2022-11-16\",\"vatID\":\"FR84921406419\",\"taxID\":\"92140641900025\"}]}<\/script>\n<meta property=\"product:price:amount\" content=\"1149.00\" \/>\n<meta property=\"product:price:currency\" content=\"EUR\" \/>\n<meta property=\"og:availability\" content=\"instock\" \/>\n<meta property=\"product:availability\" content=\"instock\" \/>\n<meta property=\"product:retailer_item_id\" content=\"3760402775845729662\" \/>\n<meta property=\"product:condition\" content=\"new\" \/>\n<!-- \/ Yoast SEO Premium plugin. -->","yoast_head_json":{"title":"Chester Springfield Br Waiting Sofa: Modernity and vintage style - Groupe Coiff","description":"Cr\u00e9ez un espace d'attente \u00e9l\u00e9gant avec notre canap\u00e9 d'attente Chester Springfield destin\u00e9 aux salons de coiffure. Le confort et le style\u00a0se\u00a0rencontrent.","robots":{"index":"index","follow":"follow","max-snippet":"max-snippet:-1","max-image-preview":"max-image-preview:large","max-video-preview":"max-video-preview:-1"},"canonical":"https:\/\/groupecoiff.com\/en\/product-2\/canape-dattente-chester-springfield-br\/","og_locale":"en_US","og_type":"article","og_title":"Canap\u00e9 d'attente Chester Springfield Br","og_description":"Cr\u00e9ez un espace d'attente \u00e9l\u00e9gant avec notre canap\u00e9 d'attente Chester Springfield Br destin\u00e9 aux salons de coiffure. Le confort et le style\u00a0se\u00a0rencontrent.","og_url":"https:\/\/groupecoiff.com\/en\/product-2\/canape-dattente-chester-springfield-br\/","og_site_name":"Groupe Coiff","article_publisher":"https:\/\/www.facebook.com\/GroupeCoiff","article_modified_time":"2024-08-29T18:31:29+00:00","og_image":[{"width":1080,"height":1080,"url":"https:\/\/groupecoiff.com\/wp-content\/uploads\/2023\/09\/Napoleon-Br-1.png","type":"image\/png"}],"twitter_card":"summary_large_image","twitter_site":"@groupecoiff","twitter_misc":{"Price":"1149,00&nbsp;&euro;","Availability":"In stock"},"schema":{"@context":"https:\/\/schema.org","@graph":[{"@type":"WebPage","@id":"https:\/\/groupecoiff.com\/produit\/canape-dattente-chester-springfield-br\/","url":"https:\/\/groupecoiff.com\/produit\/canape-dattente-chester-springfield-br\/","name":"Chester Springfield Br Waiting Sofa: Modernity and vintage style - Groupe Coiff","isPartOf":{"@id":"https:\/\/groupecoiff.com\/#website"},"primaryImageOfPage":{"@id":"https:\/\/groupecoiff.com\/produit\/canape-dattente-chester-springfield-br\/#primaryimage"},"image":{"@id":"https:\/\/groupecoiff.com\/produit\/canape-dattente-chester-springfield-br\/#primaryimage"},"thumbnailUrl":"https:\/\/groupecoiff.com\/wp-content\/uploads\/2023\/09\/Napoleon-Br-1.png","datePublished":"2023-10-28T20:13:39+00:00","dateModified":"2024-08-29T18:31:29+00:00","description":"Cr\u00e9ez un espace d'attente \u00e9l\u00e9gant avec notre canap\u00e9 d'attente Chester Springfield destin\u00e9 aux salons de coiffure. Le confort et le style\u00a0se\u00a0rencontrent.","breadcrumb":{"@id":"https:\/\/groupecoiff.com\/produit\/canape-dattente-chester-springfield-br\/#breadcrumb"},"inLanguage":"en-US","potentialAction":[{"@type":"ReadAction","target":["https:\/\/groupecoiff.com\/produit\/canape-dattente-chester-springfield-br\/"]}]},{"@type":"ImageObject","inLanguage":"en-US","@id":"https:\/\/groupecoiff.com\/produit\/canape-dattente-chester-springfield-br\/#primaryimage","url":"https:\/\/groupecoiff.com\/wp-content\/uploads\/2023\/09\/Napoleon-Br-1.png","contentUrl":"https:\/\/groupecoiff.com\/wp-content\/uploads\/2023\/09\/Napoleon-Br-1.png","width":1080,"height":1080,"caption":"Canap\u00e9 d'attente Chester Springfield Br"},{"@type":"BreadcrumbList","@id":"https:\/\/groupecoiff.com\/produit\/canape-dattente-chester-springfield-br\/#breadcrumb","itemListElement":[{"@type":"ListItem","position":1,"name":"Accueil","item":"https:\/\/groupecoiff.com\/"},{"@type":"ListItem","position":2,"name":"Boutique","item":"https:\/\/groupecoiff.com\/boutique\/"},{"@type":"ListItem","position":3,"name":"Canap\u00e9 d&rsquo;attente Chester Springfield Br"}]},{"@type":"WebSite","@id":"https:\/\/groupecoiff.com\/#website","url":"https:\/\/groupecoiff.com\/","name":"Coiff Group","description":"Everything for the hairdresser","publisher":{"@id":"https:\/\/groupecoiff.com\/#organization"},"potentialAction":[{"@type":"SearchAction","target":{"@type":"EntryPoint","urlTemplate":"https:\/\/groupecoiff.com\/?s={search_term_string}"},"query-input":{"@type":"PropertyValueSpecification","valueRequired":true,"valueName":"search_term_string"}}],"inLanguage":"en-US"},{"@type":"Organization","@id":"https:\/\/groupecoiff.com\/#organization","name":"Coiff Group","alternateName":"Groupe Coiff : Le Mobilier De Coiffure Haut de Gamme Pour Une \u00c9l\u00e9gance In\u00e9gal\u00e9e","url":"https:\/\/groupecoiff.com\/","logo":{"@type":"ImageObject","inLanguage":"en-US","@id":"https:\/\/groupecoiff.com\/#\/schema\/logo\/image\/","url":"https:\/\/groupecoiff.com\/wp-content\/uploads\/2024\/01\/cropped-Groupe-Coiff-Logo.webp","contentUrl":"https:\/\/groupecoiff.com\/wp-content\/uploads\/2024\/01\/cropped-Groupe-Coiff-Logo.webp","width":512,"height":512,"caption":"Groupe Coiff"},"image":{"@id":"https:\/\/groupecoiff.com\/#\/schema\/logo\/image\/"},"sameAs":["https:\/\/www.facebook.com\/GroupeCoiff","https:\/\/x.com\/groupecoiff","https:\/\/www.instagram.com\/groupecoiff\/","https:\/\/www.tiktok.com\/@groupecoiff","https:\/\/www.youtube.com\/@groupecoiff","https:\/\/twitter.com\/groupecoiff","https:\/\/www.leboncoin.fr\/boutique\/3961302\/groupe_coiff.htm"],"description":"Discover Groupe Coiff's top-of-the-range hairdressing furniture, combining elegance and functionality to enhance your salon and satisfy your customers.","email":"contact@groupecoiff.com","telephone":"0676951605","legalName":"Groupe Coiff","foundingDate":"2022-11-16","vatID":"FR84921406419","taxID":"92140641900025"}]},"product_price_amount":"1149.00","product_price_currency":"EUR","og_availability":"instock","product_availability":"instock","product_retailer_item_id":"3760402775845729662","product_condition":"new"},"jetpack_publicize_connections":[],"jetpack_likes_enabled":true,"jetpack_sharing_enabled":true,"_links":{"self":[{"href":"https:\/\/groupecoiff.com\/en\/wp-json\/wp\/v2\/product\/29662","targetHints":{"allow":["GET"]}}],"collection":[{"href":"https:\/\/groupecoiff.com\/en\/wp-json\/wp\/v2\/product"}],"about":[{"href":"https:\/\/groupecoiff.com\/en\/wp-json\/wp\/v2\/types\/product"}],"replies":[{"embeddable":true,"href":"https:\/\/groupecoiff.com\/en\/wp-json\/wp\/v2\/comments?post=29662"}],"version-history":[{"count":0,"href":"https:\/\/groupecoiff.com\/en\/wp-json\/wp\/v2\/product\/29662\/revisions"}],"wp:featuredmedia":[{"embeddable":true,"href":"https:\/\/groupecoiff.com\/en\/wp-json\/wp\/v2\/media\/27661"}],"wp:attachment":[{"href":"https:\/\/groupecoiff.com\/en\/wp-json\/wp\/v2\/media?parent=29662"}],"wp:term":[{"taxonomy":"product_brand","embeddable":true,"href":"https:\/\/groupecoiff.com\/en\/wp-json\/wp\/v2\/product_brand?post=29662"},{"taxonomy":"product_cat","embeddable":true,"href":"https:\/\/groupecoiff.com\/en\/wp-json\/wp\/v2\/product_cat?post=29662"},{"taxonomy":"product_tag","embeddable":true,"href":"https:\/\/groupecoiff.com\/en\/wp-json\/wp\/v2\/product_tag?post=29662"}],"curies":[{"name":"wp","href":"https:\/\/api.w.org\/{rel}","templated":true}]}}