{"id":29990,"date":"2023-12-03T08:37:33","date_gmt":"2023-12-03T07:37:33","guid":{"rendered":"https:\/\/groupecoiff.com\/?post_type=product&#038;p=29990"},"modified":"2025-07-10T10:50:51","modified_gmt":"2025-07-10T08:50:51","slug":"fauteuil-barbier-spencer-gold","status":"publish","type":"product","link":"https:\/\/groupecoiff.com\/en\/produit\/fauteuil-barbier-spencer-gold\/","title":{"rendered":"Spencer Gold barber chair"},"content":{"rendered":"<ul>\n<li>\n<h4><strong>Spencer Gold Barber Chair: Vintage Luxury and Superior Comfort<\/strong><\/h4>\n<p>Plongez dans l\u2019essence du raffinement avec notre fauteuil barbier Spencer Gold, une pi\u00e8ce ma\u00eetresse du mobilier de coiffure professionnel. Son design vintage en couleur dor\u00e9e apporte une touche sophistiqu\u00e9e \u00e0 tout salon de coiffure masculin.<\/p>\n<h4><strong>Robust and Luxurious Structure<\/strong><\/h4>\n<p>The Spencer Gold barber chair features an all-metal, die-cast aluminium frame for exceptional durability. The round base and gold chrome finish add a touch of luxury to this barbering staple.<\/p>\n<h4><strong>Optimal Comfort, Unmatched Style<\/strong><\/h4>\n<p>The high-density foam seat provides maximum comfort for your customers, while ensuring long-term durability. The black upholstery adds a modern touch, creating a perfect harmony between vintage and contemporary.<\/p>\n<h4><strong>Fonctionnalit\u00e9s Avanc\u00e9es<\/strong><\/h4>\n<p>Dot\u00e9 d\u2019un repose-pied r\u00e9versible et d&rsquo;une pompe hydraulique de haute qualit\u00e9, le fauteuil Spencer Gold allie fonctionnalit\u00e9 et esth\u00e9tique. Offrez \u00e0 vos clients une exp\u00e9rience de coiffure exceptionnelle dans un fauteuil de barbier d&rsquo;exception.<\/p>\n<p><strong>Personalised style for your living room<\/strong><\/p>\n<p>Whether you're looking for a barber chair, a vintage barber chair or professional barber furniture, the Spencer Gold will meet all your needs. Create a unique atmosphere in your salon with this elegant barber chair.<\/p>\n<p>Invest in quality, style and comfort with the Spencer Gold barber chair. Create an unforgettable experience for your customers, while adding a touch of luxury to your salon.<\/p>\n<p><strong>FEATURES<\/strong><\/p>\n<ul>\n<li>- Length: 124 cm<\/li>\n<li>- Length in extended position: 160 cm<\/li>\n<li>- Width: 69 cm<\/li>\n<li>Hauteur d&rsquo;assise minimale : 55 cm<\/li>\n<li>Hauteur d&rsquo;assise maximale : 70 cm<\/li>\n<li>- Base \u00d8: 67 cm<\/li>\n<li>- Weight: 48 kg<\/li>\n<li>- Weight with packaging: 58.5 kg<\/li>\n<li>Charge max : 180 kg<\/li>\n<li>- Upholstery: PVC<\/li>\n<li>- High-quality, lockable hydraulic pump with adjustable brake.<\/li>\n<li>- Complete structure in die-cast aluminium.<\/li>\n<li>- Extendable headrest.<\/li>\n<li>- Lever-operated reclining backrest.<\/li>\n<li>- Reclining aluminium footrests.<\/li>\n<li>- High-density foam.<\/li>\n<li>- Round metal base.<\/li>\n<li>- Upholstery with white stitching.<\/li>\n<li>- High-stability chair .<\/li>\n<\/ul>\n<\/li>\n<\/ul>","protected":false},"excerpt":{"rendered":"<p>Discover the Spencer Gold vintage barber chair, a perfect marriage between vintage and luxury. Professional salon furniture for a distinguished salon!<\/p>","protected":false},"featured_media":29991,"comment_status":"open","ping_status":"closed","template":"","meta":{"googlesitekit_rrm_CAow0YCiDA:productID":"","jetpack_post_was_ever_published":false,"jetpack_publicize_message":"","jetpack_publicize_feature_enabled":true,"jetpack_social_post_already_shared":true,"jetpack_social_options":{"image_generator_settings":{"template":"highway","default_image_id":0,"font":"","enabled":false},"version":2}},"product_brand":[],"product_cat":[51,313],"product_tag":[],"class_list":{"0":"post-29990","1":"product","2":"type-product","3":"status-publish","4":"has-post-thumbnail","6":"product_cat-fauteuil-de-barbier-professionnel","7":"product_cat-meuble-de-coiffure","9":"first","10":"instock","11":"sale","12":"featured","13":"taxable","14":"shipping-taxable","15":"purchasable","16":"product-type-simple"},"yoast_head":"<!-- This site is optimized with the Yoast SEO Premium plugin v27.4 (Yoast SEO v27.4) - https:\/\/yoast.com\/product\/yoast-seo-premium-wordpress\/ -->\n<title>Fauteuil Barbier Spencer Gold - Groupe Coiff<\/title>\n<meta name=\"description\" content=\"\u2b50\ufe0f Dans votre salon, d\u00e9diez-vous \u00e0 l&#039;art de la coiffure avec le Fauteuil Barbier Spencer Gold ! Une structure en aluminium inject\u00e9 et un design vintage en couleur beige qui feront sensation \ud83e\udd29 !\" \/>\n<meta name=\"robots\" content=\"index, follow, max-snippet:-1, max-image-preview:large, max-video-preview:-1\" \/>\n<link rel=\"canonical\" href=\"https:\/\/groupecoiff.com\/en\/product-2\/fauteuil-barbier-spencer-gold\/\" \/>\n<meta property=\"og:locale\" content=\"en_US\" \/>\n<meta property=\"og:type\" content=\"article\" \/>\n<meta property=\"og:title\" content=\"Fauteuil Barbier Spencer Gold\" \/>\n<meta property=\"og:description\" content=\"\u2b50\ufe0f Dans votre salon, d\u00e9diez-vous \u00e0 l&#039;art de la coiffure avec le Fauteuil Barbier Spencer Gold ! Une structure en aluminium inject\u00e9 et un design vintage en couleur beige qui feront sensation \ud83e\udd29 !\" \/>\n<meta property=\"og:url\" content=\"https:\/\/groupecoiff.com\/en\/product-2\/fauteuil-barbier-spencer-gold\/\" \/>\n<meta property=\"og:site_name\" content=\"Groupe Coiff\" \/>\n<meta property=\"article:publisher\" content=\"https:\/\/www.facebook.com\/GroupeCoiff\" \/>\n<meta property=\"article:modified_time\" content=\"2025-07-10T08:50:51+00:00\" \/>\n<meta property=\"og:image\" content=\"https:\/\/groupecoiff.com\/wp-content\/uploads\/2023\/12\/Fauteuil-Barbier-Spencer-Gold.webp\" \/>\n\t<meta property=\"og:image:width\" content=\"1080\" \/>\n\t<meta property=\"og:image:height\" content=\"1080\" \/>\n\t<meta property=\"og:image:type\" content=\"image\/webp\" \/>\n<meta name=\"twitter:card\" content=\"summary_large_image\" \/>\n<meta name=\"twitter:site\" content=\"@groupecoiff\" \/>\n<meta name=\"twitter:label1\" content=\"Price\" \/>\n\t<meta name=\"twitter:data1\" content=\"799,00&nbsp;&euro;\" \/>\n\t<meta name=\"twitter:label2\" content=\"Availability\" \/>\n\t<meta name=\"twitter:data2\" content=\"In stock\" \/>\n<script type=\"application\/ld+json\" class=\"yoast-schema-graph\">{\"@context\":\"https:\\\/\\\/schema.org\",\"@graph\":[{\"@type\":\"WebPage\",\"@id\":\"https:\\\/\\\/groupecoiff.com\\\/produit\\\/fauteuil-barbier-spencer-gold\\\/\",\"url\":\"https:\\\/\\\/groupecoiff.com\\\/produit\\\/fauteuil-barbier-spencer-gold\\\/\",\"name\":\"Fauteuil Barbier Spencer Gold - Groupe Coiff\",\"isPartOf\":{\"@id\":\"https:\\\/\\\/groupecoiff.com\\\/#website\"},\"primaryImageOfPage\":{\"@id\":\"https:\\\/\\\/groupecoiff.com\\\/produit\\\/fauteuil-barbier-spencer-gold\\\/#primaryimage\"},\"image\":{\"@id\":\"https:\\\/\\\/groupecoiff.com\\\/produit\\\/fauteuil-barbier-spencer-gold\\\/#primaryimage\"},\"thumbnailUrl\":\"https:\\\/\\\/groupecoiff.com\\\/wp-content\\\/uploads\\\/2023\\\/12\\\/Fauteuil-Barbier-Spencer-Gold.webp\",\"datePublished\":\"2023-12-03T07:37:33+00:00\",\"dateModified\":\"2025-07-10T08:50:51+00:00\",\"description\":\"\u2b50\ufe0f Dans votre salon, d\u00e9diez-vous \u00e0 l'art de la coiffure avec le Fauteuil Barbier Spencer Gold ! Une structure en aluminium inject\u00e9 et un design vintage en couleur beige qui feront sensation \ud83e\udd29 !\",\"breadcrumb\":{\"@id\":\"https:\\\/\\\/groupecoiff.com\\\/produit\\\/fauteuil-barbier-spencer-gold\\\/#breadcrumb\"},\"inLanguage\":\"en-US\",\"potentialAction\":[{\"@type\":\"ReadAction\",\"target\":[\"https:\\\/\\\/groupecoiff.com\\\/produit\\\/fauteuil-barbier-spencer-gold\\\/\"]}]},{\"@type\":\"ImageObject\",\"inLanguage\":\"en-US\",\"@id\":\"https:\\\/\\\/groupecoiff.com\\\/produit\\\/fauteuil-barbier-spencer-gold\\\/#primaryimage\",\"url\":\"https:\\\/\\\/groupecoiff.com\\\/wp-content\\\/uploads\\\/2023\\\/12\\\/Fauteuil-Barbier-Spencer-Gold.webp\",\"contentUrl\":\"https:\\\/\\\/groupecoiff.com\\\/wp-content\\\/uploads\\\/2023\\\/12\\\/Fauteuil-Barbier-Spencer-Gold.webp\",\"width\":1080,\"height\":1080,\"caption\":\"Fauteuil Barbier Spencer Gold vintage fauteuil de coiffure pour homme fauteuil barbier vintage\"},{\"@type\":\"BreadcrumbList\",\"@id\":\"https:\\\/\\\/groupecoiff.com\\\/produit\\\/fauteuil-barbier-spencer-gold\\\/#breadcrumb\",\"itemListElement\":[{\"@type\":\"ListItem\",\"position\":1,\"name\":\"Accueil\",\"item\":\"https:\\\/\\\/groupecoiff.com\\\/\"},{\"@type\":\"ListItem\",\"position\":2,\"name\":\"Boutique\",\"item\":\"https:\\\/\\\/groupecoiff.com\\\/boutique\\\/\"},{\"@type\":\"ListItem\",\"position\":3,\"name\":\"Fauteuil Barbier Spencer Gold\"}]},{\"@type\":\"WebSite\",\"@id\":\"https:\\\/\\\/groupecoiff.com\\\/#website\",\"url\":\"https:\\\/\\\/groupecoiff.com\\\/\",\"name\":\"Groupe Coiff\",\"description\":\"Tout pour la coiffure\",\"publisher\":{\"@id\":\"https:\\\/\\\/groupecoiff.com\\\/#organization\"},\"potentialAction\":[{\"@type\":\"SearchAction\",\"target\":{\"@type\":\"EntryPoint\",\"urlTemplate\":\"https:\\\/\\\/groupecoiff.com\\\/?s={search_term_string}\"},\"query-input\":{\"@type\":\"PropertyValueSpecification\",\"valueRequired\":true,\"valueName\":\"search_term_string\"}}],\"inLanguage\":\"en-US\"},{\"@type\":\"Organization\",\"@id\":\"https:\\\/\\\/groupecoiff.com\\\/#organization\",\"name\":\"Groupe Coiff\",\"alternateName\":\"Groupe Coiff : Le Mobilier De Coiffure Haut de Gamme Pour Une \u00c9l\u00e9gance In\u00e9gal\u00e9e\",\"url\":\"https:\\\/\\\/groupecoiff.com\\\/\",\"logo\":{\"@type\":\"ImageObject\",\"inLanguage\":\"en-US\",\"@id\":\"https:\\\/\\\/groupecoiff.com\\\/#\\\/schema\\\/logo\\\/image\\\/\",\"url\":\"https:\\\/\\\/groupecoiff.com\\\/wp-content\\\/uploads\\\/2024\\\/01\\\/cropped-Groupe-Coiff-Logo.webp\",\"contentUrl\":\"https:\\\/\\\/groupecoiff.com\\\/wp-content\\\/uploads\\\/2024\\\/01\\\/cropped-Groupe-Coiff-Logo.webp\",\"width\":512,\"height\":512,\"caption\":\"Groupe Coiff\"},\"image\":{\"@id\":\"https:\\\/\\\/groupecoiff.com\\\/#\\\/schema\\\/logo\\\/image\\\/\"},\"sameAs\":[\"https:\\\/\\\/www.facebook.com\\\/GroupeCoiff\",\"https:\\\/\\\/x.com\\\/groupecoiff\",\"https:\\\/\\\/www.instagram.com\\\/groupecoiff\\\/\",\"https:\\\/\\\/www.tiktok.com\\\/@groupecoiff\",\"https:\\\/\\\/www.youtube.com\\\/@groupecoiff\",\"https:\\\/\\\/twitter.com\\\/groupecoiff\",\"https:\\\/\\\/www.leboncoin.fr\\\/boutique\\\/3961302\\\/groupe_coiff.htm\"],\"description\":\"D\u00e9couvrez le mobilier de coiffure haut de gamme de Groupe Coiff, alliant \u00e9l\u00e9gance et fonctionnalit\u00e9 pour sublimer votre salon et satisfaire vos clients.\",\"email\":\"contact@groupecoiff.com\",\"telephone\":\"0676951605\",\"legalName\":\"Groupe Coiff\",\"foundingDate\":\"2022-11-16\",\"vatID\":\"FR84921406419\",\"taxID\":\"92140641900025\"}]}<\/script>\n<meta property=\"product:price:amount\" content=\"799.00\" \/>\n<meta property=\"product:price:currency\" content=\"EUR\" \/>\n<meta property=\"og:availability\" content=\"instock\" \/>\n<meta property=\"product:availability\" content=\"instock\" \/>\n<meta property=\"product:condition\" content=\"new\" \/>\n<!-- \/ Yoast SEO Premium plugin. -->","yoast_head_json":{"title":"Spencer Gold Barber Chair - Coiff Group","description":"\u2b50\ufe0f In your salon, dedicate yourself to the art of hairdressing with the Spencer Gold Barber Chair! An injected aluminum structure and vintage design in beige color that will make a sensation \ud83e\udd29!","robots":{"index":"index","follow":"follow","max-snippet":"max-snippet:-1","max-image-preview":"max-image-preview:large","max-video-preview":"max-video-preview:-1"},"canonical":"https:\/\/groupecoiff.com\/en\/product-2\/fauteuil-barbier-spencer-gold\/","og_locale":"en_US","og_type":"article","og_title":"Fauteuil Barbier Spencer Gold","og_description":"\u2b50\ufe0f Dans votre salon, d\u00e9diez-vous \u00e0 l'art de la coiffure avec le Fauteuil Barbier Spencer Gold ! Une structure en aluminium inject\u00e9 et un design vintage en couleur beige qui feront sensation \ud83e\udd29 !","og_url":"https:\/\/groupecoiff.com\/en\/product-2\/fauteuil-barbier-spencer-gold\/","og_site_name":"Groupe Coiff","article_publisher":"https:\/\/www.facebook.com\/GroupeCoiff","article_modified_time":"2025-07-10T08:50:51+00:00","og_image":[{"width":1080,"height":1080,"url":"https:\/\/groupecoiff.com\/wp-content\/uploads\/2023\/12\/Fauteuil-Barbier-Spencer-Gold.webp","type":"image\/webp"}],"twitter_card":"summary_large_image","twitter_site":"@groupecoiff","twitter_misc":{"Price":"799,00&nbsp;&euro;","Availability":"In stock"},"schema":{"@context":"https:\/\/schema.org","@graph":[{"@type":"WebPage","@id":"https:\/\/groupecoiff.com\/produit\/fauteuil-barbier-spencer-gold\/","url":"https:\/\/groupecoiff.com\/produit\/fauteuil-barbier-spencer-gold\/","name":"Spencer Gold Barber Chair - Coiff Group","isPartOf":{"@id":"https:\/\/groupecoiff.com\/#website"},"primaryImageOfPage":{"@id":"https:\/\/groupecoiff.com\/produit\/fauteuil-barbier-spencer-gold\/#primaryimage"},"image":{"@id":"https:\/\/groupecoiff.com\/produit\/fauteuil-barbier-spencer-gold\/#primaryimage"},"thumbnailUrl":"https:\/\/groupecoiff.com\/wp-content\/uploads\/2023\/12\/Fauteuil-Barbier-Spencer-Gold.webp","datePublished":"2023-12-03T07:37:33+00:00","dateModified":"2025-07-10T08:50:51+00:00","description":"\u2b50\ufe0f In your salon, dedicate yourself to the art of hairdressing with the Spencer Gold Barber Chair! An injected aluminum structure and vintage design in beige color that will make a sensation \ud83e\udd29!","breadcrumb":{"@id":"https:\/\/groupecoiff.com\/produit\/fauteuil-barbier-spencer-gold\/#breadcrumb"},"inLanguage":"en-US","potentialAction":[{"@type":"ReadAction","target":["https:\/\/groupecoiff.com\/produit\/fauteuil-barbier-spencer-gold\/"]}]},{"@type":"ImageObject","inLanguage":"en-US","@id":"https:\/\/groupecoiff.com\/produit\/fauteuil-barbier-spencer-gold\/#primaryimage","url":"https:\/\/groupecoiff.com\/wp-content\/uploads\/2023\/12\/Fauteuil-Barbier-Spencer-Gold.webp","contentUrl":"https:\/\/groupecoiff.com\/wp-content\/uploads\/2023\/12\/Fauteuil-Barbier-Spencer-Gold.webp","width":1080,"height":1080,"caption":"Fauteuil Barbier Spencer Gold vintage fauteuil de coiffure pour homme fauteuil barbier vintage"},{"@type":"BreadcrumbList","@id":"https:\/\/groupecoiff.com\/produit\/fauteuil-barbier-spencer-gold\/#breadcrumb","itemListElement":[{"@type":"ListItem","position":1,"name":"Accueil","item":"https:\/\/groupecoiff.com\/"},{"@type":"ListItem","position":2,"name":"Boutique","item":"https:\/\/groupecoiff.com\/boutique\/"},{"@type":"ListItem","position":3,"name":"Fauteuil Barbier Spencer Gold"}]},{"@type":"WebSite","@id":"https:\/\/groupecoiff.com\/#website","url":"https:\/\/groupecoiff.com\/","name":"Coiff Group","description":"Everything for the hairdresser","publisher":{"@id":"https:\/\/groupecoiff.com\/#organization"},"potentialAction":[{"@type":"SearchAction","target":{"@type":"EntryPoint","urlTemplate":"https:\/\/groupecoiff.com\/?s={search_term_string}"},"query-input":{"@type":"PropertyValueSpecification","valueRequired":true,"valueName":"search_term_string"}}],"inLanguage":"en-US"},{"@type":"Organization","@id":"https:\/\/groupecoiff.com\/#organization","name":"Coiff Group","alternateName":"Groupe Coiff : Le Mobilier De Coiffure Haut de Gamme Pour Une \u00c9l\u00e9gance In\u00e9gal\u00e9e","url":"https:\/\/groupecoiff.com\/","logo":{"@type":"ImageObject","inLanguage":"en-US","@id":"https:\/\/groupecoiff.com\/#\/schema\/logo\/image\/","url":"https:\/\/groupecoiff.com\/wp-content\/uploads\/2024\/01\/cropped-Groupe-Coiff-Logo.webp","contentUrl":"https:\/\/groupecoiff.com\/wp-content\/uploads\/2024\/01\/cropped-Groupe-Coiff-Logo.webp","width":512,"height":512,"caption":"Groupe Coiff"},"image":{"@id":"https:\/\/groupecoiff.com\/#\/schema\/logo\/image\/"},"sameAs":["https:\/\/www.facebook.com\/GroupeCoiff","https:\/\/x.com\/groupecoiff","https:\/\/www.instagram.com\/groupecoiff\/","https:\/\/www.tiktok.com\/@groupecoiff","https:\/\/www.youtube.com\/@groupecoiff","https:\/\/twitter.com\/groupecoiff","https:\/\/www.leboncoin.fr\/boutique\/3961302\/groupe_coiff.htm"],"description":"Discover Groupe Coiff's top-of-the-range hairdressing furniture, combining elegance and functionality to enhance your salon and satisfy your customers.","email":"contact@groupecoiff.com","telephone":"0676951605","legalName":"Groupe Coiff","foundingDate":"2022-11-16","vatID":"FR84921406419","taxID":"92140641900025"}]},"product_price_amount":"799.00","product_price_currency":"EUR","og_availability":"instock","product_availability":"instock","product_condition":"new"},"jetpack_publicize_connections":[],"jetpack_likes_enabled":true,"jetpack_sharing_enabled":true,"_links":{"self":[{"href":"https:\/\/groupecoiff.com\/en\/wp-json\/wp\/v2\/product\/29990","targetHints":{"allow":["GET"]}}],"collection":[{"href":"https:\/\/groupecoiff.com\/en\/wp-json\/wp\/v2\/product"}],"about":[{"href":"https:\/\/groupecoiff.com\/en\/wp-json\/wp\/v2\/types\/product"}],"replies":[{"embeddable":true,"href":"https:\/\/groupecoiff.com\/en\/wp-json\/wp\/v2\/comments?post=29990"}],"version-history":[{"count":0,"href":"https:\/\/groupecoiff.com\/en\/wp-json\/wp\/v2\/product\/29990\/revisions"}],"wp:featuredmedia":[{"embeddable":true,"href":"https:\/\/groupecoiff.com\/en\/wp-json\/wp\/v2\/media\/29991"}],"wp:attachment":[{"href":"https:\/\/groupecoiff.com\/en\/wp-json\/wp\/v2\/media?parent=29990"}],"wp:term":[{"taxonomy":"product_brand","embeddable":true,"href":"https:\/\/groupecoiff.com\/en\/wp-json\/wp\/v2\/product_brand?post=29990"},{"taxonomy":"product_cat","embeddable":true,"href":"https:\/\/groupecoiff.com\/en\/wp-json\/wp\/v2\/product_cat?post=29990"},{"taxonomy":"product_tag","embeddable":true,"href":"https:\/\/groupecoiff.com\/en\/wp-json\/wp\/v2\/product_tag?post=29990"}],"curies":[{"name":"wp","href":"https:\/\/api.w.org\/{rel}","templated":true}]}}