{"id":30093,"date":"2023-12-07T16:31:46","date_gmt":"2023-12-07T15:31:46","guid":{"rendered":"https:\/\/groupecoiff.com\/?post_type=product&#038;p=30093"},"modified":"2025-09-08T08:13:53","modified_gmt":"2025-09-08T06:13:53","slug":"fauteuil-de-soin-esthetique-electrique-b-light-502","status":"publish","type":"product","link":"https:\/\/groupecoiff.com\/en\/produit\/fauteuil-de-soin-esthetique-electrique-b-light-502\/","title":{"rendered":"\/ B-LIGHT 502 Electric Beauty Chair"},"content":{"rendered":"<ul>\n<li>\n<h4><strong>B-LIGHT 502 Electric Beauty Chair: Luxury and Comfort<\/strong><\/h4>\n<\/li>\n<\/ul>\n<p>Discover the exclusive B-LIGHT 502 Electric Beauty Treatment Chair, a top-of-the-range piece designed to enhance the beauty treatment experience. Equipped with 4 motors, this chair offers total flexibility to adjust the height and inclination of the backrest, seat and footrest, guaranteeing optimum comfort for your customers.<\/p>\n<h4>Aesthetic Armchair: Elegant Design, Choice of Colour<\/h4>\n<p>Choose between the refinement of Off White or the elegance of Dark Grey to personalise your treatment area. The chair's stable base incorporates a white LED light, adding a modern, functional touch to your aesthetic environment.<\/p>\n<h4>Premium features for absolute comfort<\/h4>\n<p>The high-quality PU cover, 30kg\/m3 mattress density and fold-down armrests guarantee exceptional comfort. The hand-held remote control makes it easy to control, while the adjustable headrest ensures a comfortable position for every guest.<\/p>\n<h4>Robustness and warranty<\/h4>\n<p>La structure en acier du fauteuil conf\u00e8re une durabilit\u00e9 \u00e0 toute \u00e9preuve, soutenant jusqu&rsquo;\u00e0 175 kg. Avec une garantie d&rsquo;un an, investissez en toute confiance dans ce fauteuil esth\u00e9tique \u00e9lectrique.<\/p>\n<h4>Technical specifications and dimensions<\/h4>\n<ul>\n<li>Length: 193 cm<\/li>\n<li>Height: 60 to 92 cm<\/li>\n<li>Width with armrests: 85 cm<\/li>\n<li>Width without armrests: 63 cm<\/li>\n<li>Mattress thickness: 10 cm<\/li>\n<li>Face hole: 13.5 x 9 cm<\/li>\n<li>Backrest angle: 0\u00ba ~ 60\u00ba<\/li>\n<li>Leg rest angle: 0\u00ba ~ 90\u00ba<\/li>\n<li>Trendelenburg position: 0\u00ba ~ 11\u00ba<\/li>\n<li>Weight: 94 kg<\/li>\n<li>Packaging: 139 x 63 x 59 cm<\/li>\n<li>Maximum load: 175 kg<\/li>\n<li>Coating: PVC<\/li>\n<\/ul>\n<h4>Free Delivery, 1 Year Warranty<\/h4>\n<p>Enjoy free delivery and provide your aesthetic care space with the B-LIGHT 502 Electric Aesthetic Treatment Chair, combining exceptional functionality and sophisticated aesthetics. Order now and offer the best to your demanding clientele.<\/p>\n<h6><\/h6>\n<h6 style=\"text-align: center;\"><strong><span style=\"color: #808000;\"><a style=\"color: #808000;\" href=\"https:\/\/groupecoiff.com\/wp-content\/uploads\/2023\/12\/BLIGHT502-Fiche-technique.pdf\">BLIGHT502 Technical data<\/a><\/span><\/strong><\/h6>","protected":false},"excerpt":{"rendered":"<p>Electric aesthetic treatment chair: B-LIGHT 502 Chair. Luxury and functionality combined. Customize your space with style. Free delivery!<\/p>","protected":false},"featured_media":30098,"comment_status":"open","ping_status":"closed","template":"","meta":{"googlesitekit_rrm_CAow0YCiDA:productID":"","jetpack_post_was_ever_published":false,"jetpack_publicize_message":"","jetpack_publicize_feature_enabled":true,"jetpack_social_post_already_shared":true,"jetpack_social_options":{"image_generator_settings":{"template":"highway","default_image_id":0,"font":"","enabled":false},"version":2}},"product_brand":[576],"product_cat":[486,61,77],"product_tag":[],"class_list":{"0":"post-30093","1":"product","2":"type-product","3":"status-publish","4":"has-post-thumbnail","6":"product_brand-weelko","7":"product_cat-fauteuil-de-soins-esthetique","8":"product_cat-mobilier-esthetique","9":"product_cat-table-de-massage","11":"first","12":"instock","13":"sale","14":"featured","15":"taxable","16":"shipping-taxable","17":"purchasable","18":"product-type-variable"},"yoast_head":"<!-- This site is optimized with the Yoast SEO Premium plugin v27.4 (Yoast SEO v27.4) - https:\/\/yoast.com\/product\/yoast-seo-premium-wordpress\/ -->\n<title>Fauteuil de Soin Esth\u00e9tique \u00c9lectrique B-LIGHT 502 - Groupe Coiff<\/title>\n<meta name=\"description\" content=\"Fauteuil de Soin Esth\u00e9tique \u00c9lectrique B-LIGHT 502: Luxe abordable pour votre espace. Choix de couleur, livraison gratuite!\" \/>\n<meta name=\"robots\" content=\"index, follow, max-snippet:-1, max-image-preview:large, max-video-preview:-1\" \/>\n<link rel=\"canonical\" href=\"https:\/\/groupecoiff.com\/en\/product-2\/fauteuil-de-soin-esthetique-electrique-b-light-502\/\" \/>\n<meta property=\"og:locale\" content=\"en_US\" \/>\n<meta property=\"og:type\" content=\"article\" \/>\n<meta property=\"og:title\" content=\"Fauteuil de Soin Esth\u00e9tique \u00c9lectrique B-LIGHT 502\" \/>\n<meta property=\"og:description\" content=\"Fauteuil de Soin Esth\u00e9tique \u00c9lectrique B-LIGHT 502: Luxe abordable pour votre espace. Choix de couleur, livraison gratuite!\" \/>\n<meta property=\"og:url\" content=\"https:\/\/groupecoiff.com\/en\/product-2\/fauteuil-de-soin-esthetique-electrique-b-light-502\/\" \/>\n<meta property=\"og:site_name\" content=\"Groupe Coiff\" \/>\n<meta property=\"article:publisher\" content=\"https:\/\/www.facebook.com\/GroupeCoiff\" \/>\n<meta property=\"article:modified_time\" content=\"2025-09-08T06:13:53+00:00\" \/>\n<meta property=\"og:image\" content=\"https:\/\/groupecoiff.com\/wp-content\/uploads\/2023\/12\/Fauteuil-de-Soin-Esthetique-Electrique-3.webp\" \/>\n\t<meta property=\"og:image:width\" content=\"1080\" \/>\n\t<meta property=\"og:image:height\" content=\"1080\" \/>\n\t<meta property=\"og:image:type\" content=\"image\/webp\" \/>\n<meta name=\"twitter:card\" content=\"summary_large_image\" \/>\n<meta name=\"twitter:site\" content=\"@groupecoiff\" \/>\n<meta name=\"twitter:label1\" content=\"Availability\" \/>\n\t<meta name=\"twitter:data1\" content=\"In stock\" \/>\n<script type=\"application\/ld+json\" class=\"yoast-schema-graph\">{\"@context\":\"https:\\\/\\\/schema.org\",\"@graph\":[{\"@type\":\"WebPage\",\"@id\":\"https:\\\/\\\/groupecoiff.com\\\/produit\\\/fauteuil-de-soin-esthetique-electrique-b-light-502\\\/\",\"url\":\"https:\\\/\\\/groupecoiff.com\\\/produit\\\/fauteuil-de-soin-esthetique-electrique-b-light-502\\\/\",\"name\":\"Fauteuil de Soin Esth\u00e9tique \u00c9lectrique B-LIGHT 502 - Groupe Coiff\",\"isPartOf\":{\"@id\":\"https:\\\/\\\/groupecoiff.com\\\/#website\"},\"primaryImageOfPage\":{\"@id\":\"https:\\\/\\\/groupecoiff.com\\\/produit\\\/fauteuil-de-soin-esthetique-electrique-b-light-502\\\/#primaryimage\"},\"image\":{\"@id\":\"https:\\\/\\\/groupecoiff.com\\\/produit\\\/fauteuil-de-soin-esthetique-electrique-b-light-502\\\/#primaryimage\"},\"thumbnailUrl\":\"https:\\\/\\\/groupecoiff.com\\\/wp-content\\\/uploads\\\/2023\\\/12\\\/Fauteuil-de-Soin-Esthetique-Electrique-3.webp\",\"datePublished\":\"2023-12-07T15:31:46+00:00\",\"dateModified\":\"2025-09-08T06:13:53+00:00\",\"description\":\"Fauteuil de Soin Esth\u00e9tique \u00c9lectrique B-LIGHT 502: Luxe abordable pour votre espace. Choix de couleur, livraison gratuite!\",\"breadcrumb\":{\"@id\":\"https:\\\/\\\/groupecoiff.com\\\/produit\\\/fauteuil-de-soin-esthetique-electrique-b-light-502\\\/#breadcrumb\"},\"inLanguage\":\"en-US\",\"potentialAction\":[{\"@type\":\"ReadAction\",\"target\":[\"https:\\\/\\\/groupecoiff.com\\\/produit\\\/fauteuil-de-soin-esthetique-electrique-b-light-502\\\/\"]}]},{\"@type\":\"ImageObject\",\"inLanguage\":\"en-US\",\"@id\":\"https:\\\/\\\/groupecoiff.com\\\/produit\\\/fauteuil-de-soin-esthetique-electrique-b-light-502\\\/#primaryimage\",\"url\":\"https:\\\/\\\/groupecoiff.com\\\/wp-content\\\/uploads\\\/2023\\\/12\\\/Fauteuil-de-Soin-Esthetique-Electrique-3.webp\",\"contentUrl\":\"https:\\\/\\\/groupecoiff.com\\\/wp-content\\\/uploads\\\/2023\\\/12\\\/Fauteuil-de-Soin-Esthetique-Electrique-3.webp\",\"width\":1080,\"height\":1080,\"caption\":\"Fauteuil de Soin Esth\u00e9tique \u00c9lectrique - Fauteuil Esth\u00e9tique - mobilier Esth\u00e9tique - BLIGHT502\"},{\"@type\":\"BreadcrumbList\",\"@id\":\"https:\\\/\\\/groupecoiff.com\\\/produit\\\/fauteuil-de-soin-esthetique-electrique-b-light-502\\\/#breadcrumb\",\"itemListElement\":[{\"@type\":\"ListItem\",\"position\":1,\"name\":\"Accueil\",\"item\":\"https:\\\/\\\/groupecoiff.com\\\/\"},{\"@type\":\"ListItem\",\"position\":2,\"name\":\"Boutique\",\"item\":\"https:\\\/\\\/groupecoiff.com\\\/boutique\\\/\"},{\"@type\":\"ListItem\",\"position\":3,\"name\":\"Fauteuil de Soin Esth\u00e9tique \u00c9lectrique B-LIGHT 502\"}]},{\"@type\":\"WebSite\",\"@id\":\"https:\\\/\\\/groupecoiff.com\\\/#website\",\"url\":\"https:\\\/\\\/groupecoiff.com\\\/\",\"name\":\"Groupe Coiff\",\"description\":\"Tout pour la coiffure\",\"publisher\":{\"@id\":\"https:\\\/\\\/groupecoiff.com\\\/#organization\"},\"potentialAction\":[{\"@type\":\"SearchAction\",\"target\":{\"@type\":\"EntryPoint\",\"urlTemplate\":\"https:\\\/\\\/groupecoiff.com\\\/?s={search_term_string}\"},\"query-input\":{\"@type\":\"PropertyValueSpecification\",\"valueRequired\":true,\"valueName\":\"search_term_string\"}}],\"inLanguage\":\"en-US\"},{\"@type\":\"Organization\",\"@id\":\"https:\\\/\\\/groupecoiff.com\\\/#organization\",\"name\":\"Groupe Coiff\",\"alternateName\":\"Groupe Coiff : Le Mobilier De Coiffure Haut de Gamme Pour Une \u00c9l\u00e9gance In\u00e9gal\u00e9e\",\"url\":\"https:\\\/\\\/groupecoiff.com\\\/\",\"logo\":{\"@type\":\"ImageObject\",\"inLanguage\":\"en-US\",\"@id\":\"https:\\\/\\\/groupecoiff.com\\\/#\\\/schema\\\/logo\\\/image\\\/\",\"url\":\"https:\\\/\\\/groupecoiff.com\\\/wp-content\\\/uploads\\\/2024\\\/01\\\/cropped-Groupe-Coiff-Logo.webp\",\"contentUrl\":\"https:\\\/\\\/groupecoiff.com\\\/wp-content\\\/uploads\\\/2024\\\/01\\\/cropped-Groupe-Coiff-Logo.webp\",\"width\":512,\"height\":512,\"caption\":\"Groupe Coiff\"},\"image\":{\"@id\":\"https:\\\/\\\/groupecoiff.com\\\/#\\\/schema\\\/logo\\\/image\\\/\"},\"sameAs\":[\"https:\\\/\\\/www.facebook.com\\\/GroupeCoiff\",\"https:\\\/\\\/x.com\\\/groupecoiff\",\"https:\\\/\\\/www.instagram.com\\\/groupecoiff\\\/\",\"https:\\\/\\\/www.tiktok.com\\\/@groupecoiff\",\"https:\\\/\\\/www.youtube.com\\\/@groupecoiff\",\"https:\\\/\\\/twitter.com\\\/groupecoiff\",\"https:\\\/\\\/www.leboncoin.fr\\\/boutique\\\/3961302\\\/groupe_coiff.htm\"],\"description\":\"D\u00e9couvrez le mobilier de coiffure haut de gamme de Groupe Coiff, alliant \u00e9l\u00e9gance et fonctionnalit\u00e9 pour sublimer votre salon et satisfaire vos clients.\",\"email\":\"contact@groupecoiff.com\",\"telephone\":\"0676951605\",\"legalName\":\"Groupe Coiff\",\"foundingDate\":\"2022-11-16\",\"vatID\":\"FR84921406419\",\"taxID\":\"92140641900025\"}]}<\/script>\n<meta property=\"og:availability\" content=\"instock\" \/>\n<meta property=\"product:availability\" content=\"instock\" \/>\n<meta property=\"product:retailer_item_id\" content=\"BLIGHT502.4.A66\" \/>\n<meta property=\"product:condition\" content=\"new\" \/>\n<!-- \/ Yoast SEO Premium plugin. -->","yoast_head_json":{"title":"B-LIGHT 502 Electric Aesthetic Treatment Chair - Groupe Coiff","description":"Fauteuil de Soin Esth\u00e9tique \u00c9lectrique B-LIGHT 502: Luxe abordable pour votre espace. Choix de couleur, livraison gratuite!","robots":{"index":"index","follow":"follow","max-snippet":"max-snippet:-1","max-image-preview":"max-image-preview:large","max-video-preview":"max-video-preview:-1"},"canonical":"https:\/\/groupecoiff.com\/en\/product-2\/fauteuil-de-soin-esthetique-electrique-b-light-502\/","og_locale":"en_US","og_type":"article","og_title":"Fauteuil de Soin Esth\u00e9tique \u00c9lectrique B-LIGHT 502","og_description":"Fauteuil de Soin Esth\u00e9tique \u00c9lectrique B-LIGHT 502: Luxe abordable pour votre espace. Choix de couleur, livraison gratuite!","og_url":"https:\/\/groupecoiff.com\/en\/product-2\/fauteuil-de-soin-esthetique-electrique-b-light-502\/","og_site_name":"Groupe Coiff","article_publisher":"https:\/\/www.facebook.com\/GroupeCoiff","article_modified_time":"2025-09-08T06:13:53+00:00","og_image":[{"width":1080,"height":1080,"url":"https:\/\/groupecoiff.com\/wp-content\/uploads\/2023\/12\/Fauteuil-de-Soin-Esthetique-Electrique-3.webp","type":"image\/webp"}],"twitter_card":"summary_large_image","twitter_site":"@groupecoiff","twitter_misc":{"Availability":"In stock"},"schema":{"@context":"https:\/\/schema.org","@graph":[{"@type":"WebPage","@id":"https:\/\/groupecoiff.com\/produit\/fauteuil-de-soin-esthetique-electrique-b-light-502\/","url":"https:\/\/groupecoiff.com\/produit\/fauteuil-de-soin-esthetique-electrique-b-light-502\/","name":"B-LIGHT 502 Electric Aesthetic Treatment Chair - Groupe Coiff","isPartOf":{"@id":"https:\/\/groupecoiff.com\/#website"},"primaryImageOfPage":{"@id":"https:\/\/groupecoiff.com\/produit\/fauteuil-de-soin-esthetique-electrique-b-light-502\/#primaryimage"},"image":{"@id":"https:\/\/groupecoiff.com\/produit\/fauteuil-de-soin-esthetique-electrique-b-light-502\/#primaryimage"},"thumbnailUrl":"https:\/\/groupecoiff.com\/wp-content\/uploads\/2023\/12\/Fauteuil-de-Soin-Esthetique-Electrique-3.webp","datePublished":"2023-12-07T15:31:46+00:00","dateModified":"2025-09-08T06:13:53+00:00","description":"Fauteuil de Soin Esth\u00e9tique \u00c9lectrique B-LIGHT 502: Luxe abordable pour votre espace. Choix de couleur, livraison gratuite!","breadcrumb":{"@id":"https:\/\/groupecoiff.com\/produit\/fauteuil-de-soin-esthetique-electrique-b-light-502\/#breadcrumb"},"inLanguage":"en-US","potentialAction":[{"@type":"ReadAction","target":["https:\/\/groupecoiff.com\/produit\/fauteuil-de-soin-esthetique-electrique-b-light-502\/"]}]},{"@type":"ImageObject","inLanguage":"en-US","@id":"https:\/\/groupecoiff.com\/produit\/fauteuil-de-soin-esthetique-electrique-b-light-502\/#primaryimage","url":"https:\/\/groupecoiff.com\/wp-content\/uploads\/2023\/12\/Fauteuil-de-Soin-Esthetique-Electrique-3.webp","contentUrl":"https:\/\/groupecoiff.com\/wp-content\/uploads\/2023\/12\/Fauteuil-de-Soin-Esthetique-Electrique-3.webp","width":1080,"height":1080,"caption":"Fauteuil de Soin Esth\u00e9tique \u00c9lectrique - Fauteuil Esth\u00e9tique - mobilier Esth\u00e9tique - BLIGHT502"},{"@type":"BreadcrumbList","@id":"https:\/\/groupecoiff.com\/produit\/fauteuil-de-soin-esthetique-electrique-b-light-502\/#breadcrumb","itemListElement":[{"@type":"ListItem","position":1,"name":"Accueil","item":"https:\/\/groupecoiff.com\/"},{"@type":"ListItem","position":2,"name":"Boutique","item":"https:\/\/groupecoiff.com\/boutique\/"},{"@type":"ListItem","position":3,"name":"Fauteuil de Soin Esth\u00e9tique \u00c9lectrique B-LIGHT 502"}]},{"@type":"WebSite","@id":"https:\/\/groupecoiff.com\/#website","url":"https:\/\/groupecoiff.com\/","name":"Coiff Group","description":"Everything for the hairdresser","publisher":{"@id":"https:\/\/groupecoiff.com\/#organization"},"potentialAction":[{"@type":"SearchAction","target":{"@type":"EntryPoint","urlTemplate":"https:\/\/groupecoiff.com\/?s={search_term_string}"},"query-input":{"@type":"PropertyValueSpecification","valueRequired":true,"valueName":"search_term_string"}}],"inLanguage":"en-US"},{"@type":"Organization","@id":"https:\/\/groupecoiff.com\/#organization","name":"Coiff Group","alternateName":"Groupe Coiff : Le Mobilier De Coiffure Haut de Gamme Pour Une \u00c9l\u00e9gance In\u00e9gal\u00e9e","url":"https:\/\/groupecoiff.com\/","logo":{"@type":"ImageObject","inLanguage":"en-US","@id":"https:\/\/groupecoiff.com\/#\/schema\/logo\/image\/","url":"https:\/\/groupecoiff.com\/wp-content\/uploads\/2024\/01\/cropped-Groupe-Coiff-Logo.webp","contentUrl":"https:\/\/groupecoiff.com\/wp-content\/uploads\/2024\/01\/cropped-Groupe-Coiff-Logo.webp","width":512,"height":512,"caption":"Groupe Coiff"},"image":{"@id":"https:\/\/groupecoiff.com\/#\/schema\/logo\/image\/"},"sameAs":["https:\/\/www.facebook.com\/GroupeCoiff","https:\/\/x.com\/groupecoiff","https:\/\/www.instagram.com\/groupecoiff\/","https:\/\/www.tiktok.com\/@groupecoiff","https:\/\/www.youtube.com\/@groupecoiff","https:\/\/twitter.com\/groupecoiff","https:\/\/www.leboncoin.fr\/boutique\/3961302\/groupe_coiff.htm"],"description":"Discover Groupe Coiff's top-of-the-range hairdressing furniture, combining elegance and functionality to enhance your salon and satisfy your customers.","email":"contact@groupecoiff.com","telephone":"0676951605","legalName":"Groupe Coiff","foundingDate":"2022-11-16","vatID":"FR84921406419","taxID":"92140641900025"}]},"og_availability":"instock","product_availability":"instock","product_retailer_item_id":"BLIGHT502.4.A66","product_condition":"new"},"jetpack_publicize_connections":[],"jetpack_likes_enabled":true,"jetpack_sharing_enabled":true,"_links":{"self":[{"href":"https:\/\/groupecoiff.com\/en\/wp-json\/wp\/v2\/product\/30093","targetHints":{"allow":["GET"]}}],"collection":[{"href":"https:\/\/groupecoiff.com\/en\/wp-json\/wp\/v2\/product"}],"about":[{"href":"https:\/\/groupecoiff.com\/en\/wp-json\/wp\/v2\/types\/product"}],"replies":[{"embeddable":true,"href":"https:\/\/groupecoiff.com\/en\/wp-json\/wp\/v2\/comments?post=30093"}],"version-history":[{"count":0,"href":"https:\/\/groupecoiff.com\/en\/wp-json\/wp\/v2\/product\/30093\/revisions"}],"wp:featuredmedia":[{"embeddable":true,"href":"https:\/\/groupecoiff.com\/en\/wp-json\/wp\/v2\/media\/30098"}],"wp:attachment":[{"href":"https:\/\/groupecoiff.com\/en\/wp-json\/wp\/v2\/media?parent=30093"}],"wp:term":[{"taxonomy":"product_brand","embeddable":true,"href":"https:\/\/groupecoiff.com\/en\/wp-json\/wp\/v2\/product_brand?post=30093"},{"taxonomy":"product_cat","embeddable":true,"href":"https:\/\/groupecoiff.com\/en\/wp-json\/wp\/v2\/product_cat?post=30093"},{"taxonomy":"product_tag","embeddable":true,"href":"https:\/\/groupecoiff.com\/en\/wp-json\/wp\/v2\/product_tag?post=30093"}],"curies":[{"name":"wp","href":"https:\/\/api.w.org\/{rel}","templated":true}]}}