{"id":30123,"date":"2023-12-10T09:09:16","date_gmt":"2023-12-10T08:09:16","guid":{"rendered":"https:\/\/groupecoiff.com\/?post_type=product&#038;p=30123"},"modified":"2025-10-17T08:45:15","modified_gmt":"2025-10-17T06:45:15","slug":"fauteuil-barbier-dustin","status":"publish","type":"product","link":"https:\/\/groupecoiff.com\/en\/produit\/fauteuil-barbier-dustin\/","title":{"rendered":"Dustin barber chair"},"content":{"rendered":"<p>Discover excellence with the Dustin barber chair, a perfect fusion of comfort and style for hairdressing professionals. Ideal for barbers and beauty salons, this chair offers a unique experience.<\/p>\n<ul>\n<li>\n<h3>Comfort and durability<\/h3>\n<\/li>\n<\/ul>\n<p>The stainless steel armrests of the Dustin professional styling chair provide long-lasting comfort, while the round chrome base, fitted with a high-quality hydraulic pump, offers exceptional stability.<\/p>\n<ul>\n<li>\n<h3>Ergonomics Maximum<\/h3>\n<\/li>\n<\/ul>\n<p>The seat, designed with high-density foam and springs, guarantees optimum comfort. The black vertical stitching adds a touch of elegance to the upholstery, creating a modern, sophisticated look.<\/p>\n<ul>\n<li>\n<h3>Technical Specifications<\/h3>\n<\/li>\n<\/ul>\n<p>- Length: 103 cm<br \/>\n- Length in extended position: 140 cm<br \/>\n- Width: 59 cm<br \/>\n&#8211; Hauteur d&rsquo;assise minimale : 55 cm<br \/>\n&#8211; Hauteur d&rsquo;assise maximale : 68 cm<br \/>\n- \u00d8 of base: 57 cm<br \/>\n- Weight: 42 kg<br \/>\n- Weight with packaging: 46 kg<br \/>\n- Maximum load: 180 kg<br \/>\n- Padding: PVC<\/p>\n<ul>\n<li>\n<h3>Professional versatility<\/h3>\n<\/li>\n<\/ul>\n<p>This Dustin styling chair, suitable for barbers and beauty salons, can be adjusted to suit a variety of professional needs. The compact footrest adds an extra dimension of overall comfort.<\/p>\n<ul>\n<li>\n<h3>Premium Features<\/h3>\n<\/li>\n<\/ul>\n<p>- Side structure and base with chrome finish.<br \/>\n- High-quality, lockable hydraulic pump with adjustable brake.<br \/>\n- Extendable headrest.<br \/>\n- Lever-operated reclining backrest.<br \/>\n- Reclining aluminium footrest.<br \/>\n- High-density foam.<br \/>\n- Upholstery with black vertical stitching.<br \/>\n- Headrest integrated into the backrest.<\/p>\n<p>&nbsp;<\/p>","protected":false},"excerpt":{"rendered":"<p>Optimize your Salon with the Dustin styling chair. Optimal comfort, professional design. The perfect choice for high-end hair salons!<\/p>","protected":false},"featured_media":30124,"comment_status":"open","ping_status":"closed","template":"","meta":{"googlesitekit_rrm_CAow0YCiDA:productID":"","jetpack_post_was_ever_published":false,"jetpack_publicize_message":"","jetpack_publicize_feature_enabled":true,"jetpack_social_post_already_shared":true,"jetpack_social_options":{"image_generator_settings":{"template":"highway","default_image_id":0,"font":"","enabled":false},"version":2}},"product_brand":[],"product_cat":[51,313],"product_tag":[],"class_list":{"0":"post-30123","1":"product","2":"type-product","3":"status-publish","4":"has-post-thumbnail","6":"product_cat-fauteuil-de-barbier-professionnel","7":"product_cat-meuble-de-coiffure","9":"first","10":"instock","11":"sale","12":"featured","13":"taxable","14":"shipping-taxable","15":"purchasable","16":"product-type-simple"},"yoast_head":"<!-- This site is optimized with the Yoast SEO Premium plugin v27.4 (Yoast SEO v27.4) - https:\/\/yoast.com\/product\/yoast-seo-premium-wordpress\/ -->\n<title>Fauteuil barbier Dustin - Qualit\u00e9 Premium! - Groupe Coiff<\/title>\n<meta name=\"description\" content=\"Faites vivre l&#039;excellence avec Fauteuil barbier Dustin: Style &amp; Confort. D\u00e9couvrez une exp\u00e9rience unique avec ses accoudoirs en acier inoxydable &amp;\u2728\" \/>\n<meta name=\"robots\" content=\"index, follow, max-snippet:-1, max-image-preview:large, max-video-preview:-1\" \/>\n<link rel=\"canonical\" href=\"https:\/\/groupecoiff.com\/en\/product-2\/fauteuil-barbier-dustin\/\" \/>\n<meta property=\"og:locale\" content=\"en_US\" \/>\n<meta property=\"og:type\" content=\"article\" \/>\n<meta property=\"og:title\" content=\"Fauteuil barbier Dustin\" \/>\n<meta property=\"og:description\" content=\"Faites vivre l&#039;excellence avec Fauteuil barbier Dustin: Style &amp; Confort. D\u00e9couvrez une exp\u00e9rience unique avec ses accoudoirs en acier inoxydable &amp;\u2728\" \/>\n<meta property=\"og:url\" content=\"https:\/\/groupecoiff.com\/en\/product-2\/fauteuil-barbier-dustin\/\" \/>\n<meta property=\"og:site_name\" content=\"Groupe Coiff\" \/>\n<meta property=\"article:publisher\" content=\"https:\/\/www.facebook.com\/GroupeCoiff\" \/>\n<meta property=\"article:modified_time\" content=\"2025-10-17T06:45:15+00:00\" \/>\n<meta property=\"og:image\" content=\"https:\/\/groupecoiff.com\/wp-content\/uploads\/2023\/12\/Chaise-de-coiffure-Dustin.webp\" \/>\n\t<meta property=\"og:image:width\" content=\"1080\" \/>\n\t<meta property=\"og:image:height\" content=\"1080\" \/>\n\t<meta property=\"og:image:type\" content=\"image\/webp\" \/>\n<meta name=\"twitter:card\" content=\"summary_large_image\" \/>\n<meta name=\"twitter:site\" content=\"@groupecoiff\" \/>\n<meta name=\"twitter:label1\" content=\"Price\" \/>\n\t<meta name=\"twitter:data1\" content=\"499,00&nbsp;&euro;\" \/>\n\t<meta name=\"twitter:label2\" content=\"Availability\" \/>\n\t<meta name=\"twitter:data2\" content=\"In stock\" \/>\n<script type=\"application\/ld+json\" class=\"yoast-schema-graph\">{\"@context\":\"https:\\\/\\\/schema.org\",\"@graph\":[{\"@type\":\"WebPage\",\"@id\":\"https:\\\/\\\/groupecoiff.com\\\/produit\\\/fauteuil-barbier-dustin\\\/\",\"url\":\"https:\\\/\\\/groupecoiff.com\\\/produit\\\/fauteuil-barbier-dustin\\\/\",\"name\":\"Fauteuil barbier Dustin - Qualit\u00e9 Premium! - Groupe Coiff\",\"isPartOf\":{\"@id\":\"https:\\\/\\\/groupecoiff.com\\\/#website\"},\"primaryImageOfPage\":{\"@id\":\"https:\\\/\\\/groupecoiff.com\\\/produit\\\/fauteuil-barbier-dustin\\\/#primaryimage\"},\"image\":{\"@id\":\"https:\\\/\\\/groupecoiff.com\\\/produit\\\/fauteuil-barbier-dustin\\\/#primaryimage\"},\"thumbnailUrl\":\"https:\\\/\\\/groupecoiff.com\\\/wp-content\\\/uploads\\\/2023\\\/12\\\/Chaise-de-coiffure-Dustin.webp\",\"datePublished\":\"2023-12-10T08:09:16+00:00\",\"dateModified\":\"2025-10-17T06:45:15+00:00\",\"description\":\"Faites vivre l'excellence avec Fauteuil barbier Dustin: Style & Confort. D\u00e9couvrez une exp\u00e9rience unique avec ses accoudoirs en acier inoxydable &\u2728\",\"breadcrumb\":{\"@id\":\"https:\\\/\\\/groupecoiff.com\\\/produit\\\/fauteuil-barbier-dustin\\\/#breadcrumb\"},\"inLanguage\":\"en-US\",\"potentialAction\":[{\"@type\":\"ReadAction\",\"target\":[\"https:\\\/\\\/groupecoiff.com\\\/produit\\\/fauteuil-barbier-dustin\\\/\"]}]},{\"@type\":\"ImageObject\",\"inLanguage\":\"en-US\",\"@id\":\"https:\\\/\\\/groupecoiff.com\\\/produit\\\/fauteuil-barbier-dustin\\\/#primaryimage\",\"url\":\"https:\\\/\\\/groupecoiff.com\\\/wp-content\\\/uploads\\\/2023\\\/12\\\/Chaise-de-coiffure-Dustin.webp\",\"contentUrl\":\"https:\\\/\\\/groupecoiff.com\\\/wp-content\\\/uploads\\\/2023\\\/12\\\/Chaise-de-coiffure-Dustin.webp\",\"width\":1080,\"height\":1080,\"caption\":\"Fauteuil barbier Dustin, Fauteuil de coiffure Dustin, chaise de coiffure Dustin, Fauteuil de coiffure professionnel\"},{\"@type\":\"BreadcrumbList\",\"@id\":\"https:\\\/\\\/groupecoiff.com\\\/produit\\\/fauteuil-barbier-dustin\\\/#breadcrumb\",\"itemListElement\":[{\"@type\":\"ListItem\",\"position\":1,\"name\":\"Accueil\",\"item\":\"https:\\\/\\\/groupecoiff.com\\\/\"},{\"@type\":\"ListItem\",\"position\":2,\"name\":\"Boutique\",\"item\":\"https:\\\/\\\/groupecoiff.com\\\/boutique\\\/\"},{\"@type\":\"ListItem\",\"position\":3,\"name\":\"Fauteuil barbier Dustin\"}]},{\"@type\":\"WebSite\",\"@id\":\"https:\\\/\\\/groupecoiff.com\\\/#website\",\"url\":\"https:\\\/\\\/groupecoiff.com\\\/\",\"name\":\"Groupe Coiff\",\"description\":\"Tout pour la coiffure\",\"publisher\":{\"@id\":\"https:\\\/\\\/groupecoiff.com\\\/#organization\"},\"potentialAction\":[{\"@type\":\"SearchAction\",\"target\":{\"@type\":\"EntryPoint\",\"urlTemplate\":\"https:\\\/\\\/groupecoiff.com\\\/?s={search_term_string}\"},\"query-input\":{\"@type\":\"PropertyValueSpecification\",\"valueRequired\":true,\"valueName\":\"search_term_string\"}}],\"inLanguage\":\"en-US\"},{\"@type\":\"Organization\",\"@id\":\"https:\\\/\\\/groupecoiff.com\\\/#organization\",\"name\":\"Groupe Coiff\",\"alternateName\":\"Groupe Coiff : Le Mobilier De Coiffure Haut de Gamme Pour Une \u00c9l\u00e9gance In\u00e9gal\u00e9e\",\"url\":\"https:\\\/\\\/groupecoiff.com\\\/\",\"logo\":{\"@type\":\"ImageObject\",\"inLanguage\":\"en-US\",\"@id\":\"https:\\\/\\\/groupecoiff.com\\\/#\\\/schema\\\/logo\\\/image\\\/\",\"url\":\"https:\\\/\\\/groupecoiff.com\\\/wp-content\\\/uploads\\\/2024\\\/01\\\/cropped-Groupe-Coiff-Logo.webp\",\"contentUrl\":\"https:\\\/\\\/groupecoiff.com\\\/wp-content\\\/uploads\\\/2024\\\/01\\\/cropped-Groupe-Coiff-Logo.webp\",\"width\":512,\"height\":512,\"caption\":\"Groupe Coiff\"},\"image\":{\"@id\":\"https:\\\/\\\/groupecoiff.com\\\/#\\\/schema\\\/logo\\\/image\\\/\"},\"sameAs\":[\"https:\\\/\\\/www.facebook.com\\\/GroupeCoiff\",\"https:\\\/\\\/x.com\\\/groupecoiff\",\"https:\\\/\\\/www.instagram.com\\\/groupecoiff\\\/\",\"https:\\\/\\\/www.tiktok.com\\\/@groupecoiff\",\"https:\\\/\\\/www.youtube.com\\\/@groupecoiff\",\"https:\\\/\\\/twitter.com\\\/groupecoiff\",\"https:\\\/\\\/www.leboncoin.fr\\\/boutique\\\/3961302\\\/groupe_coiff.htm\"],\"description\":\"D\u00e9couvrez le mobilier de coiffure haut de gamme de Groupe Coiff, alliant \u00e9l\u00e9gance et fonctionnalit\u00e9 pour sublimer votre salon et satisfaire vos clients.\",\"email\":\"contact@groupecoiff.com\",\"telephone\":\"0676951605\",\"legalName\":\"Groupe Coiff\",\"foundingDate\":\"2022-11-16\",\"vatID\":\"FR84921406419\",\"taxID\":\"92140641900025\"}]}<\/script>\n<meta property=\"product:price:amount\" content=\"499.00\" \/>\n<meta property=\"product:price:currency\" content=\"EUR\" \/>\n<meta property=\"og:availability\" content=\"instock\" \/>\n<meta property=\"product:availability\" content=\"instock\" \/>\n<meta property=\"product:condition\" content=\"new\" \/>\n<!-- \/ Yoast SEO Premium plugin. -->","yoast_head_json":{"title":"Dustin barber chair - Premium Quality! - Groupe Coiff","description":"Faites vivre l'excellence avec Fauteuil barbier Dustin: Style &amp; Confort. D\u00e9couvrez une exp\u00e9rience unique avec ses accoudoirs en acier inoxydable &amp;\u2728","robots":{"index":"index","follow":"follow","max-snippet":"max-snippet:-1","max-image-preview":"max-image-preview:large","max-video-preview":"max-video-preview:-1"},"canonical":"https:\/\/groupecoiff.com\/en\/product-2\/fauteuil-barbier-dustin\/","og_locale":"en_US","og_type":"article","og_title":"Fauteuil barbier Dustin","og_description":"Faites vivre l'excellence avec Fauteuil barbier Dustin: Style & Confort. D\u00e9couvrez une exp\u00e9rience unique avec ses accoudoirs en acier inoxydable &\u2728","og_url":"https:\/\/groupecoiff.com\/en\/product-2\/fauteuil-barbier-dustin\/","og_site_name":"Groupe Coiff","article_publisher":"https:\/\/www.facebook.com\/GroupeCoiff","article_modified_time":"2025-10-17T06:45:15+00:00","og_image":[{"width":1080,"height":1080,"url":"https:\/\/groupecoiff.com\/wp-content\/uploads\/2023\/12\/Chaise-de-coiffure-Dustin.webp","type":"image\/webp"}],"twitter_card":"summary_large_image","twitter_site":"@groupecoiff","twitter_misc":{"Price":"499,00&nbsp;&euro;","Availability":"In stock"},"schema":{"@context":"https:\/\/schema.org","@graph":[{"@type":"WebPage","@id":"https:\/\/groupecoiff.com\/produit\/fauteuil-barbier-dustin\/","url":"https:\/\/groupecoiff.com\/produit\/fauteuil-barbier-dustin\/","name":"Dustin barber chair - Premium Quality! - Groupe Coiff","isPartOf":{"@id":"https:\/\/groupecoiff.com\/#website"},"primaryImageOfPage":{"@id":"https:\/\/groupecoiff.com\/produit\/fauteuil-barbier-dustin\/#primaryimage"},"image":{"@id":"https:\/\/groupecoiff.com\/produit\/fauteuil-barbier-dustin\/#primaryimage"},"thumbnailUrl":"https:\/\/groupecoiff.com\/wp-content\/uploads\/2023\/12\/Chaise-de-coiffure-Dustin.webp","datePublished":"2023-12-10T08:09:16+00:00","dateModified":"2025-10-17T06:45:15+00:00","description":"Faites vivre l'excellence avec Fauteuil barbier Dustin: Style &amp; Confort. D\u00e9couvrez une exp\u00e9rience unique avec ses accoudoirs en acier inoxydable &amp;\u2728","breadcrumb":{"@id":"https:\/\/groupecoiff.com\/produit\/fauteuil-barbier-dustin\/#breadcrumb"},"inLanguage":"en-US","potentialAction":[{"@type":"ReadAction","target":["https:\/\/groupecoiff.com\/produit\/fauteuil-barbier-dustin\/"]}]},{"@type":"ImageObject","inLanguage":"en-US","@id":"https:\/\/groupecoiff.com\/produit\/fauteuil-barbier-dustin\/#primaryimage","url":"https:\/\/groupecoiff.com\/wp-content\/uploads\/2023\/12\/Chaise-de-coiffure-Dustin.webp","contentUrl":"https:\/\/groupecoiff.com\/wp-content\/uploads\/2023\/12\/Chaise-de-coiffure-Dustin.webp","width":1080,"height":1080,"caption":"Fauteuil barbier Dustin, Fauteuil de coiffure Dustin, chaise de coiffure Dustin, Fauteuil de coiffure professionnel"},{"@type":"BreadcrumbList","@id":"https:\/\/groupecoiff.com\/produit\/fauteuil-barbier-dustin\/#breadcrumb","itemListElement":[{"@type":"ListItem","position":1,"name":"Accueil","item":"https:\/\/groupecoiff.com\/"},{"@type":"ListItem","position":2,"name":"Boutique","item":"https:\/\/groupecoiff.com\/boutique\/"},{"@type":"ListItem","position":3,"name":"Fauteuil barbier Dustin"}]},{"@type":"WebSite","@id":"https:\/\/groupecoiff.com\/#website","url":"https:\/\/groupecoiff.com\/","name":"Coiff Group","description":"Everything for the hairdresser","publisher":{"@id":"https:\/\/groupecoiff.com\/#organization"},"potentialAction":[{"@type":"SearchAction","target":{"@type":"EntryPoint","urlTemplate":"https:\/\/groupecoiff.com\/?s={search_term_string}"},"query-input":{"@type":"PropertyValueSpecification","valueRequired":true,"valueName":"search_term_string"}}],"inLanguage":"en-US"},{"@type":"Organization","@id":"https:\/\/groupecoiff.com\/#organization","name":"Coiff Group","alternateName":"Groupe Coiff : Le Mobilier De Coiffure Haut de Gamme Pour Une \u00c9l\u00e9gance In\u00e9gal\u00e9e","url":"https:\/\/groupecoiff.com\/","logo":{"@type":"ImageObject","inLanguage":"en-US","@id":"https:\/\/groupecoiff.com\/#\/schema\/logo\/image\/","url":"https:\/\/groupecoiff.com\/wp-content\/uploads\/2024\/01\/cropped-Groupe-Coiff-Logo.webp","contentUrl":"https:\/\/groupecoiff.com\/wp-content\/uploads\/2024\/01\/cropped-Groupe-Coiff-Logo.webp","width":512,"height":512,"caption":"Groupe Coiff"},"image":{"@id":"https:\/\/groupecoiff.com\/#\/schema\/logo\/image\/"},"sameAs":["https:\/\/www.facebook.com\/GroupeCoiff","https:\/\/x.com\/groupecoiff","https:\/\/www.instagram.com\/groupecoiff\/","https:\/\/www.tiktok.com\/@groupecoiff","https:\/\/www.youtube.com\/@groupecoiff","https:\/\/twitter.com\/groupecoiff","https:\/\/www.leboncoin.fr\/boutique\/3961302\/groupe_coiff.htm"],"description":"Discover Groupe Coiff's top-of-the-range hairdressing furniture, combining elegance and functionality to enhance your salon and satisfy your customers.","email":"contact@groupecoiff.com","telephone":"0676951605","legalName":"Groupe Coiff","foundingDate":"2022-11-16","vatID":"FR84921406419","taxID":"92140641900025"}]},"product_price_amount":"499.00","product_price_currency":"EUR","og_availability":"instock","product_availability":"instock","product_condition":"new"},"jetpack_publicize_connections":[],"jetpack_likes_enabled":true,"jetpack_sharing_enabled":true,"_links":{"self":[{"href":"https:\/\/groupecoiff.com\/en\/wp-json\/wp\/v2\/product\/30123","targetHints":{"allow":["GET"]}}],"collection":[{"href":"https:\/\/groupecoiff.com\/en\/wp-json\/wp\/v2\/product"}],"about":[{"href":"https:\/\/groupecoiff.com\/en\/wp-json\/wp\/v2\/types\/product"}],"replies":[{"embeddable":true,"href":"https:\/\/groupecoiff.com\/en\/wp-json\/wp\/v2\/comments?post=30123"}],"version-history":[{"count":0,"href":"https:\/\/groupecoiff.com\/en\/wp-json\/wp\/v2\/product\/30123\/revisions"}],"wp:featuredmedia":[{"embeddable":true,"href":"https:\/\/groupecoiff.com\/en\/wp-json\/wp\/v2\/media\/30124"}],"wp:attachment":[{"href":"https:\/\/groupecoiff.com\/en\/wp-json\/wp\/v2\/media?parent=30123"}],"wp:term":[{"taxonomy":"product_brand","embeddable":true,"href":"https:\/\/groupecoiff.com\/en\/wp-json\/wp\/v2\/product_brand?post=30123"},{"taxonomy":"product_cat","embeddable":true,"href":"https:\/\/groupecoiff.com\/en\/wp-json\/wp\/v2\/product_cat?post=30123"},{"taxonomy":"product_tag","embeddable":true,"href":"https:\/\/groupecoiff.com\/en\/wp-json\/wp\/v2\/product_tag?post=30123"}],"curies":[{"name":"wp","href":"https:\/\/api.w.org\/{rel}","templated":true}]}}