{"id":30164,"date":"2023-12-12T11:32:03","date_gmt":"2023-12-12T10:32:03","guid":{"rendered":"https:\/\/groupecoiff.com\/?post_type=product&#038;p=30164"},"modified":"2025-10-17T08:45:15","modified_gmt":"2025-10-17T06:45:15","slug":"bac-de-lavage-dren","status":"publish","type":"product","link":"https:\/\/groupecoiff.com\/en\/produit\/bac-de-lavage-dren\/","title":{"rendered":"\/ DREN wash tank"},"content":{"rendered":"<ul>\n<li><strong>DREN wash tub: A combination of sleek design and superior comfort<\/strong>\n<p>The DREN washbasin redefines aesthetics with its sleek chair, chrome armrests and tilting white bowl. Immerse yourself in the luxury of care with DREN.<\/p>\n<p><strong>Distinctive Features:<\/strong><\/p>\n<ul>\n<li>Optimal dimensions: 60.5x120x95 cm<\/li>\n<li>Suitable weight: 38.5 kg<\/li>\n<li>Resistant PVC coating<\/li>\n<li>Basin incorporating a minimalist seat<\/li>\n<li>Chrome armrests and tilting white sink<\/li>\n<\/ul>\n<p><strong>Aesthetic Balance for Personalised Relaxation<\/strong><\/p>\n<p>DREN offers an individual Shampoo Tray with a chic design, combining a squared-off seat, practical chrome armrests and a tilting white ceramic sink. The delicate neck adjustment ensures total relaxation.<\/p>\n<p><strong>DREN Shampoo Tray: Optimise Your Hairdressing Space<\/strong><\/p>\n<p>DREN \u00e9l\u00e8ve l&rsquo;exp\u00e9rience de shampoing. Son fauteuil \u00e9l\u00e9gant et son lavabo design transcendent chaque s\u00e9ance. Commandez d\u00e8s aujourd&rsquo;hui pour apporter sophistication et confort \u00e0 votre salon.<\/p>\n<ol>\n<li><strong>Elegance and Comfort:<\/strong> Streamlined chair, chrome armrests, white bowl.<\/li>\n<li><strong>Perfect Balance:<\/strong> Optimal dimensions, adapted weight, resistant PVC coating.<\/li>\n<li><strong>Personalized Relaxation:<\/strong> Individual washbasin with tilting white sink, a unique experience.<\/li>\n<li><strong>Elevated Aesthetics:<\/strong> Chic design, ideal for professional hairdressing furniture.<\/li>\n<\/ol>\n<\/li>\n<\/ul>","protected":false},"excerpt":{"rendered":"<p>Give a sophisticated touch to your salon with the DREN shampoo bowl. Chrome armrests, tilting white sink. Premium professional furniture!<\/p>","protected":false},"featured_media":30167,"comment_status":"open","ping_status":"closed","template":"","meta":{"googlesitekit_rrm_CAow0YCiDA:productID":"","jetpack_post_was_ever_published":false,"jetpack_publicize_message":"","jetpack_publicize_feature_enabled":true,"jetpack_social_post_already_shared":true,"jetpack_social_options":{"image_generator_settings":{"template":"highway","default_image_id":0,"font":"","enabled":false},"version":2}},"product_brand":[],"product_cat":[44,313],"product_tag":[],"class_list":{"0":"post-30164","1":"product","2":"type-product","3":"status-publish","4":"has-post-thumbnail","6":"product_cat-bac-de-lavage","7":"product_cat-meuble-de-coiffure","9":"first","10":"instock","11":"featured","12":"taxable","13":"shipping-taxable","14":"purchasable","15":"product-type-simple"},"yoast_head":"<!-- This site is optimized with the Yoast SEO Premium plugin v27.4 (Yoast SEO v27.4) - https:\/\/yoast.com\/product\/yoast-seo-premium-wordpress\/ -->\n<title>Bac de lavage DREN- \u00c9l\u00e9gance du Soin, Fauteuil en PVC - Groupe Coiff<\/title>\n<meta name=\"description\" content=\"Adoptez le luxe avec le bac de lavage DREN. \ud83e\udd29Produit innovant, il combine un fauteuil \u00e9pur\u00e9, un si\u00e8ge et une cuvette blanche basculante. \ud83c\udf1fObtenez-le d\u00e8s maintenant !\" \/>\n<meta name=\"robots\" content=\"index, follow, max-snippet:-1, max-image-preview:large, max-video-preview:-1\" \/>\n<link rel=\"canonical\" href=\"https:\/\/groupecoiff.com\/en\/product-2\/bac-de-lavage-dren\/\" \/>\n<meta property=\"og:locale\" content=\"en_US\" \/>\n<meta property=\"og:type\" content=\"article\" \/>\n<meta property=\"og:title\" content=\"Bac de lavage DREN\" \/>\n<meta property=\"og:description\" content=\"Adoptez le luxe avec le bac de lavage DREN. \ud83e\udd29Produit innovant, il combine un fauteuil \u00e9pur\u00e9, un si\u00e8ge et une cuvette blanche basculante. \ud83c\udf1fObtenez-le d\u00e8s maintenant !\" \/>\n<meta property=\"og:url\" content=\"https:\/\/groupecoiff.com\/en\/product-2\/bac-de-lavage-dren\/\" \/>\n<meta property=\"og:site_name\" content=\"Groupe Coiff\" \/>\n<meta property=\"article:publisher\" content=\"https:\/\/www.facebook.com\/GroupeCoiff\" \/>\n<meta property=\"article:modified_time\" content=\"2025-10-17T06:45:15+00:00\" \/>\n<meta property=\"og:image\" content=\"https:\/\/groupecoiff.com\/wp-content\/uploads\/2023\/12\/Bac-a-Shampooing-DREN-Bac-a-de-lavage-DREN-3.webp\" \/>\n\t<meta property=\"og:image:width\" content=\"1080\" \/>\n\t<meta property=\"og:image:height\" content=\"1080\" \/>\n\t<meta property=\"og:image:type\" content=\"image\/webp\" \/>\n<meta name=\"twitter:card\" content=\"summary_large_image\" \/>\n<meta name=\"twitter:site\" content=\"@groupecoiff\" \/>\n<meta name=\"twitter:label1\" content=\"Price\" \/>\n\t<meta name=\"twitter:data1\" content=\"649,00&nbsp;&euro;\" \/>\n\t<meta name=\"twitter:label2\" content=\"Availability\" \/>\n\t<meta name=\"twitter:data2\" content=\"In stock\" \/>\n<script type=\"application\/ld+json\" class=\"yoast-schema-graph\">{\"@context\":\"https:\\\/\\\/schema.org\",\"@graph\":[{\"@type\":\"WebPage\",\"@id\":\"https:\\\/\\\/groupecoiff.com\\\/produit\\\/bac-de-lavage-dren\\\/\",\"url\":\"https:\\\/\\\/groupecoiff.com\\\/produit\\\/bac-de-lavage-dren\\\/\",\"name\":\"Bac de lavage DREN- \u00c9l\u00e9gance du Soin, Fauteuil en PVC - Groupe Coiff\",\"isPartOf\":{\"@id\":\"https:\\\/\\\/groupecoiff.com\\\/#website\"},\"primaryImageOfPage\":{\"@id\":\"https:\\\/\\\/groupecoiff.com\\\/produit\\\/bac-de-lavage-dren\\\/#primaryimage\"},\"image\":{\"@id\":\"https:\\\/\\\/groupecoiff.com\\\/produit\\\/bac-de-lavage-dren\\\/#primaryimage\"},\"thumbnailUrl\":\"https:\\\/\\\/groupecoiff.com\\\/wp-content\\\/uploads\\\/2023\\\/12\\\/Bac-a-Shampooing-DREN-Bac-a-de-lavage-DREN-3.webp\",\"datePublished\":\"2023-12-12T10:32:03+00:00\",\"dateModified\":\"2025-10-17T06:45:15+00:00\",\"description\":\"Adoptez le luxe avec le bac de lavage DREN. \ud83e\udd29Produit innovant, il combine un fauteuil \u00e9pur\u00e9, un si\u00e8ge et une cuvette blanche basculante. \ud83c\udf1fObtenez-le d\u00e8s maintenant !\",\"breadcrumb\":{\"@id\":\"https:\\\/\\\/groupecoiff.com\\\/produit\\\/bac-de-lavage-dren\\\/#breadcrumb\"},\"inLanguage\":\"en-US\",\"potentialAction\":[{\"@type\":\"ReadAction\",\"target\":[\"https:\\\/\\\/groupecoiff.com\\\/produit\\\/bac-de-lavage-dren\\\/\"]}]},{\"@type\":\"ImageObject\",\"inLanguage\":\"en-US\",\"@id\":\"https:\\\/\\\/groupecoiff.com\\\/produit\\\/bac-de-lavage-dren\\\/#primaryimage\",\"url\":\"https:\\\/\\\/groupecoiff.com\\\/wp-content\\\/uploads\\\/2023\\\/12\\\/Bac-a-Shampooing-DREN-Bac-a-de-lavage-DREN-3.webp\",\"contentUrl\":\"https:\\\/\\\/groupecoiff.com\\\/wp-content\\\/uploads\\\/2023\\\/12\\\/Bac-a-Shampooing-DREN-Bac-a-de-lavage-DREN-3.webp\",\"width\":1080,\"height\":1080,\"caption\":\"Bac \u00e0 Shampoing DREN - Bac \u00e0 de lavage DREN - mobilier de coiffure professionnel\"},{\"@type\":\"BreadcrumbList\",\"@id\":\"https:\\\/\\\/groupecoiff.com\\\/produit\\\/bac-de-lavage-dren\\\/#breadcrumb\",\"itemListElement\":[{\"@type\":\"ListItem\",\"position\":1,\"name\":\"Accueil\",\"item\":\"https:\\\/\\\/groupecoiff.com\\\/\"},{\"@type\":\"ListItem\",\"position\":2,\"name\":\"Boutique\",\"item\":\"https:\\\/\\\/groupecoiff.com\\\/boutique\\\/\"},{\"@type\":\"ListItem\",\"position\":3,\"name\":\"Bac de lavage DREN\"}]},{\"@type\":\"WebSite\",\"@id\":\"https:\\\/\\\/groupecoiff.com\\\/#website\",\"url\":\"https:\\\/\\\/groupecoiff.com\\\/\",\"name\":\"Groupe Coiff\",\"description\":\"Tout pour la coiffure\",\"publisher\":{\"@id\":\"https:\\\/\\\/groupecoiff.com\\\/#organization\"},\"potentialAction\":[{\"@type\":\"SearchAction\",\"target\":{\"@type\":\"EntryPoint\",\"urlTemplate\":\"https:\\\/\\\/groupecoiff.com\\\/?s={search_term_string}\"},\"query-input\":{\"@type\":\"PropertyValueSpecification\",\"valueRequired\":true,\"valueName\":\"search_term_string\"}}],\"inLanguage\":\"en-US\"},{\"@type\":\"Organization\",\"@id\":\"https:\\\/\\\/groupecoiff.com\\\/#organization\",\"name\":\"Groupe Coiff\",\"alternateName\":\"Groupe Coiff : Le Mobilier De Coiffure Haut de Gamme Pour Une \u00c9l\u00e9gance In\u00e9gal\u00e9e\",\"url\":\"https:\\\/\\\/groupecoiff.com\\\/\",\"logo\":{\"@type\":\"ImageObject\",\"inLanguage\":\"en-US\",\"@id\":\"https:\\\/\\\/groupecoiff.com\\\/#\\\/schema\\\/logo\\\/image\\\/\",\"url\":\"https:\\\/\\\/groupecoiff.com\\\/wp-content\\\/uploads\\\/2024\\\/01\\\/cropped-Groupe-Coiff-Logo.webp\",\"contentUrl\":\"https:\\\/\\\/groupecoiff.com\\\/wp-content\\\/uploads\\\/2024\\\/01\\\/cropped-Groupe-Coiff-Logo.webp\",\"width\":512,\"height\":512,\"caption\":\"Groupe Coiff\"},\"image\":{\"@id\":\"https:\\\/\\\/groupecoiff.com\\\/#\\\/schema\\\/logo\\\/image\\\/\"},\"sameAs\":[\"https:\\\/\\\/www.facebook.com\\\/GroupeCoiff\",\"https:\\\/\\\/x.com\\\/groupecoiff\",\"https:\\\/\\\/www.instagram.com\\\/groupecoiff\\\/\",\"https:\\\/\\\/www.tiktok.com\\\/@groupecoiff\",\"https:\\\/\\\/www.youtube.com\\\/@groupecoiff\",\"https:\\\/\\\/twitter.com\\\/groupecoiff\",\"https:\\\/\\\/www.leboncoin.fr\\\/boutique\\\/3961302\\\/groupe_coiff.htm\"],\"description\":\"D\u00e9couvrez le mobilier de coiffure haut de gamme de Groupe Coiff, alliant \u00e9l\u00e9gance et fonctionnalit\u00e9 pour sublimer votre salon et satisfaire vos clients.\",\"email\":\"contact@groupecoiff.com\",\"telephone\":\"0676951605\",\"legalName\":\"Groupe Coiff\",\"foundingDate\":\"2022-11-16\",\"vatID\":\"FR84921406419\",\"taxID\":\"92140641900025\"}]}<\/script>\n<meta property=\"product:price:amount\" content=\"649.00\" \/>\n<meta property=\"product:price:currency\" content=\"EUR\" \/>\n<meta property=\"og:availability\" content=\"instock\" \/>\n<meta property=\"product:availability\" content=\"instock\" \/>\n<meta property=\"product:condition\" content=\"new\" \/>\n<!-- \/ Yoast SEO Premium plugin. -->","yoast_head_json":{"title":"DREN wash basin - Elegance of Care, PVC Chair - Groupe Coiff","description":"Embrace luxury with the DREN wash basin. \ud83e\udd29Innovative product, it combines a sleek chair, a seat and a tilting white bowl. \ud83c\udf1fGet it now!","robots":{"index":"index","follow":"follow","max-snippet":"max-snippet:-1","max-image-preview":"max-image-preview:large","max-video-preview":"max-video-preview:-1"},"canonical":"https:\/\/groupecoiff.com\/en\/product-2\/bac-de-lavage-dren\/","og_locale":"en_US","og_type":"article","og_title":"Bac de lavage DREN","og_description":"Adoptez le luxe avec le bac de lavage DREN. \ud83e\udd29Produit innovant, il combine un fauteuil \u00e9pur\u00e9, un si\u00e8ge et une cuvette blanche basculante. \ud83c\udf1fObtenez-le d\u00e8s maintenant !","og_url":"https:\/\/groupecoiff.com\/en\/product-2\/bac-de-lavage-dren\/","og_site_name":"Groupe Coiff","article_publisher":"https:\/\/www.facebook.com\/GroupeCoiff","article_modified_time":"2025-10-17T06:45:15+00:00","og_image":[{"width":1080,"height":1080,"url":"https:\/\/groupecoiff.com\/wp-content\/uploads\/2023\/12\/Bac-a-Shampooing-DREN-Bac-a-de-lavage-DREN-3.webp","type":"image\/webp"}],"twitter_card":"summary_large_image","twitter_site":"@groupecoiff","twitter_misc":{"Price":"649,00&nbsp;&euro;","Availability":"In stock"},"schema":{"@context":"https:\/\/schema.org","@graph":[{"@type":"WebPage","@id":"https:\/\/groupecoiff.com\/produit\/bac-de-lavage-dren\/","url":"https:\/\/groupecoiff.com\/produit\/bac-de-lavage-dren\/","name":"DREN wash basin - Elegance of Care, PVC Chair - Groupe Coiff","isPartOf":{"@id":"https:\/\/groupecoiff.com\/#website"},"primaryImageOfPage":{"@id":"https:\/\/groupecoiff.com\/produit\/bac-de-lavage-dren\/#primaryimage"},"image":{"@id":"https:\/\/groupecoiff.com\/produit\/bac-de-lavage-dren\/#primaryimage"},"thumbnailUrl":"https:\/\/groupecoiff.com\/wp-content\/uploads\/2023\/12\/Bac-a-Shampooing-DREN-Bac-a-de-lavage-DREN-3.webp","datePublished":"2023-12-12T10:32:03+00:00","dateModified":"2025-10-17T06:45:15+00:00","description":"Embrace luxury with the DREN wash basin. \ud83e\udd29Innovative product, it combines a sleek chair, a seat and a tilting white bowl. \ud83c\udf1fGet it now!","breadcrumb":{"@id":"https:\/\/groupecoiff.com\/produit\/bac-de-lavage-dren\/#breadcrumb"},"inLanguage":"en-US","potentialAction":[{"@type":"ReadAction","target":["https:\/\/groupecoiff.com\/produit\/bac-de-lavage-dren\/"]}]},{"@type":"ImageObject","inLanguage":"en-US","@id":"https:\/\/groupecoiff.com\/produit\/bac-de-lavage-dren\/#primaryimage","url":"https:\/\/groupecoiff.com\/wp-content\/uploads\/2023\/12\/Bac-a-Shampooing-DREN-Bac-a-de-lavage-DREN-3.webp","contentUrl":"https:\/\/groupecoiff.com\/wp-content\/uploads\/2023\/12\/Bac-a-Shampooing-DREN-Bac-a-de-lavage-DREN-3.webp","width":1080,"height":1080,"caption":"Bac \u00e0 Shampoing DREN - Bac \u00e0 de lavage DREN - mobilier de coiffure professionnel"},{"@type":"BreadcrumbList","@id":"https:\/\/groupecoiff.com\/produit\/bac-de-lavage-dren\/#breadcrumb","itemListElement":[{"@type":"ListItem","position":1,"name":"Accueil","item":"https:\/\/groupecoiff.com\/"},{"@type":"ListItem","position":2,"name":"Boutique","item":"https:\/\/groupecoiff.com\/boutique\/"},{"@type":"ListItem","position":3,"name":"Bac de lavage DREN"}]},{"@type":"WebSite","@id":"https:\/\/groupecoiff.com\/#website","url":"https:\/\/groupecoiff.com\/","name":"Coiff Group","description":"Everything for the hairdresser","publisher":{"@id":"https:\/\/groupecoiff.com\/#organization"},"potentialAction":[{"@type":"SearchAction","target":{"@type":"EntryPoint","urlTemplate":"https:\/\/groupecoiff.com\/?s={search_term_string}"},"query-input":{"@type":"PropertyValueSpecification","valueRequired":true,"valueName":"search_term_string"}}],"inLanguage":"en-US"},{"@type":"Organization","@id":"https:\/\/groupecoiff.com\/#organization","name":"Coiff Group","alternateName":"Groupe Coiff : Le Mobilier De Coiffure Haut de Gamme Pour Une \u00c9l\u00e9gance In\u00e9gal\u00e9e","url":"https:\/\/groupecoiff.com\/","logo":{"@type":"ImageObject","inLanguage":"en-US","@id":"https:\/\/groupecoiff.com\/#\/schema\/logo\/image\/","url":"https:\/\/groupecoiff.com\/wp-content\/uploads\/2024\/01\/cropped-Groupe-Coiff-Logo.webp","contentUrl":"https:\/\/groupecoiff.com\/wp-content\/uploads\/2024\/01\/cropped-Groupe-Coiff-Logo.webp","width":512,"height":512,"caption":"Groupe Coiff"},"image":{"@id":"https:\/\/groupecoiff.com\/#\/schema\/logo\/image\/"},"sameAs":["https:\/\/www.facebook.com\/GroupeCoiff","https:\/\/x.com\/groupecoiff","https:\/\/www.instagram.com\/groupecoiff\/","https:\/\/www.tiktok.com\/@groupecoiff","https:\/\/www.youtube.com\/@groupecoiff","https:\/\/twitter.com\/groupecoiff","https:\/\/www.leboncoin.fr\/boutique\/3961302\/groupe_coiff.htm"],"description":"Discover Groupe Coiff's top-of-the-range hairdressing furniture, combining elegance and functionality to enhance your salon and satisfy your customers.","email":"contact@groupecoiff.com","telephone":"0676951605","legalName":"Groupe Coiff","foundingDate":"2022-11-16","vatID":"FR84921406419","taxID":"92140641900025"}]},"product_price_amount":"649.00","product_price_currency":"EUR","og_availability":"instock","product_availability":"instock","product_condition":"new"},"jetpack_publicize_connections":[],"jetpack_likes_enabled":true,"jetpack_sharing_enabled":true,"_links":{"self":[{"href":"https:\/\/groupecoiff.com\/en\/wp-json\/wp\/v2\/product\/30164","targetHints":{"allow":["GET"]}}],"collection":[{"href":"https:\/\/groupecoiff.com\/en\/wp-json\/wp\/v2\/product"}],"about":[{"href":"https:\/\/groupecoiff.com\/en\/wp-json\/wp\/v2\/types\/product"}],"replies":[{"embeddable":true,"href":"https:\/\/groupecoiff.com\/en\/wp-json\/wp\/v2\/comments?post=30164"}],"version-history":[{"count":0,"href":"https:\/\/groupecoiff.com\/en\/wp-json\/wp\/v2\/product\/30164\/revisions"}],"wp:featuredmedia":[{"embeddable":true,"href":"https:\/\/groupecoiff.com\/en\/wp-json\/wp\/v2\/media\/30167"}],"wp:attachment":[{"href":"https:\/\/groupecoiff.com\/en\/wp-json\/wp\/v2\/media?parent=30164"}],"wp:term":[{"taxonomy":"product_brand","embeddable":true,"href":"https:\/\/groupecoiff.com\/en\/wp-json\/wp\/v2\/product_brand?post=30164"},{"taxonomy":"product_cat","embeddable":true,"href":"https:\/\/groupecoiff.com\/en\/wp-json\/wp\/v2\/product_cat?post=30164"},{"taxonomy":"product_tag","embeddable":true,"href":"https:\/\/groupecoiff.com\/en\/wp-json\/wp\/v2\/product_tag?post=30164"}],"curies":[{"name":"wp","href":"https:\/\/api.w.org\/{rel}","templated":true}]}}