{"id":30169,"date":"2023-12-12T16:22:31","date_gmt":"2023-12-12T15:22:31","guid":{"rendered":"https:\/\/groupecoiff.com\/?post_type=product&#038;p=30169"},"modified":"2025-09-08T08:30:26","modified_gmt":"2025-09-08T06:30:26","slug":"plant-electric-pedicure-chair","status":"publish","type":"product","link":"https:\/\/groupecoiff.com\/en\/produit\/fauteuil-de-pedicure-electrique-plant\/","title":{"rendered":"PLANT Electric Pedicure Chair"},"content":{"rendered":"<ul>\n<li><strong>PLANT Electric Pedicure Chair - Luxury and Performance<\/strong>Transform your treatment space with the top-of-the-range PLANT podiatry chair, equipped with 3 motors offering total control over the treatment experience.<strong>Exceptional features :<\/strong>\n<ul>\n<li>- Control the height and tilt of the backrest and seat using the 3 integrated motors.<\/li>\n<li>- Fold-down armrests for optimum accessibility and headrest cushion adjustable to a number of fixed positions.<\/li>\n<li>- Independently adjustable leg height by means of a gas spring, spreadable up to 90\u00b0.<\/li>\n<li>- High-quality grey PU coating, both elegant and easy to clean.<\/li>\n<\/ul>\n<p><strong>PLANT Electric Pedicure Chair: Ideal Dimensions and Weight :<\/strong><\/p>\n<ul>\n<li>Compact avec des dimensions de 168&#215;81,5&#215;54\/128 cm, ce fauteuil s&rsquo;adapte harmonieusement \u00e0 tout espace.<\/li>\n<li>75 kg weight ensuring stability and robustness.<\/li>\n<\/ul>\n<p><strong>Supreme Comfort:<\/strong><\/p>\n<p>Immerse your customers in absolute comfort with a thick 8 cm PU mattress, guaranteeing an unrivalled care experience.<\/p>\n<p><strong>Ergonomic design :<\/strong><\/p>\n<p>Offer your customers a moment of relaxation with armrests, a headrest cushion and adjustable leggings. The hierarchy of movements, controlled by the motors, ensures a unique experience.<\/p>\n<p><strong>Simplified maintenance :<\/strong><\/p>\n<p>The high-quality grey PU coating not only looks good, it also simplifies the cleaning process, enabling efficient maintenance.<\/p>\n<p><strong>Investissez dans l&rsquo;Excellence :<\/strong><\/p>\n<p>Choose the PLAN Professional Pedicure Chair to combine elegance and performance. Turn every session into an exceptional well-being experience.<\/li>\n<\/ul>","protected":false},"excerpt":{"rendered":"<p>Discover ultimate comfort with our professional PLAN pedicure chair. Adjustable height, foldable armrests. Ideal for aesthetic treatments!<\/p>","protected":false},"featured_media":30170,"comment_status":"open","ping_status":"closed","template":"","meta":{"googlesitekit_rrm_CAow0YCiDA:productID":"","jetpack_post_was_ever_published":false,"jetpack_publicize_message":"","jetpack_publicize_feature_enabled":true,"jetpack_social_post_already_shared":true,"jetpack_social_options":{"image_generator_settings":{"template":"highway","default_image_id":0,"font":"","enabled":false},"version":2}},"product_brand":[576],"product_cat":[486,61],"product_tag":[],"class_list":{"0":"post-30169","1":"product","2":"type-product","3":"status-publish","4":"has-post-thumbnail","6":"product_brand-weelko","7":"product_cat-fauteuil-de-soins-esthetique","8":"product_cat-mobilier-esthetique","10":"first","11":"instock","12":"featured","13":"taxable","14":"shipping-taxable","15":"purchasable","16":"product-type-simple"},"yoast_head":"<!-- This site is optimized with the Yoast SEO Premium plugin v27.4 (Yoast SEO v27.4) - https:\/\/yoast.com\/product\/yoast-seo-premium-wordpress\/ -->\n<title>Fauteuil de P\u00e9dicure \u00c9lectrique PLANT: R\u00e9sultats Professionnels - Groupe Coiff<\/title>\n<meta name=\"description\" content=\"\u2b50 Fauteuil de p\u00e9dicure \u00e9lectrique PLANT : profitez d&#039;une exp\u00e9rience sur mesure gr\u00e2ce au contr\u00f4le total offert par les 3 moteurs.\" \/>\n<meta name=\"robots\" content=\"index, follow, max-snippet:-1, max-image-preview:large, max-video-preview:-1\" \/>\n<link rel=\"canonical\" href=\"https:\/\/groupecoiff.com\/en\/product-2\/plant-electric-pedicure-chair\/\" \/>\n<meta property=\"og:locale\" content=\"en_US\" \/>\n<meta property=\"og:type\" content=\"article\" \/>\n<meta property=\"og:title\" content=\"Fauteuil de P\u00e9dicure \u00c9lectrique PLANT\" \/>\n<meta property=\"og:description\" content=\"\u2b50 Fauteuil de p\u00e9dicure \u00e9lectrique PLANT : profitez d&#039;une exp\u00e9rience sur mesure gr\u00e2ce au contr\u00f4le total offert par les 3 moteurs.\" \/>\n<meta property=\"og:url\" content=\"https:\/\/groupecoiff.com\/en\/product-2\/plant-electric-pedicure-chair\/\" \/>\n<meta property=\"og:site_name\" content=\"Groupe Coiff\" \/>\n<meta property=\"article:publisher\" content=\"https:\/\/www.facebook.com\/GroupeCoiff\" \/>\n<meta property=\"article:modified_time\" content=\"2025-09-08T06:30:26+00:00\" \/>\n<meta property=\"og:image\" content=\"https:\/\/groupecoiff.com\/wp-content\/uploads\/2023\/12\/Fauteuil-de-Pedicure-Electrique-PLANT-1.webp\" \/>\n\t<meta property=\"og:image:width\" content=\"1080\" \/>\n\t<meta property=\"og:image:height\" content=\"1080\" \/>\n\t<meta property=\"og:image:type\" content=\"image\/webp\" \/>\n<meta name=\"twitter:card\" content=\"summary_large_image\" \/>\n<meta name=\"twitter:site\" content=\"@groupecoiff\" \/>\n<meta name=\"twitter:label1\" content=\"Price\" \/>\n\t<meta name=\"twitter:data1\" content=\"1449,00&nbsp;&euro;\" \/>\n\t<meta name=\"twitter:label2\" content=\"Availability\" \/>\n\t<meta name=\"twitter:data2\" content=\"In stock\" \/>\n<script type=\"application\/ld+json\" class=\"yoast-schema-graph\">{\"@context\":\"https:\\\/\\\/schema.org\",\"@graph\":[{\"@type\":\"WebPage\",\"@id\":\"https:\\\/\\\/groupecoiff.com\\\/produit\\\/fauteuil-de-pedicure-electrique-plant\\\/\",\"url\":\"https:\\\/\\\/groupecoiff.com\\\/produit\\\/fauteuil-de-pedicure-electrique-plant\\\/\",\"name\":\"Fauteuil de P\u00e9dicure \u00c9lectrique PLANT: R\u00e9sultats Professionnels - Groupe Coiff\",\"isPartOf\":{\"@id\":\"https:\\\/\\\/groupecoiff.com\\\/#website\"},\"primaryImageOfPage\":{\"@id\":\"https:\\\/\\\/groupecoiff.com\\\/produit\\\/fauteuil-de-pedicure-electrique-plant\\\/#primaryimage\"},\"image\":{\"@id\":\"https:\\\/\\\/groupecoiff.com\\\/produit\\\/fauteuil-de-pedicure-electrique-plant\\\/#primaryimage\"},\"thumbnailUrl\":\"https:\\\/\\\/groupecoiff.com\\\/wp-content\\\/uploads\\\/2023\\\/12\\\/Fauteuil-de-Pedicure-Electrique-PLANT-1.webp\",\"datePublished\":\"2023-12-12T15:22:31+00:00\",\"dateModified\":\"2025-09-08T06:30:26+00:00\",\"description\":\"\u2b50 Fauteuil de p\u00e9dicure \u00e9lectrique PLANT : profitez d'une exp\u00e9rience sur mesure gr\u00e2ce au contr\u00f4le total offert par les 3 moteurs.\",\"breadcrumb\":{\"@id\":\"https:\\\/\\\/groupecoiff.com\\\/produit\\\/fauteuil-de-pedicure-electrique-plant\\\/#breadcrumb\"},\"inLanguage\":\"en-US\",\"potentialAction\":[{\"@type\":\"ReadAction\",\"target\":[\"https:\\\/\\\/groupecoiff.com\\\/produit\\\/fauteuil-de-pedicure-electrique-plant\\\/\"]}]},{\"@type\":\"ImageObject\",\"inLanguage\":\"en-US\",\"@id\":\"https:\\\/\\\/groupecoiff.com\\\/produit\\\/fauteuil-de-pedicure-electrique-plant\\\/#primaryimage\",\"url\":\"https:\\\/\\\/groupecoiff.com\\\/wp-content\\\/uploads\\\/2023\\\/12\\\/Fauteuil-de-Pedicure-Electrique-PLANT-1.webp\",\"contentUrl\":\"https:\\\/\\\/groupecoiff.com\\\/wp-content\\\/uploads\\\/2023\\\/12\\\/Fauteuil-de-Pedicure-Electrique-PLANT-1.webp\",\"width\":1080,\"height\":1080,\"caption\":\"Fauteuil de P\u00e9dicure \u00c9lectrique PLANT\"},{\"@type\":\"BreadcrumbList\",\"@id\":\"https:\\\/\\\/groupecoiff.com\\\/produit\\\/fauteuil-de-pedicure-electrique-plant\\\/#breadcrumb\",\"itemListElement\":[{\"@type\":\"ListItem\",\"position\":1,\"name\":\"Accueil\",\"item\":\"https:\\\/\\\/groupecoiff.com\\\/\"},{\"@type\":\"ListItem\",\"position\":2,\"name\":\"Boutique\",\"item\":\"https:\\\/\\\/groupecoiff.com\\\/boutique\\\/\"},{\"@type\":\"ListItem\",\"position\":3,\"name\":\"Fauteuil de P\u00e9dicure \u00c9lectrique PLANT\"}]},{\"@type\":\"WebSite\",\"@id\":\"https:\\\/\\\/groupecoiff.com\\\/#website\",\"url\":\"https:\\\/\\\/groupecoiff.com\\\/\",\"name\":\"Groupe Coiff\",\"description\":\"Tout pour la coiffure\",\"publisher\":{\"@id\":\"https:\\\/\\\/groupecoiff.com\\\/#organization\"},\"potentialAction\":[{\"@type\":\"SearchAction\",\"target\":{\"@type\":\"EntryPoint\",\"urlTemplate\":\"https:\\\/\\\/groupecoiff.com\\\/?s={search_term_string}\"},\"query-input\":{\"@type\":\"PropertyValueSpecification\",\"valueRequired\":true,\"valueName\":\"search_term_string\"}}],\"inLanguage\":\"en-US\"},{\"@type\":\"Organization\",\"@id\":\"https:\\\/\\\/groupecoiff.com\\\/#organization\",\"name\":\"Groupe Coiff\",\"alternateName\":\"Groupe Coiff : Le Mobilier De Coiffure Haut de Gamme Pour Une \u00c9l\u00e9gance In\u00e9gal\u00e9e\",\"url\":\"https:\\\/\\\/groupecoiff.com\\\/\",\"logo\":{\"@type\":\"ImageObject\",\"inLanguage\":\"en-US\",\"@id\":\"https:\\\/\\\/groupecoiff.com\\\/#\\\/schema\\\/logo\\\/image\\\/\",\"url\":\"https:\\\/\\\/groupecoiff.com\\\/wp-content\\\/uploads\\\/2024\\\/01\\\/cropped-Groupe-Coiff-Logo.webp\",\"contentUrl\":\"https:\\\/\\\/groupecoiff.com\\\/wp-content\\\/uploads\\\/2024\\\/01\\\/cropped-Groupe-Coiff-Logo.webp\",\"width\":512,\"height\":512,\"caption\":\"Groupe Coiff\"},\"image\":{\"@id\":\"https:\\\/\\\/groupecoiff.com\\\/#\\\/schema\\\/logo\\\/image\\\/\"},\"sameAs\":[\"https:\\\/\\\/www.facebook.com\\\/GroupeCoiff\",\"https:\\\/\\\/x.com\\\/groupecoiff\",\"https:\\\/\\\/www.instagram.com\\\/groupecoiff\\\/\",\"https:\\\/\\\/www.tiktok.com\\\/@groupecoiff\",\"https:\\\/\\\/www.youtube.com\\\/@groupecoiff\",\"https:\\\/\\\/twitter.com\\\/groupecoiff\",\"https:\\\/\\\/www.leboncoin.fr\\\/boutique\\\/3961302\\\/groupe_coiff.htm\"],\"description\":\"D\u00e9couvrez le mobilier de coiffure haut de gamme de Groupe Coiff, alliant \u00e9l\u00e9gance et fonctionnalit\u00e9 pour sublimer votre salon et satisfaire vos clients.\",\"email\":\"contact@groupecoiff.com\",\"telephone\":\"0676951605\",\"legalName\":\"Groupe Coiff\",\"foundingDate\":\"2022-11-16\",\"vatID\":\"FR84921406419\",\"taxID\":\"92140641900025\"}]}<\/script>\n<meta property=\"product:price:amount\" content=\"1449.00\" \/>\n<meta property=\"product:price:currency\" content=\"EUR\" \/>\n<meta property=\"og:availability\" content=\"instock\" \/>\n<meta property=\"product:availability\" content=\"instock\" \/>\n<meta property=\"product:retailer_item_id\" content=\"WKP005.3.A66\" \/>\n<meta property=\"product:condition\" content=\"new\" \/>\n<!-- \/ Yoast SEO Premium plugin. -->","yoast_head_json":{"title":"PLANT Electric Pedicure Chair: Professional Results - Groupe Coiff","description":"\u2b50 PLANT electric pedicure chair: enjoy a customized experience thanks to the total control offered by the 3 motors.","robots":{"index":"index","follow":"follow","max-snippet":"max-snippet:-1","max-image-preview":"max-image-preview:large","max-video-preview":"max-video-preview:-1"},"canonical":"https:\/\/groupecoiff.com\/en\/product-2\/plant-electric-pedicure-chair\/","og_locale":"en_US","og_type":"article","og_title":"Fauteuil de P\u00e9dicure \u00c9lectrique PLANT","og_description":"\u2b50 Fauteuil de p\u00e9dicure \u00e9lectrique PLANT : profitez d'une exp\u00e9rience sur mesure gr\u00e2ce au contr\u00f4le total offert par les 3 moteurs.","og_url":"https:\/\/groupecoiff.com\/en\/product-2\/plant-electric-pedicure-chair\/","og_site_name":"Groupe Coiff","article_publisher":"https:\/\/www.facebook.com\/GroupeCoiff","article_modified_time":"2025-09-08T06:30:26+00:00","og_image":[{"width":1080,"height":1080,"url":"https:\/\/groupecoiff.com\/wp-content\/uploads\/2023\/12\/Fauteuil-de-Pedicure-Electrique-PLANT-1.webp","type":"image\/webp"}],"twitter_card":"summary_large_image","twitter_site":"@groupecoiff","twitter_misc":{"Price":"1449,00&nbsp;&euro;","Availability":"In stock"},"schema":{"@context":"https:\/\/schema.org","@graph":[{"@type":"WebPage","@id":"https:\/\/groupecoiff.com\/produit\/fauteuil-de-pedicure-electrique-plant\/","url":"https:\/\/groupecoiff.com\/produit\/fauteuil-de-pedicure-electrique-plant\/","name":"PLANT Electric Pedicure Chair: Professional Results - Groupe Coiff","isPartOf":{"@id":"https:\/\/groupecoiff.com\/#website"},"primaryImageOfPage":{"@id":"https:\/\/groupecoiff.com\/produit\/fauteuil-de-pedicure-electrique-plant\/#primaryimage"},"image":{"@id":"https:\/\/groupecoiff.com\/produit\/fauteuil-de-pedicure-electrique-plant\/#primaryimage"},"thumbnailUrl":"https:\/\/groupecoiff.com\/wp-content\/uploads\/2023\/12\/Fauteuil-de-Pedicure-Electrique-PLANT-1.webp","datePublished":"2023-12-12T15:22:31+00:00","dateModified":"2025-09-08T06:30:26+00:00","description":"\u2b50 PLANT electric pedicure chair: enjoy a customized experience thanks to the total control offered by the 3 motors.","breadcrumb":{"@id":"https:\/\/groupecoiff.com\/produit\/fauteuil-de-pedicure-electrique-plant\/#breadcrumb"},"inLanguage":"en-US","potentialAction":[{"@type":"ReadAction","target":["https:\/\/groupecoiff.com\/produit\/fauteuil-de-pedicure-electrique-plant\/"]}]},{"@type":"ImageObject","inLanguage":"en-US","@id":"https:\/\/groupecoiff.com\/produit\/fauteuil-de-pedicure-electrique-plant\/#primaryimage","url":"https:\/\/groupecoiff.com\/wp-content\/uploads\/2023\/12\/Fauteuil-de-Pedicure-Electrique-PLANT-1.webp","contentUrl":"https:\/\/groupecoiff.com\/wp-content\/uploads\/2023\/12\/Fauteuil-de-Pedicure-Electrique-PLANT-1.webp","width":1080,"height":1080,"caption":"Fauteuil de P\u00e9dicure \u00c9lectrique PLANT"},{"@type":"BreadcrumbList","@id":"https:\/\/groupecoiff.com\/produit\/fauteuil-de-pedicure-electrique-plant\/#breadcrumb","itemListElement":[{"@type":"ListItem","position":1,"name":"Accueil","item":"https:\/\/groupecoiff.com\/"},{"@type":"ListItem","position":2,"name":"Boutique","item":"https:\/\/groupecoiff.com\/boutique\/"},{"@type":"ListItem","position":3,"name":"Fauteuil de P\u00e9dicure \u00c9lectrique PLANT"}]},{"@type":"WebSite","@id":"https:\/\/groupecoiff.com\/#website","url":"https:\/\/groupecoiff.com\/","name":"Coiff Group","description":"Everything for the hairdresser","publisher":{"@id":"https:\/\/groupecoiff.com\/#organization"},"potentialAction":[{"@type":"SearchAction","target":{"@type":"EntryPoint","urlTemplate":"https:\/\/groupecoiff.com\/?s={search_term_string}"},"query-input":{"@type":"PropertyValueSpecification","valueRequired":true,"valueName":"search_term_string"}}],"inLanguage":"en-US"},{"@type":"Organization","@id":"https:\/\/groupecoiff.com\/#organization","name":"Coiff Group","alternateName":"Groupe Coiff : Le Mobilier De Coiffure Haut de Gamme Pour Une \u00c9l\u00e9gance In\u00e9gal\u00e9e","url":"https:\/\/groupecoiff.com\/","logo":{"@type":"ImageObject","inLanguage":"en-US","@id":"https:\/\/groupecoiff.com\/#\/schema\/logo\/image\/","url":"https:\/\/groupecoiff.com\/wp-content\/uploads\/2024\/01\/cropped-Groupe-Coiff-Logo.webp","contentUrl":"https:\/\/groupecoiff.com\/wp-content\/uploads\/2024\/01\/cropped-Groupe-Coiff-Logo.webp","width":512,"height":512,"caption":"Groupe Coiff"},"image":{"@id":"https:\/\/groupecoiff.com\/#\/schema\/logo\/image\/"},"sameAs":["https:\/\/www.facebook.com\/GroupeCoiff","https:\/\/x.com\/groupecoiff","https:\/\/www.instagram.com\/groupecoiff\/","https:\/\/www.tiktok.com\/@groupecoiff","https:\/\/www.youtube.com\/@groupecoiff","https:\/\/twitter.com\/groupecoiff","https:\/\/www.leboncoin.fr\/boutique\/3961302\/groupe_coiff.htm"],"description":"Discover Groupe Coiff's top-of-the-range hairdressing furniture, combining elegance and functionality to enhance your salon and satisfy your customers.","email":"contact@groupecoiff.com","telephone":"0676951605","legalName":"Groupe Coiff","foundingDate":"2022-11-16","vatID":"FR84921406419","taxID":"92140641900025"}]},"product_price_amount":"1449.00","product_price_currency":"EUR","og_availability":"instock","product_availability":"instock","product_retailer_item_id":"WKP005.3.A66","product_condition":"new"},"jetpack_publicize_connections":[],"jetpack_likes_enabled":true,"jetpack_sharing_enabled":true,"_links":{"self":[{"href":"https:\/\/groupecoiff.com\/en\/wp-json\/wp\/v2\/product\/30169","targetHints":{"allow":["GET"]}}],"collection":[{"href":"https:\/\/groupecoiff.com\/en\/wp-json\/wp\/v2\/product"}],"about":[{"href":"https:\/\/groupecoiff.com\/en\/wp-json\/wp\/v2\/types\/product"}],"replies":[{"embeddable":true,"href":"https:\/\/groupecoiff.com\/en\/wp-json\/wp\/v2\/comments?post=30169"}],"version-history":[{"count":0,"href":"https:\/\/groupecoiff.com\/en\/wp-json\/wp\/v2\/product\/30169\/revisions"}],"wp:featuredmedia":[{"embeddable":true,"href":"https:\/\/groupecoiff.com\/en\/wp-json\/wp\/v2\/media\/30170"}],"wp:attachment":[{"href":"https:\/\/groupecoiff.com\/en\/wp-json\/wp\/v2\/media?parent=30169"}],"wp:term":[{"taxonomy":"product_brand","embeddable":true,"href":"https:\/\/groupecoiff.com\/en\/wp-json\/wp\/v2\/product_brand?post=30169"},{"taxonomy":"product_cat","embeddable":true,"href":"https:\/\/groupecoiff.com\/en\/wp-json\/wp\/v2\/product_cat?post=30169"},{"taxonomy":"product_tag","embeddable":true,"href":"https:\/\/groupecoiff.com\/en\/wp-json\/wp\/v2\/product_tag?post=30169"}],"curies":[{"name":"wp","href":"https:\/\/api.w.org\/{rel}","templated":true}]}}