{"id":30639,"date":"2024-02-01T08:27:38","date_gmt":"2024-02-01T07:27:38","guid":{"rendered":"https:\/\/groupecoiff.com\/?post_type=product&#038;p=30639"},"modified":"2025-05-25T07:50:01","modified_gmt":"2025-05-25T05:50:01","slug":"poste-de-coiffage-barbier-oke-1br","status":"publish","type":"product","link":"https:\/\/groupecoiff.com\/en\/produit\/poste-de-coiffage-barbier-oke-1br\/","title":{"rendered":"Poste de Coiffage Barbier OKE 1BR"},"content":{"rendered":"<div class=\"flex-1 overflow-hidden\">\n<div class=\"react-scroll-to-bottom--css-gpngm-79elbk h-full\">\n<div class=\"react-scroll-to-bottom--css-gpngm-1n7m0yu\">\n<div class=\"flex flex-col text-sm pb-9\">\n<div class=\"w-full text-token-text-primary\" dir=\"auto\" data-testid=\"conversation-turn-95\" data-scroll-anchor=\"true\">\n<div class=\"py-2 px-3 text-base md:px-4 m-auto md:px-5 lg:px-1 xl:px-5\">\n<div class=\"mx-auto flex flex-1 gap-3 text-base juice:gap-4 juice:md:gap-6 md:max-w-3xl lg:max-w-[40rem] xl:max-w-[48rem]\">\n<div class=\"relative flex w-full min-w-0 flex-col agent-turn\">\n<div class=\"flex-col gap-1 md:gap-3\">\n<div class=\"flex flex-grow flex-col max-w-full\">\n<div class=\"min-h-[20px] text-message flex flex-col items-start whitespace-pre-wrap break-words [.text-message+&amp;]:mt-5 overflow-x-auto gap-3\" dir=\"auto\" data-message-author-role=\"assistant\" data-message-id=\"9300964d-82a1-4e1c-9532-94436a7d037b\">\n<div class=\"markdown prose w-full break-words dark:prose-invert light\">\n<ul>\n<li><strong>Poste de Coiffage Barbier OKE 1BR : L&rsquo;Incontournable de l&rsquo;\u00c9l\u00e9gance Professionnelle<\/strong><\/li>\n<\/ul>\n<p>Le Poste de Coiffage Sans Vasque OKE 1BR en finition bois clair est un \u00e9l\u00e9ment indispensable de la collection OKE. Avec sa palette vari\u00e9e de couleurs de meubles, il se d\u00e9marque par sa solidit\u00e9 gr\u00e2ce \u00e0 un panneau agglom\u00e9r\u00e9 haute densit\u00e9 de 18 mm.<\/p>\n<p><strong>Design \u00c9l\u00e9gant et Fonctionnel<\/strong><\/p>\n<p>Rev\u00eatu d&rsquo;un m\u00e9lamin\u00e9 finition bois et de chants PVC de 2 mm, cette coiffeuse incarne l&rsquo;alliance parfaite entre l&rsquo;\u00e9l\u00e9gance et la praticit\u00e9. Dot\u00e9e d&rsquo;une protection en verre contre les \u00e9claboussures, elle s&rsquo;int\u00e8gre harmonieusement dans l&rsquo;environnement du barbier.<\/p>\n<p><strong>Organisation Optimale<\/strong><\/p>\n<div class=\"flex-1 overflow-hidden\">\n<div class=\"react-scroll-to-bottom--css-gpngm-79elbk h-full\">\n<div class=\"react-scroll-to-bottom--css-gpngm-1n7m0yu\">\n<div class=\"flex flex-col text-sm pb-9\">\n<div class=\"w-full text-token-text-primary\" dir=\"auto\" data-testid=\"conversation-turn-19\" data-scroll-anchor=\"true\">\n<div class=\"py-2 px-3 text-base md:px-4 m-auto md:px-5 lg:px-1 xl:px-5\">\n<div class=\"mx-auto flex flex-1 gap-3 text-base juice:gap-4 juice:md:gap-6 md:max-w-3xl lg:max-w-[40rem] xl:max-w-[48rem]\">\n<div class=\"relative flex w-full min-w-0 flex-col agent-turn\">\n<div class=\"flex-col gap-1 md:gap-3\">\n<div class=\"flex flex-grow flex-col max-w-full\">\n<div class=\"min-h-[20px] text-message flex flex-col items-start whitespace-pre-wrap break-words [.text-message+&amp;]:mt-5 overflow-x-auto gap-3\" dir=\"auto\" data-message-author-role=\"assistant\" data-message-id=\"a31fe422-9549-4945-8b53-503c3ef50aa6\">\n<div class=\"markdown prose w-full break-words dark:prose-invert light\">\n<p>Le poste de coiffage professionnel OKE 1BR offre une organisation impeccable. Des Vastes zones de rangement comprenant des tiroirs spacieux et des\u00a0 \u00e9tag\u00e8res pratiques pour une efficacit\u00e9 maximale.<\/p>\n<p><strong>Caract\u00e9ristiques Cl\u00e9s :<\/strong><\/p>\n<\/div>\n<\/div>\n<\/div>\n<\/div>\n<\/div>\n<\/div>\n<\/div>\n<\/div>\n<\/div>\n<\/div>\n<\/div>\n<\/div>\n<ol>\n<li>Fabriqu\u00e9 en panneau agglom\u00e9r\u00e9 haute densit\u00e9 de 18 mm<\/li>\n<li>Rev\u00eatement m\u00e9lamin\u00e9 finition bois et chants PVC de 2 mm<\/li>\n<li>Verre de protection contre les projections d\u2019eau<\/li>\n<li>Multiples zones de rangement avec tiroirs et \u00e9tag\u00e8res<\/li>\n<\/ol>\n<p><strong>Commandez Votre Coiffeuse Barbier Vintage OKE 1BR d\u00e8s Maintenant<\/strong><\/p>\n<p>Optez pour la coiffeuse OKE 1BR pour sublimer votre salon de barbier et offrir \u00e0 vos clients une exp\u00e9rience de toilettage de premi\u00e8re classe.<\/p>\n<\/div>\n<\/div>\n<\/div>\n<\/div>\n<\/div>\n<\/div>\n<\/div>\n<\/div>\n<\/div>\n<\/div>\n<\/div>\n<\/div>\n","protected":false},"excerpt":{"rendered":"<p>OKE Collection: discover the OKE 1BR barber styling unit without basin in light wood finish. Robust and elegant, it will accompany you in your daily routine.<\/p>","protected":false},"featured_media":31280,"comment_status":"open","ping_status":"closed","template":"","meta":{"googlesitekit_rrm_CAow0YCiDA:productID":"","jetpack_post_was_ever_published":false,"jetpack_publicize_message":"","jetpack_publicize_feature_enabled":true,"jetpack_social_post_already_shared":true,"jetpack_social_options":{"image_generator_settings":{"template":"highway","default_image_id":0,"font":"","enabled":false},"version":2}},"product_brand":[],"product_cat":[313,48],"product_tag":[],"class_list":{"0":"post-30639","1":"product","2":"type-product","3":"status-publish","4":"has-post-thumbnail","6":"product_cat-meuble-de-coiffure","7":"product_cat-poste-de-coiffage-professionnel","9":"first","10":"instock","11":"featured","12":"taxable","13":"shipping-taxable","14":"purchasable","15":"product-type-simple"},"yoast_head":"<!-- This site is optimized with the Yoast SEO Premium plugin v27.4 (Yoast SEO v27.4) - https:\/\/yoast.com\/product\/yoast-seo-premium-wordpress\/ -->\n<title>Poste de Coiffage Barbier OKE 1BR : \u00c9l\u00e9gance et Praticit\u00e9 - Groupe Coiff<\/title>\n<meta name=\"description\" content=\"Optez pour le Poste de Coiffage Barbier OKE 1BR en finition bois clair. Une alliance parfaite entre \u00e9l\u00e9gance et praticit\u00e9. D\u00e9couvrez-le maintenant!\" \/>\n<meta name=\"robots\" content=\"index, follow, max-snippet:-1, max-image-preview:large, max-video-preview:-1\" \/>\n<link rel=\"canonical\" href=\"https:\/\/groupecoiff.com\/en\/product-2\/poste-de-coiffage-barbier-oke-1br\/\" \/>\n<meta property=\"og:locale\" content=\"en_US\" \/>\n<meta property=\"og:type\" content=\"article\" \/>\n<meta property=\"og:title\" content=\"Poste de Coiffage Barbier OKE 1BR\" \/>\n<meta property=\"og:description\" content=\"Optez pour le Poste de Coiffage Barbier OKE 1BR en finition bois clair. Une alliance parfaite entre \u00e9l\u00e9gance et praticit\u00e9. D\u00e9couvrez-le maintenant!\" \/>\n<meta property=\"og:url\" content=\"https:\/\/groupecoiff.com\/en\/product-2\/poste-de-coiffage-barbier-oke-1br\/\" \/>\n<meta property=\"og:site_name\" content=\"Groupe Coiff\" \/>\n<meta property=\"article:publisher\" content=\"https:\/\/www.facebook.com\/GroupeCoiff\" \/>\n<meta property=\"article:modified_time\" content=\"2025-05-25T05:50:01+00:00\" \/>\n<meta property=\"og:image\" content=\"https:\/\/groupecoiff.com\/wp-content\/uploads\/2024\/02\/Poste-de-Coiffage-Barbier-OKE-1BR-2.webp\" \/>\n\t<meta property=\"og:image:width\" content=\"1080\" \/>\n\t<meta property=\"og:image:height\" content=\"1080\" \/>\n\t<meta property=\"og:image:type\" content=\"image\/webp\" \/>\n<meta name=\"twitter:card\" content=\"summary_large_image\" \/>\n<meta name=\"twitter:site\" content=\"@groupecoiff\" \/>\n<meta name=\"twitter:label1\" content=\"Price\" \/>\n\t<meta name=\"twitter:data1\" content=\"689,00&nbsp;&euro;\" \/>\n\t<meta name=\"twitter:label2\" content=\"Availability\" \/>\n\t<meta name=\"twitter:data2\" content=\"In stock\" \/>\n<script type=\"application\/ld+json\" class=\"yoast-schema-graph\">{\"@context\":\"https:\\\/\\\/schema.org\",\"@graph\":[{\"@type\":\"WebPage\",\"@id\":\"https:\\\/\\\/groupecoiff.com\\\/produit\\\/poste-de-coiffage-barbier-oke-1br\\\/\",\"url\":\"https:\\\/\\\/groupecoiff.com\\\/produit\\\/poste-de-coiffage-barbier-oke-1br\\\/\",\"name\":\"Poste de Coiffage Barbier OKE 1BR : \u00c9l\u00e9gance et Praticit\u00e9 - Groupe Coiff\",\"isPartOf\":{\"@id\":\"https:\\\/\\\/groupecoiff.com\\\/#website\"},\"primaryImageOfPage\":{\"@id\":\"https:\\\/\\\/groupecoiff.com\\\/produit\\\/poste-de-coiffage-barbier-oke-1br\\\/#primaryimage\"},\"image\":{\"@id\":\"https:\\\/\\\/groupecoiff.com\\\/produit\\\/poste-de-coiffage-barbier-oke-1br\\\/#primaryimage\"},\"thumbnailUrl\":\"https:\\\/\\\/groupecoiff.com\\\/wp-content\\\/uploads\\\/2024\\\/02\\\/Poste-de-Coiffage-Barbier-OKE-1BR-2.webp\",\"datePublished\":\"2024-02-01T07:27:38+00:00\",\"dateModified\":\"2025-05-25T05:50:01+00:00\",\"description\":\"Optez pour le Poste de Coiffage Barbier OKE 1BR en finition bois clair. Une alliance parfaite entre \u00e9l\u00e9gance et praticit\u00e9. D\u00e9couvrez-le maintenant!\",\"breadcrumb\":{\"@id\":\"https:\\\/\\\/groupecoiff.com\\\/produit\\\/poste-de-coiffage-barbier-oke-1br\\\/#breadcrumb\"},\"inLanguage\":\"en-US\",\"potentialAction\":[{\"@type\":\"ReadAction\",\"target\":[\"https:\\\/\\\/groupecoiff.com\\\/produit\\\/poste-de-coiffage-barbier-oke-1br\\\/\"]}]},{\"@type\":\"ImageObject\",\"inLanguage\":\"en-US\",\"@id\":\"https:\\\/\\\/groupecoiff.com\\\/produit\\\/poste-de-coiffage-barbier-oke-1br\\\/#primaryimage\",\"url\":\"https:\\\/\\\/groupecoiff.com\\\/wp-content\\\/uploads\\\/2024\\\/02\\\/Poste-de-Coiffage-Barbier-OKE-1BR-2.webp\",\"contentUrl\":\"https:\\\/\\\/groupecoiff.com\\\/wp-content\\\/uploads\\\/2024\\\/02\\\/Poste-de-Coiffage-Barbier-OKE-1BR-2.webp\",\"width\":1080,\"height\":1080,\"caption\":\"Poste de Coiffage Barbier OKE 1BR - coiffeuse barbier sans vasque OKE 1BR - Poste de coiffage professionnel OKE BR - Mobilier de coiffure professionnel - poste de coiffage salon de coiffure\"},{\"@type\":\"BreadcrumbList\",\"@id\":\"https:\\\/\\\/groupecoiff.com\\\/produit\\\/poste-de-coiffage-barbier-oke-1br\\\/#breadcrumb\",\"itemListElement\":[{\"@type\":\"ListItem\",\"position\":1,\"name\":\"Accueil\",\"item\":\"https:\\\/\\\/groupecoiff.com\\\/\"},{\"@type\":\"ListItem\",\"position\":2,\"name\":\"Boutique\",\"item\":\"https:\\\/\\\/groupecoiff.com\\\/boutique\\\/\"},{\"@type\":\"ListItem\",\"position\":3,\"name\":\"Poste de Coiffage Barbier OKE 1BR\"}]},{\"@type\":\"WebSite\",\"@id\":\"https:\\\/\\\/groupecoiff.com\\\/#website\",\"url\":\"https:\\\/\\\/groupecoiff.com\\\/\",\"name\":\"Groupe Coiff\",\"description\":\"Tout pour la coiffure\",\"publisher\":{\"@id\":\"https:\\\/\\\/groupecoiff.com\\\/#organization\"},\"potentialAction\":[{\"@type\":\"SearchAction\",\"target\":{\"@type\":\"EntryPoint\",\"urlTemplate\":\"https:\\\/\\\/groupecoiff.com\\\/?s={search_term_string}\"},\"query-input\":{\"@type\":\"PropertyValueSpecification\",\"valueRequired\":true,\"valueName\":\"search_term_string\"}}],\"inLanguage\":\"en-US\"},{\"@type\":\"Organization\",\"@id\":\"https:\\\/\\\/groupecoiff.com\\\/#organization\",\"name\":\"Groupe Coiff\",\"alternateName\":\"Groupe Coiff : Le Mobilier De Coiffure Haut de Gamme Pour Une \u00c9l\u00e9gance In\u00e9gal\u00e9e\",\"url\":\"https:\\\/\\\/groupecoiff.com\\\/\",\"logo\":{\"@type\":\"ImageObject\",\"inLanguage\":\"en-US\",\"@id\":\"https:\\\/\\\/groupecoiff.com\\\/#\\\/schema\\\/logo\\\/image\\\/\",\"url\":\"https:\\\/\\\/groupecoiff.com\\\/wp-content\\\/uploads\\\/2024\\\/01\\\/cropped-Groupe-Coiff-Logo.webp\",\"contentUrl\":\"https:\\\/\\\/groupecoiff.com\\\/wp-content\\\/uploads\\\/2024\\\/01\\\/cropped-Groupe-Coiff-Logo.webp\",\"width\":512,\"height\":512,\"caption\":\"Groupe Coiff\"},\"image\":{\"@id\":\"https:\\\/\\\/groupecoiff.com\\\/#\\\/schema\\\/logo\\\/image\\\/\"},\"sameAs\":[\"https:\\\/\\\/www.facebook.com\\\/GroupeCoiff\",\"https:\\\/\\\/x.com\\\/groupecoiff\",\"https:\\\/\\\/www.instagram.com\\\/groupecoiff\\\/\",\"https:\\\/\\\/www.tiktok.com\\\/@groupecoiff\",\"https:\\\/\\\/www.youtube.com\\\/@groupecoiff\",\"https:\\\/\\\/twitter.com\\\/groupecoiff\",\"https:\\\/\\\/www.leboncoin.fr\\\/boutique\\\/3961302\\\/groupe_coiff.htm\"],\"description\":\"D\u00e9couvrez le mobilier de coiffure haut de gamme de Groupe Coiff, alliant \u00e9l\u00e9gance et fonctionnalit\u00e9 pour sublimer votre salon et satisfaire vos clients.\",\"email\":\"contact@groupecoiff.com\",\"telephone\":\"0676951605\",\"legalName\":\"Groupe Coiff\",\"foundingDate\":\"2022-11-16\",\"vatID\":\"FR84921406419\",\"taxID\":\"92140641900025\"}]}<\/script>\n<meta property=\"product:price:amount\" content=\"689.00\" \/>\n<meta property=\"product:price:currency\" content=\"EUR\" \/>\n<meta property=\"og:availability\" content=\"instock\" \/>\n<meta property=\"product:availability\" content=\"instock\" \/>\n<meta property=\"product:condition\" content=\"new\" \/>\n<!-- \/ Yoast SEO Premium plugin. -->","yoast_head_json":{"title":"OKE 1BR Barber Styling Station: Elegance and Practicality - Groupe Coiff","description":"Choose the OKE 1BR Barber Styling Station in light wood finish. A perfect alliance between elegance and practicality. Discover it now!","robots":{"index":"index","follow":"follow","max-snippet":"max-snippet:-1","max-image-preview":"max-image-preview:large","max-video-preview":"max-video-preview:-1"},"canonical":"https:\/\/groupecoiff.com\/en\/product-2\/poste-de-coiffage-barbier-oke-1br\/","og_locale":"en_US","og_type":"article","og_title":"Poste de Coiffage Barbier OKE 1BR","og_description":"Optez pour le Poste de Coiffage Barbier OKE 1BR en finition bois clair. Une alliance parfaite entre \u00e9l\u00e9gance et praticit\u00e9. D\u00e9couvrez-le maintenant!","og_url":"https:\/\/groupecoiff.com\/en\/product-2\/poste-de-coiffage-barbier-oke-1br\/","og_site_name":"Groupe Coiff","article_publisher":"https:\/\/www.facebook.com\/GroupeCoiff","article_modified_time":"2025-05-25T05:50:01+00:00","og_image":[{"width":1080,"height":1080,"url":"https:\/\/groupecoiff.com\/wp-content\/uploads\/2024\/02\/Poste-de-Coiffage-Barbier-OKE-1BR-2.webp","type":"image\/webp"}],"twitter_card":"summary_large_image","twitter_site":"@groupecoiff","twitter_misc":{"Price":"689,00&nbsp;&euro;","Availability":"In stock"},"schema":{"@context":"https:\/\/schema.org","@graph":[{"@type":"WebPage","@id":"https:\/\/groupecoiff.com\/produit\/poste-de-coiffage-barbier-oke-1br\/","url":"https:\/\/groupecoiff.com\/produit\/poste-de-coiffage-barbier-oke-1br\/","name":"OKE 1BR Barber Styling Station: Elegance and Practicality - Groupe Coiff","isPartOf":{"@id":"https:\/\/groupecoiff.com\/#website"},"primaryImageOfPage":{"@id":"https:\/\/groupecoiff.com\/produit\/poste-de-coiffage-barbier-oke-1br\/#primaryimage"},"image":{"@id":"https:\/\/groupecoiff.com\/produit\/poste-de-coiffage-barbier-oke-1br\/#primaryimage"},"thumbnailUrl":"https:\/\/groupecoiff.com\/wp-content\/uploads\/2024\/02\/Poste-de-Coiffage-Barbier-OKE-1BR-2.webp","datePublished":"2024-02-01T07:27:38+00:00","dateModified":"2025-05-25T05:50:01+00:00","description":"Choose the OKE 1BR Barber Styling Station in light wood finish. A perfect alliance between elegance and practicality. Discover it now!","breadcrumb":{"@id":"https:\/\/groupecoiff.com\/produit\/poste-de-coiffage-barbier-oke-1br\/#breadcrumb"},"inLanguage":"en-US","potentialAction":[{"@type":"ReadAction","target":["https:\/\/groupecoiff.com\/produit\/poste-de-coiffage-barbier-oke-1br\/"]}]},{"@type":"ImageObject","inLanguage":"en-US","@id":"https:\/\/groupecoiff.com\/produit\/poste-de-coiffage-barbier-oke-1br\/#primaryimage","url":"https:\/\/groupecoiff.com\/wp-content\/uploads\/2024\/02\/Poste-de-Coiffage-Barbier-OKE-1BR-2.webp","contentUrl":"https:\/\/groupecoiff.com\/wp-content\/uploads\/2024\/02\/Poste-de-Coiffage-Barbier-OKE-1BR-2.webp","width":1080,"height":1080,"caption":"Poste de Coiffage Barbier OKE 1BR - coiffeuse barbier sans vasque OKE 1BR - Poste de coiffage professionnel OKE BR - Mobilier de coiffure professionnel - poste de coiffage salon de coiffure"},{"@type":"BreadcrumbList","@id":"https:\/\/groupecoiff.com\/produit\/poste-de-coiffage-barbier-oke-1br\/#breadcrumb","itemListElement":[{"@type":"ListItem","position":1,"name":"Accueil","item":"https:\/\/groupecoiff.com\/"},{"@type":"ListItem","position":2,"name":"Boutique","item":"https:\/\/groupecoiff.com\/boutique\/"},{"@type":"ListItem","position":3,"name":"Poste de Coiffage Barbier OKE 1BR"}]},{"@type":"WebSite","@id":"https:\/\/groupecoiff.com\/#website","url":"https:\/\/groupecoiff.com\/","name":"Coiff Group","description":"Everything for the hairdresser","publisher":{"@id":"https:\/\/groupecoiff.com\/#organization"},"potentialAction":[{"@type":"SearchAction","target":{"@type":"EntryPoint","urlTemplate":"https:\/\/groupecoiff.com\/?s={search_term_string}"},"query-input":{"@type":"PropertyValueSpecification","valueRequired":true,"valueName":"search_term_string"}}],"inLanguage":"en-US"},{"@type":"Organization","@id":"https:\/\/groupecoiff.com\/#organization","name":"Coiff Group","alternateName":"Groupe Coiff : Le Mobilier De Coiffure Haut de Gamme Pour Une \u00c9l\u00e9gance In\u00e9gal\u00e9e","url":"https:\/\/groupecoiff.com\/","logo":{"@type":"ImageObject","inLanguage":"en-US","@id":"https:\/\/groupecoiff.com\/#\/schema\/logo\/image\/","url":"https:\/\/groupecoiff.com\/wp-content\/uploads\/2024\/01\/cropped-Groupe-Coiff-Logo.webp","contentUrl":"https:\/\/groupecoiff.com\/wp-content\/uploads\/2024\/01\/cropped-Groupe-Coiff-Logo.webp","width":512,"height":512,"caption":"Groupe Coiff"},"image":{"@id":"https:\/\/groupecoiff.com\/#\/schema\/logo\/image\/"},"sameAs":["https:\/\/www.facebook.com\/GroupeCoiff","https:\/\/x.com\/groupecoiff","https:\/\/www.instagram.com\/groupecoiff\/","https:\/\/www.tiktok.com\/@groupecoiff","https:\/\/www.youtube.com\/@groupecoiff","https:\/\/twitter.com\/groupecoiff","https:\/\/www.leboncoin.fr\/boutique\/3961302\/groupe_coiff.htm"],"description":"Discover Groupe Coiff's top-of-the-range hairdressing furniture, combining elegance and functionality to enhance your salon and satisfy your customers.","email":"contact@groupecoiff.com","telephone":"0676951605","legalName":"Groupe Coiff","foundingDate":"2022-11-16","vatID":"FR84921406419","taxID":"92140641900025"}]},"product_price_amount":"689.00","product_price_currency":"EUR","og_availability":"instock","product_availability":"instock","product_condition":"new"},"jetpack_publicize_connections":[],"jetpack_likes_enabled":true,"jetpack_sharing_enabled":true,"_links":{"self":[{"href":"https:\/\/groupecoiff.com\/en\/wp-json\/wp\/v2\/product\/30639","targetHints":{"allow":["GET"]}}],"collection":[{"href":"https:\/\/groupecoiff.com\/en\/wp-json\/wp\/v2\/product"}],"about":[{"href":"https:\/\/groupecoiff.com\/en\/wp-json\/wp\/v2\/types\/product"}],"replies":[{"embeddable":true,"href":"https:\/\/groupecoiff.com\/en\/wp-json\/wp\/v2\/comments?post=30639"}],"version-history":[{"count":0,"href":"https:\/\/groupecoiff.com\/en\/wp-json\/wp\/v2\/product\/30639\/revisions"}],"wp:featuredmedia":[{"embeddable":true,"href":"https:\/\/groupecoiff.com\/en\/wp-json\/wp\/v2\/media\/31280"}],"wp:attachment":[{"href":"https:\/\/groupecoiff.com\/en\/wp-json\/wp\/v2\/media?parent=30639"}],"wp:term":[{"taxonomy":"product_brand","embeddable":true,"href":"https:\/\/groupecoiff.com\/en\/wp-json\/wp\/v2\/product_brand?post=30639"},{"taxonomy":"product_cat","embeddable":true,"href":"https:\/\/groupecoiff.com\/en\/wp-json\/wp\/v2\/product_cat?post=30639"},{"taxonomy":"product_tag","embeddable":true,"href":"https:\/\/groupecoiff.com\/en\/wp-json\/wp\/v2\/product_tag?post=30639"}],"curies":[{"name":"wp","href":"https:\/\/api.w.org\/{rel}","templated":true}]}}