{"id":31019,"date":"2024-02-11T15:04:28","date_gmt":"2024-02-11T14:04:28","guid":{"rendered":"https:\/\/groupecoiff.com\/?post_type=product&#038;p=31019"},"modified":"2026-01-24T14:49:40","modified_gmt":"2026-01-24T13:49:40","slug":"presentoir-produits-de-beaute-noah","status":"publish","type":"product","link":"https:\/\/groupecoiff.com\/en\/produit\/presentoir-produits-de-beaute-noah\/","title":{"rendered":"Pr\u00e9sentoir produits de Beaut\u00e9 Noah"},"content":{"rendered":"<ul>\n<li>\n<h3>Pr\u00e9sentoir Produits de Beaut\u00e9 Noah : Alliance de Style et de Praticit\u00e9<\/h3>\n<\/li>\n<\/ul>\n<p>Dans votre salon, laissez-vous s\u00e9duire par le pr\u00e9sentoir produits de beaut\u00e9 Noah. Avec sa combinaison unique de bois trait\u00e9 et de structure m\u00e9tallique noir, ce meuble professionnel incarne l&rsquo;\u00e9l\u00e9gance et la fonctionnalit\u00e9.<\/p>\n<ul>\n<li><strong>Caract\u00e9ristiques Cl\u00e9s :<\/strong><\/li>\n<\/ul>\n<ol>\n<li>Treated and varnished wood for exceptional longevity.<\/li>\n<li>Robust metal structure for optimal safety.<\/li>\n<li>Wood and metal shelves for a vintage-chic look.<\/li>\n<li>Deux espaces de rangement discrets et quatre zones d&rsquo;exposition.<\/li>\n<\/ol>\n<ul>\n<li><strong>Polyvalence Redoutable :<\/strong><\/li>\n<\/ul>\n<p>Dot\u00e9 de portes en grillage m\u00e9tallique noir, ce pr\u00e9sentoir de salon de coiffure Noah offre une visibilit\u00e9 parfaite tout en prot\u00e9geant vos produits.<\/p>\n<p>joutez une note d&rsquo;\u00e9l\u00e9gance \u00e0 votre espace avec ce pr\u00e9sentoir, con\u00e7u pour captiver votre client\u00e8le d\u00e8s son arriv\u00e9e.<\/p>\n<p>En somme, le pr\u00e9sentoir Noah est l\u2019accessoire indispensable pour mettre en valeur vos produits de beaut\u00e9 et cosm\u00e9tiques. Avec son design distinctif et sa fonctionnalit\u00e9 incomparable, il deviendra rapidement le joyau de votre salon de coiffure.<\/p>","protected":false},"excerpt":{"rendered":"<p>Acqu\u00e9rir le pr\u00e9sentoir produits de beaut\u00e9 Noah, c&rsquo;est investir dans la qualit\u00e9. Id\u00e9al pour mettre en valeur vos produits de mani\u00e8re \u00e9l\u00e9gante!<\/p>","protected":false},"featured_media":49083,"comment_status":"open","ping_status":"closed","template":"","meta":{"googlesitekit_rrm_CAow0YCiDA:productID":"","jetpack_post_was_ever_published":false,"jetpack_publicize_message":"","jetpack_publicize_feature_enabled":true,"jetpack_social_post_already_shared":true,"jetpack_social_options":{"image_generator_settings":{"template":"highway","default_image_id":0,"font":"","enabled":false},"version":2}},"product_brand":[575],"product_cat":[313,65],"product_tag":[453,411,412],"class_list":{"0":"post-31019","1":"product","2":"type-product","3":"status-publish","4":"has-post-thumbnail","6":"product_brand-mirplay","7":"product_cat-meuble-de-coiffure","8":"product_cat-presentoirs","9":"product_tag-meuble-pour-salon-de-coiffure","10":"product_tag-presentoir-cosmetique","11":"product_tag-presentoir-pour-salon-de-coiffure","13":"first","14":"instock","15":"featured","16":"taxable","17":"shipping-taxable","18":"purchasable","19":"product-type-simple"},"yoast_head":"<!-- This site is optimized with the Yoast SEO Premium plugin v27.5 (Yoast SEO v27.5) - https:\/\/yoast.com\/product\/yoast-seo-premium-wordpress\/ -->\n<title>Pr\u00e9sentoir produits de beaut\u00e9 Noah en bois et m\u00e9tal - Groupe Coiff<\/title>\n<meta name=\"description\" content=\"Optez pour le pr\u00e9sentoir produits de beaut\u00e9 Noah et transformez votre espace. \u00c9l\u00e9gant et durable, il est id\u00e9al pour vos produits! \ud83c\udfa8\" \/>\n<meta name=\"robots\" content=\"index, follow, max-snippet:-1, max-image-preview:large, max-video-preview:-1\" \/>\n<link rel=\"canonical\" href=\"https:\/\/groupecoiff.com\/en\/product-2\/presentoir-produits-de-beaute-noah\/\" \/>\n<meta property=\"og:locale\" content=\"en_US\" \/>\n<meta property=\"og:type\" content=\"article\" \/>\n<meta property=\"og:title\" content=\"Pr\u00e9sentoir produits de Beaut\u00e9 Noah\" \/>\n<meta property=\"og:description\" content=\"Optez pour le pr\u00e9sentoir produits de beaut\u00e9 Noah et transformez votre espace. \u00c9l\u00e9gant et durable, il est id\u00e9al pour vos produits! \ud83c\udfa8\" \/>\n<meta property=\"og:url\" content=\"https:\/\/groupecoiff.com\/en\/product-2\/presentoir-produits-de-beaute-noah\/\" \/>\n<meta property=\"og:site_name\" content=\"Groupe Coiff\" \/>\n<meta property=\"article:publisher\" content=\"https:\/\/www.facebook.com\/GroupeCoiff\" \/>\n<meta property=\"article:modified_time\" content=\"2026-01-24T13:49:40+00:00\" \/>\n<meta property=\"og:image\" content=\"https:\/\/groupecoiff.com\/wp-content\/uploads\/2024\/02\/Noah-4.webp\" \/>\n\t<meta property=\"og:image:width\" content=\"600\" \/>\n\t<meta property=\"og:image:height\" content=\"600\" \/>\n\t<meta property=\"og:image:type\" content=\"image\/webp\" \/>\n<meta name=\"twitter:card\" content=\"summary_large_image\" \/>\n<meta name=\"twitter:site\" content=\"@groupecoiff\" \/>\n<meta name=\"twitter:label1\" content=\"Price\" \/>\n\t<meta name=\"twitter:data1\" content=\"532,00&nbsp;&euro;\" \/>\n\t<meta name=\"twitter:label2\" content=\"Availability\" \/>\n\t<meta name=\"twitter:data2\" content=\"In stock\" \/>\n<script type=\"application\/ld+json\" class=\"yoast-schema-graph\">{\"@context\":\"https:\\\/\\\/schema.org\",\"@graph\":[{\"@type\":\"WebPage\",\"@id\":\"https:\\\/\\\/groupecoiff.com\\\/en\\\/produit\\\/presentoir-produits-de-beaute-noah\\\/\",\"url\":\"https:\\\/\\\/groupecoiff.com\\\/en\\\/produit\\\/presentoir-produits-de-beaute-noah\\\/\",\"name\":\"Pr\u00e9sentoir produits de beaut\u00e9 Noah en bois et m\u00e9tal - Groupe Coiff\",\"isPartOf\":{\"@id\":\"https:\\\/\\\/groupecoiff.com\\\/#website\"},\"primaryImageOfPage\":{\"@id\":\"https:\\\/\\\/groupecoiff.com\\\/en\\\/produit\\\/presentoir-produits-de-beaute-noah\\\/#primaryimage\"},\"image\":{\"@id\":\"https:\\\/\\\/groupecoiff.com\\\/en\\\/produit\\\/presentoir-produits-de-beaute-noah\\\/#primaryimage\"},\"thumbnailUrl\":\"https:\\\/\\\/groupecoiff.com\\\/wp-content\\\/uploads\\\/2024\\\/02\\\/Noah-4.webp\",\"datePublished\":\"2024-02-11T14:04:28+00:00\",\"dateModified\":\"2026-01-24T13:49:40+00:00\",\"description\":\"Optez pour le pr\u00e9sentoir produits de beaut\u00e9 Noah et transformez votre espace. \u00c9l\u00e9gant et durable, il est id\u00e9al pour vos produits! \ud83c\udfa8\",\"breadcrumb\":{\"@id\":\"https:\\\/\\\/groupecoiff.com\\\/en\\\/produit\\\/presentoir-produits-de-beaute-noah\\\/#breadcrumb\"},\"inLanguage\":\"en-US\",\"potentialAction\":[{\"@type\":\"ReadAction\",\"target\":[\"https:\\\/\\\/groupecoiff.com\\\/en\\\/produit\\\/presentoir-produits-de-beaute-noah\\\/\"]}]},{\"@type\":\"ImageObject\",\"inLanguage\":\"en-US\",\"@id\":\"https:\\\/\\\/groupecoiff.com\\\/en\\\/produit\\\/presentoir-produits-de-beaute-noah\\\/#primaryimage\",\"url\":\"https:\\\/\\\/groupecoiff.com\\\/wp-content\\\/uploads\\\/2024\\\/02\\\/Noah-4.webp\",\"contentUrl\":\"https:\\\/\\\/groupecoiff.com\\\/wp-content\\\/uploads\\\/2024\\\/02\\\/Noah-4.webp\",\"width\":600,\"height\":600,\"caption\":\"Pr\u00e9sentoir produits de beaut\u00e9 Noah - pr\u00e9sentoir de Salon de Coiffure Noah - mobilier de coiffure professionnel - Pr\u00e9sentoir produits de beaut\u00e9 Noah\"},{\"@type\":\"BreadcrumbList\",\"@id\":\"https:\\\/\\\/groupecoiff.com\\\/en\\\/produit\\\/presentoir-produits-de-beaute-noah\\\/#breadcrumb\",\"itemListElement\":[{\"@type\":\"ListItem\",\"position\":1,\"name\":\"Accueil\",\"item\":\"https:\\\/\\\/groupecoiff.com\\\/\"},{\"@type\":\"ListItem\",\"position\":2,\"name\":\"Boutique\",\"item\":\"https:\\\/\\\/groupecoiff.com\\\/en\\\/boutique\\\/\"},{\"@type\":\"ListItem\",\"position\":3,\"name\":\"Pr\u00e9sentoir produits de Beaut\u00e9 Noah\"}]},{\"@type\":\"WebSite\",\"@id\":\"https:\\\/\\\/groupecoiff.com\\\/#website\",\"url\":\"https:\\\/\\\/groupecoiff.com\\\/\",\"name\":\"Groupe Coiff\",\"description\":\"Tout pour la coiffure\",\"publisher\":{\"@id\":\"https:\\\/\\\/groupecoiff.com\\\/#organization\"},\"potentialAction\":[{\"@type\":\"SearchAction\",\"target\":{\"@type\":\"EntryPoint\",\"urlTemplate\":\"https:\\\/\\\/groupecoiff.com\\\/?s={search_term_string}\"},\"query-input\":{\"@type\":\"PropertyValueSpecification\",\"valueRequired\":true,\"valueName\":\"search_term_string\"}}],\"inLanguage\":\"en-US\"},{\"@type\":\"Organization\",\"@id\":\"https:\\\/\\\/groupecoiff.com\\\/#organization\",\"name\":\"Groupe Coiff\",\"alternateName\":\"Groupe Coiff : Le Mobilier De Coiffure Haut de Gamme Pour Une \u00c9l\u00e9gance In\u00e9gal\u00e9e\",\"url\":\"https:\\\/\\\/groupecoiff.com\\\/\",\"logo\":{\"@type\":\"ImageObject\",\"inLanguage\":\"en-US\",\"@id\":\"https:\\\/\\\/groupecoiff.com\\\/#\\\/schema\\\/logo\\\/image\\\/\",\"url\":\"https:\\\/\\\/groupecoiff.com\\\/wp-content\\\/uploads\\\/2024\\\/01\\\/cropped-Groupe-Coiff-Logo.webp\",\"contentUrl\":\"https:\\\/\\\/groupecoiff.com\\\/wp-content\\\/uploads\\\/2024\\\/01\\\/cropped-Groupe-Coiff-Logo.webp\",\"width\":512,\"height\":512,\"caption\":\"Groupe Coiff\"},\"image\":{\"@id\":\"https:\\\/\\\/groupecoiff.com\\\/#\\\/schema\\\/logo\\\/image\\\/\"},\"sameAs\":[\"https:\\\/\\\/www.facebook.com\\\/GroupeCoiff\",\"https:\\\/\\\/x.com\\\/groupecoiff\",\"https:\\\/\\\/www.instagram.com\\\/groupecoiff\\\/\",\"https:\\\/\\\/www.tiktok.com\\\/@groupecoiff\",\"https:\\\/\\\/www.youtube.com\\\/@groupecoiff\",\"https:\\\/\\\/twitter.com\\\/groupecoiff\",\"https:\\\/\\\/www.leboncoin.fr\\\/boutique\\\/3961302\\\/groupe_coiff.htm\"],\"description\":\"D\u00e9couvrez le mobilier de coiffure haut de gamme de Groupe Coiff, alliant \u00e9l\u00e9gance et fonctionnalit\u00e9 pour sublimer votre salon et satisfaire vos clients.\",\"email\":\"contact@groupecoiff.com\",\"telephone\":\"0676951605\",\"legalName\":\"Groupe Coiff\",\"foundingDate\":\"2022-11-16\",\"vatID\":\"FR84921406419\",\"taxID\":\"92140641900025\"}]}<\/script>\n<meta property=\"product:price:amount\" content=\"532.00\" \/>\n<meta property=\"product:price:currency\" content=\"EUR\" \/>\n<meta property=\"og:availability\" content=\"instock\" \/>\n<meta property=\"product:availability\" content=\"instock\" \/>\n<meta property=\"product:condition\" content=\"new\" \/>\n<!-- \/ Yoast SEO Premium plugin. -->","yoast_head_json":{"title":"Pr\u00e9sentoir produits de beaut\u00e9 Noah en bois et m\u00e9tal - Groupe Coiff","description":"Optez pour le pr\u00e9sentoir produits de beaut\u00e9 Noah et transformez votre espace. \u00c9l\u00e9gant et durable, il est id\u00e9al pour vos produits! \ud83c\udfa8","robots":{"index":"index","follow":"follow","max-snippet":"max-snippet:-1","max-image-preview":"max-image-preview:large","max-video-preview":"max-video-preview:-1"},"canonical":"https:\/\/groupecoiff.com\/en\/product-2\/presentoir-produits-de-beaute-noah\/","og_locale":"en_US","og_type":"article","og_title":"Pr\u00e9sentoir produits de Beaut\u00e9 Noah","og_description":"Optez pour le pr\u00e9sentoir produits de beaut\u00e9 Noah et transformez votre espace. \u00c9l\u00e9gant et durable, il est id\u00e9al pour vos produits! \ud83c\udfa8","og_url":"https:\/\/groupecoiff.com\/en\/product-2\/presentoir-produits-de-beaute-noah\/","og_site_name":"Groupe Coiff","article_publisher":"https:\/\/www.facebook.com\/GroupeCoiff","article_modified_time":"2026-01-24T13:49:40+00:00","og_image":[{"width":600,"height":600,"url":"https:\/\/groupecoiff.com\/wp-content\/uploads\/2024\/02\/Noah-4.webp","type":"image\/webp"}],"twitter_card":"summary_large_image","twitter_site":"@groupecoiff","twitter_misc":{"Price":"532,00&nbsp;&euro;","Availability":"In stock"},"schema":{"@context":"https:\/\/schema.org","@graph":[{"@type":"WebPage","@id":"https:\/\/groupecoiff.com\/en\/produit\/presentoir-produits-de-beaute-noah\/","url":"https:\/\/groupecoiff.com\/en\/produit\/presentoir-produits-de-beaute-noah\/","name":"Pr\u00e9sentoir produits de beaut\u00e9 Noah en bois et m\u00e9tal - Groupe Coiff","isPartOf":{"@id":"https:\/\/groupecoiff.com\/#website"},"primaryImageOfPage":{"@id":"https:\/\/groupecoiff.com\/en\/produit\/presentoir-produits-de-beaute-noah\/#primaryimage"},"image":{"@id":"https:\/\/groupecoiff.com\/en\/produit\/presentoir-produits-de-beaute-noah\/#primaryimage"},"thumbnailUrl":"https:\/\/groupecoiff.com\/wp-content\/uploads\/2024\/02\/Noah-4.webp","datePublished":"2024-02-11T14:04:28+00:00","dateModified":"2026-01-24T13:49:40+00:00","description":"Optez pour le pr\u00e9sentoir produits de beaut\u00e9 Noah et transformez votre espace. \u00c9l\u00e9gant et durable, il est id\u00e9al pour vos produits! \ud83c\udfa8","breadcrumb":{"@id":"https:\/\/groupecoiff.com\/en\/produit\/presentoir-produits-de-beaute-noah\/#breadcrumb"},"inLanguage":"en-US","potentialAction":[{"@type":"ReadAction","target":["https:\/\/groupecoiff.com\/en\/produit\/presentoir-produits-de-beaute-noah\/"]}]},{"@type":"ImageObject","inLanguage":"en-US","@id":"https:\/\/groupecoiff.com\/en\/produit\/presentoir-produits-de-beaute-noah\/#primaryimage","url":"https:\/\/groupecoiff.com\/wp-content\/uploads\/2024\/02\/Noah-4.webp","contentUrl":"https:\/\/groupecoiff.com\/wp-content\/uploads\/2024\/02\/Noah-4.webp","width":600,"height":600,"caption":"Pr\u00e9sentoir produits de beaut\u00e9 Noah - pr\u00e9sentoir de Salon de Coiffure Noah - mobilier de coiffure professionnel - Pr\u00e9sentoir produits de beaut\u00e9 Noah"},{"@type":"BreadcrumbList","@id":"https:\/\/groupecoiff.com\/en\/produit\/presentoir-produits-de-beaute-noah\/#breadcrumb","itemListElement":[{"@type":"ListItem","position":1,"name":"Accueil","item":"https:\/\/groupecoiff.com\/"},{"@type":"ListItem","position":2,"name":"Boutique","item":"https:\/\/groupecoiff.com\/en\/boutique\/"},{"@type":"ListItem","position":3,"name":"Pr\u00e9sentoir produits de Beaut\u00e9 Noah"}]},{"@type":"WebSite","@id":"https:\/\/groupecoiff.com\/#website","url":"https:\/\/groupecoiff.com\/","name":"Coiff Group","description":"Everything for the hairdresser","publisher":{"@id":"https:\/\/groupecoiff.com\/#organization"},"potentialAction":[{"@type":"SearchAction","target":{"@type":"EntryPoint","urlTemplate":"https:\/\/groupecoiff.com\/?s={search_term_string}"},"query-input":{"@type":"PropertyValueSpecification","valueRequired":true,"valueName":"search_term_string"}}],"inLanguage":"en-US"},{"@type":"Organization","@id":"https:\/\/groupecoiff.com\/#organization","name":"Coiff Group","alternateName":"Groupe Coiff : Le Mobilier De Coiffure Haut de Gamme Pour Une \u00c9l\u00e9gance In\u00e9gal\u00e9e","url":"https:\/\/groupecoiff.com\/","logo":{"@type":"ImageObject","inLanguage":"en-US","@id":"https:\/\/groupecoiff.com\/#\/schema\/logo\/image\/","url":"https:\/\/groupecoiff.com\/wp-content\/uploads\/2024\/01\/cropped-Groupe-Coiff-Logo.webp","contentUrl":"https:\/\/groupecoiff.com\/wp-content\/uploads\/2024\/01\/cropped-Groupe-Coiff-Logo.webp","width":512,"height":512,"caption":"Groupe Coiff"},"image":{"@id":"https:\/\/groupecoiff.com\/#\/schema\/logo\/image\/"},"sameAs":["https:\/\/www.facebook.com\/GroupeCoiff","https:\/\/x.com\/groupecoiff","https:\/\/www.instagram.com\/groupecoiff\/","https:\/\/www.tiktok.com\/@groupecoiff","https:\/\/www.youtube.com\/@groupecoiff","https:\/\/twitter.com\/groupecoiff","https:\/\/www.leboncoin.fr\/boutique\/3961302\/groupe_coiff.htm"],"description":"Discover Groupe Coiff's top-of-the-range hairdressing furniture, combining elegance and functionality to enhance your salon and satisfy your customers.","email":"contact@groupecoiff.com","telephone":"0676951605","legalName":"Groupe Coiff","foundingDate":"2022-11-16","vatID":"FR84921406419","taxID":"92140641900025"}]},"product_price_amount":"532.00","product_price_currency":"EUR","og_availability":"instock","product_availability":"instock","product_condition":"new"},"jetpack_publicize_connections":[],"jetpack_likes_enabled":true,"jetpack_sharing_enabled":true,"_links":{"self":[{"href":"https:\/\/groupecoiff.com\/en\/wp-json\/wp\/v2\/product\/31019","targetHints":{"allow":["GET"]}}],"collection":[{"href":"https:\/\/groupecoiff.com\/en\/wp-json\/wp\/v2\/product"}],"about":[{"href":"https:\/\/groupecoiff.com\/en\/wp-json\/wp\/v2\/types\/product"}],"replies":[{"embeddable":true,"href":"https:\/\/groupecoiff.com\/en\/wp-json\/wp\/v2\/comments?post=31019"}],"version-history":[{"count":2,"href":"https:\/\/groupecoiff.com\/en\/wp-json\/wp\/v2\/product\/31019\/revisions"}],"predecessor-version":[{"id":49079,"href":"https:\/\/groupecoiff.com\/en\/wp-json\/wp\/v2\/product\/31019\/revisions\/49079"}],"wp:featuredmedia":[{"embeddable":true,"href":"https:\/\/groupecoiff.com\/en\/wp-json\/wp\/v2\/media\/49083"}],"wp:attachment":[{"href":"https:\/\/groupecoiff.com\/en\/wp-json\/wp\/v2\/media?parent=31019"}],"wp:term":[{"taxonomy":"product_brand","embeddable":true,"href":"https:\/\/groupecoiff.com\/en\/wp-json\/wp\/v2\/product_brand?post=31019"},{"taxonomy":"product_cat","embeddable":true,"href":"https:\/\/groupecoiff.com\/en\/wp-json\/wp\/v2\/product_cat?post=31019"},{"taxonomy":"product_tag","embeddable":true,"href":"https:\/\/groupecoiff.com\/en\/wp-json\/wp\/v2\/product_tag?post=31019"}],"curies":[{"name":"wp","href":"https:\/\/api.w.org\/{rel}","templated":true}]}}