{"id":31067,"date":"2024-02-13T19:57:00","date_gmt":"2024-02-13T18:57:00","guid":{"rendered":"https:\/\/groupecoiff.com\/?post_type=product&#038;p=31067"},"modified":"2025-11-12T13:01:35","modified_gmt":"2025-11-12T12:01:35","slug":"bac-de-lavage-electrique-yannik-be","status":"publish","type":"product","link":"https:\/\/groupecoiff.com\/en\/produit\/bac-de-lavage-electrique-yannik-be\/","title":{"rendered":"Yannik BE Electric Shampoo Bowl"},"content":{"rendered":"<div class=\"flex-1 overflow-hidden\">\n<div class=\"react-scroll-to-bottom--css-vbjjf-79elbk h-full\">\n<div class=\"react-scroll-to-bottom--css-vbjjf-1n7m0yu\">\n<div class=\"flex flex-col text-sm pb-9\">\n<div class=\"w-full text-token-text-primary\" dir=\"auto\" data-testid=\"conversation-turn-109\" data-scroll-anchor=\"true\">\n<div class=\"py-2 px-3 text-base md:px-4 m-auto md:px-5 lg:px-1 xl:px-5\">\n<div class=\"mx-auto flex flex-1 gap-3 text-base juice:gap-4 juice:md:gap-6 md:max-w-3xl lg:max-w-[40rem] xl:max-w-[48rem]\">\n<div class=\"relative flex w-full min-w-0 flex-col agent-turn\">\n<div class=\"flex-col gap-1 md:gap-3\">\n<div class=\"flex flex-grow flex-col max-w-full\">\n<div class=\"min-h-[20px] text-message flex flex-col items-start whitespace-pre-wrap break-words [.text-message+&amp;]:mt-5 overflow-x-auto gap-3\" dir=\"auto\" data-message-author-role=\"assistant\" data-message-id=\"d0d93e77-8962-42c7-a61b-711bff70e09b\">\n<div class=\"markdown prose w-full break-words dark:prose-invert light\">\n<ul>\n<li>\n<h3><strong>Bac \u00e0 Shampoing \u00c9lectrique Yannik BE pour un Salon de Coiffure Professionnel<\/strong><\/h3>\n<\/li>\n<\/ul>\n<p>Le Bac \u00e0 Shampoing \u00c9lectrique Yannik BE est l&rsquo;accessoire incontournable pour tout salon de coiffure. Avec son design \u00e9l\u00e9gant en noir, il offre une exp\u00e9rience de lavage de luxe.<\/p>\n<ul>\n<li><strong>Confort et Ergonomie Avanc\u00e9s<\/strong><\/li>\n<\/ul>\n<ol>\n<li>Avec un r\u00e9glage \u00e9lectrique de la vasque, du repose-pieds et du si\u00e8ge pour un confort optimal.<\/li>\n<li>Inclinaison du si\u00e8ge et du repose-pieds est ajustable simultan\u00e9ment pour une relaxation totale.<\/li>\n<li>Pr\u00e9sence d&rsquo;un rangement et d&rsquo;un comptoir en bois pour plus de praticit\u00e9.<\/li>\n<\/ol>\n<ul>\n<li><strong>Sp\u00e9cifications Techniques du Bac de lavage Yannik BE<\/strong><\/li>\n<\/ul>\n<ol>\n<li>La structure robuste en m\u00e9tal galvanis\u00e9 assure une durabilit\u00e9 accrue.<\/li>\n<li>Son rev\u00eatement en PVC ignifuge garantissant la s\u00e9curit\u00e9 des clients.<\/li>\n<li>Le support en c\u00e9ramique en acier inoxydable assure une hygi\u00e8ne impeccable.<\/li>\n<li>Dimensions : 98,5&#215;123-156&#215;65,5 cm<\/li>\n<li>Poids : 58,5 kg<\/li>\n<\/ol>\n<ul>\n<li><strong>Conception et S\u00e9curit\u00e9 de Premier Ordre<\/strong><\/li>\n<\/ul>\n<p>La tapisserie en poly-cuir PVC retardateur de feu assure s\u00e9curit\u00e9 et durabilit\u00e9, avec une certification REACH pour l&rsquo;absence de substances nocives. De plus, la mousse \u00e0 densit\u00e9 \u00e9lev\u00e9e offre un confort in\u00e9gal\u00e9, tandis que la vasque en c\u00e9ramique mont\u00e9e sur un m\u00e9canisme basculant simplifie le nettoyage et l&rsquo;entretien.<\/p>\n<ul>\n<li><strong>Exp\u00e9rience Relaxante et Pratique du Bac de lavage \u00e9lectrique Yannik BE<\/strong><\/li>\n<\/ul>\n<p>Le bac \u00e0 shampoing \u00e9lectrique Yannik BE est \u00e9quip\u00e9 d&rsquo;un repose-pieds r\u00e9glable via un moteur, garantissant une exp\u00e9rience relaxante pour les clients. De plus, la t\u00e9l\u00e9commande int\u00e9gr\u00e9e facilite son utilisation, permettant un contr\u00f4le facile et pratique.<\/p>\n<p>Investissez dans ce mobilier de coiffure professionnel et D\u00e9marquez-vous d\u00e8s aujourd&rsquo;hui.<\/p>\n<p>&nbsp;<\/p>\n<\/div>\n<\/div>\n<\/div>\n<\/div>\n<\/div>\n<\/div>\n<\/div>\n<\/div>\n<\/div>\n<\/div>\n<\/div>\n<\/div>\n<h5 style=\"text-align: center;\"><span style=\"color: #808000;\"><a style=\"color: #808000;\" href=\"https:\/\/groupecoiff.com\/wp-content\/uploads\/2024\/02\/Fiche-technique-5.pdf\">Fiche technique YANNIK BE<\/a><\/span><\/h5>\n","protected":false},"excerpt":{"rendered":"<p>Offrez \u00e0 vos clients une exp\u00e9rience de luxe avec le Bac de Lavage \u00c9lectrique Yannik BE. Son design \u00e9l\u00e9gant et son confort optimal n&rsquo;attendent que vous !<\/p>","protected":false},"featured_media":47901,"comment_status":"open","ping_status":"closed","template":"","meta":{"googlesitekit_rrm_CAow0YCiDA:productID":"","jetpack_post_was_ever_published":false,"jetpack_publicize_message":"","jetpack_publicize_feature_enabled":true,"jetpack_social_post_already_shared":true,"jetpack_social_options":{"image_generator_settings":{"template":"highway","default_image_id":0,"font":"","enabled":false},"version":2}},"product_brand":[575],"product_cat":[44,313],"product_tag":[499,322,324,125],"class_list":{"0":"post-31067","1":"product","2":"type-product","3":"status-publish","4":"has-post-thumbnail","6":"product_brand-mirplay","7":"product_cat-bac-de-lavage","8":"product_cat-meuble-de-coiffure","9":"product_tag-bac-a-shampoing-electrique","10":"product_tag-bac-de-lavage","11":"product_tag-meuble-de-coiffure-professionnel","12":"product_tag-salon-de-coiffure","14":"first","15":"instock","16":"featured","17":"taxable","18":"shipping-taxable","19":"purchasable","20":"product-type-variable"},"yoast_head":"<!-- This site is optimized with the Yoast SEO Premium plugin v27.4 (Yoast SEO v27.4) - https:\/\/yoast.com\/product\/yoast-seo-premium-wordpress\/ -->\n<title>Bac de Lavage \u00c9lectrique Yannik BE: Luxe et Confort - Groupe Coiff<\/title>\n<meta name=\"description\" content=\"Transformez votre salon avec le Bac de Lavage \u00c9lectrique Yannik BE, alliant confort et ergonomie. D\u00e9couvrez le lavage comme jamais auparavant ! \u2728\" \/>\n<meta name=\"robots\" content=\"index, follow, max-snippet:-1, max-image-preview:large, max-video-preview:-1\" \/>\n<link rel=\"canonical\" href=\"https:\/\/groupecoiff.com\/en\/product-2\/bac-de-lavage-electrique-yannik-be\/\" \/>\n<meta property=\"og:locale\" content=\"en_US\" \/>\n<meta property=\"og:type\" content=\"article\" \/>\n<meta property=\"og:title\" content=\"Bac de Lavage \u00c9lectrique Yannik BE\" \/>\n<meta property=\"og:description\" content=\"Transformez votre salon avec le Bac de Lavage \u00c9lectrique Yannik BE, alliant confort et ergonomie. D\u00e9couvrez le lavage comme jamais auparavant ! \u2728\" \/>\n<meta property=\"og:url\" content=\"https:\/\/groupecoiff.com\/en\/product-2\/bac-de-lavage-electrique-yannik-be\/\" \/>\n<meta property=\"og:site_name\" content=\"Groupe Coiff\" \/>\n<meta property=\"article:publisher\" content=\"https:\/\/www.facebook.com\/GroupeCoiff\" \/>\n<meta property=\"article:modified_time\" content=\"2025-11-12T12:01:35+00:00\" \/>\n<meta property=\"og:image\" content=\"https:\/\/groupecoiff.com\/wp-content\/uploads\/2024\/02\/Yannik-BE-2.webp\" \/>\n\t<meta property=\"og:image:width\" content=\"600\" \/>\n\t<meta property=\"og:image:height\" content=\"600\" \/>\n\t<meta property=\"og:image:type\" content=\"image\/webp\" \/>\n<meta name=\"twitter:card\" content=\"summary_large_image\" \/>\n<meta name=\"twitter:site\" content=\"@groupecoiff\" \/>\n<meta name=\"twitter:label1\" content=\"Availability\" \/>\n\t<meta name=\"twitter:data1\" content=\"In stock\" \/>\n<script type=\"application\/ld+json\" class=\"yoast-schema-graph\">{\"@context\":\"https:\\\/\\\/schema.org\",\"@graph\":[{\"@type\":\"WebPage\",\"@id\":\"https:\\\/\\\/groupecoiff.com\\\/produit\\\/bac-de-lavage-electrique-yannik-be\\\/\",\"url\":\"https:\\\/\\\/groupecoiff.com\\\/produit\\\/bac-de-lavage-electrique-yannik-be\\\/\",\"name\":\"Bac de Lavage \u00c9lectrique Yannik BE: Luxe et Confort - Groupe Coiff\",\"isPartOf\":{\"@id\":\"https:\\\/\\\/groupecoiff.com\\\/#website\"},\"primaryImageOfPage\":{\"@id\":\"https:\\\/\\\/groupecoiff.com\\\/produit\\\/bac-de-lavage-electrique-yannik-be\\\/#primaryimage\"},\"image\":{\"@id\":\"https:\\\/\\\/groupecoiff.com\\\/produit\\\/bac-de-lavage-electrique-yannik-be\\\/#primaryimage\"},\"thumbnailUrl\":\"https:\\\/\\\/groupecoiff.com\\\/wp-content\\\/uploads\\\/2024\\\/02\\\/Yannik-BE-2.webp\",\"datePublished\":\"2024-02-13T18:57:00+00:00\",\"dateModified\":\"2025-11-12T12:01:35+00:00\",\"description\":\"Transformez votre salon avec le Bac de Lavage \u00c9lectrique Yannik BE, alliant confort et ergonomie. D\u00e9couvrez le lavage comme jamais auparavant ! \u2728\",\"breadcrumb\":{\"@id\":\"https:\\\/\\\/groupecoiff.com\\\/produit\\\/bac-de-lavage-electrique-yannik-be\\\/#breadcrumb\"},\"inLanguage\":\"en-US\",\"potentialAction\":[{\"@type\":\"ReadAction\",\"target\":[\"https:\\\/\\\/groupecoiff.com\\\/produit\\\/bac-de-lavage-electrique-yannik-be\\\/\"]}]},{\"@type\":\"ImageObject\",\"inLanguage\":\"en-US\",\"@id\":\"https:\\\/\\\/groupecoiff.com\\\/produit\\\/bac-de-lavage-electrique-yannik-be\\\/#primaryimage\",\"url\":\"https:\\\/\\\/groupecoiff.com\\\/wp-content\\\/uploads\\\/2024\\\/02\\\/Yannik-BE-2.webp\",\"contentUrl\":\"https:\\\/\\\/groupecoiff.com\\\/wp-content\\\/uploads\\\/2024\\\/02\\\/Yannik-BE-2.webp\",\"width\":600,\"height\":600,\"caption\":\"Bac \u00e0 Shampooing \u00c9lectrique Yannik BE - Bac de lavage \u00c9lectrique Yannik BE - Bac de Lavage pour salon de coiffure - Bac \u00e0 Shampooing pour salon de coiffure - Mobilier de Coiffure Professionnel\"},{\"@type\":\"BreadcrumbList\",\"@id\":\"https:\\\/\\\/groupecoiff.com\\\/produit\\\/bac-de-lavage-electrique-yannik-be\\\/#breadcrumb\",\"itemListElement\":[{\"@type\":\"ListItem\",\"position\":1,\"name\":\"Accueil\",\"item\":\"https:\\\/\\\/groupecoiff.com\\\/\"},{\"@type\":\"ListItem\",\"position\":2,\"name\":\"Boutique\",\"item\":\"https:\\\/\\\/groupecoiff.com\\\/boutique\\\/\"},{\"@type\":\"ListItem\",\"position\":3,\"name\":\"Bac de Lavage \u00c9lectrique Yannik BE\"}]},{\"@type\":\"WebSite\",\"@id\":\"https:\\\/\\\/groupecoiff.com\\\/#website\",\"url\":\"https:\\\/\\\/groupecoiff.com\\\/\",\"name\":\"Groupe Coiff\",\"description\":\"Tout pour la coiffure\",\"publisher\":{\"@id\":\"https:\\\/\\\/groupecoiff.com\\\/#organization\"},\"potentialAction\":[{\"@type\":\"SearchAction\",\"target\":{\"@type\":\"EntryPoint\",\"urlTemplate\":\"https:\\\/\\\/groupecoiff.com\\\/?s={search_term_string}\"},\"query-input\":{\"@type\":\"PropertyValueSpecification\",\"valueRequired\":true,\"valueName\":\"search_term_string\"}}],\"inLanguage\":\"en-US\"},{\"@type\":\"Organization\",\"@id\":\"https:\\\/\\\/groupecoiff.com\\\/#organization\",\"name\":\"Groupe Coiff\",\"alternateName\":\"Groupe Coiff : Le Mobilier De Coiffure Haut de Gamme Pour Une \u00c9l\u00e9gance In\u00e9gal\u00e9e\",\"url\":\"https:\\\/\\\/groupecoiff.com\\\/\",\"logo\":{\"@type\":\"ImageObject\",\"inLanguage\":\"en-US\",\"@id\":\"https:\\\/\\\/groupecoiff.com\\\/#\\\/schema\\\/logo\\\/image\\\/\",\"url\":\"https:\\\/\\\/groupecoiff.com\\\/wp-content\\\/uploads\\\/2024\\\/01\\\/cropped-Groupe-Coiff-Logo.webp\",\"contentUrl\":\"https:\\\/\\\/groupecoiff.com\\\/wp-content\\\/uploads\\\/2024\\\/01\\\/cropped-Groupe-Coiff-Logo.webp\",\"width\":512,\"height\":512,\"caption\":\"Groupe Coiff\"},\"image\":{\"@id\":\"https:\\\/\\\/groupecoiff.com\\\/#\\\/schema\\\/logo\\\/image\\\/\"},\"sameAs\":[\"https:\\\/\\\/www.facebook.com\\\/GroupeCoiff\",\"https:\\\/\\\/x.com\\\/groupecoiff\",\"https:\\\/\\\/www.instagram.com\\\/groupecoiff\\\/\",\"https:\\\/\\\/www.tiktok.com\\\/@groupecoiff\",\"https:\\\/\\\/www.youtube.com\\\/@groupecoiff\",\"https:\\\/\\\/twitter.com\\\/groupecoiff\",\"https:\\\/\\\/www.leboncoin.fr\\\/boutique\\\/3961302\\\/groupe_coiff.htm\"],\"description\":\"D\u00e9couvrez le mobilier de coiffure haut de gamme de Groupe Coiff, alliant \u00e9l\u00e9gance et fonctionnalit\u00e9 pour sublimer votre salon et satisfaire vos clients.\",\"email\":\"contact@groupecoiff.com\",\"telephone\":\"0676951605\",\"legalName\":\"Groupe Coiff\",\"foundingDate\":\"2022-11-16\",\"vatID\":\"FR84921406419\",\"taxID\":\"92140641900025\"}]}<\/script>\n<meta property=\"og:availability\" content=\"instock\" \/>\n<meta property=\"product:availability\" content=\"instock\" \/>\n<meta property=\"product:condition\" content=\"new\" \/>\n<!-- \/ Yoast SEO Premium plugin. -->","yoast_head_json":{"title":"Bac de Lavage \u00c9lectrique Yannik BE: Luxe et Confort - Groupe Coiff","description":"Transformez votre salon avec le Bac de Lavage \u00c9lectrique Yannik BE, alliant confort et ergonomie. D\u00e9couvrez le lavage comme jamais auparavant ! \u2728","robots":{"index":"index","follow":"follow","max-snippet":"max-snippet:-1","max-image-preview":"max-image-preview:large","max-video-preview":"max-video-preview:-1"},"canonical":"https:\/\/groupecoiff.com\/en\/product-2\/bac-de-lavage-electrique-yannik-be\/","og_locale":"en_US","og_type":"article","og_title":"Bac de Lavage \u00c9lectrique Yannik BE","og_description":"Transformez votre salon avec le Bac de Lavage \u00c9lectrique Yannik BE, alliant confort et ergonomie. D\u00e9couvrez le lavage comme jamais auparavant ! \u2728","og_url":"https:\/\/groupecoiff.com\/en\/product-2\/bac-de-lavage-electrique-yannik-be\/","og_site_name":"Groupe Coiff","article_publisher":"https:\/\/www.facebook.com\/GroupeCoiff","article_modified_time":"2025-11-12T12:01:35+00:00","og_image":[{"width":600,"height":600,"url":"https:\/\/groupecoiff.com\/wp-content\/uploads\/2024\/02\/Yannik-BE-2.webp","type":"image\/webp"}],"twitter_card":"summary_large_image","twitter_site":"@groupecoiff","twitter_misc":{"Availability":"In stock"},"schema":{"@context":"https:\/\/schema.org","@graph":[{"@type":"WebPage","@id":"https:\/\/groupecoiff.com\/produit\/bac-de-lavage-electrique-yannik-be\/","url":"https:\/\/groupecoiff.com\/produit\/bac-de-lavage-electrique-yannik-be\/","name":"Bac de Lavage \u00c9lectrique Yannik BE: Luxe et Confort - Groupe Coiff","isPartOf":{"@id":"https:\/\/groupecoiff.com\/#website"},"primaryImageOfPage":{"@id":"https:\/\/groupecoiff.com\/produit\/bac-de-lavage-electrique-yannik-be\/#primaryimage"},"image":{"@id":"https:\/\/groupecoiff.com\/produit\/bac-de-lavage-electrique-yannik-be\/#primaryimage"},"thumbnailUrl":"https:\/\/groupecoiff.com\/wp-content\/uploads\/2024\/02\/Yannik-BE-2.webp","datePublished":"2024-02-13T18:57:00+00:00","dateModified":"2025-11-12T12:01:35+00:00","description":"Transformez votre salon avec le Bac de Lavage \u00c9lectrique Yannik BE, alliant confort et ergonomie. D\u00e9couvrez le lavage comme jamais auparavant ! \u2728","breadcrumb":{"@id":"https:\/\/groupecoiff.com\/produit\/bac-de-lavage-electrique-yannik-be\/#breadcrumb"},"inLanguage":"en-US","potentialAction":[{"@type":"ReadAction","target":["https:\/\/groupecoiff.com\/produit\/bac-de-lavage-electrique-yannik-be\/"]}]},{"@type":"ImageObject","inLanguage":"en-US","@id":"https:\/\/groupecoiff.com\/produit\/bac-de-lavage-electrique-yannik-be\/#primaryimage","url":"https:\/\/groupecoiff.com\/wp-content\/uploads\/2024\/02\/Yannik-BE-2.webp","contentUrl":"https:\/\/groupecoiff.com\/wp-content\/uploads\/2024\/02\/Yannik-BE-2.webp","width":600,"height":600,"caption":"Bac \u00e0 Shampooing \u00c9lectrique Yannik BE - Bac de lavage \u00c9lectrique Yannik BE - Bac de Lavage pour salon de coiffure - Bac \u00e0 Shampooing pour salon de coiffure - Mobilier de Coiffure Professionnel"},{"@type":"BreadcrumbList","@id":"https:\/\/groupecoiff.com\/produit\/bac-de-lavage-electrique-yannik-be\/#breadcrumb","itemListElement":[{"@type":"ListItem","position":1,"name":"Accueil","item":"https:\/\/groupecoiff.com\/"},{"@type":"ListItem","position":2,"name":"Boutique","item":"https:\/\/groupecoiff.com\/boutique\/"},{"@type":"ListItem","position":3,"name":"Bac de Lavage \u00c9lectrique Yannik BE"}]},{"@type":"WebSite","@id":"https:\/\/groupecoiff.com\/#website","url":"https:\/\/groupecoiff.com\/","name":"Coiff Group","description":"Everything for the hairdresser","publisher":{"@id":"https:\/\/groupecoiff.com\/#organization"},"potentialAction":[{"@type":"SearchAction","target":{"@type":"EntryPoint","urlTemplate":"https:\/\/groupecoiff.com\/?s={search_term_string}"},"query-input":{"@type":"PropertyValueSpecification","valueRequired":true,"valueName":"search_term_string"}}],"inLanguage":"en-US"},{"@type":"Organization","@id":"https:\/\/groupecoiff.com\/#organization","name":"Coiff Group","alternateName":"Groupe Coiff : Le Mobilier De Coiffure Haut de Gamme Pour Une \u00c9l\u00e9gance In\u00e9gal\u00e9e","url":"https:\/\/groupecoiff.com\/","logo":{"@type":"ImageObject","inLanguage":"en-US","@id":"https:\/\/groupecoiff.com\/#\/schema\/logo\/image\/","url":"https:\/\/groupecoiff.com\/wp-content\/uploads\/2024\/01\/cropped-Groupe-Coiff-Logo.webp","contentUrl":"https:\/\/groupecoiff.com\/wp-content\/uploads\/2024\/01\/cropped-Groupe-Coiff-Logo.webp","width":512,"height":512,"caption":"Groupe Coiff"},"image":{"@id":"https:\/\/groupecoiff.com\/#\/schema\/logo\/image\/"},"sameAs":["https:\/\/www.facebook.com\/GroupeCoiff","https:\/\/x.com\/groupecoiff","https:\/\/www.instagram.com\/groupecoiff\/","https:\/\/www.tiktok.com\/@groupecoiff","https:\/\/www.youtube.com\/@groupecoiff","https:\/\/twitter.com\/groupecoiff","https:\/\/www.leboncoin.fr\/boutique\/3961302\/groupe_coiff.htm"],"description":"Discover Groupe Coiff's top-of-the-range hairdressing furniture, combining elegance and functionality to enhance your salon and satisfy your customers.","email":"contact@groupecoiff.com","telephone":"0676951605","legalName":"Groupe Coiff","foundingDate":"2022-11-16","vatID":"FR84921406419","taxID":"92140641900025"}]},"og_availability":"instock","product_availability":"instock","product_condition":"new"},"jetpack_publicize_connections":[],"jetpack_likes_enabled":true,"jetpack_sharing_enabled":true,"_links":{"self":[{"href":"https:\/\/groupecoiff.com\/en\/wp-json\/wp\/v2\/product\/31067","targetHints":{"allow":["GET"]}}],"collection":[{"href":"https:\/\/groupecoiff.com\/en\/wp-json\/wp\/v2\/product"}],"about":[{"href":"https:\/\/groupecoiff.com\/en\/wp-json\/wp\/v2\/types\/product"}],"replies":[{"embeddable":true,"href":"https:\/\/groupecoiff.com\/en\/wp-json\/wp\/v2\/comments?post=31067"}],"version-history":[{"count":0,"href":"https:\/\/groupecoiff.com\/en\/wp-json\/wp\/v2\/product\/31067\/revisions"}],"wp:featuredmedia":[{"embeddable":true,"href":"https:\/\/groupecoiff.com\/en\/wp-json\/wp\/v2\/media\/47901"}],"wp:attachment":[{"href":"https:\/\/groupecoiff.com\/en\/wp-json\/wp\/v2\/media?parent=31067"}],"wp:term":[{"taxonomy":"product_brand","embeddable":true,"href":"https:\/\/groupecoiff.com\/en\/wp-json\/wp\/v2\/product_brand?post=31067"},{"taxonomy":"product_cat","embeddable":true,"href":"https:\/\/groupecoiff.com\/en\/wp-json\/wp\/v2\/product_cat?post=31067"},{"taxonomy":"product_tag","embeddable":true,"href":"https:\/\/groupecoiff.com\/en\/wp-json\/wp\/v2\/product_tag?post=31067"}],"curies":[{"name":"wp","href":"https:\/\/api.w.org\/{rel}","templated":true}]}}