{"id":31222,"date":"2024-02-20T09:01:58","date_gmt":"2024-02-20T08:01:58","guid":{"rendered":"https:\/\/groupecoiff.com\/?post_type=product&#038;p=31222"},"modified":"2024-05-08T16:44:28","modified_gmt":"2024-05-08T14:44:28","slug":"coiffeuse-barbier-patrick-b","status":"publish","type":"product","link":"https:\/\/groupecoiff.com\/en\/produit\/coiffeuse-barbier-patrick-b\/","title":{"rendered":"Patrick B Barber Station"},"content":{"rendered":"<ul>\n<li><strong>Discover the Patrick B Barber Station: Your Ally for Impeccable Styling<\/strong><\/li>\n<\/ul>\n<p><strong>A Superior Quality Styling Station<\/strong><\/p>\n<ul>\n<li><strong>Robust and Aesthetic Design<\/strong><\/li>\n<\/ul>\n<p>The Patrick B styling station is an ideal choice for styling professionals. Made from high-density particle board, it ensures durability and elegance. Its white melamine coating brings a touch of brightness to your space. Its professional mirror with polished edge ensures a flawless image.<\/p>\n<ul>\n<li><strong>High-End Professional Hair Salon Furniture<\/strong><\/li>\n<\/ul>\n<p>Investissez dans la qualit\u00e9 avec le mobilier Patrick B. Son p\u00e9rim\u00e8tre en acier inoxydable offre une solidit\u00e9 \u00e0 toute \u00e9preuve. L\u2019\u00e9tag\u00e8re en acier inoxydable, pratique pour le rangement, compl\u00e8te cet ensemble sophistiqu\u00e9. Livr\u00e9 avec un kit d\u2019installation complet dans une bo\u00eete individuelle en carton.<\/p>\n<p><strong>Caract\u00e9ristiques Techniques :<\/strong><\/p>\n<ul>\n<li>Mat\u00e9riau : panneau de particules haute densit\u00e9<\/li>\n<li>Coating: white melamine<\/li>\n<li>Mirror: polished edge<\/li>\n<li>Perimeter: stainless steel<\/li>\n<li>Shelf: stainless steel<\/li>\n<li>Installation kit included<\/li>\n<\/ul>","protected":false},"excerpt":{"rendered":"<p>Choose the Patrick B Barber Station for an impeccable image. Its professional hairdressing mirror with polished edges guarantees you a perfect image.<\/p>","protected":false},"featured_media":31225,"comment_status":"open","ping_status":"closed","template":"","meta":{"googlesitekit_rrm_CAow0YCiDA:productID":"","jetpack_post_was_ever_published":false,"jetpack_publicize_message":"","jetpack_publicize_feature_enabled":true,"jetpack_social_post_already_shared":true,"jetpack_social_options":{"image_generator_settings":{"template":"highway","default_image_id":0,"font":"","enabled":false},"version":2}},"product_brand":[],"product_cat":[313,48],"product_tag":[],"class_list":{"0":"post-31222","1":"product","2":"type-product","3":"status-publish","4":"has-post-thumbnail","6":"product_cat-meuble-de-coiffure","7":"product_cat-poste-de-coiffage-professionnel","9":"first","10":"instock","11":"featured","12":"taxable","13":"shipping-taxable","14":"purchasable","15":"product-type-simple"},"yoast_head":"<!-- This site is optimized with the Yoast SEO Premium plugin v27.4 (Yoast SEO v27.4) - https:\/\/yoast.com\/product\/yoast-seo-premium-wordpress\/ -->\n<title>Coiffeuse Barbier Patrick B: L&#039;essence du stylisme professionnel - Groupe Coiff<\/title>\n<meta name=\"description\" content=\"Offrez-vous une exp\u00e9rience de coiffage professionnelle avec la Coiffeuse Barbier Patrick B. Durabilit\u00e9, \u00e9l\u00e9gance et image impeccable garantis\ud83d\udcaa\" \/>\n<meta name=\"robots\" content=\"index, follow, max-snippet:-1, max-image-preview:large, max-video-preview:-1\" \/>\n<link rel=\"canonical\" href=\"https:\/\/groupecoiff.com\/en\/product-2\/coiffeuse-barbier-patrick-b\/\" \/>\n<meta property=\"og:locale\" content=\"en_US\" \/>\n<meta property=\"og:type\" content=\"article\" \/>\n<meta property=\"og:title\" content=\"Coiffeuse Barbier Patrick B\" \/>\n<meta property=\"og:description\" content=\"Offrez-vous une exp\u00e9rience de coiffage professionnelle avec la Coiffeuse Barbier Patrick B. Durabilit\u00e9, \u00e9l\u00e9gance et image impeccable garantis\ud83d\udcaa\" \/>\n<meta property=\"og:url\" content=\"https:\/\/groupecoiff.com\/en\/product-2\/coiffeuse-barbier-patrick-b\/\" \/>\n<meta property=\"og:site_name\" content=\"Groupe Coiff\" \/>\n<meta property=\"article:publisher\" content=\"https:\/\/www.facebook.com\/GroupeCoiff\" \/>\n<meta property=\"article:modified_time\" content=\"2024-05-08T14:44:28+00:00\" \/>\n<meta property=\"og:image\" content=\"https:\/\/groupecoiff.com\/wp-content\/uploads\/2024\/02\/Coiffeuse-Barbier-Patrick-B-1.png\" \/>\n\t<meta property=\"og:image:width\" content=\"1080\" \/>\n\t<meta property=\"og:image:height\" content=\"1080\" \/>\n\t<meta property=\"og:image:type\" content=\"image\/png\" \/>\n<meta name=\"twitter:card\" content=\"summary_large_image\" \/>\n<meta name=\"twitter:site\" content=\"@groupecoiff\" \/>\n<meta name=\"twitter:label1\" content=\"Price\" \/>\n\t<meta name=\"twitter:data1\" content=\"349,00&nbsp;&euro;\" \/>\n\t<meta name=\"twitter:label2\" content=\"Availability\" \/>\n\t<meta name=\"twitter:data2\" content=\"In stock\" \/>\n<script type=\"application\/ld+json\" class=\"yoast-schema-graph\">{\"@context\":\"https:\\\/\\\/schema.org\",\"@graph\":[{\"@type\":\"WebPage\",\"@id\":\"https:\\\/\\\/groupecoiff.com\\\/produit\\\/coiffeuse-barbier-patrick-b\\\/\",\"url\":\"https:\\\/\\\/groupecoiff.com\\\/produit\\\/coiffeuse-barbier-patrick-b\\\/\",\"name\":\"Coiffeuse Barbier Patrick B: L'essence du stylisme professionnel - Groupe Coiff\",\"isPartOf\":{\"@id\":\"https:\\\/\\\/groupecoiff.com\\\/#website\"},\"primaryImageOfPage\":{\"@id\":\"https:\\\/\\\/groupecoiff.com\\\/produit\\\/coiffeuse-barbier-patrick-b\\\/#primaryimage\"},\"image\":{\"@id\":\"https:\\\/\\\/groupecoiff.com\\\/produit\\\/coiffeuse-barbier-patrick-b\\\/#primaryimage\"},\"thumbnailUrl\":\"https:\\\/\\\/groupecoiff.com\\\/wp-content\\\/uploads\\\/2024\\\/02\\\/Coiffeuse-Barbier-Patrick-B-1.png\",\"datePublished\":\"2024-02-20T08:01:58+00:00\",\"dateModified\":\"2024-05-08T14:44:28+00:00\",\"description\":\"Offrez-vous une exp\u00e9rience de coiffage professionnelle avec la Coiffeuse Barbier Patrick B. Durabilit\u00e9, \u00e9l\u00e9gance et image impeccable garantis\ud83d\udcaa\",\"breadcrumb\":{\"@id\":\"https:\\\/\\\/groupecoiff.com\\\/produit\\\/coiffeuse-barbier-patrick-b\\\/#breadcrumb\"},\"inLanguage\":\"en-US\",\"potentialAction\":[{\"@type\":\"ReadAction\",\"target\":[\"https:\\\/\\\/groupecoiff.com\\\/produit\\\/coiffeuse-barbier-patrick-b\\\/\"]}]},{\"@type\":\"ImageObject\",\"inLanguage\":\"en-US\",\"@id\":\"https:\\\/\\\/groupecoiff.com\\\/produit\\\/coiffeuse-barbier-patrick-b\\\/#primaryimage\",\"url\":\"https:\\\/\\\/groupecoiff.com\\\/wp-content\\\/uploads\\\/2024\\\/02\\\/Coiffeuse-Barbier-Patrick-B-1.png\",\"contentUrl\":\"https:\\\/\\\/groupecoiff.com\\\/wp-content\\\/uploads\\\/2024\\\/02\\\/Coiffeuse-Barbier-Patrick-B-1.png\",\"width\":1080,\"height\":1080,\"caption\":\"Coiffeuse Barbier Patrick B - Miroir de coiffure professionnel Patrick B - Poste de coiffage barbier Patrick B - Mobilier de coiffure professionnel\"},{\"@type\":\"BreadcrumbList\",\"@id\":\"https:\\\/\\\/groupecoiff.com\\\/produit\\\/coiffeuse-barbier-patrick-b\\\/#breadcrumb\",\"itemListElement\":[{\"@type\":\"ListItem\",\"position\":1,\"name\":\"Accueil\",\"item\":\"https:\\\/\\\/groupecoiff.com\\\/\"},{\"@type\":\"ListItem\",\"position\":2,\"name\":\"Boutique\",\"item\":\"https:\\\/\\\/groupecoiff.com\\\/boutique\\\/\"},{\"@type\":\"ListItem\",\"position\":3,\"name\":\"Coiffeuse Barbier Patrick B\"}]},{\"@type\":\"WebSite\",\"@id\":\"https:\\\/\\\/groupecoiff.com\\\/#website\",\"url\":\"https:\\\/\\\/groupecoiff.com\\\/\",\"name\":\"Groupe Coiff\",\"description\":\"Tout pour la coiffure\",\"publisher\":{\"@id\":\"https:\\\/\\\/groupecoiff.com\\\/#organization\"},\"potentialAction\":[{\"@type\":\"SearchAction\",\"target\":{\"@type\":\"EntryPoint\",\"urlTemplate\":\"https:\\\/\\\/groupecoiff.com\\\/?s={search_term_string}\"},\"query-input\":{\"@type\":\"PropertyValueSpecification\",\"valueRequired\":true,\"valueName\":\"search_term_string\"}}],\"inLanguage\":\"en-US\"},{\"@type\":\"Organization\",\"@id\":\"https:\\\/\\\/groupecoiff.com\\\/#organization\",\"name\":\"Groupe Coiff\",\"alternateName\":\"Groupe Coiff : Le Mobilier De Coiffure Haut de Gamme Pour Une \u00c9l\u00e9gance In\u00e9gal\u00e9e\",\"url\":\"https:\\\/\\\/groupecoiff.com\\\/\",\"logo\":{\"@type\":\"ImageObject\",\"inLanguage\":\"en-US\",\"@id\":\"https:\\\/\\\/groupecoiff.com\\\/#\\\/schema\\\/logo\\\/image\\\/\",\"url\":\"https:\\\/\\\/groupecoiff.com\\\/wp-content\\\/uploads\\\/2024\\\/01\\\/cropped-Groupe-Coiff-Logo.webp\",\"contentUrl\":\"https:\\\/\\\/groupecoiff.com\\\/wp-content\\\/uploads\\\/2024\\\/01\\\/cropped-Groupe-Coiff-Logo.webp\",\"width\":512,\"height\":512,\"caption\":\"Groupe Coiff\"},\"image\":{\"@id\":\"https:\\\/\\\/groupecoiff.com\\\/#\\\/schema\\\/logo\\\/image\\\/\"},\"sameAs\":[\"https:\\\/\\\/www.facebook.com\\\/GroupeCoiff\",\"https:\\\/\\\/x.com\\\/groupecoiff\",\"https:\\\/\\\/www.instagram.com\\\/groupecoiff\\\/\",\"https:\\\/\\\/www.tiktok.com\\\/@groupecoiff\",\"https:\\\/\\\/www.youtube.com\\\/@groupecoiff\",\"https:\\\/\\\/twitter.com\\\/groupecoiff\",\"https:\\\/\\\/www.leboncoin.fr\\\/boutique\\\/3961302\\\/groupe_coiff.htm\"],\"description\":\"D\u00e9couvrez le mobilier de coiffure haut de gamme de Groupe Coiff, alliant \u00e9l\u00e9gance et fonctionnalit\u00e9 pour sublimer votre salon et satisfaire vos clients.\",\"email\":\"contact@groupecoiff.com\",\"telephone\":\"0676951605\",\"legalName\":\"Groupe Coiff\",\"foundingDate\":\"2022-11-16\",\"vatID\":\"FR84921406419\",\"taxID\":\"92140641900025\"}]}<\/script>\n<meta property=\"product:price:amount\" content=\"349.00\" \/>\n<meta property=\"product:price:currency\" content=\"EUR\" \/>\n<meta property=\"og:availability\" content=\"instock\" \/>\n<meta property=\"product:availability\" content=\"instock\" \/>\n<meta property=\"product:condition\" content=\"new\" \/>\n<!-- \/ Yoast SEO Premium plugin. -->","yoast_head_json":{"title":"Patrick B Barber Station: The essence of professional styling - Groupe Coiff","description":"Treat yourself to a professional hairdressing experience with the Patrick B Barber Station. Durability, elegance and impeccable image guaranteed\ud83d\udcaa","robots":{"index":"index","follow":"follow","max-snippet":"max-snippet:-1","max-image-preview":"max-image-preview:large","max-video-preview":"max-video-preview:-1"},"canonical":"https:\/\/groupecoiff.com\/en\/product-2\/coiffeuse-barbier-patrick-b\/","og_locale":"en_US","og_type":"article","og_title":"Coiffeuse Barbier Patrick B","og_description":"Offrez-vous une exp\u00e9rience de coiffage professionnelle avec la Coiffeuse Barbier Patrick B. Durabilit\u00e9, \u00e9l\u00e9gance et image impeccable garantis\ud83d\udcaa","og_url":"https:\/\/groupecoiff.com\/en\/product-2\/coiffeuse-barbier-patrick-b\/","og_site_name":"Groupe Coiff","article_publisher":"https:\/\/www.facebook.com\/GroupeCoiff","article_modified_time":"2024-05-08T14:44:28+00:00","og_image":[{"width":1080,"height":1080,"url":"https:\/\/groupecoiff.com\/wp-content\/uploads\/2024\/02\/Coiffeuse-Barbier-Patrick-B-1.png","type":"image\/png"}],"twitter_card":"summary_large_image","twitter_site":"@groupecoiff","twitter_misc":{"Price":"349,00&nbsp;&euro;","Availability":"In stock"},"schema":{"@context":"https:\/\/schema.org","@graph":[{"@type":"WebPage","@id":"https:\/\/groupecoiff.com\/produit\/coiffeuse-barbier-patrick-b\/","url":"https:\/\/groupecoiff.com\/produit\/coiffeuse-barbier-patrick-b\/","name":"Patrick B Barber Station: The essence of professional styling - Groupe Coiff","isPartOf":{"@id":"https:\/\/groupecoiff.com\/#website"},"primaryImageOfPage":{"@id":"https:\/\/groupecoiff.com\/produit\/coiffeuse-barbier-patrick-b\/#primaryimage"},"image":{"@id":"https:\/\/groupecoiff.com\/produit\/coiffeuse-barbier-patrick-b\/#primaryimage"},"thumbnailUrl":"https:\/\/groupecoiff.com\/wp-content\/uploads\/2024\/02\/Coiffeuse-Barbier-Patrick-B-1.png","datePublished":"2024-02-20T08:01:58+00:00","dateModified":"2024-05-08T14:44:28+00:00","description":"Treat yourself to a professional hairdressing experience with the Patrick B Barber Station. Durability, elegance and impeccable image guaranteed\ud83d\udcaa","breadcrumb":{"@id":"https:\/\/groupecoiff.com\/produit\/coiffeuse-barbier-patrick-b\/#breadcrumb"},"inLanguage":"en-US","potentialAction":[{"@type":"ReadAction","target":["https:\/\/groupecoiff.com\/produit\/coiffeuse-barbier-patrick-b\/"]}]},{"@type":"ImageObject","inLanguage":"en-US","@id":"https:\/\/groupecoiff.com\/produit\/coiffeuse-barbier-patrick-b\/#primaryimage","url":"https:\/\/groupecoiff.com\/wp-content\/uploads\/2024\/02\/Coiffeuse-Barbier-Patrick-B-1.png","contentUrl":"https:\/\/groupecoiff.com\/wp-content\/uploads\/2024\/02\/Coiffeuse-Barbier-Patrick-B-1.png","width":1080,"height":1080,"caption":"Coiffeuse Barbier Patrick B - Miroir de coiffure professionnel Patrick B - Poste de coiffage barbier Patrick B - Mobilier de coiffure professionnel"},{"@type":"BreadcrumbList","@id":"https:\/\/groupecoiff.com\/produit\/coiffeuse-barbier-patrick-b\/#breadcrumb","itemListElement":[{"@type":"ListItem","position":1,"name":"Accueil","item":"https:\/\/groupecoiff.com\/"},{"@type":"ListItem","position":2,"name":"Boutique","item":"https:\/\/groupecoiff.com\/boutique\/"},{"@type":"ListItem","position":3,"name":"Coiffeuse Barbier Patrick B"}]},{"@type":"WebSite","@id":"https:\/\/groupecoiff.com\/#website","url":"https:\/\/groupecoiff.com\/","name":"Coiff Group","description":"Everything for the hairdresser","publisher":{"@id":"https:\/\/groupecoiff.com\/#organization"},"potentialAction":[{"@type":"SearchAction","target":{"@type":"EntryPoint","urlTemplate":"https:\/\/groupecoiff.com\/?s={search_term_string}"},"query-input":{"@type":"PropertyValueSpecification","valueRequired":true,"valueName":"search_term_string"}}],"inLanguage":"en-US"},{"@type":"Organization","@id":"https:\/\/groupecoiff.com\/#organization","name":"Coiff Group","alternateName":"Groupe Coiff : Le Mobilier De Coiffure Haut de Gamme Pour Une \u00c9l\u00e9gance In\u00e9gal\u00e9e","url":"https:\/\/groupecoiff.com\/","logo":{"@type":"ImageObject","inLanguage":"en-US","@id":"https:\/\/groupecoiff.com\/#\/schema\/logo\/image\/","url":"https:\/\/groupecoiff.com\/wp-content\/uploads\/2024\/01\/cropped-Groupe-Coiff-Logo.webp","contentUrl":"https:\/\/groupecoiff.com\/wp-content\/uploads\/2024\/01\/cropped-Groupe-Coiff-Logo.webp","width":512,"height":512,"caption":"Groupe Coiff"},"image":{"@id":"https:\/\/groupecoiff.com\/#\/schema\/logo\/image\/"},"sameAs":["https:\/\/www.facebook.com\/GroupeCoiff","https:\/\/x.com\/groupecoiff","https:\/\/www.instagram.com\/groupecoiff\/","https:\/\/www.tiktok.com\/@groupecoiff","https:\/\/www.youtube.com\/@groupecoiff","https:\/\/twitter.com\/groupecoiff","https:\/\/www.leboncoin.fr\/boutique\/3961302\/groupe_coiff.htm"],"description":"Discover Groupe Coiff's top-of-the-range hairdressing furniture, combining elegance and functionality to enhance your salon and satisfy your customers.","email":"contact@groupecoiff.com","telephone":"0676951605","legalName":"Groupe Coiff","foundingDate":"2022-11-16","vatID":"FR84921406419","taxID":"92140641900025"}]},"product_price_amount":"349.00","product_price_currency":"EUR","og_availability":"instock","product_availability":"instock","product_condition":"new"},"jetpack_publicize_connections":[],"jetpack_likes_enabled":true,"jetpack_sharing_enabled":true,"_links":{"self":[{"href":"https:\/\/groupecoiff.com\/en\/wp-json\/wp\/v2\/product\/31222","targetHints":{"allow":["GET"]}}],"collection":[{"href":"https:\/\/groupecoiff.com\/en\/wp-json\/wp\/v2\/product"}],"about":[{"href":"https:\/\/groupecoiff.com\/en\/wp-json\/wp\/v2\/types\/product"}],"replies":[{"embeddable":true,"href":"https:\/\/groupecoiff.com\/en\/wp-json\/wp\/v2\/comments?post=31222"}],"version-history":[{"count":0,"href":"https:\/\/groupecoiff.com\/en\/wp-json\/wp\/v2\/product\/31222\/revisions"}],"wp:featuredmedia":[{"embeddable":true,"href":"https:\/\/groupecoiff.com\/en\/wp-json\/wp\/v2\/media\/31225"}],"wp:attachment":[{"href":"https:\/\/groupecoiff.com\/en\/wp-json\/wp\/v2\/media?parent=31222"}],"wp:term":[{"taxonomy":"product_brand","embeddable":true,"href":"https:\/\/groupecoiff.com\/en\/wp-json\/wp\/v2\/product_brand?post=31222"},{"taxonomy":"product_cat","embeddable":true,"href":"https:\/\/groupecoiff.com\/en\/wp-json\/wp\/v2\/product_cat?post=31222"},{"taxonomy":"product_tag","embeddable":true,"href":"https:\/\/groupecoiff.com\/en\/wp-json\/wp\/v2\/product_tag?post=31222"}],"curies":[{"name":"wp","href":"https:\/\/api.w.org\/{rel}","templated":true}]}}