{"id":31464,"date":"2024-03-04T13:42:59","date_gmt":"2024-03-04T12:42:59","guid":{"rendered":"https:\/\/groupecoiff.com\/?post_type=product&#038;p=31464"},"modified":"2025-08-21T23:59:00","modified_gmt":"2025-08-21T21:59:00","slug":"poste-de-coiffage-barbier-william-10b","status":"publish","type":"product","link":"https:\/\/groupecoiff.com\/en\/produit\/poste-de-coiffage-barbier-william-10b\/","title":{"rendered":"William 10B Barber Styling Station"},"content":{"rendered":"<p><strong>D\u00e9couvrez l&rsquo;\u00c9quilibre Parfait avec le Poste de Coiffage Barbier William 10B<\/strong><\/p>\n<p>Fusionnant avec \u00e9l\u00e9gance le style r\u00e9tro et les fonctionnalit\u00e9s contemporaines, le poste de coiffage barbier William 11B incarne l\u2019alliance parfaite entre tradition et innovation.<\/p>\n<p><strong>Superior Quality Materials<\/strong><\/p>\n<p>The natural veneer wood ensures exceptional durability and sophisticated aesthetics to this vintage barber styling station.<\/p>\n<p><strong>Caract\u00e9ristiques Cl\u00e9s :<\/strong><\/p>\n<ol>\n<li><strong>Circular Mirror with LED<\/strong><\/li>\n<\/ol>\n<p>D&rsquo;un diam\u00e8tre de 80 cm, il est dot\u00e9 de contours blancs et de LED int\u00e9gr\u00e9es pour un look impeccable.<\/p>\n<ol start=\"2\">\n<li><strong>Spacious and Practical Storage<\/strong><\/li>\n<\/ol>\n<p>Generous drawers and well-designed doors ensure optimal organization of tools.<\/p>\n<ol start=\"3\">\n<li><strong>Multipurpose Basin<\/strong><\/li>\n<\/ol>\n<p>Available in white or black, it is easy to maintain and perfectly suited to your needs.<\/p>\n<p><strong>Guaranteed Comfort and Reliability<\/strong><\/p>\n<ul>\n<li><strong>Advanced Ergonomics<\/strong><\/li>\n<\/ul>\n<p>Con\u00e7ue pour offrir un confort optimal tant au coiffeur qu&rsquo;au client, elle assure une exp\u00e9rience agr\u00e9able.<\/p>\n<ul>\n<li><strong>Reliability and Durability<\/strong><\/li>\n<\/ul>\n<p>Made with high-quality materials, the William 10B vintage barber chair meets the strictest requirements.<\/p>\n<p><strong>Prestige Furniture for Your Salon<\/strong><\/p>\n<p>Commandez d\u00e8s maintenant votre Coiffeuse Barbier William 10B pour ajouter une touche d&rsquo;\u00e9l\u00e9gance et de sophistication \u00e0 votre salon de coiffure.<\/p>","protected":false},"excerpt":{"rendered":"<p>Donnez \u00e0 votre salon une ambiance r\u00e9tro-chic avec la Coiffeuse barbier vintage William 8B. Des tiroirs spacieux et un design \u00e9l\u00e9gant vous attendent. Achetez-la maintenant!<\/p>","protected":false},"featured_media":30922,"comment_status":"open","ping_status":"closed","template":"","meta":{"googlesitekit_rrm_CAow0YCiDA:productID":"","jetpack_post_was_ever_published":false,"jetpack_publicize_message":"","jetpack_publicize_feature_enabled":true,"jetpack_social_post_already_shared":true,"jetpack_social_options":{"image_generator_settings":{"template":"highway","default_image_id":0,"font":"","enabled":false},"version":2}},"product_brand":[],"product_cat":[313,48],"product_tag":[],"class_list":{"0":"post-31464","1":"product","2":"type-product","3":"status-publish","4":"has-post-thumbnail","6":"product_cat-meuble-de-coiffure","7":"product_cat-poste-de-coiffage-professionnel","9":"first","10":"instock","11":"featured","12":"taxable","13":"shipping-taxable","14":"purchasable","15":"product-type-variable"},"yoast_head":"<!-- This site is optimized with the Yoast SEO Premium plugin v27.4 (Yoast SEO v27.4) - https:\/\/yoast.com\/product\/yoast-seo-premium-wordpress\/ -->\n<title>Poste de Coiffage Barbier William 10B avec LED Int\u00e9gr\u00e9es - Groupe Coiff<\/title>\n<meta name=\"description\" content=\"\u00c9levez votre style avec le Poste de Coiffage Barbier William 10B. Un m\u00e9lange parfait entre vintage et modernit\u00e9 pour une esth\u00e9tique sophistiqu\u00e9e\ud83d\udcab\" \/>\n<meta name=\"robots\" content=\"index, follow, max-snippet:-1, max-image-preview:large, max-video-preview:-1\" \/>\n<link rel=\"canonical\" href=\"https:\/\/groupecoiff.com\/en\/product-2\/poste-de-coiffage-barbier-william-10b\/\" \/>\n<meta property=\"og:locale\" content=\"en_US\" \/>\n<meta property=\"og:type\" content=\"article\" \/>\n<meta property=\"og:title\" content=\"Poste de Coiffage Barbier William 10B\" \/>\n<meta property=\"og:description\" content=\"\u00c9levez votre style avec le Poste de Coiffage Barbier William 10B. Un m\u00e9lange parfait entre vintage et modernit\u00e9 pour une esth\u00e9tique sophistiqu\u00e9e\ud83d\udcab\" \/>\n<meta property=\"og:url\" content=\"https:\/\/groupecoiff.com\/en\/product-2\/poste-de-coiffage-barbier-william-10b\/\" \/>\n<meta property=\"og:site_name\" content=\"Groupe Coiff\" \/>\n<meta property=\"article:publisher\" content=\"https:\/\/www.facebook.com\/GroupeCoiff\" \/>\n<meta property=\"article:modified_time\" content=\"2025-08-21T21:59:00+00:00\" \/>\n<meta property=\"og:image\" content=\"https:\/\/groupecoiff.com\/wp-content\/uploads\/2024\/02\/William-10-B98.webp\" \/>\n\t<meta property=\"og:image:width\" content=\"1080\" \/>\n\t<meta property=\"og:image:height\" content=\"1080\" \/>\n\t<meta property=\"og:image:type\" content=\"image\/webp\" \/>\n<meta name=\"twitter:card\" content=\"summary_large_image\" \/>\n<meta name=\"twitter:site\" content=\"@groupecoiff\" \/>\n<meta name=\"twitter:label1\" content=\"Availability\" \/>\n\t<meta name=\"twitter:data1\" content=\"In stock\" \/>\n<script type=\"application\/ld+json\" class=\"yoast-schema-graph\">{\"@context\":\"https:\\\/\\\/schema.org\",\"@graph\":[{\"@type\":\"WebPage\",\"@id\":\"https:\\\/\\\/groupecoiff.com\\\/produit\\\/poste-de-coiffage-barbier-william-10b\\\/\",\"url\":\"https:\\\/\\\/groupecoiff.com\\\/produit\\\/poste-de-coiffage-barbier-william-10b\\\/\",\"name\":\"Poste de Coiffage Barbier William 10B avec LED Int\u00e9gr\u00e9es - Groupe Coiff\",\"isPartOf\":{\"@id\":\"https:\\\/\\\/groupecoiff.com\\\/#website\"},\"primaryImageOfPage\":{\"@id\":\"https:\\\/\\\/groupecoiff.com\\\/produit\\\/poste-de-coiffage-barbier-william-10b\\\/#primaryimage\"},\"image\":{\"@id\":\"https:\\\/\\\/groupecoiff.com\\\/produit\\\/poste-de-coiffage-barbier-william-10b\\\/#primaryimage\"},\"thumbnailUrl\":\"https:\\\/\\\/groupecoiff.com\\\/wp-content\\\/uploads\\\/2024\\\/02\\\/William-10-B98.webp\",\"datePublished\":\"2024-03-04T12:42:59+00:00\",\"dateModified\":\"2025-08-21T21:59:00+00:00\",\"description\":\"\u00c9levez votre style avec le Poste de Coiffage Barbier William 10B. Un m\u00e9lange parfait entre vintage et modernit\u00e9 pour une esth\u00e9tique sophistiqu\u00e9e\ud83d\udcab\",\"breadcrumb\":{\"@id\":\"https:\\\/\\\/groupecoiff.com\\\/produit\\\/poste-de-coiffage-barbier-william-10b\\\/#breadcrumb\"},\"inLanguage\":\"en-US\",\"potentialAction\":[{\"@type\":\"ReadAction\",\"target\":[\"https:\\\/\\\/groupecoiff.com\\\/produit\\\/poste-de-coiffage-barbier-william-10b\\\/\"]}]},{\"@type\":\"ImageObject\",\"inLanguage\":\"en-US\",\"@id\":\"https:\\\/\\\/groupecoiff.com\\\/produit\\\/poste-de-coiffage-barbier-william-10b\\\/#primaryimage\",\"url\":\"https:\\\/\\\/groupecoiff.com\\\/wp-content\\\/uploads\\\/2024\\\/02\\\/William-10-B98.webp\",\"contentUrl\":\"https:\\\/\\\/groupecoiff.com\\\/wp-content\\\/uploads\\\/2024\\\/02\\\/William-10-B98.webp\",\"width\":1080,\"height\":1080,\"caption\":\"Poste de Coiffage Barbier William 10B - Coiffeuse barbier vintage William 10B - poste de coiffage barbier William 10B - Mobilier de coiffure professionnel - Coiffeuse barbier vintage William 10B\"},{\"@type\":\"BreadcrumbList\",\"@id\":\"https:\\\/\\\/groupecoiff.com\\\/produit\\\/poste-de-coiffage-barbier-william-10b\\\/#breadcrumb\",\"itemListElement\":[{\"@type\":\"ListItem\",\"position\":1,\"name\":\"Accueil\",\"item\":\"https:\\\/\\\/groupecoiff.com\\\/\"},{\"@type\":\"ListItem\",\"position\":2,\"name\":\"Boutique\",\"item\":\"https:\\\/\\\/groupecoiff.com\\\/boutique\\\/\"},{\"@type\":\"ListItem\",\"position\":3,\"name\":\"Poste de Coiffage Barbier William 10B\"}]},{\"@type\":\"WebSite\",\"@id\":\"https:\\\/\\\/groupecoiff.com\\\/#website\",\"url\":\"https:\\\/\\\/groupecoiff.com\\\/\",\"name\":\"Groupe Coiff\",\"description\":\"Tout pour la coiffure\",\"publisher\":{\"@id\":\"https:\\\/\\\/groupecoiff.com\\\/#organization\"},\"potentialAction\":[{\"@type\":\"SearchAction\",\"target\":{\"@type\":\"EntryPoint\",\"urlTemplate\":\"https:\\\/\\\/groupecoiff.com\\\/?s={search_term_string}\"},\"query-input\":{\"@type\":\"PropertyValueSpecification\",\"valueRequired\":true,\"valueName\":\"search_term_string\"}}],\"inLanguage\":\"en-US\"},{\"@type\":\"Organization\",\"@id\":\"https:\\\/\\\/groupecoiff.com\\\/#organization\",\"name\":\"Groupe Coiff\",\"alternateName\":\"Groupe Coiff : Le Mobilier De Coiffure Haut de Gamme Pour Une \u00c9l\u00e9gance In\u00e9gal\u00e9e\",\"url\":\"https:\\\/\\\/groupecoiff.com\\\/\",\"logo\":{\"@type\":\"ImageObject\",\"inLanguage\":\"en-US\",\"@id\":\"https:\\\/\\\/groupecoiff.com\\\/#\\\/schema\\\/logo\\\/image\\\/\",\"url\":\"https:\\\/\\\/groupecoiff.com\\\/wp-content\\\/uploads\\\/2024\\\/01\\\/cropped-Groupe-Coiff-Logo.webp\",\"contentUrl\":\"https:\\\/\\\/groupecoiff.com\\\/wp-content\\\/uploads\\\/2024\\\/01\\\/cropped-Groupe-Coiff-Logo.webp\",\"width\":512,\"height\":512,\"caption\":\"Groupe Coiff\"},\"image\":{\"@id\":\"https:\\\/\\\/groupecoiff.com\\\/#\\\/schema\\\/logo\\\/image\\\/\"},\"sameAs\":[\"https:\\\/\\\/www.facebook.com\\\/GroupeCoiff\",\"https:\\\/\\\/x.com\\\/groupecoiff\",\"https:\\\/\\\/www.instagram.com\\\/groupecoiff\\\/\",\"https:\\\/\\\/www.tiktok.com\\\/@groupecoiff\",\"https:\\\/\\\/www.youtube.com\\\/@groupecoiff\",\"https:\\\/\\\/twitter.com\\\/groupecoiff\",\"https:\\\/\\\/www.leboncoin.fr\\\/boutique\\\/3961302\\\/groupe_coiff.htm\"],\"description\":\"D\u00e9couvrez le mobilier de coiffure haut de gamme de Groupe Coiff, alliant \u00e9l\u00e9gance et fonctionnalit\u00e9 pour sublimer votre salon et satisfaire vos clients.\",\"email\":\"contact@groupecoiff.com\",\"telephone\":\"0676951605\",\"legalName\":\"Groupe Coiff\",\"foundingDate\":\"2022-11-16\",\"vatID\":\"FR84921406419\",\"taxID\":\"92140641900025\"}]}<\/script>\n<meta property=\"og:availability\" content=\"instock\" \/>\n<meta property=\"product:availability\" content=\"instock\" \/>\n<meta property=\"product:condition\" content=\"new\" \/>\n<!-- \/ Yoast SEO Premium plugin. -->","yoast_head_json":{"title":"William 10B Barber Styling Station with Integrated LED - Groupe Coiff","description":"Elevate your style with the William 10B Barber Styling Station. A perfect blend of vintage and modernity for sophisticated aesthetics\ud83d\udcab","robots":{"index":"index","follow":"follow","max-snippet":"max-snippet:-1","max-image-preview":"max-image-preview:large","max-video-preview":"max-video-preview:-1"},"canonical":"https:\/\/groupecoiff.com\/en\/product-2\/poste-de-coiffage-barbier-william-10b\/","og_locale":"en_US","og_type":"article","og_title":"Poste de Coiffage Barbier William 10B","og_description":"\u00c9levez votre style avec le Poste de Coiffage Barbier William 10B. Un m\u00e9lange parfait entre vintage et modernit\u00e9 pour une esth\u00e9tique sophistiqu\u00e9e\ud83d\udcab","og_url":"https:\/\/groupecoiff.com\/en\/product-2\/poste-de-coiffage-barbier-william-10b\/","og_site_name":"Groupe Coiff","article_publisher":"https:\/\/www.facebook.com\/GroupeCoiff","article_modified_time":"2025-08-21T21:59:00+00:00","og_image":[{"width":1080,"height":1080,"url":"https:\/\/groupecoiff.com\/wp-content\/uploads\/2024\/02\/William-10-B98.webp","type":"image\/webp"}],"twitter_card":"summary_large_image","twitter_site":"@groupecoiff","twitter_misc":{"Availability":"In stock"},"schema":{"@context":"https:\/\/schema.org","@graph":[{"@type":"WebPage","@id":"https:\/\/groupecoiff.com\/produit\/poste-de-coiffage-barbier-william-10b\/","url":"https:\/\/groupecoiff.com\/produit\/poste-de-coiffage-barbier-william-10b\/","name":"William 10B Barber Styling Station with Integrated LED - Groupe Coiff","isPartOf":{"@id":"https:\/\/groupecoiff.com\/#website"},"primaryImageOfPage":{"@id":"https:\/\/groupecoiff.com\/produit\/poste-de-coiffage-barbier-william-10b\/#primaryimage"},"image":{"@id":"https:\/\/groupecoiff.com\/produit\/poste-de-coiffage-barbier-william-10b\/#primaryimage"},"thumbnailUrl":"https:\/\/groupecoiff.com\/wp-content\/uploads\/2024\/02\/William-10-B98.webp","datePublished":"2024-03-04T12:42:59+00:00","dateModified":"2025-08-21T21:59:00+00:00","description":"Elevate your style with the William 10B Barber Styling Station. A perfect blend of vintage and modernity for sophisticated aesthetics\ud83d\udcab","breadcrumb":{"@id":"https:\/\/groupecoiff.com\/produit\/poste-de-coiffage-barbier-william-10b\/#breadcrumb"},"inLanguage":"en-US","potentialAction":[{"@type":"ReadAction","target":["https:\/\/groupecoiff.com\/produit\/poste-de-coiffage-barbier-william-10b\/"]}]},{"@type":"ImageObject","inLanguage":"en-US","@id":"https:\/\/groupecoiff.com\/produit\/poste-de-coiffage-barbier-william-10b\/#primaryimage","url":"https:\/\/groupecoiff.com\/wp-content\/uploads\/2024\/02\/William-10-B98.webp","contentUrl":"https:\/\/groupecoiff.com\/wp-content\/uploads\/2024\/02\/William-10-B98.webp","width":1080,"height":1080,"caption":"Poste de Coiffage Barbier William 10B - Coiffeuse barbier vintage William 10B - poste de coiffage barbier William 10B - Mobilier de coiffure professionnel - Coiffeuse barbier vintage William 10B"},{"@type":"BreadcrumbList","@id":"https:\/\/groupecoiff.com\/produit\/poste-de-coiffage-barbier-william-10b\/#breadcrumb","itemListElement":[{"@type":"ListItem","position":1,"name":"Accueil","item":"https:\/\/groupecoiff.com\/"},{"@type":"ListItem","position":2,"name":"Boutique","item":"https:\/\/groupecoiff.com\/boutique\/"},{"@type":"ListItem","position":3,"name":"Poste de Coiffage Barbier William 10B"}]},{"@type":"WebSite","@id":"https:\/\/groupecoiff.com\/#website","url":"https:\/\/groupecoiff.com\/","name":"Coiff Group","description":"Everything for the hairdresser","publisher":{"@id":"https:\/\/groupecoiff.com\/#organization"},"potentialAction":[{"@type":"SearchAction","target":{"@type":"EntryPoint","urlTemplate":"https:\/\/groupecoiff.com\/?s={search_term_string}"},"query-input":{"@type":"PropertyValueSpecification","valueRequired":true,"valueName":"search_term_string"}}],"inLanguage":"en-US"},{"@type":"Organization","@id":"https:\/\/groupecoiff.com\/#organization","name":"Coiff Group","alternateName":"Groupe Coiff : Le Mobilier De Coiffure Haut de Gamme Pour Une \u00c9l\u00e9gance In\u00e9gal\u00e9e","url":"https:\/\/groupecoiff.com\/","logo":{"@type":"ImageObject","inLanguage":"en-US","@id":"https:\/\/groupecoiff.com\/#\/schema\/logo\/image\/","url":"https:\/\/groupecoiff.com\/wp-content\/uploads\/2024\/01\/cropped-Groupe-Coiff-Logo.webp","contentUrl":"https:\/\/groupecoiff.com\/wp-content\/uploads\/2024\/01\/cropped-Groupe-Coiff-Logo.webp","width":512,"height":512,"caption":"Groupe Coiff"},"image":{"@id":"https:\/\/groupecoiff.com\/#\/schema\/logo\/image\/"},"sameAs":["https:\/\/www.facebook.com\/GroupeCoiff","https:\/\/x.com\/groupecoiff","https:\/\/www.instagram.com\/groupecoiff\/","https:\/\/www.tiktok.com\/@groupecoiff","https:\/\/www.youtube.com\/@groupecoiff","https:\/\/twitter.com\/groupecoiff","https:\/\/www.leboncoin.fr\/boutique\/3961302\/groupe_coiff.htm"],"description":"Discover Groupe Coiff's top-of-the-range hairdressing furniture, combining elegance and functionality to enhance your salon and satisfy your customers.","email":"contact@groupecoiff.com","telephone":"0676951605","legalName":"Groupe Coiff","foundingDate":"2022-11-16","vatID":"FR84921406419","taxID":"92140641900025"}]},"og_availability":"instock","product_availability":"instock","product_condition":"new"},"jetpack_publicize_connections":[],"jetpack_likes_enabled":true,"jetpack_sharing_enabled":true,"_links":{"self":[{"href":"https:\/\/groupecoiff.com\/en\/wp-json\/wp\/v2\/product\/31464","targetHints":{"allow":["GET"]}}],"collection":[{"href":"https:\/\/groupecoiff.com\/en\/wp-json\/wp\/v2\/product"}],"about":[{"href":"https:\/\/groupecoiff.com\/en\/wp-json\/wp\/v2\/types\/product"}],"replies":[{"embeddable":true,"href":"https:\/\/groupecoiff.com\/en\/wp-json\/wp\/v2\/comments?post=31464"}],"version-history":[{"count":0,"href":"https:\/\/groupecoiff.com\/en\/wp-json\/wp\/v2\/product\/31464\/revisions"}],"wp:featuredmedia":[{"embeddable":true,"href":"https:\/\/groupecoiff.com\/en\/wp-json\/wp\/v2\/media\/30922"}],"wp:attachment":[{"href":"https:\/\/groupecoiff.com\/en\/wp-json\/wp\/v2\/media?parent=31464"}],"wp:term":[{"taxonomy":"product_brand","embeddable":true,"href":"https:\/\/groupecoiff.com\/en\/wp-json\/wp\/v2\/product_brand?post=31464"},{"taxonomy":"product_cat","embeddable":true,"href":"https:\/\/groupecoiff.com\/en\/wp-json\/wp\/v2\/product_cat?post=31464"},{"taxonomy":"product_tag","embeddable":true,"href":"https:\/\/groupecoiff.com\/en\/wp-json\/wp\/v2\/product_tag?post=31464"}],"curies":[{"name":"wp","href":"https:\/\/api.w.org\/{rel}","templated":true}]}}