{"id":31525,"date":"2024-03-08T08:10:04","date_gmt":"2024-03-08T07:10:04","guid":{"rendered":"https:\/\/groupecoiff.com\/?post_type=product&#038;p=31525"},"modified":"2026-04-10T13:04:42","modified_gmt":"2026-04-10T11:04:42","slug":"fauteuil-barbier-vintage-gentleman","status":"publish","type":"product","link":"https:\/\/groupecoiff.com\/en\/produit\/fauteuil-barbier-vintage-gentleman\/","title":{"rendered":"Gentleman Vintage Barber Chair"},"content":{"rendered":"<ul class=\"list-disc pl-8 space-y-2 -mt-1\">\n<li class=\"whitespace-normal break-words\">\n<h4 class=\"font-bold\">Fauteuil de coiffure pour homme Gentleman : Confort et \u00c9l\u00e9gance R\u00e9unis<\/h4>\n<\/li>\n<\/ul>\n<p>Le fauteuil barbier vintage Gentleman offre un confort sur-mesure avec son dossier inclinable, son repose-t\u00eate ajustable et son repose-pieds int\u00e9gr\u00e9.<\/p>\n<ul>\n<li class=\"whitespace-pre-wrap break-words\"><strong>Vintage Look, Fire-Resistant Quality<\/strong><\/li>\n<\/ul>\n<p>Rev\u00eatu d\u2019un similicuir conforme aux normes anti-feu M2, ce fauteuil allie \u00e9l\u00e9gance vintage et s\u00e9curit\u00e9 optimale dans votre salon.<\/p>\n<ul>\n<li class=\"whitespace-pre-wrap break-words\"><strong>Color Options<\/strong><\/li>\n<\/ul>\n<p>Disponible en noir ou en marron, le fauteuil Gentleman s\u2019harmonise parfaitement \u00e0 votre style pour une touche de sophistication suppl\u00e9mentaire.<\/p>\n<ul>\n<li class=\"whitespace-pre-wrap break-words\"><strong>High-End Features<\/strong><\/li>\n<\/ul>\n<p>Polished aluminum armrests and wood-trimmed grips<\/p>\n<p>Reclining backrest and adjustable footrest<\/p>\n<p>Pour une exp\u00e9rience de coiffure d&rsquo;exception<\/p>\n<ul>\n<li class=\"whitespace-pre-wrap break-words\"><strong>Ergonomic Design<\/strong><\/li>\n<\/ul>\n<p>Poign\u00e9e de commande pour l&rsquo;inclinaison<\/p>\n<p>Pompe hydraulique blocable<\/p>\n<p>For easy and practical daily use<\/p>\n<ul>\n<li class=\"whitespace-pre-wrap break-words\"><strong>Ideal Dimensions<\/strong><\/li>\n<\/ul>\n<p>Width: 64 cm<\/p>\n<p>Depth: 60 cm<\/p>\n<p>Hauteur d&rsquo;assise r\u00e9glable de 58 \u00e0 76 cm<\/p>\n<p>Backrest height: 54 cm<\/p>\n<p class=\"whitespace-pre-wrap break-words\">Optez pour l\u2019\u00e9l\u00e9gance intemporelle et le confort absolu avec la chaise barbier vintage Gentleman, mobilier de coiffure haut de gamme mariant confort, style et s\u00e9curit\u00e9.<\/p>","protected":false},"excerpt":{"rendered":"<p>Safety and elegance meet in the vintage Gentleman barber chair. Its fire-resistant upholstery and faux leather design bring a touch of sophistication to your salon. \ud83d\ude0d<\/p>","protected":false},"featured_media":31571,"comment_status":"open","ping_status":"closed","template":"","meta":{"googlesitekit_rrm_CAow0YCiDA:productID":"","jetpack_post_was_ever_published":false,"jetpack_publicize_message":"","jetpack_publicize_feature_enabled":true,"jetpack_social_post_already_shared":true,"jetpack_social_options":{"image_generator_settings":{"template":"highway","default_image_id":0,"font":"","enabled":false},"version":2}},"product_brand":[],"product_cat":[51,313],"product_tag":[452,123,324,125],"class_list":{"0":"post-31525","1":"product","2":"type-product","3":"status-publish","4":"has-post-thumbnail","6":"product_cat-fauteuil-de-barbier-professionnel","7":"product_cat-meuble-de-coiffure","8":"product_tag-barbershop","9":"product_tag-fauteuil-de-barbier","10":"product_tag-meuble-de-coiffure-professionnel","11":"product_tag-salon-de-coiffure","13":"first","14":"instock","15":"featured","16":"taxable","17":"shipping-taxable","18":"purchasable","19":"product-type-variable"},"yoast_head":"<!-- This site is optimized with the Yoast SEO Premium plugin v27.5 (Yoast SEO v27.5) - https:\/\/yoast.com\/product\/yoast-seo-premium-wordpress\/ -->\n<title>Fauteuil Barbier Vintage Gentleman en Similicuir Anti-Feu - Groupe Coiff<\/title>\n<meta name=\"description\" content=\"Profitez du confort absolu avec le fauteuil Barbier Vintage Gentleman. Rev\u00eatu de similicuir anti-feu M2, il apportera une touche d&#039;\u00e9l\u00e9gance \u00e0 votre salon \ud83e\udd29\" \/>\n<meta name=\"robots\" content=\"index, follow, max-snippet:-1, max-image-preview:large, max-video-preview:-1\" \/>\n<link rel=\"canonical\" href=\"https:\/\/groupecoiff.com\/en\/product-2\/fauteuil-barbier-vintage-gentleman\/\" \/>\n<meta property=\"og:locale\" content=\"en_US\" \/>\n<meta property=\"og:type\" content=\"article\" \/>\n<meta property=\"og:title\" content=\"Fauteuil Barbier Vintage Gentleman\" \/>\n<meta property=\"og:description\" content=\"Profitez du confort absolu avec le fauteuil Barbier Vintage Gentleman. Rev\u00eatu de similicuir anti-feu M2, il apportera une touche d&#039;\u00e9l\u00e9gance \u00e0 votre salon \ud83e\udd29\" \/>\n<meta property=\"og:url\" content=\"https:\/\/groupecoiff.com\/en\/product-2\/fauteuil-barbier-vintage-gentleman\/\" \/>\n<meta property=\"og:site_name\" content=\"Groupe Coiff\" \/>\n<meta property=\"article:publisher\" content=\"https:\/\/www.facebook.com\/GroupeCoiff\" \/>\n<meta property=\"article:modified_time\" content=\"2026-04-10T11:04:42+00:00\" \/>\n<meta property=\"og:image\" content=\"https:\/\/groupecoiff.com\/wp-content\/uploads\/2024\/03\/Fauteuil-Barbier-Vintage-Gentleman-Noir-1.webp\" \/>\n\t<meta property=\"og:image:width\" content=\"1080\" \/>\n\t<meta property=\"og:image:height\" content=\"1080\" \/>\n\t<meta property=\"og:image:type\" content=\"image\/webp\" \/>\n<meta name=\"twitter:card\" content=\"summary_large_image\" \/>\n<meta name=\"twitter:site\" content=\"@groupecoiff\" \/>\n<meta name=\"twitter:label1\" content=\"Availability\" \/>\n\t<meta name=\"twitter:data1\" content=\"In stock\" \/>\n<script type=\"application\/ld+json\" class=\"yoast-schema-graph\">{\"@context\":\"https:\\\/\\\/schema.org\",\"@graph\":[{\"@type\":\"WebPage\",\"@id\":\"https:\\\/\\\/groupecoiff.com\\\/en\\\/produit\\\/fauteuil-barbier-vintage-gentleman\\\/\",\"url\":\"https:\\\/\\\/groupecoiff.com\\\/en\\\/produit\\\/fauteuil-barbier-vintage-gentleman\\\/\",\"name\":\"Fauteuil Barbier Vintage Gentleman en Similicuir Anti-Feu - Groupe Coiff\",\"isPartOf\":{\"@id\":\"https:\\\/\\\/groupecoiff.com\\\/#website\"},\"primaryImageOfPage\":{\"@id\":\"https:\\\/\\\/groupecoiff.com\\\/en\\\/produit\\\/fauteuil-barbier-vintage-gentleman\\\/#primaryimage\"},\"image\":{\"@id\":\"https:\\\/\\\/groupecoiff.com\\\/en\\\/produit\\\/fauteuil-barbier-vintage-gentleman\\\/#primaryimage\"},\"thumbnailUrl\":\"https:\\\/\\\/groupecoiff.com\\\/wp-content\\\/uploads\\\/2024\\\/03\\\/Fauteuil-Barbier-Vintage-Gentleman-Noir-1.webp\",\"datePublished\":\"2024-03-08T07:10:04+00:00\",\"dateModified\":\"2026-04-10T11:04:42+00:00\",\"description\":\"Profitez du confort absolu avec le fauteuil Barbier Vintage Gentleman. Rev\u00eatu de similicuir anti-feu M2, il apportera une touche d'\u00e9l\u00e9gance \u00e0 votre salon \ud83e\udd29\",\"breadcrumb\":{\"@id\":\"https:\\\/\\\/groupecoiff.com\\\/en\\\/produit\\\/fauteuil-barbier-vintage-gentleman\\\/#breadcrumb\"},\"inLanguage\":\"en-US\",\"potentialAction\":[{\"@type\":\"ReadAction\",\"target\":[\"https:\\\/\\\/groupecoiff.com\\\/en\\\/produit\\\/fauteuil-barbier-vintage-gentleman\\\/\"]}]},{\"@type\":\"ImageObject\",\"inLanguage\":\"en-US\",\"@id\":\"https:\\\/\\\/groupecoiff.com\\\/en\\\/produit\\\/fauteuil-barbier-vintage-gentleman\\\/#primaryimage\",\"url\":\"https:\\\/\\\/groupecoiff.com\\\/wp-content\\\/uploads\\\/2024\\\/03\\\/Fauteuil-Barbier-Vintage-Gentleman-Noir-1.webp\",\"contentUrl\":\"https:\\\/\\\/groupecoiff.com\\\/wp-content\\\/uploads\\\/2024\\\/03\\\/Fauteuil-Barbier-Vintage-Gentleman-Noir-1.webp\",\"width\":1080,\"height\":1080,\"caption\":\"Fauteuil Barbier Vintage Gentleman - chaise barbier vintage Gentleman - fauteuil de coiffure vintage Gentleman - Chaise de coiffure vintage Gentleman - Mobilier de coiffure haut de gamme\"},{\"@type\":\"BreadcrumbList\",\"@id\":\"https:\\\/\\\/groupecoiff.com\\\/en\\\/produit\\\/fauteuil-barbier-vintage-gentleman\\\/#breadcrumb\",\"itemListElement\":[{\"@type\":\"ListItem\",\"position\":1,\"name\":\"Accueil\",\"item\":\"https:\\\/\\\/groupecoiff.com\\\/\"},{\"@type\":\"ListItem\",\"position\":2,\"name\":\"Boutique\",\"item\":\"https:\\\/\\\/groupecoiff.com\\\/en\\\/boutique\\\/\"},{\"@type\":\"ListItem\",\"position\":3,\"name\":\"Fauteuil Barbier Vintage Gentleman\"}]},{\"@type\":\"WebSite\",\"@id\":\"https:\\\/\\\/groupecoiff.com\\\/#website\",\"url\":\"https:\\\/\\\/groupecoiff.com\\\/\",\"name\":\"Groupe Coiff\",\"description\":\"Tout pour la coiffure\",\"publisher\":{\"@id\":\"https:\\\/\\\/groupecoiff.com\\\/#organization\"},\"potentialAction\":[{\"@type\":\"SearchAction\",\"target\":{\"@type\":\"EntryPoint\",\"urlTemplate\":\"https:\\\/\\\/groupecoiff.com\\\/?s={search_term_string}\"},\"query-input\":{\"@type\":\"PropertyValueSpecification\",\"valueRequired\":true,\"valueName\":\"search_term_string\"}}],\"inLanguage\":\"en-US\"},{\"@type\":\"Organization\",\"@id\":\"https:\\\/\\\/groupecoiff.com\\\/#organization\",\"name\":\"Groupe Coiff\",\"alternateName\":\"Groupe Coiff : Le Mobilier De Coiffure Haut de Gamme Pour Une \u00c9l\u00e9gance In\u00e9gal\u00e9e\",\"url\":\"https:\\\/\\\/groupecoiff.com\\\/\",\"logo\":{\"@type\":\"ImageObject\",\"inLanguage\":\"en-US\",\"@id\":\"https:\\\/\\\/groupecoiff.com\\\/#\\\/schema\\\/logo\\\/image\\\/\",\"url\":\"https:\\\/\\\/groupecoiff.com\\\/wp-content\\\/uploads\\\/2024\\\/01\\\/cropped-Groupe-Coiff-Logo.webp\",\"contentUrl\":\"https:\\\/\\\/groupecoiff.com\\\/wp-content\\\/uploads\\\/2024\\\/01\\\/cropped-Groupe-Coiff-Logo.webp\",\"width\":512,\"height\":512,\"caption\":\"Groupe Coiff\"},\"image\":{\"@id\":\"https:\\\/\\\/groupecoiff.com\\\/#\\\/schema\\\/logo\\\/image\\\/\"},\"sameAs\":[\"https:\\\/\\\/www.facebook.com\\\/GroupeCoiff\",\"https:\\\/\\\/x.com\\\/groupecoiff\",\"https:\\\/\\\/www.instagram.com\\\/groupecoiff\\\/\",\"https:\\\/\\\/www.tiktok.com\\\/@groupecoiff\",\"https:\\\/\\\/www.youtube.com\\\/@groupecoiff\",\"https:\\\/\\\/twitter.com\\\/groupecoiff\",\"https:\\\/\\\/www.leboncoin.fr\\\/boutique\\\/3961302\\\/groupe_coiff.htm\"],\"description\":\"D\u00e9couvrez le mobilier de coiffure haut de gamme de Groupe Coiff, alliant \u00e9l\u00e9gance et fonctionnalit\u00e9 pour sublimer votre salon et satisfaire vos clients.\",\"email\":\"contact@groupecoiff.com\",\"telephone\":\"0676951605\",\"legalName\":\"Groupe Coiff\",\"foundingDate\":\"2022-11-16\",\"vatID\":\"FR84921406419\",\"taxID\":\"92140641900025\"}]}<\/script>\n<meta property=\"og:availability\" content=\"instock\" \/>\n<meta property=\"product:availability\" content=\"instock\" \/>\n<meta property=\"product:condition\" content=\"new\" \/>\n<!-- \/ Yoast SEO Premium plugin. -->","yoast_head_json":{"title":"Gentleman Vintage Barber Chair in Fire-Resistant Faux Leather - Groupe Coiff","description":"Enjoy absolute comfort with the Gentleman Vintage Barber Chair. Upholstered in M2 fire-resistant faux leather, it will bring a touch of elegance to your salon \ud83e\udd29","robots":{"index":"index","follow":"follow","max-snippet":"max-snippet:-1","max-image-preview":"max-image-preview:large","max-video-preview":"max-video-preview:-1"},"canonical":"https:\/\/groupecoiff.com\/en\/product-2\/fauteuil-barbier-vintage-gentleman\/","og_locale":"en_US","og_type":"article","og_title":"Fauteuil Barbier Vintage Gentleman","og_description":"Profitez du confort absolu avec le fauteuil Barbier Vintage Gentleman. Rev\u00eatu de similicuir anti-feu M2, il apportera une touche d'\u00e9l\u00e9gance \u00e0 votre salon \ud83e\udd29","og_url":"https:\/\/groupecoiff.com\/en\/product-2\/fauteuil-barbier-vintage-gentleman\/","og_site_name":"Groupe Coiff","article_publisher":"https:\/\/www.facebook.com\/GroupeCoiff","article_modified_time":"2026-04-10T11:04:42+00:00","og_image":[{"width":1080,"height":1080,"url":"https:\/\/groupecoiff.com\/wp-content\/uploads\/2024\/03\/Fauteuil-Barbier-Vintage-Gentleman-Noir-1.webp","type":"image\/webp"}],"twitter_card":"summary_large_image","twitter_site":"@groupecoiff","twitter_misc":{"Availability":"In stock"},"schema":{"@context":"https:\/\/schema.org","@graph":[{"@type":"WebPage","@id":"https:\/\/groupecoiff.com\/en\/produit\/fauteuil-barbier-vintage-gentleman\/","url":"https:\/\/groupecoiff.com\/en\/produit\/fauteuil-barbier-vintage-gentleman\/","name":"Gentleman Vintage Barber Chair in Fire-Resistant Faux Leather - Groupe Coiff","isPartOf":{"@id":"https:\/\/groupecoiff.com\/#website"},"primaryImageOfPage":{"@id":"https:\/\/groupecoiff.com\/en\/produit\/fauteuil-barbier-vintage-gentleman\/#primaryimage"},"image":{"@id":"https:\/\/groupecoiff.com\/en\/produit\/fauteuil-barbier-vintage-gentleman\/#primaryimage"},"thumbnailUrl":"https:\/\/groupecoiff.com\/wp-content\/uploads\/2024\/03\/Fauteuil-Barbier-Vintage-Gentleman-Noir-1.webp","datePublished":"2024-03-08T07:10:04+00:00","dateModified":"2026-04-10T11:04:42+00:00","description":"Enjoy absolute comfort with the Gentleman Vintage Barber Chair. Upholstered in M2 fire-resistant faux leather, it will bring a touch of elegance to your salon \ud83e\udd29","breadcrumb":{"@id":"https:\/\/groupecoiff.com\/en\/produit\/fauteuil-barbier-vintage-gentleman\/#breadcrumb"},"inLanguage":"en-US","potentialAction":[{"@type":"ReadAction","target":["https:\/\/groupecoiff.com\/en\/produit\/fauteuil-barbier-vintage-gentleman\/"]}]},{"@type":"ImageObject","inLanguage":"en-US","@id":"https:\/\/groupecoiff.com\/en\/produit\/fauteuil-barbier-vintage-gentleman\/#primaryimage","url":"https:\/\/groupecoiff.com\/wp-content\/uploads\/2024\/03\/Fauteuil-Barbier-Vintage-Gentleman-Noir-1.webp","contentUrl":"https:\/\/groupecoiff.com\/wp-content\/uploads\/2024\/03\/Fauteuil-Barbier-Vintage-Gentleman-Noir-1.webp","width":1080,"height":1080,"caption":"Fauteuil Barbier Vintage Gentleman - chaise barbier vintage Gentleman - fauteuil de coiffure vintage Gentleman - Chaise de coiffure vintage Gentleman - Mobilier de coiffure haut de gamme"},{"@type":"BreadcrumbList","@id":"https:\/\/groupecoiff.com\/en\/produit\/fauteuil-barbier-vintage-gentleman\/#breadcrumb","itemListElement":[{"@type":"ListItem","position":1,"name":"Accueil","item":"https:\/\/groupecoiff.com\/"},{"@type":"ListItem","position":2,"name":"Boutique","item":"https:\/\/groupecoiff.com\/en\/boutique\/"},{"@type":"ListItem","position":3,"name":"Fauteuil Barbier Vintage Gentleman"}]},{"@type":"WebSite","@id":"https:\/\/groupecoiff.com\/#website","url":"https:\/\/groupecoiff.com\/","name":"Coiff Group","description":"Everything for the hairdresser","publisher":{"@id":"https:\/\/groupecoiff.com\/#organization"},"potentialAction":[{"@type":"SearchAction","target":{"@type":"EntryPoint","urlTemplate":"https:\/\/groupecoiff.com\/?s={search_term_string}"},"query-input":{"@type":"PropertyValueSpecification","valueRequired":true,"valueName":"search_term_string"}}],"inLanguage":"en-US"},{"@type":"Organization","@id":"https:\/\/groupecoiff.com\/#organization","name":"Coiff Group","alternateName":"Groupe Coiff : Le Mobilier De Coiffure Haut de Gamme Pour Une \u00c9l\u00e9gance In\u00e9gal\u00e9e","url":"https:\/\/groupecoiff.com\/","logo":{"@type":"ImageObject","inLanguage":"en-US","@id":"https:\/\/groupecoiff.com\/#\/schema\/logo\/image\/","url":"https:\/\/groupecoiff.com\/wp-content\/uploads\/2024\/01\/cropped-Groupe-Coiff-Logo.webp","contentUrl":"https:\/\/groupecoiff.com\/wp-content\/uploads\/2024\/01\/cropped-Groupe-Coiff-Logo.webp","width":512,"height":512,"caption":"Groupe Coiff"},"image":{"@id":"https:\/\/groupecoiff.com\/#\/schema\/logo\/image\/"},"sameAs":["https:\/\/www.facebook.com\/GroupeCoiff","https:\/\/x.com\/groupecoiff","https:\/\/www.instagram.com\/groupecoiff\/","https:\/\/www.tiktok.com\/@groupecoiff","https:\/\/www.youtube.com\/@groupecoiff","https:\/\/twitter.com\/groupecoiff","https:\/\/www.leboncoin.fr\/boutique\/3961302\/groupe_coiff.htm"],"description":"Discover Groupe Coiff's top-of-the-range hairdressing furniture, combining elegance and functionality to enhance your salon and satisfy your customers.","email":"contact@groupecoiff.com","telephone":"0676951605","legalName":"Groupe Coiff","foundingDate":"2022-11-16","vatID":"FR84921406419","taxID":"92140641900025"}]},"og_availability":"instock","product_availability":"instock","product_condition":"new"},"jetpack_publicize_connections":[],"jetpack_likes_enabled":true,"jetpack_sharing_enabled":true,"_links":{"self":[{"href":"https:\/\/groupecoiff.com\/en\/wp-json\/wp\/v2\/product\/31525","targetHints":{"allow":["GET"]}}],"collection":[{"href":"https:\/\/groupecoiff.com\/en\/wp-json\/wp\/v2\/product"}],"about":[{"href":"https:\/\/groupecoiff.com\/en\/wp-json\/wp\/v2\/types\/product"}],"replies":[{"embeddable":true,"href":"https:\/\/groupecoiff.com\/en\/wp-json\/wp\/v2\/comments?post=31525"}],"version-history":[{"count":2,"href":"https:\/\/groupecoiff.com\/en\/wp-json\/wp\/v2\/product\/31525\/revisions"}],"predecessor-version":[{"id":52093,"href":"https:\/\/groupecoiff.com\/en\/wp-json\/wp\/v2\/product\/31525\/revisions\/52093"}],"wp:featuredmedia":[{"embeddable":true,"href":"https:\/\/groupecoiff.com\/en\/wp-json\/wp\/v2\/media\/31571"}],"wp:attachment":[{"href":"https:\/\/groupecoiff.com\/en\/wp-json\/wp\/v2\/media?parent=31525"}],"wp:term":[{"taxonomy":"product_brand","embeddable":true,"href":"https:\/\/groupecoiff.com\/en\/wp-json\/wp\/v2\/product_brand?post=31525"},{"taxonomy":"product_cat","embeddable":true,"href":"https:\/\/groupecoiff.com\/en\/wp-json\/wp\/v2\/product_cat?post=31525"},{"taxonomy":"product_tag","embeddable":true,"href":"https:\/\/groupecoiff.com\/en\/wp-json\/wp\/v2\/product_tag?post=31525"}],"curies":[{"name":"wp","href":"https:\/\/api.w.org\/{rel}","templated":true}]}}