{"id":31532,"date":"2024-03-08T13:38:30","date_gmt":"2024-03-08T12:38:30","guid":{"rendered":"https:\/\/groupecoiff.com\/?post_type=product&#038;p=31532"},"modified":"2024-05-08T02:43:35","modified_gmt":"2024-05-08T00:43:35","slug":"kingston-vintage-barber-chair","status":"publish","type":"product","link":"https:\/\/groupecoiff.com\/en\/produit\/fauteuil-barbier-vintage-kingston\/","title":{"rendered":"Fauteuil barbier vintage KINGSTON"},"content":{"rendered":"<ul class=\"list-disc pl-8 space-y-2 -mt-1\">\n<li class=\"whitespace-normal break-words\">\n<h3 class=\"font-bold\">KINGSTON Vintage Barber Chair: Comfort and Elegance Reunited<\/h3>\n<\/li>\n<\/ul>\n<p class=\"whitespace-pre-wrap break-words\"><strong>Industrial Design, Optimal Comfort<\/strong><\/p>\n<ul class=\"list-disc pl-8 space-y-2 -mt-1\">\n<li class=\"whitespace-normal break-words\">The vintage KINGSTON barber chair elegantly combines trendy industrial design with optimum comfort, for professional shaving sessions of the highest standard.<\/li>\n<\/ul>\n<p class=\"whitespace-pre-wrap break-words\"><strong>Side control handle for personalized comfort<\/strong><\/p>\n<ul class=\"list-disc pl-8 space-y-2 -mt-1\">\n<li class=\"whitespace-normal break-words\">Thanks to its side-mounted control handle, this vintage barber's chair offers easy backrest adjustment for customized comfort.<\/li>\n<\/ul>\n<p class=\"whitespace-pre-wrap break-words\"><strong>Stability and style guaranteed<\/strong><\/p>\n<ul class=\"list-disc pl-8 space-y-2 -mt-1\">\n<li class=\"whitespace-normal break-words\">Its chrome-plated steel base guarantees perfect stability<\/li>\n<li class=\"whitespace-normal break-words\">Its M2 fireproof leatherette covering with black stitching adds an incomparable touch of style to your space.<\/li>\n<\/ul>\n<ul class=\"list-disc pl-8 space-y-2 -mt-1\">\n<li class=\"whitespace-normal break-words\">Barber tub adaptor (Option: Sold separately)* (Option: Sold separately)* (Option: Sold separately)* (Option: Sold separately)* (Option: Sold separately)*)<\/li>\n<\/ul>\n<p class=\"whitespace-pre-wrap break-words\">Complete your equipment with a removable, height-adjustable barber bowl, ideal for shampooing and hair care.<\/p>\n<ul class=\"list-disc pl-8 space-y-2 -mt-1\">\n<li class=\"whitespace-normal break-words\">High-end features:*<\/li>\n<\/ul>\n<ul class=\"list-disc pl-8 space-y-2 -mt-1\">\n<li class=\"whitespace-normal break-words\">Polished aluminum armrests and wood-trimmed grips<\/li>\n<li class=\"whitespace-normal break-words\">Height-adjustable headrest for optimum comfort<\/li>\n<li class=\"whitespace-normal break-words\">Dimensions : Largeur 65 cm, Profondeur 105 \u00e0 121 cm, Hauteur d&rsquo;assise 58 \u00e0 71 cm, Profondeur d&rsquo;assise 48 cm, Hauteur dossier 44 cm<\/li>\n<li class=\"whitespace-normal break-words\">Available in a range of trendy colors<\/li>\n<\/ul>","protected":false},"excerpt":{"rendered":"<p>Discover the vintage KINGSTON barber chair combining industrial design and ultimate comfort. Its elegant appearance and M2 fire-resistant faux-leather upholstery will win you over\ud83d\udc88<\/p>","protected":false},"featured_media":31537,"comment_status":"open","ping_status":"closed","template":"","meta":{"googlesitekit_rrm_CAow0YCiDA:productID":"","jetpack_post_was_ever_published":false,"jetpack_publicize_message":"","jetpack_publicize_feature_enabled":true,"jetpack_social_post_already_shared":true,"jetpack_social_options":{"image_generator_settings":{"template":"highway","default_image_id":0,"font":"","enabled":false},"version":2}},"product_brand":[],"product_cat":[51,313],"product_tag":[],"class_list":{"0":"post-31532","1":"product","2":"type-product","3":"status-publish","4":"has-post-thumbnail","6":"product_cat-fauteuil-de-barbier-professionnel","7":"product_cat-meuble-de-coiffure","9":"first","10":"instock","11":"featured","12":"taxable","13":"shipping-taxable","14":"purchasable","15":"product-type-variable"},"yoast_head":"<!-- This site is optimized with the Yoast SEO Premium plugin v27.5 (Yoast SEO v27.5) - https:\/\/yoast.com\/product\/yoast-seo-premium-wordpress\/ -->\n<title>fauteuil barbier vintage KINGSTON: stabilit\u00e9 et style garantis - Groupe Coiff<\/title>\n<meta name=\"description\" content=\"Apportez une touche r\u00e9tro \u00e0 votre espace avec le fauteuil barbier vintage KINGSTON. Rev\u00eatement simili-cuir anti-feu M2 pour une tranquillit\u00e9 assur\u00e9e. \ud83e\udd29\" \/>\n<meta name=\"robots\" content=\"index, follow, max-snippet:-1, max-image-preview:large, max-video-preview:-1\" \/>\n<link rel=\"canonical\" href=\"https:\/\/groupecoiff.com\/en\/product-2\/kingston-vintage-barber-chair\/\" \/>\n<meta property=\"og:locale\" content=\"en_US\" \/>\n<meta property=\"og:type\" content=\"article\" \/>\n<meta property=\"og:title\" content=\"Fauteuil barbier vintage KINGSTON\" \/>\n<meta property=\"og:description\" content=\"Apportez une touche r\u00e9tro \u00e0 votre espace avec le fauteuil barbier vintage KINGSTON. Rev\u00eatement simili-cuir anti-feu M2 pour une tranquillit\u00e9 assur\u00e9e. \ud83e\udd29\" \/>\n<meta property=\"og:url\" content=\"https:\/\/groupecoiff.com\/en\/product-2\/kingston-vintage-barber-chair\/\" \/>\n<meta property=\"og:site_name\" content=\"Groupe Coiff\" \/>\n<meta property=\"article:publisher\" content=\"https:\/\/www.facebook.com\/GroupeCoiff\" \/>\n<meta property=\"article:modified_time\" content=\"2024-05-08T00:43:35+00:00\" \/>\n<meta property=\"og:image\" content=\"https:\/\/groupecoiff.com\/wp-content\/uploads\/2024\/03\/Fauteuil-Barbier-Vintage-KINGSTON-5.webp\" \/>\n\t<meta property=\"og:image:width\" content=\"1080\" \/>\n\t<meta property=\"og:image:height\" content=\"1080\" \/>\n\t<meta property=\"og:image:type\" content=\"image\/webp\" \/>\n<meta name=\"twitter:card\" content=\"summary_large_image\" \/>\n<meta name=\"twitter:site\" content=\"@groupecoiff\" \/>\n<meta name=\"twitter:label1\" content=\"Availability\" \/>\n\t<meta name=\"twitter:data1\" content=\"In stock\" \/>\n<script type=\"application\/ld+json\" class=\"yoast-schema-graph\">{\"@context\":\"https:\\\/\\\/schema.org\",\"@graph\":[{\"@type\":\"WebPage\",\"@id\":\"https:\\\/\\\/groupecoiff.com\\\/en\\\/produit\\\/fauteuil-barbier-vintage-kingston\\\/\",\"url\":\"https:\\\/\\\/groupecoiff.com\\\/en\\\/produit\\\/fauteuil-barbier-vintage-kingston\\\/\",\"name\":\"fauteuil barbier vintage KINGSTON: stabilit\u00e9 et style garantis - Groupe Coiff\",\"isPartOf\":{\"@id\":\"https:\\\/\\\/groupecoiff.com\\\/#website\"},\"primaryImageOfPage\":{\"@id\":\"https:\\\/\\\/groupecoiff.com\\\/en\\\/produit\\\/fauteuil-barbier-vintage-kingston\\\/#primaryimage\"},\"image\":{\"@id\":\"https:\\\/\\\/groupecoiff.com\\\/en\\\/produit\\\/fauteuil-barbier-vintage-kingston\\\/#primaryimage\"},\"thumbnailUrl\":\"https:\\\/\\\/groupecoiff.com\\\/wp-content\\\/uploads\\\/2024\\\/03\\\/Fauteuil-Barbier-Vintage-KINGSTON-5.webp\",\"datePublished\":\"2024-03-08T12:38:30+00:00\",\"dateModified\":\"2024-05-08T00:43:35+00:00\",\"description\":\"Apportez une touche r\u00e9tro \u00e0 votre espace avec le fauteuil barbier vintage KINGSTON. Rev\u00eatement simili-cuir anti-feu M2 pour une tranquillit\u00e9 assur\u00e9e. \ud83e\udd29\",\"breadcrumb\":{\"@id\":\"https:\\\/\\\/groupecoiff.com\\\/en\\\/produit\\\/fauteuil-barbier-vintage-kingston\\\/#breadcrumb\"},\"inLanguage\":\"en-US\",\"potentialAction\":[{\"@type\":\"ReadAction\",\"target\":[\"https:\\\/\\\/groupecoiff.com\\\/en\\\/produit\\\/fauteuil-barbier-vintage-kingston\\\/\"]}]},{\"@type\":\"ImageObject\",\"inLanguage\":\"en-US\",\"@id\":\"https:\\\/\\\/groupecoiff.com\\\/en\\\/produit\\\/fauteuil-barbier-vintage-kingston\\\/#primaryimage\",\"url\":\"https:\\\/\\\/groupecoiff.com\\\/wp-content\\\/uploads\\\/2024\\\/03\\\/Fauteuil-Barbier-Vintage-KINGSTON-5.webp\",\"contentUrl\":\"https:\\\/\\\/groupecoiff.com\\\/wp-content\\\/uploads\\\/2024\\\/03\\\/Fauteuil-Barbier-Vintage-KINGSTON-5.webp\",\"width\":1080,\"height\":1080,\"caption\":\"fauteuil barbier vintage KINGSTON - chaise barbier vintage KINGSTON - fauteuil de coiffure KINGSTON - mobilier de coiffure haut de gamme - Chaise de coiffure KINGSTON\"},{\"@type\":\"BreadcrumbList\",\"@id\":\"https:\\\/\\\/groupecoiff.com\\\/en\\\/produit\\\/fauteuil-barbier-vintage-kingston\\\/#breadcrumb\",\"itemListElement\":[{\"@type\":\"ListItem\",\"position\":1,\"name\":\"Accueil\",\"item\":\"https:\\\/\\\/groupecoiff.com\\\/\"},{\"@type\":\"ListItem\",\"position\":2,\"name\":\"Boutique\",\"item\":\"https:\\\/\\\/groupecoiff.com\\\/en\\\/boutique\\\/\"},{\"@type\":\"ListItem\",\"position\":3,\"name\":\"Fauteuil barbier vintage KINGSTON\"}]},{\"@type\":\"WebSite\",\"@id\":\"https:\\\/\\\/groupecoiff.com\\\/#website\",\"url\":\"https:\\\/\\\/groupecoiff.com\\\/\",\"name\":\"Groupe Coiff\",\"description\":\"Tout pour la coiffure\",\"publisher\":{\"@id\":\"https:\\\/\\\/groupecoiff.com\\\/#organization\"},\"potentialAction\":[{\"@type\":\"SearchAction\",\"target\":{\"@type\":\"EntryPoint\",\"urlTemplate\":\"https:\\\/\\\/groupecoiff.com\\\/?s={search_term_string}\"},\"query-input\":{\"@type\":\"PropertyValueSpecification\",\"valueRequired\":true,\"valueName\":\"search_term_string\"}}],\"inLanguage\":\"en-US\"},{\"@type\":\"Organization\",\"@id\":\"https:\\\/\\\/groupecoiff.com\\\/#organization\",\"name\":\"Groupe Coiff\",\"alternateName\":\"Groupe Coiff : Le Mobilier De Coiffure Haut de Gamme Pour Une \u00c9l\u00e9gance In\u00e9gal\u00e9e\",\"url\":\"https:\\\/\\\/groupecoiff.com\\\/\",\"logo\":{\"@type\":\"ImageObject\",\"inLanguage\":\"en-US\",\"@id\":\"https:\\\/\\\/groupecoiff.com\\\/#\\\/schema\\\/logo\\\/image\\\/\",\"url\":\"https:\\\/\\\/groupecoiff.com\\\/wp-content\\\/uploads\\\/2024\\\/01\\\/cropped-Groupe-Coiff-Logo.webp\",\"contentUrl\":\"https:\\\/\\\/groupecoiff.com\\\/wp-content\\\/uploads\\\/2024\\\/01\\\/cropped-Groupe-Coiff-Logo.webp\",\"width\":512,\"height\":512,\"caption\":\"Groupe Coiff\"},\"image\":{\"@id\":\"https:\\\/\\\/groupecoiff.com\\\/#\\\/schema\\\/logo\\\/image\\\/\"},\"sameAs\":[\"https:\\\/\\\/www.facebook.com\\\/GroupeCoiff\",\"https:\\\/\\\/x.com\\\/groupecoiff\",\"https:\\\/\\\/www.instagram.com\\\/groupecoiff\\\/\",\"https:\\\/\\\/www.tiktok.com\\\/@groupecoiff\",\"https:\\\/\\\/www.youtube.com\\\/@groupecoiff\",\"https:\\\/\\\/twitter.com\\\/groupecoiff\",\"https:\\\/\\\/www.leboncoin.fr\\\/boutique\\\/3961302\\\/groupe_coiff.htm\"],\"description\":\"D\u00e9couvrez le mobilier de coiffure haut de gamme de Groupe Coiff, alliant \u00e9l\u00e9gance et fonctionnalit\u00e9 pour sublimer votre salon et satisfaire vos clients.\",\"email\":\"contact@groupecoiff.com\",\"telephone\":\"0676951605\",\"legalName\":\"Groupe Coiff\",\"foundingDate\":\"2022-11-16\",\"vatID\":\"FR84921406419\",\"taxID\":\"92140641900025\"}]}<\/script>\n<meta property=\"og:availability\" content=\"instock\" \/>\n<meta property=\"product:availability\" content=\"instock\" \/>\n<meta property=\"product:condition\" content=\"new\" \/>\n<!-- \/ Yoast SEO Premium plugin. -->","yoast_head_json":{"title":"KINGSTON vintage barber chair: stability and style guaranteed - Groupe Coiff","description":"Bring a retro touch to your space with the vintage KINGSTON barber chair. M2 fireproof faux-leather upholstery for peace of mind. \ud83e\udd29","robots":{"index":"index","follow":"follow","max-snippet":"max-snippet:-1","max-image-preview":"max-image-preview:large","max-video-preview":"max-video-preview:-1"},"canonical":"https:\/\/groupecoiff.com\/en\/product-2\/kingston-vintage-barber-chair\/","og_locale":"en_US","og_type":"article","og_title":"Fauteuil barbier vintage KINGSTON","og_description":"Apportez une touche r\u00e9tro \u00e0 votre espace avec le fauteuil barbier vintage KINGSTON. Rev\u00eatement simili-cuir anti-feu M2 pour une tranquillit\u00e9 assur\u00e9e. \ud83e\udd29","og_url":"https:\/\/groupecoiff.com\/en\/product-2\/kingston-vintage-barber-chair\/","og_site_name":"Groupe Coiff","article_publisher":"https:\/\/www.facebook.com\/GroupeCoiff","article_modified_time":"2024-05-08T00:43:35+00:00","og_image":[{"width":1080,"height":1080,"url":"https:\/\/groupecoiff.com\/wp-content\/uploads\/2024\/03\/Fauteuil-Barbier-Vintage-KINGSTON-5.webp","type":"image\/webp"}],"twitter_card":"summary_large_image","twitter_site":"@groupecoiff","twitter_misc":{"Availability":"In stock"},"schema":{"@context":"https:\/\/schema.org","@graph":[{"@type":"WebPage","@id":"https:\/\/groupecoiff.com\/en\/produit\/fauteuil-barbier-vintage-kingston\/","url":"https:\/\/groupecoiff.com\/en\/produit\/fauteuil-barbier-vintage-kingston\/","name":"KINGSTON vintage barber chair: stability and style guaranteed - Groupe Coiff","isPartOf":{"@id":"https:\/\/groupecoiff.com\/#website"},"primaryImageOfPage":{"@id":"https:\/\/groupecoiff.com\/en\/produit\/fauteuil-barbier-vintage-kingston\/#primaryimage"},"image":{"@id":"https:\/\/groupecoiff.com\/en\/produit\/fauteuil-barbier-vintage-kingston\/#primaryimage"},"thumbnailUrl":"https:\/\/groupecoiff.com\/wp-content\/uploads\/2024\/03\/Fauteuil-Barbier-Vintage-KINGSTON-5.webp","datePublished":"2024-03-08T12:38:30+00:00","dateModified":"2024-05-08T00:43:35+00:00","description":"Bring a retro touch to your space with the vintage KINGSTON barber chair. M2 fireproof faux-leather upholstery for peace of mind. \ud83e\udd29","breadcrumb":{"@id":"https:\/\/groupecoiff.com\/en\/produit\/fauteuil-barbier-vintage-kingston\/#breadcrumb"},"inLanguage":"en-US","potentialAction":[{"@type":"ReadAction","target":["https:\/\/groupecoiff.com\/en\/produit\/fauteuil-barbier-vintage-kingston\/"]}]},{"@type":"ImageObject","inLanguage":"en-US","@id":"https:\/\/groupecoiff.com\/en\/produit\/fauteuil-barbier-vintage-kingston\/#primaryimage","url":"https:\/\/groupecoiff.com\/wp-content\/uploads\/2024\/03\/Fauteuil-Barbier-Vintage-KINGSTON-5.webp","contentUrl":"https:\/\/groupecoiff.com\/wp-content\/uploads\/2024\/03\/Fauteuil-Barbier-Vintage-KINGSTON-5.webp","width":1080,"height":1080,"caption":"fauteuil barbier vintage KINGSTON - chaise barbier vintage KINGSTON - fauteuil de coiffure KINGSTON - mobilier de coiffure haut de gamme - Chaise de coiffure KINGSTON"},{"@type":"BreadcrumbList","@id":"https:\/\/groupecoiff.com\/en\/produit\/fauteuil-barbier-vintage-kingston\/#breadcrumb","itemListElement":[{"@type":"ListItem","position":1,"name":"Accueil","item":"https:\/\/groupecoiff.com\/"},{"@type":"ListItem","position":2,"name":"Boutique","item":"https:\/\/groupecoiff.com\/en\/boutique\/"},{"@type":"ListItem","position":3,"name":"Fauteuil barbier vintage KINGSTON"}]},{"@type":"WebSite","@id":"https:\/\/groupecoiff.com\/#website","url":"https:\/\/groupecoiff.com\/","name":"Coiff Group","description":"Everything for the hairdresser","publisher":{"@id":"https:\/\/groupecoiff.com\/#organization"},"potentialAction":[{"@type":"SearchAction","target":{"@type":"EntryPoint","urlTemplate":"https:\/\/groupecoiff.com\/?s={search_term_string}"},"query-input":{"@type":"PropertyValueSpecification","valueRequired":true,"valueName":"search_term_string"}}],"inLanguage":"en-US"},{"@type":"Organization","@id":"https:\/\/groupecoiff.com\/#organization","name":"Coiff Group","alternateName":"Groupe Coiff : Le Mobilier De Coiffure Haut de Gamme Pour Une \u00c9l\u00e9gance In\u00e9gal\u00e9e","url":"https:\/\/groupecoiff.com\/","logo":{"@type":"ImageObject","inLanguage":"en-US","@id":"https:\/\/groupecoiff.com\/#\/schema\/logo\/image\/","url":"https:\/\/groupecoiff.com\/wp-content\/uploads\/2024\/01\/cropped-Groupe-Coiff-Logo.webp","contentUrl":"https:\/\/groupecoiff.com\/wp-content\/uploads\/2024\/01\/cropped-Groupe-Coiff-Logo.webp","width":512,"height":512,"caption":"Groupe Coiff"},"image":{"@id":"https:\/\/groupecoiff.com\/#\/schema\/logo\/image\/"},"sameAs":["https:\/\/www.facebook.com\/GroupeCoiff","https:\/\/x.com\/groupecoiff","https:\/\/www.instagram.com\/groupecoiff\/","https:\/\/www.tiktok.com\/@groupecoiff","https:\/\/www.youtube.com\/@groupecoiff","https:\/\/twitter.com\/groupecoiff","https:\/\/www.leboncoin.fr\/boutique\/3961302\/groupe_coiff.htm"],"description":"Discover Groupe Coiff's top-of-the-range hairdressing furniture, combining elegance and functionality to enhance your salon and satisfy your customers.","email":"contact@groupecoiff.com","telephone":"0676951605","legalName":"Groupe Coiff","foundingDate":"2022-11-16","vatID":"FR84921406419","taxID":"92140641900025"}]},"og_availability":"instock","product_availability":"instock","product_condition":"new"},"jetpack_publicize_connections":[],"jetpack_likes_enabled":true,"jetpack_sharing_enabled":true,"_links":{"self":[{"href":"https:\/\/groupecoiff.com\/en\/wp-json\/wp\/v2\/product\/31532","targetHints":{"allow":["GET"]}}],"collection":[{"href":"https:\/\/groupecoiff.com\/en\/wp-json\/wp\/v2\/product"}],"about":[{"href":"https:\/\/groupecoiff.com\/en\/wp-json\/wp\/v2\/types\/product"}],"replies":[{"embeddable":true,"href":"https:\/\/groupecoiff.com\/en\/wp-json\/wp\/v2\/comments?post=31532"}],"version-history":[{"count":0,"href":"https:\/\/groupecoiff.com\/en\/wp-json\/wp\/v2\/product\/31532\/revisions"}],"wp:featuredmedia":[{"embeddable":true,"href":"https:\/\/groupecoiff.com\/en\/wp-json\/wp\/v2\/media\/31537"}],"wp:attachment":[{"href":"https:\/\/groupecoiff.com\/en\/wp-json\/wp\/v2\/media?parent=31532"}],"wp:term":[{"taxonomy":"product_brand","embeddable":true,"href":"https:\/\/groupecoiff.com\/en\/wp-json\/wp\/v2\/product_brand?post=31532"},{"taxonomy":"product_cat","embeddable":true,"href":"https:\/\/groupecoiff.com\/en\/wp-json\/wp\/v2\/product_cat?post=31532"},{"taxonomy":"product_tag","embeddable":true,"href":"https:\/\/groupecoiff.com\/en\/wp-json\/wp\/v2\/product_tag?post=31532"}],"curies":[{"name":"wp","href":"https:\/\/api.w.org\/{rel}","templated":true}]}}