{"id":31656,"date":"2024-03-17T20:40:57","date_gmt":"2024-03-17T19:40:57","guid":{"rendered":"https:\/\/groupecoiff.com\/?post_type=product&#038;p=31656"},"modified":"2025-09-11T07:41:19","modified_gmt":"2025-09-11T05:41:19","slug":"fauteuil-de-soins-electrique-tempo-4","status":"publish","type":"product","link":"https:\/\/groupecoiff.com\/en\/produit\/fauteuil-de-soins-electrique-tempo-4\/","title":{"rendered":"Tempo 4 beauty care chair"},"content":{"rendered":"<div class=\"group relative pt-3.5 pb-[1.125rem] px-4 relative rounded-2xl -tracking-[0.015em] bg-[linear-gradient(to_bottom,_hsla(var(--bg-000)\/0.75)_0%,_hsla(var(--bg-000)_\/_0)_90%)] before:absolute before:inset-0 before:bg-[radial-gradient(ellipse_at_left_top,_hsla(var(--bg-000)\/0.5)_0%,_hsla(var(--bg-000)\/0.3)_60%)] before:rounded-2xl before:border-[0.5px] before:border-[hsla(var(--border-100)\/0.15)] before:shadow-[0_4px_24px_rgba(0,0,0,0.015)] before:[transition:opacity_150ms_ease-out,_transform_250ms_cubic-bezier(0.695,0.555,0.655,1.650)] before:z-0 before:data-[is-streaming=&quot;true&quot;]:opacity-0 before:data-[is-streaming=&quot;true&quot;]:scale-[0.995]\" data-is-streaming=\"false\">\n<div class=\"font-claude-message pr-4 md:pr-9 relative overflow-x-auto leading-[1.65rem] [&amp;_pre&gt;div]:bg-bg-300 [&amp;_pre]:-mr-4 md:[&amp;_pre]:-mr-9\">\n<div>\n<div class=\"grid grid-col-1 gap-2.5 [&amp;_pre]:min-w-0\">\n<ul>\n<li class=\"font-bold\"><strong>Fauteuil de soins \u00e9lectrique Tempo 4 : Confort et Polyvalence<\/strong><\/li>\n<\/ul>\n<p class=\"whitespace-pre-wrap break-words\">Le fauteuil de soins esth\u00e9tique Tempo 4 garantit un confort sup\u00e9rieur pour vos clients. \u00c9quip\u00e9 de 4 moteurs, il offre une polyvalence exceptionnelle pour chaque s\u00e9ance.<\/p>\n<h5><strong>Polyvalence et Confort<\/strong><\/h5>\n<p class=\"whitespace-pre-wrap break-words\">V\u00e9ritable concentr\u00e9 de technologies haut de gamme, le fauteuil d&rsquo;esth\u00e9tique professionnelle Tempo 4 assure \u00e0 vos clients une exp\u00e9rience de soin des plus agr\u00e9ables. Dot\u00e9 de boutons int\u00e9gr\u00e9s pour un contr\u00f4le total des mouvements ainsi que d&rsquo;une t\u00e9l\u00e9commande permettant un r\u00e9glage d&rsquo;une pr\u00e9cision ultime, il conjugue polyvalence et confort absolu.<\/p>\n<h5><strong>Adaptabilit\u00e9 et Praticit\u00e9<\/strong><\/h5>\n<ul class=\"list-disc pl-8 space-y-2 -mt-1\">\n<li class=\"whitespace-normal break-words\">Hauteur r\u00e9glable pour s&rsquo;adapter \u00e0 toutes les morphologies<\/li>\n<li class=\"whitespace-normal break-words\">Dossier inclinable pour un confort optimal<\/li>\n<li class=\"whitespace-normal break-words\">Accoudoirs rabattables apportant une praticit\u00e9 incomparable<\/li>\n<\/ul>\n<p class=\"whitespace-pre-wrap break-words\">Cette table de soin \u00e9lectrique Tempo 4 se plie en un tour de main \u00e0 tous vos besoins.<\/p>\n<h5><strong>Options Disponibles<\/strong><\/h5>\n<ul class=\"list-disc pl-8 space-y-2 -mt-1\">\n<li class=\"whitespace-normal break-words\">Syst\u00e8me de contr\u00f4le au pied pour un maniement encore plus ais\u00e9<\/li>\n<li class=\"whitespace-normal break-words\">Roues en caoutchouc pour une mobilit\u00e9 accrue<\/li>\n<li class=\"whitespace-normal break-words\">Support de rouleau int\u00e9gr\u00e9<\/li>\n<li class=\"whitespace-normal break-words\">Housse de protection pour une long\u00e9vit\u00e9 pr\u00e9serv\u00e9e<\/li>\n<li class=\"whitespace-normal break-words\">Syst\u00e8me de chauffage diffusant une douce chaleur<\/li>\n<\/ul>\n<p class=\"whitespace-pre-wrap break-words\">Personnalisez ce mobilier d&rsquo;esth\u00e9tique haut de gamme selon vos exigences gr\u00e2ce aux multiples options disponibles.<\/p>\n<p>&nbsp;<\/p>\n<\/div>\n<h6 style=\"text-align: center;\"><strong><span style=\"color: #808000;\"><a style=\"color: #808000;\" href=\"https:\/\/groupecoiff.com\/wp-content\/uploads\/2024\/03\/Fiche-Technique-TEMPO-4.pdf\">Fiche Technique TEMPO 4<\/a><\/span><\/strong><\/h6>\n<\/div>\n<\/div>\n<\/div>\n","protected":false},"excerpt":{"rendered":"<p>Transformez vos s\u00e9ances avec le fauteuil de soins esth\u00e9tique Tempo 4. Assurez confort et satisfaction \u00e0 votre client\u00e8le avec cette merveille technologique.<\/p>","protected":false},"featured_media":44561,"comment_status":"open","ping_status":"closed","template":"","meta":{"googlesitekit_rrm_CAow0YCiDA:productID":"","jetpack_post_was_ever_published":false,"jetpack_publicize_message":"","jetpack_publicize_feature_enabled":true,"jetpack_social_post_already_shared":true,"jetpack_social_options":{"image_generator_settings":{"template":"highway","default_image_id":0,"font":"","enabled":false},"version":2}},"product_brand":[576],"product_cat":[486,61],"product_tag":[369,370,368,363],"class_list":{"0":"post-31656","1":"product","2":"type-product","3":"status-publish","4":"has-post-thumbnail","6":"product_brand-weelko","7":"product_cat-fauteuil-de-soins-esthetique","8":"product_cat-mobilier-esthetique","9":"product_tag-fauteuil-de-soins-electrique","10":"product_tag-fauteuil-esthetique-electrique","11":"product_tag-mobilier-esthetique-professionnel","12":"product_tag-table-de-soins-esthetique","14":"first","15":"instock","16":"sale","17":"featured","18":"taxable","19":"shipping-taxable","20":"purchasable","21":"product-type-simple"},"yoast_head":"<!-- This site is optimized with the Yoast SEO Premium plugin v27.4 (Yoast SEO v27.4) - https:\/\/yoast.com\/product\/yoast-seo-premium-wordpress\/ -->\n<title>Fauteuil de soins esth\u00e9tique Tempo 4 avec 4 Moteurs - Groupe Coiff<\/title>\n<meta name=\"description\" content=\"D\u00e9couvrez le fauteuil de soins esth\u00e9tique Tempo 4, alliant confort et innovation. Un choix parfait pour donner \u00e0 vos clients une exp\u00e9rience agr\u00e9able ! \u2728\" \/>\n<meta name=\"robots\" content=\"index, follow, max-snippet:-1, max-image-preview:large, max-video-preview:-1\" \/>\n<link rel=\"canonical\" href=\"https:\/\/groupecoiff.com\/en\/product-2\/fauteuil-de-soins-electrique-tempo-4\/\" \/>\n<meta property=\"og:locale\" content=\"en_US\" \/>\n<meta property=\"og:type\" content=\"article\" \/>\n<meta property=\"og:title\" content=\"Fauteuil de soins esth\u00e9tique Tempo 4\" \/>\n<meta property=\"og:description\" content=\"D\u00e9couvrez le fauteuil de soins esth\u00e9tique Tempo 4, alliant confort et innovation. Un choix parfait pour donner \u00e0 vos clients une exp\u00e9rience agr\u00e9able ! \u2728\" \/>\n<meta property=\"og:url\" content=\"https:\/\/groupecoiff.com\/en\/product-2\/fauteuil-de-soins-electrique-tempo-4\/\" \/>\n<meta property=\"og:site_name\" content=\"Groupe Coiff\" \/>\n<meta property=\"article:publisher\" content=\"https:\/\/www.facebook.com\/GroupeCoiff\" \/>\n<meta property=\"article:modified_time\" content=\"2025-09-11T05:41:19+00:00\" \/>\n<meta property=\"og:image\" content=\"https:\/\/groupecoiff.com\/wp-content\/uploads\/2024\/03\/Fauteuil-de-soins-esthetique-Tempo-6.webp\" \/>\n\t<meta property=\"og:image:width\" content=\"1025\" \/>\n\t<meta property=\"og:image:height\" content=\"1025\" \/>\n\t<meta property=\"og:image:type\" content=\"image\/webp\" \/>\n<meta name=\"twitter:card\" content=\"summary_large_image\" \/>\n<meta name=\"twitter:site\" content=\"@groupecoiff\" \/>\n<meta name=\"twitter:label1\" content=\"Price\" \/>\n\t<meta name=\"twitter:data1\" content=\"1749,00&nbsp;&euro;\" \/>\n\t<meta name=\"twitter:label2\" content=\"Availability\" \/>\n\t<meta name=\"twitter:data2\" content=\"In stock\" \/>\n<script type=\"application\/ld+json\" class=\"yoast-schema-graph\">{\"@context\":\"https:\\\/\\\/schema.org\",\"@graph\":[{\"@type\":\"WebPage\",\"@id\":\"https:\\\/\\\/groupecoiff.com\\\/produit\\\/fauteuil-de-soins-electrique-tempo-4\\\/\",\"url\":\"https:\\\/\\\/groupecoiff.com\\\/produit\\\/fauteuil-de-soins-electrique-tempo-4\\\/\",\"name\":\"Fauteuil de soins esth\u00e9tique Tempo 4 avec 4 Moteurs - Groupe Coiff\",\"isPartOf\":{\"@id\":\"https:\\\/\\\/groupecoiff.com\\\/#website\"},\"primaryImageOfPage\":{\"@id\":\"https:\\\/\\\/groupecoiff.com\\\/produit\\\/fauteuil-de-soins-electrique-tempo-4\\\/#primaryimage\"},\"image\":{\"@id\":\"https:\\\/\\\/groupecoiff.com\\\/produit\\\/fauteuil-de-soins-electrique-tempo-4\\\/#primaryimage\"},\"thumbnailUrl\":\"https:\\\/\\\/groupecoiff.com\\\/wp-content\\\/uploads\\\/2024\\\/03\\\/Fauteuil-de-soins-esthetique-Tempo-6.webp\",\"datePublished\":\"2024-03-17T19:40:57+00:00\",\"dateModified\":\"2025-09-11T05:41:19+00:00\",\"description\":\"D\u00e9couvrez le fauteuil de soins esth\u00e9tique Tempo 4, alliant confort et innovation. Un choix parfait pour donner \u00e0 vos clients une exp\u00e9rience agr\u00e9able ! \u2728\",\"breadcrumb\":{\"@id\":\"https:\\\/\\\/groupecoiff.com\\\/produit\\\/fauteuil-de-soins-electrique-tempo-4\\\/#breadcrumb\"},\"inLanguage\":\"en-US\",\"potentialAction\":[{\"@type\":\"ReadAction\",\"target\":[\"https:\\\/\\\/groupecoiff.com\\\/produit\\\/fauteuil-de-soins-electrique-tempo-4\\\/\"]}]},{\"@type\":\"ImageObject\",\"inLanguage\":\"en-US\",\"@id\":\"https:\\\/\\\/groupecoiff.com\\\/produit\\\/fauteuil-de-soins-electrique-tempo-4\\\/#primaryimage\",\"url\":\"https:\\\/\\\/groupecoiff.com\\\/wp-content\\\/uploads\\\/2024\\\/03\\\/Fauteuil-de-soins-esthetique-Tempo-6.webp\",\"contentUrl\":\"https:\\\/\\\/groupecoiff.com\\\/wp-content\\\/uploads\\\/2024\\\/03\\\/Fauteuil-de-soins-esthetique-Tempo-6.webp\",\"width\":1025,\"height\":1025,\"caption\":\"fauteuil de soins esth\u00e9tique Tempo 3\\\" - \\\"Fauteuil d'esth\u00e9tique \u00e9lectrique Tempo 3\\\" - \\\" table de soin \u00e9lectrique Tempo\\\" - \\\" table d'esth\u00e9tique professionnelle Tempo 3\\\" - \\\"Mobilier d'esth\u00e9tique haut de gamme\\\" - Table de d'esth\u00e9tique Tempo 3 - fauteuil de soins esth\u00e9tique Tempo 4\\\" - \\\"Fauteuil d'esth\u00e9tique \u00e9lectrique Tempo 4\\\" - \\\" table de soin \u00e9lectrique Tempo\\\" - \\\" table d'esth\u00e9tique professionnelle Tempo 4\\\" - \\\"Mobilier d'esth\u00e9tique haut de gamme\\\" - Table de d'esth\u00e9tique Tempo 4 -\"},{\"@type\":\"BreadcrumbList\",\"@id\":\"https:\\\/\\\/groupecoiff.com\\\/produit\\\/fauteuil-de-soins-electrique-tempo-4\\\/#breadcrumb\",\"itemListElement\":[{\"@type\":\"ListItem\",\"position\":1,\"name\":\"Accueil\",\"item\":\"https:\\\/\\\/groupecoiff.com\\\/\"},{\"@type\":\"ListItem\",\"position\":2,\"name\":\"Boutique\",\"item\":\"https:\\\/\\\/groupecoiff.com\\\/boutique\\\/\"},{\"@type\":\"ListItem\",\"position\":3,\"name\":\"Fauteuil de soins esth\u00e9tique Tempo 4\"}]},{\"@type\":\"WebSite\",\"@id\":\"https:\\\/\\\/groupecoiff.com\\\/#website\",\"url\":\"https:\\\/\\\/groupecoiff.com\\\/\",\"name\":\"Groupe Coiff\",\"description\":\"Tout pour la coiffure\",\"publisher\":{\"@id\":\"https:\\\/\\\/groupecoiff.com\\\/#organization\"},\"potentialAction\":[{\"@type\":\"SearchAction\",\"target\":{\"@type\":\"EntryPoint\",\"urlTemplate\":\"https:\\\/\\\/groupecoiff.com\\\/?s={search_term_string}\"},\"query-input\":{\"@type\":\"PropertyValueSpecification\",\"valueRequired\":true,\"valueName\":\"search_term_string\"}}],\"inLanguage\":\"en-US\"},{\"@type\":\"Organization\",\"@id\":\"https:\\\/\\\/groupecoiff.com\\\/#organization\",\"name\":\"Groupe Coiff\",\"alternateName\":\"Groupe Coiff : Le Mobilier De Coiffure Haut de Gamme Pour Une \u00c9l\u00e9gance In\u00e9gal\u00e9e\",\"url\":\"https:\\\/\\\/groupecoiff.com\\\/\",\"logo\":{\"@type\":\"ImageObject\",\"inLanguage\":\"en-US\",\"@id\":\"https:\\\/\\\/groupecoiff.com\\\/#\\\/schema\\\/logo\\\/image\\\/\",\"url\":\"https:\\\/\\\/groupecoiff.com\\\/wp-content\\\/uploads\\\/2024\\\/01\\\/cropped-Groupe-Coiff-Logo.webp\",\"contentUrl\":\"https:\\\/\\\/groupecoiff.com\\\/wp-content\\\/uploads\\\/2024\\\/01\\\/cropped-Groupe-Coiff-Logo.webp\",\"width\":512,\"height\":512,\"caption\":\"Groupe Coiff\"},\"image\":{\"@id\":\"https:\\\/\\\/groupecoiff.com\\\/#\\\/schema\\\/logo\\\/image\\\/\"},\"sameAs\":[\"https:\\\/\\\/www.facebook.com\\\/GroupeCoiff\",\"https:\\\/\\\/x.com\\\/groupecoiff\",\"https:\\\/\\\/www.instagram.com\\\/groupecoiff\\\/\",\"https:\\\/\\\/www.tiktok.com\\\/@groupecoiff\",\"https:\\\/\\\/www.youtube.com\\\/@groupecoiff\",\"https:\\\/\\\/twitter.com\\\/groupecoiff\",\"https:\\\/\\\/www.leboncoin.fr\\\/boutique\\\/3961302\\\/groupe_coiff.htm\"],\"description\":\"D\u00e9couvrez le mobilier de coiffure haut de gamme de Groupe Coiff, alliant \u00e9l\u00e9gance et fonctionnalit\u00e9 pour sublimer votre salon et satisfaire vos clients.\",\"email\":\"contact@groupecoiff.com\",\"telephone\":\"0676951605\",\"legalName\":\"Groupe Coiff\",\"foundingDate\":\"2022-11-16\",\"vatID\":\"FR84921406419\",\"taxID\":\"92140641900025\"}]}<\/script>\n<meta property=\"product:price:amount\" content=\"1749.00\" \/>\n<meta property=\"product:price:currency\" content=\"EUR\" \/>\n<meta property=\"og:availability\" content=\"instock\" \/>\n<meta property=\"product:availability\" content=\"instock\" \/>\n<meta property=\"product:retailer_item_id\" content=\"2246B.4.A26\" \/>\n<meta property=\"product:condition\" content=\"new\" \/>\n<!-- \/ Yoast SEO Premium plugin. -->","yoast_head_json":{"title":"Fauteuil de soins esth\u00e9tique Tempo 4 avec 4 Moteurs - Groupe Coiff","description":"D\u00e9couvrez le fauteuil de soins esth\u00e9tique Tempo 4, alliant confort et innovation. Un choix parfait pour donner \u00e0 vos clients une exp\u00e9rience agr\u00e9able ! \u2728","robots":{"index":"index","follow":"follow","max-snippet":"max-snippet:-1","max-image-preview":"max-image-preview:large","max-video-preview":"max-video-preview:-1"},"canonical":"https:\/\/groupecoiff.com\/en\/product-2\/fauteuil-de-soins-electrique-tempo-4\/","og_locale":"en_US","og_type":"article","og_title":"Fauteuil de soins esth\u00e9tique Tempo 4","og_description":"D\u00e9couvrez le fauteuil de soins esth\u00e9tique Tempo 4, alliant confort et innovation. Un choix parfait pour donner \u00e0 vos clients une exp\u00e9rience agr\u00e9able ! \u2728","og_url":"https:\/\/groupecoiff.com\/en\/product-2\/fauteuil-de-soins-electrique-tempo-4\/","og_site_name":"Groupe Coiff","article_publisher":"https:\/\/www.facebook.com\/GroupeCoiff","article_modified_time":"2025-09-11T05:41:19+00:00","og_image":[{"width":1025,"height":1025,"url":"https:\/\/groupecoiff.com\/wp-content\/uploads\/2024\/03\/Fauteuil-de-soins-esthetique-Tempo-6.webp","type":"image\/webp"}],"twitter_card":"summary_large_image","twitter_site":"@groupecoiff","twitter_misc":{"Price":"1749,00&nbsp;&euro;","Availability":"In stock"},"schema":{"@context":"https:\/\/schema.org","@graph":[{"@type":"WebPage","@id":"https:\/\/groupecoiff.com\/produit\/fauteuil-de-soins-electrique-tempo-4\/","url":"https:\/\/groupecoiff.com\/produit\/fauteuil-de-soins-electrique-tempo-4\/","name":"Fauteuil de soins esth\u00e9tique Tempo 4 avec 4 Moteurs - Groupe Coiff","isPartOf":{"@id":"https:\/\/groupecoiff.com\/#website"},"primaryImageOfPage":{"@id":"https:\/\/groupecoiff.com\/produit\/fauteuil-de-soins-electrique-tempo-4\/#primaryimage"},"image":{"@id":"https:\/\/groupecoiff.com\/produit\/fauteuil-de-soins-electrique-tempo-4\/#primaryimage"},"thumbnailUrl":"https:\/\/groupecoiff.com\/wp-content\/uploads\/2024\/03\/Fauteuil-de-soins-esthetique-Tempo-6.webp","datePublished":"2024-03-17T19:40:57+00:00","dateModified":"2025-09-11T05:41:19+00:00","description":"D\u00e9couvrez le fauteuil de soins esth\u00e9tique Tempo 4, alliant confort et innovation. Un choix parfait pour donner \u00e0 vos clients une exp\u00e9rience agr\u00e9able ! \u2728","breadcrumb":{"@id":"https:\/\/groupecoiff.com\/produit\/fauteuil-de-soins-electrique-tempo-4\/#breadcrumb"},"inLanguage":"en-US","potentialAction":[{"@type":"ReadAction","target":["https:\/\/groupecoiff.com\/produit\/fauteuil-de-soins-electrique-tempo-4\/"]}]},{"@type":"ImageObject","inLanguage":"en-US","@id":"https:\/\/groupecoiff.com\/produit\/fauteuil-de-soins-electrique-tempo-4\/#primaryimage","url":"https:\/\/groupecoiff.com\/wp-content\/uploads\/2024\/03\/Fauteuil-de-soins-esthetique-Tempo-6.webp","contentUrl":"https:\/\/groupecoiff.com\/wp-content\/uploads\/2024\/03\/Fauteuil-de-soins-esthetique-Tempo-6.webp","width":1025,"height":1025,"caption":"fauteuil de soins esth\u00e9tique Tempo 3\" - \"Fauteuil d'esth\u00e9tique \u00e9lectrique Tempo 3\" - \" table de soin \u00e9lectrique Tempo\" - \" table d'esth\u00e9tique professionnelle Tempo 3\" - \"Mobilier d'esth\u00e9tique haut de gamme\" - Table de d'esth\u00e9tique Tempo 3 - fauteuil de soins esth\u00e9tique Tempo 4\" - \"Fauteuil d'esth\u00e9tique \u00e9lectrique Tempo 4\" - \" table de soin \u00e9lectrique Tempo\" - \" table d'esth\u00e9tique professionnelle Tempo 4\" - \"Mobilier d'esth\u00e9tique haut de gamme\" - Table de d'esth\u00e9tique Tempo 4 -"},{"@type":"BreadcrumbList","@id":"https:\/\/groupecoiff.com\/produit\/fauteuil-de-soins-electrique-tempo-4\/#breadcrumb","itemListElement":[{"@type":"ListItem","position":1,"name":"Accueil","item":"https:\/\/groupecoiff.com\/"},{"@type":"ListItem","position":2,"name":"Boutique","item":"https:\/\/groupecoiff.com\/boutique\/"},{"@type":"ListItem","position":3,"name":"Fauteuil de soins esth\u00e9tique Tempo 4"}]},{"@type":"WebSite","@id":"https:\/\/groupecoiff.com\/#website","url":"https:\/\/groupecoiff.com\/","name":"Coiff Group","description":"Everything for the hairdresser","publisher":{"@id":"https:\/\/groupecoiff.com\/#organization"},"potentialAction":[{"@type":"SearchAction","target":{"@type":"EntryPoint","urlTemplate":"https:\/\/groupecoiff.com\/?s={search_term_string}"},"query-input":{"@type":"PropertyValueSpecification","valueRequired":true,"valueName":"search_term_string"}}],"inLanguage":"en-US"},{"@type":"Organization","@id":"https:\/\/groupecoiff.com\/#organization","name":"Coiff Group","alternateName":"Groupe Coiff : Le Mobilier De Coiffure Haut de Gamme Pour Une \u00c9l\u00e9gance In\u00e9gal\u00e9e","url":"https:\/\/groupecoiff.com\/","logo":{"@type":"ImageObject","inLanguage":"en-US","@id":"https:\/\/groupecoiff.com\/#\/schema\/logo\/image\/","url":"https:\/\/groupecoiff.com\/wp-content\/uploads\/2024\/01\/cropped-Groupe-Coiff-Logo.webp","contentUrl":"https:\/\/groupecoiff.com\/wp-content\/uploads\/2024\/01\/cropped-Groupe-Coiff-Logo.webp","width":512,"height":512,"caption":"Groupe Coiff"},"image":{"@id":"https:\/\/groupecoiff.com\/#\/schema\/logo\/image\/"},"sameAs":["https:\/\/www.facebook.com\/GroupeCoiff","https:\/\/x.com\/groupecoiff","https:\/\/www.instagram.com\/groupecoiff\/","https:\/\/www.tiktok.com\/@groupecoiff","https:\/\/www.youtube.com\/@groupecoiff","https:\/\/twitter.com\/groupecoiff","https:\/\/www.leboncoin.fr\/boutique\/3961302\/groupe_coiff.htm"],"description":"Discover Groupe Coiff's top-of-the-range hairdressing furniture, combining elegance and functionality to enhance your salon and satisfy your customers.","email":"contact@groupecoiff.com","telephone":"0676951605","legalName":"Groupe Coiff","foundingDate":"2022-11-16","vatID":"FR84921406419","taxID":"92140641900025"}]},"product_price_amount":"1749.00","product_price_currency":"EUR","og_availability":"instock","product_availability":"instock","product_retailer_item_id":"2246B.4.A26","product_condition":"new"},"jetpack_publicize_connections":[],"jetpack_likes_enabled":true,"jetpack_sharing_enabled":true,"_links":{"self":[{"href":"https:\/\/groupecoiff.com\/en\/wp-json\/wp\/v2\/product\/31656","targetHints":{"allow":["GET"]}}],"collection":[{"href":"https:\/\/groupecoiff.com\/en\/wp-json\/wp\/v2\/product"}],"about":[{"href":"https:\/\/groupecoiff.com\/en\/wp-json\/wp\/v2\/types\/product"}],"replies":[{"embeddable":true,"href":"https:\/\/groupecoiff.com\/en\/wp-json\/wp\/v2\/comments?post=31656"}],"version-history":[{"count":0,"href":"https:\/\/groupecoiff.com\/en\/wp-json\/wp\/v2\/product\/31656\/revisions"}],"wp:featuredmedia":[{"embeddable":true,"href":"https:\/\/groupecoiff.com\/en\/wp-json\/wp\/v2\/media\/44561"}],"wp:attachment":[{"href":"https:\/\/groupecoiff.com\/en\/wp-json\/wp\/v2\/media?parent=31656"}],"wp:term":[{"taxonomy":"product_brand","embeddable":true,"href":"https:\/\/groupecoiff.com\/en\/wp-json\/wp\/v2\/product_brand?post=31656"},{"taxonomy":"product_cat","embeddable":true,"href":"https:\/\/groupecoiff.com\/en\/wp-json\/wp\/v2\/product_cat?post=31656"},{"taxonomy":"product_tag","embeddable":true,"href":"https:\/\/groupecoiff.com\/en\/wp-json\/wp\/v2\/product_tag?post=31656"}],"curies":[{"name":"wp","href":"https:\/\/api.w.org\/{rel}","templated":true}]}}