{"id":31657,"date":"2024-03-18T01:08:20","date_gmt":"2024-03-18T00:08:20","guid":{"rendered":"https:\/\/groupecoiff.com\/?post_type=product&#038;p=31657"},"modified":"2025-09-09T20:27:54","modified_gmt":"2025-09-09T18:27:54","slug":"table-de-massage-electrique-spa-tensor","status":"publish","type":"product","link":"https:\/\/groupecoiff.com\/en\/produit\/table-de-massage-electrique-spa-tensor\/","title":{"rendered":"Table de Massage \u00c9lectrique Tensor"},"content":{"rendered":"<ul>\n<li class=\"font-bold\">\n<h4>Table de Massage \u00c9lectrique SPA Tensor <em>4<\/em> moteurs : Confort et Excellence Red\u00e9finis<\/h4>\n<\/li>\n<\/ul>\n<p class=\"whitespace-pre-wrap break-words\">La Table de Massage \u00c9lectrique SPA Tensor offre un confort sur mesure gr\u00e2ce \u00e0 ses r\u00e9glages pr\u00e9cis de hauteur et d\u2019inclinaison.<\/p>\n<h5><strong>Polyvalence Exceptionnelle pour Tous Vos Besoins<\/strong><\/h5>\n<p class=\"whitespace-pre-wrap break-words\">V\u00e9ritable alli\u00e9e des professionnels, cette table de massage 4 moteurs a \u00e9t\u00e9 sp\u00e9cialement con\u00e7ue pour s\u2019adapter \u00e0 de multiples pratiques de massage et soins esth\u00e9tiques. Quelle que soit votre sp\u00e9cialit\u00e9, elle r\u00e9pondra avec brio \u00e0 l\u2019ensemble de vos exigences.<\/p>\n<h5><strong>Design Haut de Gamme pour une Touche d&rsquo;\u00c9l\u00e9gance<\/strong><\/h5>\n<p class=\"whitespace-pre-wrap break-words\">Outre ses performances, la Table de soins \u00e9lectrique Tensor se distingue par son design soign\u00e9. Dot\u00e9e d\u2019un rembourrage en PU de qualit\u00e9 sup\u00e9rieure, elle conjugue \u00e0 merveille confort optimal et \u00e9l\u00e9gance raffin\u00e9e.<\/p>\n<h5><strong>Options Suppl\u00e9mentaires pour une Personnalisation Totale<\/strong><\/h5>\n<ul class=\"list-disc pl-8 space-y-2 -mt-1\">\n<li class=\"whitespace-normal break-words\">Syst\u00e8me de chauffage pour un confort absolu en option<\/li>\n<li class=\"whitespace-normal break-words\">Casters for increased mobility<\/li>\n<li class=\"whitespace-normal break-words\">Protective cover for preserved longevity<\/li>\n<li class=\"whitespace-normal break-words\">Pedal control for optimized control<\/li>\n<\/ul>\n<p class=\"whitespace-pre-wrap break-words\">Ce mobilier d&rsquo;esth\u00e9tique haut de gamme se personnalise selon vos besoins gr\u00e2ce \u00e0 de multiples options.<\/p>\n<h5>Features of the 4-motor Tensor massage table:<\/h5>\n<ul class=\"list-disc pl-8 space-y-2 -mt-1\">\n<li class=\"whitespace-normal break-words\">Dimensions: 198x76x68\/86 cm<\/li>\n<li class=\"whitespace-normal break-words\">Weight: 104 Kg<\/li>\n<li class=\"whitespace-normal break-words\">Covering: PU<\/li>\n<li class=\"whitespace-normal break-words\">Adjustable Height: 68\/89 cm<\/li>\n<li class=\"whitespace-normal break-words\">Mattress thickness: 11 cm<\/li>\n<\/ul>","protected":false},"excerpt":{"rendered":"<p>Adoptez la Table de Massage \u00c9lectrique Tensor pour des r\u00e9glages personnalis\u00e9s et un confort in\u00e9gal\u00e9. Transformez vos s\u00e9ances avec cet \u00e9quipement pro !<\/p>","protected":false},"featured_media":44540,"comment_status":"open","ping_status":"closed","template":"","meta":{"googlesitekit_rrm_CAow0YCiDA:productID":"","jetpack_post_was_ever_published":false,"jetpack_publicize_message":"","jetpack_publicize_feature_enabled":true,"jetpack_social_post_already_shared":true,"jetpack_social_options":{"image_generator_settings":{"template":"highway","default_image_id":0,"font":"","enabled":false},"version":2}},"product_brand":[576],"product_cat":[61,77],"product_tag":[369,368,350,364],"class_list":{"0":"post-31657","1":"product","2":"type-product","3":"status-publish","4":"has-post-thumbnail","6":"product_brand-weelko","7":"product_cat-mobilier-esthetique","8":"product_cat-table-de-massage","9":"product_tag-fauteuil-de-soins-electrique","10":"product_tag-mobilier-esthetique-professionnel","11":"product_tag-table-de-massage-electrique","12":"product_tag-table-de-massage-professionnel","14":"first","15":"instock","16":"sale","17":"featured","18":"taxable","19":"shipping-taxable","20":"purchasable","21":"product-type-simple"},"yoast_head":"<!-- This site is optimized with the Yoast SEO Premium plugin v27.4 (Yoast SEO v27.4) - https:\/\/yoast.com\/product\/yoast-seo-premium-wordpress\/ -->\n<title>Table de Massage \u00c9lectrique Tensor pour Profs de Massage - Groupe Coiff<\/title>\n<meta name=\"description\" content=\"La Table de Massage \u00c9lectrique Tensor est votre alli\u00e9e pour des soins esth\u00e9tiques adapt\u00e9s. Am\u00e9liorez votre pratique avec flexibilit\u00e9 et confort ! \ud83c\udf1f\" \/>\n<meta name=\"robots\" content=\"index, follow, max-snippet:-1, max-image-preview:large, max-video-preview:-1\" \/>\n<link rel=\"canonical\" href=\"https:\/\/groupecoiff.com\/en\/product-2\/table-de-massage-electrique-spa-tensor\/\" \/>\n<meta property=\"og:locale\" content=\"en_US\" \/>\n<meta property=\"og:type\" content=\"article\" \/>\n<meta property=\"og:title\" content=\"Table de Massage \u00c9lectrique Tensor\" \/>\n<meta property=\"og:description\" content=\"La Table de Massage \u00c9lectrique Tensor est votre alli\u00e9e pour des soins esth\u00e9tiques adapt\u00e9s. Am\u00e9liorez votre pratique avec flexibilit\u00e9 et confort ! \ud83c\udf1f\" \/>\n<meta property=\"og:url\" content=\"https:\/\/groupecoiff.com\/en\/product-2\/table-de-massage-electrique-spa-tensor\/\" \/>\n<meta property=\"og:site_name\" content=\"Groupe Coiff\" \/>\n<meta property=\"article:publisher\" content=\"https:\/\/www.facebook.com\/GroupeCoiff\" \/>\n<meta property=\"article:modified_time\" content=\"2025-09-09T18:27:54+00:00\" \/>\n<meta property=\"og:image\" content=\"https:\/\/groupecoiff.com\/wp-content\/uploads\/2024\/03\/Table-de-Massage-Electrique-Tensor-1.webp\" \/>\n\t<meta property=\"og:image:width\" content=\"1024\" \/>\n\t<meta property=\"og:image:height\" content=\"1024\" \/>\n\t<meta property=\"og:image:type\" content=\"image\/webp\" \/>\n<meta name=\"twitter:card\" content=\"summary_large_image\" \/>\n<meta name=\"twitter:site\" content=\"@groupecoiff\" \/>\n<meta name=\"twitter:label1\" content=\"Price\" \/>\n\t<meta name=\"twitter:data1\" content=\"1990,00&nbsp;&euro;\" \/>\n\t<meta name=\"twitter:label2\" content=\"Availability\" \/>\n\t<meta name=\"twitter:data2\" content=\"In stock\" \/>\n<script type=\"application\/ld+json\" class=\"yoast-schema-graph\">{\"@context\":\"https:\\\/\\\/schema.org\",\"@graph\":[{\"@type\":\"WebPage\",\"@id\":\"https:\\\/\\\/groupecoiff.com\\\/produit\\\/table-de-massage-electrique-spa-tensor\\\/\",\"url\":\"https:\\\/\\\/groupecoiff.com\\\/produit\\\/table-de-massage-electrique-spa-tensor\\\/\",\"name\":\"Table de Massage \u00c9lectrique Tensor pour Profs de Massage - Groupe Coiff\",\"isPartOf\":{\"@id\":\"https:\\\/\\\/groupecoiff.com\\\/#website\"},\"primaryImageOfPage\":{\"@id\":\"https:\\\/\\\/groupecoiff.com\\\/produit\\\/table-de-massage-electrique-spa-tensor\\\/#primaryimage\"},\"image\":{\"@id\":\"https:\\\/\\\/groupecoiff.com\\\/produit\\\/table-de-massage-electrique-spa-tensor\\\/#primaryimage\"},\"thumbnailUrl\":\"https:\\\/\\\/groupecoiff.com\\\/wp-content\\\/uploads\\\/2024\\\/03\\\/Table-de-Massage-Electrique-Tensor-1.webp\",\"datePublished\":\"2024-03-18T00:08:20+00:00\",\"dateModified\":\"2025-09-09T18:27:54+00:00\",\"description\":\"La Table de Massage \u00c9lectrique Tensor est votre alli\u00e9e pour des soins esth\u00e9tiques adapt\u00e9s. Am\u00e9liorez votre pratique avec flexibilit\u00e9 et confort ! \ud83c\udf1f\",\"breadcrumb\":{\"@id\":\"https:\\\/\\\/groupecoiff.com\\\/produit\\\/table-de-massage-electrique-spa-tensor\\\/#breadcrumb\"},\"inLanguage\":\"en-US\",\"potentialAction\":[{\"@type\":\"ReadAction\",\"target\":[\"https:\\\/\\\/groupecoiff.com\\\/produit\\\/table-de-massage-electrique-spa-tensor\\\/\"]}]},{\"@type\":\"ImageObject\",\"inLanguage\":\"en-US\",\"@id\":\"https:\\\/\\\/groupecoiff.com\\\/produit\\\/table-de-massage-electrique-spa-tensor\\\/#primaryimage\",\"url\":\"https:\\\/\\\/groupecoiff.com\\\/wp-content\\\/uploads\\\/2024\\\/03\\\/Table-de-Massage-Electrique-Tensor-1.webp\",\"contentUrl\":\"https:\\\/\\\/groupecoiff.com\\\/wp-content\\\/uploads\\\/2024\\\/03\\\/Table-de-Massage-Electrique-Tensor-1.webp\",\"width\":1024,\"height\":1024,\"caption\":\"Table de Massage \u00c9lectrique SPA Tensor - Table de soins \u00e9lectrique Tensor - table de massage \u00e9lectrique Tensor - table SPA 4 moteurs Tensor - Mobilier d'esth\u00e9tique haut de gamme\"},{\"@type\":\"BreadcrumbList\",\"@id\":\"https:\\\/\\\/groupecoiff.com\\\/produit\\\/table-de-massage-electrique-spa-tensor\\\/#breadcrumb\",\"itemListElement\":[{\"@type\":\"ListItem\",\"position\":1,\"name\":\"Accueil\",\"item\":\"https:\\\/\\\/groupecoiff.com\\\/\"},{\"@type\":\"ListItem\",\"position\":2,\"name\":\"Boutique\",\"item\":\"https:\\\/\\\/groupecoiff.com\\\/boutique\\\/\"},{\"@type\":\"ListItem\",\"position\":3,\"name\":\"Table de Massage \u00c9lectrique Tensor\"}]},{\"@type\":\"WebSite\",\"@id\":\"https:\\\/\\\/groupecoiff.com\\\/#website\",\"url\":\"https:\\\/\\\/groupecoiff.com\\\/\",\"name\":\"Groupe Coiff\",\"description\":\"Tout pour la coiffure\",\"publisher\":{\"@id\":\"https:\\\/\\\/groupecoiff.com\\\/#organization\"},\"potentialAction\":[{\"@type\":\"SearchAction\",\"target\":{\"@type\":\"EntryPoint\",\"urlTemplate\":\"https:\\\/\\\/groupecoiff.com\\\/?s={search_term_string}\"},\"query-input\":{\"@type\":\"PropertyValueSpecification\",\"valueRequired\":true,\"valueName\":\"search_term_string\"}}],\"inLanguage\":\"en-US\"},{\"@type\":\"Organization\",\"@id\":\"https:\\\/\\\/groupecoiff.com\\\/#organization\",\"name\":\"Groupe Coiff\",\"alternateName\":\"Groupe Coiff : Le Mobilier De Coiffure Haut de Gamme Pour Une \u00c9l\u00e9gance In\u00e9gal\u00e9e\",\"url\":\"https:\\\/\\\/groupecoiff.com\\\/\",\"logo\":{\"@type\":\"ImageObject\",\"inLanguage\":\"en-US\",\"@id\":\"https:\\\/\\\/groupecoiff.com\\\/#\\\/schema\\\/logo\\\/image\\\/\",\"url\":\"https:\\\/\\\/groupecoiff.com\\\/wp-content\\\/uploads\\\/2024\\\/01\\\/cropped-Groupe-Coiff-Logo.webp\",\"contentUrl\":\"https:\\\/\\\/groupecoiff.com\\\/wp-content\\\/uploads\\\/2024\\\/01\\\/cropped-Groupe-Coiff-Logo.webp\",\"width\":512,\"height\":512,\"caption\":\"Groupe Coiff\"},\"image\":{\"@id\":\"https:\\\/\\\/groupecoiff.com\\\/#\\\/schema\\\/logo\\\/image\\\/\"},\"sameAs\":[\"https:\\\/\\\/www.facebook.com\\\/GroupeCoiff\",\"https:\\\/\\\/x.com\\\/groupecoiff\",\"https:\\\/\\\/www.instagram.com\\\/groupecoiff\\\/\",\"https:\\\/\\\/www.tiktok.com\\\/@groupecoiff\",\"https:\\\/\\\/www.youtube.com\\\/@groupecoiff\",\"https:\\\/\\\/twitter.com\\\/groupecoiff\",\"https:\\\/\\\/www.leboncoin.fr\\\/boutique\\\/3961302\\\/groupe_coiff.htm\"],\"description\":\"D\u00e9couvrez le mobilier de coiffure haut de gamme de Groupe Coiff, alliant \u00e9l\u00e9gance et fonctionnalit\u00e9 pour sublimer votre salon et satisfaire vos clients.\",\"email\":\"contact@groupecoiff.com\",\"telephone\":\"0676951605\",\"legalName\":\"Groupe Coiff\",\"foundingDate\":\"2022-11-16\",\"vatID\":\"FR84921406419\",\"taxID\":\"92140641900025\"}]}<\/script>\n<meta property=\"product:price:amount\" content=\"1990.00\" \/>\n<meta property=\"product:price:currency\" content=\"EUR\" \/>\n<meta property=\"og:availability\" content=\"instock\" \/>\n<meta property=\"product:availability\" content=\"instock\" \/>\n<meta property=\"product:condition\" content=\"new\" \/>\n<!-- \/ Yoast SEO Premium plugin. -->","yoast_head_json":{"title":"Table de Massage \u00c9lectrique Tensor pour Profs de Massage - Groupe Coiff","description":"La Table de Massage \u00c9lectrique Tensor est votre alli\u00e9e pour des soins esth\u00e9tiques adapt\u00e9s. Am\u00e9liorez votre pratique avec flexibilit\u00e9 et confort ! \ud83c\udf1f","robots":{"index":"index","follow":"follow","max-snippet":"max-snippet:-1","max-image-preview":"max-image-preview:large","max-video-preview":"max-video-preview:-1"},"canonical":"https:\/\/groupecoiff.com\/en\/product-2\/table-de-massage-electrique-spa-tensor\/","og_locale":"en_US","og_type":"article","og_title":"Table de Massage \u00c9lectrique Tensor","og_description":"La Table de Massage \u00c9lectrique Tensor est votre alli\u00e9e pour des soins esth\u00e9tiques adapt\u00e9s. Am\u00e9liorez votre pratique avec flexibilit\u00e9 et confort ! \ud83c\udf1f","og_url":"https:\/\/groupecoiff.com\/en\/product-2\/table-de-massage-electrique-spa-tensor\/","og_site_name":"Groupe Coiff","article_publisher":"https:\/\/www.facebook.com\/GroupeCoiff","article_modified_time":"2025-09-09T18:27:54+00:00","og_image":[{"width":1024,"height":1024,"url":"https:\/\/groupecoiff.com\/wp-content\/uploads\/2024\/03\/Table-de-Massage-Electrique-Tensor-1.webp","type":"image\/webp"}],"twitter_card":"summary_large_image","twitter_site":"@groupecoiff","twitter_misc":{"Price":"1990,00&nbsp;&euro;","Availability":"In stock"},"schema":{"@context":"https:\/\/schema.org","@graph":[{"@type":"WebPage","@id":"https:\/\/groupecoiff.com\/produit\/table-de-massage-electrique-spa-tensor\/","url":"https:\/\/groupecoiff.com\/produit\/table-de-massage-electrique-spa-tensor\/","name":"Table de Massage \u00c9lectrique Tensor pour Profs de Massage - Groupe Coiff","isPartOf":{"@id":"https:\/\/groupecoiff.com\/#website"},"primaryImageOfPage":{"@id":"https:\/\/groupecoiff.com\/produit\/table-de-massage-electrique-spa-tensor\/#primaryimage"},"image":{"@id":"https:\/\/groupecoiff.com\/produit\/table-de-massage-electrique-spa-tensor\/#primaryimage"},"thumbnailUrl":"https:\/\/groupecoiff.com\/wp-content\/uploads\/2024\/03\/Table-de-Massage-Electrique-Tensor-1.webp","datePublished":"2024-03-18T00:08:20+00:00","dateModified":"2025-09-09T18:27:54+00:00","description":"La Table de Massage \u00c9lectrique Tensor est votre alli\u00e9e pour des soins esth\u00e9tiques adapt\u00e9s. Am\u00e9liorez votre pratique avec flexibilit\u00e9 et confort ! \ud83c\udf1f","breadcrumb":{"@id":"https:\/\/groupecoiff.com\/produit\/table-de-massage-electrique-spa-tensor\/#breadcrumb"},"inLanguage":"en-US","potentialAction":[{"@type":"ReadAction","target":["https:\/\/groupecoiff.com\/produit\/table-de-massage-electrique-spa-tensor\/"]}]},{"@type":"ImageObject","inLanguage":"en-US","@id":"https:\/\/groupecoiff.com\/produit\/table-de-massage-electrique-spa-tensor\/#primaryimage","url":"https:\/\/groupecoiff.com\/wp-content\/uploads\/2024\/03\/Table-de-Massage-Electrique-Tensor-1.webp","contentUrl":"https:\/\/groupecoiff.com\/wp-content\/uploads\/2024\/03\/Table-de-Massage-Electrique-Tensor-1.webp","width":1024,"height":1024,"caption":"Table de Massage \u00c9lectrique SPA Tensor - Table de soins \u00e9lectrique Tensor - table de massage \u00e9lectrique Tensor - table SPA 4 moteurs Tensor - Mobilier d'esth\u00e9tique haut de gamme"},{"@type":"BreadcrumbList","@id":"https:\/\/groupecoiff.com\/produit\/table-de-massage-electrique-spa-tensor\/#breadcrumb","itemListElement":[{"@type":"ListItem","position":1,"name":"Accueil","item":"https:\/\/groupecoiff.com\/"},{"@type":"ListItem","position":2,"name":"Boutique","item":"https:\/\/groupecoiff.com\/boutique\/"},{"@type":"ListItem","position":3,"name":"Table de Massage \u00c9lectrique Tensor"}]},{"@type":"WebSite","@id":"https:\/\/groupecoiff.com\/#website","url":"https:\/\/groupecoiff.com\/","name":"Coiff Group","description":"Everything for the hairdresser","publisher":{"@id":"https:\/\/groupecoiff.com\/#organization"},"potentialAction":[{"@type":"SearchAction","target":{"@type":"EntryPoint","urlTemplate":"https:\/\/groupecoiff.com\/?s={search_term_string}"},"query-input":{"@type":"PropertyValueSpecification","valueRequired":true,"valueName":"search_term_string"}}],"inLanguage":"en-US"},{"@type":"Organization","@id":"https:\/\/groupecoiff.com\/#organization","name":"Coiff Group","alternateName":"Groupe Coiff : Le Mobilier De Coiffure Haut de Gamme Pour Une \u00c9l\u00e9gance In\u00e9gal\u00e9e","url":"https:\/\/groupecoiff.com\/","logo":{"@type":"ImageObject","inLanguage":"en-US","@id":"https:\/\/groupecoiff.com\/#\/schema\/logo\/image\/","url":"https:\/\/groupecoiff.com\/wp-content\/uploads\/2024\/01\/cropped-Groupe-Coiff-Logo.webp","contentUrl":"https:\/\/groupecoiff.com\/wp-content\/uploads\/2024\/01\/cropped-Groupe-Coiff-Logo.webp","width":512,"height":512,"caption":"Groupe Coiff"},"image":{"@id":"https:\/\/groupecoiff.com\/#\/schema\/logo\/image\/"},"sameAs":["https:\/\/www.facebook.com\/GroupeCoiff","https:\/\/x.com\/groupecoiff","https:\/\/www.instagram.com\/groupecoiff\/","https:\/\/www.tiktok.com\/@groupecoiff","https:\/\/www.youtube.com\/@groupecoiff","https:\/\/twitter.com\/groupecoiff","https:\/\/www.leboncoin.fr\/boutique\/3961302\/groupe_coiff.htm"],"description":"Discover Groupe Coiff's top-of-the-range hairdressing furniture, combining elegance and functionality to enhance your salon and satisfy your customers.","email":"contact@groupecoiff.com","telephone":"0676951605","legalName":"Groupe Coiff","foundingDate":"2022-11-16","vatID":"FR84921406419","taxID":"92140641900025"}]},"product_price_amount":"1990.00","product_price_currency":"EUR","og_availability":"instock","product_availability":"instock","product_condition":"new"},"jetpack_publicize_connections":[],"jetpack_likes_enabled":true,"jetpack_sharing_enabled":true,"_links":{"self":[{"href":"https:\/\/groupecoiff.com\/en\/wp-json\/wp\/v2\/product\/31657","targetHints":{"allow":["GET"]}}],"collection":[{"href":"https:\/\/groupecoiff.com\/en\/wp-json\/wp\/v2\/product"}],"about":[{"href":"https:\/\/groupecoiff.com\/en\/wp-json\/wp\/v2\/types\/product"}],"replies":[{"embeddable":true,"href":"https:\/\/groupecoiff.com\/en\/wp-json\/wp\/v2\/comments?post=31657"}],"version-history":[{"count":0,"href":"https:\/\/groupecoiff.com\/en\/wp-json\/wp\/v2\/product\/31657\/revisions"}],"wp:featuredmedia":[{"embeddable":true,"href":"https:\/\/groupecoiff.com\/en\/wp-json\/wp\/v2\/media\/44540"}],"wp:attachment":[{"href":"https:\/\/groupecoiff.com\/en\/wp-json\/wp\/v2\/media?parent=31657"}],"wp:term":[{"taxonomy":"product_brand","embeddable":true,"href":"https:\/\/groupecoiff.com\/en\/wp-json\/wp\/v2\/product_brand?post=31657"},{"taxonomy":"product_cat","embeddable":true,"href":"https:\/\/groupecoiff.com\/en\/wp-json\/wp\/v2\/product_cat?post=31657"},{"taxonomy":"product_tag","embeddable":true,"href":"https:\/\/groupecoiff.com\/en\/wp-json\/wp\/v2\/product_tag?post=31657"}],"curies":[{"name":"wp","href":"https:\/\/api.w.org\/{rel}","templated":true}]}}