{"id":31673,"date":"2024-03-18T11:08:15","date_gmt":"2024-03-18T10:08:15","guid":{"rendered":"https:\/\/groupecoiff.com\/?post_type=product&#038;p=31673"},"modified":"2024-05-08T02:31:40","modified_gmt":"2024-05-08T00:31:40","slug":"chauffe-serviettes-sterilisateur-uv-ivar","status":"publish","type":"product","link":"https:\/\/groupecoiff.com\/en\/produit\/chauffe-serviettes-sterilisateur-uv-ivar\/","title":{"rendered":"Ivar UV sterilizing towel warmer"},"content":{"rendered":"<ul class=\"list-disc pl-8 space-y-2 -mt-1\">\n<li class=\"whitespace-normal break-words\">\n<h3 class=\"font-bold\">Ivar Towel Warmer: The Versatile Solution for Your Salon<\/h3>\n<\/li>\n<\/ul>\n<h5><strong>Versatility and Efficiency Guaranteed<\/strong><\/h5>\n<p class=\"whitespace-pre-wrap break-words\">Cet appareil polyvalent de 18 litres combine \u00e0 la perfection chauffe-serviettes et st\u00e9rilisateur UV. Gr\u00e2ce \u00e0 son syst\u00e8me de chauffage et sa lampe UV \u00e9mettrice d\u2019ozone, il offre une solution compl\u00e8te pour maintenir vos serviettes d\u00e9licatement chaudes tout en assurant une d\u00e9sinfection minutieuse de vos petits accessoires.<\/p>\n<h5><strong>Included in the Pack<\/strong><\/h5>\n<ul class=\"list-disc pl-8 space-y-2 -mt-1\">\n<li class=\"whitespace-normal break-words\">A large basket to keep your towels constantly warm<\/li>\n<li class=\"whitespace-normal break-words\">Un bac de r\u00e9cup\u00e9ration d&rsquo;eau des plus pratiques<\/li>\n<\/ul>\n<h5><strong>Ivar Towel Warmer: Performance and Reliability<\/strong><\/h5>\n<p class=\"whitespace-pre-wrap break-words\">Avec ses fonctionnalit\u00e9s avanc\u00e9es et sa g\u00e9n\u00e9reuse capacit\u00e9, Ivar s&rsquo;impose comme l&rsquo;alli\u00e9 indispensable de tout salon de beaut\u00e9 ou institut de coiffure haut de gamme soucieux de performances et de fiabilit\u00e9.<\/p>\n<h5>Caract\u00e9ristiques Techniques :<\/h5>\n<ul>\n<li>Capacity: 18 L<\/li>\n<li>Operating Mode: UV Light + Ozone + Heat<\/li>\n<li>Two Shelves and a Water Tray<\/li>\n<li>Power: 220W<\/li>\n<li>Temperature: 80\u00baC +\/- 10\u00baC<\/li>\n<\/ul>","protected":false},"excerpt":{"rendered":"<p>Rien de mieux que des serviettes bien chaudes et st\u00e9rilis\u00e9es avec Ivar 18 - chauffe-serviettes st\u00e9rilisateur UV. L'accessoire parfait pour les salons de beaut\u00e9 et spas. \ud83d\udc86\u200d\u2640\ufe0f<\/p>","protected":false},"featured_media":31675,"comment_status":"open","ping_status":"closed","template":"","meta":{"googlesitekit_rrm_CAow0YCiDA:productID":"","jetpack_post_was_ever_published":false,"jetpack_publicize_message":"","jetpack_publicize_feature_enabled":true,"jetpack_social_post_already_shared":true,"jetpack_social_options":{"image_generator_settings":{"template":"highway","default_image_id":0,"font":"","enabled":false},"version":2}},"product_brand":[],"product_cat":[42,56],"product_tag":[],"class_list":{"0":"post-31673","1":"product","2":"type-product","3":"status-publish","4":"has-post-thumbnail","6":"product_cat-accessoires","7":"product_cat-hygiene-coiffure","9":"first","10":"instock","11":"featured","12":"taxable","13":"shipping-taxable","14":"purchasable","15":"product-type-simple"},"yoast_head":"<!-- This site is optimized with the Yoast SEO Premium plugin v27.4 (Yoast SEO v27.4) - https:\/\/yoast.com\/product\/yoast-seo-premium-wordpress\/ -->\n<title>Chauffe-serviettes st\u00e9rilisateur UV Ivar: Solution polyvalente - Groupe Coiff<\/title>\n<meta name=\"description\" content=\"Chauffe-serviettes et st\u00e9rilisateur UV Ivar de qualit\u00e9 professionnelle. Garder vos serviettes propres et chaudes n&#039;a jamais \u00e9t\u00e9 aussi facile.\" \/>\n<meta name=\"robots\" content=\"index, follow, max-snippet:-1, max-image-preview:large, max-video-preview:-1\" \/>\n<link rel=\"canonical\" href=\"https:\/\/groupecoiff.com\/en\/product-2\/chauffe-serviettes-sterilisateur-uv-ivar\/\" \/>\n<meta property=\"og:locale\" content=\"en_US\" \/>\n<meta property=\"og:type\" content=\"article\" \/>\n<meta property=\"og:title\" content=\"Chauffe-serviettes st\u00e9rilisateur UV Ivar\" \/>\n<meta property=\"og:description\" content=\"Chauffe-serviettes et st\u00e9rilisateur UV Ivar de qualit\u00e9 professionnelle. Garder vos serviettes propres et chaudes n&#039;a jamais \u00e9t\u00e9 aussi facile.\" \/>\n<meta property=\"og:url\" content=\"https:\/\/groupecoiff.com\/en\/product-2\/chauffe-serviettes-sterilisateur-uv-ivar\/\" \/>\n<meta property=\"og:site_name\" content=\"Groupe Coiff\" \/>\n<meta property=\"article:publisher\" content=\"https:\/\/www.facebook.com\/GroupeCoiff\" \/>\n<meta property=\"article:modified_time\" content=\"2024-05-08T00:31:40+00:00\" \/>\n<meta property=\"og:image\" content=\"https:\/\/groupecoiff.com\/wp-content\/uploads\/2024\/03\/Chauffe-serviettes-sterilisateur-UV-Ivar-1.webp\" \/>\n\t<meta property=\"og:image:width\" content=\"1080\" \/>\n\t<meta property=\"og:image:height\" content=\"1080\" \/>\n\t<meta property=\"og:image:type\" content=\"image\/webp\" \/>\n<meta name=\"twitter:card\" content=\"summary_large_image\" \/>\n<meta name=\"twitter:site\" content=\"@groupecoiff\" \/>\n<meta name=\"twitter:label1\" content=\"Price\" \/>\n\t<meta name=\"twitter:data1\" content=\"154,00&nbsp;&euro;\" \/>\n\t<meta name=\"twitter:label2\" content=\"Availability\" \/>\n\t<meta name=\"twitter:data2\" content=\"In stock\" \/>\n<script type=\"application\/ld+json\" class=\"yoast-schema-graph\">{\"@context\":\"https:\\\/\\\/schema.org\",\"@graph\":[{\"@type\":\"WebPage\",\"@id\":\"https:\\\/\\\/groupecoiff.com\\\/produit\\\/chauffe-serviettes-sterilisateur-uv-ivar\\\/\",\"url\":\"https:\\\/\\\/groupecoiff.com\\\/produit\\\/chauffe-serviettes-sterilisateur-uv-ivar\\\/\",\"name\":\"Chauffe-serviettes st\u00e9rilisateur UV Ivar: Solution polyvalente - Groupe Coiff\",\"isPartOf\":{\"@id\":\"https:\\\/\\\/groupecoiff.com\\\/#website\"},\"primaryImageOfPage\":{\"@id\":\"https:\\\/\\\/groupecoiff.com\\\/produit\\\/chauffe-serviettes-sterilisateur-uv-ivar\\\/#primaryimage\"},\"image\":{\"@id\":\"https:\\\/\\\/groupecoiff.com\\\/produit\\\/chauffe-serviettes-sterilisateur-uv-ivar\\\/#primaryimage\"},\"thumbnailUrl\":\"https:\\\/\\\/groupecoiff.com\\\/wp-content\\\/uploads\\\/2024\\\/03\\\/Chauffe-serviettes-sterilisateur-UV-Ivar-1.webp\",\"datePublished\":\"2024-03-18T10:08:15+00:00\",\"dateModified\":\"2024-05-08T00:31:40+00:00\",\"description\":\"Chauffe-serviettes et st\u00e9rilisateur UV Ivar de qualit\u00e9 professionnelle. Garder vos serviettes propres et chaudes n'a jamais \u00e9t\u00e9 aussi facile.\",\"breadcrumb\":{\"@id\":\"https:\\\/\\\/groupecoiff.com\\\/produit\\\/chauffe-serviettes-sterilisateur-uv-ivar\\\/#breadcrumb\"},\"inLanguage\":\"en-US\",\"potentialAction\":[{\"@type\":\"ReadAction\",\"target\":[\"https:\\\/\\\/groupecoiff.com\\\/produit\\\/chauffe-serviettes-sterilisateur-uv-ivar\\\/\"]}]},{\"@type\":\"ImageObject\",\"inLanguage\":\"en-US\",\"@id\":\"https:\\\/\\\/groupecoiff.com\\\/produit\\\/chauffe-serviettes-sterilisateur-uv-ivar\\\/#primaryimage\",\"url\":\"https:\\\/\\\/groupecoiff.com\\\/wp-content\\\/uploads\\\/2024\\\/03\\\/Chauffe-serviettes-sterilisateur-UV-Ivar-1.webp\",\"contentUrl\":\"https:\\\/\\\/groupecoiff.com\\\/wp-content\\\/uploads\\\/2024\\\/03\\\/Chauffe-serviettes-sterilisateur-UV-Ivar-1.webp\",\"width\":1080,\"height\":1080,\"caption\":\"Chauffe-serviettes st\u00e9rilisateur UV Ivar - Ivar 18 - chauffe-serviettes st\u00e9rilisateur UV - Grand chauffe-serviettes st\u00e9rilisateur UV\"},{\"@type\":\"BreadcrumbList\",\"@id\":\"https:\\\/\\\/groupecoiff.com\\\/produit\\\/chauffe-serviettes-sterilisateur-uv-ivar\\\/#breadcrumb\",\"itemListElement\":[{\"@type\":\"ListItem\",\"position\":1,\"name\":\"Accueil\",\"item\":\"https:\\\/\\\/groupecoiff.com\\\/\"},{\"@type\":\"ListItem\",\"position\":2,\"name\":\"Boutique\",\"item\":\"https:\\\/\\\/groupecoiff.com\\\/boutique\\\/\"},{\"@type\":\"ListItem\",\"position\":3,\"name\":\"Chauffe-serviettes st\u00e9rilisateur UV Ivar\"}]},{\"@type\":\"WebSite\",\"@id\":\"https:\\\/\\\/groupecoiff.com\\\/#website\",\"url\":\"https:\\\/\\\/groupecoiff.com\\\/\",\"name\":\"Groupe Coiff\",\"description\":\"Tout pour la coiffure\",\"publisher\":{\"@id\":\"https:\\\/\\\/groupecoiff.com\\\/#organization\"},\"potentialAction\":[{\"@type\":\"SearchAction\",\"target\":{\"@type\":\"EntryPoint\",\"urlTemplate\":\"https:\\\/\\\/groupecoiff.com\\\/?s={search_term_string}\"},\"query-input\":{\"@type\":\"PropertyValueSpecification\",\"valueRequired\":true,\"valueName\":\"search_term_string\"}}],\"inLanguage\":\"en-US\"},{\"@type\":\"Organization\",\"@id\":\"https:\\\/\\\/groupecoiff.com\\\/#organization\",\"name\":\"Groupe Coiff\",\"alternateName\":\"Groupe Coiff : Le Mobilier De Coiffure Haut de Gamme Pour Une \u00c9l\u00e9gance In\u00e9gal\u00e9e\",\"url\":\"https:\\\/\\\/groupecoiff.com\\\/\",\"logo\":{\"@type\":\"ImageObject\",\"inLanguage\":\"en-US\",\"@id\":\"https:\\\/\\\/groupecoiff.com\\\/#\\\/schema\\\/logo\\\/image\\\/\",\"url\":\"https:\\\/\\\/groupecoiff.com\\\/wp-content\\\/uploads\\\/2024\\\/01\\\/cropped-Groupe-Coiff-Logo.webp\",\"contentUrl\":\"https:\\\/\\\/groupecoiff.com\\\/wp-content\\\/uploads\\\/2024\\\/01\\\/cropped-Groupe-Coiff-Logo.webp\",\"width\":512,\"height\":512,\"caption\":\"Groupe Coiff\"},\"image\":{\"@id\":\"https:\\\/\\\/groupecoiff.com\\\/#\\\/schema\\\/logo\\\/image\\\/\"},\"sameAs\":[\"https:\\\/\\\/www.facebook.com\\\/GroupeCoiff\",\"https:\\\/\\\/x.com\\\/groupecoiff\",\"https:\\\/\\\/www.instagram.com\\\/groupecoiff\\\/\",\"https:\\\/\\\/www.tiktok.com\\\/@groupecoiff\",\"https:\\\/\\\/www.youtube.com\\\/@groupecoiff\",\"https:\\\/\\\/twitter.com\\\/groupecoiff\",\"https:\\\/\\\/www.leboncoin.fr\\\/boutique\\\/3961302\\\/groupe_coiff.htm\"],\"description\":\"D\u00e9couvrez le mobilier de coiffure haut de gamme de Groupe Coiff, alliant \u00e9l\u00e9gance et fonctionnalit\u00e9 pour sublimer votre salon et satisfaire vos clients.\",\"email\":\"contact@groupecoiff.com\",\"telephone\":\"0676951605\",\"legalName\":\"Groupe Coiff\",\"foundingDate\":\"2022-11-16\",\"vatID\":\"FR84921406419\",\"taxID\":\"92140641900025\"}]}<\/script>\n<meta property=\"product:price:amount\" content=\"154.00\" \/>\n<meta property=\"product:price:currency\" content=\"EUR\" \/>\n<meta property=\"og:availability\" content=\"instock\" \/>\n<meta property=\"product:availability\" content=\"instock\" \/>\n<meta property=\"product:condition\" content=\"new\" \/>\n<!-- \/ Yoast SEO Premium plugin. -->","yoast_head_json":{"title":"UV Sterilizer Towel Warmer Ivar: Versatile Solution - Groupe Coiff","description":"Professional quality Ivar UV sterilizer and towel warmer. Keeping your towels clean and warm has never been easier.","robots":{"index":"index","follow":"follow","max-snippet":"max-snippet:-1","max-image-preview":"max-image-preview:large","max-video-preview":"max-video-preview:-1"},"canonical":"https:\/\/groupecoiff.com\/en\/product-2\/chauffe-serviettes-sterilisateur-uv-ivar\/","og_locale":"en_US","og_type":"article","og_title":"Chauffe-serviettes st\u00e9rilisateur UV Ivar","og_description":"Chauffe-serviettes et st\u00e9rilisateur UV Ivar de qualit\u00e9 professionnelle. Garder vos serviettes propres et chaudes n'a jamais \u00e9t\u00e9 aussi facile.","og_url":"https:\/\/groupecoiff.com\/en\/product-2\/chauffe-serviettes-sterilisateur-uv-ivar\/","og_site_name":"Groupe Coiff","article_publisher":"https:\/\/www.facebook.com\/GroupeCoiff","article_modified_time":"2024-05-08T00:31:40+00:00","og_image":[{"width":1080,"height":1080,"url":"https:\/\/groupecoiff.com\/wp-content\/uploads\/2024\/03\/Chauffe-serviettes-sterilisateur-UV-Ivar-1.webp","type":"image\/webp"}],"twitter_card":"summary_large_image","twitter_site":"@groupecoiff","twitter_misc":{"Price":"154,00&nbsp;&euro;","Availability":"In stock"},"schema":{"@context":"https:\/\/schema.org","@graph":[{"@type":"WebPage","@id":"https:\/\/groupecoiff.com\/produit\/chauffe-serviettes-sterilisateur-uv-ivar\/","url":"https:\/\/groupecoiff.com\/produit\/chauffe-serviettes-sterilisateur-uv-ivar\/","name":"UV Sterilizer Towel Warmer Ivar: Versatile Solution - Groupe Coiff","isPartOf":{"@id":"https:\/\/groupecoiff.com\/#website"},"primaryImageOfPage":{"@id":"https:\/\/groupecoiff.com\/produit\/chauffe-serviettes-sterilisateur-uv-ivar\/#primaryimage"},"image":{"@id":"https:\/\/groupecoiff.com\/produit\/chauffe-serviettes-sterilisateur-uv-ivar\/#primaryimage"},"thumbnailUrl":"https:\/\/groupecoiff.com\/wp-content\/uploads\/2024\/03\/Chauffe-serviettes-sterilisateur-UV-Ivar-1.webp","datePublished":"2024-03-18T10:08:15+00:00","dateModified":"2024-05-08T00:31:40+00:00","description":"Professional quality Ivar UV sterilizer and towel warmer. Keeping your towels clean and warm has never been easier.","breadcrumb":{"@id":"https:\/\/groupecoiff.com\/produit\/chauffe-serviettes-sterilisateur-uv-ivar\/#breadcrumb"},"inLanguage":"en-US","potentialAction":[{"@type":"ReadAction","target":["https:\/\/groupecoiff.com\/produit\/chauffe-serviettes-sterilisateur-uv-ivar\/"]}]},{"@type":"ImageObject","inLanguage":"en-US","@id":"https:\/\/groupecoiff.com\/produit\/chauffe-serviettes-sterilisateur-uv-ivar\/#primaryimage","url":"https:\/\/groupecoiff.com\/wp-content\/uploads\/2024\/03\/Chauffe-serviettes-sterilisateur-UV-Ivar-1.webp","contentUrl":"https:\/\/groupecoiff.com\/wp-content\/uploads\/2024\/03\/Chauffe-serviettes-sterilisateur-UV-Ivar-1.webp","width":1080,"height":1080,"caption":"Chauffe-serviettes st\u00e9rilisateur UV Ivar - Ivar 18 - chauffe-serviettes st\u00e9rilisateur UV - Grand chauffe-serviettes st\u00e9rilisateur UV"},{"@type":"BreadcrumbList","@id":"https:\/\/groupecoiff.com\/produit\/chauffe-serviettes-sterilisateur-uv-ivar\/#breadcrumb","itemListElement":[{"@type":"ListItem","position":1,"name":"Accueil","item":"https:\/\/groupecoiff.com\/"},{"@type":"ListItem","position":2,"name":"Boutique","item":"https:\/\/groupecoiff.com\/boutique\/"},{"@type":"ListItem","position":3,"name":"Chauffe-serviettes st\u00e9rilisateur UV Ivar"}]},{"@type":"WebSite","@id":"https:\/\/groupecoiff.com\/#website","url":"https:\/\/groupecoiff.com\/","name":"Coiff Group","description":"Everything for the hairdresser","publisher":{"@id":"https:\/\/groupecoiff.com\/#organization"},"potentialAction":[{"@type":"SearchAction","target":{"@type":"EntryPoint","urlTemplate":"https:\/\/groupecoiff.com\/?s={search_term_string}"},"query-input":{"@type":"PropertyValueSpecification","valueRequired":true,"valueName":"search_term_string"}}],"inLanguage":"en-US"},{"@type":"Organization","@id":"https:\/\/groupecoiff.com\/#organization","name":"Coiff Group","alternateName":"Groupe Coiff : Le Mobilier De Coiffure Haut de Gamme Pour Une \u00c9l\u00e9gance In\u00e9gal\u00e9e","url":"https:\/\/groupecoiff.com\/","logo":{"@type":"ImageObject","inLanguage":"en-US","@id":"https:\/\/groupecoiff.com\/#\/schema\/logo\/image\/","url":"https:\/\/groupecoiff.com\/wp-content\/uploads\/2024\/01\/cropped-Groupe-Coiff-Logo.webp","contentUrl":"https:\/\/groupecoiff.com\/wp-content\/uploads\/2024\/01\/cropped-Groupe-Coiff-Logo.webp","width":512,"height":512,"caption":"Groupe Coiff"},"image":{"@id":"https:\/\/groupecoiff.com\/#\/schema\/logo\/image\/"},"sameAs":["https:\/\/www.facebook.com\/GroupeCoiff","https:\/\/x.com\/groupecoiff","https:\/\/www.instagram.com\/groupecoiff\/","https:\/\/www.tiktok.com\/@groupecoiff","https:\/\/www.youtube.com\/@groupecoiff","https:\/\/twitter.com\/groupecoiff","https:\/\/www.leboncoin.fr\/boutique\/3961302\/groupe_coiff.htm"],"description":"Discover Groupe Coiff's top-of-the-range hairdressing furniture, combining elegance and functionality to enhance your salon and satisfy your customers.","email":"contact@groupecoiff.com","telephone":"0676951605","legalName":"Groupe Coiff","foundingDate":"2022-11-16","vatID":"FR84921406419","taxID":"92140641900025"}]},"product_price_amount":"154.00","product_price_currency":"EUR","og_availability":"instock","product_availability":"instock","product_condition":"new"},"jetpack_publicize_connections":[],"jetpack_likes_enabled":true,"jetpack_sharing_enabled":true,"_links":{"self":[{"href":"https:\/\/groupecoiff.com\/en\/wp-json\/wp\/v2\/product\/31673","targetHints":{"allow":["GET"]}}],"collection":[{"href":"https:\/\/groupecoiff.com\/en\/wp-json\/wp\/v2\/product"}],"about":[{"href":"https:\/\/groupecoiff.com\/en\/wp-json\/wp\/v2\/types\/product"}],"replies":[{"embeddable":true,"href":"https:\/\/groupecoiff.com\/en\/wp-json\/wp\/v2\/comments?post=31673"}],"version-history":[{"count":0,"href":"https:\/\/groupecoiff.com\/en\/wp-json\/wp\/v2\/product\/31673\/revisions"}],"wp:featuredmedia":[{"embeddable":true,"href":"https:\/\/groupecoiff.com\/en\/wp-json\/wp\/v2\/media\/31675"}],"wp:attachment":[{"href":"https:\/\/groupecoiff.com\/en\/wp-json\/wp\/v2\/media?parent=31673"}],"wp:term":[{"taxonomy":"product_brand","embeddable":true,"href":"https:\/\/groupecoiff.com\/en\/wp-json\/wp\/v2\/product_brand?post=31673"},{"taxonomy":"product_cat","embeddable":true,"href":"https:\/\/groupecoiff.com\/en\/wp-json\/wp\/v2\/product_cat?post=31673"},{"taxonomy":"product_tag","embeddable":true,"href":"https:\/\/groupecoiff.com\/en\/wp-json\/wp\/v2\/product_tag?post=31673"}],"curies":[{"name":"wp","href":"https:\/\/api.w.org\/{rel}","templated":true}]}}