{"id":31810,"date":"2024-04-13T12:32:13","date_gmt":"2024-04-13T10:32:13","guid":{"rendered":"https:\/\/groupecoiff.com\/?post_type=product&#038;p=31810"},"modified":"2024-05-12T22:32:50","modified_gmt":"2024-05-12T20:32:50","slug":"fauteuil-de-coiffure-enfant-freddie","status":"publish","type":"product","link":"https:\/\/groupecoiff.com\/en\/produit\/fauteuil-de-coiffure-enfant-freddie\/","title":{"rendered":"Fauteuil de Coiffure Enfant Freddie"},"content":{"rendered":"<ul>\n<li><strong>Freddie Children's Styling Chair: Comfort and Entertainment<\/strong><\/li>\n<\/ul>\n<p>Le fauteuil de coiffure enfant Freddie, d\u2019un rouge \u00e9clatant, offre confort et divertissement aux jeunes clients des salons de coiffure.<\/p>\n<p><strong>Safety and Entertainment Guaranteed<\/strong><\/p>\n<p>\u00c9quip\u00e9 d\u2019une ceinture de s\u00e9curit\u00e9 int\u00e9gr\u00e9e, le fauteuil de coiffure enfant Freddie assure la protection des enfants tout en les divertissant avec ses lumi\u00e8res color\u00e9es et ses sons ludiques.<\/p>\n<p><strong>Robust and Elegant<\/strong><\/p>\n<p>Freddie combine un design de voiture pour enfant \u00e0 la solidit\u00e9 d&rsquo;un mobilier de coiffure professionnel, offrant ainsi une esth\u00e9tique unique et une durabilit\u00e9 exceptionnelle.<\/p>\n<p><strong>Technical Specifications of the Freddie Children's Salon Chair:<\/strong><\/p>\n<ul>\n<li>Suitable for hair salons<\/li>\n<li>Integrated safety belt<\/li>\n<li>High-end design for intensive use<\/li>\n<\/ul>\n<p><strong>Practical Dimensions:<\/strong><\/p>\n<ul>\n<li>Length: 105 cm<\/li>\n<li>Hauteur d&rsquo;assise : 80-92 cm<\/li>\n<li>Width: 60 cm<\/li>\n<li>Base diameter: 52 cm<\/li>\n<\/ul>\n<p>Offrez \u00e0 vos jeunes clients une exp\u00e9rience de coiffure exceptionnelle avec le si\u00e8ge de coiffure enfant Freddie. Son design ludique, son confort optimal et sa s\u00e9curit\u00e9 int\u00e9gr\u00e9e en font un choix id\u00e9al pour les salons de coiffure d\u00e9sireux d\u2019offrir des moments inoubliables aux enfants.<\/p>","protected":false},"excerpt":{"rendered":"<p>Thanks to the Freddie children's hairdressing seat, children will look forward to coming to the hairdresser. Give them a memorable and colorful experience! \ud83c\udf89<\/p>","protected":false},"featured_media":31812,"comment_status":"open","ping_status":"closed","template":"","meta":{"googlesitekit_rrm_CAow0YCiDA:productID":"","jetpack_post_was_ever_published":false,"jetpack_publicize_message":"","jetpack_publicize_feature_enabled":true,"jetpack_social_post_already_shared":true,"jetpack_social_options":{"image_generator_settings":{"template":"highway","default_image_id":0,"font":"","enabled":false},"version":2}},"product_brand":[],"product_cat":[313,60],"product_tag":[],"class_list":{"0":"post-31810","1":"product","2":"type-product","3":"status-publish","4":"has-post-thumbnail","6":"product_cat-meuble-de-coiffure","7":"product_cat-mobilier-coiffure-enfant","9":"first","10":"instock","11":"featured","12":"taxable","13":"shipping-taxable","14":"purchasable","15":"product-type-simple"},"yoast_head":"<!-- This site is optimized with the Yoast SEO Premium plugin v27.4 (Yoast SEO v27.4) - https:\/\/yoast.com\/product\/yoast-seo-premium-wordpress\/ -->\n<title>Fauteuil de Coiffure Enfant Freddie: Confort et Divertissement - Groupe Coiff<\/title>\n<meta name=\"description\" content=\"Optez pour le fauteuil de coiffure enfant Freddie pour un salon de coiffure accueillant pour les plus jeunes. Confort, s\u00e9curit\u00e9 et amusement, tout-en-un! \ud83d\udcba\" \/>\n<meta name=\"robots\" content=\"index, follow, max-snippet:-1, max-image-preview:large, max-video-preview:-1\" \/>\n<link rel=\"canonical\" href=\"https:\/\/groupecoiff.com\/en\/product-2\/fauteuil-de-coiffure-enfant-freddie\/\" \/>\n<meta property=\"og:locale\" content=\"en_US\" \/>\n<meta property=\"og:type\" content=\"article\" \/>\n<meta property=\"og:title\" content=\"Fauteuil de Coiffure Enfant Freddie\" \/>\n<meta property=\"og:description\" content=\"Optez pour le fauteuil de coiffure enfant Freddie pour un salon de coiffure accueillant pour les plus jeunes. Confort, s\u00e9curit\u00e9 et amusement, tout-en-un! \ud83d\udcba\" \/>\n<meta property=\"og:url\" content=\"https:\/\/groupecoiff.com\/en\/product-2\/fauteuil-de-coiffure-enfant-freddie\/\" \/>\n<meta property=\"og:site_name\" content=\"Groupe Coiff\" \/>\n<meta property=\"article:publisher\" content=\"https:\/\/www.facebook.com\/GroupeCoiff\" \/>\n<meta property=\"article:modified_time\" content=\"2024-05-12T20:32:50+00:00\" \/>\n<meta property=\"og:image\" content=\"https:\/\/groupecoiff.com\/wp-content\/uploads\/2024\/04\/Siege-de-Coiffure-Enfant-Freddie-2.webp\" \/>\n\t<meta property=\"og:image:width\" content=\"1080\" \/>\n\t<meta property=\"og:image:height\" content=\"1080\" \/>\n\t<meta property=\"og:image:type\" content=\"image\/webp\" \/>\n<meta name=\"twitter:card\" content=\"summary_large_image\" \/>\n<meta name=\"twitter:site\" content=\"@groupecoiff\" \/>\n<meta name=\"twitter:label1\" content=\"Price\" \/>\n\t<meta name=\"twitter:data1\" content=\"399,00&nbsp;&euro;\" \/>\n\t<meta name=\"twitter:label2\" content=\"Availability\" \/>\n\t<meta name=\"twitter:data2\" content=\"In stock\" \/>\n<script type=\"application\/ld+json\" class=\"yoast-schema-graph\">{\"@context\":\"https:\\\/\\\/schema.org\",\"@graph\":[{\"@type\":\"WebPage\",\"@id\":\"https:\\\/\\\/groupecoiff.com\\\/produit\\\/fauteuil-de-coiffure-enfant-freddie\\\/\",\"url\":\"https:\\\/\\\/groupecoiff.com\\\/produit\\\/fauteuil-de-coiffure-enfant-freddie\\\/\",\"name\":\"Fauteuil de Coiffure Enfant Freddie: Confort et Divertissement - Groupe Coiff\",\"isPartOf\":{\"@id\":\"https:\\\/\\\/groupecoiff.com\\\/#website\"},\"primaryImageOfPage\":{\"@id\":\"https:\\\/\\\/groupecoiff.com\\\/produit\\\/fauteuil-de-coiffure-enfant-freddie\\\/#primaryimage\"},\"image\":{\"@id\":\"https:\\\/\\\/groupecoiff.com\\\/produit\\\/fauteuil-de-coiffure-enfant-freddie\\\/#primaryimage\"},\"thumbnailUrl\":\"https:\\\/\\\/groupecoiff.com\\\/wp-content\\\/uploads\\\/2024\\\/04\\\/Siege-de-Coiffure-Enfant-Freddie-2.webp\",\"datePublished\":\"2024-04-13T10:32:13+00:00\",\"dateModified\":\"2024-05-12T20:32:50+00:00\",\"description\":\"Optez pour le fauteuil de coiffure enfant Freddie pour un salon de coiffure accueillant pour les plus jeunes. Confort, s\u00e9curit\u00e9 et amusement, tout-en-un! \ud83d\udcba\",\"breadcrumb\":{\"@id\":\"https:\\\/\\\/groupecoiff.com\\\/produit\\\/fauteuil-de-coiffure-enfant-freddie\\\/#breadcrumb\"},\"inLanguage\":\"en-US\",\"potentialAction\":[{\"@type\":\"ReadAction\",\"target\":[\"https:\\\/\\\/groupecoiff.com\\\/produit\\\/fauteuil-de-coiffure-enfant-freddie\\\/\"]}]},{\"@type\":\"ImageObject\",\"inLanguage\":\"en-US\",\"@id\":\"https:\\\/\\\/groupecoiff.com\\\/produit\\\/fauteuil-de-coiffure-enfant-freddie\\\/#primaryimage\",\"url\":\"https:\\\/\\\/groupecoiff.com\\\/wp-content\\\/uploads\\\/2024\\\/04\\\/Siege-de-Coiffure-Enfant-Freddie-2.webp\",\"contentUrl\":\"https:\\\/\\\/groupecoiff.com\\\/wp-content\\\/uploads\\\/2024\\\/04\\\/Siege-de-Coiffure-Enfant-Freddie-2.webp\",\"width\":1080,\"height\":1080,\"caption\":\"fauteuil de coiffure enfant Freddie - chaise de coiffure enfant Freddie - Siege de coiffure enfant Freddie - Mobilier de Coiffure Professionnel - Mobilier de Coiffure Haut de Gamme\"},{\"@type\":\"BreadcrumbList\",\"@id\":\"https:\\\/\\\/groupecoiff.com\\\/produit\\\/fauteuil-de-coiffure-enfant-freddie\\\/#breadcrumb\",\"itemListElement\":[{\"@type\":\"ListItem\",\"position\":1,\"name\":\"Accueil\",\"item\":\"https:\\\/\\\/groupecoiff.com\\\/\"},{\"@type\":\"ListItem\",\"position\":2,\"name\":\"Boutique\",\"item\":\"https:\\\/\\\/groupecoiff.com\\\/boutique\\\/\"},{\"@type\":\"ListItem\",\"position\":3,\"name\":\"Fauteuil de Coiffure Enfant Freddie\"}]},{\"@type\":\"WebSite\",\"@id\":\"https:\\\/\\\/groupecoiff.com\\\/#website\",\"url\":\"https:\\\/\\\/groupecoiff.com\\\/\",\"name\":\"Groupe Coiff\",\"description\":\"Tout pour la coiffure\",\"publisher\":{\"@id\":\"https:\\\/\\\/groupecoiff.com\\\/#organization\"},\"potentialAction\":[{\"@type\":\"SearchAction\",\"target\":{\"@type\":\"EntryPoint\",\"urlTemplate\":\"https:\\\/\\\/groupecoiff.com\\\/?s={search_term_string}\"},\"query-input\":{\"@type\":\"PropertyValueSpecification\",\"valueRequired\":true,\"valueName\":\"search_term_string\"}}],\"inLanguage\":\"en-US\"},{\"@type\":\"Organization\",\"@id\":\"https:\\\/\\\/groupecoiff.com\\\/#organization\",\"name\":\"Groupe Coiff\",\"alternateName\":\"Groupe Coiff : Le Mobilier De Coiffure Haut de Gamme Pour Une \u00c9l\u00e9gance In\u00e9gal\u00e9e\",\"url\":\"https:\\\/\\\/groupecoiff.com\\\/\",\"logo\":{\"@type\":\"ImageObject\",\"inLanguage\":\"en-US\",\"@id\":\"https:\\\/\\\/groupecoiff.com\\\/#\\\/schema\\\/logo\\\/image\\\/\",\"url\":\"https:\\\/\\\/groupecoiff.com\\\/wp-content\\\/uploads\\\/2024\\\/01\\\/cropped-Groupe-Coiff-Logo.webp\",\"contentUrl\":\"https:\\\/\\\/groupecoiff.com\\\/wp-content\\\/uploads\\\/2024\\\/01\\\/cropped-Groupe-Coiff-Logo.webp\",\"width\":512,\"height\":512,\"caption\":\"Groupe Coiff\"},\"image\":{\"@id\":\"https:\\\/\\\/groupecoiff.com\\\/#\\\/schema\\\/logo\\\/image\\\/\"},\"sameAs\":[\"https:\\\/\\\/www.facebook.com\\\/GroupeCoiff\",\"https:\\\/\\\/x.com\\\/groupecoiff\",\"https:\\\/\\\/www.instagram.com\\\/groupecoiff\\\/\",\"https:\\\/\\\/www.tiktok.com\\\/@groupecoiff\",\"https:\\\/\\\/www.youtube.com\\\/@groupecoiff\",\"https:\\\/\\\/twitter.com\\\/groupecoiff\",\"https:\\\/\\\/www.leboncoin.fr\\\/boutique\\\/3961302\\\/groupe_coiff.htm\"],\"description\":\"D\u00e9couvrez le mobilier de coiffure haut de gamme de Groupe Coiff, alliant \u00e9l\u00e9gance et fonctionnalit\u00e9 pour sublimer votre salon et satisfaire vos clients.\",\"email\":\"contact@groupecoiff.com\",\"telephone\":\"0676951605\",\"legalName\":\"Groupe Coiff\",\"foundingDate\":\"2022-11-16\",\"vatID\":\"FR84921406419\",\"taxID\":\"92140641900025\"}]}<\/script>\n<meta property=\"product:price:amount\" content=\"399.00\" \/>\n<meta property=\"product:price:currency\" content=\"EUR\" \/>\n<meta property=\"og:availability\" content=\"instock\" \/>\n<meta property=\"product:availability\" content=\"instock\" \/>\n<meta property=\"product:condition\" content=\"new\" \/>\n<!-- \/ Yoast SEO Premium plugin. -->","yoast_head_json":{"title":"Freddie Children's Hairdressing Chair: Comfort and Entertainment - Groupe Coiff","description":"Choose the Freddie children's hairdressing chair for a salon that welcomes the youngest. Comfort, safety and fun, all-in-one! \ud83d\udcba","robots":{"index":"index","follow":"follow","max-snippet":"max-snippet:-1","max-image-preview":"max-image-preview:large","max-video-preview":"max-video-preview:-1"},"canonical":"https:\/\/groupecoiff.com\/en\/product-2\/fauteuil-de-coiffure-enfant-freddie\/","og_locale":"en_US","og_type":"article","og_title":"Fauteuil de Coiffure Enfant Freddie","og_description":"Optez pour le fauteuil de coiffure enfant Freddie pour un salon de coiffure accueillant pour les plus jeunes. Confort, s\u00e9curit\u00e9 et amusement, tout-en-un! \ud83d\udcba","og_url":"https:\/\/groupecoiff.com\/en\/product-2\/fauteuil-de-coiffure-enfant-freddie\/","og_site_name":"Groupe Coiff","article_publisher":"https:\/\/www.facebook.com\/GroupeCoiff","article_modified_time":"2024-05-12T20:32:50+00:00","og_image":[{"width":1080,"height":1080,"url":"https:\/\/groupecoiff.com\/wp-content\/uploads\/2024\/04\/Siege-de-Coiffure-Enfant-Freddie-2.webp","type":"image\/webp"}],"twitter_card":"summary_large_image","twitter_site":"@groupecoiff","twitter_misc":{"Price":"399,00&nbsp;&euro;","Availability":"In stock"},"schema":{"@context":"https:\/\/schema.org","@graph":[{"@type":"WebPage","@id":"https:\/\/groupecoiff.com\/produit\/fauteuil-de-coiffure-enfant-freddie\/","url":"https:\/\/groupecoiff.com\/produit\/fauteuil-de-coiffure-enfant-freddie\/","name":"Freddie Children's Hairdressing Chair: Comfort and Entertainment - Groupe Coiff","isPartOf":{"@id":"https:\/\/groupecoiff.com\/#website"},"primaryImageOfPage":{"@id":"https:\/\/groupecoiff.com\/produit\/fauteuil-de-coiffure-enfant-freddie\/#primaryimage"},"image":{"@id":"https:\/\/groupecoiff.com\/produit\/fauteuil-de-coiffure-enfant-freddie\/#primaryimage"},"thumbnailUrl":"https:\/\/groupecoiff.com\/wp-content\/uploads\/2024\/04\/Siege-de-Coiffure-Enfant-Freddie-2.webp","datePublished":"2024-04-13T10:32:13+00:00","dateModified":"2024-05-12T20:32:50+00:00","description":"Choose the Freddie children's hairdressing chair for a salon that welcomes the youngest. Comfort, safety and fun, all-in-one! \ud83d\udcba","breadcrumb":{"@id":"https:\/\/groupecoiff.com\/produit\/fauteuil-de-coiffure-enfant-freddie\/#breadcrumb"},"inLanguage":"en-US","potentialAction":[{"@type":"ReadAction","target":["https:\/\/groupecoiff.com\/produit\/fauteuil-de-coiffure-enfant-freddie\/"]}]},{"@type":"ImageObject","inLanguage":"en-US","@id":"https:\/\/groupecoiff.com\/produit\/fauteuil-de-coiffure-enfant-freddie\/#primaryimage","url":"https:\/\/groupecoiff.com\/wp-content\/uploads\/2024\/04\/Siege-de-Coiffure-Enfant-Freddie-2.webp","contentUrl":"https:\/\/groupecoiff.com\/wp-content\/uploads\/2024\/04\/Siege-de-Coiffure-Enfant-Freddie-2.webp","width":1080,"height":1080,"caption":"fauteuil de coiffure enfant Freddie - chaise de coiffure enfant Freddie - Siege de coiffure enfant Freddie - Mobilier de Coiffure Professionnel - Mobilier de Coiffure Haut de Gamme"},{"@type":"BreadcrumbList","@id":"https:\/\/groupecoiff.com\/produit\/fauteuil-de-coiffure-enfant-freddie\/#breadcrumb","itemListElement":[{"@type":"ListItem","position":1,"name":"Accueil","item":"https:\/\/groupecoiff.com\/"},{"@type":"ListItem","position":2,"name":"Boutique","item":"https:\/\/groupecoiff.com\/boutique\/"},{"@type":"ListItem","position":3,"name":"Fauteuil de Coiffure Enfant Freddie"}]},{"@type":"WebSite","@id":"https:\/\/groupecoiff.com\/#website","url":"https:\/\/groupecoiff.com\/","name":"Coiff Group","description":"Everything for the hairdresser","publisher":{"@id":"https:\/\/groupecoiff.com\/#organization"},"potentialAction":[{"@type":"SearchAction","target":{"@type":"EntryPoint","urlTemplate":"https:\/\/groupecoiff.com\/?s={search_term_string}"},"query-input":{"@type":"PropertyValueSpecification","valueRequired":true,"valueName":"search_term_string"}}],"inLanguage":"en-US"},{"@type":"Organization","@id":"https:\/\/groupecoiff.com\/#organization","name":"Coiff Group","alternateName":"Groupe Coiff : Le Mobilier De Coiffure Haut de Gamme Pour Une \u00c9l\u00e9gance In\u00e9gal\u00e9e","url":"https:\/\/groupecoiff.com\/","logo":{"@type":"ImageObject","inLanguage":"en-US","@id":"https:\/\/groupecoiff.com\/#\/schema\/logo\/image\/","url":"https:\/\/groupecoiff.com\/wp-content\/uploads\/2024\/01\/cropped-Groupe-Coiff-Logo.webp","contentUrl":"https:\/\/groupecoiff.com\/wp-content\/uploads\/2024\/01\/cropped-Groupe-Coiff-Logo.webp","width":512,"height":512,"caption":"Groupe Coiff"},"image":{"@id":"https:\/\/groupecoiff.com\/#\/schema\/logo\/image\/"},"sameAs":["https:\/\/www.facebook.com\/GroupeCoiff","https:\/\/x.com\/groupecoiff","https:\/\/www.instagram.com\/groupecoiff\/","https:\/\/www.tiktok.com\/@groupecoiff","https:\/\/www.youtube.com\/@groupecoiff","https:\/\/twitter.com\/groupecoiff","https:\/\/www.leboncoin.fr\/boutique\/3961302\/groupe_coiff.htm"],"description":"Discover Groupe Coiff's top-of-the-range hairdressing furniture, combining elegance and functionality to enhance your salon and satisfy your customers.","email":"contact@groupecoiff.com","telephone":"0676951605","legalName":"Groupe Coiff","foundingDate":"2022-11-16","vatID":"FR84921406419","taxID":"92140641900025"}]},"product_price_amount":"399.00","product_price_currency":"EUR","og_availability":"instock","product_availability":"instock","product_condition":"new"},"jetpack_publicize_connections":[],"jetpack_likes_enabled":true,"jetpack_sharing_enabled":true,"_links":{"self":[{"href":"https:\/\/groupecoiff.com\/en\/wp-json\/wp\/v2\/product\/31810","targetHints":{"allow":["GET"]}}],"collection":[{"href":"https:\/\/groupecoiff.com\/en\/wp-json\/wp\/v2\/product"}],"about":[{"href":"https:\/\/groupecoiff.com\/en\/wp-json\/wp\/v2\/types\/product"}],"replies":[{"embeddable":true,"href":"https:\/\/groupecoiff.com\/en\/wp-json\/wp\/v2\/comments?post=31810"}],"version-history":[{"count":0,"href":"https:\/\/groupecoiff.com\/en\/wp-json\/wp\/v2\/product\/31810\/revisions"}],"wp:featuredmedia":[{"embeddable":true,"href":"https:\/\/groupecoiff.com\/en\/wp-json\/wp\/v2\/media\/31812"}],"wp:attachment":[{"href":"https:\/\/groupecoiff.com\/en\/wp-json\/wp\/v2\/media?parent=31810"}],"wp:term":[{"taxonomy":"product_brand","embeddable":true,"href":"https:\/\/groupecoiff.com\/en\/wp-json\/wp\/v2\/product_brand?post=31810"},{"taxonomy":"product_cat","embeddable":true,"href":"https:\/\/groupecoiff.com\/en\/wp-json\/wp\/v2\/product_cat?post=31810"},{"taxonomy":"product_tag","embeddable":true,"href":"https:\/\/groupecoiff.com\/en\/wp-json\/wp\/v2\/product_tag?post=31810"}],"curies":[{"name":"wp","href":"https:\/\/api.w.org\/{rel}","templated":true}]}}