{"id":31816,"date":"2024-04-14T18:09:31","date_gmt":"2024-04-14T16:09:31","guid":{"rendered":"https:\/\/groupecoiff.com\/?post_type=product&#038;p=31816"},"modified":"2026-02-10T13:40:21","modified_gmt":"2026-02-10T12:40:21","slug":"bac-a-shampooing-professionnel-jacob","status":"publish","type":"product","link":"https:\/\/groupecoiff.com\/en\/produit\/bac-a-shampooing-professionnel-jacob\/","title":{"rendered":"Bac \u00e0 shampooing professionnel Jacob"},"content":{"rendered":"<ul>\n<li>\n<h3>Jacob Shampoo Bowl for Hair Salon: Ergonomic Elegance<\/h3>\n<\/li>\n<\/ul>\n<p>Discover the Jacob professional shampoo bowl, a perfect fusion between ergonomics and contemporary design. This bowl undeniably adds character to any high-end hair salon.<\/p>\n<ul>\n<li><strong>Superior Quality Features<\/strong><\/li>\n<\/ul>\n<p>The Jacob professional washing bowl is designed with a high-quality hairdressing head washing unit. Its interior wooden structure, covered with fire-retardant PVC poly-leather, offers optimal comfort. The high-density foam wrapping the interior structure ensures increased support.<\/p>\n<ul>\n<li><strong>Practical and Functional Design<\/strong><\/li>\n<\/ul>\n<p>Le bac \u00e0 shampooing professionnel Jacob est \u00e9quip\u00e9 d\u2019une garniture de support en c\u00e9ramique en acier inoxydable, garantissant une durabilit\u00e9 et une r\u00e9sistance exceptionnelles. Son rev\u00eatement en similicuir PVC retardant au feu assure une s\u00e9curit\u00e9 suppl\u00e9mentaire.<\/p>\n<ul>\n<li><strong>Versatility and Comfort<\/strong><\/li>\n<\/ul>\n<p>The ceramic, available in black or white, is mounted on an oscillating mechanism with rubber trim for optimal comfort. The valve includes a lint basket, plug and drain hose. The anti-drip kit, including a mixer tap, anti-drip shower head and hose, is also included.<\/p>\n<ul>\n<li><strong>Technical Specifications<\/strong><\/li>\n<\/ul>\n<p>Basin dimensions: Length: 130 cm, Height: 98 cm. Available in black, this basin offers an elegant and functional design for your salon.<\/p>\n<p>Profitez de l\u2019exp\u00e9rience ultime de lavage pour vos clients avec le bac de lavage professionnel Jacob, un ajout essentiel au mobilier de coiffure haut de gamme. Transformez votre salon avec ce mariage parfait de style et de fonctionnalit\u00e9.<\/p>\n<p>&nbsp;<\/p>\n<h5 style=\"text-align: center;\"><span style=\"color: #808000;\"><a style=\"color: #808000;\" href=\"https:\/\/groupecoiff.com\/wp-content\/uploads\/2024\/04\/Fiche-Technique.pdf\">Technical Specifications<\/a><\/span><\/h5>","protected":false},"excerpt":{"rendered":"<div class=\"yst-label yst-radio__label yst-flex yst-flex-wrap yst-items-center\">Ajoutez du caract\u00e8re \u00e0 votre salon avec le bac \u00e0 shampooing professionnel Jacob. Son design contemporain satisfait les exigences de vos clients !<\/div>","protected":false},"featured_media":49430,"comment_status":"open","ping_status":"closed","template":"","meta":{"googlesitekit_rrm_CAow0YCiDA:productID":"","jetpack_post_was_ever_published":false,"jetpack_publicize_message":"","jetpack_publicize_feature_enabled":true,"jetpack_social_post_already_shared":true,"jetpack_social_options":{"image_generator_settings":{"template":"highway","default_image_id":0,"font":"","enabled":false},"version":2}},"product_brand":[575],"product_cat":[44,313],"product_tag":[441,648,535],"class_list":{"0":"post-31816","1":"product","2":"type-product","3":"status-publish","4":"has-post-thumbnail","6":"product_brand-mirplay","7":"product_cat-bac-de-lavage","8":"product_cat-meuble-de-coiffure","9":"product_tag-bac-a-shampoing-professionnel","10":"product_tag-bac-de-lavage-pour-salon-de-coiffure","11":"product_tag-mobilier-de-coiffure-professionnel","13":"first","14":"instock","15":"sale","16":"featured","17":"taxable","18":"shipping-taxable","19":"purchasable","20":"product-type-simple"},"yoast_head":"<!-- This site is optimized with the Yoast SEO Premium plugin v27.4 (Yoast SEO v27.4) - https:\/\/yoast.com\/product\/yoast-seo-premium-wordpress\/ -->\n<title>Bac \u00e0 shampooing professionnel Jacob: Ergonomie et \u00c9l\u00e9gance - Groupe Coiff<\/title>\n<meta name=\"description\" content=\"Remarquez la diff\u00e9rence avec le bac \u00e0 shampooing professionnel Jacob, con\u00e7u pour le luxe. Investissez dans la qualit\u00e9 pour votre salon ! \ud83c\udf1f\" \/>\n<meta name=\"robots\" content=\"index, follow, max-snippet:-1, max-image-preview:large, max-video-preview:-1\" \/>\n<link rel=\"canonical\" href=\"https:\/\/groupecoiff.com\/en\/product-2\/bac-a-shampooing-professionnel-jacob\/\" \/>\n<meta property=\"og:locale\" content=\"en_US\" \/>\n<meta property=\"og:type\" content=\"article\" \/>\n<meta property=\"og:title\" content=\"Bac \u00e0 shampooing professionnel Jacob\" \/>\n<meta property=\"og:description\" content=\"Remarquez la diff\u00e9rence avec le bac \u00e0 shampooing professionnel Jacob, con\u00e7u pour le luxe. Investissez dans la qualit\u00e9 pour votre salon ! \ud83c\udf1f\" \/>\n<meta property=\"og:url\" content=\"https:\/\/groupecoiff.com\/en\/product-2\/bac-a-shampooing-professionnel-jacob\/\" \/>\n<meta property=\"og:site_name\" content=\"Groupe Coiff\" \/>\n<meta property=\"article:publisher\" content=\"https:\/\/www.facebook.com\/GroupeCoiff\" \/>\n<meta property=\"article:modified_time\" content=\"2026-02-10T12:40:21+00:00\" \/>\n<meta property=\"og:image\" content=\"https:\/\/groupecoiff.com\/wp-content\/uploads\/2024\/04\/JACOB-1.webp\" \/>\n\t<meta property=\"og:image:width\" content=\"600\" \/>\n\t<meta property=\"og:image:height\" content=\"600\" \/>\n\t<meta property=\"og:image:type\" content=\"image\/webp\" \/>\n<meta name=\"twitter:card\" content=\"summary_large_image\" \/>\n<meta name=\"twitter:site\" content=\"@groupecoiff\" \/>\n<meta name=\"twitter:label1\" content=\"Price\" \/>\n\t<meta name=\"twitter:data1\" content=\"756,00&nbsp;&euro;\" \/>\n\t<meta name=\"twitter:label2\" content=\"Availability\" \/>\n\t<meta name=\"twitter:data2\" content=\"In stock\" \/>\n<script type=\"application\/ld+json\" class=\"yoast-schema-graph\">{\"@context\":\"https:\\\/\\\/schema.org\",\"@graph\":[{\"@type\":\"WebPage\",\"@id\":\"https:\\\/\\\/groupecoiff.com\\\/produit\\\/bac-a-shampooing-professionnel-jacob\\\/\",\"url\":\"https:\\\/\\\/groupecoiff.com\\\/produit\\\/bac-a-shampooing-professionnel-jacob\\\/\",\"name\":\"Bac \u00e0 shampooing professionnel Jacob: Ergonomie et \u00c9l\u00e9gance - Groupe Coiff\",\"isPartOf\":{\"@id\":\"https:\\\/\\\/groupecoiff.com\\\/#website\"},\"primaryImageOfPage\":{\"@id\":\"https:\\\/\\\/groupecoiff.com\\\/produit\\\/bac-a-shampooing-professionnel-jacob\\\/#primaryimage\"},\"image\":{\"@id\":\"https:\\\/\\\/groupecoiff.com\\\/produit\\\/bac-a-shampooing-professionnel-jacob\\\/#primaryimage\"},\"thumbnailUrl\":\"https:\\\/\\\/groupecoiff.com\\\/wp-content\\\/uploads\\\/2024\\\/04\\\/JACOB-1.webp\",\"datePublished\":\"2024-04-14T16:09:31+00:00\",\"dateModified\":\"2026-02-10T12:40:21+00:00\",\"description\":\"Remarquez la diff\u00e9rence avec le bac \u00e0 shampooing professionnel Jacob, con\u00e7u pour le luxe. Investissez dans la qualit\u00e9 pour votre salon ! \ud83c\udf1f\",\"breadcrumb\":{\"@id\":\"https:\\\/\\\/groupecoiff.com\\\/produit\\\/bac-a-shampooing-professionnel-jacob\\\/#breadcrumb\"},\"inLanguage\":\"en-US\",\"potentialAction\":[{\"@type\":\"ReadAction\",\"target\":[\"https:\\\/\\\/groupecoiff.com\\\/produit\\\/bac-a-shampooing-professionnel-jacob\\\/\"]}]},{\"@type\":\"ImageObject\",\"inLanguage\":\"en-US\",\"@id\":\"https:\\\/\\\/groupecoiff.com\\\/produit\\\/bac-a-shampooing-professionnel-jacob\\\/#primaryimage\",\"url\":\"https:\\\/\\\/groupecoiff.com\\\/wp-content\\\/uploads\\\/2024\\\/04\\\/JACOB-1.webp\",\"contentUrl\":\"https:\\\/\\\/groupecoiff.com\\\/wp-content\\\/uploads\\\/2024\\\/04\\\/JACOB-1.webp\",\"width\":600,\"height\":600,\"caption\":\"Bac \u00e0 shampooing professionnel Jacob ; - bac \u00e0 shampooing pour salon de coiffure Jacob ; - Bac de lavage professionnel Jacob ; - bac de lavage pour salon de coiffure Jacob ; - Mobilier de coiffure haut de gamme\"},{\"@type\":\"BreadcrumbList\",\"@id\":\"https:\\\/\\\/groupecoiff.com\\\/produit\\\/bac-a-shampooing-professionnel-jacob\\\/#breadcrumb\",\"itemListElement\":[{\"@type\":\"ListItem\",\"position\":1,\"name\":\"Accueil\",\"item\":\"https:\\\/\\\/groupecoiff.com\\\/\"},{\"@type\":\"ListItem\",\"position\":2,\"name\":\"Boutique\",\"item\":\"https:\\\/\\\/groupecoiff.com\\\/boutique\\\/\"},{\"@type\":\"ListItem\",\"position\":3,\"name\":\"Bac \u00e0 shampooing professionnel Jacob\"}]},{\"@type\":\"WebSite\",\"@id\":\"https:\\\/\\\/groupecoiff.com\\\/#website\",\"url\":\"https:\\\/\\\/groupecoiff.com\\\/\",\"name\":\"Groupe Coiff\",\"description\":\"Tout pour la coiffure\",\"publisher\":{\"@id\":\"https:\\\/\\\/groupecoiff.com\\\/#organization\"},\"potentialAction\":[{\"@type\":\"SearchAction\",\"target\":{\"@type\":\"EntryPoint\",\"urlTemplate\":\"https:\\\/\\\/groupecoiff.com\\\/?s={search_term_string}\"},\"query-input\":{\"@type\":\"PropertyValueSpecification\",\"valueRequired\":true,\"valueName\":\"search_term_string\"}}],\"inLanguage\":\"en-US\"},{\"@type\":\"Organization\",\"@id\":\"https:\\\/\\\/groupecoiff.com\\\/#organization\",\"name\":\"Groupe Coiff\",\"alternateName\":\"Groupe Coiff : Le Mobilier De Coiffure Haut de Gamme Pour Une \u00c9l\u00e9gance In\u00e9gal\u00e9e\",\"url\":\"https:\\\/\\\/groupecoiff.com\\\/\",\"logo\":{\"@type\":\"ImageObject\",\"inLanguage\":\"en-US\",\"@id\":\"https:\\\/\\\/groupecoiff.com\\\/#\\\/schema\\\/logo\\\/image\\\/\",\"url\":\"https:\\\/\\\/groupecoiff.com\\\/wp-content\\\/uploads\\\/2024\\\/01\\\/cropped-Groupe-Coiff-Logo.webp\",\"contentUrl\":\"https:\\\/\\\/groupecoiff.com\\\/wp-content\\\/uploads\\\/2024\\\/01\\\/cropped-Groupe-Coiff-Logo.webp\",\"width\":512,\"height\":512,\"caption\":\"Groupe Coiff\"},\"image\":{\"@id\":\"https:\\\/\\\/groupecoiff.com\\\/#\\\/schema\\\/logo\\\/image\\\/\"},\"sameAs\":[\"https:\\\/\\\/www.facebook.com\\\/GroupeCoiff\",\"https:\\\/\\\/x.com\\\/groupecoiff\",\"https:\\\/\\\/www.instagram.com\\\/groupecoiff\\\/\",\"https:\\\/\\\/www.tiktok.com\\\/@groupecoiff\",\"https:\\\/\\\/www.youtube.com\\\/@groupecoiff\",\"https:\\\/\\\/twitter.com\\\/groupecoiff\",\"https:\\\/\\\/www.leboncoin.fr\\\/boutique\\\/3961302\\\/groupe_coiff.htm\"],\"description\":\"D\u00e9couvrez le mobilier de coiffure haut de gamme de Groupe Coiff, alliant \u00e9l\u00e9gance et fonctionnalit\u00e9 pour sublimer votre salon et satisfaire vos clients.\",\"email\":\"contact@groupecoiff.com\",\"telephone\":\"0676951605\",\"legalName\":\"Groupe Coiff\",\"foundingDate\":\"2022-11-16\",\"vatID\":\"FR84921406419\",\"taxID\":\"92140641900025\"}]}<\/script>\n<meta property=\"product:price:amount\" content=\"756.00\" \/>\n<meta property=\"product:price:currency\" content=\"EUR\" \/>\n<meta property=\"og:availability\" content=\"instock\" \/>\n<meta property=\"product:availability\" content=\"instock\" \/>\n<meta property=\"product:condition\" content=\"new\" \/>\n<!-- \/ Yoast SEO Premium plugin. -->","yoast_head_json":{"title":"Jacob Professional Shampoo Bowl: Ergonomics and Elegance - Groupe Coiff","description":"Remarquez la diff\u00e9rence avec le bac \u00e0 shampooing professionnel Jacob, con\u00e7u pour le luxe. Investissez dans la qualit\u00e9 pour votre salon ! \ud83c\udf1f","robots":{"index":"index","follow":"follow","max-snippet":"max-snippet:-1","max-image-preview":"max-image-preview:large","max-video-preview":"max-video-preview:-1"},"canonical":"https:\/\/groupecoiff.com\/en\/product-2\/bac-a-shampooing-professionnel-jacob\/","og_locale":"en_US","og_type":"article","og_title":"Bac \u00e0 shampooing professionnel Jacob","og_description":"Remarquez la diff\u00e9rence avec le bac \u00e0 shampooing professionnel Jacob, con\u00e7u pour le luxe. Investissez dans la qualit\u00e9 pour votre salon ! \ud83c\udf1f","og_url":"https:\/\/groupecoiff.com\/en\/product-2\/bac-a-shampooing-professionnel-jacob\/","og_site_name":"Groupe Coiff","article_publisher":"https:\/\/www.facebook.com\/GroupeCoiff","article_modified_time":"2026-02-10T12:40:21+00:00","og_image":[{"width":600,"height":600,"url":"https:\/\/groupecoiff.com\/wp-content\/uploads\/2024\/04\/JACOB-1.webp","type":"image\/webp"}],"twitter_card":"summary_large_image","twitter_site":"@groupecoiff","twitter_misc":{"Price":"756,00&nbsp;&euro;","Availability":"In stock"},"schema":{"@context":"https:\/\/schema.org","@graph":[{"@type":"WebPage","@id":"https:\/\/groupecoiff.com\/produit\/bac-a-shampooing-professionnel-jacob\/","url":"https:\/\/groupecoiff.com\/produit\/bac-a-shampooing-professionnel-jacob\/","name":"Jacob Professional Shampoo Bowl: Ergonomics and Elegance - Groupe Coiff","isPartOf":{"@id":"https:\/\/groupecoiff.com\/#website"},"primaryImageOfPage":{"@id":"https:\/\/groupecoiff.com\/produit\/bac-a-shampooing-professionnel-jacob\/#primaryimage"},"image":{"@id":"https:\/\/groupecoiff.com\/produit\/bac-a-shampooing-professionnel-jacob\/#primaryimage"},"thumbnailUrl":"https:\/\/groupecoiff.com\/wp-content\/uploads\/2024\/04\/JACOB-1.webp","datePublished":"2024-04-14T16:09:31+00:00","dateModified":"2026-02-10T12:40:21+00:00","description":"Remarquez la diff\u00e9rence avec le bac \u00e0 shampooing professionnel Jacob, con\u00e7u pour le luxe. Investissez dans la qualit\u00e9 pour votre salon ! \ud83c\udf1f","breadcrumb":{"@id":"https:\/\/groupecoiff.com\/produit\/bac-a-shampooing-professionnel-jacob\/#breadcrumb"},"inLanguage":"en-US","potentialAction":[{"@type":"ReadAction","target":["https:\/\/groupecoiff.com\/produit\/bac-a-shampooing-professionnel-jacob\/"]}]},{"@type":"ImageObject","inLanguage":"en-US","@id":"https:\/\/groupecoiff.com\/produit\/bac-a-shampooing-professionnel-jacob\/#primaryimage","url":"https:\/\/groupecoiff.com\/wp-content\/uploads\/2024\/04\/JACOB-1.webp","contentUrl":"https:\/\/groupecoiff.com\/wp-content\/uploads\/2024\/04\/JACOB-1.webp","width":600,"height":600,"caption":"Bac \u00e0 shampooing professionnel Jacob ; - bac \u00e0 shampooing pour salon de coiffure Jacob ; - Bac de lavage professionnel Jacob ; - bac de lavage pour salon de coiffure Jacob ; - Mobilier de coiffure haut de gamme"},{"@type":"BreadcrumbList","@id":"https:\/\/groupecoiff.com\/produit\/bac-a-shampooing-professionnel-jacob\/#breadcrumb","itemListElement":[{"@type":"ListItem","position":1,"name":"Accueil","item":"https:\/\/groupecoiff.com\/"},{"@type":"ListItem","position":2,"name":"Boutique","item":"https:\/\/groupecoiff.com\/boutique\/"},{"@type":"ListItem","position":3,"name":"Bac \u00e0 shampooing professionnel Jacob"}]},{"@type":"WebSite","@id":"https:\/\/groupecoiff.com\/#website","url":"https:\/\/groupecoiff.com\/","name":"Coiff Group","description":"Everything for the hairdresser","publisher":{"@id":"https:\/\/groupecoiff.com\/#organization"},"potentialAction":[{"@type":"SearchAction","target":{"@type":"EntryPoint","urlTemplate":"https:\/\/groupecoiff.com\/?s={search_term_string}"},"query-input":{"@type":"PropertyValueSpecification","valueRequired":true,"valueName":"search_term_string"}}],"inLanguage":"en-US"},{"@type":"Organization","@id":"https:\/\/groupecoiff.com\/#organization","name":"Coiff Group","alternateName":"Groupe Coiff : Le Mobilier De Coiffure Haut de Gamme Pour Une \u00c9l\u00e9gance In\u00e9gal\u00e9e","url":"https:\/\/groupecoiff.com\/","logo":{"@type":"ImageObject","inLanguage":"en-US","@id":"https:\/\/groupecoiff.com\/#\/schema\/logo\/image\/","url":"https:\/\/groupecoiff.com\/wp-content\/uploads\/2024\/01\/cropped-Groupe-Coiff-Logo.webp","contentUrl":"https:\/\/groupecoiff.com\/wp-content\/uploads\/2024\/01\/cropped-Groupe-Coiff-Logo.webp","width":512,"height":512,"caption":"Groupe Coiff"},"image":{"@id":"https:\/\/groupecoiff.com\/#\/schema\/logo\/image\/"},"sameAs":["https:\/\/www.facebook.com\/GroupeCoiff","https:\/\/x.com\/groupecoiff","https:\/\/www.instagram.com\/groupecoiff\/","https:\/\/www.tiktok.com\/@groupecoiff","https:\/\/www.youtube.com\/@groupecoiff","https:\/\/twitter.com\/groupecoiff","https:\/\/www.leboncoin.fr\/boutique\/3961302\/groupe_coiff.htm"],"description":"Discover Groupe Coiff's top-of-the-range hairdressing furniture, combining elegance and functionality to enhance your salon and satisfy your customers.","email":"contact@groupecoiff.com","telephone":"0676951605","legalName":"Groupe Coiff","foundingDate":"2022-11-16","vatID":"FR84921406419","taxID":"92140641900025"}]},"product_price_amount":"756.00","product_price_currency":"EUR","og_availability":"instock","product_availability":"instock","product_condition":"new"},"jetpack_publicize_connections":[],"jetpack_likes_enabled":true,"jetpack_sharing_enabled":true,"_links":{"self":[{"href":"https:\/\/groupecoiff.com\/en\/wp-json\/wp\/v2\/product\/31816","targetHints":{"allow":["GET"]}}],"collection":[{"href":"https:\/\/groupecoiff.com\/en\/wp-json\/wp\/v2\/product"}],"about":[{"href":"https:\/\/groupecoiff.com\/en\/wp-json\/wp\/v2\/types\/product"}],"replies":[{"embeddable":true,"href":"https:\/\/groupecoiff.com\/en\/wp-json\/wp\/v2\/comments?post=31816"}],"version-history":[{"count":3,"href":"https:\/\/groupecoiff.com\/en\/wp-json\/wp\/v2\/product\/31816\/revisions"}],"predecessor-version":[{"id":49429,"href":"https:\/\/groupecoiff.com\/en\/wp-json\/wp\/v2\/product\/31816\/revisions\/49429"}],"wp:featuredmedia":[{"embeddable":true,"href":"https:\/\/groupecoiff.com\/en\/wp-json\/wp\/v2\/media\/49430"}],"wp:attachment":[{"href":"https:\/\/groupecoiff.com\/en\/wp-json\/wp\/v2\/media?parent=31816"}],"wp:term":[{"taxonomy":"product_brand","embeddable":true,"href":"https:\/\/groupecoiff.com\/en\/wp-json\/wp\/v2\/product_brand?post=31816"},{"taxonomy":"product_cat","embeddable":true,"href":"https:\/\/groupecoiff.com\/en\/wp-json\/wp\/v2\/product_cat?post=31816"},{"taxonomy":"product_tag","embeddable":true,"href":"https:\/\/groupecoiff.com\/en\/wp-json\/wp\/v2\/product_tag?post=31816"}],"curies":[{"name":"wp","href":"https:\/\/api.w.org\/{rel}","templated":true}]}}