{"id":31943,"date":"2024-04-29T10:32:49","date_gmt":"2024-04-29T08:32:49","guid":{"rendered":"https:\/\/groupecoiff.com\/?post_type=product&#038;p=31943"},"modified":"2025-01-01T00:00:00","modified_gmt":"2024-12-31T23:00:00","slug":"bac-a-shampooing-professionnel-prato-gold","status":"publish","type":"product","link":"https:\/\/groupecoiff.com\/en\/produit\/bac-a-shampooing-professionnel-prato-gold\/","title":{"rendered":"Prato Gold Shampoo Bowl"},"content":{"rendered":"<ul>\n<li><strong>Give Your Salon Luxury and Comfort with the Prato Gold Wash Basin<\/strong>\n<p><strong>Elegant Design:<\/strong><br \/>\nLe Bac de lavage Prato Gold : un design \u00e9l\u00e9gant pour votre salon de coiffure. Avec son socle solide et sa vasque spacieuse en c\u00e9ramique noire rehauss\u00e9e d\u2019accents dor\u00e9s, il apporte une touche sophistiqu\u00e9e.<\/p>\n<p><strong>Quality Features:<\/strong><\/p>\n<ul>\n<li>Tilting Basin: Offer your clients optimal comfort thanks to the tilting basin that guarantees a relaxing washing experience.<\/li>\n<li>Silicone Support Cushion: The neck cushion provides additional support and maximum comfort during shampooing.<\/li>\n<\/ul>\n<p><strong>Technical Specifications:<\/strong><br \/>\nLe Bac de lavage Prato Gold est facile \u00e0 assembler gr\u00e2ce \u00e0 sa conception intelligente. Vous pourrez l\u2019installer rapidement et sans tracas. De plus, il est possible d\u2019ajuster facilement la position du lavabo pour r\u00e9pondre aux besoins sp\u00e9cifiques de vos clients.<\/li>\n<\/ul>","protected":false},"excerpt":{"rendered":"<div class=\"yst-label yst-radio__label yst-flex yst-flex-wrap yst-items-center\">Create a luxurious atmosphere in your salon with the Prato Gold Wash Basin. Pair it with the Prato Gold chair for an unparalleled washing experience. \ud83d\udc87\u200d\u2640\ufe0f<\/div>","protected":false},"featured_media":31956,"comment_status":"open","ping_status":"closed","template":"","meta":{"googlesitekit_rrm_CAow0YCiDA:productID":"","jetpack_post_was_ever_published":false,"jetpack_publicize_message":"","jetpack_publicize_feature_enabled":true,"jetpack_social_post_already_shared":true,"jetpack_social_options":{"image_generator_settings":{"template":"highway","default_image_id":0,"font":"","enabled":false},"version":2}},"product_brand":[],"product_cat":[44,313],"product_tag":[323,322,126,125],"class_list":{"0":"post-31943","1":"product","2":"type-product","3":"status-publish","4":"has-post-thumbnail","6":"product_cat-bac-de-lavage","7":"product_cat-meuble-de-coiffure","8":"product_tag-bac-a-shampoing","9":"product_tag-bac-de-lavage","10":"product_tag-confortable","11":"product_tag-salon-de-coiffure","13":"first","14":"instock","15":"featured","16":"taxable","17":"shipping-taxable","18":"purchasable","19":"product-type-simple"},"yoast_head":"<!-- This site is optimized with the Yoast SEO Premium plugin v27.5 (Yoast SEO v27.5) - https:\/\/yoast.com\/product\/yoast-seo-premium-wordpress\/ -->\n<title>Bac \u00e0 Shampooing Prato Gold: Luxe et \u00c9l\u00e9gance - Groupe Coiff<\/title>\n<meta name=\"description\" content=\"D\u00e9couvrez le Bac \u00e0 Shampooing Prato Gold, un v\u00e9ritable bijou pour votre salon de coiffure. Optez pour l&#039;\u00e9l\u00e9gance et la qualit\u00e9 pour vos clients. \ud83d\udc8e\" \/>\n<meta name=\"robots\" content=\"index, follow, max-snippet:-1, max-image-preview:large, max-video-preview:-1\" \/>\n<link rel=\"canonical\" href=\"https:\/\/groupecoiff.com\/en\/product-2\/bac-a-shampooing-professionnel-prato-gold\/\" \/>\n<meta property=\"og:locale\" content=\"en_US\" \/>\n<meta property=\"og:type\" content=\"article\" \/>\n<meta property=\"og:title\" content=\"Bac \u00e0 Shampooing Prato Gold\" \/>\n<meta property=\"og:description\" content=\"D\u00e9couvrez le Bac \u00e0 Shampooing Prato Gold, un v\u00e9ritable bijou pour votre salon de coiffure. Optez pour l&#039;\u00e9l\u00e9gance et la qualit\u00e9 pour vos clients. \ud83d\udc8e\" \/>\n<meta property=\"og:url\" content=\"https:\/\/groupecoiff.com\/en\/product-2\/bac-a-shampooing-professionnel-prato-gold\/\" \/>\n<meta property=\"og:site_name\" content=\"Groupe Coiff\" \/>\n<meta property=\"article:publisher\" content=\"https:\/\/www.facebook.com\/GroupeCoiff\" \/>\n<meta property=\"article:modified_time\" content=\"2024-12-31T23:00:00+00:00\" \/>\n<meta property=\"og:image\" content=\"https:\/\/groupecoiff.com\/wp-content\/uploads\/2024\/04\/Bac-a-Shampooing-Prato-Gold-5.webp\" \/>\n\t<meta property=\"og:image:width\" content=\"1080\" \/>\n\t<meta property=\"og:image:height\" content=\"1080\" \/>\n\t<meta property=\"og:image:type\" content=\"image\/webp\" \/>\n<meta name=\"twitter:card\" content=\"summary_large_image\" \/>\n<meta name=\"twitter:site\" content=\"@groupecoiff\" \/>\n<meta name=\"twitter:label1\" content=\"Price\" \/>\n\t<meta name=\"twitter:data1\" content=\"759,00&nbsp;&euro;\" \/>\n\t<meta name=\"twitter:label2\" content=\"Availability\" \/>\n\t<meta name=\"twitter:data2\" content=\"In stock\" \/>\n<script type=\"application\/ld+json\" class=\"yoast-schema-graph\">{\"@context\":\"https:\\\/\\\/schema.org\",\"@graph\":[{\"@type\":\"WebPage\",\"@id\":\"https:\\\/\\\/groupecoiff.com\\\/en\\\/produit\\\/bac-a-shampooing-professionnel-prato-gold\\\/\",\"url\":\"https:\\\/\\\/groupecoiff.com\\\/en\\\/produit\\\/bac-a-shampooing-professionnel-prato-gold\\\/\",\"name\":\"Bac \u00e0 Shampooing Prato Gold: Luxe et \u00c9l\u00e9gance - Groupe Coiff\",\"isPartOf\":{\"@id\":\"https:\\\/\\\/groupecoiff.com\\\/#website\"},\"primaryImageOfPage\":{\"@id\":\"https:\\\/\\\/groupecoiff.com\\\/en\\\/produit\\\/bac-a-shampooing-professionnel-prato-gold\\\/#primaryimage\"},\"image\":{\"@id\":\"https:\\\/\\\/groupecoiff.com\\\/en\\\/produit\\\/bac-a-shampooing-professionnel-prato-gold\\\/#primaryimage\"},\"thumbnailUrl\":\"https:\\\/\\\/groupecoiff.com\\\/wp-content\\\/uploads\\\/2024\\\/04\\\/Bac-a-Shampooing-Prato-Gold-5.webp\",\"datePublished\":\"2024-04-29T08:32:49+00:00\",\"dateModified\":\"2024-12-31T23:00:00+00:00\",\"description\":\"D\u00e9couvrez le Bac \u00e0 Shampooing Prato Gold, un v\u00e9ritable bijou pour votre salon de coiffure. Optez pour l'\u00e9l\u00e9gance et la qualit\u00e9 pour vos clients. \ud83d\udc8e\",\"breadcrumb\":{\"@id\":\"https:\\\/\\\/groupecoiff.com\\\/en\\\/produit\\\/bac-a-shampooing-professionnel-prato-gold\\\/#breadcrumb\"},\"inLanguage\":\"en-US\",\"potentialAction\":[{\"@type\":\"ReadAction\",\"target\":[\"https:\\\/\\\/groupecoiff.com\\\/en\\\/produit\\\/bac-a-shampooing-professionnel-prato-gold\\\/\"]}]},{\"@type\":\"ImageObject\",\"inLanguage\":\"en-US\",\"@id\":\"https:\\\/\\\/groupecoiff.com\\\/en\\\/produit\\\/bac-a-shampooing-professionnel-prato-gold\\\/#primaryimage\",\"url\":\"https:\\\/\\\/groupecoiff.com\\\/wp-content\\\/uploads\\\/2024\\\/04\\\/Bac-a-Shampooing-Prato-Gold-5.webp\",\"contentUrl\":\"https:\\\/\\\/groupecoiff.com\\\/wp-content\\\/uploads\\\/2024\\\/04\\\/Bac-a-Shampooing-Prato-Gold-5.webp\",\"width\":1080,\"height\":1080,\"caption\":\"Bac \u00e0 Shampooing Prato Gold - Bac de lavage Prato Gold - Bac \u00e0 Shampooing professionnel Prato Gold - Bac de lavage professionnel Prato Gold - mobilier de coiffure haut de gamme\"},{\"@type\":\"BreadcrumbList\",\"@id\":\"https:\\\/\\\/groupecoiff.com\\\/en\\\/produit\\\/bac-a-shampooing-professionnel-prato-gold\\\/#breadcrumb\",\"itemListElement\":[{\"@type\":\"ListItem\",\"position\":1,\"name\":\"Accueil\",\"item\":\"https:\\\/\\\/groupecoiff.com\\\/\"},{\"@type\":\"ListItem\",\"position\":2,\"name\":\"Boutique\",\"item\":\"https:\\\/\\\/groupecoiff.com\\\/en\\\/boutique\\\/\"},{\"@type\":\"ListItem\",\"position\":3,\"name\":\"Bac \u00e0 Shampooing Prato Gold\"}]},{\"@type\":\"WebSite\",\"@id\":\"https:\\\/\\\/groupecoiff.com\\\/#website\",\"url\":\"https:\\\/\\\/groupecoiff.com\\\/\",\"name\":\"Groupe Coiff\",\"description\":\"Tout pour la coiffure\",\"publisher\":{\"@id\":\"https:\\\/\\\/groupecoiff.com\\\/#organization\"},\"potentialAction\":[{\"@type\":\"SearchAction\",\"target\":{\"@type\":\"EntryPoint\",\"urlTemplate\":\"https:\\\/\\\/groupecoiff.com\\\/?s={search_term_string}\"},\"query-input\":{\"@type\":\"PropertyValueSpecification\",\"valueRequired\":true,\"valueName\":\"search_term_string\"}}],\"inLanguage\":\"en-US\"},{\"@type\":\"Organization\",\"@id\":\"https:\\\/\\\/groupecoiff.com\\\/#organization\",\"name\":\"Groupe Coiff\",\"alternateName\":\"Groupe Coiff : Le Mobilier De Coiffure Haut de Gamme Pour Une \u00c9l\u00e9gance In\u00e9gal\u00e9e\",\"url\":\"https:\\\/\\\/groupecoiff.com\\\/\",\"logo\":{\"@type\":\"ImageObject\",\"inLanguage\":\"en-US\",\"@id\":\"https:\\\/\\\/groupecoiff.com\\\/#\\\/schema\\\/logo\\\/image\\\/\",\"url\":\"https:\\\/\\\/groupecoiff.com\\\/wp-content\\\/uploads\\\/2024\\\/01\\\/cropped-Groupe-Coiff-Logo.webp\",\"contentUrl\":\"https:\\\/\\\/groupecoiff.com\\\/wp-content\\\/uploads\\\/2024\\\/01\\\/cropped-Groupe-Coiff-Logo.webp\",\"width\":512,\"height\":512,\"caption\":\"Groupe Coiff\"},\"image\":{\"@id\":\"https:\\\/\\\/groupecoiff.com\\\/#\\\/schema\\\/logo\\\/image\\\/\"},\"sameAs\":[\"https:\\\/\\\/www.facebook.com\\\/GroupeCoiff\",\"https:\\\/\\\/x.com\\\/groupecoiff\",\"https:\\\/\\\/www.instagram.com\\\/groupecoiff\\\/\",\"https:\\\/\\\/www.tiktok.com\\\/@groupecoiff\",\"https:\\\/\\\/www.youtube.com\\\/@groupecoiff\",\"https:\\\/\\\/twitter.com\\\/groupecoiff\",\"https:\\\/\\\/www.leboncoin.fr\\\/boutique\\\/3961302\\\/groupe_coiff.htm\"],\"description\":\"D\u00e9couvrez le mobilier de coiffure haut de gamme de Groupe Coiff, alliant \u00e9l\u00e9gance et fonctionnalit\u00e9 pour sublimer votre salon et satisfaire vos clients.\",\"email\":\"contact@groupecoiff.com\",\"telephone\":\"0676951605\",\"legalName\":\"Groupe Coiff\",\"foundingDate\":\"2022-11-16\",\"vatID\":\"FR84921406419\",\"taxID\":\"92140641900025\"}]}<\/script>\n<meta property=\"product:price:amount\" content=\"759.00\" \/>\n<meta property=\"product:price:currency\" content=\"EUR\" \/>\n<meta property=\"og:availability\" content=\"instock\" \/>\n<meta property=\"product:availability\" content=\"instock\" \/>\n<meta property=\"product:condition\" content=\"new\" \/>\n<!-- \/ Yoast SEO Premium plugin. -->","yoast_head_json":{"title":"Prato Gold Shampoo Bowl: Luxury and Elegance - Groupe Coiff","description":"Discover the Prato Gold Shampoo Bowl, a true gem for your hair salon. Choose elegance and quality for your clients. \ud83d\udc8e","robots":{"index":"index","follow":"follow","max-snippet":"max-snippet:-1","max-image-preview":"max-image-preview:large","max-video-preview":"max-video-preview:-1"},"canonical":"https:\/\/groupecoiff.com\/en\/product-2\/bac-a-shampooing-professionnel-prato-gold\/","og_locale":"en_US","og_type":"article","og_title":"Bac \u00e0 Shampooing Prato Gold","og_description":"D\u00e9couvrez le Bac \u00e0 Shampooing Prato Gold, un v\u00e9ritable bijou pour votre salon de coiffure. Optez pour l'\u00e9l\u00e9gance et la qualit\u00e9 pour vos clients. \ud83d\udc8e","og_url":"https:\/\/groupecoiff.com\/en\/product-2\/bac-a-shampooing-professionnel-prato-gold\/","og_site_name":"Groupe Coiff","article_publisher":"https:\/\/www.facebook.com\/GroupeCoiff","article_modified_time":"2024-12-31T23:00:00+00:00","og_image":[{"width":1080,"height":1080,"url":"https:\/\/groupecoiff.com\/wp-content\/uploads\/2024\/04\/Bac-a-Shampooing-Prato-Gold-5.webp","type":"image\/webp"}],"twitter_card":"summary_large_image","twitter_site":"@groupecoiff","twitter_misc":{"Price":"759,00&nbsp;&euro;","Availability":"In stock"},"schema":{"@context":"https:\/\/schema.org","@graph":[{"@type":"WebPage","@id":"https:\/\/groupecoiff.com\/en\/produit\/bac-a-shampooing-professionnel-prato-gold\/","url":"https:\/\/groupecoiff.com\/en\/produit\/bac-a-shampooing-professionnel-prato-gold\/","name":"Prato Gold Shampoo Bowl: Luxury and Elegance - Groupe Coiff","isPartOf":{"@id":"https:\/\/groupecoiff.com\/#website"},"primaryImageOfPage":{"@id":"https:\/\/groupecoiff.com\/en\/produit\/bac-a-shampooing-professionnel-prato-gold\/#primaryimage"},"image":{"@id":"https:\/\/groupecoiff.com\/en\/produit\/bac-a-shampooing-professionnel-prato-gold\/#primaryimage"},"thumbnailUrl":"https:\/\/groupecoiff.com\/wp-content\/uploads\/2024\/04\/Bac-a-Shampooing-Prato-Gold-5.webp","datePublished":"2024-04-29T08:32:49+00:00","dateModified":"2024-12-31T23:00:00+00:00","description":"Discover the Prato Gold Shampoo Bowl, a true gem for your hair salon. Choose elegance and quality for your clients. \ud83d\udc8e","breadcrumb":{"@id":"https:\/\/groupecoiff.com\/en\/produit\/bac-a-shampooing-professionnel-prato-gold\/#breadcrumb"},"inLanguage":"en-US","potentialAction":[{"@type":"ReadAction","target":["https:\/\/groupecoiff.com\/en\/produit\/bac-a-shampooing-professionnel-prato-gold\/"]}]},{"@type":"ImageObject","inLanguage":"en-US","@id":"https:\/\/groupecoiff.com\/en\/produit\/bac-a-shampooing-professionnel-prato-gold\/#primaryimage","url":"https:\/\/groupecoiff.com\/wp-content\/uploads\/2024\/04\/Bac-a-Shampooing-Prato-Gold-5.webp","contentUrl":"https:\/\/groupecoiff.com\/wp-content\/uploads\/2024\/04\/Bac-a-Shampooing-Prato-Gold-5.webp","width":1080,"height":1080,"caption":"Bac \u00e0 Shampooing Prato Gold - Bac de lavage Prato Gold - Bac \u00e0 Shampooing professionnel Prato Gold - Bac de lavage professionnel Prato Gold - mobilier de coiffure haut de gamme"},{"@type":"BreadcrumbList","@id":"https:\/\/groupecoiff.com\/en\/produit\/bac-a-shampooing-professionnel-prato-gold\/#breadcrumb","itemListElement":[{"@type":"ListItem","position":1,"name":"Accueil","item":"https:\/\/groupecoiff.com\/"},{"@type":"ListItem","position":2,"name":"Boutique","item":"https:\/\/groupecoiff.com\/en\/boutique\/"},{"@type":"ListItem","position":3,"name":"Bac \u00e0 Shampooing Prato Gold"}]},{"@type":"WebSite","@id":"https:\/\/groupecoiff.com\/#website","url":"https:\/\/groupecoiff.com\/","name":"Coiff Group","description":"Everything for the hairdresser","publisher":{"@id":"https:\/\/groupecoiff.com\/#organization"},"potentialAction":[{"@type":"SearchAction","target":{"@type":"EntryPoint","urlTemplate":"https:\/\/groupecoiff.com\/?s={search_term_string}"},"query-input":{"@type":"PropertyValueSpecification","valueRequired":true,"valueName":"search_term_string"}}],"inLanguage":"en-US"},{"@type":"Organization","@id":"https:\/\/groupecoiff.com\/#organization","name":"Coiff Group","alternateName":"Groupe Coiff : Le Mobilier De Coiffure Haut de Gamme Pour Une \u00c9l\u00e9gance In\u00e9gal\u00e9e","url":"https:\/\/groupecoiff.com\/","logo":{"@type":"ImageObject","inLanguage":"en-US","@id":"https:\/\/groupecoiff.com\/#\/schema\/logo\/image\/","url":"https:\/\/groupecoiff.com\/wp-content\/uploads\/2024\/01\/cropped-Groupe-Coiff-Logo.webp","contentUrl":"https:\/\/groupecoiff.com\/wp-content\/uploads\/2024\/01\/cropped-Groupe-Coiff-Logo.webp","width":512,"height":512,"caption":"Groupe Coiff"},"image":{"@id":"https:\/\/groupecoiff.com\/#\/schema\/logo\/image\/"},"sameAs":["https:\/\/www.facebook.com\/GroupeCoiff","https:\/\/x.com\/groupecoiff","https:\/\/www.instagram.com\/groupecoiff\/","https:\/\/www.tiktok.com\/@groupecoiff","https:\/\/www.youtube.com\/@groupecoiff","https:\/\/twitter.com\/groupecoiff","https:\/\/www.leboncoin.fr\/boutique\/3961302\/groupe_coiff.htm"],"description":"Discover Groupe Coiff's top-of-the-range hairdressing furniture, combining elegance and functionality to enhance your salon and satisfy your customers.","email":"contact@groupecoiff.com","telephone":"0676951605","legalName":"Groupe Coiff","foundingDate":"2022-11-16","vatID":"FR84921406419","taxID":"92140641900025"}]},"product_price_amount":"759.00","product_price_currency":"EUR","og_availability":"instock","product_availability":"instock","product_condition":"new"},"jetpack_publicize_connections":[],"jetpack_likes_enabled":true,"jetpack_sharing_enabled":true,"_links":{"self":[{"href":"https:\/\/groupecoiff.com\/en\/wp-json\/wp\/v2\/product\/31943","targetHints":{"allow":["GET"]}}],"collection":[{"href":"https:\/\/groupecoiff.com\/en\/wp-json\/wp\/v2\/product"}],"about":[{"href":"https:\/\/groupecoiff.com\/en\/wp-json\/wp\/v2\/types\/product"}],"replies":[{"embeddable":true,"href":"https:\/\/groupecoiff.com\/en\/wp-json\/wp\/v2\/comments?post=31943"}],"version-history":[{"count":0,"href":"https:\/\/groupecoiff.com\/en\/wp-json\/wp\/v2\/product\/31943\/revisions"}],"wp:featuredmedia":[{"embeddable":true,"href":"https:\/\/groupecoiff.com\/en\/wp-json\/wp\/v2\/media\/31956"}],"wp:attachment":[{"href":"https:\/\/groupecoiff.com\/en\/wp-json\/wp\/v2\/media?parent=31943"}],"wp:term":[{"taxonomy":"product_brand","embeddable":true,"href":"https:\/\/groupecoiff.com\/en\/wp-json\/wp\/v2\/product_brand?post=31943"},{"taxonomy":"product_cat","embeddable":true,"href":"https:\/\/groupecoiff.com\/en\/wp-json\/wp\/v2\/product_cat?post=31943"},{"taxonomy":"product_tag","embeddable":true,"href":"https:\/\/groupecoiff.com\/en\/wp-json\/wp\/v2\/product_tag?post=31943"}],"curies":[{"name":"wp","href":"https:\/\/api.w.org\/{rel}","templated":true}]}}