{"id":32198,"date":"2024-05-02T13:43:26","date_gmt":"2024-05-02T11:43:26","guid":{"rendered":"https:\/\/groupecoiff.com\/?post_type=product&#038;p=32198"},"modified":"2026-01-30T10:18:35","modified_gmt":"2026-01-30T09:18:35","slug":"fauteuil-de-barbier-wolf-red","status":"publish","type":"product","link":"https:\/\/groupecoiff.com\/en\/produit\/fauteuil-de-barbier-wolf-red\/","title":{"rendered":"Wolf Red Barber Chair"},"content":{"rendered":"<ul>\n<li><strong>Vintage Elegance: Discover the Wolf Red Barber Chair<\/strong><\/li>\n<\/ul>\n<p>The Wolf Red barber chair is perfect for adding a vintage touch and optimal comfort to any hair salon.<\/p>\n<ul>\n<li><strong>Comfort and Elegance Combined<\/strong><\/li>\n<\/ul>\n<p>Ce fauteuil est \u00e9quip\u00e9 d&rsquo;un \u00e9l\u00e9vateur hydraulique durable, d&rsquo;un repose-pieds et d&rsquo;un dossier r\u00e9glables, offrant une exp\u00e9rience de coiffure in\u00e9gal\u00e9e.<\/p>\n<ul>\n<li><strong>Fonctionnalit\u00e9s Avanc\u00e9es<\/strong><\/li>\n<\/ul>\n<ol>\n<li>Height Adjustment:<br \/>\nLa pompe hydraulique permet un ajustement facile de la hauteur entre 54 et 67 cm, assurant un fonctionnement ergonomique.<\/li>\n<li>Reclining Backrest and Adjustable Footrest:<br \/>\nOffers a comfortable semi-reclined position for the client.<\/li>\n<li>Adjustable Headrest:<br \/>\n20 cm long, it provides perfect support for the client's head.<\/li>\n<li>Full Rotation:<br \/>\nThe rotation mechanism allows the hairdresser to work more efficiently and comfortably.<\/li>\n<\/ol>\n<ul>\n<li><strong>Vintage Design and Modern Comfort<\/strong><\/li>\n<\/ul>\n<p>Le fauteuil Wolf Red est dot\u00e9 d&rsquo;un rembourrage en mousse durable et d&rsquo;un rev\u00eatement en cuir synth\u00e9tique r\u00e9sistant \u00e0 l&rsquo;humidit\u00e9, facile \u00e0 nettoyer. Son design caract\u00e9ristique, inspir\u00e9 du style vintage, ajoute une touche unique \u00e0 tout salon de coiffure.<\/p>\n<ul>\n<li><strong>Technical specifications<\/strong><\/li>\n<\/ul>\n<ol>\n<li>Pump: Hydraulic<\/li>\n<li>Base: Round<\/li>\n<li>Upholstery: Synthetic Leather<\/li>\n<\/ol>","protected":false},"excerpt":{"rendered":"<p>Offrez \u00e0 vos clients une exp\u00e9rience unique avec le Fauteuil de Barbier Wolf Red. \u00c9l\u00e9gance et fonctionnalit\u00e9 r\u00e9unies pour tous vos besoins de coiffure !<\/p>","protected":false},"featured_media":49124,"comment_status":"open","ping_status":"closed","template":"","meta":{"googlesitekit_rrm_CAow0YCiDA:productID":"","jetpack_post_was_ever_published":false,"jetpack_publicize_message":"","jetpack_publicize_feature_enabled":true,"jetpack_social_post_already_shared":true,"jetpack_social_options":{"image_generator_settings":{"template":"highway","default_image_id":0,"font":"","enabled":false},"version":2}},"product_brand":[579],"product_cat":[51,313],"product_tag":[452,121,324],"class_list":{"0":"post-32198","1":"product","2":"type-product","3":"status-publish","4":"has-post-thumbnail","6":"product_brand-gabbiano","7":"product_cat-fauteuil-de-barbier-professionnel","8":"product_cat-meuble-de-coiffure","9":"product_tag-barbershop","10":"product_tag-fauteuil-barbier","11":"product_tag-meuble-de-coiffure-professionnel","13":"first","14":"instock","15":"sale","16":"featured","17":"taxable","18":"shipping-taxable","19":"purchasable","20":"product-type-simple"},"yoast_head":"<!-- This site is optimized with the Yoast SEO Premium plugin v27.5 (Yoast SEO v27.5) - https:\/\/yoast.com\/product\/yoast-seo-premium-wordpress\/ -->\n<title>Le Fauteuil de Barbier Wolf Red \u2013 Confort et Style R\u00e9tro - Groupe Coiff<\/title>\n<meta name=\"description\" content=\"Le Fauteuil de Barbier Wolf Red allie confort et style r\u00e9tro pour votre salon de coiffure. Ne manquez pas d&#039;ajouter cette pi\u00e8ce ma\u00eetresse ! \u2702\ufe0f\" \/>\n<meta name=\"robots\" content=\"index, follow, max-snippet:-1, max-image-preview:large, max-video-preview:-1\" \/>\n<link rel=\"canonical\" href=\"https:\/\/groupecoiff.com\/en\/product-2\/fauteuil-de-barbier-wolf-red\/\" \/>\n<meta property=\"og:locale\" content=\"en_US\" \/>\n<meta property=\"og:type\" content=\"article\" \/>\n<meta property=\"og:title\" content=\"Fauteuil de Barbier Wolf Red\" \/>\n<meta property=\"og:description\" content=\"Le Fauteuil de Barbier Wolf Red allie confort et style r\u00e9tro pour votre salon de coiffure. Ne manquez pas d&#039;ajouter cette pi\u00e8ce ma\u00eetresse ! \u2702\ufe0f\" \/>\n<meta property=\"og:url\" content=\"https:\/\/groupecoiff.com\/en\/product-2\/fauteuil-de-barbier-wolf-red\/\" \/>\n<meta property=\"og:site_name\" content=\"Groupe Coiff\" \/>\n<meta property=\"article:publisher\" content=\"https:\/\/www.facebook.com\/GroupeCoiff\" \/>\n<meta property=\"article:modified_time\" content=\"2026-01-30T09:18:35+00:00\" \/>\n<meta property=\"og:image\" content=\"https:\/\/groupecoiff.com\/wp-content\/uploads\/2024\/05\/Wolf-Red-2.webp\" \/>\n\t<meta property=\"og:image:width\" content=\"600\" \/>\n\t<meta property=\"og:image:height\" content=\"600\" \/>\n\t<meta property=\"og:image:type\" content=\"image\/webp\" \/>\n<meta name=\"twitter:card\" content=\"summary_large_image\" \/>\n<meta name=\"twitter:site\" content=\"@groupecoiff\" \/>\n<meta name=\"twitter:label1\" content=\"Price\" \/>\n\t<meta name=\"twitter:data1\" content=\"749,00&nbsp;&euro;\" \/>\n\t<meta name=\"twitter:label2\" content=\"Availability\" \/>\n\t<meta name=\"twitter:data2\" content=\"In stock\" \/>\n<script type=\"application\/ld+json\" class=\"yoast-schema-graph\">{\"@context\":\"https:\\\/\\\/schema.org\",\"@graph\":[{\"@type\":\"WebPage\",\"@id\":\"https:\\\/\\\/groupecoiff.com\\\/en\\\/produit\\\/fauteuil-de-barbier-wolf-red\\\/\",\"url\":\"https:\\\/\\\/groupecoiff.com\\\/en\\\/produit\\\/fauteuil-de-barbier-wolf-red\\\/\",\"name\":\"Le Fauteuil de Barbier Wolf Red \u2013 Confort et Style R\u00e9tro - Groupe Coiff\",\"isPartOf\":{\"@id\":\"https:\\\/\\\/groupecoiff.com\\\/#website\"},\"primaryImageOfPage\":{\"@id\":\"https:\\\/\\\/groupecoiff.com\\\/en\\\/produit\\\/fauteuil-de-barbier-wolf-red\\\/#primaryimage\"},\"image\":{\"@id\":\"https:\\\/\\\/groupecoiff.com\\\/en\\\/produit\\\/fauteuil-de-barbier-wolf-red\\\/#primaryimage\"},\"thumbnailUrl\":\"https:\\\/\\\/groupecoiff.com\\\/wp-content\\\/uploads\\\/2024\\\/05\\\/Wolf-Red-2.webp\",\"datePublished\":\"2024-05-02T11:43:26+00:00\",\"dateModified\":\"2026-01-30T09:18:35+00:00\",\"description\":\"Le Fauteuil de Barbier Wolf Red allie confort et style r\u00e9tro pour votre salon de coiffure. Ne manquez pas d'ajouter cette pi\u00e8ce ma\u00eetresse ! \u2702\ufe0f\",\"breadcrumb\":{\"@id\":\"https:\\\/\\\/groupecoiff.com\\\/en\\\/produit\\\/fauteuil-de-barbier-wolf-red\\\/#breadcrumb\"},\"inLanguage\":\"en-US\",\"potentialAction\":[{\"@type\":\"ReadAction\",\"target\":[\"https:\\\/\\\/groupecoiff.com\\\/en\\\/produit\\\/fauteuil-de-barbier-wolf-red\\\/\"]}]},{\"@type\":\"ImageObject\",\"inLanguage\":\"en-US\",\"@id\":\"https:\\\/\\\/groupecoiff.com\\\/en\\\/produit\\\/fauteuil-de-barbier-wolf-red\\\/#primaryimage\",\"url\":\"https:\\\/\\\/groupecoiff.com\\\/wp-content\\\/uploads\\\/2024\\\/05\\\/Wolf-Red-2.webp\",\"contentUrl\":\"https:\\\/\\\/groupecoiff.com\\\/wp-content\\\/uploads\\\/2024\\\/05\\\/Wolf-Red-2.webp\",\"width\":600,\"height\":600,\"caption\":\"Fauteuil de Barbier Wolf Red - Fauteuil Barbier Wolf Red - Chaise Barbier Wolf Red - Fauteuil de coiffure barbier Wolf Red - mobilier de coiffure haut de gamme\"},{\"@type\":\"BreadcrumbList\",\"@id\":\"https:\\\/\\\/groupecoiff.com\\\/en\\\/produit\\\/fauteuil-de-barbier-wolf-red\\\/#breadcrumb\",\"itemListElement\":[{\"@type\":\"ListItem\",\"position\":1,\"name\":\"Accueil\",\"item\":\"https:\\\/\\\/groupecoiff.com\\\/\"},{\"@type\":\"ListItem\",\"position\":2,\"name\":\"Boutique\",\"item\":\"https:\\\/\\\/groupecoiff.com\\\/en\\\/boutique\\\/\"},{\"@type\":\"ListItem\",\"position\":3,\"name\":\"Fauteuil de Barbier Wolf Red\"}]},{\"@type\":\"WebSite\",\"@id\":\"https:\\\/\\\/groupecoiff.com\\\/#website\",\"url\":\"https:\\\/\\\/groupecoiff.com\\\/\",\"name\":\"Groupe Coiff\",\"description\":\"Tout pour la coiffure\",\"publisher\":{\"@id\":\"https:\\\/\\\/groupecoiff.com\\\/#organization\"},\"potentialAction\":[{\"@type\":\"SearchAction\",\"target\":{\"@type\":\"EntryPoint\",\"urlTemplate\":\"https:\\\/\\\/groupecoiff.com\\\/?s={search_term_string}\"},\"query-input\":{\"@type\":\"PropertyValueSpecification\",\"valueRequired\":true,\"valueName\":\"search_term_string\"}}],\"inLanguage\":\"en-US\"},{\"@type\":\"Organization\",\"@id\":\"https:\\\/\\\/groupecoiff.com\\\/#organization\",\"name\":\"Groupe Coiff\",\"alternateName\":\"Groupe Coiff : Le Mobilier De Coiffure Haut de Gamme Pour Une \u00c9l\u00e9gance In\u00e9gal\u00e9e\",\"url\":\"https:\\\/\\\/groupecoiff.com\\\/\",\"logo\":{\"@type\":\"ImageObject\",\"inLanguage\":\"en-US\",\"@id\":\"https:\\\/\\\/groupecoiff.com\\\/#\\\/schema\\\/logo\\\/image\\\/\",\"url\":\"https:\\\/\\\/groupecoiff.com\\\/wp-content\\\/uploads\\\/2024\\\/01\\\/cropped-Groupe-Coiff-Logo.webp\",\"contentUrl\":\"https:\\\/\\\/groupecoiff.com\\\/wp-content\\\/uploads\\\/2024\\\/01\\\/cropped-Groupe-Coiff-Logo.webp\",\"width\":512,\"height\":512,\"caption\":\"Groupe Coiff\"},\"image\":{\"@id\":\"https:\\\/\\\/groupecoiff.com\\\/#\\\/schema\\\/logo\\\/image\\\/\"},\"sameAs\":[\"https:\\\/\\\/www.facebook.com\\\/GroupeCoiff\",\"https:\\\/\\\/x.com\\\/groupecoiff\",\"https:\\\/\\\/www.instagram.com\\\/groupecoiff\\\/\",\"https:\\\/\\\/www.tiktok.com\\\/@groupecoiff\",\"https:\\\/\\\/www.youtube.com\\\/@groupecoiff\",\"https:\\\/\\\/twitter.com\\\/groupecoiff\",\"https:\\\/\\\/www.leboncoin.fr\\\/boutique\\\/3961302\\\/groupe_coiff.htm\"],\"description\":\"D\u00e9couvrez le mobilier de coiffure haut de gamme de Groupe Coiff, alliant \u00e9l\u00e9gance et fonctionnalit\u00e9 pour sublimer votre salon et satisfaire vos clients.\",\"email\":\"contact@groupecoiff.com\",\"telephone\":\"0676951605\",\"legalName\":\"Groupe Coiff\",\"foundingDate\":\"2022-11-16\",\"vatID\":\"FR84921406419\",\"taxID\":\"92140641900025\"}]}<\/script>\n<meta property=\"product:price:amount\" content=\"749.00\" \/>\n<meta property=\"product:price:currency\" content=\"EUR\" \/>\n<meta property=\"og:availability\" content=\"instock\" \/>\n<meta property=\"product:availability\" content=\"instock\" \/>\n<meta property=\"product:condition\" content=\"new\" \/>\n<!-- \/ Yoast SEO Premium plugin. -->","yoast_head_json":{"title":"The Wolf Red Barber Chair \u2013 Comfort and Retro Style - Groupe Coiff","description":"Le Fauteuil de Barbier Wolf Red allie confort et style r\u00e9tro pour votre salon de coiffure. Ne manquez pas d'ajouter cette pi\u00e8ce ma\u00eetresse ! \u2702\ufe0f","robots":{"index":"index","follow":"follow","max-snippet":"max-snippet:-1","max-image-preview":"max-image-preview:large","max-video-preview":"max-video-preview:-1"},"canonical":"https:\/\/groupecoiff.com\/en\/product-2\/fauteuil-de-barbier-wolf-red\/","og_locale":"en_US","og_type":"article","og_title":"Fauteuil de Barbier Wolf Red","og_description":"Le Fauteuil de Barbier Wolf Red allie confort et style r\u00e9tro pour votre salon de coiffure. Ne manquez pas d'ajouter cette pi\u00e8ce ma\u00eetresse ! \u2702\ufe0f","og_url":"https:\/\/groupecoiff.com\/en\/product-2\/fauteuil-de-barbier-wolf-red\/","og_site_name":"Groupe Coiff","article_publisher":"https:\/\/www.facebook.com\/GroupeCoiff","article_modified_time":"2026-01-30T09:18:35+00:00","og_image":[{"width":600,"height":600,"url":"https:\/\/groupecoiff.com\/wp-content\/uploads\/2024\/05\/Wolf-Red-2.webp","type":"image\/webp"}],"twitter_card":"summary_large_image","twitter_site":"@groupecoiff","twitter_misc":{"Price":"749,00&nbsp;&euro;","Availability":"In stock"},"schema":{"@context":"https:\/\/schema.org","@graph":[{"@type":"WebPage","@id":"https:\/\/groupecoiff.com\/en\/produit\/fauteuil-de-barbier-wolf-red\/","url":"https:\/\/groupecoiff.com\/en\/produit\/fauteuil-de-barbier-wolf-red\/","name":"The Wolf Red Barber Chair \u2013 Comfort and Retro Style - Groupe Coiff","isPartOf":{"@id":"https:\/\/groupecoiff.com\/#website"},"primaryImageOfPage":{"@id":"https:\/\/groupecoiff.com\/en\/produit\/fauteuil-de-barbier-wolf-red\/#primaryimage"},"image":{"@id":"https:\/\/groupecoiff.com\/en\/produit\/fauteuil-de-barbier-wolf-red\/#primaryimage"},"thumbnailUrl":"https:\/\/groupecoiff.com\/wp-content\/uploads\/2024\/05\/Wolf-Red-2.webp","datePublished":"2024-05-02T11:43:26+00:00","dateModified":"2026-01-30T09:18:35+00:00","description":"Le Fauteuil de Barbier Wolf Red allie confort et style r\u00e9tro pour votre salon de coiffure. Ne manquez pas d'ajouter cette pi\u00e8ce ma\u00eetresse ! \u2702\ufe0f","breadcrumb":{"@id":"https:\/\/groupecoiff.com\/en\/produit\/fauteuil-de-barbier-wolf-red\/#breadcrumb"},"inLanguage":"en-US","potentialAction":[{"@type":"ReadAction","target":["https:\/\/groupecoiff.com\/en\/produit\/fauteuil-de-barbier-wolf-red\/"]}]},{"@type":"ImageObject","inLanguage":"en-US","@id":"https:\/\/groupecoiff.com\/en\/produit\/fauteuil-de-barbier-wolf-red\/#primaryimage","url":"https:\/\/groupecoiff.com\/wp-content\/uploads\/2024\/05\/Wolf-Red-2.webp","contentUrl":"https:\/\/groupecoiff.com\/wp-content\/uploads\/2024\/05\/Wolf-Red-2.webp","width":600,"height":600,"caption":"Fauteuil de Barbier Wolf Red - Fauteuil Barbier Wolf Red - Chaise Barbier Wolf Red - Fauteuil de coiffure barbier Wolf Red - mobilier de coiffure haut de gamme"},{"@type":"BreadcrumbList","@id":"https:\/\/groupecoiff.com\/en\/produit\/fauteuil-de-barbier-wolf-red\/#breadcrumb","itemListElement":[{"@type":"ListItem","position":1,"name":"Accueil","item":"https:\/\/groupecoiff.com\/"},{"@type":"ListItem","position":2,"name":"Boutique","item":"https:\/\/groupecoiff.com\/en\/boutique\/"},{"@type":"ListItem","position":3,"name":"Fauteuil de Barbier Wolf Red"}]},{"@type":"WebSite","@id":"https:\/\/groupecoiff.com\/#website","url":"https:\/\/groupecoiff.com\/","name":"Coiff Group","description":"Everything for the hairdresser","publisher":{"@id":"https:\/\/groupecoiff.com\/#organization"},"potentialAction":[{"@type":"SearchAction","target":{"@type":"EntryPoint","urlTemplate":"https:\/\/groupecoiff.com\/?s={search_term_string}"},"query-input":{"@type":"PropertyValueSpecification","valueRequired":true,"valueName":"search_term_string"}}],"inLanguage":"en-US"},{"@type":"Organization","@id":"https:\/\/groupecoiff.com\/#organization","name":"Coiff Group","alternateName":"Groupe Coiff : Le Mobilier De Coiffure Haut de Gamme Pour Une \u00c9l\u00e9gance In\u00e9gal\u00e9e","url":"https:\/\/groupecoiff.com\/","logo":{"@type":"ImageObject","inLanguage":"en-US","@id":"https:\/\/groupecoiff.com\/#\/schema\/logo\/image\/","url":"https:\/\/groupecoiff.com\/wp-content\/uploads\/2024\/01\/cropped-Groupe-Coiff-Logo.webp","contentUrl":"https:\/\/groupecoiff.com\/wp-content\/uploads\/2024\/01\/cropped-Groupe-Coiff-Logo.webp","width":512,"height":512,"caption":"Groupe Coiff"},"image":{"@id":"https:\/\/groupecoiff.com\/#\/schema\/logo\/image\/"},"sameAs":["https:\/\/www.facebook.com\/GroupeCoiff","https:\/\/x.com\/groupecoiff","https:\/\/www.instagram.com\/groupecoiff\/","https:\/\/www.tiktok.com\/@groupecoiff","https:\/\/www.youtube.com\/@groupecoiff","https:\/\/twitter.com\/groupecoiff","https:\/\/www.leboncoin.fr\/boutique\/3961302\/groupe_coiff.htm"],"description":"Discover Groupe Coiff's top-of-the-range hairdressing furniture, combining elegance and functionality to enhance your salon and satisfy your customers.","email":"contact@groupecoiff.com","telephone":"0676951605","legalName":"Groupe Coiff","foundingDate":"2022-11-16","vatID":"FR84921406419","taxID":"92140641900025"}]},"product_price_amount":"749.00","product_price_currency":"EUR","og_availability":"instock","product_availability":"instock","product_condition":"new"},"jetpack_publicize_connections":[],"jetpack_likes_enabled":true,"jetpack_sharing_enabled":true,"_links":{"self":[{"href":"https:\/\/groupecoiff.com\/en\/wp-json\/wp\/v2\/product\/32198","targetHints":{"allow":["GET"]}}],"collection":[{"href":"https:\/\/groupecoiff.com\/en\/wp-json\/wp\/v2\/product"}],"about":[{"href":"https:\/\/groupecoiff.com\/en\/wp-json\/wp\/v2\/types\/product"}],"replies":[{"embeddable":true,"href":"https:\/\/groupecoiff.com\/en\/wp-json\/wp\/v2\/comments?post=32198"}],"version-history":[{"count":2,"href":"https:\/\/groupecoiff.com\/en\/wp-json\/wp\/v2\/product\/32198\/revisions"}],"predecessor-version":[{"id":49122,"href":"https:\/\/groupecoiff.com\/en\/wp-json\/wp\/v2\/product\/32198\/revisions\/49122"}],"wp:featuredmedia":[{"embeddable":true,"href":"https:\/\/groupecoiff.com\/en\/wp-json\/wp\/v2\/media\/49124"}],"wp:attachment":[{"href":"https:\/\/groupecoiff.com\/en\/wp-json\/wp\/v2\/media?parent=32198"}],"wp:term":[{"taxonomy":"product_brand","embeddable":true,"href":"https:\/\/groupecoiff.com\/en\/wp-json\/wp\/v2\/product_brand?post=32198"},{"taxonomy":"product_cat","embeddable":true,"href":"https:\/\/groupecoiff.com\/en\/wp-json\/wp\/v2\/product_cat?post=32198"},{"taxonomy":"product_tag","embeddable":true,"href":"https:\/\/groupecoiff.com\/en\/wp-json\/wp\/v2\/product_tag?post=32198"}],"curies":[{"name":"wp","href":"https:\/\/api.w.org\/{rel}","templated":true}]}}