{"id":32216,"date":"2024-05-02T13:44:30","date_gmt":"2024-05-02T11:44:30","guid":{"rendered":"https:\/\/groupecoiff.com\/?post_type=product&#038;p=32216"},"modified":"2026-01-30T10:30:47","modified_gmt":"2026-01-30T09:30:47","slug":"fauteuil-de-barbier-wolf-vieux-vert","status":"publish","type":"product","link":"https:\/\/groupecoiff.com\/en\/produit\/fauteuil-de-barbier-wolf-vieux-vert\/","title":{"rendered":"Wolf Old Green Barber Chair"},"content":{"rendered":"<ul>\n<li>\n<h3>Vintage Elegance: Discover the Wolf Old Green Barber Chair<\/h3>\n<\/li>\n<\/ul>\n<p>The Wolf Old Green barber chair is perfect for adding a vintage touch and optimal comfort to any hair salon.<\/p>\n<ul>\n<li><strong>Comfort and Elegance Combined<\/strong><\/li>\n<\/ul>\n<p>Ce fauteuil est dot\u00e9 d&rsquo;un \u00e9l\u00e9vateur hydraulique durable, d&rsquo;un repose-pieds et d&rsquo;un dossier r\u00e9glables, offrant une exp\u00e9rience de coiffure in\u00e9gal\u00e9e.<\/p>\n<ul>\n<li><strong>Fonctionnalit\u00e9s Avanc\u00e9es<\/strong><\/li>\n<\/ul>\n<ol>\n<li>Height Adjustment:<br \/>\nThe hydraulic pump allows easy height adjustment between 54 and 67 cm, ensuring ergonomic operation.<\/li>\n<li>Reclining Backrest and Adjustable Footrest:<br \/>\nOffers a comfortable semi-reclined position for the client.<\/li>\n<li>Adjustable Headrest:<br \/>\n20 cm long, it provides perfect support for the client's head.<\/li>\n<li>Full Rotation:<br \/>\nThe rotation mechanism allows the hairdresser to work more efficiently and comfortably.<\/li>\n<\/ol>\n<ul>\n<li><strong>Vintage Design and Modern Comfort<\/strong><\/li>\n<\/ul>\n<p>Le fauteuil Wolf Vieux Gris est dot\u00e9 d\u2019un rembourrage en mousse durable et d\u2019un rev\u00eatement en cuir synth\u00e9tique r\u00e9sistant \u00e0 l\u2019humidit\u00e9 et facile \u00e0 nettoyer. Son design caract\u00e9ristique, inspir\u00e9 du style vintage, ajoute une touche unique \u00e0 tout salon de coiffure. Disponible dans une gamme de couleurs \u00e9l\u00e9gantes, la gamme Wolf offre un choix adapt\u00e9 \u00e0 chaque d\u00e9cor.<\/p>\n<ul>\n<li><strong>Technical specifications<\/strong><\/li>\n<\/ul>\n<ol>\n<li>Pump: Hydraulic<\/li>\n<li>Base: Round<\/li>\n<li>Upholstery: Synthetic Leather<\/li>\n<\/ol>","protected":false},"excerpt":{"rendered":"<p>Apportez une touche vintage \u00e0 votre salon avec le fauteuil de barbier Wolf Vieux Vert. Confort optimal et \u00e9l\u00e9gance r\u00e9unis pour vos clients!<\/p>","protected":false},"featured_media":49115,"comment_status":"open","ping_status":"closed","template":"","meta":{"googlesitekit_rrm_CAow0YCiDA:productID":"","jetpack_post_was_ever_published":false,"jetpack_publicize_message":"","jetpack_publicize_feature_enabled":true,"jetpack_social_post_already_shared":true,"jetpack_social_options":{"image_generator_settings":{"template":"highway","default_image_id":0,"font":"","enabled":false},"version":2}},"product_brand":[579],"product_cat":[51,313],"product_tag":[644,452,123,553],"class_list":{"0":"post-32216","1":"product","2":"type-product","3":"status-publish","4":"has-post-thumbnail","6":"product_brand-gabbiano","7":"product_cat-fauteuil-de-barbier-professionnel","8":"product_cat-meuble-de-coiffure","9":"product_tag-barber","10":"product_tag-barbershop","11":"product_tag-fauteuil-de-barbier","12":"product_tag-fauteuil-de-coiffure-pour-homme","14":"first","15":"instock","16":"sale","17":"featured","18":"taxable","19":"shipping-taxable","20":"purchasable","21":"product-type-simple"},"yoast_head":"<!-- This site is optimized with the Yoast SEO Premium plugin v27.5 (Yoast SEO v27.5) - https:\/\/yoast.com\/product\/yoast-seo-premium-wordpress\/ -->\n<title>Le Fauteuil de Barbier Wolf Vieux Vert \u2013 Confort et Style R\u00e9tro - Groupe Coiff<\/title>\n<meta name=\"description\" content=\"Le fauteuil de barbier Wolf Vieux Vert est un incontournable pour tout salon. R\u00e9glez facilement le repose-pieds et vivez une exp\u00e9rience unique!\" \/>\n<meta name=\"robots\" content=\"index, follow, max-snippet:-1, max-image-preview:large, max-video-preview:-1\" \/>\n<link rel=\"canonical\" href=\"https:\/\/groupecoiff.com\/en\/product-2\/fauteuil-de-barbier-wolf-vieux-vert\/\" \/>\n<meta property=\"og:locale\" content=\"en_US\" \/>\n<meta property=\"og:type\" content=\"article\" \/>\n<meta property=\"og:title\" content=\"Fauteuil de Barbier Wolf Vieux Vert\" \/>\n<meta property=\"og:description\" content=\"Le fauteuil de barbier Wolf Vieux Vert est un incontournable pour tout salon. R\u00e9glez facilement le repose-pieds et vivez une exp\u00e9rience unique!\" \/>\n<meta property=\"og:url\" content=\"https:\/\/groupecoiff.com\/en\/product-2\/fauteuil-de-barbier-wolf-vieux-vert\/\" \/>\n<meta property=\"og:site_name\" content=\"Groupe Coiff\" \/>\n<meta property=\"article:publisher\" content=\"https:\/\/www.facebook.com\/GroupeCoiff\" \/>\n<meta property=\"article:modified_time\" content=\"2026-01-30T09:30:47+00:00\" \/>\n<meta property=\"og:image\" content=\"https:\/\/groupecoiff.com\/wp-content\/uploads\/2024\/05\/Wolf-Vieux-Gris-1.webp\" \/>\n\t<meta property=\"og:image:width\" content=\"600\" \/>\n\t<meta property=\"og:image:height\" content=\"600\" \/>\n\t<meta property=\"og:image:type\" content=\"image\/webp\" \/>\n<meta name=\"twitter:card\" content=\"summary_large_image\" \/>\n<meta name=\"twitter:site\" content=\"@groupecoiff\" \/>\n<meta name=\"twitter:label1\" content=\"Price\" \/>\n\t<meta name=\"twitter:data1\" content=\"749,00&nbsp;&euro;\" \/>\n\t<meta name=\"twitter:label2\" content=\"Availability\" \/>\n\t<meta name=\"twitter:data2\" content=\"In stock\" \/>\n<script type=\"application\/ld+json\" class=\"yoast-schema-graph\">{\"@context\":\"https:\\\/\\\/schema.org\",\"@graph\":[{\"@type\":\"WebPage\",\"@id\":\"https:\\\/\\\/groupecoiff.com\\\/produit\\\/fauteuil-de-barbier-wolf-vieux-vert\\\/\",\"url\":\"https:\\\/\\\/groupecoiff.com\\\/produit\\\/fauteuil-de-barbier-wolf-vieux-vert\\\/\",\"name\":\"Le Fauteuil de Barbier Wolf Vieux Vert \u2013 Confort et Style R\u00e9tro - Groupe Coiff\",\"isPartOf\":{\"@id\":\"https:\\\/\\\/groupecoiff.com\\\/#website\"},\"primaryImageOfPage\":{\"@id\":\"https:\\\/\\\/groupecoiff.com\\\/produit\\\/fauteuil-de-barbier-wolf-vieux-vert\\\/#primaryimage\"},\"image\":{\"@id\":\"https:\\\/\\\/groupecoiff.com\\\/produit\\\/fauteuil-de-barbier-wolf-vieux-vert\\\/#primaryimage\"},\"thumbnailUrl\":\"https:\\\/\\\/groupecoiff.com\\\/wp-content\\\/uploads\\\/2024\\\/05\\\/Wolf-Vieux-Gris-1.webp\",\"datePublished\":\"2024-05-02T11:44:30+00:00\",\"dateModified\":\"2026-01-30T09:30:47+00:00\",\"description\":\"Le fauteuil de barbier Wolf Vieux Vert est un incontournable pour tout salon. R\u00e9glez facilement le repose-pieds et vivez une exp\u00e9rience unique!\",\"breadcrumb\":{\"@id\":\"https:\\\/\\\/groupecoiff.com\\\/produit\\\/fauteuil-de-barbier-wolf-vieux-vert\\\/#breadcrumb\"},\"inLanguage\":\"en-US\",\"potentialAction\":[{\"@type\":\"ReadAction\",\"target\":[\"https:\\\/\\\/groupecoiff.com\\\/produit\\\/fauteuil-de-barbier-wolf-vieux-vert\\\/\"]}]},{\"@type\":\"ImageObject\",\"inLanguage\":\"en-US\",\"@id\":\"https:\\\/\\\/groupecoiff.com\\\/produit\\\/fauteuil-de-barbier-wolf-vieux-vert\\\/#primaryimage\",\"url\":\"https:\\\/\\\/groupecoiff.com\\\/wp-content\\\/uploads\\\/2024\\\/05\\\/Wolf-Vieux-Gris-1.webp\",\"contentUrl\":\"https:\\\/\\\/groupecoiff.com\\\/wp-content\\\/uploads\\\/2024\\\/05\\\/Wolf-Vieux-Gris-1.webp\",\"width\":600,\"height\":600,\"caption\":\"Fauteuil de Barbier Wolf Vieux Vert - Fauteuil Barbier Wolf Vieux Vert - Chaise Barbier Wolf Vieux Vert - Fauteuil de coiffure barbier Wolf Vieux Vert - mobilier de coiffure haut de gamme\"},{\"@type\":\"BreadcrumbList\",\"@id\":\"https:\\\/\\\/groupecoiff.com\\\/produit\\\/fauteuil-de-barbier-wolf-vieux-vert\\\/#breadcrumb\",\"itemListElement\":[{\"@type\":\"ListItem\",\"position\":1,\"name\":\"Accueil\",\"item\":\"https:\\\/\\\/groupecoiff.com\\\/\"},{\"@type\":\"ListItem\",\"position\":2,\"name\":\"Boutique\",\"item\":\"https:\\\/\\\/groupecoiff.com\\\/en\\\/boutique\\\/\"},{\"@type\":\"ListItem\",\"position\":3,\"name\":\"Fauteuil de Barbier Wolf Vieux Vert\"}]},{\"@type\":\"WebSite\",\"@id\":\"https:\\\/\\\/groupecoiff.com\\\/#website\",\"url\":\"https:\\\/\\\/groupecoiff.com\\\/\",\"name\":\"Groupe Coiff\",\"description\":\"Tout pour la coiffure\",\"publisher\":{\"@id\":\"https:\\\/\\\/groupecoiff.com\\\/#organization\"},\"potentialAction\":[{\"@type\":\"SearchAction\",\"target\":{\"@type\":\"EntryPoint\",\"urlTemplate\":\"https:\\\/\\\/groupecoiff.com\\\/?s={search_term_string}\"},\"query-input\":{\"@type\":\"PropertyValueSpecification\",\"valueRequired\":true,\"valueName\":\"search_term_string\"}}],\"inLanguage\":\"en-US\"},{\"@type\":\"Organization\",\"@id\":\"https:\\\/\\\/groupecoiff.com\\\/#organization\",\"name\":\"Groupe Coiff\",\"alternateName\":\"Groupe Coiff : Le Mobilier De Coiffure Haut de Gamme Pour Une \u00c9l\u00e9gance In\u00e9gal\u00e9e\",\"url\":\"https:\\\/\\\/groupecoiff.com\\\/\",\"logo\":{\"@type\":\"ImageObject\",\"inLanguage\":\"en-US\",\"@id\":\"https:\\\/\\\/groupecoiff.com\\\/#\\\/schema\\\/logo\\\/image\\\/\",\"url\":\"https:\\\/\\\/groupecoiff.com\\\/wp-content\\\/uploads\\\/2024\\\/01\\\/cropped-Groupe-Coiff-Logo.webp\",\"contentUrl\":\"https:\\\/\\\/groupecoiff.com\\\/wp-content\\\/uploads\\\/2024\\\/01\\\/cropped-Groupe-Coiff-Logo.webp\",\"width\":512,\"height\":512,\"caption\":\"Groupe Coiff\"},\"image\":{\"@id\":\"https:\\\/\\\/groupecoiff.com\\\/#\\\/schema\\\/logo\\\/image\\\/\"},\"sameAs\":[\"https:\\\/\\\/www.facebook.com\\\/GroupeCoiff\",\"https:\\\/\\\/x.com\\\/groupecoiff\",\"https:\\\/\\\/www.instagram.com\\\/groupecoiff\\\/\",\"https:\\\/\\\/www.tiktok.com\\\/@groupecoiff\",\"https:\\\/\\\/www.youtube.com\\\/@groupecoiff\",\"https:\\\/\\\/twitter.com\\\/groupecoiff\",\"https:\\\/\\\/www.leboncoin.fr\\\/boutique\\\/3961302\\\/groupe_coiff.htm\"],\"description\":\"D\u00e9couvrez le mobilier de coiffure haut de gamme de Groupe Coiff, alliant \u00e9l\u00e9gance et fonctionnalit\u00e9 pour sublimer votre salon et satisfaire vos clients.\",\"email\":\"contact@groupecoiff.com\",\"telephone\":\"0676951605\",\"legalName\":\"Groupe Coiff\",\"foundingDate\":\"2022-11-16\",\"vatID\":\"FR84921406419\",\"taxID\":\"92140641900025\"}]}<\/script>\n<meta property=\"product:price:amount\" content=\"749.00\" \/>\n<meta property=\"product:price:currency\" content=\"EUR\" \/>\n<meta property=\"og:availability\" content=\"instock\" \/>\n<meta property=\"product:availability\" content=\"instock\" \/>\n<meta property=\"product:condition\" content=\"new\" \/>\n<!-- \/ Yoast SEO Premium plugin. -->","yoast_head_json":{"title":"The Wolf Old Green Barber Chair \u2013 Comfort and Retro Style - Groupe Coiff","description":"Le fauteuil de barbier Wolf Vieux Vert est un incontournable pour tout salon. R\u00e9glez facilement le repose-pieds et vivez une exp\u00e9rience unique!","robots":{"index":"index","follow":"follow","max-snippet":"max-snippet:-1","max-image-preview":"max-image-preview:large","max-video-preview":"max-video-preview:-1"},"canonical":"https:\/\/groupecoiff.com\/en\/product-2\/fauteuil-de-barbier-wolf-vieux-vert\/","og_locale":"en_US","og_type":"article","og_title":"Fauteuil de Barbier Wolf Vieux Vert","og_description":"Le fauteuil de barbier Wolf Vieux Vert est un incontournable pour tout salon. R\u00e9glez facilement le repose-pieds et vivez une exp\u00e9rience unique!","og_url":"https:\/\/groupecoiff.com\/en\/product-2\/fauteuil-de-barbier-wolf-vieux-vert\/","og_site_name":"Groupe Coiff","article_publisher":"https:\/\/www.facebook.com\/GroupeCoiff","article_modified_time":"2026-01-30T09:30:47+00:00","og_image":[{"width":600,"height":600,"url":"https:\/\/groupecoiff.com\/wp-content\/uploads\/2024\/05\/Wolf-Vieux-Gris-1.webp","type":"image\/webp"}],"twitter_card":"summary_large_image","twitter_site":"@groupecoiff","twitter_misc":{"Price":"749,00&nbsp;&euro;","Availability":"In stock"},"schema":{"@context":"https:\/\/schema.org","@graph":[{"@type":"WebPage","@id":"https:\/\/groupecoiff.com\/produit\/fauteuil-de-barbier-wolf-vieux-vert\/","url":"https:\/\/groupecoiff.com\/produit\/fauteuil-de-barbier-wolf-vieux-vert\/","name":"The Wolf Old Green Barber Chair \u2013 Comfort and Retro Style - Groupe Coiff","isPartOf":{"@id":"https:\/\/groupecoiff.com\/#website"},"primaryImageOfPage":{"@id":"https:\/\/groupecoiff.com\/produit\/fauteuil-de-barbier-wolf-vieux-vert\/#primaryimage"},"image":{"@id":"https:\/\/groupecoiff.com\/produit\/fauteuil-de-barbier-wolf-vieux-vert\/#primaryimage"},"thumbnailUrl":"https:\/\/groupecoiff.com\/wp-content\/uploads\/2024\/05\/Wolf-Vieux-Gris-1.webp","datePublished":"2024-05-02T11:44:30+00:00","dateModified":"2026-01-30T09:30:47+00:00","description":"Le fauteuil de barbier Wolf Vieux Vert est un incontournable pour tout salon. R\u00e9glez facilement le repose-pieds et vivez une exp\u00e9rience unique!","breadcrumb":{"@id":"https:\/\/groupecoiff.com\/produit\/fauteuil-de-barbier-wolf-vieux-vert\/#breadcrumb"},"inLanguage":"en-US","potentialAction":[{"@type":"ReadAction","target":["https:\/\/groupecoiff.com\/produit\/fauteuil-de-barbier-wolf-vieux-vert\/"]}]},{"@type":"ImageObject","inLanguage":"en-US","@id":"https:\/\/groupecoiff.com\/produit\/fauteuil-de-barbier-wolf-vieux-vert\/#primaryimage","url":"https:\/\/groupecoiff.com\/wp-content\/uploads\/2024\/05\/Wolf-Vieux-Gris-1.webp","contentUrl":"https:\/\/groupecoiff.com\/wp-content\/uploads\/2024\/05\/Wolf-Vieux-Gris-1.webp","width":600,"height":600,"caption":"Fauteuil de Barbier Wolf Vieux Vert - Fauteuil Barbier Wolf Vieux Vert - Chaise Barbier Wolf Vieux Vert - Fauteuil de coiffure barbier Wolf Vieux Vert - mobilier de coiffure haut de gamme"},{"@type":"BreadcrumbList","@id":"https:\/\/groupecoiff.com\/produit\/fauteuil-de-barbier-wolf-vieux-vert\/#breadcrumb","itemListElement":[{"@type":"ListItem","position":1,"name":"Accueil","item":"https:\/\/groupecoiff.com\/"},{"@type":"ListItem","position":2,"name":"Boutique","item":"https:\/\/groupecoiff.com\/en\/boutique\/"},{"@type":"ListItem","position":3,"name":"Fauteuil de Barbier Wolf Vieux Vert"}]},{"@type":"WebSite","@id":"https:\/\/groupecoiff.com\/#website","url":"https:\/\/groupecoiff.com\/","name":"Coiff Group","description":"Everything for the hairdresser","publisher":{"@id":"https:\/\/groupecoiff.com\/#organization"},"potentialAction":[{"@type":"SearchAction","target":{"@type":"EntryPoint","urlTemplate":"https:\/\/groupecoiff.com\/?s={search_term_string}"},"query-input":{"@type":"PropertyValueSpecification","valueRequired":true,"valueName":"search_term_string"}}],"inLanguage":"en-US"},{"@type":"Organization","@id":"https:\/\/groupecoiff.com\/#organization","name":"Coiff Group","alternateName":"Groupe Coiff : Le Mobilier De Coiffure Haut de Gamme Pour Une \u00c9l\u00e9gance In\u00e9gal\u00e9e","url":"https:\/\/groupecoiff.com\/","logo":{"@type":"ImageObject","inLanguage":"en-US","@id":"https:\/\/groupecoiff.com\/#\/schema\/logo\/image\/","url":"https:\/\/groupecoiff.com\/wp-content\/uploads\/2024\/01\/cropped-Groupe-Coiff-Logo.webp","contentUrl":"https:\/\/groupecoiff.com\/wp-content\/uploads\/2024\/01\/cropped-Groupe-Coiff-Logo.webp","width":512,"height":512,"caption":"Groupe Coiff"},"image":{"@id":"https:\/\/groupecoiff.com\/#\/schema\/logo\/image\/"},"sameAs":["https:\/\/www.facebook.com\/GroupeCoiff","https:\/\/x.com\/groupecoiff","https:\/\/www.instagram.com\/groupecoiff\/","https:\/\/www.tiktok.com\/@groupecoiff","https:\/\/www.youtube.com\/@groupecoiff","https:\/\/twitter.com\/groupecoiff","https:\/\/www.leboncoin.fr\/boutique\/3961302\/groupe_coiff.htm"],"description":"Discover Groupe Coiff's top-of-the-range hairdressing furniture, combining elegance and functionality to enhance your salon and satisfy your customers.","email":"contact@groupecoiff.com","telephone":"0676951605","legalName":"Groupe Coiff","foundingDate":"2022-11-16","vatID":"FR84921406419","taxID":"92140641900025"}]},"product_price_amount":"749.00","product_price_currency":"EUR","og_availability":"instock","product_availability":"instock","product_condition":"new"},"jetpack_publicize_connections":[],"jetpack_likes_enabled":true,"jetpack_sharing_enabled":true,"_links":{"self":[{"href":"https:\/\/groupecoiff.com\/en\/wp-json\/wp\/v2\/product\/32216","targetHints":{"allow":["GET"]}}],"collection":[{"href":"https:\/\/groupecoiff.com\/en\/wp-json\/wp\/v2\/product"}],"about":[{"href":"https:\/\/groupecoiff.com\/en\/wp-json\/wp\/v2\/types\/product"}],"replies":[{"embeddable":true,"href":"https:\/\/groupecoiff.com\/en\/wp-json\/wp\/v2\/comments?post=32216"}],"version-history":[{"count":2,"href":"https:\/\/groupecoiff.com\/en\/wp-json\/wp\/v2\/product\/32216\/revisions"}],"predecessor-version":[{"id":49126,"href":"https:\/\/groupecoiff.com\/en\/wp-json\/wp\/v2\/product\/32216\/revisions\/49126"}],"wp:featuredmedia":[{"embeddable":true,"href":"https:\/\/groupecoiff.com\/en\/wp-json\/wp\/v2\/media\/49115"}],"wp:attachment":[{"href":"https:\/\/groupecoiff.com\/en\/wp-json\/wp\/v2\/media?parent=32216"}],"wp:term":[{"taxonomy":"product_brand","embeddable":true,"href":"https:\/\/groupecoiff.com\/en\/wp-json\/wp\/v2\/product_brand?post=32216"},{"taxonomy":"product_cat","embeddable":true,"href":"https:\/\/groupecoiff.com\/en\/wp-json\/wp\/v2\/product_cat?post=32216"},{"taxonomy":"product_tag","embeddable":true,"href":"https:\/\/groupecoiff.com\/en\/wp-json\/wp\/v2\/product_tag?post=32216"}],"curies":[{"name":"wp","href":"https:\/\/api.w.org\/{rel}","templated":true}]}}