{"id":32401,"date":"2024-05-04T08:27:36","date_gmt":"2024-05-04T06:27:36","guid":{"rendered":"https:\/\/groupecoiff.com\/?post_type=product&#038;p=32401"},"modified":"2025-02-01T00:00:01","modified_gmt":"2025-01-31T23:00:01","slug":"fauteuil-de-barbier-swan","status":"publish","type":"product","link":"https:\/\/groupecoiff.com\/en\/produit\/fauteuil-de-barbier-swan\/","title":{"rendered":"Swan Barber Chair"},"content":{"rendered":"<ul>\n<li><strong>D\u00e9couvrez le Fauteuil de Coiffure Swan : Luxe et Confort pour un Salon d&rsquo;Exception<\/strong>Among our new additions, the Swan Barber Chair offers luxury and comfort for the ultimate salon experience.\n<p><strong>Ergonomic Design for Optimal Comfort<\/strong><\/p>\n<p>Avec son r\u00e9glage haut-bas et son dossier inclinable, la chaise Swan permet \u00e0 chaque client de se d\u00e9tendre dans une position inclin\u00e9e confortable. Son rev\u00eatement en \u00e9co-cuir de haute qualit\u00e9 allie \u00e9l\u00e9gance, durabilit\u00e9 et facilit\u00e9 d\u2019entretien.<\/p>\n<p><strong>Elegance in Two Colors<\/strong><\/p>\n<p>Disponible en noir et marron \u00e9l\u00e9gant, le Fauteuil Swan compl\u00e8te tout d\u00e9cor de salon, \u00e9levant l\u2019ambiance vers de nouveaux sommets. Sa base large garantit la stabilit\u00e9 pendant les op\u00e9rations du salon, m\u00eame lors des journ\u00e9es les plus charg\u00e9es.<\/p>\n<p><strong>Un Meuble Haut de Gamme pour un Salon d&rsquo;Exception<\/strong><\/p>\n<p>Le Fauteuil de Barbier Swan est con\u00e7u pour les salons hommes et femmes, am\u00e9liorant l\u2019attrait de votre salon tout en offrant un confort in\u00e9gal\u00e9. Offrez \u00e0 vos clients une exp\u00e9rience vraiment luxueuse et relaxante avec la chaise Swan.<\/p>\n<p><strong>Technical specifications<\/strong><\/p>\n<ul>\n<li>Height Adjustment and Reclining Backrest: For personalized comfort.<\/li>\n<li>High-Quality Eco-leather Upholstery: Elegant, durable and easy to maintain.<\/li>\n<li>Available in Two Colors: Black and elegant brown.<\/li>\n<li>Wide Base for Maximum Stability: Suitable for the busiest days<\/li>\n<\/ul>\n<\/li>\n<\/ul>","protected":false},"excerpt":{"rendered":"<p>Give a touch of luxury and sophistication to your salon with the Swan barber chair. Comfortable, elegant and easy to maintain<\/p>","protected":false},"featured_media":32416,"comment_status":"open","ping_status":"closed","template":"","meta":{"googlesitekit_rrm_CAow0YCiDA:productID":"","jetpack_post_was_ever_published":false,"jetpack_publicize_message":"","jetpack_publicize_feature_enabled":true,"jetpack_social_post_already_shared":true,"jetpack_social_options":{"image_generator_settings":{"template":"highway","default_image_id":0,"font":"","enabled":false},"version":2}},"product_brand":[],"product_cat":[51,313],"product_tag":[126,127,121,123,122,324,125],"class_list":{"0":"post-32401","1":"product","2":"type-product","3":"status-publish","4":"has-post-thumbnail","6":"product_cat-fauteuil-de-barbier-professionnel","7":"product_cat-meuble-de-coiffure","8":"product_tag-confortable","9":"product_tag-elegant","10":"product_tag-fauteuil-barbier","11":"product_tag-fauteuil-de-barbier","12":"product_tag-fauteuil-de-coiffure","13":"product_tag-meuble-de-coiffure-professionnel","14":"product_tag-salon-de-coiffure","16":"first","17":"instock","18":"featured","19":"taxable","20":"shipping-taxable","21":"purchasable","22":"product-type-variable"},"yoast_head":"<!-- This site is optimized with the Yoast SEO Premium plugin v27.5 (Yoast SEO v27.5) - https:\/\/yoast.com\/product\/yoast-seo-premium-wordpress\/ -->\n<title>Fauteuil de Barbier Swan : Luxe et Confort In\u00e9gal\u00e9s - Groupe Coiff<\/title>\n<meta name=\"description\" content=\"Le fauteuil de barbier Swan, un m\u00e9lange parfait de luxe et de confort. Son design \u00e9l\u00e9gant et sa durabilit\u00e9 en font le choix id\u00e9al pour votre salon!\" \/>\n<meta name=\"robots\" content=\"index, follow, max-snippet:-1, max-image-preview:large, max-video-preview:-1\" \/>\n<link rel=\"canonical\" href=\"https:\/\/groupecoiff.com\/en\/product-2\/fauteuil-de-barbier-swan\/\" \/>\n<meta property=\"og:locale\" content=\"en_US\" \/>\n<meta property=\"og:type\" content=\"article\" \/>\n<meta property=\"og:title\" content=\"Fauteuil de Barbier Swan\" \/>\n<meta property=\"og:description\" content=\"Le fauteuil de barbier Swan, un m\u00e9lange parfait de luxe et de confort. Son design \u00e9l\u00e9gant et sa durabilit\u00e9 en font le choix id\u00e9al pour votre salon!\" \/>\n<meta property=\"og:url\" content=\"https:\/\/groupecoiff.com\/en\/product-2\/fauteuil-de-barbier-swan\/\" \/>\n<meta property=\"og:site_name\" content=\"Groupe Coiff\" \/>\n<meta property=\"article:publisher\" content=\"https:\/\/www.facebook.com\/GroupeCoiff\" \/>\n<meta property=\"article:modified_time\" content=\"2025-01-31T23:00:01+00:00\" \/>\n<meta property=\"og:image\" content=\"https:\/\/groupecoiff.com\/wp-content\/uploads\/2024\/05\/Fauteuil-de-Barbier-Swan-Marron-7.webp\" \/>\n\t<meta property=\"og:image:width\" content=\"1080\" \/>\n\t<meta property=\"og:image:height\" content=\"1080\" \/>\n\t<meta property=\"og:image:type\" content=\"image\/webp\" \/>\n<meta name=\"twitter:card\" content=\"summary_large_image\" \/>\n<meta name=\"twitter:site\" content=\"@groupecoiff\" \/>\n<meta name=\"twitter:label1\" content=\"Availability\" \/>\n\t<meta name=\"twitter:data1\" content=\"In stock\" \/>\n<script type=\"application\/ld+json\" class=\"yoast-schema-graph\">{\"@context\":\"https:\\\/\\\/schema.org\",\"@graph\":[{\"@type\":\"WebPage\",\"@id\":\"https:\\\/\\\/groupecoiff.com\\\/en\\\/produit\\\/fauteuil-de-barbier-swan\\\/\",\"url\":\"https:\\\/\\\/groupecoiff.com\\\/en\\\/produit\\\/fauteuil-de-barbier-swan\\\/\",\"name\":\"Fauteuil de Barbier Swan : Luxe et Confort In\u00e9gal\u00e9s - Groupe Coiff\",\"isPartOf\":{\"@id\":\"https:\\\/\\\/groupecoiff.com\\\/#website\"},\"primaryImageOfPage\":{\"@id\":\"https:\\\/\\\/groupecoiff.com\\\/en\\\/produit\\\/fauteuil-de-barbier-swan\\\/#primaryimage\"},\"image\":{\"@id\":\"https:\\\/\\\/groupecoiff.com\\\/en\\\/produit\\\/fauteuil-de-barbier-swan\\\/#primaryimage\"},\"thumbnailUrl\":\"https:\\\/\\\/groupecoiff.com\\\/wp-content\\\/uploads\\\/2024\\\/05\\\/Fauteuil-de-Barbier-Swan-Marron-7.webp\",\"datePublished\":\"2024-05-04T06:27:36+00:00\",\"dateModified\":\"2025-01-31T23:00:01+00:00\",\"description\":\"Le fauteuil de barbier Swan, un m\u00e9lange parfait de luxe et de confort. Son design \u00e9l\u00e9gant et sa durabilit\u00e9 en font le choix id\u00e9al pour votre salon!\",\"breadcrumb\":{\"@id\":\"https:\\\/\\\/groupecoiff.com\\\/en\\\/produit\\\/fauteuil-de-barbier-swan\\\/#breadcrumb\"},\"inLanguage\":\"en-US\",\"potentialAction\":[{\"@type\":\"ReadAction\",\"target\":[\"https:\\\/\\\/groupecoiff.com\\\/en\\\/produit\\\/fauteuil-de-barbier-swan\\\/\"]}]},{\"@type\":\"ImageObject\",\"inLanguage\":\"en-US\",\"@id\":\"https:\\\/\\\/groupecoiff.com\\\/en\\\/produit\\\/fauteuil-de-barbier-swan\\\/#primaryimage\",\"url\":\"https:\\\/\\\/groupecoiff.com\\\/wp-content\\\/uploads\\\/2024\\\/05\\\/Fauteuil-de-Barbier-Swan-Marron-7.webp\",\"contentUrl\":\"https:\\\/\\\/groupecoiff.com\\\/wp-content\\\/uploads\\\/2024\\\/05\\\/Fauteuil-de-Barbier-Swan-Marron-7.webp\",\"width\":1080,\"height\":1080,\"caption\":\"Fauteuil de barbier Swan - Fauteuil barbier Swan - chaise de barbier Swan - chaise barbier Swan - Fauteuil de coiffure Swan\"},{\"@type\":\"BreadcrumbList\",\"@id\":\"https:\\\/\\\/groupecoiff.com\\\/en\\\/produit\\\/fauteuil-de-barbier-swan\\\/#breadcrumb\",\"itemListElement\":[{\"@type\":\"ListItem\",\"position\":1,\"name\":\"Accueil\",\"item\":\"https:\\\/\\\/groupecoiff.com\\\/\"},{\"@type\":\"ListItem\",\"position\":2,\"name\":\"Boutique\",\"item\":\"https:\\\/\\\/groupecoiff.com\\\/en\\\/boutique\\\/\"},{\"@type\":\"ListItem\",\"position\":3,\"name\":\"Fauteuil de Barbier Swan\"}]},{\"@type\":\"WebSite\",\"@id\":\"https:\\\/\\\/groupecoiff.com\\\/#website\",\"url\":\"https:\\\/\\\/groupecoiff.com\\\/\",\"name\":\"Groupe Coiff\",\"description\":\"Tout pour la coiffure\",\"publisher\":{\"@id\":\"https:\\\/\\\/groupecoiff.com\\\/#organization\"},\"potentialAction\":[{\"@type\":\"SearchAction\",\"target\":{\"@type\":\"EntryPoint\",\"urlTemplate\":\"https:\\\/\\\/groupecoiff.com\\\/?s={search_term_string}\"},\"query-input\":{\"@type\":\"PropertyValueSpecification\",\"valueRequired\":true,\"valueName\":\"search_term_string\"}}],\"inLanguage\":\"en-US\"},{\"@type\":\"Organization\",\"@id\":\"https:\\\/\\\/groupecoiff.com\\\/#organization\",\"name\":\"Groupe Coiff\",\"alternateName\":\"Groupe Coiff : Le Mobilier De Coiffure Haut de Gamme Pour Une \u00c9l\u00e9gance In\u00e9gal\u00e9e\",\"url\":\"https:\\\/\\\/groupecoiff.com\\\/\",\"logo\":{\"@type\":\"ImageObject\",\"inLanguage\":\"en-US\",\"@id\":\"https:\\\/\\\/groupecoiff.com\\\/#\\\/schema\\\/logo\\\/image\\\/\",\"url\":\"https:\\\/\\\/groupecoiff.com\\\/wp-content\\\/uploads\\\/2024\\\/01\\\/cropped-Groupe-Coiff-Logo.webp\",\"contentUrl\":\"https:\\\/\\\/groupecoiff.com\\\/wp-content\\\/uploads\\\/2024\\\/01\\\/cropped-Groupe-Coiff-Logo.webp\",\"width\":512,\"height\":512,\"caption\":\"Groupe Coiff\"},\"image\":{\"@id\":\"https:\\\/\\\/groupecoiff.com\\\/#\\\/schema\\\/logo\\\/image\\\/\"},\"sameAs\":[\"https:\\\/\\\/www.facebook.com\\\/GroupeCoiff\",\"https:\\\/\\\/x.com\\\/groupecoiff\",\"https:\\\/\\\/www.instagram.com\\\/groupecoiff\\\/\",\"https:\\\/\\\/www.tiktok.com\\\/@groupecoiff\",\"https:\\\/\\\/www.youtube.com\\\/@groupecoiff\",\"https:\\\/\\\/twitter.com\\\/groupecoiff\",\"https:\\\/\\\/www.leboncoin.fr\\\/boutique\\\/3961302\\\/groupe_coiff.htm\"],\"description\":\"D\u00e9couvrez le mobilier de coiffure haut de gamme de Groupe Coiff, alliant \u00e9l\u00e9gance et fonctionnalit\u00e9 pour sublimer votre salon et satisfaire vos clients.\",\"email\":\"contact@groupecoiff.com\",\"telephone\":\"0676951605\",\"legalName\":\"Groupe Coiff\",\"foundingDate\":\"2022-11-16\",\"vatID\":\"FR84921406419\",\"taxID\":\"92140641900025\"}]}<\/script>\n<meta property=\"og:availability\" content=\"instock\" \/>\n<meta property=\"product:availability\" content=\"instock\" \/>\n<meta property=\"product:condition\" content=\"new\" \/>\n<!-- \/ Yoast SEO Premium plugin. -->","yoast_head_json":{"title":"Swan Barber Chair: Unmatched Luxury and Comfort - Groupe Coiff","description":"The Swan barber chair, a perfect blend of luxury and comfort. Its elegant design and durability make it the ideal choice for your salon!","robots":{"index":"index","follow":"follow","max-snippet":"max-snippet:-1","max-image-preview":"max-image-preview:large","max-video-preview":"max-video-preview:-1"},"canonical":"https:\/\/groupecoiff.com\/en\/product-2\/fauteuil-de-barbier-swan\/","og_locale":"en_US","og_type":"article","og_title":"Fauteuil de Barbier Swan","og_description":"Le fauteuil de barbier Swan, un m\u00e9lange parfait de luxe et de confort. Son design \u00e9l\u00e9gant et sa durabilit\u00e9 en font le choix id\u00e9al pour votre salon!","og_url":"https:\/\/groupecoiff.com\/en\/product-2\/fauteuil-de-barbier-swan\/","og_site_name":"Groupe Coiff","article_publisher":"https:\/\/www.facebook.com\/GroupeCoiff","article_modified_time":"2025-01-31T23:00:01+00:00","og_image":[{"width":1080,"height":1080,"url":"https:\/\/groupecoiff.com\/wp-content\/uploads\/2024\/05\/Fauteuil-de-Barbier-Swan-Marron-7.webp","type":"image\/webp"}],"twitter_card":"summary_large_image","twitter_site":"@groupecoiff","twitter_misc":{"Availability":"In stock"},"schema":{"@context":"https:\/\/schema.org","@graph":[{"@type":"WebPage","@id":"https:\/\/groupecoiff.com\/en\/produit\/fauteuil-de-barbier-swan\/","url":"https:\/\/groupecoiff.com\/en\/produit\/fauteuil-de-barbier-swan\/","name":"Swan Barber Chair: Unmatched Luxury and Comfort - Groupe Coiff","isPartOf":{"@id":"https:\/\/groupecoiff.com\/#website"},"primaryImageOfPage":{"@id":"https:\/\/groupecoiff.com\/en\/produit\/fauteuil-de-barbier-swan\/#primaryimage"},"image":{"@id":"https:\/\/groupecoiff.com\/en\/produit\/fauteuil-de-barbier-swan\/#primaryimage"},"thumbnailUrl":"https:\/\/groupecoiff.com\/wp-content\/uploads\/2024\/05\/Fauteuil-de-Barbier-Swan-Marron-7.webp","datePublished":"2024-05-04T06:27:36+00:00","dateModified":"2025-01-31T23:00:01+00:00","description":"The Swan barber chair, a perfect blend of luxury and comfort. Its elegant design and durability make it the ideal choice for your salon!","breadcrumb":{"@id":"https:\/\/groupecoiff.com\/en\/produit\/fauteuil-de-barbier-swan\/#breadcrumb"},"inLanguage":"en-US","potentialAction":[{"@type":"ReadAction","target":["https:\/\/groupecoiff.com\/en\/produit\/fauteuil-de-barbier-swan\/"]}]},{"@type":"ImageObject","inLanguage":"en-US","@id":"https:\/\/groupecoiff.com\/en\/produit\/fauteuil-de-barbier-swan\/#primaryimage","url":"https:\/\/groupecoiff.com\/wp-content\/uploads\/2024\/05\/Fauteuil-de-Barbier-Swan-Marron-7.webp","contentUrl":"https:\/\/groupecoiff.com\/wp-content\/uploads\/2024\/05\/Fauteuil-de-Barbier-Swan-Marron-7.webp","width":1080,"height":1080,"caption":"Fauteuil de barbier Swan - Fauteuil barbier Swan - chaise de barbier Swan - chaise barbier Swan - Fauteuil de coiffure Swan"},{"@type":"BreadcrumbList","@id":"https:\/\/groupecoiff.com\/en\/produit\/fauteuil-de-barbier-swan\/#breadcrumb","itemListElement":[{"@type":"ListItem","position":1,"name":"Accueil","item":"https:\/\/groupecoiff.com\/"},{"@type":"ListItem","position":2,"name":"Boutique","item":"https:\/\/groupecoiff.com\/en\/boutique\/"},{"@type":"ListItem","position":3,"name":"Fauteuil de Barbier Swan"}]},{"@type":"WebSite","@id":"https:\/\/groupecoiff.com\/#website","url":"https:\/\/groupecoiff.com\/","name":"Coiff Group","description":"Everything for the hairdresser","publisher":{"@id":"https:\/\/groupecoiff.com\/#organization"},"potentialAction":[{"@type":"SearchAction","target":{"@type":"EntryPoint","urlTemplate":"https:\/\/groupecoiff.com\/?s={search_term_string}"},"query-input":{"@type":"PropertyValueSpecification","valueRequired":true,"valueName":"search_term_string"}}],"inLanguage":"en-US"},{"@type":"Organization","@id":"https:\/\/groupecoiff.com\/#organization","name":"Coiff Group","alternateName":"Groupe Coiff : Le Mobilier De Coiffure Haut de Gamme Pour Une \u00c9l\u00e9gance In\u00e9gal\u00e9e","url":"https:\/\/groupecoiff.com\/","logo":{"@type":"ImageObject","inLanguage":"en-US","@id":"https:\/\/groupecoiff.com\/#\/schema\/logo\/image\/","url":"https:\/\/groupecoiff.com\/wp-content\/uploads\/2024\/01\/cropped-Groupe-Coiff-Logo.webp","contentUrl":"https:\/\/groupecoiff.com\/wp-content\/uploads\/2024\/01\/cropped-Groupe-Coiff-Logo.webp","width":512,"height":512,"caption":"Groupe Coiff"},"image":{"@id":"https:\/\/groupecoiff.com\/#\/schema\/logo\/image\/"},"sameAs":["https:\/\/www.facebook.com\/GroupeCoiff","https:\/\/x.com\/groupecoiff","https:\/\/www.instagram.com\/groupecoiff\/","https:\/\/www.tiktok.com\/@groupecoiff","https:\/\/www.youtube.com\/@groupecoiff","https:\/\/twitter.com\/groupecoiff","https:\/\/www.leboncoin.fr\/boutique\/3961302\/groupe_coiff.htm"],"description":"Discover Groupe Coiff's top-of-the-range hairdressing furniture, combining elegance and functionality to enhance your salon and satisfy your customers.","email":"contact@groupecoiff.com","telephone":"0676951605","legalName":"Groupe Coiff","foundingDate":"2022-11-16","vatID":"FR84921406419","taxID":"92140641900025"}]},"og_availability":"instock","product_availability":"instock","product_condition":"new"},"jetpack_publicize_connections":[],"jetpack_likes_enabled":true,"jetpack_sharing_enabled":true,"_links":{"self":[{"href":"https:\/\/groupecoiff.com\/en\/wp-json\/wp\/v2\/product\/32401","targetHints":{"allow":["GET"]}}],"collection":[{"href":"https:\/\/groupecoiff.com\/en\/wp-json\/wp\/v2\/product"}],"about":[{"href":"https:\/\/groupecoiff.com\/en\/wp-json\/wp\/v2\/types\/product"}],"replies":[{"embeddable":true,"href":"https:\/\/groupecoiff.com\/en\/wp-json\/wp\/v2\/comments?post=32401"}],"version-history":[{"count":0,"href":"https:\/\/groupecoiff.com\/en\/wp-json\/wp\/v2\/product\/32401\/revisions"}],"wp:featuredmedia":[{"embeddable":true,"href":"https:\/\/groupecoiff.com\/en\/wp-json\/wp\/v2\/media\/32416"}],"wp:attachment":[{"href":"https:\/\/groupecoiff.com\/en\/wp-json\/wp\/v2\/media?parent=32401"}],"wp:term":[{"taxonomy":"product_brand","embeddable":true,"href":"https:\/\/groupecoiff.com\/en\/wp-json\/wp\/v2\/product_brand?post=32401"},{"taxonomy":"product_cat","embeddable":true,"href":"https:\/\/groupecoiff.com\/en\/wp-json\/wp\/v2\/product_cat?post=32401"},{"taxonomy":"product_tag","embeddable":true,"href":"https:\/\/groupecoiff.com\/en\/wp-json\/wp\/v2\/product_tag?post=32401"}],"curies":[{"name":"wp","href":"https:\/\/api.w.org\/{rel}","templated":true}]}}