{"id":32516,"date":"2024-05-05T20:07:44","date_gmt":"2024-05-05T18:07:44","guid":{"rendered":"https:\/\/groupecoiff.com\/?post_type=product&#038;p=32516"},"modified":"2024-05-07T10:40:09","modified_gmt":"2024-05-07T08:40:09","slug":"comptoir-daccueil-erin","status":"publish","type":"product","link":"https:\/\/groupecoiff.com\/en\/produit\/comptoir-daccueil-erin\/","title":{"rendered":"Comptoir d&rsquo;Accueil ERIN"},"content":{"rendered":"<ul>\n<li><strong>Mettez en Valeur Votre Espace avec le Comptoir d&rsquo;Accueil ERIN<\/strong>\n<p>Discover the refinement and functionality of the ERIN Welcome Counter, an essential element in welcoming your customers with elegance and efficiency.<\/p>\n<p><strong>Modern design and practical features<\/strong><\/p>\n<p>The ERIN Cash Counter combines modern design with practical functionality. Its MDF wood construction with black metal frame ensures strength and long-term durability. Its sleek design blends perfectly with any living-room d\u00e9cor.<\/p>\n<p><strong>Practical storage space<\/strong><\/p>\n<p>With its interior storage space featuring double doors and side shelves, the ERIN Reception Cabinet offers easy, convenient access to your products while maintaining a neat, organized look.<\/p>\n<p><strong>Technical specifications<\/strong><\/p>\n<ul>\n<li>MDF Wood Cabinet with Black Metal Frame<\/li>\n<li>Vitrine d&rsquo;Exposition avec \u00c9clairage LED<\/li>\n<li>2 Lockable Drawers<\/li>\n<li>Interior storage space with double door<\/li>\n<li>Side shelves for practical storage<\/li>\n<li>Protection en Fa\u00e7ade pour l&rsquo;Intimit\u00e9<\/li>\n<li>Dimensions: 107\u00d7120 cm<\/li>\n<li>Weight: 102.5 kg<\/li>\n<\/ul>\n<\/li>\n<\/ul>","protected":false},"excerpt":{"rendered":"<p>Create an elegant and functional reception area with ERIN reception furniture. Its wood and black metal structure guarantees unfailing sturdiness.<\/p>","protected":false},"featured_media":32517,"comment_status":"open","ping_status":"closed","template":"","meta":{"googlesitekit_rrm_CAow0YCiDA:productID":"","jetpack_post_was_ever_published":false,"jetpack_publicize_message":"","jetpack_publicize_feature_enabled":true,"jetpack_social_post_already_shared":true,"jetpack_social_options":{"image_generator_settings":{"template":"highway","default_image_id":0,"font":"","enabled":false},"version":2}},"product_brand":[],"product_cat":[59,313],"product_tag":[333,331,127,324,332,125],"class_list":{"0":"post-32516","1":"product","2":"type-product","3":"status-publish","4":"has-post-thumbnail","6":"product_cat-comptoir-daccueil","7":"product_cat-meuble-de-coiffure","8":"product_tag-comptoir-caisse","9":"product_tag-comptoir-daccueil","10":"product_tag-elegant","11":"product_tag-meuble-de-coiffure-professionnel","12":"product_tag-meuble-de-reception","13":"product_tag-salon-de-coiffure","15":"first","16":"instock","17":"featured","18":"taxable","19":"shipping-taxable","20":"purchasable","21":"product-type-simple"},"yoast_head":"<!-- This site is optimized with the Yoast SEO Premium plugin v27.4 (Yoast SEO v27.4) - https:\/\/yoast.com\/product\/yoast-seo-premium-wordpress\/ -->\n<title>Comptoir d&#039;Accueil ERIN: Structure Solide et Design \u00c9pur\u00e9 - Groupe Coiff<\/title>\n<meta name=\"description\" content=\"Ajoutez une touche de raffinement \u00e0 votre accueil avec le Comptoir d&#039;Accueil ERIN. Sa structure en bois MDF et m\u00e9tal noir est \u00e0 la fois robuste et \u00e9l\u00e9gante!\" \/>\n<meta name=\"robots\" content=\"index, follow, max-snippet:-1, max-image-preview:large, max-video-preview:-1\" \/>\n<link rel=\"canonical\" href=\"https:\/\/groupecoiff.com\/en\/product-2\/comptoir-daccueil-erin\/\" \/>\n<meta property=\"og:locale\" content=\"en_US\" \/>\n<meta property=\"og:type\" content=\"article\" \/>\n<meta property=\"og:title\" content=\"Comptoir d&#039;Accueil ERIN\" \/>\n<meta property=\"og:description\" content=\"Ajoutez une touche de raffinement \u00e0 votre accueil avec le Comptoir d&#039;Accueil ERIN. Sa structure en bois MDF et m\u00e9tal noir est \u00e0 la fois robuste et \u00e9l\u00e9gante!\" \/>\n<meta property=\"og:url\" content=\"https:\/\/groupecoiff.com\/en\/product-2\/comptoir-daccueil-erin\/\" \/>\n<meta property=\"og:site_name\" content=\"Groupe Coiff\" \/>\n<meta property=\"article:publisher\" content=\"https:\/\/www.facebook.com\/GroupeCoiff\" \/>\n<meta property=\"article:modified_time\" content=\"2024-05-07T08:40:09+00:00\" \/>\n<meta property=\"og:image\" content=\"https:\/\/groupecoiff.com\/wp-content\/uploads\/2024\/05\/Comptoir-dAccueil-ERIN-1.webp\" \/>\n\t<meta property=\"og:image:width\" content=\"1080\" \/>\n\t<meta property=\"og:image:height\" content=\"1080\" \/>\n\t<meta property=\"og:image:type\" content=\"image\/webp\" \/>\n<meta name=\"twitter:card\" content=\"summary_large_image\" \/>\n<meta name=\"twitter:site\" content=\"@groupecoiff\" \/>\n<meta name=\"twitter:label1\" content=\"Price\" \/>\n\t<meta name=\"twitter:data1\" content=\"1500,00&nbsp;&euro;\" \/>\n\t<meta name=\"twitter:label2\" content=\"Availability\" \/>\n\t<meta name=\"twitter:data2\" content=\"In stock\" \/>\n<script type=\"application\/ld+json\" class=\"yoast-schema-graph\">{\"@context\":\"https:\\\/\\\/schema.org\",\"@graph\":[{\"@type\":\"WebPage\",\"@id\":\"https:\\\/\\\/groupecoiff.com\\\/produit\\\/comptoir-daccueil-erin\\\/\",\"url\":\"https:\\\/\\\/groupecoiff.com\\\/produit\\\/comptoir-daccueil-erin\\\/\",\"name\":\"Comptoir d'Accueil ERIN: Structure Solide et Design \u00c9pur\u00e9 - Groupe Coiff\",\"isPartOf\":{\"@id\":\"https:\\\/\\\/groupecoiff.com\\\/#website\"},\"primaryImageOfPage\":{\"@id\":\"https:\\\/\\\/groupecoiff.com\\\/produit\\\/comptoir-daccueil-erin\\\/#primaryimage\"},\"image\":{\"@id\":\"https:\\\/\\\/groupecoiff.com\\\/produit\\\/comptoir-daccueil-erin\\\/#primaryimage\"},\"thumbnailUrl\":\"https:\\\/\\\/groupecoiff.com\\\/wp-content\\\/uploads\\\/2024\\\/05\\\/Comptoir-dAccueil-ERIN-1.webp\",\"datePublished\":\"2024-05-05T18:07:44+00:00\",\"dateModified\":\"2024-05-07T08:40:09+00:00\",\"description\":\"Ajoutez une touche de raffinement \u00e0 votre accueil avec le Comptoir d'Accueil ERIN. Sa structure en bois MDF et m\u00e9tal noir est \u00e0 la fois robuste et \u00e9l\u00e9gante!\",\"breadcrumb\":{\"@id\":\"https:\\\/\\\/groupecoiff.com\\\/produit\\\/comptoir-daccueil-erin\\\/#breadcrumb\"},\"inLanguage\":\"en-US\",\"potentialAction\":[{\"@type\":\"ReadAction\",\"target\":[\"https:\\\/\\\/groupecoiff.com\\\/produit\\\/comptoir-daccueil-erin\\\/\"]}]},{\"@type\":\"ImageObject\",\"inLanguage\":\"en-US\",\"@id\":\"https:\\\/\\\/groupecoiff.com\\\/produit\\\/comptoir-daccueil-erin\\\/#primaryimage\",\"url\":\"https:\\\/\\\/groupecoiff.com\\\/wp-content\\\/uploads\\\/2024\\\/05\\\/Comptoir-dAccueil-ERIN-1.webp\",\"contentUrl\":\"https:\\\/\\\/groupecoiff.com\\\/wp-content\\\/uploads\\\/2024\\\/05\\\/Comptoir-dAccueil-ERIN-1.webp\",\"width\":1080,\"height\":1080,\"caption\":\"Comptoir d'Accueil ERIN - Meuble de r\u00e9ception ERIN - Comptoir caisse ERIN - meuble d'accueil pour salon de coiffure - mobilier de coiffure haut de gamme\"},{\"@type\":\"BreadcrumbList\",\"@id\":\"https:\\\/\\\/groupecoiff.com\\\/produit\\\/comptoir-daccueil-erin\\\/#breadcrumb\",\"itemListElement\":[{\"@type\":\"ListItem\",\"position\":1,\"name\":\"Accueil\",\"item\":\"https:\\\/\\\/groupecoiff.com\\\/\"},{\"@type\":\"ListItem\",\"position\":2,\"name\":\"Boutique\",\"item\":\"https:\\\/\\\/groupecoiff.com\\\/boutique\\\/\"},{\"@type\":\"ListItem\",\"position\":3,\"name\":\"Comptoir d&rsquo;Accueil ERIN\"}]},{\"@type\":\"WebSite\",\"@id\":\"https:\\\/\\\/groupecoiff.com\\\/#website\",\"url\":\"https:\\\/\\\/groupecoiff.com\\\/\",\"name\":\"Groupe Coiff\",\"description\":\"Tout pour la coiffure\",\"publisher\":{\"@id\":\"https:\\\/\\\/groupecoiff.com\\\/#organization\"},\"potentialAction\":[{\"@type\":\"SearchAction\",\"target\":{\"@type\":\"EntryPoint\",\"urlTemplate\":\"https:\\\/\\\/groupecoiff.com\\\/?s={search_term_string}\"},\"query-input\":{\"@type\":\"PropertyValueSpecification\",\"valueRequired\":true,\"valueName\":\"search_term_string\"}}],\"inLanguage\":\"en-US\"},{\"@type\":\"Organization\",\"@id\":\"https:\\\/\\\/groupecoiff.com\\\/#organization\",\"name\":\"Groupe Coiff\",\"alternateName\":\"Groupe Coiff : Le Mobilier De Coiffure Haut de Gamme Pour Une \u00c9l\u00e9gance In\u00e9gal\u00e9e\",\"url\":\"https:\\\/\\\/groupecoiff.com\\\/\",\"logo\":{\"@type\":\"ImageObject\",\"inLanguage\":\"en-US\",\"@id\":\"https:\\\/\\\/groupecoiff.com\\\/#\\\/schema\\\/logo\\\/image\\\/\",\"url\":\"https:\\\/\\\/groupecoiff.com\\\/wp-content\\\/uploads\\\/2024\\\/01\\\/cropped-Groupe-Coiff-Logo.webp\",\"contentUrl\":\"https:\\\/\\\/groupecoiff.com\\\/wp-content\\\/uploads\\\/2024\\\/01\\\/cropped-Groupe-Coiff-Logo.webp\",\"width\":512,\"height\":512,\"caption\":\"Groupe Coiff\"},\"image\":{\"@id\":\"https:\\\/\\\/groupecoiff.com\\\/#\\\/schema\\\/logo\\\/image\\\/\"},\"sameAs\":[\"https:\\\/\\\/www.facebook.com\\\/GroupeCoiff\",\"https:\\\/\\\/x.com\\\/groupecoiff\",\"https:\\\/\\\/www.instagram.com\\\/groupecoiff\\\/\",\"https:\\\/\\\/www.tiktok.com\\\/@groupecoiff\",\"https:\\\/\\\/www.youtube.com\\\/@groupecoiff\",\"https:\\\/\\\/twitter.com\\\/groupecoiff\",\"https:\\\/\\\/www.leboncoin.fr\\\/boutique\\\/3961302\\\/groupe_coiff.htm\"],\"description\":\"D\u00e9couvrez le mobilier de coiffure haut de gamme de Groupe Coiff, alliant \u00e9l\u00e9gance et fonctionnalit\u00e9 pour sublimer votre salon et satisfaire vos clients.\",\"email\":\"contact@groupecoiff.com\",\"telephone\":\"0676951605\",\"legalName\":\"Groupe Coiff\",\"foundingDate\":\"2022-11-16\",\"vatID\":\"FR84921406419\",\"taxID\":\"92140641900025\"}]}<\/script>\n<meta property=\"product:price:amount\" content=\"1500.00\" \/>\n<meta property=\"product:price:currency\" content=\"EUR\" \/>\n<meta property=\"og:availability\" content=\"instock\" \/>\n<meta property=\"product:availability\" content=\"instock\" \/>\n<meta property=\"product:condition\" content=\"new\" \/>\n<!-- \/ Yoast SEO Premium plugin. -->","yoast_head_json":{"title":"ERIN Reception Desk: Solid Structure and Clean Design - Groupe Coiff","description":"Add a touch of refinement to your reception area with the ERIN Reception Desk. Its MDF wood and black metal structure is both sturdy and elegant!","robots":{"index":"index","follow":"follow","max-snippet":"max-snippet:-1","max-image-preview":"max-image-preview:large","max-video-preview":"max-video-preview:-1"},"canonical":"https:\/\/groupecoiff.com\/en\/product-2\/comptoir-daccueil-erin\/","og_locale":"en_US","og_type":"article","og_title":"Comptoir d'Accueil ERIN","og_description":"Ajoutez une touche de raffinement \u00e0 votre accueil avec le Comptoir d'Accueil ERIN. Sa structure en bois MDF et m\u00e9tal noir est \u00e0 la fois robuste et \u00e9l\u00e9gante!","og_url":"https:\/\/groupecoiff.com\/en\/product-2\/comptoir-daccueil-erin\/","og_site_name":"Groupe Coiff","article_publisher":"https:\/\/www.facebook.com\/GroupeCoiff","article_modified_time":"2024-05-07T08:40:09+00:00","og_image":[{"width":1080,"height":1080,"url":"https:\/\/groupecoiff.com\/wp-content\/uploads\/2024\/05\/Comptoir-dAccueil-ERIN-1.webp","type":"image\/webp"}],"twitter_card":"summary_large_image","twitter_site":"@groupecoiff","twitter_misc":{"Price":"1500,00&nbsp;&euro;","Availability":"In stock"},"schema":{"@context":"https:\/\/schema.org","@graph":[{"@type":"WebPage","@id":"https:\/\/groupecoiff.com\/produit\/comptoir-daccueil-erin\/","url":"https:\/\/groupecoiff.com\/produit\/comptoir-daccueil-erin\/","name":"ERIN Reception Desk: Solid Structure and Clean Design - Groupe Coiff","isPartOf":{"@id":"https:\/\/groupecoiff.com\/#website"},"primaryImageOfPage":{"@id":"https:\/\/groupecoiff.com\/produit\/comptoir-daccueil-erin\/#primaryimage"},"image":{"@id":"https:\/\/groupecoiff.com\/produit\/comptoir-daccueil-erin\/#primaryimage"},"thumbnailUrl":"https:\/\/groupecoiff.com\/wp-content\/uploads\/2024\/05\/Comptoir-dAccueil-ERIN-1.webp","datePublished":"2024-05-05T18:07:44+00:00","dateModified":"2024-05-07T08:40:09+00:00","description":"Add a touch of refinement to your reception area with the ERIN Reception Desk. Its MDF wood and black metal structure is both sturdy and elegant!","breadcrumb":{"@id":"https:\/\/groupecoiff.com\/produit\/comptoir-daccueil-erin\/#breadcrumb"},"inLanguage":"en-US","potentialAction":[{"@type":"ReadAction","target":["https:\/\/groupecoiff.com\/produit\/comptoir-daccueil-erin\/"]}]},{"@type":"ImageObject","inLanguage":"en-US","@id":"https:\/\/groupecoiff.com\/produit\/comptoir-daccueil-erin\/#primaryimage","url":"https:\/\/groupecoiff.com\/wp-content\/uploads\/2024\/05\/Comptoir-dAccueil-ERIN-1.webp","contentUrl":"https:\/\/groupecoiff.com\/wp-content\/uploads\/2024\/05\/Comptoir-dAccueil-ERIN-1.webp","width":1080,"height":1080,"caption":"Comptoir d'Accueil ERIN - Meuble de r\u00e9ception ERIN - Comptoir caisse ERIN - meuble d'accueil pour salon de coiffure - mobilier de coiffure haut de gamme"},{"@type":"BreadcrumbList","@id":"https:\/\/groupecoiff.com\/produit\/comptoir-daccueil-erin\/#breadcrumb","itemListElement":[{"@type":"ListItem","position":1,"name":"Accueil","item":"https:\/\/groupecoiff.com\/"},{"@type":"ListItem","position":2,"name":"Boutique","item":"https:\/\/groupecoiff.com\/boutique\/"},{"@type":"ListItem","position":3,"name":"Comptoir d&rsquo;Accueil ERIN"}]},{"@type":"WebSite","@id":"https:\/\/groupecoiff.com\/#website","url":"https:\/\/groupecoiff.com\/","name":"Coiff Group","description":"Everything for the hairdresser","publisher":{"@id":"https:\/\/groupecoiff.com\/#organization"},"potentialAction":[{"@type":"SearchAction","target":{"@type":"EntryPoint","urlTemplate":"https:\/\/groupecoiff.com\/?s={search_term_string}"},"query-input":{"@type":"PropertyValueSpecification","valueRequired":true,"valueName":"search_term_string"}}],"inLanguage":"en-US"},{"@type":"Organization","@id":"https:\/\/groupecoiff.com\/#organization","name":"Coiff Group","alternateName":"Groupe Coiff : Le Mobilier De Coiffure Haut de Gamme Pour Une \u00c9l\u00e9gance In\u00e9gal\u00e9e","url":"https:\/\/groupecoiff.com\/","logo":{"@type":"ImageObject","inLanguage":"en-US","@id":"https:\/\/groupecoiff.com\/#\/schema\/logo\/image\/","url":"https:\/\/groupecoiff.com\/wp-content\/uploads\/2024\/01\/cropped-Groupe-Coiff-Logo.webp","contentUrl":"https:\/\/groupecoiff.com\/wp-content\/uploads\/2024\/01\/cropped-Groupe-Coiff-Logo.webp","width":512,"height":512,"caption":"Groupe Coiff"},"image":{"@id":"https:\/\/groupecoiff.com\/#\/schema\/logo\/image\/"},"sameAs":["https:\/\/www.facebook.com\/GroupeCoiff","https:\/\/x.com\/groupecoiff","https:\/\/www.instagram.com\/groupecoiff\/","https:\/\/www.tiktok.com\/@groupecoiff","https:\/\/www.youtube.com\/@groupecoiff","https:\/\/twitter.com\/groupecoiff","https:\/\/www.leboncoin.fr\/boutique\/3961302\/groupe_coiff.htm"],"description":"Discover Groupe Coiff's top-of-the-range hairdressing furniture, combining elegance and functionality to enhance your salon and satisfy your customers.","email":"contact@groupecoiff.com","telephone":"0676951605","legalName":"Groupe Coiff","foundingDate":"2022-11-16","vatID":"FR84921406419","taxID":"92140641900025"}]},"product_price_amount":"1500.00","product_price_currency":"EUR","og_availability":"instock","product_availability":"instock","product_condition":"new"},"jetpack_publicize_connections":[],"jetpack_likes_enabled":true,"jetpack_sharing_enabled":true,"_links":{"self":[{"href":"https:\/\/groupecoiff.com\/en\/wp-json\/wp\/v2\/product\/32516","targetHints":{"allow":["GET"]}}],"collection":[{"href":"https:\/\/groupecoiff.com\/en\/wp-json\/wp\/v2\/product"}],"about":[{"href":"https:\/\/groupecoiff.com\/en\/wp-json\/wp\/v2\/types\/product"}],"replies":[{"embeddable":true,"href":"https:\/\/groupecoiff.com\/en\/wp-json\/wp\/v2\/comments?post=32516"}],"version-history":[{"count":0,"href":"https:\/\/groupecoiff.com\/en\/wp-json\/wp\/v2\/product\/32516\/revisions"}],"wp:featuredmedia":[{"embeddable":true,"href":"https:\/\/groupecoiff.com\/en\/wp-json\/wp\/v2\/media\/32517"}],"wp:attachment":[{"href":"https:\/\/groupecoiff.com\/en\/wp-json\/wp\/v2\/media?parent=32516"}],"wp:term":[{"taxonomy":"product_brand","embeddable":true,"href":"https:\/\/groupecoiff.com\/en\/wp-json\/wp\/v2\/product_brand?post=32516"},{"taxonomy":"product_cat","embeddable":true,"href":"https:\/\/groupecoiff.com\/en\/wp-json\/wp\/v2\/product_cat?post=32516"},{"taxonomy":"product_tag","embeddable":true,"href":"https:\/\/groupecoiff.com\/en\/wp-json\/wp\/v2\/product_tag?post=32516"}],"curies":[{"name":"wp","href":"https:\/\/api.w.org\/{rel}","templated":true}]}}