{"id":32545,"date":"2024-05-06T09:35:26","date_gmt":"2024-05-06T07:35:26","guid":{"rendered":"https:\/\/groupecoiff.com\/?post_type=product&#038;p=32545"},"modified":"2024-10-05T19:57:37","modified_gmt":"2024-10-05T17:57:37","slug":"bac-a-shampoing-professionnel-obscur","status":"publish","type":"product","link":"https:\/\/groupecoiff.com\/en\/produit\/bac-a-shampoing-professionnel-obscur\/","title":{"rendered":"Obscur Professional shampoo container"},"content":{"rendered":"<ul>\n<li>\n<h4><strong>Dark Washing Bowl: Luxury and Comfort for Your Salon<\/strong><\/h4>\n<p>Offrez \u00e0 votre salon de coiffure l\u2019exp\u00e9rience ultime de lavage avec le Bac \u00e0 shampoing Professionnel Obscur. Son design \u00e9l\u00e9gant et ses fonctionnalit\u00e9s haut de gamme en font un choix incontournable pour les professionnels exigeants.<\/p>\n<h5><strong>Elegance and durability<\/strong><\/h5>\n<ul>\n<li>Clean Design: The Dark Wash Basin features a spacious sink and solid base, adding a touch of sophistication to your washing area.<\/li>\n<li>Rev\u00eatement de Luxe: Fabriqu\u00e9 en cuir \u00e9cologique r\u00e9sistant et facile \u00e0 nettoyer, il offre une apparence luxueuse qui r\u00e9siste \u00e0 l\u2019\u00e9preuve du temps.<\/li>\n<li>Generous Space: With a seating area of 44 x 49 cm and a backrest height of 46 cm, this basin offers optimal comfort to your clients during their shampoo.<\/li>\n<\/ul>\n<h5><strong>Technical specifications<\/strong><\/h5>\n<ul>\n<li>Basin: Black<\/li>\n<li>Base: Black<\/li>\n<li>Dimensions: 110.5 cm (H) x 59 cm (W) x 97 cm (L)<\/li>\n<li>Weight: 60.0 kg<\/li>\n<li>Brand: Gabbiano<\/li>\n<li>Upholstery: Eco-leather<\/li>\n<\/ul>\n<p>&nbsp;<\/li>\n<\/ul>","protected":false},"excerpt":{"rendered":"<p>Give your hair salon a touch of sophistication with the Professional Dark Wash Basin. The ideal choice for demanding professionals!\ud83d\udc87<\/p>","protected":false},"featured_media":32554,"comment_status":"open","ping_status":"closed","template":"","meta":{"googlesitekit_rrm_CAow0YCiDA:productID":"","jetpack_post_was_ever_published":false,"jetpack_publicize_message":"","jetpack_publicize_feature_enabled":true,"jetpack_social_post_already_shared":true,"jetpack_social_options":{"image_generator_settings":{"template":"highway","default_image_id":0,"font":"","enabled":false},"version":2}},"product_brand":[],"product_cat":[44,313],"product_tag":[323,322,126,127,324,125],"class_list":{"0":"post-32545","1":"product","2":"type-product","3":"status-publish","4":"has-post-thumbnail","6":"product_cat-bac-de-lavage","7":"product_cat-meuble-de-coiffure","8":"product_tag-bac-a-shampoing","9":"product_tag-bac-de-lavage","10":"product_tag-confortable","11":"product_tag-elegant","12":"product_tag-meuble-de-coiffure-professionnel","13":"product_tag-salon-de-coiffure","15":"first","16":"instock","17":"featured","18":"taxable","19":"shipping-taxable","20":"purchasable","21":"product-type-simple"},"yoast_head":"<!-- This site is optimized with the Yoast SEO Premium plugin v27.5 (Yoast SEO v27.5) - https:\/\/yoast.com\/product\/yoast-seo-premium-wordpress\/ -->\n<title>Le Bac \u00e0 shampoing Professionnel Obscur - Chic et performance<\/title>\n<meta name=\"description\" content=\"Bac \u00e0 shampoing Professionnel Obscur offre une exp\u00e9rience de lavage sup\u00e9rieure pour les salons de coiffure. Choix id\u00e9al pour les professionnels exigeants\ud83d\udc87\" \/>\n<meta name=\"robots\" content=\"index, follow, max-snippet:-1, max-image-preview:large, max-video-preview:-1\" \/>\n<link rel=\"canonical\" href=\"https:\/\/groupecoiff.com\/en\/product-2\/bac-a-shampoing-professionnel-obscur\/\" \/>\n<meta property=\"og:locale\" content=\"en_US\" \/>\n<meta property=\"og:type\" content=\"article\" \/>\n<meta property=\"og:title\" content=\"Bac \u00e0 shampoing Professionnel Obscur\" \/>\n<meta property=\"og:description\" content=\"Bac \u00e0 shampoing Professionnel Obscur offre une exp\u00e9rience de lavage sup\u00e9rieure pour les salons de coiffure. Choix id\u00e9al pour les professionnels exigeants\ud83d\udc87\" \/>\n<meta property=\"og:url\" content=\"https:\/\/groupecoiff.com\/en\/product-2\/bac-a-shampoing-professionnel-obscur\/\" \/>\n<meta property=\"og:site_name\" content=\"Groupe Coiff\" \/>\n<meta property=\"article:publisher\" content=\"https:\/\/www.facebook.com\/GroupeCoiff\" \/>\n<meta property=\"article:modified_time\" content=\"2024-10-05T17:57:37+00:00\" \/>\n<meta property=\"og:image\" content=\"https:\/\/groupecoiff.com\/wp-content\/uploads\/2024\/05\/Bac-a-shampoing-Professionnel-Obscur-2.webp\" \/>\n\t<meta property=\"og:image:width\" content=\"1080\" \/>\n\t<meta property=\"og:image:height\" content=\"1080\" \/>\n\t<meta property=\"og:image:type\" content=\"image\/webp\" \/>\n<meta name=\"twitter:card\" content=\"summary_large_image\" \/>\n<meta name=\"twitter:site\" content=\"@groupecoiff\" \/>\n<meta name=\"twitter:label1\" content=\"Price\" \/>\n\t<meta name=\"twitter:data1\" content=\"749,00&nbsp;&euro;\" \/>\n\t<meta name=\"twitter:label2\" content=\"Availability\" \/>\n\t<meta name=\"twitter:data2\" content=\"In stock\" \/>\n<script type=\"application\/ld+json\" class=\"yoast-schema-graph\">{\"@context\":\"https:\\\/\\\/schema.org\",\"@graph\":[{\"@type\":\"WebPage\",\"@id\":\"https:\\\/\\\/groupecoiff.com\\\/en\\\/produit\\\/bac-a-shampoing-professionnel-obscur\\\/\",\"url\":\"https:\\\/\\\/groupecoiff.com\\\/en\\\/produit\\\/bac-a-shampoing-professionnel-obscur\\\/\",\"name\":\"Le Bac \u00e0 shampoing Professionnel Obscur - Chic et performance\",\"isPartOf\":{\"@id\":\"https:\\\/\\\/groupecoiff.com\\\/#website\"},\"primaryImageOfPage\":{\"@id\":\"https:\\\/\\\/groupecoiff.com\\\/en\\\/produit\\\/bac-a-shampoing-professionnel-obscur\\\/#primaryimage\"},\"image\":{\"@id\":\"https:\\\/\\\/groupecoiff.com\\\/en\\\/produit\\\/bac-a-shampoing-professionnel-obscur\\\/#primaryimage\"},\"thumbnailUrl\":\"https:\\\/\\\/groupecoiff.com\\\/wp-content\\\/uploads\\\/2024\\\/05\\\/Bac-a-shampoing-Professionnel-Obscur-2.webp\",\"datePublished\":\"2024-05-06T07:35:26+00:00\",\"dateModified\":\"2024-10-05T17:57:37+00:00\",\"description\":\"Bac \u00e0 shampoing Professionnel Obscur offre une exp\u00e9rience de lavage sup\u00e9rieure pour les salons de coiffure. Choix id\u00e9al pour les professionnels exigeants\ud83d\udc87\",\"breadcrumb\":{\"@id\":\"https:\\\/\\\/groupecoiff.com\\\/en\\\/produit\\\/bac-a-shampoing-professionnel-obscur\\\/#breadcrumb\"},\"inLanguage\":\"en-US\",\"potentialAction\":[{\"@type\":\"ReadAction\",\"target\":[\"https:\\\/\\\/groupecoiff.com\\\/en\\\/produit\\\/bac-a-shampoing-professionnel-obscur\\\/\"]}]},{\"@type\":\"ImageObject\",\"inLanguage\":\"en-US\",\"@id\":\"https:\\\/\\\/groupecoiff.com\\\/en\\\/produit\\\/bac-a-shampoing-professionnel-obscur\\\/#primaryimage\",\"url\":\"https:\\\/\\\/groupecoiff.com\\\/wp-content\\\/uploads\\\/2024\\\/05\\\/Bac-a-shampoing-Professionnel-Obscur-2.webp\",\"contentUrl\":\"https:\\\/\\\/groupecoiff.com\\\/wp-content\\\/uploads\\\/2024\\\/05\\\/Bac-a-shampoing-Professionnel-Obscur-2.webp\",\"width\":1080,\"height\":1080,\"caption\":\"Bac \u00e0 shampoing Professionnel Obscur - Bac de lavage Professionnel - Bac \u00e0 shampoing pour salon de coiffure - Bac de lavage pour salon de coiffure - Mobilier de coiffure haut de gamme\"},{\"@type\":\"BreadcrumbList\",\"@id\":\"https:\\\/\\\/groupecoiff.com\\\/en\\\/produit\\\/bac-a-shampoing-professionnel-obscur\\\/#breadcrumb\",\"itemListElement\":[{\"@type\":\"ListItem\",\"position\":1,\"name\":\"Accueil\",\"item\":\"https:\\\/\\\/groupecoiff.com\\\/\"},{\"@type\":\"ListItem\",\"position\":2,\"name\":\"Boutique\",\"item\":\"https:\\\/\\\/groupecoiff.com\\\/en\\\/boutique\\\/\"},{\"@type\":\"ListItem\",\"position\":3,\"name\":\"Bac \u00e0 shampoing Professionnel Obscur\"}]},{\"@type\":\"WebSite\",\"@id\":\"https:\\\/\\\/groupecoiff.com\\\/#website\",\"url\":\"https:\\\/\\\/groupecoiff.com\\\/\",\"name\":\"Groupe Coiff\",\"description\":\"Tout pour la coiffure\",\"publisher\":{\"@id\":\"https:\\\/\\\/groupecoiff.com\\\/#organization\"},\"potentialAction\":[{\"@type\":\"SearchAction\",\"target\":{\"@type\":\"EntryPoint\",\"urlTemplate\":\"https:\\\/\\\/groupecoiff.com\\\/?s={search_term_string}\"},\"query-input\":{\"@type\":\"PropertyValueSpecification\",\"valueRequired\":true,\"valueName\":\"search_term_string\"}}],\"inLanguage\":\"en-US\"},{\"@type\":\"Organization\",\"@id\":\"https:\\\/\\\/groupecoiff.com\\\/#organization\",\"name\":\"Groupe Coiff\",\"alternateName\":\"Groupe Coiff : Le Mobilier De Coiffure Haut de Gamme Pour Une \u00c9l\u00e9gance In\u00e9gal\u00e9e\",\"url\":\"https:\\\/\\\/groupecoiff.com\\\/\",\"logo\":{\"@type\":\"ImageObject\",\"inLanguage\":\"en-US\",\"@id\":\"https:\\\/\\\/groupecoiff.com\\\/#\\\/schema\\\/logo\\\/image\\\/\",\"url\":\"https:\\\/\\\/groupecoiff.com\\\/wp-content\\\/uploads\\\/2024\\\/01\\\/cropped-Groupe-Coiff-Logo.webp\",\"contentUrl\":\"https:\\\/\\\/groupecoiff.com\\\/wp-content\\\/uploads\\\/2024\\\/01\\\/cropped-Groupe-Coiff-Logo.webp\",\"width\":512,\"height\":512,\"caption\":\"Groupe Coiff\"},\"image\":{\"@id\":\"https:\\\/\\\/groupecoiff.com\\\/#\\\/schema\\\/logo\\\/image\\\/\"},\"sameAs\":[\"https:\\\/\\\/www.facebook.com\\\/GroupeCoiff\",\"https:\\\/\\\/x.com\\\/groupecoiff\",\"https:\\\/\\\/www.instagram.com\\\/groupecoiff\\\/\",\"https:\\\/\\\/www.tiktok.com\\\/@groupecoiff\",\"https:\\\/\\\/www.youtube.com\\\/@groupecoiff\",\"https:\\\/\\\/twitter.com\\\/groupecoiff\",\"https:\\\/\\\/www.leboncoin.fr\\\/boutique\\\/3961302\\\/groupe_coiff.htm\"],\"description\":\"D\u00e9couvrez le mobilier de coiffure haut de gamme de Groupe Coiff, alliant \u00e9l\u00e9gance et fonctionnalit\u00e9 pour sublimer votre salon et satisfaire vos clients.\",\"email\":\"contact@groupecoiff.com\",\"telephone\":\"0676951605\",\"legalName\":\"Groupe Coiff\",\"foundingDate\":\"2022-11-16\",\"vatID\":\"FR84921406419\",\"taxID\":\"92140641900025\"}]}<\/script>\n<meta property=\"product:price:amount\" content=\"749.00\" \/>\n<meta property=\"product:price:currency\" content=\"EUR\" \/>\n<meta property=\"og:availability\" content=\"instock\" \/>\n<meta property=\"product:availability\" content=\"instock\" \/>\n<meta property=\"product:retailer_item_id\" content=\"5906717439360\" \/>\n<meta property=\"product:condition\" content=\"new\" \/>\n<!-- \/ Yoast SEO Premium plugin. -->","yoast_head_json":{"title":"The Professional Dark Shampoo Bowl - Chic and performance","description":"Professional Dark Shampoo Bowl offers a superior washing experience for hair salons. Ideal choice for demanding professionals\ud83d\udc87","robots":{"index":"index","follow":"follow","max-snippet":"max-snippet:-1","max-image-preview":"max-image-preview:large","max-video-preview":"max-video-preview:-1"},"canonical":"https:\/\/groupecoiff.com\/en\/product-2\/bac-a-shampoing-professionnel-obscur\/","og_locale":"en_US","og_type":"article","og_title":"Bac \u00e0 shampoing Professionnel Obscur","og_description":"Bac \u00e0 shampoing Professionnel Obscur offre une exp\u00e9rience de lavage sup\u00e9rieure pour les salons de coiffure. Choix id\u00e9al pour les professionnels exigeants\ud83d\udc87","og_url":"https:\/\/groupecoiff.com\/en\/product-2\/bac-a-shampoing-professionnel-obscur\/","og_site_name":"Groupe Coiff","article_publisher":"https:\/\/www.facebook.com\/GroupeCoiff","article_modified_time":"2024-10-05T17:57:37+00:00","og_image":[{"width":1080,"height":1080,"url":"https:\/\/groupecoiff.com\/wp-content\/uploads\/2024\/05\/Bac-a-shampoing-Professionnel-Obscur-2.webp","type":"image\/webp"}],"twitter_card":"summary_large_image","twitter_site":"@groupecoiff","twitter_misc":{"Price":"749,00&nbsp;&euro;","Availability":"In stock"},"schema":{"@context":"https:\/\/schema.org","@graph":[{"@type":"WebPage","@id":"https:\/\/groupecoiff.com\/en\/produit\/bac-a-shampoing-professionnel-obscur\/","url":"https:\/\/groupecoiff.com\/en\/produit\/bac-a-shampoing-professionnel-obscur\/","name":"The Professional Dark Shampoo Bowl - Chic and performance","isPartOf":{"@id":"https:\/\/groupecoiff.com\/#website"},"primaryImageOfPage":{"@id":"https:\/\/groupecoiff.com\/en\/produit\/bac-a-shampoing-professionnel-obscur\/#primaryimage"},"image":{"@id":"https:\/\/groupecoiff.com\/en\/produit\/bac-a-shampoing-professionnel-obscur\/#primaryimage"},"thumbnailUrl":"https:\/\/groupecoiff.com\/wp-content\/uploads\/2024\/05\/Bac-a-shampoing-Professionnel-Obscur-2.webp","datePublished":"2024-05-06T07:35:26+00:00","dateModified":"2024-10-05T17:57:37+00:00","description":"Professional Dark Shampoo Bowl offers a superior washing experience for hair salons. Ideal choice for demanding professionals\ud83d\udc87","breadcrumb":{"@id":"https:\/\/groupecoiff.com\/en\/produit\/bac-a-shampoing-professionnel-obscur\/#breadcrumb"},"inLanguage":"en-US","potentialAction":[{"@type":"ReadAction","target":["https:\/\/groupecoiff.com\/en\/produit\/bac-a-shampoing-professionnel-obscur\/"]}]},{"@type":"ImageObject","inLanguage":"en-US","@id":"https:\/\/groupecoiff.com\/en\/produit\/bac-a-shampoing-professionnel-obscur\/#primaryimage","url":"https:\/\/groupecoiff.com\/wp-content\/uploads\/2024\/05\/Bac-a-shampoing-Professionnel-Obscur-2.webp","contentUrl":"https:\/\/groupecoiff.com\/wp-content\/uploads\/2024\/05\/Bac-a-shampoing-Professionnel-Obscur-2.webp","width":1080,"height":1080,"caption":"Bac \u00e0 shampoing Professionnel Obscur - Bac de lavage Professionnel - Bac \u00e0 shampoing pour salon de coiffure - Bac de lavage pour salon de coiffure - Mobilier de coiffure haut de gamme"},{"@type":"BreadcrumbList","@id":"https:\/\/groupecoiff.com\/en\/produit\/bac-a-shampoing-professionnel-obscur\/#breadcrumb","itemListElement":[{"@type":"ListItem","position":1,"name":"Accueil","item":"https:\/\/groupecoiff.com\/"},{"@type":"ListItem","position":2,"name":"Boutique","item":"https:\/\/groupecoiff.com\/en\/boutique\/"},{"@type":"ListItem","position":3,"name":"Bac \u00e0 shampoing Professionnel Obscur"}]},{"@type":"WebSite","@id":"https:\/\/groupecoiff.com\/#website","url":"https:\/\/groupecoiff.com\/","name":"Coiff Group","description":"Everything for the hairdresser","publisher":{"@id":"https:\/\/groupecoiff.com\/#organization"},"potentialAction":[{"@type":"SearchAction","target":{"@type":"EntryPoint","urlTemplate":"https:\/\/groupecoiff.com\/?s={search_term_string}"},"query-input":{"@type":"PropertyValueSpecification","valueRequired":true,"valueName":"search_term_string"}}],"inLanguage":"en-US"},{"@type":"Organization","@id":"https:\/\/groupecoiff.com\/#organization","name":"Coiff Group","alternateName":"Groupe Coiff : Le Mobilier De Coiffure Haut de Gamme Pour Une \u00c9l\u00e9gance In\u00e9gal\u00e9e","url":"https:\/\/groupecoiff.com\/","logo":{"@type":"ImageObject","inLanguage":"en-US","@id":"https:\/\/groupecoiff.com\/#\/schema\/logo\/image\/","url":"https:\/\/groupecoiff.com\/wp-content\/uploads\/2024\/01\/cropped-Groupe-Coiff-Logo.webp","contentUrl":"https:\/\/groupecoiff.com\/wp-content\/uploads\/2024\/01\/cropped-Groupe-Coiff-Logo.webp","width":512,"height":512,"caption":"Groupe Coiff"},"image":{"@id":"https:\/\/groupecoiff.com\/#\/schema\/logo\/image\/"},"sameAs":["https:\/\/www.facebook.com\/GroupeCoiff","https:\/\/x.com\/groupecoiff","https:\/\/www.instagram.com\/groupecoiff\/","https:\/\/www.tiktok.com\/@groupecoiff","https:\/\/www.youtube.com\/@groupecoiff","https:\/\/twitter.com\/groupecoiff","https:\/\/www.leboncoin.fr\/boutique\/3961302\/groupe_coiff.htm"],"description":"Discover Groupe Coiff's top-of-the-range hairdressing furniture, combining elegance and functionality to enhance your salon and satisfy your customers.","email":"contact@groupecoiff.com","telephone":"0676951605","legalName":"Groupe Coiff","foundingDate":"2022-11-16","vatID":"FR84921406419","taxID":"92140641900025"}]},"product_price_amount":"749.00","product_price_currency":"EUR","og_availability":"instock","product_availability":"instock","product_retailer_item_id":"5906717439360","product_condition":"new"},"jetpack_publicize_connections":[],"jetpack_likes_enabled":true,"jetpack_sharing_enabled":true,"_links":{"self":[{"href":"https:\/\/groupecoiff.com\/en\/wp-json\/wp\/v2\/product\/32545","targetHints":{"allow":["GET"]}}],"collection":[{"href":"https:\/\/groupecoiff.com\/en\/wp-json\/wp\/v2\/product"}],"about":[{"href":"https:\/\/groupecoiff.com\/en\/wp-json\/wp\/v2\/types\/product"}],"replies":[{"embeddable":true,"href":"https:\/\/groupecoiff.com\/en\/wp-json\/wp\/v2\/comments?post=32545"}],"version-history":[{"count":0,"href":"https:\/\/groupecoiff.com\/en\/wp-json\/wp\/v2\/product\/32545\/revisions"}],"wp:featuredmedia":[{"embeddable":true,"href":"https:\/\/groupecoiff.com\/en\/wp-json\/wp\/v2\/media\/32554"}],"wp:attachment":[{"href":"https:\/\/groupecoiff.com\/en\/wp-json\/wp\/v2\/media?parent=32545"}],"wp:term":[{"taxonomy":"product_brand","embeddable":true,"href":"https:\/\/groupecoiff.com\/en\/wp-json\/wp\/v2\/product_brand?post=32545"},{"taxonomy":"product_cat","embeddable":true,"href":"https:\/\/groupecoiff.com\/en\/wp-json\/wp\/v2\/product_cat?post=32545"},{"taxonomy":"product_tag","embeddable":true,"href":"https:\/\/groupecoiff.com\/en\/wp-json\/wp\/v2\/product_tag?post=32545"}],"curies":[{"name":"wp","href":"https:\/\/api.w.org\/{rel}","templated":true}]}}