{"id":32690,"date":"2024-05-07T16:43:55","date_gmt":"2024-05-07T14:43:55","guid":{"rendered":"https:\/\/groupecoiff.com\/?post_type=product&#038;p=32690"},"modified":"2024-08-31T19:37:41","modified_gmt":"2024-08-31T17:37:41","slug":"bac-a-shampooing-modena-br","status":"publish","type":"product","link":"https:\/\/groupecoiff.com\/en\/produit\/bac-a-shampooing-modena-br\/","title":{"rendered":"Bac \u00e0 Shampooing Modena BR"},"content":{"rendered":"<ul>\n<li>\n<h4>Bac de Lavage Modena B: \u00c9l\u00e9gance et Efficacit\u00e9 au Service de Votre Salon<\/h4>\n<\/li>\n<\/ul>\n<p>Le Bac \u00e0 Shampooing Modena BR, de couleur beige, ajoute une touche d\u2019\u00e9l\u00e9gance \u00e0 votre salon de coiffure. Optez pour le Modena B en noir pour une esth\u00e9tique classique.<\/p>\n<p>Pair it with the <a href=\"https:\/\/groupecoiff.com\/en\/product\/fauteuil-de-coiffure-modena-br\/\">Modena BR styling chair<\/a> for perfect harmony in your workspace.<\/p>\n<p><strong>\u2013 Formes G\u00e9om\u00e9triques \u00c9pur\u00e9es:<\/strong><\/p>\n<p>Its modern and geometric design facilitates hair washing and care procedures, while adding a touch of style to your space.<\/p>\n<p><strong>\u2013 Vasque Profonde en C\u00e9ramique:<\/strong><\/p>\n<p>\u00c9vitez les \u00e9claboussures d&rsquo;eau et de produits pour un lavage confortable et efficace des cheveux.<\/p>\n<p>&#8211; <strong>Dossier inclinable<\/strong>:<\/p>\n<p>Ajustez l&rsquo;angle d&rsquo;inclinaison selon les besoins individuels, offrant un confort optimal aux clients.<\/p>\n<p><strong>\u2013 Accessoires Pratiques:<\/strong><\/p>\n<p>Robinet avec mitigeur pour r\u00e9gler la temp\u00e9rature de l&rsquo;eau, emplacement d\u00e9di\u00e9 pour la pomme de douche, et bouchon chrom\u00e9 avec cr\u00e9pine sp\u00e9ciale pour un contr\u00f4le pr\u00e9cis du d\u00e9bit d&rsquo;eau.<\/p>\n<ul>\n<li>\n<h5>Technical specifications<\/h5>\n<\/li>\n<\/ul>\n<p>\u2013 Couleur rev\u00eatement : Beige<br \/>\n\u2013 Rev\u00eatement: Cuir synth\u00e9tique<br \/>\n\u2013 Couleur de la Vasque: Noir<br \/>\n\u2013 Couleur du Socle: Noir<br \/>\n\u2013 Hauteur: 102 cm<br \/>\n- Width: 67 cm<br \/>\n\u2013 Longueur: 120 cm<br \/>\n\u2013 Hauteur du Dossier: 40 cm<br \/>\n\u2013 Place Assise: 48 x 55 cm<br \/>\n\u2013 Poids: 60 kg<\/p>","protected":false},"excerpt":{"rendered":"<p>Am\u00e9liorez l&rsquo;atmosph\u00e8re de votre salon de coiffure avec le Bac de Lavage Modena BR. Disponible en beige \u00e9l\u00e9gant ou noir classique, il s&rsquo;adapte \u00e0 tous les styles. \ud83d\udc86\u200d\u2640\ufe0f<\/p>","protected":false},"featured_media":32693,"comment_status":"open","ping_status":"closed","template":"","meta":{"googlesitekit_rrm_CAow0YCiDA:productID":"","jetpack_post_was_ever_published":false,"jetpack_publicize_message":"","jetpack_publicize_feature_enabled":true,"jetpack_social_post_already_shared":true,"jetpack_social_options":{"image_generator_settings":{"template":"highway","default_image_id":0,"font":"","enabled":false},"version":2}},"product_brand":[],"product_cat":[44,313],"product_tag":[323,322,126,125],"class_list":{"0":"post-32690","1":"product","2":"type-product","3":"status-publish","4":"has-post-thumbnail","6":"product_cat-bac-de-lavage","7":"product_cat-meuble-de-coiffure","8":"product_tag-bac-a-shampoing","9":"product_tag-bac-de-lavage","10":"product_tag-confortable","11":"product_tag-salon-de-coiffure","13":"first","14":"instock","15":"featured","16":"taxable","17":"shipping-taxable","18":"purchasable","19":"product-type-simple"},"yoast_head":"<!-- This site is optimized with the Yoast SEO Premium plugin v27.4 (Yoast SEO v27.4) - https:\/\/yoast.com\/product\/yoast-seo-premium-wordpress\/ -->\n<title>Bac \u00e0 Shampooing Modena BR : \u00c9l\u00e9gance et Confort - Groupe Coiff<\/title>\n<meta name=\"description\" content=\"Optez pour l&#039;esth\u00e9tique \u00e9pur\u00e9e du Bac \u00e0 Shampooing Modena BR. Associez-le au Fauteuil Modena BR pour une parfaite symbiose dans votre espace de travail!\" \/>\n<meta name=\"robots\" content=\"index, follow, max-snippet:-1, max-image-preview:large, max-video-preview:-1\" \/>\n<link rel=\"canonical\" href=\"https:\/\/groupecoiff.com\/en\/product-2\/bac-a-shampooing-modena-br\/\" \/>\n<meta property=\"og:locale\" content=\"en_US\" \/>\n<meta property=\"og:type\" content=\"article\" \/>\n<meta property=\"og:title\" content=\"Bac \u00e0 Shampooing Modena BR\" \/>\n<meta property=\"og:description\" content=\"Optez pour l&#039;esth\u00e9tique \u00e9pur\u00e9e du Bac \u00e0 Shampooing Modena BR. Associez-le au Fauteuil Modena BR pour une parfaite symbiose dans votre espace de travail!\" \/>\n<meta property=\"og:url\" content=\"https:\/\/groupecoiff.com\/en\/product-2\/bac-a-shampooing-modena-br\/\" \/>\n<meta property=\"og:site_name\" content=\"Groupe Coiff\" \/>\n<meta property=\"article:publisher\" content=\"https:\/\/www.facebook.com\/GroupeCoiff\" \/>\n<meta property=\"article:modified_time\" content=\"2024-08-31T17:37:41+00:00\" \/>\n<meta property=\"og:image\" content=\"https:\/\/groupecoiff.com\/wp-content\/uploads\/2024\/05\/Bac-de-Lavage-Modena-BR-3.webp\" \/>\n\t<meta property=\"og:image:width\" content=\"1080\" \/>\n\t<meta property=\"og:image:height\" content=\"1080\" \/>\n\t<meta property=\"og:image:type\" content=\"image\/webp\" \/>\n<meta name=\"twitter:card\" content=\"summary_large_image\" \/>\n<meta name=\"twitter:site\" content=\"@groupecoiff\" \/>\n<meta name=\"twitter:label1\" content=\"Price\" \/>\n\t<meta name=\"twitter:data1\" content=\"749,00&nbsp;&euro;\" \/>\n\t<meta name=\"twitter:label2\" content=\"Availability\" \/>\n\t<meta name=\"twitter:data2\" content=\"In stock\" \/>\n<script type=\"application\/ld+json\" class=\"yoast-schema-graph\">{\"@context\":\"https:\\\/\\\/schema.org\",\"@graph\":[{\"@type\":\"WebPage\",\"@id\":\"https:\\\/\\\/groupecoiff.com\\\/produit\\\/bac-a-shampooing-modena-br\\\/\",\"url\":\"https:\\\/\\\/groupecoiff.com\\\/produit\\\/bac-a-shampooing-modena-br\\\/\",\"name\":\"Bac \u00e0 Shampooing Modena BR : \u00c9l\u00e9gance et Confort - Groupe Coiff\",\"isPartOf\":{\"@id\":\"https:\\\/\\\/groupecoiff.com\\\/#website\"},\"primaryImageOfPage\":{\"@id\":\"https:\\\/\\\/groupecoiff.com\\\/produit\\\/bac-a-shampooing-modena-br\\\/#primaryimage\"},\"image\":{\"@id\":\"https:\\\/\\\/groupecoiff.com\\\/produit\\\/bac-a-shampooing-modena-br\\\/#primaryimage\"},\"thumbnailUrl\":\"https:\\\/\\\/groupecoiff.com\\\/wp-content\\\/uploads\\\/2024\\\/05\\\/Bac-de-Lavage-Modena-BR-3.webp\",\"datePublished\":\"2024-05-07T14:43:55+00:00\",\"dateModified\":\"2024-08-31T17:37:41+00:00\",\"description\":\"Optez pour l'esth\u00e9tique \u00e9pur\u00e9e du Bac \u00e0 Shampooing Modena BR. Associez-le au Fauteuil Modena BR pour une parfaite symbiose dans votre espace de travail!\",\"breadcrumb\":{\"@id\":\"https:\\\/\\\/groupecoiff.com\\\/produit\\\/bac-a-shampooing-modena-br\\\/#breadcrumb\"},\"inLanguage\":\"en-US\",\"potentialAction\":[{\"@type\":\"ReadAction\",\"target\":[\"https:\\\/\\\/groupecoiff.com\\\/produit\\\/bac-a-shampooing-modena-br\\\/\"]}]},{\"@type\":\"ImageObject\",\"inLanguage\":\"en-US\",\"@id\":\"https:\\\/\\\/groupecoiff.com\\\/produit\\\/bac-a-shampooing-modena-br\\\/#primaryimage\",\"url\":\"https:\\\/\\\/groupecoiff.com\\\/wp-content\\\/uploads\\\/2024\\\/05\\\/Bac-de-Lavage-Modena-BR-3.webp\",\"contentUrl\":\"https:\\\/\\\/groupecoiff.com\\\/wp-content\\\/uploads\\\/2024\\\/05\\\/Bac-de-Lavage-Modena-BR-3.webp\",\"width\":1080,\"height\":1080,\"caption\":\"Bac de Lavage Modena BR - Bac \u00e0 Shampooing Modena BR - Bac \u00e0 Shampooing salon de coiffure - bac de lavage salon de coiffure - mobilier de coiffure haut de gamme\"},{\"@type\":\"BreadcrumbList\",\"@id\":\"https:\\\/\\\/groupecoiff.com\\\/produit\\\/bac-a-shampooing-modena-br\\\/#breadcrumb\",\"itemListElement\":[{\"@type\":\"ListItem\",\"position\":1,\"name\":\"Accueil\",\"item\":\"https:\\\/\\\/groupecoiff.com\\\/\"},{\"@type\":\"ListItem\",\"position\":2,\"name\":\"Boutique\",\"item\":\"https:\\\/\\\/groupecoiff.com\\\/boutique\\\/\"},{\"@type\":\"ListItem\",\"position\":3,\"name\":\"Bac \u00e0 Shampooing Modena BR\"}]},{\"@type\":\"WebSite\",\"@id\":\"https:\\\/\\\/groupecoiff.com\\\/#website\",\"url\":\"https:\\\/\\\/groupecoiff.com\\\/\",\"name\":\"Groupe Coiff\",\"description\":\"Tout pour la coiffure\",\"publisher\":{\"@id\":\"https:\\\/\\\/groupecoiff.com\\\/#organization\"},\"potentialAction\":[{\"@type\":\"SearchAction\",\"target\":{\"@type\":\"EntryPoint\",\"urlTemplate\":\"https:\\\/\\\/groupecoiff.com\\\/?s={search_term_string}\"},\"query-input\":{\"@type\":\"PropertyValueSpecification\",\"valueRequired\":true,\"valueName\":\"search_term_string\"}}],\"inLanguage\":\"en-US\"},{\"@type\":\"Organization\",\"@id\":\"https:\\\/\\\/groupecoiff.com\\\/#organization\",\"name\":\"Groupe Coiff\",\"alternateName\":\"Groupe Coiff : Le Mobilier De Coiffure Haut de Gamme Pour Une \u00c9l\u00e9gance In\u00e9gal\u00e9e\",\"url\":\"https:\\\/\\\/groupecoiff.com\\\/\",\"logo\":{\"@type\":\"ImageObject\",\"inLanguage\":\"en-US\",\"@id\":\"https:\\\/\\\/groupecoiff.com\\\/#\\\/schema\\\/logo\\\/image\\\/\",\"url\":\"https:\\\/\\\/groupecoiff.com\\\/wp-content\\\/uploads\\\/2024\\\/01\\\/cropped-Groupe-Coiff-Logo.webp\",\"contentUrl\":\"https:\\\/\\\/groupecoiff.com\\\/wp-content\\\/uploads\\\/2024\\\/01\\\/cropped-Groupe-Coiff-Logo.webp\",\"width\":512,\"height\":512,\"caption\":\"Groupe Coiff\"},\"image\":{\"@id\":\"https:\\\/\\\/groupecoiff.com\\\/#\\\/schema\\\/logo\\\/image\\\/\"},\"sameAs\":[\"https:\\\/\\\/www.facebook.com\\\/GroupeCoiff\",\"https:\\\/\\\/x.com\\\/groupecoiff\",\"https:\\\/\\\/www.instagram.com\\\/groupecoiff\\\/\",\"https:\\\/\\\/www.tiktok.com\\\/@groupecoiff\",\"https:\\\/\\\/www.youtube.com\\\/@groupecoiff\",\"https:\\\/\\\/twitter.com\\\/groupecoiff\",\"https:\\\/\\\/www.leboncoin.fr\\\/boutique\\\/3961302\\\/groupe_coiff.htm\"],\"description\":\"D\u00e9couvrez le mobilier de coiffure haut de gamme de Groupe Coiff, alliant \u00e9l\u00e9gance et fonctionnalit\u00e9 pour sublimer votre salon et satisfaire vos clients.\",\"email\":\"contact@groupecoiff.com\",\"telephone\":\"0676951605\",\"legalName\":\"Groupe Coiff\",\"foundingDate\":\"2022-11-16\",\"vatID\":\"FR84921406419\",\"taxID\":\"92140641900025\"}]}<\/script>\n<meta property=\"product:price:amount\" content=\"749.00\" \/>\n<meta property=\"product:price:currency\" content=\"EUR\" \/>\n<meta property=\"og:availability\" content=\"instock\" \/>\n<meta property=\"product:availability\" content=\"instock\" \/>\n<meta property=\"product:condition\" content=\"new\" \/>\n<!-- \/ Yoast SEO Premium plugin. -->","yoast_head_json":{"title":"Modena BR Shampoo Bowl: Elegance and Comfort - Groupe Coiff","description":"Optez pour l'esth\u00e9tique \u00e9pur\u00e9e du Bac \u00e0 Shampooing Modena B. Associez-le au Fauteuil Modena BR pour une parfaite symbiose dans votre espace de travail!","robots":{"index":"index","follow":"follow","max-snippet":"max-snippet:-1","max-image-preview":"max-image-preview:large","max-video-preview":"max-video-preview:-1"},"canonical":"https:\/\/groupecoiff.com\/en\/product-2\/bac-a-shampooing-modena-br\/","og_locale":"en_US","og_type":"article","og_title":"Bac \u00e0 Shampooing Modena BR","og_description":"Optez pour l'esth\u00e9tique \u00e9pur\u00e9e du Bac \u00e0 Shampooing Modena BR. Associez-le au Fauteuil Modena BR pour une parfaite symbiose dans votre espace de travail!","og_url":"https:\/\/groupecoiff.com\/en\/product-2\/bac-a-shampooing-modena-br\/","og_site_name":"Groupe Coiff","article_publisher":"https:\/\/www.facebook.com\/GroupeCoiff","article_modified_time":"2024-08-31T17:37:41+00:00","og_image":[{"width":1080,"height":1080,"url":"https:\/\/groupecoiff.com\/wp-content\/uploads\/2024\/05\/Bac-de-Lavage-Modena-BR-3.webp","type":"image\/webp"}],"twitter_card":"summary_large_image","twitter_site":"@groupecoiff","twitter_misc":{"Price":"749,00&nbsp;&euro;","Availability":"In stock"},"schema":{"@context":"https:\/\/schema.org","@graph":[{"@type":"WebPage","@id":"https:\/\/groupecoiff.com\/produit\/bac-a-shampooing-modena-br\/","url":"https:\/\/groupecoiff.com\/produit\/bac-a-shampooing-modena-br\/","name":"Modena BR Shampoo Bowl: Elegance and Comfort - Groupe Coiff","isPartOf":{"@id":"https:\/\/groupecoiff.com\/#website"},"primaryImageOfPage":{"@id":"https:\/\/groupecoiff.com\/produit\/bac-a-shampooing-modena-br\/#primaryimage"},"image":{"@id":"https:\/\/groupecoiff.com\/produit\/bac-a-shampooing-modena-br\/#primaryimage"},"thumbnailUrl":"https:\/\/groupecoiff.com\/wp-content\/uploads\/2024\/05\/Bac-de-Lavage-Modena-BR-3.webp","datePublished":"2024-05-07T14:43:55+00:00","dateModified":"2024-08-31T17:37:41+00:00","description":"Optez pour l'esth\u00e9tique \u00e9pur\u00e9e du Bac \u00e0 Shampooing Modena B. Associez-le au Fauteuil Modena BR pour une parfaite symbiose dans votre espace de travail!","breadcrumb":{"@id":"https:\/\/groupecoiff.com\/produit\/bac-a-shampooing-modena-br\/#breadcrumb"},"inLanguage":"en-US","potentialAction":[{"@type":"ReadAction","target":["https:\/\/groupecoiff.com\/produit\/bac-a-shampooing-modena-br\/"]}]},{"@type":"ImageObject","inLanguage":"en-US","@id":"https:\/\/groupecoiff.com\/produit\/bac-a-shampooing-modena-br\/#primaryimage","url":"https:\/\/groupecoiff.com\/wp-content\/uploads\/2024\/05\/Bac-de-Lavage-Modena-BR-3.webp","contentUrl":"https:\/\/groupecoiff.com\/wp-content\/uploads\/2024\/05\/Bac-de-Lavage-Modena-BR-3.webp","width":1080,"height":1080,"caption":"Bac de Lavage Modena BR - Bac \u00e0 Shampooing Modena BR - Bac \u00e0 Shampooing salon de coiffure - bac de lavage salon de coiffure - mobilier de coiffure haut de gamme"},{"@type":"BreadcrumbList","@id":"https:\/\/groupecoiff.com\/produit\/bac-a-shampooing-modena-br\/#breadcrumb","itemListElement":[{"@type":"ListItem","position":1,"name":"Accueil","item":"https:\/\/groupecoiff.com\/"},{"@type":"ListItem","position":2,"name":"Boutique","item":"https:\/\/groupecoiff.com\/boutique\/"},{"@type":"ListItem","position":3,"name":"Bac \u00e0 Shampooing Modena BR"}]},{"@type":"WebSite","@id":"https:\/\/groupecoiff.com\/#website","url":"https:\/\/groupecoiff.com\/","name":"Coiff Group","description":"Everything for the hairdresser","publisher":{"@id":"https:\/\/groupecoiff.com\/#organization"},"potentialAction":[{"@type":"SearchAction","target":{"@type":"EntryPoint","urlTemplate":"https:\/\/groupecoiff.com\/?s={search_term_string}"},"query-input":{"@type":"PropertyValueSpecification","valueRequired":true,"valueName":"search_term_string"}}],"inLanguage":"en-US"},{"@type":"Organization","@id":"https:\/\/groupecoiff.com\/#organization","name":"Coiff Group","alternateName":"Groupe Coiff : Le Mobilier De Coiffure Haut de Gamme Pour Une \u00c9l\u00e9gance In\u00e9gal\u00e9e","url":"https:\/\/groupecoiff.com\/","logo":{"@type":"ImageObject","inLanguage":"en-US","@id":"https:\/\/groupecoiff.com\/#\/schema\/logo\/image\/","url":"https:\/\/groupecoiff.com\/wp-content\/uploads\/2024\/01\/cropped-Groupe-Coiff-Logo.webp","contentUrl":"https:\/\/groupecoiff.com\/wp-content\/uploads\/2024\/01\/cropped-Groupe-Coiff-Logo.webp","width":512,"height":512,"caption":"Groupe Coiff"},"image":{"@id":"https:\/\/groupecoiff.com\/#\/schema\/logo\/image\/"},"sameAs":["https:\/\/www.facebook.com\/GroupeCoiff","https:\/\/x.com\/groupecoiff","https:\/\/www.instagram.com\/groupecoiff\/","https:\/\/www.tiktok.com\/@groupecoiff","https:\/\/www.youtube.com\/@groupecoiff","https:\/\/twitter.com\/groupecoiff","https:\/\/www.leboncoin.fr\/boutique\/3961302\/groupe_coiff.htm"],"description":"Discover Groupe Coiff's top-of-the-range hairdressing furniture, combining elegance and functionality to enhance your salon and satisfy your customers.","email":"contact@groupecoiff.com","telephone":"0676951605","legalName":"Groupe Coiff","foundingDate":"2022-11-16","vatID":"FR84921406419","taxID":"92140641900025"}]},"product_price_amount":"749.00","product_price_currency":"EUR","og_availability":"instock","product_availability":"instock","product_condition":"new"},"jetpack_publicize_connections":[],"jetpack_likes_enabled":true,"jetpack_sharing_enabled":true,"_links":{"self":[{"href":"https:\/\/groupecoiff.com\/en\/wp-json\/wp\/v2\/product\/32690","targetHints":{"allow":["GET"]}}],"collection":[{"href":"https:\/\/groupecoiff.com\/en\/wp-json\/wp\/v2\/product"}],"about":[{"href":"https:\/\/groupecoiff.com\/en\/wp-json\/wp\/v2\/types\/product"}],"replies":[{"embeddable":true,"href":"https:\/\/groupecoiff.com\/en\/wp-json\/wp\/v2\/comments?post=32690"}],"version-history":[{"count":0,"href":"https:\/\/groupecoiff.com\/en\/wp-json\/wp\/v2\/product\/32690\/revisions"}],"wp:featuredmedia":[{"embeddable":true,"href":"https:\/\/groupecoiff.com\/en\/wp-json\/wp\/v2\/media\/32693"}],"wp:attachment":[{"href":"https:\/\/groupecoiff.com\/en\/wp-json\/wp\/v2\/media?parent=32690"}],"wp:term":[{"taxonomy":"product_brand","embeddable":true,"href":"https:\/\/groupecoiff.com\/en\/wp-json\/wp\/v2\/product_brand?post=32690"},{"taxonomy":"product_cat","embeddable":true,"href":"https:\/\/groupecoiff.com\/en\/wp-json\/wp\/v2\/product_cat?post=32690"},{"taxonomy":"product_tag","embeddable":true,"href":"https:\/\/groupecoiff.com\/en\/wp-json\/wp\/v2\/product_tag?post=32690"}],"curies":[{"name":"wp","href":"https:\/\/api.w.org\/{rel}","templated":true}]}}