{"id":32931,"date":"2024-05-11T14:18:28","date_gmt":"2024-05-11T12:18:28","guid":{"rendered":"https:\/\/groupecoiff.com\/?post_type=product&#038;p=32931"},"modified":"2025-10-10T13:43:34","modified_gmt":"2025-10-10T11:43:34","slug":"bac-a-shampoing-mayka","status":"publish","type":"product","link":"https:\/\/groupecoiff.com\/en\/produit\/bac-a-shampoing-mayka\/","title":{"rendered":"Mayka Shampoo Tray"},"content":{"rendered":"<ul>\n<li style=\"text-align: left;\">\n<h3>D\u00e9couvrez le Bac de lavage Mayka: Fonctionnalit\u00e9 et \u00c9l\u00e9gance<\/h3>\n<\/li>\n<\/ul>\n<p>Le Bac \u00e0 Shampoing Mayka incarne la fonctionnalit\u00e9 et l&rsquo;\u00e9l\u00e9gance italienne dans les salons de coiffure modernes.<\/p>\n<ul>\n<li><strong>High Quality Materials<\/strong>:<\/li>\n<\/ul>\n<p>: Fabriqu\u00e9 avec des mat\u00e9riaux de premi\u00e8re qualit\u00e9, ce bac \u00e0 shampoing offre un confort exceptionnel pour les clients gr\u00e2ce \u00e0 son si\u00e8ge doux recouvert de cuir \u00e9cologique noir.<\/p>\n<ul>\n<li><strong>Advanced Features<\/strong><\/li>\n<\/ul>\n<p>The special design ensures solid support for the client's head during washing, thus ensuring optimal comfort.<\/p>\n<ul>\n<li><strong>White Ceramic Basin<\/strong>:<\/li>\n<\/ul>\n<p>Dot\u00e9 d&rsquo;une vasque en c\u00e9ramique blanche et d&rsquo;accoudoirs dor\u00e9s, ce Bac de lavage Professionnel Mayka allie esth\u00e9tique et praticit\u00e9 pour les int\u00e9rieurs modernes.<\/p>\n<ul>\n<li><strong>Technical specifications<\/strong><\/li>\n<\/ul>\n<ol>\n<li>Couleur: Noir &amp; dor\u00e9<\/li>\n<li>Vasque: C\u00e9ramique blanche<\/li>\n<li>Base: Black<\/li>\n<li>Dimensions: 83 cm (hauteur) x 52 cm (largeur) x 175 cm (longueur)<\/li>\n<li>Brand: Gabbiano<\/li>\n<li>Appuie-t\u00eate: Silicone<\/li>\n<li>Place assise: 47 x 51 cm<\/li>\n<li>Poids: 65 kg<\/li>\n<li>Puissance: 40 cm<\/li>\n<li>Repose-pieds: Oui<\/li>\n<\/ol>\n<p>Offrez \u00e0 votre salon de coiffure le meilleur avec le Bac de lavage Mayka. D\u00e9couvrez le confort, la qualit\u00e9 et l\u2019esth\u00e9tique sup\u00e9rieure de ce mobilier de coiffure haut de gamme.<\/p>","protected":false},"excerpt":{"rendered":"<p>Discover the premium comfort of the Mayka Professional Washing Bowl. Made with premium materials, soft black eco-leather seat and solid support!<\/p>","protected":false},"featured_media":45727,"comment_status":"open","ping_status":"closed","template":"","meta":{"googlesitekit_rrm_CAow0YCiDA:productID":"","jetpack_post_was_ever_published":false,"jetpack_publicize_message":"","jetpack_publicize_feature_enabled":true,"jetpack_social_post_already_shared":true,"jetpack_social_options":{"image_generator_settings":{"template":"highway","default_image_id":0,"font":"","enabled":false},"version":2}},"product_brand":[579],"product_cat":[44,313],"product_tag":[323,322,127,125],"class_list":{"0":"post-32931","1":"product","2":"type-product","3":"status-publish","4":"has-post-thumbnail","6":"product_brand-gabbiano","7":"product_cat-bac-de-lavage","8":"product_cat-meuble-de-coiffure","9":"product_tag-bac-a-shampoing","10":"product_tag-bac-de-lavage","11":"product_tag-elegant","12":"product_tag-salon-de-coiffure","14":"first","15":"instock","16":"sale","17":"featured","18":"taxable","19":"shipping-taxable","20":"purchasable","21":"product-type-simple"},"yoast_head":"<!-- This site is optimized with the Yoast SEO Premium plugin v27.5 (Yoast SEO v27.5) - https:\/\/yoast.com\/product\/yoast-seo-premium-wordpress\/ -->\n<title>Le Bac \u00e0 Shampoing Mayka - Qualit\u00e9 Sup\u00e9rieure et Support Solide - Groupe Coiff<\/title>\n<meta name=\"description\" content=\"Apportez une touche de sophistication \u00e0 votre salon de coiffure avec le Bac \u00e0 Shampoing Mayka. Con\u00e7u avec \u00e9l\u00e9gance et confort pour vos clients!\" \/>\n<meta name=\"robots\" content=\"index, follow, max-snippet:-1, max-image-preview:large, max-video-preview:-1\" \/>\n<link rel=\"canonical\" href=\"https:\/\/groupecoiff.com\/en\/product-2\/bac-a-shampoing-mayka\/\" \/>\n<meta property=\"og:locale\" content=\"en_US\" \/>\n<meta property=\"og:type\" content=\"article\" \/>\n<meta property=\"og:title\" content=\"Bac \u00e0 Shampoing Mayka\" \/>\n<meta property=\"og:description\" content=\"Apportez une touche de sophistication \u00e0 votre salon de coiffure avec le Bac \u00e0 Shampoing Mayka. Con\u00e7u avec \u00e9l\u00e9gance et confort pour vos clients!\" \/>\n<meta property=\"og:url\" content=\"https:\/\/groupecoiff.com\/en\/product-2\/bac-a-shampoing-mayka\/\" \/>\n<meta property=\"og:site_name\" content=\"Groupe Coiff\" \/>\n<meta property=\"article:publisher\" content=\"https:\/\/www.facebook.com\/GroupeCoiff\" \/>\n<meta property=\"article:modified_time\" content=\"2025-10-10T11:43:34+00:00\" \/>\n<meta property=\"og:image\" content=\"https:\/\/groupecoiff.com\/wp-content\/uploads\/2024\/05\/Mayka.webp\" \/>\n\t<meta property=\"og:image:width\" content=\"1080\" \/>\n\t<meta property=\"og:image:height\" content=\"1080\" \/>\n\t<meta property=\"og:image:type\" content=\"image\/webp\" \/>\n<meta name=\"twitter:card\" content=\"summary_large_image\" \/>\n<meta name=\"twitter:site\" content=\"@groupecoiff\" \/>\n<meta name=\"twitter:label1\" content=\"Price\" \/>\n\t<meta name=\"twitter:data1\" content=\"799,00&nbsp;&euro;\" \/>\n\t<meta name=\"twitter:label2\" content=\"Availability\" \/>\n\t<meta name=\"twitter:data2\" content=\"In stock\" \/>\n<script type=\"application\/ld+json\" class=\"yoast-schema-graph\">{\"@context\":\"https:\\\/\\\/schema.org\",\"@graph\":[{\"@type\":\"WebPage\",\"@id\":\"https:\\\/\\\/groupecoiff.com\\\/en\\\/produit\\\/bac-a-shampoing-mayka\\\/\",\"url\":\"https:\\\/\\\/groupecoiff.com\\\/en\\\/produit\\\/bac-a-shampoing-mayka\\\/\",\"name\":\"Le Bac \u00e0 Shampoing Mayka - Qualit\u00e9 Sup\u00e9rieure et Support Solide - Groupe Coiff\",\"isPartOf\":{\"@id\":\"https:\\\/\\\/groupecoiff.com\\\/#website\"},\"primaryImageOfPage\":{\"@id\":\"https:\\\/\\\/groupecoiff.com\\\/en\\\/produit\\\/bac-a-shampoing-mayka\\\/#primaryimage\"},\"image\":{\"@id\":\"https:\\\/\\\/groupecoiff.com\\\/en\\\/produit\\\/bac-a-shampoing-mayka\\\/#primaryimage\"},\"thumbnailUrl\":\"https:\\\/\\\/groupecoiff.com\\\/wp-content\\\/uploads\\\/2024\\\/05\\\/Mayka.webp\",\"datePublished\":\"2024-05-11T12:18:28+00:00\",\"dateModified\":\"2025-10-10T11:43:34+00:00\",\"description\":\"Apportez une touche de sophistication \u00e0 votre salon de coiffure avec le Bac \u00e0 Shampoing Mayka. Con\u00e7u avec \u00e9l\u00e9gance et confort pour vos clients!\",\"breadcrumb\":{\"@id\":\"https:\\\/\\\/groupecoiff.com\\\/en\\\/produit\\\/bac-a-shampoing-mayka\\\/#breadcrumb\"},\"inLanguage\":\"en-US\",\"potentialAction\":[{\"@type\":\"ReadAction\",\"target\":[\"https:\\\/\\\/groupecoiff.com\\\/en\\\/produit\\\/bac-a-shampoing-mayka\\\/\"]}]},{\"@type\":\"ImageObject\",\"inLanguage\":\"en-US\",\"@id\":\"https:\\\/\\\/groupecoiff.com\\\/en\\\/produit\\\/bac-a-shampoing-mayka\\\/#primaryimage\",\"url\":\"https:\\\/\\\/groupecoiff.com\\\/wp-content\\\/uploads\\\/2024\\\/05\\\/Mayka.webp\",\"contentUrl\":\"https:\\\/\\\/groupecoiff.com\\\/wp-content\\\/uploads\\\/2024\\\/05\\\/Mayka.webp\",\"width\":1080,\"height\":1080,\"caption\":\"Bac \u00e0 Shampoing Mayka - Bac de lavage Professionnel Mayka - Bac \u00e0 Shampoing Professionnel Mayka - Bac \u00e0 Shampoing salon de coiffure - mobilier de coiffure haut de gamme\"},{\"@type\":\"BreadcrumbList\",\"@id\":\"https:\\\/\\\/groupecoiff.com\\\/en\\\/produit\\\/bac-a-shampoing-mayka\\\/#breadcrumb\",\"itemListElement\":[{\"@type\":\"ListItem\",\"position\":1,\"name\":\"Accueil\",\"item\":\"https:\\\/\\\/groupecoiff.com\\\/\"},{\"@type\":\"ListItem\",\"position\":2,\"name\":\"Boutique\",\"item\":\"https:\\\/\\\/groupecoiff.com\\\/en\\\/boutique\\\/\"},{\"@type\":\"ListItem\",\"position\":3,\"name\":\"Bac \u00e0 Shampoing Mayka\"}]},{\"@type\":\"WebSite\",\"@id\":\"https:\\\/\\\/groupecoiff.com\\\/#website\",\"url\":\"https:\\\/\\\/groupecoiff.com\\\/\",\"name\":\"Groupe Coiff\",\"description\":\"Tout pour la coiffure\",\"publisher\":{\"@id\":\"https:\\\/\\\/groupecoiff.com\\\/#organization\"},\"potentialAction\":[{\"@type\":\"SearchAction\",\"target\":{\"@type\":\"EntryPoint\",\"urlTemplate\":\"https:\\\/\\\/groupecoiff.com\\\/?s={search_term_string}\"},\"query-input\":{\"@type\":\"PropertyValueSpecification\",\"valueRequired\":true,\"valueName\":\"search_term_string\"}}],\"inLanguage\":\"en-US\"},{\"@type\":\"Organization\",\"@id\":\"https:\\\/\\\/groupecoiff.com\\\/#organization\",\"name\":\"Groupe Coiff\",\"alternateName\":\"Groupe Coiff : Le Mobilier De Coiffure Haut de Gamme Pour Une \u00c9l\u00e9gance In\u00e9gal\u00e9e\",\"url\":\"https:\\\/\\\/groupecoiff.com\\\/\",\"logo\":{\"@type\":\"ImageObject\",\"inLanguage\":\"en-US\",\"@id\":\"https:\\\/\\\/groupecoiff.com\\\/#\\\/schema\\\/logo\\\/image\\\/\",\"url\":\"https:\\\/\\\/groupecoiff.com\\\/wp-content\\\/uploads\\\/2024\\\/01\\\/cropped-Groupe-Coiff-Logo.webp\",\"contentUrl\":\"https:\\\/\\\/groupecoiff.com\\\/wp-content\\\/uploads\\\/2024\\\/01\\\/cropped-Groupe-Coiff-Logo.webp\",\"width\":512,\"height\":512,\"caption\":\"Groupe Coiff\"},\"image\":{\"@id\":\"https:\\\/\\\/groupecoiff.com\\\/#\\\/schema\\\/logo\\\/image\\\/\"},\"sameAs\":[\"https:\\\/\\\/www.facebook.com\\\/GroupeCoiff\",\"https:\\\/\\\/x.com\\\/groupecoiff\",\"https:\\\/\\\/www.instagram.com\\\/groupecoiff\\\/\",\"https:\\\/\\\/www.tiktok.com\\\/@groupecoiff\",\"https:\\\/\\\/www.youtube.com\\\/@groupecoiff\",\"https:\\\/\\\/twitter.com\\\/groupecoiff\",\"https:\\\/\\\/www.leboncoin.fr\\\/boutique\\\/3961302\\\/groupe_coiff.htm\"],\"description\":\"D\u00e9couvrez le mobilier de coiffure haut de gamme de Groupe Coiff, alliant \u00e9l\u00e9gance et fonctionnalit\u00e9 pour sublimer votre salon et satisfaire vos clients.\",\"email\":\"contact@groupecoiff.com\",\"telephone\":\"0676951605\",\"legalName\":\"Groupe Coiff\",\"foundingDate\":\"2022-11-16\",\"vatID\":\"FR84921406419\",\"taxID\":\"92140641900025\"}]}<\/script>\n<meta property=\"product:price:amount\" content=\"799.00\" \/>\n<meta property=\"product:price:currency\" content=\"EUR\" \/>\n<meta property=\"og:availability\" content=\"instock\" \/>\n<meta property=\"product:availability\" content=\"instock\" \/>\n<meta property=\"product:condition\" content=\"new\" \/>\n<!-- \/ Yoast SEO Premium plugin. -->","yoast_head_json":{"title":"The Mayka Shampoo Bowl - Superior Quality and Solid Support - Groupe Coiff","description":"Bring a touch of sophistication to your hair salon with the Mayka Shampoo Bowl. Designed with elegance and comfort for your clients!","robots":{"index":"index","follow":"follow","max-snippet":"max-snippet:-1","max-image-preview":"max-image-preview:large","max-video-preview":"max-video-preview:-1"},"canonical":"https:\/\/groupecoiff.com\/en\/product-2\/bac-a-shampoing-mayka\/","og_locale":"en_US","og_type":"article","og_title":"Bac \u00e0 Shampoing Mayka","og_description":"Apportez une touche de sophistication \u00e0 votre salon de coiffure avec le Bac \u00e0 Shampoing Mayka. Con\u00e7u avec \u00e9l\u00e9gance et confort pour vos clients!","og_url":"https:\/\/groupecoiff.com\/en\/product-2\/bac-a-shampoing-mayka\/","og_site_name":"Groupe Coiff","article_publisher":"https:\/\/www.facebook.com\/GroupeCoiff","article_modified_time":"2025-10-10T11:43:34+00:00","og_image":[{"width":1080,"height":1080,"url":"https:\/\/groupecoiff.com\/wp-content\/uploads\/2024\/05\/Mayka.webp","type":"image\/webp"}],"twitter_card":"summary_large_image","twitter_site":"@groupecoiff","twitter_misc":{"Price":"799,00&nbsp;&euro;","Availability":"In stock"},"schema":{"@context":"https:\/\/schema.org","@graph":[{"@type":"WebPage","@id":"https:\/\/groupecoiff.com\/en\/produit\/bac-a-shampoing-mayka\/","url":"https:\/\/groupecoiff.com\/en\/produit\/bac-a-shampoing-mayka\/","name":"The Mayka Shampoo Bowl - Superior Quality and Solid Support - Groupe Coiff","isPartOf":{"@id":"https:\/\/groupecoiff.com\/#website"},"primaryImageOfPage":{"@id":"https:\/\/groupecoiff.com\/en\/produit\/bac-a-shampoing-mayka\/#primaryimage"},"image":{"@id":"https:\/\/groupecoiff.com\/en\/produit\/bac-a-shampoing-mayka\/#primaryimage"},"thumbnailUrl":"https:\/\/groupecoiff.com\/wp-content\/uploads\/2024\/05\/Mayka.webp","datePublished":"2024-05-11T12:18:28+00:00","dateModified":"2025-10-10T11:43:34+00:00","description":"Bring a touch of sophistication to your hair salon with the Mayka Shampoo Bowl. Designed with elegance and comfort for your clients!","breadcrumb":{"@id":"https:\/\/groupecoiff.com\/en\/produit\/bac-a-shampoing-mayka\/#breadcrumb"},"inLanguage":"en-US","potentialAction":[{"@type":"ReadAction","target":["https:\/\/groupecoiff.com\/en\/produit\/bac-a-shampoing-mayka\/"]}]},{"@type":"ImageObject","inLanguage":"en-US","@id":"https:\/\/groupecoiff.com\/en\/produit\/bac-a-shampoing-mayka\/#primaryimage","url":"https:\/\/groupecoiff.com\/wp-content\/uploads\/2024\/05\/Mayka.webp","contentUrl":"https:\/\/groupecoiff.com\/wp-content\/uploads\/2024\/05\/Mayka.webp","width":1080,"height":1080,"caption":"Bac \u00e0 Shampoing Mayka - Bac de lavage Professionnel Mayka - Bac \u00e0 Shampoing Professionnel Mayka - Bac \u00e0 Shampoing salon de coiffure - mobilier de coiffure haut de gamme"},{"@type":"BreadcrumbList","@id":"https:\/\/groupecoiff.com\/en\/produit\/bac-a-shampoing-mayka\/#breadcrumb","itemListElement":[{"@type":"ListItem","position":1,"name":"Accueil","item":"https:\/\/groupecoiff.com\/"},{"@type":"ListItem","position":2,"name":"Boutique","item":"https:\/\/groupecoiff.com\/en\/boutique\/"},{"@type":"ListItem","position":3,"name":"Bac \u00e0 Shampoing Mayka"}]},{"@type":"WebSite","@id":"https:\/\/groupecoiff.com\/#website","url":"https:\/\/groupecoiff.com\/","name":"Coiff Group","description":"Everything for the hairdresser","publisher":{"@id":"https:\/\/groupecoiff.com\/#organization"},"potentialAction":[{"@type":"SearchAction","target":{"@type":"EntryPoint","urlTemplate":"https:\/\/groupecoiff.com\/?s={search_term_string}"},"query-input":{"@type":"PropertyValueSpecification","valueRequired":true,"valueName":"search_term_string"}}],"inLanguage":"en-US"},{"@type":"Organization","@id":"https:\/\/groupecoiff.com\/#organization","name":"Coiff Group","alternateName":"Groupe Coiff : Le Mobilier De Coiffure Haut de Gamme Pour Une \u00c9l\u00e9gance In\u00e9gal\u00e9e","url":"https:\/\/groupecoiff.com\/","logo":{"@type":"ImageObject","inLanguage":"en-US","@id":"https:\/\/groupecoiff.com\/#\/schema\/logo\/image\/","url":"https:\/\/groupecoiff.com\/wp-content\/uploads\/2024\/01\/cropped-Groupe-Coiff-Logo.webp","contentUrl":"https:\/\/groupecoiff.com\/wp-content\/uploads\/2024\/01\/cropped-Groupe-Coiff-Logo.webp","width":512,"height":512,"caption":"Groupe Coiff"},"image":{"@id":"https:\/\/groupecoiff.com\/#\/schema\/logo\/image\/"},"sameAs":["https:\/\/www.facebook.com\/GroupeCoiff","https:\/\/x.com\/groupecoiff","https:\/\/www.instagram.com\/groupecoiff\/","https:\/\/www.tiktok.com\/@groupecoiff","https:\/\/www.youtube.com\/@groupecoiff","https:\/\/twitter.com\/groupecoiff","https:\/\/www.leboncoin.fr\/boutique\/3961302\/groupe_coiff.htm"],"description":"Discover Groupe Coiff's top-of-the-range hairdressing furniture, combining elegance and functionality to enhance your salon and satisfy your customers.","email":"contact@groupecoiff.com","telephone":"0676951605","legalName":"Groupe Coiff","foundingDate":"2022-11-16","vatID":"FR84921406419","taxID":"92140641900025"}]},"product_price_amount":"799.00","product_price_currency":"EUR","og_availability":"instock","product_availability":"instock","product_condition":"new"},"jetpack_publicize_connections":[],"jetpack_likes_enabled":true,"jetpack_sharing_enabled":true,"_links":{"self":[{"href":"https:\/\/groupecoiff.com\/en\/wp-json\/wp\/v2\/product\/32931","targetHints":{"allow":["GET"]}}],"collection":[{"href":"https:\/\/groupecoiff.com\/en\/wp-json\/wp\/v2\/product"}],"about":[{"href":"https:\/\/groupecoiff.com\/en\/wp-json\/wp\/v2\/types\/product"}],"replies":[{"embeddable":true,"href":"https:\/\/groupecoiff.com\/en\/wp-json\/wp\/v2\/comments?post=32931"}],"version-history":[{"count":0,"href":"https:\/\/groupecoiff.com\/en\/wp-json\/wp\/v2\/product\/32931\/revisions"}],"wp:featuredmedia":[{"embeddable":true,"href":"https:\/\/groupecoiff.com\/en\/wp-json\/wp\/v2\/media\/45727"}],"wp:attachment":[{"href":"https:\/\/groupecoiff.com\/en\/wp-json\/wp\/v2\/media?parent=32931"}],"wp:term":[{"taxonomy":"product_brand","embeddable":true,"href":"https:\/\/groupecoiff.com\/en\/wp-json\/wp\/v2\/product_brand?post=32931"},{"taxonomy":"product_cat","embeddable":true,"href":"https:\/\/groupecoiff.com\/en\/wp-json\/wp\/v2\/product_cat?post=32931"},{"taxonomy":"product_tag","embeddable":true,"href":"https:\/\/groupecoiff.com\/en\/wp-json\/wp\/v2\/product_tag?post=32931"}],"curies":[{"name":"wp","href":"https:\/\/api.w.org\/{rel}","templated":true}]}}