{"id":32963,"date":"2024-05-11T20:21:06","date_gmt":"2024-05-11T18:21:06","guid":{"rendered":"https:\/\/groupecoiff.com\/?post_type=product&#038;p=32963"},"modified":"2025-01-01T00:00:10","modified_gmt":"2024-12-31T23:00:10","slug":"casque-de-sechage-gl-505s-silver","status":"publish","type":"product","link":"https:\/\/groupecoiff.com\/en\/produit\/casque-de-sechage-gl-505s-silver\/","title":{"rendered":"GL-505S Silver Drying Helmet"},"content":{"rendered":"<ul>\n<li>\n<h4>Optimize Your Salon with the Infrazon GL-505S Hair Dryer Hood<\/h4>\n<\/li>\n<\/ul>\n<p>Discover the GL-505S Silver Hair Dryer Hood, a must-have for your salon. Thanks to its advanced technology, this Professional Infrared Heating Hood significantly reduces the time needed for hair treatments, delivering exceptional results in record time.<\/p>\n<ul>\n<li>\n<h5>Comfort and Efficiency Combined<\/h5>\n<\/li>\n<\/ul>\n<p>Dot\u00e9 de 5 t\u00eates chauffantes et 5 ventilateurs int\u00e9gr\u00e9s, ce Casque GL-505S Silver assure un chauffage uniforme et une circulation d\u2019air optimale. Avec un contr\u00f4le pr\u00e9cis de la temp\u00e9rature, vous pouvez personnaliser chaque traitement selon les besoins sp\u00e9cifiques de vos clients.<\/p>\n<ul>\n<li>\n<h5>Robust and Practical Design<\/h5>\n<\/li>\n<\/ul>\n<p>Con\u00e7u pour la durabilit\u00e9, ce casque est \u00e9quip\u00e9 d\u2019une base solide et de roulettes pour une mobilit\u00e9 ais\u00e9e. Sa hauteur r\u00e9glable et sa hotte spacieuse garantissent un confort optimal. Avec une puissance de 1350 watts et une plage de temp\u00e9rature de 70\u00ba \u00e0 90\u00ba, le Gabbiano Casque de S\u00e9chage Infrazon avec Tr\u00e9pied GL-505S Silver assure des r\u00e9sultats professionnels \u00e0 chaque utilisation.<\/p>\n<ul>\n<li>\n<h5>Technical specifications<\/h5>\n<\/li>\n<\/ul>\n<p>\u2013 Couleur: Argent<br \/>\n\u2013 Dimensions: 64cm (hotte)<br \/>\n\u2013 Technologie Infrazon: Oui<br \/>\n\u2013 Marque: Gabbiano<br \/>\n\u2013 Minuterie: 0 \u2013 60 min<br \/>\n&#8211; Nombre d&rsquo;Unit\u00e9s de Chauffage: 5<br \/>\n\u2013 Nombre de Ventilateurs: 5<br \/>\n\u2013 Poids: 15.0 kg<br \/>\n\u2013 Puissance: 1350 Watt<br \/>\n\u2013 R\u00e9glable en Hauteur: Oui<br \/>\n\u2013 Sur Roues: Oui<br \/>\n\u2013 Plage de Temp\u00e9rature*: 70\u00ba \u2013 90\u00ba<\/p>\n<p>Offrez \u00e0 votre salon l\u2019efficacit\u00e9 et le confort dont il a besoin avec le Casque\u00a0Chauffant Professionnel \u00e0\u00a0Infrarouge. D\u00e9couvrez la qualit\u00e9 professionnelle des \u00e9quipements de coiffure avec ce produit polyvalent et performant.<\/p>","protected":false},"excerpt":{"rendered":"<p>Offer your clients professional hair treatment with the Professional Infrared Heating Hood. Beautiful hair in reduced time!\ud83d\udc86<\/p>","protected":false},"featured_media":32967,"comment_status":"open","ping_status":"closed","template":"","meta":{"googlesitekit_rrm_CAow0YCiDA:productID":"","jetpack_post_was_ever_published":false,"jetpack_publicize_message":"","jetpack_publicize_feature_enabled":true,"jetpack_social_post_already_shared":true,"jetpack_social_options":{"image_generator_settings":{"template":"highway","default_image_id":0,"font":"","enabled":false},"version":2}},"product_brand":[],"product_cat":[42,45,56],"product_tag":[346,342,344,343,345],"class_list":{"0":"post-32963","1":"product","2":"type-product","3":"status-publish","4":"has-post-thumbnail","6":"product_cat-accessoires","7":"product_cat-casque-vapeur","8":"product_cat-hygiene-coiffure","9":"product_tag-casque-chauffant-professionnel-a-infrarouge","10":"product_tag-casque-de-sechage-gl-505s","11":"product_tag-casque-de-sechage-infrarouge","12":"product_tag-casque-de-sechage-infrazon-gl-505s","13":"product_tag-equipements-de-coiffure-professionnel","15":"first","16":"instock","17":"featured","18":"taxable","19":"shipping-taxable","20":"purchasable","21":"product-type-simple"},"yoast_head":"<!-- This site is optimized with the Yoast SEO Premium plugin v27.5 (Yoast SEO v27.5) - https:\/\/yoast.com\/product\/yoast-seo-premium-wordpress\/ -->\n<title>D\u00e9couvrez le Casque de S\u00e9chage GL-505S Silver pour votre salon<\/title>\n<meta name=\"description\" content=\"D\u00e9couvrez le secret des salons de coiffure: le Casque de S\u00e9chage GL-505S Silver. Chauffage uniforme et r\u00e9sultats spectaculaires en un rien de temps \ud83d\udc87\u200d\u2640\ufe0f\" \/>\n<meta name=\"robots\" content=\"index, follow, max-snippet:-1, max-image-preview:large, max-video-preview:-1\" \/>\n<link rel=\"canonical\" href=\"https:\/\/groupecoiff.com\/en\/product-2\/casque-de-sechage-gl-505s-silver\/\" \/>\n<meta property=\"og:locale\" content=\"en_US\" \/>\n<meta property=\"og:type\" content=\"article\" \/>\n<meta property=\"og:title\" content=\"Casque de S\u00e9chage GL-505S Silver\" \/>\n<meta property=\"og:description\" content=\"D\u00e9couvrez le secret des salons de coiffure: le Casque de S\u00e9chage GL-505S Silver. Chauffage uniforme et r\u00e9sultats spectaculaires en un rien de temps \ud83d\udc87\u200d\u2640\ufe0f\" \/>\n<meta property=\"og:url\" content=\"https:\/\/groupecoiff.com\/en\/product-2\/casque-de-sechage-gl-505s-silver\/\" \/>\n<meta property=\"og:site_name\" content=\"Groupe Coiff\" \/>\n<meta property=\"article:publisher\" content=\"https:\/\/www.facebook.com\/GroupeCoiff\" \/>\n<meta property=\"article:modified_time\" content=\"2024-12-31T23:00:10+00:00\" \/>\n<meta property=\"og:image\" content=\"https:\/\/groupecoiff.com\/wp-content\/uploads\/2024\/05\/Lawrence-5.webp\" \/>\n\t<meta property=\"og:image:width\" content=\"1080\" \/>\n\t<meta property=\"og:image:height\" content=\"1080\" \/>\n\t<meta property=\"og:image:type\" content=\"image\/webp\" \/>\n<meta name=\"twitter:card\" content=\"summary_large_image\" \/>\n<meta name=\"twitter:site\" content=\"@groupecoiff\" \/>\n<meta name=\"twitter:label1\" content=\"Price\" \/>\n\t<meta name=\"twitter:data1\" content=\"899,00&nbsp;&euro;\" \/>\n\t<meta name=\"twitter:label2\" content=\"Availability\" \/>\n\t<meta name=\"twitter:data2\" content=\"In stock\" \/>\n<script type=\"application\/ld+json\" class=\"yoast-schema-graph\">{\"@context\":\"https:\\\/\\\/schema.org\",\"@graph\":[{\"@type\":\"WebPage\",\"@id\":\"https:\\\/\\\/groupecoiff.com\\\/produit\\\/casque-de-sechage-gl-505s-silver\\\/\",\"url\":\"https:\\\/\\\/groupecoiff.com\\\/produit\\\/casque-de-sechage-gl-505s-silver\\\/\",\"name\":\"D\u00e9couvrez le Casque de S\u00e9chage GL-505S Silver pour votre salon\",\"isPartOf\":{\"@id\":\"https:\\\/\\\/groupecoiff.com\\\/#website\"},\"primaryImageOfPage\":{\"@id\":\"https:\\\/\\\/groupecoiff.com\\\/produit\\\/casque-de-sechage-gl-505s-silver\\\/#primaryimage\"},\"image\":{\"@id\":\"https:\\\/\\\/groupecoiff.com\\\/produit\\\/casque-de-sechage-gl-505s-silver\\\/#primaryimage\"},\"thumbnailUrl\":\"https:\\\/\\\/groupecoiff.com\\\/wp-content\\\/uploads\\\/2024\\\/05\\\/Lawrence-5.webp\",\"datePublished\":\"2024-05-11T18:21:06+00:00\",\"dateModified\":\"2024-12-31T23:00:10+00:00\",\"description\":\"D\u00e9couvrez le secret des salons de coiffure: le Casque de S\u00e9chage GL-505S Silver. Chauffage uniforme et r\u00e9sultats spectaculaires en un rien de temps \ud83d\udc87\u200d\u2640\ufe0f\",\"breadcrumb\":{\"@id\":\"https:\\\/\\\/groupecoiff.com\\\/produit\\\/casque-de-sechage-gl-505s-silver\\\/#breadcrumb\"},\"inLanguage\":\"en-US\",\"potentialAction\":[{\"@type\":\"ReadAction\",\"target\":[\"https:\\\/\\\/groupecoiff.com\\\/produit\\\/casque-de-sechage-gl-505s-silver\\\/\"]}]},{\"@type\":\"ImageObject\",\"inLanguage\":\"en-US\",\"@id\":\"https:\\\/\\\/groupecoiff.com\\\/produit\\\/casque-de-sechage-gl-505s-silver\\\/#primaryimage\",\"url\":\"https:\\\/\\\/groupecoiff.com\\\/wp-content\\\/uploads\\\/2024\\\/05\\\/Lawrence-5.webp\",\"contentUrl\":\"https:\\\/\\\/groupecoiff.com\\\/wp-content\\\/uploads\\\/2024\\\/05\\\/Lawrence-5.webp\",\"width\":1080,\"height\":1080,\"caption\":\"Casque de S\u00e9chage GL-505S Silver - Casque\u00a0Chauffant Professionnel \u00e0\u00a0Infrarouge - Casque de S\u00e9chage Infrazon GL-505S - Casque de S\u00e9chage infrarouge - \u00e9quipements de coiffure professionnel\"},{\"@type\":\"BreadcrumbList\",\"@id\":\"https:\\\/\\\/groupecoiff.com\\\/produit\\\/casque-de-sechage-gl-505s-silver\\\/#breadcrumb\",\"itemListElement\":[{\"@type\":\"ListItem\",\"position\":1,\"name\":\"Accueil\",\"item\":\"https:\\\/\\\/groupecoiff.com\\\/\"},{\"@type\":\"ListItem\",\"position\":2,\"name\":\"Boutique\",\"item\":\"https:\\\/\\\/groupecoiff.com\\\/en\\\/boutique\\\/\"},{\"@type\":\"ListItem\",\"position\":3,\"name\":\"Casque de S\u00e9chage GL-505S Silver\"}]},{\"@type\":\"WebSite\",\"@id\":\"https:\\\/\\\/groupecoiff.com\\\/#website\",\"url\":\"https:\\\/\\\/groupecoiff.com\\\/\",\"name\":\"Groupe Coiff\",\"description\":\"Tout pour la coiffure\",\"publisher\":{\"@id\":\"https:\\\/\\\/groupecoiff.com\\\/#organization\"},\"potentialAction\":[{\"@type\":\"SearchAction\",\"target\":{\"@type\":\"EntryPoint\",\"urlTemplate\":\"https:\\\/\\\/groupecoiff.com\\\/?s={search_term_string}\"},\"query-input\":{\"@type\":\"PropertyValueSpecification\",\"valueRequired\":true,\"valueName\":\"search_term_string\"}}],\"inLanguage\":\"en-US\"},{\"@type\":\"Organization\",\"@id\":\"https:\\\/\\\/groupecoiff.com\\\/#organization\",\"name\":\"Groupe Coiff\",\"alternateName\":\"Groupe Coiff : Le Mobilier De Coiffure Haut de Gamme Pour Une \u00c9l\u00e9gance In\u00e9gal\u00e9e\",\"url\":\"https:\\\/\\\/groupecoiff.com\\\/\",\"logo\":{\"@type\":\"ImageObject\",\"inLanguage\":\"en-US\",\"@id\":\"https:\\\/\\\/groupecoiff.com\\\/#\\\/schema\\\/logo\\\/image\\\/\",\"url\":\"https:\\\/\\\/groupecoiff.com\\\/wp-content\\\/uploads\\\/2024\\\/01\\\/cropped-Groupe-Coiff-Logo.webp\",\"contentUrl\":\"https:\\\/\\\/groupecoiff.com\\\/wp-content\\\/uploads\\\/2024\\\/01\\\/cropped-Groupe-Coiff-Logo.webp\",\"width\":512,\"height\":512,\"caption\":\"Groupe Coiff\"},\"image\":{\"@id\":\"https:\\\/\\\/groupecoiff.com\\\/#\\\/schema\\\/logo\\\/image\\\/\"},\"sameAs\":[\"https:\\\/\\\/www.facebook.com\\\/GroupeCoiff\",\"https:\\\/\\\/x.com\\\/groupecoiff\",\"https:\\\/\\\/www.instagram.com\\\/groupecoiff\\\/\",\"https:\\\/\\\/www.tiktok.com\\\/@groupecoiff\",\"https:\\\/\\\/www.youtube.com\\\/@groupecoiff\",\"https:\\\/\\\/twitter.com\\\/groupecoiff\",\"https:\\\/\\\/www.leboncoin.fr\\\/boutique\\\/3961302\\\/groupe_coiff.htm\"],\"description\":\"D\u00e9couvrez le mobilier de coiffure haut de gamme de Groupe Coiff, alliant \u00e9l\u00e9gance et fonctionnalit\u00e9 pour sublimer votre salon et satisfaire vos clients.\",\"email\":\"contact@groupecoiff.com\",\"telephone\":\"0676951605\",\"legalName\":\"Groupe Coiff\",\"foundingDate\":\"2022-11-16\",\"vatID\":\"FR84921406419\",\"taxID\":\"92140641900025\"}]}<\/script>\n<meta property=\"product:price:amount\" content=\"899.00\" \/>\n<meta property=\"product:price:currency\" content=\"EUR\" \/>\n<meta property=\"og:availability\" content=\"instock\" \/>\n<meta property=\"product:availability\" content=\"instock\" \/>\n<meta property=\"product:condition\" content=\"new\" \/>\n<!-- \/ Yoast SEO Premium plugin. -->","yoast_head_json":{"title":"Discover the GL-505S Silver Hair Dryer Hood for your salon","description":"Discover the secret of hair salons: the GL-505S Silver Hair Dryer Hood. Uniform heating and spectacular results in no time \ud83d\udc87\u200d\u2640\ufe0f","robots":{"index":"index","follow":"follow","max-snippet":"max-snippet:-1","max-image-preview":"max-image-preview:large","max-video-preview":"max-video-preview:-1"},"canonical":"https:\/\/groupecoiff.com\/en\/product-2\/casque-de-sechage-gl-505s-silver\/","og_locale":"en_US","og_type":"article","og_title":"Casque de S\u00e9chage GL-505S Silver","og_description":"D\u00e9couvrez le secret des salons de coiffure: le Casque de S\u00e9chage GL-505S Silver. Chauffage uniforme et r\u00e9sultats spectaculaires en un rien de temps \ud83d\udc87\u200d\u2640\ufe0f","og_url":"https:\/\/groupecoiff.com\/en\/product-2\/casque-de-sechage-gl-505s-silver\/","og_site_name":"Groupe Coiff","article_publisher":"https:\/\/www.facebook.com\/GroupeCoiff","article_modified_time":"2024-12-31T23:00:10+00:00","og_image":[{"width":1080,"height":1080,"url":"https:\/\/groupecoiff.com\/wp-content\/uploads\/2024\/05\/Lawrence-5.webp","type":"image\/webp"}],"twitter_card":"summary_large_image","twitter_site":"@groupecoiff","twitter_misc":{"Price":"899,00&nbsp;&euro;","Availability":"In stock"},"schema":{"@context":"https:\/\/schema.org","@graph":[{"@type":"WebPage","@id":"https:\/\/groupecoiff.com\/produit\/casque-de-sechage-gl-505s-silver\/","url":"https:\/\/groupecoiff.com\/produit\/casque-de-sechage-gl-505s-silver\/","name":"Discover the GL-505S Silver Hair Dryer Hood for your salon","isPartOf":{"@id":"https:\/\/groupecoiff.com\/#website"},"primaryImageOfPage":{"@id":"https:\/\/groupecoiff.com\/produit\/casque-de-sechage-gl-505s-silver\/#primaryimage"},"image":{"@id":"https:\/\/groupecoiff.com\/produit\/casque-de-sechage-gl-505s-silver\/#primaryimage"},"thumbnailUrl":"https:\/\/groupecoiff.com\/wp-content\/uploads\/2024\/05\/Lawrence-5.webp","datePublished":"2024-05-11T18:21:06+00:00","dateModified":"2024-12-31T23:00:10+00:00","description":"Discover the secret of hair salons: the GL-505S Silver Hair Dryer Hood. Uniform heating and spectacular results in no time \ud83d\udc87\u200d\u2640\ufe0f","breadcrumb":{"@id":"https:\/\/groupecoiff.com\/produit\/casque-de-sechage-gl-505s-silver\/#breadcrumb"},"inLanguage":"en-US","potentialAction":[{"@type":"ReadAction","target":["https:\/\/groupecoiff.com\/produit\/casque-de-sechage-gl-505s-silver\/"]}]},{"@type":"ImageObject","inLanguage":"en-US","@id":"https:\/\/groupecoiff.com\/produit\/casque-de-sechage-gl-505s-silver\/#primaryimage","url":"https:\/\/groupecoiff.com\/wp-content\/uploads\/2024\/05\/Lawrence-5.webp","contentUrl":"https:\/\/groupecoiff.com\/wp-content\/uploads\/2024\/05\/Lawrence-5.webp","width":1080,"height":1080,"caption":"Casque de S\u00e9chage GL-505S Silver - Casque\u00a0Chauffant Professionnel \u00e0\u00a0Infrarouge - Casque de S\u00e9chage Infrazon GL-505S - Casque de S\u00e9chage infrarouge - \u00e9quipements de coiffure professionnel"},{"@type":"BreadcrumbList","@id":"https:\/\/groupecoiff.com\/produit\/casque-de-sechage-gl-505s-silver\/#breadcrumb","itemListElement":[{"@type":"ListItem","position":1,"name":"Accueil","item":"https:\/\/groupecoiff.com\/"},{"@type":"ListItem","position":2,"name":"Boutique","item":"https:\/\/groupecoiff.com\/en\/boutique\/"},{"@type":"ListItem","position":3,"name":"Casque de S\u00e9chage GL-505S Silver"}]},{"@type":"WebSite","@id":"https:\/\/groupecoiff.com\/#website","url":"https:\/\/groupecoiff.com\/","name":"Coiff Group","description":"Everything for the hairdresser","publisher":{"@id":"https:\/\/groupecoiff.com\/#organization"},"potentialAction":[{"@type":"SearchAction","target":{"@type":"EntryPoint","urlTemplate":"https:\/\/groupecoiff.com\/?s={search_term_string}"},"query-input":{"@type":"PropertyValueSpecification","valueRequired":true,"valueName":"search_term_string"}}],"inLanguage":"en-US"},{"@type":"Organization","@id":"https:\/\/groupecoiff.com\/#organization","name":"Coiff Group","alternateName":"Groupe Coiff : Le Mobilier De Coiffure Haut de Gamme Pour Une \u00c9l\u00e9gance In\u00e9gal\u00e9e","url":"https:\/\/groupecoiff.com\/","logo":{"@type":"ImageObject","inLanguage":"en-US","@id":"https:\/\/groupecoiff.com\/#\/schema\/logo\/image\/","url":"https:\/\/groupecoiff.com\/wp-content\/uploads\/2024\/01\/cropped-Groupe-Coiff-Logo.webp","contentUrl":"https:\/\/groupecoiff.com\/wp-content\/uploads\/2024\/01\/cropped-Groupe-Coiff-Logo.webp","width":512,"height":512,"caption":"Groupe Coiff"},"image":{"@id":"https:\/\/groupecoiff.com\/#\/schema\/logo\/image\/"},"sameAs":["https:\/\/www.facebook.com\/GroupeCoiff","https:\/\/x.com\/groupecoiff","https:\/\/www.instagram.com\/groupecoiff\/","https:\/\/www.tiktok.com\/@groupecoiff","https:\/\/www.youtube.com\/@groupecoiff","https:\/\/twitter.com\/groupecoiff","https:\/\/www.leboncoin.fr\/boutique\/3961302\/groupe_coiff.htm"],"description":"Discover Groupe Coiff's top-of-the-range hairdressing furniture, combining elegance and functionality to enhance your salon and satisfy your customers.","email":"contact@groupecoiff.com","telephone":"0676951605","legalName":"Groupe Coiff","foundingDate":"2022-11-16","vatID":"FR84921406419","taxID":"92140641900025"}]},"product_price_amount":"899.00","product_price_currency":"EUR","og_availability":"instock","product_availability":"instock","product_condition":"new"},"jetpack_publicize_connections":[],"jetpack_likes_enabled":true,"jetpack_sharing_enabled":true,"_links":{"self":[{"href":"https:\/\/groupecoiff.com\/en\/wp-json\/wp\/v2\/product\/32963","targetHints":{"allow":["GET"]}}],"collection":[{"href":"https:\/\/groupecoiff.com\/en\/wp-json\/wp\/v2\/product"}],"about":[{"href":"https:\/\/groupecoiff.com\/en\/wp-json\/wp\/v2\/types\/product"}],"replies":[{"embeddable":true,"href":"https:\/\/groupecoiff.com\/en\/wp-json\/wp\/v2\/comments?post=32963"}],"version-history":[{"count":0,"href":"https:\/\/groupecoiff.com\/en\/wp-json\/wp\/v2\/product\/32963\/revisions"}],"wp:featuredmedia":[{"embeddable":true,"href":"https:\/\/groupecoiff.com\/en\/wp-json\/wp\/v2\/media\/32967"}],"wp:attachment":[{"href":"https:\/\/groupecoiff.com\/en\/wp-json\/wp\/v2\/media?parent=32963"}],"wp:term":[{"taxonomy":"product_brand","embeddable":true,"href":"https:\/\/groupecoiff.com\/en\/wp-json\/wp\/v2\/product_brand?post=32963"},{"taxonomy":"product_cat","embeddable":true,"href":"https:\/\/groupecoiff.com\/en\/wp-json\/wp\/v2\/product_cat?post=32963"},{"taxonomy":"product_tag","embeddable":true,"href":"https:\/\/groupecoiff.com\/en\/wp-json\/wp\/v2\/product_tag?post=32963"}],"curies":[{"name":"wp","href":"https:\/\/api.w.org\/{rel}","templated":true}]}}