{"id":33059,"date":"2024-05-13T21:59:19","date_gmt":"2024-05-13T19:59:19","guid":{"rendered":"https:\/\/groupecoiff.com\/?post_type=product&#038;p=33059"},"modified":"2024-06-04T21:16:47","modified_gmt":"2024-06-04T19:16:47","slug":"bac-a-shampoing-professionnel-isis","status":"publish","type":"product","link":"https:\/\/groupecoiff.com\/en\/produit\/bac-a-shampoing-professionnel-isis\/","title":{"rendered":"ISIS professional shampoo container"},"content":{"rendered":"<ul>\n<li>\n<h4>Bac de lavage ISIS: L&rsquo;\u00c9l\u00e9gance au Service de Votre Salon de Coiffure<\/h4>\n<\/li>\n<\/ul>\n<p>Associez l\u2019audace \u00e0 la praticit\u00e9 avec le bac \u00e0 shampoing professionnel ISIS, con\u00e7u pour rehausser le style de votre salon de coiffure tout en offrant un confort optimal \u00e0 vos clients.<\/p>\n<h5>Description:<\/h5>\n<p>Le bac de lavage ISIS pr\u00e9sente des formes inhabituelles en acrylique brillant, assurant un aspect moderne et sophistiqu\u00e9 \u00e0 votre espace. Son rev\u00eatement en cuir artificiel de haute qualit\u00e9 facilite son entretien et garantit un confort sup\u00e9rieur pour vos clients. Dot\u00e9 d\u2019une vasque compl\u00e8te avec raccords, cet ensemble est construit avec soin pour une esth\u00e9tique irr\u00e9prochable.<\/p>\n<h5>Features:<\/h5>\n<p>\u2013 Auto-assemblage: Oui<br \/>\n\u2013 Couleur: Blanc<br \/>\n\u2013 Couleur du vasque: Blanc<br \/>\n\u2013 Couleur du socle: Blanc<br \/>\n\u2013 Hauteur: 97 cm<br \/>\n\u2013 Largeur: 62 cm<br \/>\n\u2013 Longueur: 125 cm<br \/>\n\u2013 Lavabo inclinable: Oui<br \/>\n\u2013 Mat\u00e9riau du lavabo: C\u00e9ramique<br \/>\n\u2013 Appui-t\u00eate: Silicone<br \/>\n\u2013 Repose-pieds: Oui<br \/>\n\u2013 Poids: 32 kg<\/p>\n<h5>Transform Your Salon:<\/h5>\n<p>Give your salon a touch of luxury and modernity with the ISIS professional shampoo bowl. Its elegant design, quality materials and practical features make it an essential choice for high-end hair salons. Make every washing experience a moment of relaxation and satisfaction for your clients.<\/p>","protected":false},"excerpt":{"rendered":"<p>Discover the best in comfort with the ISIS washing basin. Modern shapes and high-quality artificial leather coating.<\/p>","protected":false},"featured_media":33062,"comment_status":"open","ping_status":"closed","template":"","meta":{"googlesitekit_rrm_CAow0YCiDA:productID":"","jetpack_post_was_ever_published":false,"jetpack_publicize_message":"","jetpack_publicize_feature_enabled":true,"jetpack_social_post_already_shared":true,"jetpack_social_options":{"image_generator_settings":{"template":"highway","default_image_id":0,"font":"","enabled":false},"version":2}},"product_brand":[],"product_cat":[44,313],"product_tag":[323,322,126,127,324,125],"class_list":{"0":"post-33059","1":"product","2":"type-product","3":"status-publish","4":"has-post-thumbnail","6":"product_cat-bac-de-lavage","7":"product_cat-meuble-de-coiffure","8":"product_tag-bac-a-shampoing","9":"product_tag-bac-de-lavage","10":"product_tag-confortable","11":"product_tag-elegant","12":"product_tag-meuble-de-coiffure-professionnel","13":"product_tag-salon-de-coiffure","15":"first","16":"instock","17":"featured","18":"taxable","19":"shipping-taxable","20":"purchasable","21":"product-type-simple"},"yoast_head":"<!-- This site is optimized with the Yoast SEO Premium plugin v27.5 (Yoast SEO v27.5) - https:\/\/yoast.com\/product\/yoast-seo-premium-wordpress\/ -->\n<title>Bac \u00e0 shampoing professionnel ISIS : Associant Praticit\u00e9 et Style - Groupe Coiff<\/title>\n<meta name=\"description\" content=\"Transformez votre salon avec le bac \u00e0 shampoing professionnel ISIS. Offrez \u00e0 vos clients confort et style avec son design audacieux en acrylique brillant.\" \/>\n<meta name=\"robots\" content=\"index, follow, max-snippet:-1, max-image-preview:large, max-video-preview:-1\" \/>\n<link rel=\"canonical\" href=\"https:\/\/groupecoiff.com\/en\/product-2\/bac-a-shampoing-professionnel-isis\/\" \/>\n<meta property=\"og:locale\" content=\"en_US\" \/>\n<meta property=\"og:type\" content=\"article\" \/>\n<meta property=\"og:title\" content=\"Bac \u00e0 shampoing professionnel ISIS\" \/>\n<meta property=\"og:description\" content=\"Transformez votre salon avec le bac \u00e0 shampoing professionnel ISIS. Offrez \u00e0 vos clients confort et style avec son design audacieux en acrylique brillant.\" \/>\n<meta property=\"og:url\" content=\"https:\/\/groupecoiff.com\/en\/product-2\/bac-a-shampoing-professionnel-isis\/\" \/>\n<meta property=\"og:site_name\" content=\"Groupe Coiff\" \/>\n<meta property=\"article:publisher\" content=\"https:\/\/www.facebook.com\/GroupeCoiff\" \/>\n<meta property=\"article:modified_time\" content=\"2024-06-04T19:16:47+00:00\" \/>\n<meta property=\"og:image\" content=\"https:\/\/groupecoiff.com\/wp-content\/uploads\/2024\/05\/Bac-a-shampoing-professionnel-ISIS-1.webp\" \/>\n\t<meta property=\"og:image:width\" content=\"1080\" \/>\n\t<meta property=\"og:image:height\" content=\"1080\" \/>\n\t<meta property=\"og:image:type\" content=\"image\/webp\" \/>\n<meta name=\"twitter:card\" content=\"summary_large_image\" \/>\n<meta name=\"twitter:site\" content=\"@groupecoiff\" \/>\n<meta name=\"twitter:label1\" content=\"Price\" \/>\n\t<meta name=\"twitter:data1\" content=\"1049,00&nbsp;&euro;\" \/>\n\t<meta name=\"twitter:label2\" content=\"Availability\" \/>\n\t<meta name=\"twitter:data2\" content=\"In stock\" \/>\n<script type=\"application\/ld+json\" class=\"yoast-schema-graph\">{\"@context\":\"https:\\\/\\\/schema.org\",\"@graph\":[{\"@type\":\"WebPage\",\"@id\":\"https:\\\/\\\/groupecoiff.com\\\/en\\\/produit\\\/bac-a-shampoing-professionnel-isis\\\/\",\"url\":\"https:\\\/\\\/groupecoiff.com\\\/en\\\/produit\\\/bac-a-shampoing-professionnel-isis\\\/\",\"name\":\"Bac \u00e0 shampoing professionnel ISIS : Associant Praticit\u00e9 et Style - Groupe Coiff\",\"isPartOf\":{\"@id\":\"https:\\\/\\\/groupecoiff.com\\\/#website\"},\"primaryImageOfPage\":{\"@id\":\"https:\\\/\\\/groupecoiff.com\\\/en\\\/produit\\\/bac-a-shampoing-professionnel-isis\\\/#primaryimage\"},\"image\":{\"@id\":\"https:\\\/\\\/groupecoiff.com\\\/en\\\/produit\\\/bac-a-shampoing-professionnel-isis\\\/#primaryimage\"},\"thumbnailUrl\":\"https:\\\/\\\/groupecoiff.com\\\/wp-content\\\/uploads\\\/2024\\\/05\\\/Bac-a-shampoing-professionnel-ISIS-1.webp\",\"datePublished\":\"2024-05-13T19:59:19+00:00\",\"dateModified\":\"2024-06-04T19:16:47+00:00\",\"description\":\"Transformez votre salon avec le bac \u00e0 shampoing professionnel ISIS. Offrez \u00e0 vos clients confort et style avec son design audacieux en acrylique brillant.\",\"breadcrumb\":{\"@id\":\"https:\\\/\\\/groupecoiff.com\\\/en\\\/produit\\\/bac-a-shampoing-professionnel-isis\\\/#breadcrumb\"},\"inLanguage\":\"en-US\",\"potentialAction\":[{\"@type\":\"ReadAction\",\"target\":[\"https:\\\/\\\/groupecoiff.com\\\/en\\\/produit\\\/bac-a-shampoing-professionnel-isis\\\/\"]}]},{\"@type\":\"ImageObject\",\"inLanguage\":\"en-US\",\"@id\":\"https:\\\/\\\/groupecoiff.com\\\/en\\\/produit\\\/bac-a-shampoing-professionnel-isis\\\/#primaryimage\",\"url\":\"https:\\\/\\\/groupecoiff.com\\\/wp-content\\\/uploads\\\/2024\\\/05\\\/Bac-a-shampoing-professionnel-ISIS-1.webp\",\"contentUrl\":\"https:\\\/\\\/groupecoiff.com\\\/wp-content\\\/uploads\\\/2024\\\/05\\\/Bac-a-shampoing-professionnel-ISIS-1.webp\",\"width\":1080,\"height\":1080,\"caption\":\"Bac \u00e0 shampoing professionnel ISIS - Bac de lavage ISIS - Bac \u00e0 shampoing salon de coiffure - bac de lavage salon de coiffure - mobilier de coiffure haut de gamme\"},{\"@type\":\"BreadcrumbList\",\"@id\":\"https:\\\/\\\/groupecoiff.com\\\/en\\\/produit\\\/bac-a-shampoing-professionnel-isis\\\/#breadcrumb\",\"itemListElement\":[{\"@type\":\"ListItem\",\"position\":1,\"name\":\"Accueil\",\"item\":\"https:\\\/\\\/groupecoiff.com\\\/\"},{\"@type\":\"ListItem\",\"position\":2,\"name\":\"Boutique\",\"item\":\"https:\\\/\\\/groupecoiff.com\\\/en\\\/boutique\\\/\"},{\"@type\":\"ListItem\",\"position\":3,\"name\":\"Bac \u00e0 shampoing professionnel ISIS\"}]},{\"@type\":\"WebSite\",\"@id\":\"https:\\\/\\\/groupecoiff.com\\\/#website\",\"url\":\"https:\\\/\\\/groupecoiff.com\\\/\",\"name\":\"Groupe Coiff\",\"description\":\"Tout pour la coiffure\",\"publisher\":{\"@id\":\"https:\\\/\\\/groupecoiff.com\\\/#organization\"},\"potentialAction\":[{\"@type\":\"SearchAction\",\"target\":{\"@type\":\"EntryPoint\",\"urlTemplate\":\"https:\\\/\\\/groupecoiff.com\\\/?s={search_term_string}\"},\"query-input\":{\"@type\":\"PropertyValueSpecification\",\"valueRequired\":true,\"valueName\":\"search_term_string\"}}],\"inLanguage\":\"en-US\"},{\"@type\":\"Organization\",\"@id\":\"https:\\\/\\\/groupecoiff.com\\\/#organization\",\"name\":\"Groupe Coiff\",\"alternateName\":\"Groupe Coiff : Le Mobilier De Coiffure Haut de Gamme Pour Une \u00c9l\u00e9gance In\u00e9gal\u00e9e\",\"url\":\"https:\\\/\\\/groupecoiff.com\\\/\",\"logo\":{\"@type\":\"ImageObject\",\"inLanguage\":\"en-US\",\"@id\":\"https:\\\/\\\/groupecoiff.com\\\/#\\\/schema\\\/logo\\\/image\\\/\",\"url\":\"https:\\\/\\\/groupecoiff.com\\\/wp-content\\\/uploads\\\/2024\\\/01\\\/cropped-Groupe-Coiff-Logo.webp\",\"contentUrl\":\"https:\\\/\\\/groupecoiff.com\\\/wp-content\\\/uploads\\\/2024\\\/01\\\/cropped-Groupe-Coiff-Logo.webp\",\"width\":512,\"height\":512,\"caption\":\"Groupe Coiff\"},\"image\":{\"@id\":\"https:\\\/\\\/groupecoiff.com\\\/#\\\/schema\\\/logo\\\/image\\\/\"},\"sameAs\":[\"https:\\\/\\\/www.facebook.com\\\/GroupeCoiff\",\"https:\\\/\\\/x.com\\\/groupecoiff\",\"https:\\\/\\\/www.instagram.com\\\/groupecoiff\\\/\",\"https:\\\/\\\/www.tiktok.com\\\/@groupecoiff\",\"https:\\\/\\\/www.youtube.com\\\/@groupecoiff\",\"https:\\\/\\\/twitter.com\\\/groupecoiff\",\"https:\\\/\\\/www.leboncoin.fr\\\/boutique\\\/3961302\\\/groupe_coiff.htm\"],\"description\":\"D\u00e9couvrez le mobilier de coiffure haut de gamme de Groupe Coiff, alliant \u00e9l\u00e9gance et fonctionnalit\u00e9 pour sublimer votre salon et satisfaire vos clients.\",\"email\":\"contact@groupecoiff.com\",\"telephone\":\"0676951605\",\"legalName\":\"Groupe Coiff\",\"foundingDate\":\"2022-11-16\",\"vatID\":\"FR84921406419\",\"taxID\":\"92140641900025\"}]}<\/script>\n<meta property=\"product:price:amount\" content=\"1049.00\" \/>\n<meta property=\"product:price:currency\" content=\"EUR\" \/>\n<meta property=\"og:availability\" content=\"instock\" \/>\n<meta property=\"product:availability\" content=\"instock\" \/>\n<meta property=\"product:condition\" content=\"new\" \/>\n<!-- \/ Yoast SEO Premium plugin. -->","yoast_head_json":{"title":"ISIS professional shampoo bowl: Combining Practicality and Style - Groupe Coiff","description":"Transform your salon with the ISIS professional shampoo bowl. Offer your clients comfort and style with its bold design in glossy acrylic.","robots":{"index":"index","follow":"follow","max-snippet":"max-snippet:-1","max-image-preview":"max-image-preview:large","max-video-preview":"max-video-preview:-1"},"canonical":"https:\/\/groupecoiff.com\/en\/product-2\/bac-a-shampoing-professionnel-isis\/","og_locale":"en_US","og_type":"article","og_title":"Bac \u00e0 shampoing professionnel ISIS","og_description":"Transformez votre salon avec le bac \u00e0 shampoing professionnel ISIS. Offrez \u00e0 vos clients confort et style avec son design audacieux en acrylique brillant.","og_url":"https:\/\/groupecoiff.com\/en\/product-2\/bac-a-shampoing-professionnel-isis\/","og_site_name":"Groupe Coiff","article_publisher":"https:\/\/www.facebook.com\/GroupeCoiff","article_modified_time":"2024-06-04T19:16:47+00:00","og_image":[{"width":1080,"height":1080,"url":"https:\/\/groupecoiff.com\/wp-content\/uploads\/2024\/05\/Bac-a-shampoing-professionnel-ISIS-1.webp","type":"image\/webp"}],"twitter_card":"summary_large_image","twitter_site":"@groupecoiff","twitter_misc":{"Price":"1049,00&nbsp;&euro;","Availability":"In stock"},"schema":{"@context":"https:\/\/schema.org","@graph":[{"@type":"WebPage","@id":"https:\/\/groupecoiff.com\/en\/produit\/bac-a-shampoing-professionnel-isis\/","url":"https:\/\/groupecoiff.com\/en\/produit\/bac-a-shampoing-professionnel-isis\/","name":"ISIS professional shampoo bowl: Combining Practicality and Style - Groupe Coiff","isPartOf":{"@id":"https:\/\/groupecoiff.com\/#website"},"primaryImageOfPage":{"@id":"https:\/\/groupecoiff.com\/en\/produit\/bac-a-shampoing-professionnel-isis\/#primaryimage"},"image":{"@id":"https:\/\/groupecoiff.com\/en\/produit\/bac-a-shampoing-professionnel-isis\/#primaryimage"},"thumbnailUrl":"https:\/\/groupecoiff.com\/wp-content\/uploads\/2024\/05\/Bac-a-shampoing-professionnel-ISIS-1.webp","datePublished":"2024-05-13T19:59:19+00:00","dateModified":"2024-06-04T19:16:47+00:00","description":"Transform your salon with the ISIS professional shampoo bowl. Offer your clients comfort and style with its bold design in glossy acrylic.","breadcrumb":{"@id":"https:\/\/groupecoiff.com\/en\/produit\/bac-a-shampoing-professionnel-isis\/#breadcrumb"},"inLanguage":"en-US","potentialAction":[{"@type":"ReadAction","target":["https:\/\/groupecoiff.com\/en\/produit\/bac-a-shampoing-professionnel-isis\/"]}]},{"@type":"ImageObject","inLanguage":"en-US","@id":"https:\/\/groupecoiff.com\/en\/produit\/bac-a-shampoing-professionnel-isis\/#primaryimage","url":"https:\/\/groupecoiff.com\/wp-content\/uploads\/2024\/05\/Bac-a-shampoing-professionnel-ISIS-1.webp","contentUrl":"https:\/\/groupecoiff.com\/wp-content\/uploads\/2024\/05\/Bac-a-shampoing-professionnel-ISIS-1.webp","width":1080,"height":1080,"caption":"Bac \u00e0 shampoing professionnel ISIS - Bac de lavage ISIS - Bac \u00e0 shampoing salon de coiffure - bac de lavage salon de coiffure - mobilier de coiffure haut de gamme"},{"@type":"BreadcrumbList","@id":"https:\/\/groupecoiff.com\/en\/produit\/bac-a-shampoing-professionnel-isis\/#breadcrumb","itemListElement":[{"@type":"ListItem","position":1,"name":"Accueil","item":"https:\/\/groupecoiff.com\/"},{"@type":"ListItem","position":2,"name":"Boutique","item":"https:\/\/groupecoiff.com\/en\/boutique\/"},{"@type":"ListItem","position":3,"name":"Bac \u00e0 shampoing professionnel ISIS"}]},{"@type":"WebSite","@id":"https:\/\/groupecoiff.com\/#website","url":"https:\/\/groupecoiff.com\/","name":"Coiff Group","description":"Everything for the hairdresser","publisher":{"@id":"https:\/\/groupecoiff.com\/#organization"},"potentialAction":[{"@type":"SearchAction","target":{"@type":"EntryPoint","urlTemplate":"https:\/\/groupecoiff.com\/?s={search_term_string}"},"query-input":{"@type":"PropertyValueSpecification","valueRequired":true,"valueName":"search_term_string"}}],"inLanguage":"en-US"},{"@type":"Organization","@id":"https:\/\/groupecoiff.com\/#organization","name":"Coiff Group","alternateName":"Groupe Coiff : Le Mobilier De Coiffure Haut de Gamme Pour Une \u00c9l\u00e9gance In\u00e9gal\u00e9e","url":"https:\/\/groupecoiff.com\/","logo":{"@type":"ImageObject","inLanguage":"en-US","@id":"https:\/\/groupecoiff.com\/#\/schema\/logo\/image\/","url":"https:\/\/groupecoiff.com\/wp-content\/uploads\/2024\/01\/cropped-Groupe-Coiff-Logo.webp","contentUrl":"https:\/\/groupecoiff.com\/wp-content\/uploads\/2024\/01\/cropped-Groupe-Coiff-Logo.webp","width":512,"height":512,"caption":"Groupe Coiff"},"image":{"@id":"https:\/\/groupecoiff.com\/#\/schema\/logo\/image\/"},"sameAs":["https:\/\/www.facebook.com\/GroupeCoiff","https:\/\/x.com\/groupecoiff","https:\/\/www.instagram.com\/groupecoiff\/","https:\/\/www.tiktok.com\/@groupecoiff","https:\/\/www.youtube.com\/@groupecoiff","https:\/\/twitter.com\/groupecoiff","https:\/\/www.leboncoin.fr\/boutique\/3961302\/groupe_coiff.htm"],"description":"Discover Groupe Coiff's top-of-the-range hairdressing furniture, combining elegance and functionality to enhance your salon and satisfy your customers.","email":"contact@groupecoiff.com","telephone":"0676951605","legalName":"Groupe Coiff","foundingDate":"2022-11-16","vatID":"FR84921406419","taxID":"92140641900025"}]},"product_price_amount":"1049.00","product_price_currency":"EUR","og_availability":"instock","product_availability":"instock","product_condition":"new"},"jetpack_publicize_connections":[],"jetpack_likes_enabled":true,"jetpack_sharing_enabled":true,"_links":{"self":[{"href":"https:\/\/groupecoiff.com\/en\/wp-json\/wp\/v2\/product\/33059","targetHints":{"allow":["GET"]}}],"collection":[{"href":"https:\/\/groupecoiff.com\/en\/wp-json\/wp\/v2\/product"}],"about":[{"href":"https:\/\/groupecoiff.com\/en\/wp-json\/wp\/v2\/types\/product"}],"replies":[{"embeddable":true,"href":"https:\/\/groupecoiff.com\/en\/wp-json\/wp\/v2\/comments?post=33059"}],"version-history":[{"count":0,"href":"https:\/\/groupecoiff.com\/en\/wp-json\/wp\/v2\/product\/33059\/revisions"}],"wp:featuredmedia":[{"embeddable":true,"href":"https:\/\/groupecoiff.com\/en\/wp-json\/wp\/v2\/media\/33062"}],"wp:attachment":[{"href":"https:\/\/groupecoiff.com\/en\/wp-json\/wp\/v2\/media?parent=33059"}],"wp:term":[{"taxonomy":"product_brand","embeddable":true,"href":"https:\/\/groupecoiff.com\/en\/wp-json\/wp\/v2\/product_brand?post=33059"},{"taxonomy":"product_cat","embeddable":true,"href":"https:\/\/groupecoiff.com\/en\/wp-json\/wp\/v2\/product_cat?post=33059"},{"taxonomy":"product_tag","embeddable":true,"href":"https:\/\/groupecoiff.com\/en\/wp-json\/wp\/v2\/product_tag?post=33059"}],"curies":[{"name":"wp","href":"https:\/\/api.w.org\/{rel}","templated":true}]}}